{"id":36,"date":"2014-09-18T12:33:11","date_gmt":"2014-09-18T11:33:11","guid":{"rendered":"http:\/\/agora.xtec.cat\/esc-pericot\/?page_id=36"},"modified":"2025-12-09T13:02:33","modified_gmt":"2025-12-09T12:02:33","slug":"material-escolar","status":"publish","type":"page","link":"https:\/\/agora.xtec.cat\/esc-pericot\/lescola\/material-escolar\/","title":{"rendered":"Material escolar i aportacions"},"content":{"rendered":"\n<p style=\"margin-right:var(--wp--preset--spacing--20);margin-left:var(--wp--preset--spacing--20)\">Benvolgudes fam\u00edlies,<\/p>\n\n\n\n<p style=\"margin-right:var(--wp--preset--spacing--20);margin-left:var(--wp--preset--spacing--20)\">Us recordem que als alumnes d&#8217;infantil (I3, I4 i I5) se&#8217;ls donar\u00e0 tot el material necessari durant les primeres setmanes d&#8217;escola i al llarg del curs.<\/p>\n\n\n\n<p style=\"margin-right:var(--wp--preset--spacing--20);margin-left:var(--wp--preset--spacing--20)\">Els alumnes, de cicle inicial (1r i 2n), cicle mitj\u00e0 (3r i 4t) i cicle superior (5\u00e8 i 6\u00e8), cal que portin el primer dia d&#8217;escola el material que trobareu a les llistes adjuntes. Recordeu, el que pretenem amb aquesta iniciativa, \u00e9s que els alumnes m\u00e9s grans es facin responsables del material escolar.<\/p>\n\n\n\n<p style=\"margin-right:var(--wp--preset--spacing--20);margin-left:var(--wp--preset--spacing--20)\">A part del material que porten els alumnes, les fam\u00edlies fan unes aportacions que serveixen per fer \u00fas dels llibres de text de reutilitzaci\u00f3 dels quals disposa l&#8217;Escola, llic\u00e8ncies digitals, material extra com ara fotoc\u00f2pies, material de pl\u00e0stica, experimentaci\u00f3, m\u00fasica, educaci\u00f3 f\u00edsica, creaci\u00f3 de material per a rodes\u2026<\/p>\n\n\n\n<p style=\"margin-right:var(--wp--preset--spacing--20);margin-left:var(--wp--preset--spacing--20)\">Altres conceptes que no s&#8217;inclouen s\u00f3n les col\u00f2nies (I5, 2n i 4t), i el viatge de final de curs de 6\u00e8 i les sortides fora del centre, les quals s&#8217;hauran de pagar a part i mitjan\u00e7ant el <a href=\"https:\/\/agora.xtec.cat\/esc-pericot\/lescola\/tokapp\/\" target=\"_blank\" rel=\"noreferrer noopener\">Tokapp<\/a>. S&#8217;informar\u00e0&nbsp;les fam\u00edlies amb una setmana m\u00ednim d&#8217;antelaci\u00f3.<\/p>\n\n\n\n<hr class=\"wp-block-separator has-alpha-channel-opacity\"\/>\n\n\n\n<figure class=\"wp-block-table is-style-stripes\"><table><tbody><tr><td><a href=\"https:\/\/drive.google.com\/file\/d\/1TERXBxdw2Y85G8OhrwuZOy8DDficTJNQ\/view?usp=sharing\" data-type=\"link\" data-id=\"https:\/\/drive.google.com\/file\/d\/1TERXBxdw2Y85G8OhrwuZOy8DDficTJNQ\/view?usp=drive_link\" target=\"_blank\" rel=\"noreferrer noopener\"><img loading=\"lazy\" decoding=\"async\" width=\"178\" height=\"123\" src=\"https:\/\/agora.xtec.cat\/esc-pericot\/wp-content\/uploads\/usu807\/2024\/06\/imatge-material-1r.png\" alt=\"\"><\/a><\/td><td><a href=\"https:\/\/drive.google.com\/file\/d\/1gabM9XqGiop_1yd8-H5ZuxtdST5Y-o2Z\/view?usp=sharing\" target=\"_blank\" rel=\"noreferrer noopener\"><img loading=\"lazy\" decoding=\"async\" width=\"178\" height=\"126\" src=\"https:\/\/agora.xtec.cat\/esc-pericot\/wp-content\/uploads\/usu807\/2024\/06\/imatge-material-2n.png\" alt=\"\"><\/a><\/td><td><a href=\"https:\/\/drive.google.com\/file\/d\/1k77UzmdZ7yTLaaRiPtX1j1PTrzuSiUYk\/view?usp=sharing\" target=\"_blank\" rel=\"noreferrer noopener\"><img loading=\"lazy\" decoding=\"async\" width=\"178\" height=\"129\" src=\"https:\/\/agora.xtec.cat\/esc-pericot\/wp-content\/uploads\/usu807\/2024\/06\/imatge-material-3r.png\" alt=\"\"><\/a><\/td><td><a href=\"https:\/\/drive.google.com\/file\/d\/1uSsIx7QB7x-d6f87wJKwLdYSqs_w0SW0\/view?usp=sharing\" target=\"_blank\" rel=\"noreferrer noopener\"><img loading=\"lazy\" decoding=\"async\" width=\"178\" height=\"123\" src=\"https:\/\/agora.xtec.cat\/esc-pericot\/wp-content\/uploads\/usu807\/2024\/06\/imatge-material-4t.png\" alt=\"\"><\/a><\/td><td><a href=\"https:\/\/drive.google.com\/file\/d\/17k55C9Cmmg37zHNQBGwFSdabDunB_cpg\/view?usp=sharing\"><img loading=\"lazy\" decoding=\"async\" width=\"178\" height=\"125\" src=\"https:\/\/agora.xtec.cat\/esc-pericot\/wp-content\/uploads\/usu807\/2024\/06\/imatge-material-CS.png\" alt=\"\"><\/a><\/td><\/tr><\/tbody><\/table><\/figure>\n\n\n\n<hr class=\"wp-block-separator has-alpha-channel-opacity\"\/>\n\n\n\n<h3 class=\"wp-block-heading\">Aportacions<\/h3>\n\n\n\n<p>Aquesta informaci\u00f3 s&#8217;enviar\u00e0 a les fam\u00edlies a partir del setembre<\/p>\n","protected":false},"excerpt":{"rendered":"<p>Benvolgudes fam\u00edlies, Us recordem que als alumnes d&#8217;infantil (I3, I4 i I5) se&#8217;ls donar\u00e0 tot el material necessari durant les primeres setmanes d&#8217;escola i al llarg del curs. Els alumnes, de cicle inicial (1r i 2n), cicle mitj\u00e0 (3r i 4t) i cicle superior (5\u00e8 i 6\u00e8), cal que portin el primer dia d&#8217;escola el [&hellip;]<\/p>\n","protected":false},"author":1,"featured_media":0,"parent":22,"menu_order":70,"comment_status":"closed","ping_status":"closed","template":"","meta":{"_bbp_topic_count":0,"_bbp_reply_count":0,"_bbp_total_topic_count":0,"_bbp_total_reply_count":0,"_bbp_voice_count":0,"_bbp_anonymous_reply_count":0,"_bbp_topic_count_hidden":0,"_bbp_reply_count_hidden":0,"_bbp_forum_subforum_count":0,"site-sidebar-layout":"no-sidebar","site-content-layout":"","ast-site-content-layout":"default","site-content-style":"default","site-sidebar-style":"default","ast-global-header-display":"","ast-banner-title-visibility":"","ast-main-header-display":"","ast-hfb-above-header-display":"","ast-hfb-below-header-display":"","ast-hfb-mobile-header-display":"","site-post-title":"","ast-breadcrumbs-content":"","ast-featured-img":"","footer-sml-layout":"","theme-transparent-header-meta":"","adv-header-id-meta":"","stick-header-meta":"","header-above-stick-meta":"","header-main-stick-meta":"","header-below-stick-meta":"","astra-migrate-meta-layouts":"set","ast-page-background-enabled":"default","ast-page-background-meta":{"desktop":{"background-color":"var(--ast-global-color-4)","background-image":"","background-repeat":"repeat","background-position":"center center","background-size":"auto","background-attachment":"scroll","background-type":"","background-media":"","overlay-type":"","overlay-color":"","overlay-opacity":"","overlay-gradient":""},"tablet":{"background-color":"","background-image":"","background-repeat":"repeat","background-position":"center center","background-size":"auto","background-attachment":"scroll","background-type":"","background-media":"","overlay-type":"","overlay-color":"","overlay-opacity":"","overlay-gradient":""},"mobile":{"background-color":"","background-image":"","background-repeat":"repeat","background-position":"center center","background-size":"auto","background-attachment":"scroll","background-type":"","background-media":"","overlay-type":"","overlay-color":"","overlay-opacity":"","overlay-gradient":""}},"ast-content-background-meta":{"desktop":{"background-color":"var(--ast-global-color-5)","background-image":"","background-repeat":"repeat","background-position":"center center","background-size":"auto","background-attachment":"scroll","background-type":"","background-media":"","overlay-type":"","overlay-color":"","overlay-opacity":"","overlay-gradient":""},"tablet":{"background-color":"var(--ast-global-color-5)","background-image":"","background-repeat":"repeat","background-position":"center center","background-size":"auto","background-attachment":"scroll","background-type":"","background-media":"","overlay-type":"","overlay-color":"","overlay-opacity":"","overlay-gradient":""},"mobile":{"background-color":"var(--ast-global-color-5)","background-image":"","background-repeat":"repeat","background-position":"center center","background-size":"auto","background-attachment":"scroll","background-type":"","background-media":"","overlay-type":"","overlay-color":"","overlay-opacity":"","overlay-gradient":""}},"footnotes":""},"class_list":["post-36","page","type-page","status-publish","hentry"],"post_mailing_queue_ids":[],"_links":{"self":[{"href":"https:\/\/agora.xtec.cat\/esc-pericot\/wp-json\/wp\/v2\/pages\/36","targetHints":{"allow":["GET"]}}],"collection":[{"href":"https:\/\/agora.xtec.cat\/esc-pericot\/wp-json\/wp\/v2\/pages"}],"about":[{"href":"https:\/\/agora.xtec.cat\/esc-pericot\/wp-json\/wp\/v2\/types\/page"}],"author":[{"embeddable":true,"href":"https:\/\/agora.xtec.cat\/esc-pericot\/wp-json\/wp\/v2\/users\/1"}],"replies":[{"embeddable":true,"href":"https:\/\/agora.xtec.cat\/esc-pericot\/wp-json\/wp\/v2\/comments?post=36"}],"version-history":[{"count":6,"href":"https:\/\/agora.xtec.cat\/esc-pericot\/wp-json\/wp\/v2\/pages\/36\/revisions"}],"predecessor-version":[{"id":11686,"href":"https:\/\/agora.xtec.cat\/esc-pericot\/wp-json\/wp\/v2\/pages\/36\/revisions\/11686"}],"up":[{"embeddable":true,"href":"https:\/\/agora.xtec.cat\/esc-pericot\/wp-json\/wp\/v2\/pages\/22"}],"wp:attachment":[{"href":"https:\/\/agora.xtec.cat\/esc-pericot\/wp-json\/wp\/v2\/media?parent=36"}],"curies":[{"name":"wp","href":"https:\/\/api.w.org\/{rel}","templated":true}]}}