{"id":7901,"date":"2024-02-01T18:23:04","date_gmt":"2024-02-01T17:23:04","guid":{"rendered":"https:\/\/agora.xtec.cat\/esc-mvayreda-roses\/?page_id=7901"},"modified":"2024-02-07T13:36:24","modified_gmt":"2024-02-07T12:36:24","slug":"centre-formador","status":"publish","type":"page","link":"https:\/\/agora.xtec.cat\/esc-mvayreda-roses\/lescola\/centre-formador\/","title":{"rendered":"Centre formador"},"content":{"rendered":"<p><span style=\"font-weight: 400;\">La nostra escola ha estat reconeguda pel <strong>Departament d\u2019Educaci\u00f3<\/strong> com a <strong>centre formador d\u2019estudiants en pr\u00e0ctiques <\/strong>del Grau en Educaci\u00f3 Prim\u00e0ria i d\u2019Educaci\u00f3 Infantil.<\/span><\/p>\n<p><span style=\"font-weight: 400;\">Aquest reconeixement del Departament d\u2019Educaci\u00f3 com a centre formador implica:<\/span><\/p>\n<ul style=\"list-style-type: circle;\">\n<li><span style=\"font-weight: 400;\">Atorgar valor als centres formadors com a institucions clau en la formaci\u00f3 inicial de la funci\u00f3 docent.<\/span><\/li>\n<li><span style=\"font-weight: 400;\">Incorporar l\u2019estudiant universitari al centre formador com a agent actiu que col\u00b7labora en el desenvolupament del projecte educatiu\u00a0 de centre.\u00a0<\/span><\/li>\n<li><span style=\"font-weight: 400;\">Promoure la col\u00b7laboraci\u00f3 en projectes de recerca i de transformaci\u00f3 educativa entre les universitats i els centres formadors.<\/span><\/li>\n<\/ul>\n<p><span style=\"font-weight: 400;\">L\u2019escola, mitjan\u00e7ant els convenis amb diferents universitats, acull acompanya i avalua a l\u2019alumnat en pr\u00e0ctiques en la seva traject\u00f2ria acad\u00e8mica com a futur docent. D\u2019aquesta manera s\u2019estableix un vincle entre la formaci\u00f3 universit\u00e0ria i la pr\u00e0ctica pedag\u00f2gica en entorns de treball reals.\u00a0<\/span><a href=\"https:\/\/projectes.xtec.cat\/centresformadors\/comissio-pedagogica-2\/\" rel=\"attachment wp-att-7920\"><img loading=\"lazy\" decoding=\"async\" class=\"wp-image-7920 aligncenter\" src=\"https:\/\/agora.xtec.cat\/esc-mvayreda-roses\/wp-content\/uploads\/usu411\/2024\/02\/Centre-e1707306823612.jpg\" alt=\"\" width=\"308\" height=\"107\" srcset=\"https:\/\/agora.xtec.cat\/esc-mvayreda-roses\/wp-content\/uploads\/usu411\/2024\/02\/Centre-e1707306823612.jpg 926w, https:\/\/agora.xtec.cat\/esc-mvayreda-roses\/wp-content\/uploads\/usu411\/2024\/02\/Centre-e1707306823612-300x104.jpg 300w, https:\/\/agora.xtec.cat\/esc-mvayreda-roses\/wp-content\/uploads\/usu411\/2024\/02\/Centre-e1707306823612-768x267.jpg 768w\" sizes=\"auto, (max-width: 308px) 100vw, 308px\" \/><\/a><\/p>\n","protected":false},"excerpt":{"rendered":"<p>La nostra escola ha estat reconeguda pel Departament d\u2019Educaci\u00f3 com a centre formador d\u2019estudiants en pr\u00e0ctiques del Grau en Educaci\u00f3 Prim\u00e0ria i d\u2019Educaci\u00f3 Infantil.<br \/>\nAquest reconeixement del Departament d\u2019Educaci\u00f3 com a centre formador implica:<\/p>\n<ul style=\"list-style-type: circle;\">\n<li>Atorgar valor als centres formadors com a institucions clau en la&hellip;  <a href=\"https:\/\/agora.xtec.cat\/esc-mvayreda-roses\/lescola\/centre-formador\/\" title=\"Read Centre formador\">Llegeix m\u00e9s\u00bb<\/a><br \/>\n","protected":false},"author":1,"featured_media":0,"parent":22,"menu_order":0,"comment_status":"closed","ping_status":"closed","template":"page-templates\/side-menu.php","meta":{"_bbp_topic_count":0,"_bbp_reply_count":0,"_bbp_total_topic_count":0,"_bbp_total_reply_count":0,"_bbp_voice_count":0,"_bbp_anonymous_reply_count":0,"_bbp_topic_count_hidden":0,"_bbp_reply_count_hidden":0,"_bbp_forum_subforum_count":0,"footnotes":""},"class_list":["post-7901","page","type-page","status-publish","hentry"],"post_mailing_queue_ids":[],"_links":{"self":[{"href":"https:\/\/agora.xtec.cat\/esc-mvayreda-roses\/wp-json\/wp\/v2\/pages\/7901","targetHints":{"allow":["GET"]}}],"collection":[{"href":"https:\/\/agora.xtec.cat\/esc-mvayreda-roses\/wp-json\/wp\/v2\/pages"}],"about":[{"href":"https:\/\/agora.xtec.cat\/esc-mvayreda-roses\/wp-json\/wp\/v2\/types\/page"}],"author":[{"embeddable":true,"href":"https:\/\/agora.xtec.cat\/esc-mvayreda-roses\/wp-json\/wp\/v2\/users\/1"}],"replies":[{"embeddable":true,"href":"https:\/\/agora.xtec.cat\/esc-mvayreda-roses\/wp-json\/wp\/v2\/comments?post=7901"}],"version-history":[{"count":6,"href":"https:\/\/agora.xtec.cat\/esc-mvayreda-roses\/wp-json\/wp\/v2\/pages\/7901\/revisions"}],"predecessor-version":[{"id":7922,"href":"https:\/\/agora.xtec.cat\/esc-mvayreda-roses\/wp-json\/wp\/v2\/pages\/7901\/revisions\/7922"}],"up":[{"embeddable":true,"href":"https:\/\/agora.xtec.cat\/esc-mvayreda-roses\/wp-json\/wp\/v2\/pages\/22"}],"wp:attachment":[{"href":"https:\/\/agora.xtec.cat\/esc-mvayreda-roses\/wp-json\/wp\/v2\/media?parent=7901"}],"curies":[{"name":"wp","href":"https:\/\/api.w.org\/{rel}","templated":true}]}}