{"id":375,"date":"2015-10-07T11:30:48","date_gmt":"2015-10-07T10:30:48","guid":{"rendered":"http:\/\/agora.xtec.cat\/esc-mvayreda-roses\/?page_id=375"},"modified":"2025-09-15T15:33:50","modified_gmt":"2025-09-15T13:33:50","slug":"qui-som","status":"publish","type":"page","link":"https:\/\/agora.xtec.cat\/esc-mvayreda-roses\/lescola\/qui-som\/","title":{"rendered":"Qui som"},"content":{"rendered":"<table style=\"border-collapse: collapse; width: 96.2038%; height: 1123px;\">\n<tbody>\n<tr style=\"height: 32px;\">\n<td style=\"width: 60.0952%; height: 10px; text-align: center;\" colspan=\"2\">\n<h5><strong>EQUIP DIRECTIU<\/strong><\/h5>\n<h5>(b7008237@xtec.cat)<\/h5>\n<\/td>\n<\/tr>\n<tr style=\"height: 32px;\">\n<td style=\"width: 30.4877%; height: 32px; text-align: center;\"><strong>Directora<\/strong><\/td>\n<td style=\"width: 29.6075%; height: 32px; text-align: center;\"><strong>Marta J.<\/strong><\/td>\n<\/tr>\n<tr style=\"height: 32px;\">\n<td style=\"width: 30.4877%; height: 32px; text-align: center;\"><strong>Cap d&#8217;estudis<\/strong><\/td>\n<td style=\"width: 29.6075%; height: 32px; text-align: center;\"><strong>S\u00edlvia P.<\/strong><\/td>\n<\/tr>\n<tr style=\"height: 32px;\">\n<td style=\"width: 30.4877%; height: 32px; text-align: center;\"><strong>Secretari<\/strong><\/td>\n<td style=\"width: 29.6075%; height: 32px; text-align: center;\"><strong>Manel M.<\/strong><\/td>\n<\/tr>\n<tr style=\"height: 32px;\">\n<td style=\"width: 60.0952%; height: 32px; text-align: center;\" colspan=\"2\">\n<h5><strong>MESTRES TUTORS <\/strong><\/h5>\n<h5>ED. INFANTIL<\/h5>\n<\/td>\n<\/tr>\n<tr style=\"height: 32px;\">\n<td style=\"width: 30.4877%; height: 32px; text-align: center;\"><strong>I3\u00a0<\/strong><\/td>\n<td style=\"width: 29.6075%; height: 32px; text-align: center;\"><strong>Cristina P.<\/strong><\/td>\n<\/tr>\n<tr style=\"height: 32px;\">\n<td style=\"width: 30.4877%; height: 32px; text-align: center;\"><strong>I4 A<\/strong><\/td>\n<td style=\"width: 29.6075%; height: 32px; text-align: center;\"><strong>Stefy M.<\/strong><\/td>\n<\/tr>\n<tr style=\"height: 32px;\">\n<td style=\"width: 30.4877%; height: 10px; text-align: center;\"><strong>I4 B<\/strong><\/td>\n<td style=\"width: 29.6075%; height: 10px; text-align: center;\"><strong>J\u00falia V.\u00a0<\/strong><\/td>\n<\/tr>\n<tr style=\"height: 32px;\">\n<td style=\"width: 30.4877%; text-align: center; height: 32px;\"><strong>I5 A<\/strong><\/td>\n<td style=\"width: 29.6075%; text-align: center; height: 32px;\"><strong>J\u00falia L.<\/strong><\/td>\n<\/tr>\n<tr style=\"height: 32px;\">\n<td style=\"width: 30.4877%; text-align: center; height: 32px;\"><strong>I5 B<\/strong><\/td>\n<td style=\"width: 29.6075%; text-align: center; height: 32px;\"><strong>Laia S.<\/strong><\/td>\n<\/tr>\n<tr style=\"height: 32px;\">\n<td style=\"width: 60.0952%; height: 10px; text-align: center;\" colspan=\"2\">\n<h5><strong>MESTRES TUTORS<\/strong><\/h5>\n<h5>ED. PRIM\u00c0RIA<\/h5>\n<\/td>\n<\/tr>\n<tr style=\"height: 32px;\">\n<td style=\"width: 30.4877%; height: 32px; text-align: center;\"><strong>1r\u00a0<\/strong><\/td>\n<td style=\"width: 29.6075%; height: 32px; text-align: center;\"><strong>Marina G.<\/strong><\/td>\n<\/tr>\n<tr style=\"height: 32px;\">\n<td style=\"width: 30.4877%; text-align: center; height: 32px;\"><strong>2n\u00a0<\/strong><\/td>\n<td style=\"width: 29.6075%; text-align: center; height: 32px;\"><strong>Patri N.<\/strong><\/td>\n<\/tr>\n<tr style=\"height: 32px;\">\n<td style=\"width: 30.4877%; height: 32px; text-align: center;\"><strong>3r A<\/strong><\/td>\n<td style=\"width: 29.6075%; height: 32px; text-align: center;\"><strong>Mariona G.<\/strong><\/td>\n<\/tr>\n<tr style=\"height: 32px;\">\n<td style=\"width: 30.4877%; text-align: center; height: 32px;\"><strong>3r B<\/strong><\/td>\n<td style=\"width: 29.6075%; text-align: center; height: 32px;\"><strong>\u00d2scar G.<\/strong><\/td>\n<\/tr>\n<tr style=\"height: 32px;\">\n<td style=\"width: 30.4877%; height: 32px; text-align: center;\"><strong>4t A<\/strong><\/td>\n<td style=\"width: 29.6075%; height: 32px; text-align: center;\"><strong>Eva G.<\/strong><\/td>\n<\/tr>\n<tr style=\"height: 32px;\">\n<td style=\"width: 30.4877%; height: 32px; text-align: center;\"><strong>4t B<\/strong><\/td>\n<td style=\"width: 29.6075%; height: 32px; text-align: center;\"><strong>Judit C.<\/strong><\/td>\n<\/tr>\n<tr style=\"height: 32px;\">\n<td style=\"width: 30.4877%; height: 32px; text-align: center;\"><strong>5\u00e8<\/strong><\/td>\n<td style=\"width: 29.6075%; height: 32px; text-align: center;\"><strong>Marta F.<\/strong><\/td>\n<\/tr>\n<tr style=\"height: 32px;\">\n<td style=\"width: 30.4877%; height: 32px; text-align: center;\"><strong>6\u00e8 A<\/strong><\/td>\n<td style=\"width: 29.6075%; height: 32px; text-align: center;\"><strong>Laia S.<\/strong><\/td>\n<\/tr>\n<tr style=\"height: 32px;\">\n<td style=\"width: 30.4877%; height: 32px; text-align: center;\"><strong>6\u00e8 B<\/strong><\/td>\n<td style=\"width: 29.6075%; height: 32px; text-align: center;\"><strong>Laia T.<\/strong><\/td>\n<\/tr>\n<tr style=\"height: 32px;\">\n<td style=\"width: 60.0952%; text-align: center; height: 32px;\" colspan=\"2\">\n<h5><strong>ESPECIALISTES<br \/>\n<\/strong><\/h5>\n<\/td>\n<\/tr>\n<tr style=\"height: 32px;\">\n<td style=\"width: 30.4877%; height: 33px; text-align: center;\"><strong>Educaci\u00f3 F\u00edsica<\/strong><\/td>\n<td style=\"width: 29.6075%; height: 33px; text-align: center;\"><strong>Manel M. i Vicen\u00e7 L.<\/strong><\/td>\n<\/tr>\n<tr style=\"height: 32px;\">\n<td style=\"width: 30.4877%; height: 32px; text-align: center;\"><strong>M\u00fasica<\/strong><\/td>\n<td style=\"width: 29.6075%; height: 32px; text-align: center;\"><strong>Vicente J.<\/strong><\/td>\n<\/tr>\n<tr style=\"height: 32px;\">\n<td style=\"width: 30.4877%; text-align: center; height: 32px;\"><strong>Angl\u00e8s<\/strong><\/td>\n<td style=\"width: 29.6075%; text-align: center; height: 32px;\"><strong>Hawah R.<\/strong><\/td>\n<\/tr>\n<tr style=\"height: 32px;\">\n<td style=\"width: 30.4877%; height: 32px; text-align: center;\"><strong>Franc\u00e8s<br \/>\n<\/strong><\/td>\n<td style=\"width: 29.6075%; height: 32px; text-align: center;\"><strong>Esther P.<\/strong><\/td>\n<\/tr>\n<tr style=\"height: 32px;\">\n<td style=\"width: 30.4877%; text-align: center; height: 32px;\"><strong>Audici\u00f3 i llenguatge<\/strong><\/td>\n<td style=\"width: 29.6075%; text-align: center; height: 32px;\"><strong>Marina M.<\/strong><\/td>\n<\/tr>\n<tr style=\"height: 32px;\">\n<td style=\"width: 30.4877%; text-align: center; height: 32px;\"><strong>Educaci\u00f3 Especial<\/strong><\/td>\n<td style=\"width: 29.6075%; text-align: center; height: 32px;\"><strong>Ariadna P.<\/strong><\/td>\n<\/tr>\n<tr style=\"height: 32px;\">\n<td style=\"width: 30.4877%; text-align: center; height: 32px;\"><strong>Educadora SIEI<\/strong><\/td>\n<td style=\"width: 29.6075%; text-align: center; height: 32px;\"><strong>Cristina B. i Judit C.\u00a0<\/strong><\/td>\n<\/tr>\n<tr>\n<td style=\"width: 30.4877%; text-align: center;\"><strong>Educad ora SIEI PLUS<\/strong><\/td>\n<td style=\"width: 29.6075%; text-align: center;\"><strong>Olga M. i Nabila<\/strong><\/td>\n<\/tr>\n<tr style=\"height: 32px;\">\n<td style=\"width: 30.4877%; text-align: center; height: 32px;\"><strong>Aula d&#8217;acollida<\/strong><\/td>\n<td style=\"width: 29.6075%; text-align: center; height: 32px;\"><strong>Mati T. i Maria B.<\/strong><\/td>\n<\/tr>\n<tr style=\"height: 32px;\">\n<td style=\"width: 60.0952%; text-align: center; height: 32px;\" colspan=\"2\">\n<h5><strong>COORDINACIONS<\/strong><\/h5>\n<\/td>\n<\/tr>\n<tr style=\"height: 32px;\">\n<td style=\"width: 30.4877%; text-align: center; height: 32px;\"><strong>Ed. Infantil<\/strong><\/td>\n<td style=\"width: 29.6075%; text-align: center; height: 32px;\"><strong>Tere P.<\/strong><\/td>\n<\/tr>\n<tr style=\"height: 32px;\">\n<td style=\"width: 30.4877%; text-align: center; height: 32px;\"><strong>Cicle Inicial (1r i 2n) i Cicle Mitj\u00e0 (3r)<\/strong><\/td>\n<td style=\"width: 29.6075%; text-align: center; height: 32px;\"><strong>Patri N.<\/strong><\/td>\n<\/tr>\n<tr style=\"height: 32px;\">\n<td style=\"width: 30.4877%; text-align: center; height: 32px;\"><strong>Cicle Mitj\u00e0 (4t) i Cicle Superior (5\u00e8 i 6\u00e8)<\/strong><\/td>\n<td style=\"width: 29.6075%; text-align: center; height: 32px;\"><strong>Laia T.<\/strong><\/td>\n<\/tr>\n<tr style=\"height: 32px;\">\n<td style=\"width: 30.4877%; text-align: center; height: 32px;\"><strong>Coord.Ling\u00fc\u00edstica<\/strong><\/td>\n<td style=\"width: 29.6075%; text-align: center; height: 32px;\"><strong>Judit C.<\/strong><\/td>\n<\/tr>\n<tr style=\"height: 32px;\">\n<td style=\"width: 30.4877%; text-align: center; height: 32px;\"><strong>Coord.TAC<br \/>\n<\/strong><\/td>\n<td style=\"width: 29.6075%; text-align: center; height: 32px;\"><strong>Esther P.<\/strong><\/td>\n<\/tr>\n<tr style=\"height: 32px;\">\n<td style=\"width: 30.4877%; text-align: center; height: 32px;\"><strong>Coord. Riscos laboral<\/strong><\/td>\n<td style=\"width: 29.6075%; text-align: center; height: 32px;\"><strong>Vicen\u00e7 L.<\/strong><\/td>\n<\/tr>\n<tr style=\"height: 48px;\">\n<td style=\"width: 30.4877%; text-align: center; height: 36px;\"><strong>Coord. Conviv\u00e8ncia<\/strong><\/td>\n<td style=\"width: 29.6075%; text-align: center; height: 36px;\"><\/td>\n<\/tr>\n<\/tbody>\n<\/table>\n<p><!--\n<strong>EQUIP DIRECTIU<\/strong>\n<strong>Directora:<\/strong> Marta Juanola\n<strong>Cap d'estudis:<\/strong>\u00a0S\u00edlvia Parals\n<strong>Secretari:<\/strong> Manel Murillo\n\n<strong>EDUCACI\u00d3 INFANTIL<\/strong>\n<strong>P3: <\/strong>Cristina Pag\u00e8s i J\u00falia Verdaguer\n<strong>P4:<\/strong> Ariadna Caritg\n<strong>P5 A:<\/strong> S\u00edlvia Oliva\n<strong>P5 B:<\/strong> Marta Pla\n\n<strong>EDUCACI\u00d3 PRIM\u00c0RIA<\/strong>\n<strong>1r:<\/strong> Patri Nolla\n<strong>2n:<\/strong> Judit Chennoufi\n<strong>3r A:<\/strong> Montse Testar\n<strong>3r B:<\/strong> Eva Garcia\n<strong>4t A:<\/strong> Carles Fibla\n<strong>4t B:<\/strong> Mati Tena\n<strong>5\u00e8 A:<\/strong> Montse Barris\n<strong>5\u00e8 B:<\/strong> Dolors Calveras\n<strong>6\u00e8 A:<\/strong> Laia Tarrero\n<strong>6\u00e8 B: <\/strong>Esther P\u00e9rez\n\n<strong>Atenci\u00f3 a la diversitat:<\/strong> N\u00faria Estanyol, Montserrat Lucas, Laia Serrano\n\n<strong>Coordinadora Ed. Infantil - Cicle Inicial:<\/strong> Tere Pino\n<strong>Coordinadora Cicle Mitj\u00e0:<\/strong> Vicen\u00e7 Llerena\n<strong>Coordinadora Cicle Superior: <\/strong>Esther P\u00e9rez\n\n<strong>Coordinadora Riscos Laborals:<\/strong> Eul\u00e0lia Planas\n<strong>Coordinadora Ling\u00fc\u00edstica:<\/strong> Silvia Oliva\n<strong>Coordinador Digital:<\/strong> Carles Fibla\n\n<strong>Especialistes d'Educaci\u00f3 F\u00edsica:<\/strong> Manel Murillo i Vicen\u00e7 Llerena\n<strong>Especialista de M\u00fasica:<\/strong> Eul\u00e0lia Planas\n<strong>Especialistes de Franc\u00e8s:<\/strong> Montserrat Testar i Esther P\u00e9rez\n<strong>Especialista d'Angl\u00e8s:<\/strong> Marina Giron\u00e8s\n\n<strong>T.E.I.:<\/strong>\n\n<strong>Vetlladora<\/strong>: Bea\n\n<strong>Refor\u00e7: <\/strong>Tere Pino, S\u00edlvia Parals, Marta Juanola i Manel Murillo.\n\n<strong>TIS:\u00a0<\/strong>M\u00f2nica Anglada --><\/p>\n","protected":false},"excerpt":{"rendered":"<p>EQUIP DIRECTIU<br \/>\n(b7008237@xtec.cat)<\/p>\n<p>Directora<br \/>\nMarta J.<\/p>\n<p>Cap d&#8217;estudis<br \/>\nS\u00edlvia P.<\/p>\n<p>Secretari<br \/>\nManel M.<\/p>\n<p>MESTRES TUTORS<br \/>\nED. INFANTIL<\/p>\n<p>I3\u00a0<br \/>\nCristina P.<\/p>\n<p>I4 A<br \/>\nStefy M.<\/p>\n<p>I4 B<br \/>\nJ\u00falia V.\u00a0<\/p>\n<p>I5 A<br \/>\nJ\u00falia L.<\/p>\n<p>I5 B<br \/>\nLaia S.<\/p>\n<p>MESTRES TUTORS<br \/>\nED. PRIM\u00c0RIA<\/p>\n<p>1r\u00a0<br \/>\nMarina G.<\/p>\n<p>2n\u00a0<br \/>\nPatri N.<\/p>\n<p>3r A<br \/>\nMariona G.<\/p>\n<p>3r B<br \/>\n\u00d2scar G.<\/p>\n<p>4t A<br \/>\nEva G.<\/p>\n<p>4t B<br \/>\nJudit C.<\/p>\n<p>5\u00e8<br \/>\nMarta F.<\/p>\n<p>6\u00e8 A<br \/>\nLaia S.<\/p>\n<p>6\u00e8 B<br \/>\nLaia T.<\/p>\n<p>ESPECIALISTES<\/p>\n<p>Educaci\u00f3 F\u00edsica<br \/>\nManel M. i Vicen\u00e7 L.<\/p>\n<p>M\u00fasica<br \/>\nVicente J.<\/p>\n<p>Angl\u00e8s<br \/>\nHawah R.<\/p>\n<p>Franc\u00e8s<\/p>\n<p>Esther P.<\/p>\n<p>Audici\u00f3 i llenguatge<br \/>\nMarina&hellip;  <a href=\"https:\/\/agora.xtec.cat\/esc-mvayreda-roses\/lescola\/qui-som\/\" title=\"Read Qui som\">Llegeix m\u00e9s\u00bb<\/a><\/p>\n","protected":false},"author":1,"featured_media":0,"parent":22,"menu_order":15,"comment_status":"closed","ping_status":"closed","template":"page-templates\/side-menu.php","meta":{"_bbp_topic_count":0,"_bbp_reply_count":0,"_bbp_total_topic_count":0,"_bbp_total_reply_count":0,"_bbp_voice_count":0,"_bbp_anonymous_reply_count":0,"_bbp_topic_count_hidden":0,"_bbp_reply_count_hidden":0,"_bbp_forum_subforum_count":0,"footnotes":""},"class_list":["post-375","page","type-page","status-publish","hentry"],"post_mailing_queue_ids":[],"_links":{"self":[{"href":"https:\/\/agora.xtec.cat\/esc-mvayreda-roses\/wp-json\/wp\/v2\/pages\/375","targetHints":{"allow":["GET"]}}],"collection":[{"href":"https:\/\/agora.xtec.cat\/esc-mvayreda-roses\/wp-json\/wp\/v2\/pages"}],"about":[{"href":"https:\/\/agora.xtec.cat\/esc-mvayreda-roses\/wp-json\/wp\/v2\/types\/page"}],"author":[{"embeddable":true,"href":"https:\/\/agora.xtec.cat\/esc-mvayreda-roses\/wp-json\/wp\/v2\/users\/1"}],"replies":[{"embeddable":true,"href":"https:\/\/agora.xtec.cat\/esc-mvayreda-roses\/wp-json\/wp\/v2\/comments?post=375"}],"version-history":[{"count":6,"href":"https:\/\/agora.xtec.cat\/esc-mvayreda-roses\/wp-json\/wp\/v2\/pages\/375\/revisions"}],"predecessor-version":[{"id":8305,"href":"https:\/\/agora.xtec.cat\/esc-mvayreda-roses\/wp-json\/wp\/v2\/pages\/375\/revisions\/8305"}],"up":[{"embeddable":true,"href":"https:\/\/agora.xtec.cat\/esc-mvayreda-roses\/wp-json\/wp\/v2\/pages\/22"}],"wp:attachment":[{"href":"https:\/\/agora.xtec.cat\/esc-mvayreda-roses\/wp-json\/wp\/v2\/media?parent=375"}],"curies":[{"name":"wp","href":"https:\/\/api.w.org\/{rel}","templated":true}]}}