{"id":26,"date":"2014-09-18T12:24:32","date_gmt":"2014-09-18T12:24:32","guid":{"rendered":"http:\/\/agora.xtec.cat\/esc-masboadella-sabadell\/?page_id=26"},"modified":"2026-07-26T20:37:07","modified_gmt":"2026-07-26T18:37:07","slug":"historia","status":"publish","type":"page","link":"https:\/\/agora.xtec.cat\/esc-masboadella-sabadell\/lescola\/historia\/","title":{"rendered":"Hist\u00f2ria"},"content":{"rendered":"<h3 style=\"text-align: justify;\"><span style=\"color: #3dbf42;\">HIST\u00d2RIA<\/span><\/h3>\n<p class=\"isSelectedEnd\">L&#8217;Escola <strong>Mas Boadella<\/strong> \u00e9s un centre p\u00fablic d&#8217;educaci\u00f3 infantil i prim\u00e0ria situat al barri de Can Llong de Sabadell.<\/p>\n<p class=\"isSelectedEnd\">L&#8217;escola va sorgir per donar resposta a la demanda d&#8217;escolaritzaci\u00f3 de la poblaci\u00f3 que es va anar instal\u00b7lant en aquest nou barri, una de les zones amb un creixement urban\u00edstic m\u00e9s important de la ciutat durant els primers anys del segle XXI. El <strong>barri<\/strong> ocupa una superf\u00edcie de 642.700 m\u00b2 d&#8217;antics terrenys de cultiu que van ser requalificats com a s\u00f2l urb\u00e0 amb l&#8217;aprovaci\u00f3 del nou Pla General de Sabadell l&#8217;any 1993.<\/p>\n<p class=\"isSelectedEnd\">El centre est\u00e0 situat al <strong>carrer Viena<\/strong>, 1, paral\u00b7lel a l&#8217;avinguda d&#8217;Estrasburg, un dels principals eixos del barri. L&#8217;entorn es caracteritza pels amplis <strong>espais verds<\/strong> que envolten l&#8217;escola, com el Parc de les Aig\u00fces, el Parc d&#8217;Odessa, situat al costat mateix del centre, i el Parc de la Romeua.<\/p>\n<p class=\"isSelectedEnd\">L&#8217;Escola Mas Boadella va iniciar la seva activitat docent el curs <strong>2007-2008<\/strong> com a centre de nova creaci\u00f3, amb dues classes d&#8217;I3 (aleshores P3), sota el nom de <strong>CEIP Can Llong II<\/strong>. Posteriorment, despr\u00e9s d&#8217;un proc\u00e9s democr\u00e0tic en qu\u00e8 van participar les fam\u00edlies i el professorat, la comunitat educativa va escollir el nom definitiu d&#8217;<strong>Escola Mas Boadella<\/strong>, en refer\u00e8ncia a l&#8217;antiga masia que dona nom a aquest indret de Sabadell.<\/p>\n<p class=\"isSelectedEnd\">Durant els primers cursos, l&#8217;escola va anar creixent progressivament amb la incorporaci\u00f3 de nous grups d&#8217;educaci\u00f3 infantil i prim\u00e0ria. L&#8217;any <strong>2009<\/strong> el centre es va traslladar al seu <strong>edifici actual<\/strong>, unes instal\u00b7lacions modernes i funcionals dissenyades per donar resposta al creixement del centre. L&#8217;edifici, amb una superf\u00edcie constru\u00efda de <strong>3.207,35 m\u00b2<\/strong>, est\u00e0 distribu\u00eft en tres plantes i disposa dels espais necessaris per desenvolupar una educaci\u00f3 de qualitat. La inauguraci\u00f3 oficial del nou edifici va tenir lloc el <strong>5 de mar\u00e7 de 2010<\/strong>.<\/p>\n<p><strong>Actualment<\/strong>, l&#8217;Escola Mas Boadella imparteix els ensenyaments d&#8217;educaci\u00f3 infantil i educaci\u00f3 prim\u00e0ria i continua treballant per oferir una <strong>educaci\u00f3<\/strong> inclusiva, innovadora i de qualitat, basada en el desenvolupament integral de l&#8217;alumnat, la participaci\u00f3 de tota la comunitat educativa i el <strong>comprom\u00eds<\/strong> amb l&#8217;entorn.<\/p>\n<p>\u00a0<\/p>\n\n","protected":false},"excerpt":{"rendered":"<p>HIST\u00d2RIA L&#8217;Escola Mas Boadella \u00e9s un centre p\u00fablic d&#8217;educaci\u00f3 infantil i prim\u00e0ria situat al barri de Can Llong de Sabadell. L&#8217;escola va sorgir per donar resposta a la demanda d&#8217;escolaritzaci\u00f3 de la poblaci\u00f3 que es va anar instal\u00b7lant en aquest nou barri, una de les zones amb un creixement urban\u00edstic m\u00e9s important de la ciutat [&hellip;]<\/p>\n","protected":false},"author":2,"featured_media":0,"parent":22,"menu_order":1,"comment_status":"closed","ping_status":"closed","template":"","meta":{"_bbp_topic_count":0,"_bbp_reply_count":0,"_bbp_total_topic_count":0,"_bbp_total_reply_count":0,"_bbp_voice_count":0,"_bbp_anonymous_reply_count":0,"_bbp_topic_count_hidden":0,"_bbp_reply_count_hidden":0,"_bbp_forum_subforum_count":0,"site-sidebar-layout":"default","site-content-layout":"","ast-site-content-layout":"default","site-content-style":"default","site-sidebar-style":"default","ast-global-header-display":"","ast-banner-title-visibility":"","ast-main-header-display":"","ast-hfb-above-header-display":"","ast-hfb-below-header-display":"","ast-hfb-mobile-header-display":"","site-post-title":"disabled","ast-breadcrumbs-content":"","ast-featured-img":"","footer-sml-layout":"","theme-transparent-header-meta":"","adv-header-id-meta":"","stick-header-meta":"","header-above-stick-meta":"","header-main-stick-meta":"","header-below-stick-meta":"","astra-migrate-meta-layouts":"set","ast-page-background-enabled":"default","ast-page-background-meta":{"desktop":{"background-color":"var(--ast-global-color-4)","background-image":"","background-repeat":"repeat","background-position":"center center","background-size":"auto","background-attachment":"scroll","background-type":"","background-media":"","overlay-type":"","overlay-color":"","overlay-opacity":"","overlay-gradient":""},"tablet":{"background-color":"","background-image":"","background-repeat":"repeat","background-position":"center center","background-size":"auto","background-attachment":"scroll","background-type":"","background-media":"","overlay-type":"","overlay-color":"","overlay-opacity":"","overlay-gradient":""},"mobile":{"background-color":"","background-image":"","background-repeat":"repeat","background-position":"center center","background-size":"auto","background-attachment":"scroll","background-type":"","background-media":"","overlay-type":"","overlay-color":"","overlay-opacity":"","overlay-gradient":""}},"ast-content-background-meta":{"desktop":{"background-color":"var(--ast-global-color-5)","background-image":"","background-repeat":"repeat","background-position":"center center","background-size":"auto","background-attachment":"scroll","background-type":"","background-media":"","overlay-type":"","overlay-color":"","overlay-opacity":"","overlay-gradient":""},"tablet":{"background-color":"var(--ast-global-color-5)","background-image":"","background-repeat":"repeat","background-position":"center center","background-size":"auto","background-attachment":"scroll","background-type":"","background-media":"","overlay-type":"","overlay-color":"","overlay-opacity":"","overlay-gradient":""},"mobile":{"background-color":"var(--ast-global-color-5)","background-image":"","background-repeat":"repeat","background-position":"center center","background-size":"auto","background-attachment":"scroll","background-type":"","background-media":"","overlay-type":"","overlay-color":"","overlay-opacity":"","overlay-gradient":""}},"footnotes":""},"class_list":["post-26","page","type-page","status-publish","hentry"],"post_mailing_queue_ids":[],"_links":{"self":[{"href":"https:\/\/agora.xtec.cat\/esc-masboadella-sabadell\/wp-json\/wp\/v2\/pages\/26","targetHints":{"allow":["GET"]}}],"collection":[{"href":"https:\/\/agora.xtec.cat\/esc-masboadella-sabadell\/wp-json\/wp\/v2\/pages"}],"about":[{"href":"https:\/\/agora.xtec.cat\/esc-masboadella-sabadell\/wp-json\/wp\/v2\/types\/page"}],"author":[{"embeddable":true,"href":"https:\/\/agora.xtec.cat\/esc-masboadella-sabadell\/wp-json\/wp\/v2\/users\/2"}],"replies":[{"embeddable":true,"href":"https:\/\/agora.xtec.cat\/esc-masboadella-sabadell\/wp-json\/wp\/v2\/comments?post=26"}],"version-history":[{"count":5,"href":"https:\/\/agora.xtec.cat\/esc-masboadella-sabadell\/wp-json\/wp\/v2\/pages\/26\/revisions"}],"predecessor-version":[{"id":6590,"href":"https:\/\/agora.xtec.cat\/esc-masboadella-sabadell\/wp-json\/wp\/v2\/pages\/26\/revisions\/6590"}],"up":[{"embeddable":true,"href":"https:\/\/agora.xtec.cat\/esc-masboadella-sabadell\/wp-json\/wp\/v2\/pages\/22"}],"wp:attachment":[{"href":"https:\/\/agora.xtec.cat\/esc-masboadella-sabadell\/wp-json\/wp\/v2\/media?parent=26"}],"curies":[{"name":"wp","href":"https:\/\/api.w.org\/{rel}","templated":true}]}}