{"id":30,"date":"2014-09-18T12:30:23","date_gmt":"2014-09-18T11:30:23","guid":{"rendered":"http:\/\/agora.xtec.cat\/esc-leseresdecreixell\/?page_id=30"},"modified":"2026-03-05T14:42:29","modified_gmt":"2026-03-05T13:42:29","slug":"instal%c2%b7lacions","status":"publish","type":"page","link":"https:\/\/agora.xtec.cat\/esc-leseresdecreixell\/lescola\/instal%c2%b7lacions\/","title":{"rendered":"Instal\u00b7lacions de l&#8217;escola"},"content":{"rendered":"\n<div class=\"wp-block-columns is-layout-flex wp-container-core-columns-is-layout-1 wp-block-columns-is-layout-flex\">\n<div class=\"wp-block-column is-layout-flow wp-block-column-is-layout-flow\">\n<div class=\"wp-block-getwid-media-text-slider wp-block-getwid-media-text-slider--current-slide-1 has-arrows-outside has-dots-outside\" data-labels=\"[&quot;Passad\u00eds CM-CS&quot;,&quot;Capses &quot;,&quot;Passad\u00eds CI &quot;,&quot;&quot;,&quot;Slide 5&quot;,&quot;Slide 6&quot;,&quot;Slide 7&quot;,&quot;Slide 8&quot;,&quot;Slide 9&quot;,&quot;Slide 10&quot;,&quot;Slide 11&quot;,&quot;Slide 12&quot;,&quot;Slide 13&quot;,&quot;Slide 14&quot;,&quot;Slide 15&quot;,&quot;Slide 16&quot;,&quot;Slide 17&quot;,&quot;Slide 18&quot;,&quot;Slide 19&quot;,&quot;Slide 20&quot;,&quot;Slide 21&quot;,&quot;Slide 22&quot;]\" data-animation=\"fadeIn\" data-duration=\"1500ms\" data-delay=\"0ms\"><div class=\"wp-block-getwid-media-text-slider__slides-wrapper\"><div class=\"wp-block-getwid-media-text-slider__content\" data-slide-autoplay=\"false\" data-slide-pause-on-hover=\"true\" data-slide-autoplay-speed=\"5000\" data-slide-speed=\"1000\" data-infinite=\"true\">\n<div class=\"wp-block-getwid-media-text-slider-slide wp-block-getwid-media-text-slider-slide__content-wrapper slide-1\"><div class=\"wp-block-getwid-media-text-slider-slide__content\">\n<div class=\"wp-block-getwid-media-text-slider-slide-content\"><figure class=\"wp-block-getwid-media-text-slider-slide-content__media\"><img loading=\"lazy\" decoding=\"async\" width=\"2560\" height=\"1922\" src=\"https:\/\/agora.xtec.cat\/esc-leseresdecreixell\/wp-content\/uploads\/usu1046\/2026\/02\/WhatsApp-Image-2026-02-04-at-10.01.44-5-scaled.jpeg\" alt=\"\" class=\"wp-block-getwid-media-text-slider-slide-content__image wp-image-9692\" srcset=\"https:\/\/agora.xtec.cat\/esc-leseresdecreixell\/wp-content\/uploads\/usu1046\/2026\/02\/WhatsApp-Image-2026-02-04-at-10.01.44-5-scaled.jpeg 2560w, https:\/\/agora.xtec.cat\/esc-leseresdecreixell\/wp-content\/uploads\/usu1046\/2026\/02\/WhatsApp-Image-2026-02-04-at-10.01.44-5-300x225.jpeg 300w, https:\/\/agora.xtec.cat\/esc-leseresdecreixell\/wp-content\/uploads\/usu1046\/2026\/02\/WhatsApp-Image-2026-02-04-at-10.01.44-5-1024x769.jpeg 1024w, https:\/\/agora.xtec.cat\/esc-leseresdecreixell\/wp-content\/uploads\/usu1046\/2026\/02\/WhatsApp-Image-2026-02-04-at-10.01.44-5-768x577.jpeg 768w, https:\/\/agora.xtec.cat\/esc-leseresdecreixell\/wp-content\/uploads\/usu1046\/2026\/02\/WhatsApp-Image-2026-02-04-at-10.01.44-5-1536x1153.jpeg 1536w, https:\/\/agora.xtec.cat\/esc-leseresdecreixell\/wp-content\/uploads\/usu1046\/2026\/02\/WhatsApp-Image-2026-02-04-at-10.01.44-5-2048x1538.jpeg 2048w\" sizes=\"auto, (max-width: 2560px) 100vw, 2560px\" \/><div class=\"wp-block-getwid-media-text-slider-slide-content__media-overlay\" style=\"opacity:0.3\"><\/div><\/figure><div class=\"wp-block-getwid-media-text-slider-slide-content__content\"><div class=\"wp-block-getwid-media-text-slider-slide-content__content-wrapper\">\n<div style=\"height:100px\" aria-hidden=\"true\" class=\"wp-block-spacer\"><\/div>\n\n\n\n<h1 class=\"wp-block-heading\">El passad\u00eds com espais d&#8217;aprenentatge<\/h1>\n\n\n\n<p>Espais oberts que afavoreixen el treball col\u00b7laboratiu i l\u2019atenci\u00f3 personalitzada.<\/p>\n\n\n\n<p><\/p>\n\n\n\n<p><\/p>\n\n\n\n<div style=\"height:169px\" aria-hidden=\"true\" class=\"wp-block-spacer\"><\/div>\n\n\n\n<div style=\"height:169px\" aria-hidden=\"true\" class=\"wp-block-spacer\"><\/div>\n\n\n\n<div style=\"height:169px\" aria-hidden=\"true\" class=\"wp-block-spacer\"><\/div>\n<\/div><\/div><\/div>\n<\/div><\/div>\n\n\n\n<div class=\"wp-block-getwid-media-text-slider-slide wp-block-getwid-media-text-slider-slide__content-wrapper slide-2\"><div class=\"wp-block-getwid-media-text-slider-slide__content\">\n<div class=\"wp-block-getwid-media-text-slider-slide-content\"><figure class=\"wp-block-getwid-media-text-slider-slide-content__media\"><img loading=\"lazy\" decoding=\"async\" width=\"2560\" height=\"1922\" src=\"https:\/\/agora.xtec.cat\/esc-leseresdecreixell\/wp-content\/uploads\/usu1046\/2026\/02\/WhatsApp-Image-2026-02-04-at-10.01.44-4-scaled.jpeg\" alt=\"\" class=\"wp-block-getwid-media-text-slider-slide-content__image wp-image-9693\" srcset=\"https:\/\/agora.xtec.cat\/esc-leseresdecreixell\/wp-content\/uploads\/usu1046\/2026\/02\/WhatsApp-Image-2026-02-04-at-10.01.44-4-scaled.jpeg 2560w, https:\/\/agora.xtec.cat\/esc-leseresdecreixell\/wp-content\/uploads\/usu1046\/2026\/02\/WhatsApp-Image-2026-02-04-at-10.01.44-4-300x225.jpeg 300w, https:\/\/agora.xtec.cat\/esc-leseresdecreixell\/wp-content\/uploads\/usu1046\/2026\/02\/WhatsApp-Image-2026-02-04-at-10.01.44-4-1024x769.jpeg 1024w, https:\/\/agora.xtec.cat\/esc-leseresdecreixell\/wp-content\/uploads\/usu1046\/2026\/02\/WhatsApp-Image-2026-02-04-at-10.01.44-4-768x577.jpeg 768w, https:\/\/agora.xtec.cat\/esc-leseresdecreixell\/wp-content\/uploads\/usu1046\/2026\/02\/WhatsApp-Image-2026-02-04-at-10.01.44-4-1536x1153.jpeg 1536w, https:\/\/agora.xtec.cat\/esc-leseresdecreixell\/wp-content\/uploads\/usu1046\/2026\/02\/WhatsApp-Image-2026-02-04-at-10.01.44-4-2048x1538.jpeg 2048w\" sizes=\"auto, (max-width: 2560px) 100vw, 2560px\" \/><div class=\"wp-block-getwid-media-text-slider-slide-content__media-overlay\" style=\"opacity:0.3\"><\/div><\/figure><div class=\"wp-block-getwid-media-text-slider-slide-content__content\"><div class=\"wp-block-getwid-media-text-slider-slide-content__content-wrapper\">\n<h1 class=\"wp-block-heading\">Cada nen i nena t\u00e9 el seu espai<\/h1>\n\n\n\n<p>Espais personals que promouen l\u2019autonomia de l\u2019alumnat.<\/p>\n<\/div><\/div><\/div>\n<\/div><\/div>\n\n\n\n<div class=\"wp-block-getwid-media-text-slider-slide wp-block-getwid-media-text-slider-slide__content-wrapper slide-3\"><div class=\"wp-block-getwid-media-text-slider-slide__content\">\n<div class=\"wp-block-getwid-media-text-slider-slide-content\"><figure class=\"wp-block-getwid-media-text-slider-slide-content__media\"><img loading=\"lazy\" decoding=\"async\" width=\"2560\" height=\"1922\" src=\"https:\/\/agora.xtec.cat\/esc-leseresdecreixell\/wp-content\/uploads\/usu1046\/2026\/02\/WhatsApp-Image-2026-02-04-at-10.01.45-scaled.jpeg\" alt=\"\" class=\"wp-block-getwid-media-text-slider-slide-content__image wp-image-9694\" srcset=\"https:\/\/agora.xtec.cat\/esc-leseresdecreixell\/wp-content\/uploads\/usu1046\/2026\/02\/WhatsApp-Image-2026-02-04-at-10.01.45-scaled.jpeg 2560w, https:\/\/agora.xtec.cat\/esc-leseresdecreixell\/wp-content\/uploads\/usu1046\/2026\/02\/WhatsApp-Image-2026-02-04-at-10.01.45-300x225.jpeg 300w, https:\/\/agora.xtec.cat\/esc-leseresdecreixell\/wp-content\/uploads\/usu1046\/2026\/02\/WhatsApp-Image-2026-02-04-at-10.01.45-1024x769.jpeg 1024w, https:\/\/agora.xtec.cat\/esc-leseresdecreixell\/wp-content\/uploads\/usu1046\/2026\/02\/WhatsApp-Image-2026-02-04-at-10.01.45-768x577.jpeg 768w, https:\/\/agora.xtec.cat\/esc-leseresdecreixell\/wp-content\/uploads\/usu1046\/2026\/02\/WhatsApp-Image-2026-02-04-at-10.01.45-1536x1153.jpeg 1536w, https:\/\/agora.xtec.cat\/esc-leseresdecreixell\/wp-content\/uploads\/usu1046\/2026\/02\/WhatsApp-Image-2026-02-04-at-10.01.45-2048x1538.jpeg 2048w\" sizes=\"auto, (max-width: 2560px) 100vw, 2560px\" \/><div class=\"wp-block-getwid-media-text-slider-slide-content__media-overlay\" style=\"opacity:0.3\"><\/div><\/figure><div class=\"wp-block-getwid-media-text-slider-slide-content__content\"><div class=\"wp-block-getwid-media-text-slider-slide-content__content-wrapper\">\n<h2 class=\"wp-block-heading\"><\/h2>\n\n\n\n<p><\/p>\n<\/div><\/div><\/div>\n<\/div><\/div>\n\n\n\n<div class=\"wp-block-getwid-media-text-slider-slide wp-block-getwid-media-text-slider-slide__content-wrapper slide-4\"><div class=\"wp-block-getwid-media-text-slider-slide__content\">\n<div class=\"wp-block-getwid-media-text-slider-slide-content\"><figure class=\"wp-block-getwid-media-text-slider-slide-content__media\"><img loading=\"lazy\" decoding=\"async\" width=\"2560\" height=\"1922\" src=\"https:\/\/agora.xtec.cat\/esc-leseresdecreixell\/wp-content\/uploads\/usu1046\/2026\/02\/WhatsApp-Image-2026-02-04-at-10.01.03-3-scaled.jpeg\" alt=\"\" class=\"wp-block-getwid-media-text-slider-slide-content__image wp-image-9695\" srcset=\"https:\/\/agora.xtec.cat\/esc-leseresdecreixell\/wp-content\/uploads\/usu1046\/2026\/02\/WhatsApp-Image-2026-02-04-at-10.01.03-3-scaled.jpeg 2560w, https:\/\/agora.xtec.cat\/esc-leseresdecreixell\/wp-content\/uploads\/usu1046\/2026\/02\/WhatsApp-Image-2026-02-04-at-10.01.03-3-300x225.jpeg 300w, https:\/\/agora.xtec.cat\/esc-leseresdecreixell\/wp-content\/uploads\/usu1046\/2026\/02\/WhatsApp-Image-2026-02-04-at-10.01.03-3-1024x769.jpeg 1024w, https:\/\/agora.xtec.cat\/esc-leseresdecreixell\/wp-content\/uploads\/usu1046\/2026\/02\/WhatsApp-Image-2026-02-04-at-10.01.03-3-768x577.jpeg 768w, https:\/\/agora.xtec.cat\/esc-leseresdecreixell\/wp-content\/uploads\/usu1046\/2026\/02\/WhatsApp-Image-2026-02-04-at-10.01.03-3-1536x1153.jpeg 1536w, https:\/\/agora.xtec.cat\/esc-leseresdecreixell\/wp-content\/uploads\/usu1046\/2026\/02\/WhatsApp-Image-2026-02-04-at-10.01.03-3-2048x1538.jpeg 2048w\" sizes=\"auto, (max-width: 2560px) 100vw, 2560px\" \/><div class=\"wp-block-getwid-media-text-slider-slide-content__media-overlay\" style=\"opacity:0.3\"><\/div><\/figure><div class=\"wp-block-getwid-media-text-slider-slide-content__content\"><div class=\"wp-block-getwid-media-text-slider-slide-content__content-wrapper\">\n<h2 class=\"wp-block-heading\"><\/h2>\n\n\n\n<p><\/p>\n<\/div><\/div><\/div>\n<\/div><\/div>\n\n\n\n<div class=\"wp-block-getwid-media-text-slider-slide wp-block-getwid-media-text-slider-slide__content-wrapper slide-5\"><div class=\"wp-block-getwid-media-text-slider-slide__content\">\n<div class=\"wp-block-getwid-media-text-slider-slide-content\"><figure class=\"wp-block-getwid-media-text-slider-slide-content__media\"><img loading=\"lazy\" decoding=\"async\" width=\"2560\" height=\"1922\" src=\"https:\/\/agora.xtec.cat\/esc-leseresdecreixell\/wp-content\/uploads\/usu1046\/2026\/02\/WhatsApp-Image-2026-02-04-at-10.01.44-6-scaled.jpeg\" alt=\"\" class=\"wp-block-getwid-media-text-slider-slide-content__image wp-image-9702\" srcset=\"https:\/\/agora.xtec.cat\/esc-leseresdecreixell\/wp-content\/uploads\/usu1046\/2026\/02\/WhatsApp-Image-2026-02-04-at-10.01.44-6-scaled.jpeg 2560w, https:\/\/agora.xtec.cat\/esc-leseresdecreixell\/wp-content\/uploads\/usu1046\/2026\/02\/WhatsApp-Image-2026-02-04-at-10.01.44-6-300x225.jpeg 300w, https:\/\/agora.xtec.cat\/esc-leseresdecreixell\/wp-content\/uploads\/usu1046\/2026\/02\/WhatsApp-Image-2026-02-04-at-10.01.44-6-1024x769.jpeg 1024w, https:\/\/agora.xtec.cat\/esc-leseresdecreixell\/wp-content\/uploads\/usu1046\/2026\/02\/WhatsApp-Image-2026-02-04-at-10.01.44-6-768x577.jpeg 768w, https:\/\/agora.xtec.cat\/esc-leseresdecreixell\/wp-content\/uploads\/usu1046\/2026\/02\/WhatsApp-Image-2026-02-04-at-10.01.44-6-1536x1153.jpeg 1536w, https:\/\/agora.xtec.cat\/esc-leseresdecreixell\/wp-content\/uploads\/usu1046\/2026\/02\/WhatsApp-Image-2026-02-04-at-10.01.44-6-2048x1538.jpeg 2048w\" sizes=\"auto, (max-width: 2560px) 100vw, 2560px\" \/><div class=\"wp-block-getwid-media-text-slider-slide-content__media-overlay\" style=\"opacity:0.3\"><\/div><\/figure><div class=\"wp-block-getwid-media-text-slider-slide-content__content\"><div class=\"wp-block-getwid-media-text-slider-slide-content__content-wrapper\">\n<h2 class=\"wp-block-heading\"><\/h2>\n\n\n\n<p><\/p>\n<\/div><\/div><\/div>\n<\/div><\/div>\n\n\n\n<div class=\"wp-block-getwid-media-text-slider-slide wp-block-getwid-media-text-slider-slide__content-wrapper slide-6\"><div class=\"wp-block-getwid-media-text-slider-slide__content\">\n<div class=\"wp-block-getwid-media-text-slider-slide-content\"><figure class=\"wp-block-getwid-media-text-slider-slide-content__media\"><img loading=\"lazy\" decoding=\"async\" width=\"2560\" height=\"1920\" src=\"https:\/\/agora.xtec.cat\/esc-leseresdecreixell\/wp-content\/uploads\/usu1046\/2026\/02\/WhatsApp-Image-2026-02-04-at-10.01.43-2-scaled.jpeg\" alt=\"\" class=\"wp-block-getwid-media-text-slider-slide-content__image wp-image-9697\" srcset=\"https:\/\/agora.xtec.cat\/esc-leseresdecreixell\/wp-content\/uploads\/usu1046\/2026\/02\/WhatsApp-Image-2026-02-04-at-10.01.43-2-scaled.jpeg 2560w, https:\/\/agora.xtec.cat\/esc-leseresdecreixell\/wp-content\/uploads\/usu1046\/2026\/02\/WhatsApp-Image-2026-02-04-at-10.01.43-2-300x225.jpeg 300w, https:\/\/agora.xtec.cat\/esc-leseresdecreixell\/wp-content\/uploads\/usu1046\/2026\/02\/WhatsApp-Image-2026-02-04-at-10.01.43-2-1024x768.jpeg 1024w, https:\/\/agora.xtec.cat\/esc-leseresdecreixell\/wp-content\/uploads\/usu1046\/2026\/02\/WhatsApp-Image-2026-02-04-at-10.01.43-2-768x576.jpeg 768w, https:\/\/agora.xtec.cat\/esc-leseresdecreixell\/wp-content\/uploads\/usu1046\/2026\/02\/WhatsApp-Image-2026-02-04-at-10.01.43-2-1536x1152.jpeg 1536w, https:\/\/agora.xtec.cat\/esc-leseresdecreixell\/wp-content\/uploads\/usu1046\/2026\/02\/WhatsApp-Image-2026-02-04-at-10.01.43-2-2048x1536.jpeg 2048w\" sizes=\"auto, (max-width: 2560px) 100vw, 2560px\" \/><div class=\"wp-block-getwid-media-text-slider-slide-content__media-overlay\" style=\"opacity:0.3\"><\/div><\/figure><div class=\"wp-block-getwid-media-text-slider-slide-content__content\"><div class=\"wp-block-getwid-media-text-slider-slide-content__content-wrapper\">\n<h1 class=\"wp-block-heading\">L&#8217;aula de pl\u00e0stica<\/h1>\n\n\n\n<p>Lloc de creativitat, imaginaci\u00f3 i descoberta art\u00edstica.<\/p>\n\n\n\n<div style=\"height:100px\" aria-hidden=\"true\" class=\"wp-block-spacer\"><\/div>\n<\/div><\/div><\/div>\n<\/div><\/div>\n\n\n\n<div class=\"wp-block-getwid-media-text-slider-slide wp-block-getwid-media-text-slider-slide__content-wrapper slide-7\"><div class=\"wp-block-getwid-media-text-slider-slide__content\">\n<div class=\"wp-block-getwid-media-text-slider-slide-content\"><figure class=\"wp-block-getwid-media-text-slider-slide-content__media\"><img loading=\"lazy\" decoding=\"async\" width=\"2560\" height=\"1920\" src=\"https:\/\/agora.xtec.cat\/esc-leseresdecreixell\/wp-content\/uploads\/usu1046\/2026\/02\/WhatsApp-Image-2026-02-04-at-10.01.21-scaled.jpeg\" alt=\"\" class=\"wp-block-getwid-media-text-slider-slide-content__image wp-image-9698\" srcset=\"https:\/\/agora.xtec.cat\/esc-leseresdecreixell\/wp-content\/uploads\/usu1046\/2026\/02\/WhatsApp-Image-2026-02-04-at-10.01.21-scaled.jpeg 2560w, https:\/\/agora.xtec.cat\/esc-leseresdecreixell\/wp-content\/uploads\/usu1046\/2026\/02\/WhatsApp-Image-2026-02-04-at-10.01.21-300x225.jpeg 300w, https:\/\/agora.xtec.cat\/esc-leseresdecreixell\/wp-content\/uploads\/usu1046\/2026\/02\/WhatsApp-Image-2026-02-04-at-10.01.21-1024x768.jpeg 1024w, https:\/\/agora.xtec.cat\/esc-leseresdecreixell\/wp-content\/uploads\/usu1046\/2026\/02\/WhatsApp-Image-2026-02-04-at-10.01.21-768x576.jpeg 768w, https:\/\/agora.xtec.cat\/esc-leseresdecreixell\/wp-content\/uploads\/usu1046\/2026\/02\/WhatsApp-Image-2026-02-04-at-10.01.21-1536x1152.jpeg 1536w, https:\/\/agora.xtec.cat\/esc-leseresdecreixell\/wp-content\/uploads\/usu1046\/2026\/02\/WhatsApp-Image-2026-02-04-at-10.01.21-2048x1536.jpeg 2048w\" sizes=\"auto, (max-width: 2560px) 100vw, 2560px\" \/><div class=\"wp-block-getwid-media-text-slider-slide-content__media-overlay\" style=\"opacity:0.3\"><\/div><\/figure><div class=\"wp-block-getwid-media-text-slider-slide-content__content\"><div class=\"wp-block-getwid-media-text-slider-slide-content__content-wrapper\">\n<h2 class=\"wp-block-heading\">L&#8217;aula d&#8217;angl\u00e8s<\/h2>\n\n\n\n<p>Un entorn que fomenta l\u2019expressi\u00f3 oral i l\u2019aprenentatge significatiu de la llengua.<\/p>\n<\/div><\/div><\/div>\n<\/div><\/div>\n\n\n\n<div class=\"wp-block-getwid-media-text-slider-slide wp-block-getwid-media-text-slider-slide__content-wrapper slide-8\"><div class=\"wp-block-getwid-media-text-slider-slide__content\">\n<div class=\"wp-block-getwid-media-text-slider-slide-content\"><figure class=\"wp-block-getwid-media-text-slider-slide-content__media\"><img loading=\"lazy\" decoding=\"async\" width=\"2560\" height=\"1922\" src=\"https:\/\/agora.xtec.cat\/esc-leseresdecreixell\/wp-content\/uploads\/usu1046\/2026\/02\/WhatsApp-Image-2026-02-04-at-10.01.45-1-scaled.jpeg\" alt=\"\" class=\"wp-block-getwid-media-text-slider-slide-content__image wp-image-9696\" srcset=\"https:\/\/agora.xtec.cat\/esc-leseresdecreixell\/wp-content\/uploads\/usu1046\/2026\/02\/WhatsApp-Image-2026-02-04-at-10.01.45-1-scaled.jpeg 2560w, https:\/\/agora.xtec.cat\/esc-leseresdecreixell\/wp-content\/uploads\/usu1046\/2026\/02\/WhatsApp-Image-2026-02-04-at-10.01.45-1-300x225.jpeg 300w, https:\/\/agora.xtec.cat\/esc-leseresdecreixell\/wp-content\/uploads\/usu1046\/2026\/02\/WhatsApp-Image-2026-02-04-at-10.01.45-1-1024x769.jpeg 1024w, https:\/\/agora.xtec.cat\/esc-leseresdecreixell\/wp-content\/uploads\/usu1046\/2026\/02\/WhatsApp-Image-2026-02-04-at-10.01.45-1-768x577.jpeg 768w, https:\/\/agora.xtec.cat\/esc-leseresdecreixell\/wp-content\/uploads\/usu1046\/2026\/02\/WhatsApp-Image-2026-02-04-at-10.01.45-1-1536x1153.jpeg 1536w, https:\/\/agora.xtec.cat\/esc-leseresdecreixell\/wp-content\/uploads\/usu1046\/2026\/02\/WhatsApp-Image-2026-02-04-at-10.01.45-1-2048x1538.jpeg 2048w\" sizes=\"auto, (max-width: 2560px) 100vw, 2560px\" \/><div class=\"wp-block-getwid-media-text-slider-slide-content__media-overlay\" style=\"opacity:0.3\"><\/div><\/figure><div class=\"wp-block-getwid-media-text-slider-slide-content__content\"><div class=\"wp-block-getwid-media-text-slider-slide-content__content-wrapper\">\n<h2 class=\"wp-block-heading\">L&#8217;aula de tallers<\/h2>\n\n\n\n<p>Aula polivalent que afavoreix el treball pr\u00e0ctic, manipulatiu i cooperatiu.<\/p>\n<\/div><\/div><\/div>\n<\/div><\/div>\n\n\n\n<div class=\"wp-block-getwid-media-text-slider-slide wp-block-getwid-media-text-slider-slide__content-wrapper slide-9\"><div class=\"wp-block-getwid-media-text-slider-slide__content\">\n<div class=\"wp-block-getwid-media-text-slider-slide-content\"><figure class=\"wp-block-getwid-media-text-slider-slide-content__media\"><img loading=\"lazy\" decoding=\"async\" width=\"2560\" height=\"1922\" src=\"https:\/\/agora.xtec.cat\/esc-leseresdecreixell\/wp-content\/uploads\/usu1046\/2026\/02\/WhatsApp-Image-2026-02-04-at-10.01.45-2-scaled.jpeg\" alt=\"\" class=\"wp-block-getwid-media-text-slider-slide-content__image wp-image-9691\" srcset=\"https:\/\/agora.xtec.cat\/esc-leseresdecreixell\/wp-content\/uploads\/usu1046\/2026\/02\/WhatsApp-Image-2026-02-04-at-10.01.45-2-scaled.jpeg 2560w, https:\/\/agora.xtec.cat\/esc-leseresdecreixell\/wp-content\/uploads\/usu1046\/2026\/02\/WhatsApp-Image-2026-02-04-at-10.01.45-2-300x225.jpeg 300w, https:\/\/agora.xtec.cat\/esc-leseresdecreixell\/wp-content\/uploads\/usu1046\/2026\/02\/WhatsApp-Image-2026-02-04-at-10.01.45-2-1024x769.jpeg 1024w, https:\/\/agora.xtec.cat\/esc-leseresdecreixell\/wp-content\/uploads\/usu1046\/2026\/02\/WhatsApp-Image-2026-02-04-at-10.01.45-2-768x577.jpeg 768w, https:\/\/agora.xtec.cat\/esc-leseresdecreixell\/wp-content\/uploads\/usu1046\/2026\/02\/WhatsApp-Image-2026-02-04-at-10.01.45-2-1536x1153.jpeg 1536w, https:\/\/agora.xtec.cat\/esc-leseresdecreixell\/wp-content\/uploads\/usu1046\/2026\/02\/WhatsApp-Image-2026-02-04-at-10.01.45-2-2048x1538.jpeg 2048w\" sizes=\"auto, (max-width: 2560px) 100vw, 2560px\" \/><div class=\"wp-block-getwid-media-text-slider-slide-content__media-overlay\" style=\"opacity:0.3\"><\/div><\/figure><div class=\"wp-block-getwid-media-text-slider-slide-content__content\"><div class=\"wp-block-getwid-media-text-slider-slide-content__content-wrapper\">\n<h2 class=\"wp-block-heading\"><\/h2>\n\n\n\n<p><\/p>\n<\/div><\/div><\/div>\n<\/div><\/div>\n\n\n\n<div class=\"wp-block-getwid-media-text-slider-slide wp-block-getwid-media-text-slider-slide__content-wrapper slide-10\"><div class=\"wp-block-getwid-media-text-slider-slide__content\">\n<div class=\"wp-block-getwid-media-text-slider-slide-content\"><figure class=\"wp-block-getwid-media-text-slider-slide-content__media\"><img loading=\"lazy\" decoding=\"async\" width=\"2560\" height=\"1920\" src=\"https:\/\/agora.xtec.cat\/esc-leseresdecreixell\/wp-content\/uploads\/usu1046\/2026\/02\/WhatsApp-Image-2026-02-04-at-10.01.42-scaled.jpeg\" alt=\"\" class=\"wp-block-getwid-media-text-slider-slide-content__image wp-image-9701\" srcset=\"https:\/\/agora.xtec.cat\/esc-leseresdecreixell\/wp-content\/uploads\/usu1046\/2026\/02\/WhatsApp-Image-2026-02-04-at-10.01.42-scaled.jpeg 2560w, https:\/\/agora.xtec.cat\/esc-leseresdecreixell\/wp-content\/uploads\/usu1046\/2026\/02\/WhatsApp-Image-2026-02-04-at-10.01.42-300x225.jpeg 300w, https:\/\/agora.xtec.cat\/esc-leseresdecreixell\/wp-content\/uploads\/usu1046\/2026\/02\/WhatsApp-Image-2026-02-04-at-10.01.42-1024x768.jpeg 1024w, https:\/\/agora.xtec.cat\/esc-leseresdecreixell\/wp-content\/uploads\/usu1046\/2026\/02\/WhatsApp-Image-2026-02-04-at-10.01.42-768x576.jpeg 768w, https:\/\/agora.xtec.cat\/esc-leseresdecreixell\/wp-content\/uploads\/usu1046\/2026\/02\/WhatsApp-Image-2026-02-04-at-10.01.42-1536x1152.jpeg 1536w, https:\/\/agora.xtec.cat\/esc-leseresdecreixell\/wp-content\/uploads\/usu1046\/2026\/02\/WhatsApp-Image-2026-02-04-at-10.01.42-2048x1536.jpeg 2048w\" sizes=\"auto, (max-width: 2560px) 100vw, 2560px\" \/><div class=\"wp-block-getwid-media-text-slider-slide-content__media-overlay\" style=\"opacity:0.3\"><\/div><\/figure><div class=\"wp-block-getwid-media-text-slider-slide-content__content\"><div class=\"wp-block-getwid-media-text-slider-slide-content__content-wrapper\">\n<h2 class=\"wp-block-heading\">L&#8217;Aula audiovisual<\/h2>\n\n\n\n<p>Un espai per crear, comunicar i donar veu als projectes audiovisuals i al podcast escolar.<\/p>\n<\/div><\/div><\/div>\n<\/div><\/div>\n\n\n\n<div class=\"wp-block-getwid-media-text-slider-slide wp-block-getwid-media-text-slider-slide__content-wrapper slide-11\"><div class=\"wp-block-getwid-media-text-slider-slide__content\">\n<div class=\"wp-block-getwid-media-text-slider-slide-content\"><figure class=\"wp-block-getwid-media-text-slider-slide-content__media\"><img loading=\"lazy\" decoding=\"async\" width=\"2048\" height=\"1536\" src=\"https:\/\/agora.xtec.cat\/esc-leseresdecreixell\/wp-content\/uploads\/usu1046\/2026\/03\/WhatsApp-Image-2026-03-05-at-14.41.18.jpeg\" alt=\"\" class=\"wp-block-getwid-media-text-slider-slide-content__image wp-image-9764\" srcset=\"https:\/\/agora.xtec.cat\/esc-leseresdecreixell\/wp-content\/uploads\/usu1046\/2026\/03\/WhatsApp-Image-2026-03-05-at-14.41.18.jpeg 2048w, https:\/\/agora.xtec.cat\/esc-leseresdecreixell\/wp-content\/uploads\/usu1046\/2026\/03\/WhatsApp-Image-2026-03-05-at-14.41.18-300x225.jpeg 300w, https:\/\/agora.xtec.cat\/esc-leseresdecreixell\/wp-content\/uploads\/usu1046\/2026\/03\/WhatsApp-Image-2026-03-05-at-14.41.18-1024x768.jpeg 1024w, https:\/\/agora.xtec.cat\/esc-leseresdecreixell\/wp-content\/uploads\/usu1046\/2026\/03\/WhatsApp-Image-2026-03-05-at-14.41.18-768x576.jpeg 768w, https:\/\/agora.xtec.cat\/esc-leseresdecreixell\/wp-content\/uploads\/usu1046\/2026\/03\/WhatsApp-Image-2026-03-05-at-14.41.18-1536x1152.jpeg 1536w\" sizes=\"auto, (max-width: 2048px) 100vw, 2048px\" \/><div class=\"wp-block-getwid-media-text-slider-slide-content__media-overlay\" style=\"opacity:0.3\"><\/div><\/figure><div class=\"wp-block-getwid-media-text-slider-slide-content__content\"><div class=\"wp-block-getwid-media-text-slider-slide-content__content-wrapper\">\n<h2 class=\"wp-block-heading\">L&#8217;aula digital<\/h2>\n\n\n\n<p>Un espai per explorar la tecnologia, la programaci\u00f3 i la rob\u00f2tica educativa.<\/p>\n<\/div><\/div><\/div>\n<\/div><\/div>\n\n\n\n<div class=\"wp-block-getwid-media-text-slider-slide wp-block-getwid-media-text-slider-slide__content-wrapper slide-12\"><div class=\"wp-block-getwid-media-text-slider-slide__content\">\n<div class=\"wp-block-getwid-media-text-slider-slide-content\"><figure class=\"wp-block-getwid-media-text-slider-slide-content__media\"><img loading=\"lazy\" decoding=\"async\" width=\"1600\" height=\"1200\" src=\"https:\/\/agora.xtec.cat\/esc-leseresdecreixell\/wp-content\/uploads\/usu1046\/2026\/02\/WhatsApp-Image-2026-02-04-at-10.01.44-1.jpeg\" alt=\"\" class=\"wp-block-getwid-media-text-slider-slide-content__image wp-image-9688\" srcset=\"https:\/\/agora.xtec.cat\/esc-leseresdecreixell\/wp-content\/uploads\/usu1046\/2026\/02\/WhatsApp-Image-2026-02-04-at-10.01.44-1.jpeg 1600w, https:\/\/agora.xtec.cat\/esc-leseresdecreixell\/wp-content\/uploads\/usu1046\/2026\/02\/WhatsApp-Image-2026-02-04-at-10.01.44-1-300x225.jpeg 300w, https:\/\/agora.xtec.cat\/esc-leseresdecreixell\/wp-content\/uploads\/usu1046\/2026\/02\/WhatsApp-Image-2026-02-04-at-10.01.44-1-1024x768.jpeg 1024w, https:\/\/agora.xtec.cat\/esc-leseresdecreixell\/wp-content\/uploads\/usu1046\/2026\/02\/WhatsApp-Image-2026-02-04-at-10.01.44-1-768x576.jpeg 768w, https:\/\/agora.xtec.cat\/esc-leseresdecreixell\/wp-content\/uploads\/usu1046\/2026\/02\/WhatsApp-Image-2026-02-04-at-10.01.44-1-1536x1152.jpeg 1536w\" sizes=\"auto, (max-width: 1600px) 100vw, 1600px\" \/><div class=\"wp-block-getwid-media-text-slider-slide-content__media-overlay\" style=\"opacity:0.3\"><\/div><\/figure><div class=\"wp-block-getwid-media-text-slider-slide-content__content\"><div class=\"wp-block-getwid-media-text-slider-slide-content__content-wrapper\">\n<h2 class=\"wp-block-heading\">L&#8217;aula de m\u00fasica<\/h2>\n\n\n\n<p>Un entorn per viure la m\u00fasica de manera creativa i vivencial.<\/p>\n<\/div><\/div><\/div>\n<\/div><\/div>\n\n\n\n<div class=\"wp-block-getwid-media-text-slider-slide wp-block-getwid-media-text-slider-slide__content-wrapper slide-13\"><div class=\"wp-block-getwid-media-text-slider-slide__content\">\n<div class=\"wp-block-getwid-media-text-slider-slide-content\"><figure class=\"wp-block-getwid-media-text-slider-slide-content__media\"><img loading=\"lazy\" decoding=\"async\" width=\"1600\" height=\"1200\" src=\"https:\/\/agora.xtec.cat\/esc-leseresdecreixell\/wp-content\/uploads\/usu1046\/2026\/02\/WhatsApp-Image-2026-02-04-at-10.01.03-1.jpeg\" alt=\"\" class=\"wp-block-getwid-media-text-slider-slide-content__image wp-image-9689\" srcset=\"https:\/\/agora.xtec.cat\/esc-leseresdecreixell\/wp-content\/uploads\/usu1046\/2026\/02\/WhatsApp-Image-2026-02-04-at-10.01.03-1.jpeg 1600w, https:\/\/agora.xtec.cat\/esc-leseresdecreixell\/wp-content\/uploads\/usu1046\/2026\/02\/WhatsApp-Image-2026-02-04-at-10.01.03-1-300x225.jpeg 300w, https:\/\/agora.xtec.cat\/esc-leseresdecreixell\/wp-content\/uploads\/usu1046\/2026\/02\/WhatsApp-Image-2026-02-04-at-10.01.03-1-1024x768.jpeg 1024w, https:\/\/agora.xtec.cat\/esc-leseresdecreixell\/wp-content\/uploads\/usu1046\/2026\/02\/WhatsApp-Image-2026-02-04-at-10.01.03-1-768x576.jpeg 768w, https:\/\/agora.xtec.cat\/esc-leseresdecreixell\/wp-content\/uploads\/usu1046\/2026\/02\/WhatsApp-Image-2026-02-04-at-10.01.03-1-1536x1152.jpeg 1536w\" sizes=\"auto, (max-width: 1600px) 100vw, 1600px\" \/><div class=\"wp-block-getwid-media-text-slider-slide-content__media-overlay\" style=\"opacity:0.3\"><\/div><\/figure><div class=\"wp-block-getwid-media-text-slider-slide-content__content\"><div class=\"wp-block-getwid-media-text-slider-slide-content__content-wrapper\">\n<h2 class=\"wp-block-heading\">Les aules d&#8217;educaci\u00f3 infantil<\/h2>\n\n\n\n<p>Espais acollidors i estimulants dissenyats per a l\u2019aprenentatge vivencial i el joc creatiu, on els infants poden explorar, experimentar i desenvolupar les seves habilitats socials, emocionals i cognitives en un entorn segur i motivador.<\/p>\n<\/div><\/div><\/div>\n<\/div><\/div>\n\n\n\n<div class=\"wp-block-getwid-media-text-slider-slide wp-block-getwid-media-text-slider-slide__content-wrapper slide-14\"><div class=\"wp-block-getwid-media-text-slider-slide__content\">\n<div class=\"wp-block-getwid-media-text-slider-slide-content\"><figure class=\"wp-block-getwid-media-text-slider-slide-content__media\"><img loading=\"lazy\" decoding=\"async\" width=\"1920\" height=\"2560\" src=\"https:\/\/agora.xtec.cat\/esc-leseresdecreixell\/wp-content\/uploads\/usu1046\/2026\/02\/WhatsApp-Image-2026-02-04-at-10.07.38-1-scaled.jpeg\" alt=\"\" class=\"wp-block-getwid-media-text-slider-slide-content__image wp-image-9707\" srcset=\"https:\/\/agora.xtec.cat\/esc-leseresdecreixell\/wp-content\/uploads\/usu1046\/2026\/02\/WhatsApp-Image-2026-02-04-at-10.07.38-1-scaled.jpeg 1920w, https:\/\/agora.xtec.cat\/esc-leseresdecreixell\/wp-content\/uploads\/usu1046\/2026\/02\/WhatsApp-Image-2026-02-04-at-10.07.38-1-225x300.jpeg 225w, https:\/\/agora.xtec.cat\/esc-leseresdecreixell\/wp-content\/uploads\/usu1046\/2026\/02\/WhatsApp-Image-2026-02-04-at-10.07.38-1-768x1024.jpeg 768w, https:\/\/agora.xtec.cat\/esc-leseresdecreixell\/wp-content\/uploads\/usu1046\/2026\/02\/WhatsApp-Image-2026-02-04-at-10.07.38-1-1152x1536.jpeg 1152w, https:\/\/agora.xtec.cat\/esc-leseresdecreixell\/wp-content\/uploads\/usu1046\/2026\/02\/WhatsApp-Image-2026-02-04-at-10.07.38-1-1536x2048.jpeg 1536w\" sizes=\"auto, (max-width: 1920px) 100vw, 1920px\" \/><div class=\"wp-block-getwid-media-text-slider-slide-content__media-overlay\" style=\"opacity:0.3\"><\/div><\/figure><div class=\"wp-block-getwid-media-text-slider-slide-content__content\"><div class=\"wp-block-getwid-media-text-slider-slide-content__content-wrapper\">\n<h2 class=\"wp-block-heading\">L&#8217;aula multisensorial<\/h2>\n\n\n\n<p>Espai multisensorial on els infants poden  explorar, experimentar i aprendre amb tots els sentits.<\/p>\n<\/div><\/div><\/div>\n<\/div><\/div>\n\n\n\n<div class=\"wp-block-getwid-media-text-slider-slide wp-block-getwid-media-text-slider-slide__content-wrapper slide-15\"><div class=\"wp-block-getwid-media-text-slider-slide__content\">\n<div class=\"wp-block-getwid-media-text-slider-slide-content\"><figure class=\"wp-block-getwid-media-text-slider-slide-content__media\"><img loading=\"lazy\" decoding=\"async\" width=\"1920\" height=\"2560\" src=\"https:\/\/agora.xtec.cat\/esc-leseresdecreixell\/wp-content\/uploads\/usu1046\/2026\/02\/WhatsApp-Image-2026-02-04-at-10.07.38-scaled.jpeg\" alt=\"\" class=\"wp-block-getwid-media-text-slider-slide-content__image wp-image-9708\" srcset=\"https:\/\/agora.xtec.cat\/esc-leseresdecreixell\/wp-content\/uploads\/usu1046\/2026\/02\/WhatsApp-Image-2026-02-04-at-10.07.38-scaled.jpeg 1920w, https:\/\/agora.xtec.cat\/esc-leseresdecreixell\/wp-content\/uploads\/usu1046\/2026\/02\/WhatsApp-Image-2026-02-04-at-10.07.38-225x300.jpeg 225w, https:\/\/agora.xtec.cat\/esc-leseresdecreixell\/wp-content\/uploads\/usu1046\/2026\/02\/WhatsApp-Image-2026-02-04-at-10.07.38-768x1024.jpeg 768w, https:\/\/agora.xtec.cat\/esc-leseresdecreixell\/wp-content\/uploads\/usu1046\/2026\/02\/WhatsApp-Image-2026-02-04-at-10.07.38-1152x1536.jpeg 1152w, https:\/\/agora.xtec.cat\/esc-leseresdecreixell\/wp-content\/uploads\/usu1046\/2026\/02\/WhatsApp-Image-2026-02-04-at-10.07.38-1536x2048.jpeg 1536w\" sizes=\"auto, (max-width: 1920px) 100vw, 1920px\" \/><div class=\"wp-block-getwid-media-text-slider-slide-content__media-overlay\" style=\"opacity:0.3\"><\/div><\/figure><div class=\"wp-block-getwid-media-text-slider-slide-content__content\"><div class=\"wp-block-getwid-media-text-slider-slide-content__content-wrapper\">\n<h2 class=\"wp-block-heading\"><\/h2>\n\n\n\n<p><\/p>\n<\/div><\/div><\/div>\n<\/div><\/div>\n\n\n\n<div class=\"wp-block-getwid-media-text-slider-slide wp-block-getwid-media-text-slider-slide__content-wrapper slide-16\"><div class=\"wp-block-getwid-media-text-slider-slide__content\">\n<div class=\"wp-block-getwid-media-text-slider-slide-content\"><figure class=\"wp-block-getwid-media-text-slider-slide-content__media\"><img loading=\"lazy\" decoding=\"async\" width=\"1600\" height=\"1200\" src=\"https:\/\/agora.xtec.cat\/esc-leseresdecreixell\/wp-content\/uploads\/usu1046\/2026\/02\/WhatsApp-Image-2026-02-04-at-10.01.03-2.jpeg\" alt=\"\" class=\"wp-block-getwid-media-text-slider-slide-content__image wp-image-9690\" srcset=\"https:\/\/agora.xtec.cat\/esc-leseresdecreixell\/wp-content\/uploads\/usu1046\/2026\/02\/WhatsApp-Image-2026-02-04-at-10.01.03-2.jpeg 1600w, https:\/\/agora.xtec.cat\/esc-leseresdecreixell\/wp-content\/uploads\/usu1046\/2026\/02\/WhatsApp-Image-2026-02-04-at-10.01.03-2-300x225.jpeg 300w, https:\/\/agora.xtec.cat\/esc-leseresdecreixell\/wp-content\/uploads\/usu1046\/2026\/02\/WhatsApp-Image-2026-02-04-at-10.01.03-2-1024x768.jpeg 1024w, https:\/\/agora.xtec.cat\/esc-leseresdecreixell\/wp-content\/uploads\/usu1046\/2026\/02\/WhatsApp-Image-2026-02-04-at-10.01.03-2-768x576.jpeg 768w, https:\/\/agora.xtec.cat\/esc-leseresdecreixell\/wp-content\/uploads\/usu1046\/2026\/02\/WhatsApp-Image-2026-02-04-at-10.01.03-2-1536x1152.jpeg 1536w\" sizes=\"auto, (max-width: 1600px) 100vw, 1600px\" \/><div class=\"wp-block-getwid-media-text-slider-slide-content__media-overlay\" style=\"opacity:0.3\"><\/div><\/figure><div class=\"wp-block-getwid-media-text-slider-slide-content__content\"><div class=\"wp-block-getwid-media-text-slider-slide-content__content-wrapper\">\n<h2 class=\"wp-block-heading\">Hort Educatiu<\/h2>\n\n\n\n<p>Espai verd on els infants experimenten i aprenen angl\u00e8s a trav\u00e9s de l\u2019hort.<\/p>\n<\/div><\/div><\/div>\n<\/div><\/div>\n\n\n\n<div class=\"wp-block-getwid-media-text-slider-slide wp-block-getwid-media-text-slider-slide__content-wrapper slide-17\"><div class=\"wp-block-getwid-media-text-slider-slide__content\">\n<div class=\"wp-block-getwid-media-text-slider-slide-content\"><figure class=\"wp-block-getwid-media-text-slider-slide-content__media\"><img loading=\"lazy\" decoding=\"async\" width=\"1600\" height=\"1200\" src=\"https:\/\/agora.xtec.cat\/esc-leseresdecreixell\/wp-content\/uploads\/usu1046\/2026\/02\/WhatsApp-Image-2026-02-04-at-10.01.44-3.jpeg\" alt=\"\" class=\"wp-block-getwid-media-text-slider-slide-content__image wp-image-9685\" srcset=\"https:\/\/agora.xtec.cat\/esc-leseresdecreixell\/wp-content\/uploads\/usu1046\/2026\/02\/WhatsApp-Image-2026-02-04-at-10.01.44-3.jpeg 1600w, https:\/\/agora.xtec.cat\/esc-leseresdecreixell\/wp-content\/uploads\/usu1046\/2026\/02\/WhatsApp-Image-2026-02-04-at-10.01.44-3-300x225.jpeg 300w, https:\/\/agora.xtec.cat\/esc-leseresdecreixell\/wp-content\/uploads\/usu1046\/2026\/02\/WhatsApp-Image-2026-02-04-at-10.01.44-3-1024x768.jpeg 1024w, https:\/\/agora.xtec.cat\/esc-leseresdecreixell\/wp-content\/uploads\/usu1046\/2026\/02\/WhatsApp-Image-2026-02-04-at-10.01.44-3-768x576.jpeg 768w, https:\/\/agora.xtec.cat\/esc-leseresdecreixell\/wp-content\/uploads\/usu1046\/2026\/02\/WhatsApp-Image-2026-02-04-at-10.01.44-3-1536x1152.jpeg 1536w\" sizes=\"auto, (max-width: 1600px) 100vw, 1600px\" \/><div class=\"wp-block-getwid-media-text-slider-slide-content__media-overlay\" style=\"opacity:0.3\"><\/div><\/figure><div class=\"wp-block-getwid-media-text-slider-slide-content__content\"><div class=\"wp-block-getwid-media-text-slider-slide-content__content-wrapper\">\n<h2 class=\"wp-block-heading\"><\/h2>\n\n\n\n<p><\/p>\n<\/div><\/div><\/div>\n<\/div><\/div>\n\n\n\n<div class=\"wp-block-getwid-media-text-slider-slide wp-block-getwid-media-text-slider-slide__content-wrapper slide-18\"><div class=\"wp-block-getwid-media-text-slider-slide__content\">\n<div class=\"wp-block-getwid-media-text-slider-slide-content\"><figure class=\"wp-block-getwid-media-text-slider-slide-content__media\"><img loading=\"lazy\" decoding=\"async\" width=\"2560\" height=\"1920\" src=\"https:\/\/agora.xtec.cat\/esc-leseresdecreixell\/wp-content\/uploads\/usu1046\/2025\/02\/IMG_6150-1-scaled.jpg\" alt=\"\" class=\"wp-block-getwid-media-text-slider-slide-content__image wp-image-8898\" srcset=\"https:\/\/agora.xtec.cat\/esc-leseresdecreixell\/wp-content\/uploads\/usu1046\/2025\/02\/IMG_6150-1-scaled.jpg 2560w, https:\/\/agora.xtec.cat\/esc-leseresdecreixell\/wp-content\/uploads\/usu1046\/2025\/02\/IMG_6150-1-300x225.jpg 300w, https:\/\/agora.xtec.cat\/esc-leseresdecreixell\/wp-content\/uploads\/usu1046\/2025\/02\/IMG_6150-1-1024x768.jpg 1024w, https:\/\/agora.xtec.cat\/esc-leseresdecreixell\/wp-content\/uploads\/usu1046\/2025\/02\/IMG_6150-1-768x576.jpg 768w, https:\/\/agora.xtec.cat\/esc-leseresdecreixell\/wp-content\/uploads\/usu1046\/2025\/02\/IMG_6150-1-1536x1152.jpg 1536w, https:\/\/agora.xtec.cat\/esc-leseresdecreixell\/wp-content\/uploads\/usu1046\/2025\/02\/IMG_6150-1-2048x1536.jpg 2048w, https:\/\/agora.xtec.cat\/esc-leseresdecreixell\/wp-content\/uploads\/usu1046\/2025\/02\/IMG_6150-1-200x150.jpg 200w\" sizes=\"auto, (max-width: 2560px) 100vw, 2560px\" \/><div class=\"wp-block-getwid-media-text-slider-slide-content__media-overlay\" style=\"opacity:0.3\"><\/div><\/figure><div class=\"wp-block-getwid-media-text-slider-slide-content__content\"><div class=\"wp-block-getwid-media-text-slider-slide-content__content-wrapper\">\n<h2 class=\"wp-block-heading\">L&#8217;aula de joc simb\u00f2lic<\/h2>\n\n\n\n<p>Espai per estimular el llenguatge i la comunicaci\u00f3 a trav\u00e9s del joc simb\u00f2lic i les situacions imaginatives.<\/p>\n<\/div><\/div><\/div>\n<\/div><\/div>\n\n\n\n<div class=\"wp-block-getwid-media-text-slider-slide wp-block-getwid-media-text-slider-slide__content-wrapper slide-19\"><div class=\"wp-block-getwid-media-text-slider-slide__content\">\n<div class=\"wp-block-getwid-media-text-slider-slide-content\"><figure class=\"wp-block-getwid-media-text-slider-slide-content__media\"><img loading=\"lazy\" decoding=\"async\" width=\"1600\" height=\"1200\" src=\"https:\/\/agora.xtec.cat\/esc-leseresdecreixell\/wp-content\/uploads\/usu1046\/2026\/03\/WhatsApp-Image-2026-03-05-at-14.35.33.jpeg\" alt=\"\" class=\"wp-block-getwid-media-text-slider-slide-content__image wp-image-9762\" srcset=\"https:\/\/agora.xtec.cat\/esc-leseresdecreixell\/wp-content\/uploads\/usu1046\/2026\/03\/WhatsApp-Image-2026-03-05-at-14.35.33.jpeg 1600w, https:\/\/agora.xtec.cat\/esc-leseresdecreixell\/wp-content\/uploads\/usu1046\/2026\/03\/WhatsApp-Image-2026-03-05-at-14.35.33-300x225.jpeg 300w, https:\/\/agora.xtec.cat\/esc-leseresdecreixell\/wp-content\/uploads\/usu1046\/2026\/03\/WhatsApp-Image-2026-03-05-at-14.35.33-1024x768.jpeg 1024w, https:\/\/agora.xtec.cat\/esc-leseresdecreixell\/wp-content\/uploads\/usu1046\/2026\/03\/WhatsApp-Image-2026-03-05-at-14.35.33-768x576.jpeg 768w, https:\/\/agora.xtec.cat\/esc-leseresdecreixell\/wp-content\/uploads\/usu1046\/2026\/03\/WhatsApp-Image-2026-03-05-at-14.35.33-1536x1152.jpeg 1536w\" sizes=\"auto, (max-width: 1600px) 100vw, 1600px\" \/><div class=\"wp-block-getwid-media-text-slider-slide-content__media-overlay\" style=\"opacity:0.3\"><\/div><\/figure><div class=\"wp-block-getwid-media-text-slider-slide-content__content\"><div class=\"wp-block-getwid-media-text-slider-slide-content__content-wrapper\">\n<h2 class=\"wp-block-heading\">L&#8217;aula d&#8217;art d&#8217;educaci\u00f3 infantil<\/h2>\n\n\n\n<p>Espai creatiu on els infants experimenten amb diferents t\u00e8cniques i s\u2019inspiren en grans artistes.<\/p>\n<\/div><\/div><\/div>\n<\/div><\/div>\n\n\n\n<div class=\"wp-block-getwid-media-text-slider-slide wp-block-getwid-media-text-slider-slide__content-wrapper slide-20\"><div class=\"wp-block-getwid-media-text-slider-slide__content\">\n<div class=\"wp-block-getwid-media-text-slider-slide-content\"><figure class=\"wp-block-getwid-media-text-slider-slide-content__media\"><img loading=\"lazy\" decoding=\"async\" width=\"2560\" height=\"1920\" src=\"https:\/\/agora.xtec.cat\/esc-leseresdecreixell\/wp-content\/uploads\/usu1046\/2025\/02\/IMG_6168-min-scaled.jpg\" alt=\"\" class=\"wp-block-getwid-media-text-slider-slide-content__image wp-image-8904\" srcset=\"https:\/\/agora.xtec.cat\/esc-leseresdecreixell\/wp-content\/uploads\/usu1046\/2025\/02\/IMG_6168-min-scaled.jpg 2560w, https:\/\/agora.xtec.cat\/esc-leseresdecreixell\/wp-content\/uploads\/usu1046\/2025\/02\/IMG_6168-min-300x225.jpg 300w, https:\/\/agora.xtec.cat\/esc-leseresdecreixell\/wp-content\/uploads\/usu1046\/2025\/02\/IMG_6168-min-1024x768.jpg 1024w, https:\/\/agora.xtec.cat\/esc-leseresdecreixell\/wp-content\/uploads\/usu1046\/2025\/02\/IMG_6168-min-768x576.jpg 768w, https:\/\/agora.xtec.cat\/esc-leseresdecreixell\/wp-content\/uploads\/usu1046\/2025\/02\/IMG_6168-min-1536x1152.jpg 1536w, https:\/\/agora.xtec.cat\/esc-leseresdecreixell\/wp-content\/uploads\/usu1046\/2025\/02\/IMG_6168-min-2048x1536.jpg 2048w, https:\/\/agora.xtec.cat\/esc-leseresdecreixell\/wp-content\/uploads\/usu1046\/2025\/02\/IMG_6168-min-200x150.jpg 200w\" sizes=\"auto, (max-width: 2560px) 100vw, 2560px\" \/><div class=\"wp-block-getwid-media-text-slider-slide-content__media-overlay\" style=\"opacity:0.3\"><\/div><\/figure><div class=\"wp-block-getwid-media-text-slider-slide-content__content\"><div class=\"wp-block-getwid-media-text-slider-slide-content__content-wrapper\">\n<h2 class=\"wp-block-heading\">El gimn\u00e0s<\/h2>\n\n\n\n<p>Espai per moure\u2019s, jugar i desenvolupar habilitats motrius, coordinaci\u00f3 i treball en equip.<\/p>\n<\/div><\/div><\/div>\n<\/div><\/div>\n\n\n\n<div class=\"wp-block-getwid-media-text-slider-slide wp-block-getwid-media-text-slider-slide__content-wrapper slide-21\"><div class=\"wp-block-getwid-media-text-slider-slide__content\">\n<div class=\"wp-block-getwid-media-text-slider-slide-content\"><figure class=\"wp-block-getwid-media-text-slider-slide-content__media\"><img loading=\"lazy\" decoding=\"async\" width=\"2560\" height=\"1922\" src=\"https:\/\/agora.xtec.cat\/esc-leseresdecreixell\/wp-content\/uploads\/usu1046\/2026\/02\/WhatsApp-Image-2026-02-04-at-12.45.49-1.jpeg\" alt=\"\" class=\"wp-block-getwid-media-text-slider-slide-content__image wp-image-9739\" srcset=\"https:\/\/agora.xtec.cat\/esc-leseresdecreixell\/wp-content\/uploads\/usu1046\/2026\/02\/WhatsApp-Image-2026-02-04-at-12.45.49-1.jpeg 2560w, https:\/\/agora.xtec.cat\/esc-leseresdecreixell\/wp-content\/uploads\/usu1046\/2026\/02\/WhatsApp-Image-2026-02-04-at-12.45.49-1-300x225.jpeg 300w, https:\/\/agora.xtec.cat\/esc-leseresdecreixell\/wp-content\/uploads\/usu1046\/2026\/02\/WhatsApp-Image-2026-02-04-at-12.45.49-1-1024x769.jpeg 1024w, https:\/\/agora.xtec.cat\/esc-leseresdecreixell\/wp-content\/uploads\/usu1046\/2026\/02\/WhatsApp-Image-2026-02-04-at-12.45.49-1-768x577.jpeg 768w, https:\/\/agora.xtec.cat\/esc-leseresdecreixell\/wp-content\/uploads\/usu1046\/2026\/02\/WhatsApp-Image-2026-02-04-at-12.45.49-1-1536x1153.jpeg 1536w, https:\/\/agora.xtec.cat\/esc-leseresdecreixell\/wp-content\/uploads\/usu1046\/2026\/02\/WhatsApp-Image-2026-02-04-at-12.45.49-1-2048x1538.jpeg 2048w\" sizes=\"auto, (max-width: 2560px) 100vw, 2560px\" \/><div class=\"wp-block-getwid-media-text-slider-slide-content__media-overlay\" style=\"opacity:0.3\"><\/div><\/figure><div class=\"wp-block-getwid-media-text-slider-slide-content__content\"><div class=\"wp-block-getwid-media-text-slider-slide-content__content-wrapper\">\n<h2 class=\"wp-block-heading\">Menjador amb cuina pr\u00f2pia<\/h2>\n\n\n\n<p>Espai on els infants gaudeixen de menjars saludables preparats a la nostra cuina, fomentant bons h\u00e0bits i la socialitzaci\u00f3.<\/p>\n<\/div><\/div><\/div>\n<\/div><\/div>\n\n\n\n<div class=\"wp-block-getwid-media-text-slider-slide wp-block-getwid-media-text-slider-slide__content-wrapper slide-22\"><div class=\"wp-block-getwid-media-text-slider-slide__content\">\n<div class=\"wp-block-getwid-media-text-slider-slide-content\"><figure class=\"wp-block-getwid-media-text-slider-slide-content__media\"><div class=\"wp-block-getwid-media-text-slider-slide-content__media-overlay\" style=\"opacity:0.3\"><\/div><\/figure><div class=\"wp-block-getwid-media-text-slider-slide-content__content\"><div class=\"wp-block-getwid-media-text-slider-slide-content__content-wrapper\">\n<h2 class=\"wp-block-heading\"><\/h2>\n\n\n\n<p><\/p>\n<\/div><\/div><\/div>\n<\/div><\/div>\n<\/div><\/div><\/div>\n<\/div>\n<\/div>\n\n\n\n<p>&nbsp;<\/p>\n\n\n\n<p class=\"has-text-align-center\">&nbsp;<\/p>\n\n\n\n<div class=\"wp-block-columns is-layout-flex wp-container-core-columns-is-layout-2 wp-block-columns-is-layout-flex\">\n<div class=\"wp-block-column is-layout-flow wp-block-column-is-layout-flow\" style=\"flex-basis:33.33%\">\n<figure class=\"wp-block-image aligncenter size-full\"><a href=\"https:\/\/agora.xtec.cat\/esc-leseresdecreixell\/wp-content\/uploads\/usu1046\/2026\/02\/logo-smarts-classroom.jpg\"><img loading=\"lazy\" decoding=\"async\" width=\"1000\" height=\"560\" src=\"https:\/\/agora.xtec.cat\/esc-leseresdecreixell\/wp-content\/uploads\/usu1046\/2026\/02\/logo-smarts-classroom.jpg\" alt=\"\" class=\"wp-image-9737\" srcset=\"https:\/\/agora.xtec.cat\/esc-leseresdecreixell\/wp-content\/uploads\/usu1046\/2026\/02\/logo-smarts-classroom.jpg 1000w, https:\/\/agora.xtec.cat\/esc-leseresdecreixell\/wp-content\/uploads\/usu1046\/2026\/02\/logo-smarts-classroom-300x168.jpg 300w, https:\/\/agora.xtec.cat\/esc-leseresdecreixell\/wp-content\/uploads\/usu1046\/2026\/02\/logo-smarts-classroom-768x430.jpg 768w\" sizes=\"auto, (max-width: 1000px) 100vw, 1000px\" \/><\/a><\/figure>\n<\/div>\n\n\n\n<div class=\"wp-block-column is-layout-flow wp-block-column-is-layout-flow\" style=\"flex-basis:66.66%\">\n<p>Actualment, l\u2019escola forma part del projecte <strong>Smart Classroom<\/strong>, una iniciativa orientada a transformar els espais educatius per adaptar-los a les necessitats pedag\u00f2giques actuals i millorar l\u2019experi\u00e8ncia d\u2019aprenentatge de l\u2019alumnat. Aquest projecte aposta per repensar el disseny dels espais escolars integrant la dimensi\u00f3 pedag\u00f2gica, ambiental i digital, amb l\u2019objectiu d\u2019afavorir metodologies actives, col\u00b7laboratives i centrades en l\u2019alumne.<\/p>\n\n\n\n<p>Les Smart Classroom s\u00f3n espais d\u2019aprenentatge dissenyats a partir d\u2019un proc\u00e9s de codisseny i basats en evid\u00e8ncies pedag\u00f2giques i cient\u00edfiques. Aquests entorns permeten fomentar l\u2019autonomia, la participaci\u00f3, el treball en equip i l\u2019experimentaci\u00f3, alhora que contribueixen al benestar f\u00edsic i emocional de l\u2019alumnat i del professorat. El projecte tamb\u00e9 facilita la incorporaci\u00f3 de noves tecnologies i recursos educatius que afavoreixen un aprenentatge m\u00e9s din\u00e0mic, flexible i significatiu.<\/p>\n\n\n\n<p>La participaci\u00f3 del centre en aquest projecte \u00e9s possible gr\u00e0cies al suport i finan\u00e7ament de l\u2019<strong>Ajuntament de Creixell<\/strong>, que aposta per la millora constant dels espais educatius del municipi i per oferir oportunitats d\u2019aprenentatge innovadores i de qualitat per a tots els infants.<\/p>\n<\/div>\n<\/div>\n","protected":false},"excerpt":{"rendered":"<p>&nbsp; &nbsp; Actualment, l\u2019escola forma part del projecte Smart Classroom, una iniciativa orientada a transformar els espais educatius per adaptar-los [&hellip;]<\/p>\n","protected":false},"author":1,"featured_media":0,"parent":22,"menu_order":40,"comment_status":"closed","ping_status":"closed","template":"","meta":{"_bbp_topic_count":0,"_bbp_reply_count":0,"_bbp_total_topic_count":0,"_bbp_total_reply_count":0,"_bbp_voice_count":0,"_bbp_anonymous_reply_count":0,"_bbp_topic_count_hidden":0,"_bbp_reply_count_hidden":0,"_bbp_forum_subforum_count":0,"site-sidebar-layout":"default","site-content-layout":"","ast-site-content-layout":"default","site-content-style":"default","site-sidebar-style":"default","ast-global-header-display":"","ast-banner-title-visibility":"","ast-main-header-display":"","ast-hfb-above-header-display":"","ast-hfb-below-header-display":"","ast-hfb-mobile-header-display":"","site-post-title":"","ast-breadcrumbs-content":"","ast-featured-img":"","footer-sml-layout":"","theme-transparent-header-meta":"","adv-header-id-meta":"","stick-header-meta":"","header-above-stick-meta":"","header-main-stick-meta":"","header-below-stick-meta":"","astra-migrate-meta-layouts":"set","ast-page-background-enabled":"default","ast-page-background-meta":{"desktop":{"background-color":"var(--ast-global-color-4)","background-image":"","background-repeat":"repeat","background-position":"center center","background-size":"auto","background-attachment":"scroll","background-type":"","background-media":"","overlay-type":"","overlay-color":"","overlay-opacity":"","overlay-gradient":""},"tablet":{"background-color":"","background-image":"","background-repeat":"repeat","background-position":"center center","background-size":"auto","background-attachment":"scroll","background-type":"","background-media":"","overlay-type":"","overlay-color":"","overlay-opacity":"","overlay-gradient":""},"mobile":{"background-color":"","background-image":"","background-repeat":"repeat","background-position":"center center","background-size":"auto","background-attachment":"scroll","background-type":"","background-media":"","overlay-type":"","overlay-color":"","overlay-opacity":"","overlay-gradient":""}},"ast-content-background-meta":{"desktop":{"background-color":"var(--ast-global-color-5)","background-image":"","background-repeat":"repeat","background-position":"center center","background-size":"auto","background-attachment":"scroll","background-type":"","background-media":"","overlay-type":"","overlay-color":"","overlay-opacity":"","overlay-gradient":""},"tablet":{"background-color":"var(--ast-global-color-5)","background-image":"","background-repeat":"repeat","background-position":"center center","background-size":"auto","background-attachment":"scroll","background-type":"","background-media":"","overlay-type":"","overlay-color":"","overlay-opacity":"","overlay-gradient":""},"mobile":{"background-color":"var(--ast-global-color-5)","background-image":"","background-repeat":"repeat","background-position":"center center","background-size":"auto","background-attachment":"scroll","background-type":"","background-media":"","overlay-type":"","overlay-color":"","overlay-opacity":"","overlay-gradient":""}},"footnotes":""},"class_list":["post-30","page","type-page","status-publish","hentry"],"post_mailing_queue_ids":[],"_links":{"self":[{"href":"https:\/\/agora.xtec.cat\/esc-leseresdecreixell\/wp-json\/wp\/v2\/pages\/30","targetHints":{"allow":["GET"]}}],"collection":[{"href":"https:\/\/agora.xtec.cat\/esc-leseresdecreixell\/wp-json\/wp\/v2\/pages"}],"about":[{"href":"https:\/\/agora.xtec.cat\/esc-leseresdecreixell\/wp-json\/wp\/v2\/types\/page"}],"author":[{"embeddable":true,"href":"https:\/\/agora.xtec.cat\/esc-leseresdecreixell\/wp-json\/wp\/v2\/users\/1"}],"replies":[{"embeddable":true,"href":"https:\/\/agora.xtec.cat\/esc-leseresdecreixell\/wp-json\/wp\/v2\/comments?post=30"}],"version-history":[{"count":6,"href":"https:\/\/agora.xtec.cat\/esc-leseresdecreixell\/wp-json\/wp\/v2\/pages\/30\/revisions"}],"predecessor-version":[{"id":9765,"href":"https:\/\/agora.xtec.cat\/esc-leseresdecreixell\/wp-json\/wp\/v2\/pages\/30\/revisions\/9765"}],"up":[{"embeddable":true,"href":"https:\/\/agora.xtec.cat\/esc-leseresdecreixell\/wp-json\/wp\/v2\/pages\/22"}],"wp:attachment":[{"href":"https:\/\/agora.xtec.cat\/esc-leseresdecreixell\/wp-json\/wp\/v2\/media?parent=30"}],"curies":[{"name":"wp","href":"https:\/\/api.w.org\/{rel}","templated":true}]}}