{"id":1028,"date":"2023-05-18T19:31:35","date_gmt":"2023-05-18T17:31:35","guid":{"rendered":"https:\/\/agora.xtec.cat\/esc-laplana\/?page_id=1028"},"modified":"2024-07-15T11:58:05","modified_gmt":"2024-07-15T09:58:05","slug":"pmoe-proa","status":"publish","type":"page","link":"https:\/\/agora.xtec.cat\/esc-laplana\/pmoe-proa\/","title":{"rendered":"PMOE PROA+"},"content":{"rendered":"<div class=\"traductor-textarea form-group\">\n<div class=\"textarea-desti col-xs-12 col-sm-6\">\n<div class=\"form-control second-textarea\" style=\"text-align: left;\">\n<p>Aquest curs l&#8217;alumnat de tota l&#8217;escola va gaudir d&#8217;una meravellosa excursi\u00f3 a Barcelona. La jornada va comen\u00e7ar amb una visita al Museu d&#8217;Art Contemporani de Barcelona (MACBA), on van explorar fascinants exposicions i van aprendre sobre l&#8217;art contemporani de la m\u00e0 d&#8217;experts guies.<\/p>\n<p>Despr\u00e9s, ens vam dirigir al Parc de la Ciutadella per a esplaiar-nos d&#8217;un relaxant dinar a l&#8217;aire lliure. Els alumnes i les alumnes van passejar pels seus bells jardins, van gaudir del llac i van compartir un temps d&#8217;oci en plena naturalesa.<\/p>\n<p>Aquesta combinaci\u00f3 d&#8217;art i naturalesa va fer de l&#8217;excursi\u00f3 una experi\u00e8ncia enriquidora i memorable per a tots. Esperem amb entusiasme la nostra pr\u00f2xima aventura educativa!<\/p>\n<p><strong>El transport de la sortida va ser subvencionat amb el PROA+.<\/strong><\/p>\n<\/div>\n<\/div>\n<\/div>\n<div><\/div>\n<div style=\"text-align: center;\"><\/div>\n<div><\/div>\n<div class=\"traductor-checkbox form-group\">\n<div class=\"row\">\n<div class=\"col-sm-offset-2 col-sm-5\" style=\"text-align: left;\"><span id=\"traductor-neteja\" class=\"icon-inline\" data-trigger=\"manual\" data-placement=\"right\"><i class=\"fa fa-eraser\" aria-hidden=\"true\"><\/i> <img loading=\"lazy\" decoding=\"async\" class=\"alignleft wp-image-1806\" src=\"https:\/\/agora.xtec.cat\/esc-laplana\/wp-content\/uploads\/usu2664\/2024\/05\/20240522_151340-2-1024x768.jpg\" alt=\"\" width=\"568\" height=\"426\" srcset=\"https:\/\/agora.xtec.cat\/esc-laplana\/wp-content\/uploads\/usu2664\/2024\/05\/20240522_151340-2-1024x768.jpg 1024w, https:\/\/agora.xtec.cat\/esc-laplana\/wp-content\/uploads\/usu2664\/2024\/05\/20240522_151340-2-300x225.jpg 300w, https:\/\/agora.xtec.cat\/esc-laplana\/wp-content\/uploads\/usu2664\/2024\/05\/20240522_151340-2-768x576.jpg 768w, https:\/\/agora.xtec.cat\/esc-laplana\/wp-content\/uploads\/usu2664\/2024\/05\/20240522_151340-2-1536x1152.jpg 1536w, https:\/\/agora.xtec.cat\/esc-laplana\/wp-content\/uploads\/usu2664\/2024\/05\/20240522_151340-2-2048x1536.jpg 2048w, https:\/\/agora.xtec.cat\/esc-laplana\/wp-content\/uploads\/usu2664\/2024\/05\/20240522_151340-2-200x150.jpg 200w\" sizes=\"auto, (max-width: 568px) 100vw, 568px\" \/><\/span><span id=\"copy-text\" class=\"icon-inline\" data-trigger=\"manual\" data-placement=\"right\"><\/span><\/div>\n<\/div>\n<\/div>\n<p><img decoding=\"async\" src=\"https:\/\/agora.xtec.cat\/esc-laplana\/wp-content\/uploads\/usu2664\/2024\/02\/Logos-Proa.jpg\" \/><\/p>\n<p>&nbsp;<\/p>\n<p>Ja fa uns dies, tot l&#8217;alumnat de l&#8217;escola va poder anar a Reus per visitar la Casa Nav\u00e0s i el Centre Gaud\u00ed. Els\/les m\u00e9s petits\/es de l&#8217;escola es van posar a la pell d&#8217;un jardiner i els seus ajudants per descobrir totes les flors que amaga la fabulosa casa Nav\u00e0s d&#8217;estil modernista. Va ser una visita guiada molt especial i amb moltes sorpreses.<\/p>\n<p>L&#8217;alumnat de Cicle Mitj\u00e0 i de Cicle Superior va realitzar una visita guiada per Reus i despr\u00e9s va fer una activitat al Gaud\u00ed Centre on van descobrir m\u00e9s coses sobre Gaud\u00ed i sobre el modernisme.<\/p>\n<p>Aquesta sortida ha estat subvencionada per la dotaci\u00f3 econ\u00f2mica PROA+.<\/p>\n<p><img loading=\"lazy\" decoding=\"async\" class=\"alignnone size-large wp-image-1714\" src=\"https:\/\/agora.xtec.cat\/esc-laplana\/wp-content\/uploads\/usu2664\/2024\/04\/SORTIDA-A-REUS-DESCOBRIM-EL-MODERNISME-724x1024.jpg\" alt=\"\" width=\"724\" height=\"1024\" srcset=\"https:\/\/agora.xtec.cat\/esc-laplana\/wp-content\/uploads\/usu2664\/2024\/04\/SORTIDA-A-REUS-DESCOBRIM-EL-MODERNISME-724x1024.jpg 724w, https:\/\/agora.xtec.cat\/esc-laplana\/wp-content\/uploads\/usu2664\/2024\/04\/SORTIDA-A-REUS-DESCOBRIM-EL-MODERNISME-212x300.jpg 212w, https:\/\/agora.xtec.cat\/esc-laplana\/wp-content\/uploads\/usu2664\/2024\/04\/SORTIDA-A-REUS-DESCOBRIM-EL-MODERNISME-768x1086.jpg 768w, https:\/\/agora.xtec.cat\/esc-laplana\/wp-content\/uploads\/usu2664\/2024\/04\/SORTIDA-A-REUS-DESCOBRIM-EL-MODERNISME-1086x1536.jpg 1086w, https:\/\/agora.xtec.cat\/esc-laplana\/wp-content\/uploads\/usu2664\/2024\/04\/SORTIDA-A-REUS-DESCOBRIM-EL-MODERNISME.jpg 1414w\" sizes=\"auto, (max-width: 724px) 100vw, 724px\" \/><\/p>\n<p><a href=\"https:\/\/drive.google.com\/file\/d\/1uWhgYmtxAzVe5FUfuyFlXyUg_O_UwoTo\/view?usp=drive_link\"><img decoding=\"async\" src=\"https:\/\/agora.xtec.cat\/esc-laplana\/wp-content\/uploads\/usu2664\/2024\/02\/Logos-Proa.jpg\" \/><\/a><\/p>\n<p><a href=\"https:\/\/drive.google.com\/drive\/folders\/1RKG0blSFPJvty-NpQLBQOTNbqikGax34?usp=share_link\"><img loading=\"lazy\" decoding=\"async\" class=\"wp-image-1577 alignleft\" src=\"https:\/\/agora.xtec.cat\/esc-laplana\/wp-content\/uploads\/usu2664\/2024\/02\/rubric-768x1024.jpg\" alt=\"\" width=\"142\" height=\"190\" srcset=\"https:\/\/agora.xtec.cat\/esc-laplana\/wp-content\/uploads\/usu2664\/2024\/02\/rubric-768x1024.jpg 768w, https:\/\/agora.xtec.cat\/esc-laplana\/wp-content\/uploads\/usu2664\/2024\/02\/rubric-225x300.jpg 225w, https:\/\/agora.xtec.cat\/esc-laplana\/wp-content\/uploads\/usu2664\/2024\/02\/rubric-1152x1536.jpg 1152w, https:\/\/agora.xtec.cat\/esc-laplana\/wp-content\/uploads\/usu2664\/2024\/02\/rubric-1536x2048.jpg 1536w, https:\/\/agora.xtec.cat\/esc-laplana\/wp-content\/uploads\/usu2664\/2024\/02\/rubric-scaled.jpg 1920w\" sizes=\"auto, (max-width: 142px) 100vw, 142px\" \/><\/a><\/p>\n<p>&nbsp;<\/p>\n<p>&nbsp;<\/p>\n<p>&nbsp;<\/p>\n<p>&nbsp;<\/p>\n<p>&nbsp;<\/p>\n<p>El passat dia <strong>24 de gener<\/strong>, els alumnes d&#8217;<strong>I3, I4 i I5<\/strong> van poder realizar el taller<strong> &#8220;Rubikids&#8221;<\/strong>, activitat inclosa en el PEE de Vila-seca i a trav\u00e9s de la subvenci\u00f3 PMOE-PROA+.<\/p>\n<p>Aquest taller tenia la finalitat de treballar continguts matem\u00e0tics a trav\u00e9s del joc de manera competencial, potenciant la curiositat als infants, el raonament l\u00f2gic, aix\u00ed com la mem\u00f2ria i la orientaci\u00f3 espacial.<\/p>\n<p>Va ser una experi\u00e8ncia molt positiva i enriquidora per l&#8217;alumnat.<\/p>\n<p><strong>Si voleu veure m\u00e9s imatges cliqueu a la imatge<\/strong><strong style=\"font-family: inherit; font-size: 1em;\"> d&#8217;aqu\u00ed al costat.<img loading=\"lazy\" decoding=\"async\" class=\"alignnone size-full wp-image-1590\" src=\"https:\/\/agora.xtec.cat\/esc-laplana\/wp-content\/uploads\/usu2664\/2024\/02\/Logos-Proa.jpg\" alt=\"\" width=\"800\" height=\"106\" srcset=\"https:\/\/agora.xtec.cat\/esc-laplana\/wp-content\/uploads\/usu2664\/2024\/02\/Logos-Proa.jpg 800w, https:\/\/agora.xtec.cat\/esc-laplana\/wp-content\/uploads\/usu2664\/2024\/02\/Logos-Proa-300x40.jpg 300w, https:\/\/agora.xtec.cat\/esc-laplana\/wp-content\/uploads\/usu2664\/2024\/02\/Logos-Proa-768x102.jpg 768w\" sizes=\"auto, (max-width: 800px) 100vw, 800px\" \/><\/strong><\/p>\n<p><em><strong>ENQUESTES DE SATISFACCI\u00d3<\/strong><\/em><\/p>\n<p>Per poder escoltar la veu dels\/les alumnes de l&#8217;escola i poder con\u00e8ixer el <strong>grau de satisfacci\u00f3 i d&#8217;impacte de les actuacions<\/strong> realitzades amb la subvenci\u00f3 <strong>PMOE PROA+<\/strong>, els nens i nenes contestaran les enquestes corresponents a cada una de les activitats palanca proposades.<\/p>\n<p>Som-hi!<\/p>\n<ul>\n<li>MNAT I AMFITEATRE ROM\u00c0 DE TARRAGONA <em>(CLICA A SOBRE DE LA FOTOGRAFIA)<\/em><\/li>\n<\/ul>\n<p><a href=\"https:\/\/forms.gle\/uJYkSg5hyuR9eo2n8\"><img loading=\"lazy\" decoding=\"async\" class=\"alignnone wp-image-1041\" src=\"https:\/\/agora.xtec.cat\/esc-laplana\/wp-content\/uploads\/usu2664\/2023\/05\/IMG-20230323-WA0007-1024x473.jpg\" alt=\"\" width=\"372\" height=\"172\" srcset=\"https:\/\/agora.xtec.cat\/esc-laplana\/wp-content\/uploads\/usu2664\/2023\/05\/IMG-20230323-WA0007-1024x473.jpg 1024w, https:\/\/agora.xtec.cat\/esc-laplana\/wp-content\/uploads\/usu2664\/2023\/05\/IMG-20230323-WA0007-300x138.jpg 300w, https:\/\/agora.xtec.cat\/esc-laplana\/wp-content\/uploads\/usu2664\/2023\/05\/IMG-20230323-WA0007-768x354.jpg 768w, https:\/\/agora.xtec.cat\/esc-laplana\/wp-content\/uploads\/usu2664\/2023\/05\/IMG-20230323-WA0007.jpg 1404w\" sizes=\"auto, (max-width: 372px) 100vw, 372px\" \/><\/a><\/p>\n<ul>\n<li>VIL\u00b7LA DELS MUNTS D&#8217;ALTAFULLA <em>(CLICA A SOBRE DE LA FOTOGRAFIA)<\/em><\/li>\n<\/ul>\n<p><a href=\"https:\/\/forms.gle\/S7CwMJq61mMTCfVH7\"><img loading=\"lazy\" decoding=\"async\" class=\"alignnone wp-image-1103\" src=\"https:\/\/agora.xtec.cat\/esc-laplana\/wp-content\/uploads\/usu2664\/2023\/06\/Captura-1-1024x618.jpg\" alt=\"\" width=\"370\" height=\"223\" srcset=\"https:\/\/agora.xtec.cat\/esc-laplana\/wp-content\/uploads\/usu2664\/2023\/06\/Captura-1-1024x618.jpg 1024w, https:\/\/agora.xtec.cat\/esc-laplana\/wp-content\/uploads\/usu2664\/2023\/06\/Captura-1-300x181.jpg 300w, https:\/\/agora.xtec.cat\/esc-laplana\/wp-content\/uploads\/usu2664\/2023\/06\/Captura-1-768x463.jpg 768w, https:\/\/agora.xtec.cat\/esc-laplana\/wp-content\/uploads\/usu2664\/2023\/06\/Captura-1.jpg 1031w\" sizes=\"auto, (max-width: 370px) 100vw, 370px\" \/><\/a><\/p>\n<ul>\n<li>TALLERS DE CI\u00c8NCIA DEL MNATEC <em>(CLICA A SOBRE DE LA FOTOGRAFIA)<\/em><\/li>\n<\/ul>\n<p><a href=\"https:\/\/forms.gle\/igLpbUMWs2nM6N3B6\"><img loading=\"lazy\" decoding=\"async\" class=\"alignnone wp-image-1108\" src=\"https:\/\/agora.xtec.cat\/esc-laplana\/wp-content\/uploads\/usu2664\/2023\/06\/Captura-3.jpg\" alt=\"\" width=\"371\" height=\"253\" srcset=\"https:\/\/agora.xtec.cat\/esc-laplana\/wp-content\/uploads\/usu2664\/2023\/06\/Captura-3.jpg 556w, https:\/\/agora.xtec.cat\/esc-laplana\/wp-content\/uploads\/usu2664\/2023\/06\/Captura-3-300x204.jpg 300w\" sizes=\"auto, (max-width: 371px) 100vw, 371px\" \/><\/a><\/p>\n<ul>\n<li>NOVES PROPOSTES DE PATI <em>(CLICA A SOBRE DE LA FOTOGRAFIA)<\/em><\/li>\n<\/ul>\n<p><a href=\"https:\/\/forms.gle\/zvCmCJMRcxwKdTGB8\"><img loading=\"lazy\" decoding=\"async\" class=\"alignnone wp-image-1109\" src=\"https:\/\/agora.xtec.cat\/esc-laplana\/wp-content\/uploads\/usu2664\/2023\/06\/Captura-4.jpg\" alt=\"\" width=\"238\" height=\"315\" srcset=\"https:\/\/agora.xtec.cat\/esc-laplana\/wp-content\/uploads\/usu2664\/2023\/06\/Captura-4.jpg 491w, https:\/\/agora.xtec.cat\/esc-laplana\/wp-content\/uploads\/usu2664\/2023\/06\/Captura-4-227x300.jpg 227w\" sizes=\"auto, (max-width: 238px) 100vw, 238px\" \/><\/a><\/p>\n<p><em><strong>DINAMITZEM ELS NOSTRES PATIS!<\/strong><\/em><\/p>\n<p>Ja van arribant els materials i els productes que hem pogut adquirir gr\u00e0cies a la subvenci\u00f3 del <strong>PMOE PROA+<\/strong>. Aquests nous espais van ser escollits per l&#8217;alumnat de l&#8217;escola a les Assemblees Generals d&#8217;alumnes\/as que fem de manera trimestral i als Consells de Delegats\/des i subdelegats\/des.<\/p>\n<p>La idea \u00e9s que els nens i les nenes puguin gaudir d&#8217;un pati on hi trobin alternatives a la pilota i al futbol que sempre ha estat molt present al centre de la pista. Un rac\u00f3 amb gespa i llibres, el &#8220;Bibliopati&#8221;, pissarres on poder dibuixar, una cuineta de fusta, rodes i joguines noves, capses per guardar les carmanyoles, les taules de p\u00edcnic que tant d&#8217;\u00e8xit han tingut&#8230;qu\u00e8 ser\u00e0 el proper que rebrem?<\/p>\n<div style=\"position: relative; width: 100%; height: 0; padding-top: 80.0000%; padding-bottom: 0; box-shadow: 0 2px 8px 0 rgba(63,69,81,0.16); margin-top: 1.6em; margin-bottom: 0.9em; overflow: hidden; border-radius: 8px; will-change: transform;\"><iframe style=\"position: absolute; width: 100%; height: 100%; top: 0; left: 0; border: none; padding: 0; margin: 0;\" src=\"https:\/\/www.canva.com\/design\/DAFjGw7gsGQ\/view?embed\" allowfullscreen=\"allowfullscreen\"><br \/>\n<\/iframe><\/div>\n<p>&nbsp;<\/p>\n<p><em><strong>SORTIDA AL MUSEU ARQUEOL\u00d2GIC DE TARRAGONA.<\/strong><\/em><\/p>\n<p>Voleu veure com ens ho vam passar al <strong>MNAT<\/strong>? Ja sabeu que estem treballant conjuntament amb el Museu Nacional Arqueol\u00f2gic de Tarragona i ens van convidar a realitzar uns tallers sobre Cuina Romana. Moltes gr\u00e0cies per aquesta oportunitat!<\/p>\n<p>El transport ha estat subvencionat per <strong>PMOE PROA+<\/strong>.<\/p>\n<p><iframe loading=\"lazy\" src=\"https:\/\/drive.google.com\/file\/d\/16hbs9_xsed2AcDZGfqwO3eL-UQQ45dtG\/preview\" width=\"640\" height=\"480\"><\/iframe><\/p>\n","protected":false},"excerpt":{"rendered":"<p>Aquest curs l&#8217;alumnat de tota l&#8217;escola va gaudir d&#8217;una meravellosa excursi\u00f3 a Barcelona. La jornada va comen\u00e7ar amb una visita al Museu d&#8217;Art Contemporani de Barcelona (MACBA), on van explorar fascinants exposicions i van aprendre sobre l&#8217;art contemporani de la m\u00e0 d&#8217;experts guies.<br \/>\nDespr\u00e9s, ens vam&hellip;  <a href=\"https:\/\/agora.xtec.cat\/esc-laplana\/pmoe-proa\/\" title=\"Read PMOE PROA+\">Llegeix m\u00e9s\u00bb<\/a><\/p>\n","protected":false},"author":1,"featured_media":0,"parent":0,"menu_order":0,"comment_status":"closed","ping_status":"closed","template":"","meta":{"_bbp_topic_count":0,"_bbp_reply_count":0,"_bbp_total_topic_count":0,"_bbp_total_reply_count":0,"_bbp_voice_count":0,"_bbp_anonymous_reply_count":0,"_bbp_topic_count_hidden":0,"_bbp_reply_count_hidden":0,"_bbp_forum_subforum_count":0,"footnotes":""},"class_list":["post-1028","page","type-page","status-publish","hentry"],"post_mailing_queue_ids":[],"_links":{"self":[{"href":"https:\/\/agora.xtec.cat\/esc-laplana\/wp-json\/wp\/v2\/pages\/1028","targetHints":{"allow":["GET"]}}],"collection":[{"href":"https:\/\/agora.xtec.cat\/esc-laplana\/wp-json\/wp\/v2\/pages"}],"about":[{"href":"https:\/\/agora.xtec.cat\/esc-laplana\/wp-json\/wp\/v2\/types\/page"}],"author":[{"embeddable":true,"href":"https:\/\/agora.xtec.cat\/esc-laplana\/wp-json\/wp\/v2\/users\/1"}],"replies":[{"embeddable":true,"href":"https:\/\/agora.xtec.cat\/esc-laplana\/wp-json\/wp\/v2\/comments?post=1028"}],"version-history":[{"count":6,"href":"https:\/\/agora.xtec.cat\/esc-laplana\/wp-json\/wp\/v2\/pages\/1028\/revisions"}],"predecessor-version":[{"id":1931,"href":"https:\/\/agora.xtec.cat\/esc-laplana\/wp-json\/wp\/v2\/pages\/1028\/revisions\/1931"}],"wp:attachment":[{"href":"https:\/\/agora.xtec.cat\/esc-laplana\/wp-json\/wp\/v2\/media?parent=1028"}],"curies":[{"name":"wp","href":"https:\/\/api.w.org\/{rel}","templated":true}]}}