{"id":761,"date":"2017-11-29T16:23:53","date_gmt":"2017-11-29T15:23:53","guid":{"rendered":"http:\/\/agora.xtec.cat\/esc-laginesta-segurdecalafell\/?page_id=761"},"modified":"2026-01-21T11:51:11","modified_gmt":"2026-01-21T10:51:11","slug":"qui-som","status":"publish","type":"page","link":"https:\/\/agora.xtec.cat\/esc-laginesta-segurdecalafell\/pagines-dinici\/qui-som\/","title":{"rendered":"QUI SOM? Equip hum\u00e0 que forma part de la Ginesta."},"content":{"rendered":"\n<p class=\"has-text-align-center has-medium-font-size\">Mou el cursor, fes click i descobreix les i els mestres <\/p>\n\n\n\n<figure class=\"wp-block-embed alignfull is-type-wp-embed is-provider-genially wp-block-embed-genially\"><div class=\"wp-block-embed__wrapper\">\n<iframe class=\"wp-embedded-content\" sandbox=\"allow-scripts\" security=\"restricted\" title=\"EQUIP HUM\u00c0\" frameborder='0' width='1200' height='675' src='https:\/\/view.genially.com\/690869f68532166686bb571f#?secret=lyLuKgTBHf' data-secret='lyLuKgTBHf' scrolling='yes'><\/iframe>\n<\/div><\/figure>\n\n\n\n<!--nextpage-->\n\n\n\n<h3 class=\"wp-block-heading\">La nostra escola t\u00e9 la seg\u00fcent finalitat:<\/h3>\n\n\n\n<ul class=\"wp-block-list\">\n<li>Som una comunitat diversa, fruit del seu temps i que es mou amb la mirada atenta als reptes en formaci\u00f3 integral i educaci\u00f3 que el m\u00f3n i especialment el nostre entorn- ens presenta, donant-hi i actualitzant les respostes a aquestes reptes en un proc\u00e9s de mirar-decidir- actuar-revisar- aprendre-mirar&#8230;<\/li>\n\n\n\n<li>Som un centre viu, comprom\u00e8s i receptiu, que acull a persones que v\u00e9nen d\u2019altres indrets i que ens mostrem tal i com som \u2013amb la nostra llengua i la nostra cultura- i ens obrim tot descobrint la diversitat del nostre m\u00f3n, amb un model educatiu flexible per fer front a aquesta diversitat.<\/li>\n\n\n\n<li>Som un centre amb un comprom\u00eds educatiu ferm en qu\u00e8 pretenem formar persones respectuoses, amb ganes d\u2019aprendre i col\u00b7laborar i capacitades per assumir els reptes acad\u00e8mics i professionals del dia de dem\u00e0.<\/li>\n\n\n\n<li>Som un centre que promou la formaci\u00f3 integral de l\u2019alumnat i on es potencien les qualitats humanes dels alumnes.<\/li>\n\n\n\n<li>Som un centre en qu\u00e8 cultivem la confian\u00e7a (confian\u00e7a en el m\u00e9s genu\u00ed de cadasc\u00fa, confian\u00e7a en la transcend\u00e8ncia de les petites coses, confian\u00e7a en qu\u00e8 l\u2019entusiasme s\u2019encomana, confian\u00e7a en qu\u00e8 \u2013entre tots- anem trobant noves maneres d\u2019accedir al coneixement, confian\u00e7a en qu\u00e8 aquest coneixement est\u00e0 disponible per a tothom&#8230;). Aquesta confian\u00e7a tamb\u00e9 s\u2019alimenta d\u2019una agosarada actitud de donar-nos cont\u00ednuament<br>oportunitats.<\/li>\n\n\n\n<li>Som un centre on tothom hi t\u00e9 veu i hi \u00e9s representat i on valorem la participaci\u00f3 de tota la comunitat educativa en el repte com\u00fa de formar i educar persones.<\/li>\n\n\n\n<li>Som un centre que creix, que apr\u00e8n cada dia gr\u00e0cies a la riquesa que li aporta la comunitat educativa que el forma i que t\u00e9 el coratge necessari per anar revisant i mirant all\u00f2 que fem com a proc\u00e9s madur que busca en tot moment millorar la tasca educativa que t\u00e9 encomanada. I tamb\u00e9 com una necessitat, perqu\u00e8 sabem que l\u2019escola, la nostra escola, pot ser tamb\u00e9 per qu\u00e8 no?- un marc de transformaci\u00f3 social.<\/li>\n<\/ul>\n\n\n\n<h3 class=\"wp-block-heading\"><strong>La nostra perspectiva humana:<\/strong><\/h3>\n\n\n\n<p>Volem un centre en qu\u00e8 els i les alumnes en sortir siguin:<\/p>\n\n\n\n<ul class=\"wp-block-list\">\n<li>ciutadans respectuosos amb l\u2019entorn social i hum\u00e0<br>&#8230; i, per tant, la nostra comunitat educativa haur\u00e0 d\u2019esfor\u00e7ar-se amb l\u2019exemple donant el millor de si mateixa, creant un clima de treball positiu i engrescador per a tothom.<\/li>\n\n\n\n<li>ciutadans que s\u00e0piguen treballar i desenvolupar-se en un entorn adult<br>&#8230; i, per tant, la nostra comunitat educativa, juntament amb la corresponsabilitat amb els pares, fomentar\u00e0 un clima positiu i agradable de treball, on tots i cadascun de nosaltres ens sentim inclosos, a gust i on sabem que tots som escoltats.<\/li>\n\n\n\n<li>Ciutadans decidits i valents, que s\u00e0piguen donar ra\u00f3 d\u2019all\u00f2 que volen<\/li>\n<\/ul>\n\n\n\n<p>&#8230; i, per tant, aprendrem junts a tenir un esperit cr\u00edtic, formar-nos opinions escoltant les opinions dels altres i valorant el goig de la llibertat i l\u2019opci\u00f3 de prendre la decisi\u00f3 m\u00e9s adequada a cada moment.<\/p>\n\n\n\n<ul class=\"wp-block-list\">\n<li>Ciutadans conscients de la seva realitat i que amb una mirada oberta cap al futur caminin amb il\u00b7lusi\u00f3<br>&#8230; i, per tant, la nostra comunitat educativa haur\u00e0 d\u2019assumir amb valentia la part del cam\u00ed que li pertoqui.<\/li>\n\n\n\n<li>Ciutadans que continu\u00efn construint una societat m\u00e9s justa<br>&#8230; i, per tant, la nostra comunitat educativa haur\u00e0 d\u2019intentar esdevenir un camp d\u2019aprenentatge.<\/li>\n\n\n\n<li>Ciutadans amb ganes de millorar i aprendre<br>&#8230; i, per tant, aprendrem a gaudir del propi proc\u00e9s d\u2019aprenentatge i el goig d\u2019anar millorant en el dia a dia, valorant els errors com a noves oportunitats per fer-ho cada dia una mica millor.<\/li>\n\n\n\n<li>Ciutadans que contribueixin a un m\u00f3n m\u00e9s pac\u00edfic<br>&#8230; i, per tant, la nostra comunitat educativa mirar\u00e0 amb valentia les pr\u00f2pies petites viol\u00e8ncies.<br><br><h3>Els nostres valors:<\/h3><br><\/li>\n\n\n\n<li>Respecte i toler\u00e0ncia cap a tot tipus de diversitat fruit del pluralisme de la nostra societat multicultural i din\u00e0mica.<\/li>\n\n\n\n<li>H\u00e0bit de conviv\u00e8ncia en un clima de di\u00e0leg i entesa.<\/li>\n\n\n\n<li>Valoraci\u00f3 i reconeixement de l\u2019esfor\u00e7 i la const\u00e0ncia davant els reptes del dia a dia en un proc\u00e9s d\u2019autosuperaci\u00f3.<\/li>\n\n\n\n<li>Cooperaci\u00f3 i solidaritat.<\/li>\n\n\n\n<li>Prendre consci\u00e8ncia dels propis actes i de la import\u00e0ncia que tenen per a un mateix i per als altres.<\/li>\n\n\n\n<li>Fomentar l\u2019esperit cr\u00edtic per formar-se criteris propis i poder prendre decisions serenes, lliures i madures en els reptes quotidians i del futur.<\/li>\n<\/ul>\n","protected":false},"excerpt":{"rendered":"<p>Mou el cursor, fes click i descobreix les i els mestres<\/p>\n","protected":false},"author":1,"featured_media":0,"parent":7,"menu_order":0,"comment_status":"closed","ping_status":"closed","template":"page-templates\/side-menu.php","meta":{"_bbp_topic_count":0,"_bbp_reply_count":0,"_bbp_total_topic_count":0,"_bbp_total_reply_count":0,"_bbp_voice_count":0,"_bbp_anonymous_reply_count":0,"_bbp_topic_count_hidden":0,"_bbp_reply_count_hidden":0,"_bbp_forum_subforum_count":0,"site-sidebar-layout":"default","site-content-layout":"","ast-site-content-layout":"default","site-content-style":"default","site-sidebar-style":"default","ast-global-header-display":"","ast-banner-title-visibility":"","ast-main-header-display":"","ast-hfb-above-header-display":"","ast-hfb-below-header-display":"","ast-hfb-mobile-header-display":"","site-post-title":"","ast-breadcrumbs-content":"","ast-featured-img":"","footer-sml-layout":"","theme-transparent-header-meta":"","adv-header-id-meta":"","stick-header-meta":"","header-above-stick-meta":"","header-main-stick-meta":"","header-below-stick-meta":"","astra-migrate-meta-layouts":"set","ast-page-background-enabled":"default","ast-page-background-meta":{"desktop":{"background-color":"var(--ast-global-color-5)","background-image":"","background-repeat":"repeat","background-position":"center center","background-size":"auto","background-attachment":"scroll","background-type":"","background-media":"","overlay-type":"","overlay-color":"","overlay-opacity":"","overlay-gradient":""},"tablet":{"background-color":"","background-image":"","background-repeat":"repeat","background-position":"center center","background-size":"auto","background-attachment":"scroll","background-type":"","background-media":"","overlay-type":"","overlay-color":"","overlay-opacity":"","overlay-gradient":""},"mobile":{"background-color":"","background-image":"","background-repeat":"repeat","background-position":"center center","background-size":"auto","background-attachment":"scroll","background-type":"","background-media":"","overlay-type":"","overlay-color":"","overlay-opacity":"","overlay-gradient":""}},"ast-content-background-meta":{"desktop":{"background-color":"var(--ast-global-color-4)","background-image":"","background-repeat":"repeat","background-position":"center center","background-size":"auto","background-attachment":"scroll","background-type":"","background-media":"","overlay-type":"","overlay-color":"","overlay-opacity":"","overlay-gradient":""},"tablet":{"background-color":"var(--ast-global-color-4)","background-image":"","background-repeat":"repeat","background-position":"center center","background-size":"auto","background-attachment":"scroll","background-type":"","background-media":"","overlay-type":"","overlay-color":"","overlay-opacity":"","overlay-gradient":""},"mobile":{"background-color":"var(--ast-global-color-4)","background-image":"","background-repeat":"repeat","background-position":"center center","background-size":"auto","background-attachment":"scroll","background-type":"","background-media":"","overlay-type":"","overlay-color":"","overlay-opacity":"","overlay-gradient":""}},"footnotes":""},"class_list":["post-761","page","type-page","status-publish","hentry"],"post_mailing_queue_ids":[],"_links":{"self":[{"href":"https:\/\/agora.xtec.cat\/esc-laginesta-segurdecalafell\/wp-json\/wp\/v2\/pages\/761","targetHints":{"allow":["GET"]}}],"collection":[{"href":"https:\/\/agora.xtec.cat\/esc-laginesta-segurdecalafell\/wp-json\/wp\/v2\/pages"}],"about":[{"href":"https:\/\/agora.xtec.cat\/esc-laginesta-segurdecalafell\/wp-json\/wp\/v2\/types\/page"}],"author":[{"embeddable":true,"href":"https:\/\/agora.xtec.cat\/esc-laginesta-segurdecalafell\/wp-json\/wp\/v2\/users\/1"}],"replies":[{"embeddable":true,"href":"https:\/\/agora.xtec.cat\/esc-laginesta-segurdecalafell\/wp-json\/wp\/v2\/comments?post=761"}],"version-history":[{"count":6,"href":"https:\/\/agora.xtec.cat\/esc-laginesta-segurdecalafell\/wp-json\/wp\/v2\/pages\/761\/revisions"}],"predecessor-version":[{"id":3551,"href":"https:\/\/agora.xtec.cat\/esc-laginesta-segurdecalafell\/wp-json\/wp\/v2\/pages\/761\/revisions\/3551"}],"up":[{"embeddable":true,"href":"https:\/\/agora.xtec.cat\/esc-laginesta-segurdecalafell\/wp-json\/wp\/v2\/pages\/7"}],"wp:attachment":[{"href":"https:\/\/agora.xtec.cat\/esc-laginesta-segurdecalafell\/wp-json\/wp\/v2\/media?parent=761"}],"curies":[{"name":"wp","href":"https:\/\/api.w.org\/{rel}","templated":true}]}}