{"id":610,"date":"2016-10-23T22:58:14","date_gmt":"2016-10-23T20:58:14","guid":{"rendered":"http:\/\/agora.xtec.cat\/esc-la-cabana\/?page_id=610"},"modified":"2025-06-16T09:47:57","modified_gmt":"2025-06-16T07:47:57","slug":"matriculacio-2","status":"publish","type":"page","link":"https:\/\/agora.xtec.cat\/esc-la-cabana\/lescola\/matriculacio-2\/","title":{"rendered":"PREINSCRIPCI\u00d3 I MATRICULACI\u00d3"},"content":{"rendered":"<h1 style=\"text-align: center;\">Curs 25-26<\/h1>\n<div class=\"FW_sPregunta FW_sImpacte\">\n<h3 style=\"text-align: left;\">SEGUIMENT DE LA SOL\u00b7LICITUD DE PREINSCRIPCI\u00d3:<\/h3>\n<p><em>Per accedir als documents clica a sobre de tots els t\u00edtols.<\/em><\/p>\n<p>&nbsp;<\/p>\n<\/div>\n<h4><a href=\"https:\/\/agora.xtec.cat\/esc-la-cabana\/wp-content\/uploads\/usu849\/2025\/03\/INFORME_OFERTA_OME_INFORME_OFERTA.pdf\" target=\"_blank\" rel=\"noopener\">* OFERTA INICIAL DE PLACES<\/a><\/h4>\n<h4><a href=\"https:\/\/agora.xtec.cat\/esc-la-cabana\/wp-content\/uploads\/usu849\/2025\/04\/INFORME_BAREM_PROVISIONAL_BAREM.pdf\" target=\"_blank\" rel=\"noopener\">* LLISTA DE SOL\u00b7LICITUDS AMB PUNTUACI\u00d3 PROVISIONAL<\/a><\/h4>\n<h4>* PRESENTACI\u00d3 DE RECLAMACIONS<\/h4>\n<p>Del 24 al 29 d&#8217;abril de 2025. Durant aquest per\u00edode, si detectes alguna errada o anomalia en el barem assignat, pots presentar una reclamaci\u00f3 (utilitzant l&#8217;eina electr\u00f2nica per adjuntar reclamacions que haureu rebut per correu electr\u00f2nic).<\/p>\n<h4><a href=\"https:\/\/agora.xtec.cat\/esc-la-cabana\/wp-content\/uploads\/usu849\/2025\/05\/INFORME_BAREM_RESOLTES_BAREM.pdf\" target=\"_blank\" rel=\"noopener\">* LLISTA DE SOL\u00b7LICITUDS AMB LA PUNTUACI\u00d3 UN COP RESOLTES LES RECLAMACIONS<\/a><\/h4>\n<p>Un cop resoltes totes les reclamacions presentades, el centre publica la llista de sol\u00b7licituds amb la puntuaci\u00f3 i el n\u00famero de desempat corresponent.<\/p>\n<h4>* N\u00ba DEL SORTEIG (8 de maig a les 11:00h): <strong><span class=\"ui-provider gr b c d e f g h i j k l m n o p q r s t u v w x y z ab ac ae af ag ah ai aj ak\" dir=\"ltr\">76261\u00a0<\/span><\/strong>\u00e9s el n\u00famero de desempat<\/h4>\n<p>El nombre de places a cada centre educatiu \u00e9s limitat. Si el nombre de peticions supera el d&#8217;alumnes que l&#8217;escola pot acollir, cal aplicar un sistema de desempat entre les sol\u00b7licituds que tenen la mateixa puntuaci\u00f3. Per fer-ho, s&#8217;obt\u00e9 un n\u00famero per sorteig a partir del qual s&#8217;ordenen totes les peticions empatades en punts, tenint en compte el n\u00famero de desempat que s&#8217;ha assignat a cada sol\u00b7licitud.<\/p>\n<h4>* <a href=\"https:\/\/agora.xtec.cat\/esc-la-cabana\/wp-content\/uploads\/usu849\/2025\/05\/INFORME_BAREM_DEFINITIU_BAREM.pdf\" target=\"_blank\" rel=\"noopener\">LLISTA ORDENADA (9 de maig)<\/a><\/h4>\n<p>Despr\u00e9s del sorteig, s&#8217;elabora la llista de sol\u00b7licituds per a l&#8217;assignaci\u00f3 de places. En aquest cas, la llista ja no s&#8217;ordena alfab\u00e8ticament, sin\u00f3 tenint en compte les puntuacions de cada sol\u00b7licitud, de m\u00e9s a menys.<\/p>\n<h4>*<a href=\"https:\/\/agora.xtec.cat\/esc-la-cabana\/wp-content\/uploads\/usu849\/2025\/06\/INFORME_OFERTA_OME_INFORME_OFERTA-1.pdf\" target=\"_blank\" rel=\"noopener\"> OFERTA FINAL DE PLACES<\/a>, <a href=\"https:\/\/agora.xtec.cat\/esc-la-cabana\/wp-content\/uploads\/usu849\/2025\/06\/INFORME_ASSIGNADES_INFORME_ASSIGNADES.pdf\" target=\"_blank\" rel=\"noopener\">LLISTA D&#8217;ADMESOS<\/a> I <a href=\"https:\/\/agora.xtec.cat\/esc-la-cabana\/wp-content\/uploads\/usu849\/2025\/06\/INFORME_LLISTA_ESPERA_OME_LLISTA_ESPERA.pdf\" target=\"_blank\" rel=\"noopener\">LLISTA D&#8217;ESPERA<\/a><\/h4>\n<p>Publicaci\u00f3 del nombre de places escolars per centre i curs definitiva.<\/p>\n<p>Finalment, es publica la llista d&#8217;alumnes admesos al centre i tamb\u00e9 la llista d&#8217;espera.<\/p>\n<h4>* MATRICULACI\u00d3 (25 de juny al 3 de juliol)<\/h4>\n<p>Us trucarem personalment per donar-vos dia i hora per fer la matriculaci\u00f3.<\/p>\n<p>___________________________________________________________<\/p>\n<p>&nbsp;<\/p>\n<h3>ALUMNAT DE 6\u00c8<\/h3>\n<p>Les diferents actuacions entorn a la preinscripci\u00f3 i matr\u00edcula per<strong> l&#8217;alumnat de 6\u00e8 s\u00f3n:\u00a0<\/strong><\/p>\n<ul>\n<li><strong>Xerrada informativa:\u00a0<\/strong>27 de febrer a les 18:00h a l&#8217;<a href=\"https:\/\/maps.app.goo.gl\/iu78mnKVZGuooFdf9\" target=\"_blank\" rel=\"noopener\">Enol\u00f2gica<\/a>\u00a0(Vilafranca)<\/li>\n<li><strong>Acte unitari de portes obertes:<\/strong>\u00a06 de mar\u00e7 a les 18:30h a l&#8217;<a href=\"https:\/\/maps.app.goo.gl\/fnsbT79qMxueWQLR6\" target=\"_blank\" rel=\"noopener\">Auditori maria Rosa Juncosa<\/a>\u00a0(Vilafranca) \/ streaming (<a href=\"https:\/\/www.youtube.com\/@PenedesTelevisio\/streams\" target=\"_blank\" rel=\"noopener\">Canal Youtube Pened\u00e8s TV<\/a>)<\/li>\n<li><strong>Visites a instituts en horari de 17:00 a 20:00h:<\/strong><\/li>\n<\/ul>\n<table border=\"1\">\n<tbody>\n<tr>\n<td>Dilluns 10 de mar\u00e7<\/td>\n<td>Dimarts 11 de mar\u00e7<\/td>\n<td>Diemcres 12 de mar\u00e7<\/td>\n<td>Dijous 13 de mar\u00e7<\/td>\n<td>Dissabte 15 de mar\u00e7*<\/td>\n<\/tr>\n<tr>\n<td>Ins. Alt Pened\u00e8s<\/td>\n<td>Ins. Vilafranca 2<\/td>\n<td>Ins. Eugeni d&#8217;Ors<\/td>\n<td>Ins. Nou de Vilafranca<\/td>\n<td>Ins. Mil\u00e0 i Fontanals<\/td>\n<\/tr>\n<\/tbody>\n<\/table>\n<p>* Pendent de confirmar<\/p>\n<p>Trobareu tota la informaci\u00f3:<\/p>\n<ul>\n<li>Web\u00a0<a href=\"https:\/\/preinscripcio.gencat.cat\/ca\/inici\/index.html\" target=\"_blank\" rel=\"noopener\">Preinscripci\u00f3<\/a>\u00a0(sol\u00b7licituds, informaci\u00f3&#8230;)<\/li>\n<li>Web\u00a0<a href=\"https:\/\/educacio.vilafranca.cat\/\" target=\"_blank\" rel=\"noopener\">Ajuntament Vilafranca &#8211; Educaci\u00f3<\/a>\u00a0(dates portes obertes)<\/li>\n<\/ul>\n<p>Per a qualsevol aclariment o dubte podeu adre\u00e7ar-vos a la direcci\u00f3 del centre.<\/p>\n<p>&nbsp;<\/p>\n<h3>ALUMNAT D&#8217;I3<\/h3>\n<p>Des de l\u2019Escola La Cabana ens plau comunicar-vos que properament s\u2019iniciar\u00e0 el per\u00edode de <strong>preinscripci\u00f3<\/strong> i <strong>matriculaci\u00f3<\/strong> per al curs <strong>2025-2026,<\/strong> per els infants que durant <strong>l&#8217;any 2025 compleixen 3 anys<\/strong> i han de comen\u00e7ar I-3.<\/p>\n<p>El proc\u00e9s de preinscripci\u00f3 escolar\u00a0s&#8217;inicia amb la presentaci\u00f3 de la sol\u00b7licitud (<strong><u>12 de mar\u00e7 al 26 de mar\u00e7 2025)<\/u><\/strong> i acaba amb la formalitzaci\u00f3 de la matr\u00edcula (<strong>cap al mes de juny<\/strong>).<\/p>\n<p>Durant tot aquest temps, hi ha dates i terminis associats a actuacions clau\u00a0que heu de tenir presents, ja que determinen l&#8217;assignaci\u00f3 final de places als centres educatius.<\/p>\n<p>Tota la informaci\u00f3 la trobareu a <a href=\"https:\/\/preinscripcio.gencat.cat\/ca\/inici\/index.html\" target=\"_blank\" rel=\"noopener\">https:\/\/preinscripcio.gencat.cat\/ca\/inici\/index.html<\/a><\/p>\n<p><strong>El tr\u00e0mit de preinscripci\u00f3 es far\u00e0 de manera electr\u00f2nica i es podr\u00e0 annexar documentaci\u00f3 a la mateixa sol\u00b7licitud de preinscripci\u00f3. <\/strong><\/p>\n<p>Per qualsevol aclariment relatiu al proc\u00e9s de preinscripci\u00f3 i matr\u00edcula podeu dirigir-vos al seg\u00fcent correu electr\u00f2nic: <a href=\"mailto:a8062705@xtec.cat\">a8062705@xtec.cat<\/a> o trucar al tel\u00e8fon 93 818 02 28.<\/p>\n<p>D\u2019altra banda, per tal de poder con\u00e8ixer el nostre centre, no es far\u00e0 jornada de Portes Obertes sin\u00f3 <strong>visites personalitzades. <\/strong>Per tal de poder concertar una cita amb nosaltres, cal que ens truqueu o ens envieu un correu electr\u00f2nic per acordar dia i hora.<\/p>\n<p>&nbsp;<\/p>\n<p>&nbsp;<\/p>\n<p>&nbsp;<\/p>\n<p>&nbsp;<\/p>\n<p>&nbsp;<\/p>\n<h4><\/h4>\n<p>&nbsp;<\/p>\n<h2><\/h2>\n","protected":false},"excerpt":{"rendered":"<p>Curs 25-26 SEGUIMENT DE LA SOL\u00b7LICITUD DE PREINSCRIPCI\u00d3: Per accedir als documents clica a sobre de tots els t\u00edtols. &nbsp; * OFERTA INICIAL DE PLACES * LLISTA DE SOL\u00b7LICITUDS AMB PUNTUACI\u00d3 PROVISIONAL * PRESENTACI\u00d3 DE RECLAMACIONS Del 24 al 29 d&#8217;abril de 2025. Durant aquest per\u00edode, si detectes alguna errada o anomalia en el barem [&hellip;]<\/p>\n","protected":false},"author":1,"featured_media":0,"parent":22,"menu_order":0,"comment_status":"closed","ping_status":"closed","template":"","meta":{"_bbp_topic_count":0,"_bbp_reply_count":0,"_bbp_total_topic_count":0,"_bbp_total_reply_count":0,"_bbp_voice_count":0,"_bbp_anonymous_reply_count":0,"_bbp_topic_count_hidden":0,"_bbp_reply_count_hidden":0,"_bbp_forum_subforum_count":0,"site-sidebar-layout":"default","site-content-layout":"","ast-site-content-layout":"","site-content-style":"default","site-sidebar-style":"default","ast-global-header-display":"","ast-banner-title-visibility":"","ast-main-header-display":"","ast-hfb-above-header-display":"","ast-hfb-below-header-display":"","ast-hfb-mobile-header-display":"","site-post-title":"","ast-breadcrumbs-content":"","ast-featured-img":"","footer-sml-layout":"","theme-transparent-header-meta":"","adv-header-id-meta":"","stick-header-meta":"","header-above-stick-meta":"","header-main-stick-meta":"","header-below-stick-meta":"","astra-migrate-meta-layouts":"default","ast-page-background-enabled":"default","ast-page-background-meta":{"desktop":{"background-color":"var(--ast-global-color-4)","background-image":"","background-repeat":"repeat","background-position":"center center","background-size":"auto","background-attachment":"scroll","background-type":"","background-media":"","overlay-type":"","overlay-color":"","overlay-opacity":"","overlay-gradient":""},"tablet":{"background-color":"","background-image":"","background-repeat":"repeat","background-position":"center center","background-size":"auto","background-attachment":"scroll","background-type":"","background-media":"","overlay-type":"","overlay-color":"","overlay-opacity":"","overlay-gradient":""},"mobile":{"background-color":"","background-image":"","background-repeat":"repeat","background-position":"center center","background-size":"auto","background-attachment":"scroll","background-type":"","background-media":"","overlay-type":"","overlay-color":"","overlay-opacity":"","overlay-gradient":""}},"ast-content-background-meta":{"desktop":{"background-color":"var(--ast-global-color-5)","background-image":"","background-repeat":"repeat","background-position":"center center","background-size":"auto","background-attachment":"scroll","background-type":"","background-media":"","overlay-type":"","overlay-color":"","overlay-opacity":"","overlay-gradient":""},"tablet":{"background-color":"var(--ast-global-color-5)","background-image":"","background-repeat":"repeat","background-position":"center center","background-size":"auto","background-attachment":"scroll","background-type":"","background-media":"","overlay-type":"","overlay-color":"","overlay-opacity":"","overlay-gradient":""},"mobile":{"background-color":"var(--ast-global-color-5)","background-image":"","background-repeat":"repeat","background-position":"center center","background-size":"auto","background-attachment":"scroll","background-type":"","background-media":"","overlay-type":"","overlay-color":"","overlay-opacity":"","overlay-gradient":""}},"footnotes":""},"class_list":["post-610","page","type-page","status-publish","hentry"],"post_mailing_queue_ids":[],"_links":{"self":[{"href":"https:\/\/agora.xtec.cat\/esc-la-cabana\/wp-json\/wp\/v2\/pages\/610","targetHints":{"allow":["GET"]}}],"collection":[{"href":"https:\/\/agora.xtec.cat\/esc-la-cabana\/wp-json\/wp\/v2\/pages"}],"about":[{"href":"https:\/\/agora.xtec.cat\/esc-la-cabana\/wp-json\/wp\/v2\/types\/page"}],"author":[{"embeddable":true,"href":"https:\/\/agora.xtec.cat\/esc-la-cabana\/wp-json\/wp\/v2\/users\/1"}],"replies":[{"embeddable":true,"href":"https:\/\/agora.xtec.cat\/esc-la-cabana\/wp-json\/wp\/v2\/comments?post=610"}],"version-history":[{"count":8,"href":"https:\/\/agora.xtec.cat\/esc-la-cabana\/wp-json\/wp\/v2\/pages\/610\/revisions"}],"predecessor-version":[{"id":21448,"href":"https:\/\/agora.xtec.cat\/esc-la-cabana\/wp-json\/wp\/v2\/pages\/610\/revisions\/21448"}],"up":[{"embeddable":true,"href":"https:\/\/agora.xtec.cat\/esc-la-cabana\/wp-json\/wp\/v2\/pages\/22"}],"wp:attachment":[{"href":"https:\/\/agora.xtec.cat\/esc-la-cabana\/wp-json\/wp\/v2\/media?parent=610"}],"curies":[{"name":"wp","href":"https:\/\/api.w.org\/{rel}","templated":true}]}}