{"id":28,"date":"2014-09-18T12:29:35","date_gmt":"2014-09-18T11:29:35","guid":{"rendered":"http:\/\/agora.xtec.cat\/esc-la-cabana\/?page_id=28"},"modified":"2026-02-09T13:03:03","modified_gmt":"2026-02-09T12:03:03","slug":"consell-escolar","status":"publish","type":"page","link":"https:\/\/agora.xtec.cat\/esc-la-cabana\/lescola\/consell-escolar\/","title":{"rendered":"Consell escolar"},"content":{"rendered":"<h3 style=\"text-align: center;\"><a href=\"https:\/\/agora.xtec.cat\/esc-la-cabana\/wp-content\/uploads\/usu849\/2021\/11\/consell-escolar.jpg\"><img loading=\"lazy\" decoding=\"async\" class=\"alignnone wp-image-18198\" src=\"https:\/\/agora.xtec.cat\/esc-la-cabana\/wp-content\/uploads\/usu849\/2021\/11\/consell-escolar.jpg\" alt=\"\" width=\"540\" height=\"248\" srcset=\"https:\/\/agora.xtec.cat\/esc-la-cabana\/wp-content\/uploads\/usu849\/2021\/11\/consell-escolar.jpg 331w, https:\/\/agora.xtec.cat\/esc-la-cabana\/wp-content\/uploads\/usu849\/2021\/11\/consell-escolar-300x138.jpg 300w\" sizes=\"auto, (max-width: 540px) 100vw, 540px\" \/><\/a><\/h3>\n<p>El consell escolar <strong><em>\u00e9s<\/em> <\/strong>l\u2019\u00f2rgan col\u00b7legiat de participaci\u00f3 de la comunitat escolar en el govern del centre.\u00a0Les persones membres del consell escolar, representants electes dels diferents sectors, ho s\u00f3n per un per\u00edode de quatre anys. Aquests\u00a0es renoven per meitats de les persones representants electes de cada sector cada dos anys, en el primer trimestre del curs escolar.<\/p>\n<p>El nostre C<span style=\"font-family: inherit; font-size: 1em;\">onsell Escolar est\u00e0 <\/span><strong style=\"font-family: inherit; font-size: 1em;\"><em>format<\/em> <\/strong><span style=\"font-family: inherit; font-size: 1em;\">pels seg\u00fcents membres:<\/span><\/p>\n<p><a href=\"https:\/\/agora.xtec.cat\/esc-la-cabana\/wp-content\/uploads\/usu849\/2021\/11\/reunio-treball.jpg\"><img loading=\"lazy\" decoding=\"async\" class=\" wp-image-18199 alignleft\" src=\"https:\/\/agora.xtec.cat\/esc-la-cabana\/wp-content\/uploads\/usu849\/2021\/11\/reunio-treball.jpg\" alt=\"\" width=\"359\" height=\"291\" \/><\/a><\/p>\n<ul style=\"list-style-type: square;\">\n<li><strong>Presidenta\u00a0<\/strong>Carme Ayll\u00f3n<\/li>\n<li><strong>Secretari <\/strong>Montse Rico<\/li>\n<li><strong>Cap d\u2019estudis <\/strong>Laia Card\u00fas<\/li>\n<\/ul>\n<ul style=\"list-style-type: square;\">\n<li><strong>Representant de mestres <\/strong><\/li>\n<li><strong>Representant de\u00a0mestres <\/strong><\/li>\n<li><strong>Representant de mestres <\/strong><\/li>\n<li><strong>Representant de mestres <\/strong><\/li>\n<li><strong>Representant de pares i mares<\/strong><\/li>\n<li><strong>Representant de pares i mares <\/strong><\/li>\n<li><strong>Representant de pares i mares<\/strong><\/li>\n<li><strong>Representant de l\u2019AFA <\/strong>Sergi Vidal Gallart<\/li>\n<li><strong>Representant personal PAS <\/strong>Anna Virgili Ferret<\/li>\n<li><strong>Representant de l\u2019Ajuntament <\/strong>Mari Olaya Guzm\u00e1n<\/li>\n<\/ul>\n<p>El Consell Escolar <strong><em>s\u2019organitza<\/em> <\/strong>en quatre comissions:\u00a0<strong>Permanent, conviv\u00e8ncia, econ\u00f2mica, de co-educaci\u00f3 i de menjador.<\/strong><\/p>\n<p>El seu <strong><em>funcionament<\/em> <\/strong>\u00e9s el seg\u00fcent:<\/p>\n<ul style=\"list-style-type: square;\">\n<li>Les funcions del consell escolar s\u00f3n les que estableix l\u2019article 148.3 de la Llei d\u2019educaci\u00f3. A m\u00e9s, li correspon vetllar i donar suport a l\u2019equip directiu per al compliment de la programaci\u00f3 anual del centre i del projecte de direcci\u00f3 el qual, en el marc del projecte educatiu del centre, vincula l\u2019acci\u00f3 del conjunt d\u2019\u00f2rgans de govern unipersonals i col\u00b7legiats d\u2019acord amb l\u2019article 144.4 de la Llei d\u2019educaci\u00f3<\/li>\n<li>El consell escolar ha d\u2019aprovar les seves normes de funcionament.<\/li>\n<li>El consell escolar del centre es reuneix preceptivament una vegada al trimestre i sempre que el convoca el director\/a del centre o ho sol\u00b7licita al menys un ter\u00e7 de les seves persones membres. A m\u00e9s, s\u2019ha de fer una reuni\u00f3 a principi de curs i una altra a la seva finalitzaci\u00f3<\/li>\n<li>Les decisions del consell escolar es prenen normalment per consens. Si no \u00e9s possible arribar-hi, la decisi\u00f3 s\u2019adopta per majoria de les persones membres presents, llevat dels casos en qu\u00e8 la normativa determini una altra majoria qualificada.<\/li>\n<\/ul>\n<h3>Acords del Consell escolar<\/h3>\n<h4>Normativa<\/h4>\n<p>La Llei 19\/2014, del 29 de desembre, de transpar\u00e8ncia, acc\u00e9s a la informaci\u00f3 p\u00fablica i bon govern (en endavant, LTAIPBG), va entrar en vigor l\u20191 de juliol de 2015. Aquesta Llei regula les obligacions de publicitat activa de les administracions p\u00fabliques i detalla la informaci\u00f3 que s\u2019ha de publicar de forma obligat\u00f2ria al portal de la Transpar\u00e8ncia de la Generalitat de Catalunya. Tamb\u00e9 estableix el dret d\u2019acc\u00e9s a la informaci\u00f3 p\u00fablica per part de la ciutadania i crea la Comissi\u00f3 de Garantia del Dret d\u2019Acc\u00e9s a la Informaci\u00f3 P\u00fablica (GAIP), que \u00e9s l\u2019encarregada de vetllar pel compliment i les garanties del dret d\u2019acc\u00e9s a la informaci\u00f3 p\u00fablica.<br \/>\nEn aquest \u00e0mbit, el Departament d\u2019Educaci\u00f3 ha aprovat la seva pol\u00edtica de\u00a0transpar\u00e8ncia i la Instrucci\u00f3 2\/2019, de 25 de febrer, per a la tramitaci\u00f3 de les\u00a0sol\u00b7licituds de dret d\u2019acc\u00e9s a la informaci\u00f3 p\u00fablica i al compliment de les obligacions de publicitat activa, obertura de dades p\u00fabliques, bon govern i participaci\u00f3 ciutadana, que\u00a0es regulen a la Llei esmentada de transpar\u00e8ncia, acc\u00e9s a la informaci\u00f3 p\u00fablica i bon\u00a0govern.<\/p>\n<p>Els centres educatius han de publicar al seu web els documents vigents (<a href=\"https:\/\/agora.xtec.cat\/esc-la-cabana\/wp-content\/uploads\/usu849\/2021\/01\/PEC-La-Cabana-.pdf\" target=\"_blank\" rel=\"noopener\">PEC<\/a>, <a href=\"https:\/\/agora.xtec.cat\/esc-la-cabana\/wp-content\/uploads\/usu849\/2019\/05\/ANNEX-2-PEC_PROJECTE-LING%C3%9C%C3%8DSTIC.pdf\" target=\"_blank\" rel=\"noopener\">PL<\/a>, <a href=\"https:\/\/agora.xtec.cat\/esc-la-cabana\/wp-content\/uploads\/usu849\/2025\/02\/NOFC-La-Cabana.docx.pdf\" target=\"_blank\" rel=\"noopener\">NOFC<\/a>) i els acords presos al Consell escolar, aix\u00ed com els imports sobre les aportacions de les fam\u00edlies (recollit en la corresponent acta del Consell Escolar del gener),<a href=\"https:\/\/agora.xtec.cat\/esc-la-cabana\/lescola\/organigrama\/\" target=\"_blank\" rel=\"noopener\"> l\u2019estructura organitzativa interna<\/a>, el pressupost i els convenis vigents.<\/p>\n<h4>Acords del curs 2024-2025<\/h4>\n<ul>\n<li><a href=\"https:\/\/agora.xtec.cat\/esc-la-cabana\/wp-content\/uploads\/usu849\/2025\/02\/acords-1-CE-12092024.pdf\" target=\"_blank\" rel=\"noopener\">Acords del Consell Escolar del dia 12 de setembre de 2024<\/a><\/li>\n<li><a href=\"https:\/\/agora.xtec.cat\/esc-la-cabana\/wp-content\/uploads\/usu849\/2025\/02\/acords-2-CE-20112024.pdf\" target=\"_blank\" rel=\"noopener\">Acords del Consell Escolar del dia 20 de novembre de 2024<\/a><\/li>\n<li><a href=\"https:\/\/agora.xtec.cat\/esc-la-cabana\/wp-content\/uploads\/usu849\/2025\/02\/acords-3-CE-30012025.pdf\" target=\"_blank\" rel=\"noopener\">Acords del Consell Escolar del dia 30 de gener de 2025<\/a>\n<ul>\n<li><a href=\"https:\/\/agora.xtec.cat\/esc-la-cabana\/wp-content\/uploads\/usu849\/2025\/02\/Annex-1_Tancament-2024.pdf\" target=\"_blank\" rel=\"noopener\">Annex 1_Tancament pressupost 2024<\/a><\/li>\n<\/ul>\n<\/li>\n<li><a href=\"https:\/\/agora.xtec.cat\/esc-la-cabana\/wp-content\/uploads\/usu849\/2025\/06\/acords-4-CE-29052025.pdf\" target=\"_blank\" rel=\"noopener\">Acords del Consell Escolar del dia 29 de maig de 2025<\/a><\/li>\n<li><a href=\"https:\/\/agora.xtec.cat\/esc-la-cabana\/wp-content\/uploads\/usu849\/2025\/07\/acords-5-CE-26062025.pdf\" target=\"_blank\" rel=\"noopener\">Acords del Consell Escolar del dia 26 de juny de 2025<\/a><\/li>\n<\/ul>\n<h4><strong>Acords del curs 2023-2024<\/strong><\/h4>\n<ul>\n<li><a href=\"https:\/\/agora.xtec.cat\/esc-la-cabana\/wp-content\/uploads\/usu849\/2024\/03\/acords-1-CE-13112023-1.pdf\" target=\"_blank\" rel=\"noopener\">Acords del Consell Escolar del dia 13 de novembre de 2023<\/a><\/li>\n<li><a href=\"https:\/\/agora.xtec.cat\/esc-la-cabana\/wp-content\/uploads\/usu849\/2024\/03\/acords-2-CE-30012024.pdf\" target=\"_blank\" rel=\"noopener\">Acords del Consell Escolar del dia 30 de gener de 2024<\/a><\/li>\n<li><a href=\"https:\/\/agora.xtec.cat\/esc-la-cabana\/wp-content\/uploads\/usu849\/2024\/11\/acords-3-CE-07072024.pdf\" target=\"_blank\" rel=\"noopener\">Acords del Consell Escolar del dia 7 de juliol de 2024<\/a><\/li>\n<\/ul>\n<h4><strong>Acords del curs 2022-2023\u00a0<\/strong><\/h4>\n<ul>\n<li><a href=\"https:\/\/agora.xtec.cat\/esc-la-cabana\/wp-content\/uploads\/usu849\/2022\/10\/Acta1-CE-131022-.pdf\" target=\"_blank\" rel=\"noopener\">Acords del Consell Escolar del dia 13 d&#8217;octubre de 2022<\/a><\/li>\n<li><a href=\"https:\/\/agora.xtec.cat\/esc-la-cabana\/wp-content\/uploads\/usu849\/2024\/02\/acords-3-CE-24012023.pdf\" target=\"_blank\" rel=\"noopener\">Acords del Consell Escolar del dia 24 de gener de 2023<\/a><\/li>\n<li><a href=\"https:\/\/agora.xtec.cat\/esc-la-cabana\/wp-content\/uploads\/usu849\/2024\/02\/acords-4-CE-29062023.pdf\" target=\"_blank\" rel=\"noopener\">Acords del Consell Escolar del dia 29 de juny de 2023<\/a><\/li>\n<\/ul>\n<h4><strong>Acords del curs 2021-2022<\/strong><\/h4>\n<ul>\n<li><a href=\"https:\/\/agora.xtec.cat\/esc-la-cabana\/wp-content\/uploads\/usu849\/2021\/09\/acords-1-CE-16092021-2.pdf\" target=\"_blank\" rel=\"noopener\">Acords del Consell Escolar del dia 16 del setembre de 2021.<\/a><\/li>\n<li><a href=\"https:\/\/agora.xtec.cat\/esc-la-cabana\/wp-content\/uploads\/usu849\/2021\/10\/SIM-080627021102810280.pdf\" target=\"_blank\" rel=\"noopener\">Acords del Consell Escolar del dia 20 d&#8217;octubre de 2021.<\/a><\/li>\n<li><a href=\"https:\/\/agora.xtec.cat\/esc-la-cabana\/wp-content\/uploads\/usu849\/2022\/02\/acords-3-CE-27012022.pdf\" target=\"_blank\" rel=\"noopener\">Acords del Consell Escolar del dia 27 de gener de 2022.<\/a><\/li>\n<li><a href=\"https:\/\/agora.xtec.cat\/esc-la-cabana\/wp-content\/uploads\/usu849\/2022\/09\/acords-5-CE-28042022.pdf\" target=\"_blank\" rel=\"noopener\">Acords del Consell Escolar del dia 28 d&#8217;abril de 2022<\/a><\/li>\n<li><a href=\"https:\/\/agora.xtec.cat\/esc-la-cabana\/wp-content\/uploads\/usu849\/2022\/09\/acords-6-CE-07072022.pdf\" target=\"_blank\" rel=\"noopener\">Acords del Consell Escolar del dia 7 de juliol de 2022<\/a><\/li>\n<\/ul>\n<p><strong>\u00a0<\/strong><\/p>\n","protected":false},"excerpt":{"rendered":"<p>El consell escolar \u00e9s l\u2019\u00f2rgan col\u00b7legiat de participaci\u00f3 de la comunitat escolar en el govern del centre.\u00a0Les persones membres del consell escolar, representants electes dels diferents sectors, ho s\u00f3n per un per\u00edode de quatre anys. Aquests\u00a0es renoven per meitats de les persones representants electes de cada sector cada dos anys, en el primer trimestre del [&hellip;]<\/p>\n","protected":false},"author":1,"featured_media":0,"parent":22,"menu_order":30,"comment_status":"closed","ping_status":"closed","template":"","meta":{"_bbp_topic_count":0,"_bbp_reply_count":0,"_bbp_total_topic_count":0,"_bbp_total_reply_count":0,"_bbp_voice_count":0,"_bbp_anonymous_reply_count":0,"_bbp_topic_count_hidden":0,"_bbp_reply_count_hidden":0,"_bbp_forum_subforum_count":0,"site-sidebar-layout":"default","site-content-layout":"","ast-site-content-layout":"default","site-content-style":"default","site-sidebar-style":"default","ast-global-header-display":"","ast-banner-title-visibility":"","ast-main-header-display":"","ast-hfb-above-header-display":"","ast-hfb-below-header-display":"","ast-hfb-mobile-header-display":"","site-post-title":"","ast-breadcrumbs-content":"","ast-featured-img":"","footer-sml-layout":"","theme-transparent-header-meta":"","adv-header-id-meta":"","stick-header-meta":"","header-above-stick-meta":"","header-main-stick-meta":"","header-below-stick-meta":"","astra-migrate-meta-layouts":"set","ast-page-background-enabled":"default","ast-page-background-meta":{"desktop":{"background-color":"var(--ast-global-color-4)","background-image":"","background-repeat":"repeat","background-position":"center center","background-size":"auto","background-attachment":"scroll","background-type":"","background-media":"","overlay-type":"","overlay-color":"","overlay-opacity":"","overlay-gradient":""},"tablet":{"background-color":"","background-image":"","background-repeat":"repeat","background-position":"center center","background-size":"auto","background-attachment":"scroll","background-type":"","background-media":"","overlay-type":"","overlay-color":"","overlay-opacity":"","overlay-gradient":""},"mobile":{"background-color":"","background-image":"","background-repeat":"repeat","background-position":"center center","background-size":"auto","background-attachment":"scroll","background-type":"","background-media":"","overlay-type":"","overlay-color":"","overlay-opacity":"","overlay-gradient":""}},"ast-content-background-meta":{"desktop":{"background-color":"var(--ast-global-color-5)","background-image":"","background-repeat":"repeat","background-position":"center center","background-size":"auto","background-attachment":"scroll","background-type":"","background-media":"","overlay-type":"","overlay-color":"","overlay-opacity":"","overlay-gradient":""},"tablet":{"background-color":"var(--ast-global-color-5)","background-image":"","background-repeat":"repeat","background-position":"center center","background-size":"auto","background-attachment":"scroll","background-type":"","background-media":"","overlay-type":"","overlay-color":"","overlay-opacity":"","overlay-gradient":""},"mobile":{"background-color":"var(--ast-global-color-5)","background-image":"","background-repeat":"repeat","background-position":"center center","background-size":"auto","background-attachment":"scroll","background-type":"","background-media":"","overlay-type":"","overlay-color":"","overlay-opacity":"","overlay-gradient":""}},"footnotes":""},"class_list":["post-28","page","type-page","status-publish","hentry"],"post_mailing_queue_ids":[],"_links":{"self":[{"href":"https:\/\/agora.xtec.cat\/esc-la-cabana\/wp-json\/wp\/v2\/pages\/28","targetHints":{"allow":["GET"]}}],"collection":[{"href":"https:\/\/agora.xtec.cat\/esc-la-cabana\/wp-json\/wp\/v2\/pages"}],"about":[{"href":"https:\/\/agora.xtec.cat\/esc-la-cabana\/wp-json\/wp\/v2\/types\/page"}],"author":[{"embeddable":true,"href":"https:\/\/agora.xtec.cat\/esc-la-cabana\/wp-json\/wp\/v2\/users\/1"}],"replies":[{"embeddable":true,"href":"https:\/\/agora.xtec.cat\/esc-la-cabana\/wp-json\/wp\/v2\/comments?post=28"}],"version-history":[{"count":5,"href":"https:\/\/agora.xtec.cat\/esc-la-cabana\/wp-json\/wp\/v2\/pages\/28\/revisions"}],"predecessor-version":[{"id":21616,"href":"https:\/\/agora.xtec.cat\/esc-la-cabana\/wp-json\/wp\/v2\/pages\/28\/revisions\/21616"}],"up":[{"embeddable":true,"href":"https:\/\/agora.xtec.cat\/esc-la-cabana\/wp-json\/wp\/v2\/pages\/22"}],"wp:attachment":[{"href":"https:\/\/agora.xtec.cat\/esc-la-cabana\/wp-json\/wp\/v2\/media?parent=28"}],"curies":[{"name":"wp","href":"https:\/\/api.w.org\/{rel}","templated":true}]}}