{"id":4509,"date":"2026-07-22T00:29:58","date_gmt":"2026-07-21T22:29:58","guid":{"rendered":"https:\/\/agora.xtec.cat\/esc-jverdaguer\/?page_id=4509"},"modified":"2026-08-04T21:07:25","modified_gmt":"2026-08-04T19:07:25","slug":"infoverdaguer","status":"publish","type":"page","link":"https:\/\/agora.xtec.cat\/esc-jverdaguer\/infoverdaguer\/","title":{"rendered":"InfoVerdaguer"},"content":{"rendered":"\n<h2 class=\"wp-block-heading\">L&#8217;agenda digital de l&#8217;escola<\/h2>\n\n\n\n<p class=\"has-text-align-center\"><em>&#8220;Compartir el que viurem ens ajuda a preparar-nos, participar i sentir-nos part de l\u2019escola.&#8221;<\/em><\/p>\n\n\n\n<p>L&#8217;<strong>InfoVerdaguer<\/strong> \u00e9s el nostre espai mensual d\u2019informaci\u00f3 i comunicaci\u00f3 digital amb les fam\u00edlies. A trav\u00e9s de cada publicaci\u00f3, presentem les activitats, les celebracions, les sortides, els projectes i altres esdeveniments destacats que tindran lloc durant el mes entrant.<\/p>\n\n\n\n<p>Hi recollim aquelles propostes que, m\u00e9s enll\u00e0 de la din\u00e0mica habitual de les aules, tenen una rellev\u00e0ncia especial en la vida del centre. D\u2019aquesta manera, les fam\u00edlies poden anticipar les dates m\u00e9s importants, con\u00e8ixer les experi\u00e8ncies que viur\u00e0 l\u2019alumnat i seguir de prop tot all\u00f2 que dona vida a l\u2019escola.<\/p>\n\n\n\n<h3 class=\"wp-block-heading\">\u00daltimes publicacions<\/h3>\n\n\n\n        <div class=\"wp-block-getwid-post-slider custom-post-type-post has-arrows-inside has-dots-inside\">\n            <div data-slider-option=\"{&quot;getwid_fade_effect&quot;:&quot;slide&quot;,&quot;getwid_autoplay&quot;:false,&quot;getwid_pause_on_hover&quot;:false,&quot;getwid_autoplay_speed&quot;:6000,&quot;getwid_infinite&quot;:false,&quot;getwid_animation_speed&quot;:800,&quot;getwid_arrows&quot;:&quot;inside&quot;,&quot;getwid_dots&quot;:&quot;inside&quot;}\" class=\"wp-block-getwid-post-slider__content\">\n                \t\t\t\t\t\t\t<div class=\"wp-block-getwid-post-slider__slide\" style=\"min-height:500px;\">\n\t\t\t\t\t\t\t\t\n<div class=\"wp-block-getwid-post-slider__post \">\n            <div class=\"wp-block-getwid-post-slider__post-thumbnail\">\n            <img loading=\"lazy\" decoding=\"async\" width=\"1200\" height=\"630\" src=\"https:\/\/agora.xtec.cat\/esc-jverdaguer\/wp-content\/uploads\/usu831\/2026\/07\/2.jpg\" class=\"attachment-post-thumbnail size-post-thumbnail wp-post-image\" alt=\"\" srcset=\"https:\/\/agora.xtec.cat\/esc-jverdaguer\/wp-content\/uploads\/usu831\/2026\/07\/2.jpg 1200w, https:\/\/agora.xtec.cat\/esc-jverdaguer\/wp-content\/uploads\/usu831\/2026\/07\/2-300x158.jpg 300w, https:\/\/agora.xtec.cat\/esc-jverdaguer\/wp-content\/uploads\/usu831\/2026\/07\/2-1024x538.jpg 1024w, https:\/\/agora.xtec.cat\/esc-jverdaguer\/wp-content\/uploads\/usu831\/2026\/07\/2-768x403.jpg 768w\" sizes=\"auto, (max-width: 1200px) 100vw, 1200px\" \/>        <\/div>\n        <div class=\"wp-block-getwid-post-slider__post-overlay \"><\/div>\n    <div class=\"wp-block-getwid-post-slider__post-content-wrapper\">\n        <h3 class=\"wp-block-getwid-post-slider__post-title\"><a href=\"https:\/\/agora.xtec.cat\/esc-jverdaguer\/infoverdaguer25_26\/infoverdaguer-juny-2026\/\">InfoVerdaguer &#8211; Juny 2026<\/a><\/h3>        <div class=\"wp-block-getwid-post-slider__post-excerpt\"><p>Un mes de cloenda carregat d&#8217;activitats, sortides i moments per recordar Juny transforma l&#8217;escola: les fam\u00edlies entren a les aules, els alumnes pugen als escenaris, surten al territori i, finalment, tanquen el curs amb festa. Un mes ple d&#8217;activitats, sortides i moments per recordar que posen el punt final a un any de feina, aprenentatge [&hellip;]<\/p>\n<\/div>\n    <\/div>\n<\/div>\n\t\t\t\t\t\t\t<\/div>\n\t\t\t\t\t\t\t\t\t\t\t\t\t<div class=\"wp-block-getwid-post-slider__slide\" style=\"min-height:500px;\">\n\t\t\t\t\t\t\t\t\n<div class=\"wp-block-getwid-post-slider__post \">\n            <div class=\"wp-block-getwid-post-slider__post-thumbnail\">\n            <img loading=\"lazy\" decoding=\"async\" width=\"1200\" height=\"630\" src=\"https:\/\/agora.xtec.cat\/esc-jverdaguer\/wp-content\/uploads\/usu831\/2026\/07\/4.jpg\" class=\"attachment-post-thumbnail size-post-thumbnail wp-post-image\" alt=\"\" srcset=\"https:\/\/agora.xtec.cat\/esc-jverdaguer\/wp-content\/uploads\/usu831\/2026\/07\/4.jpg 1200w, https:\/\/agora.xtec.cat\/esc-jverdaguer\/wp-content\/uploads\/usu831\/2026\/07\/4-300x158.jpg 300w, https:\/\/agora.xtec.cat\/esc-jverdaguer\/wp-content\/uploads\/usu831\/2026\/07\/4-1024x538.jpg 1024w, https:\/\/agora.xtec.cat\/esc-jverdaguer\/wp-content\/uploads\/usu831\/2026\/07\/4-768x403.jpg 768w\" sizes=\"auto, (max-width: 1200px) 100vw, 1200px\" \/>        <\/div>\n        <div class=\"wp-block-getwid-post-slider__post-overlay \"><\/div>\n    <div class=\"wp-block-getwid-post-slider__post-content-wrapper\">\n        <h3 class=\"wp-block-getwid-post-slider__post-title\"><a href=\"https:\/\/agora.xtec.cat\/esc-jverdaguer\/infoverdaguer25_26\/infoverdaguer-maig-2026\/\">InfoVerdaguer-Maig 2026<\/a><\/h3>        <div class=\"wp-block-getwid-post-slider__post-excerpt\"><p>Un maig ple de vida a l&#8217;Escola Jacint Verdaguer Aquest mes, l&#8217;escola desplega una agenda diversa que enriqueix el dia a dia i amplia les experi\u00e8ncies d&#8217;aprenentatge m\u00e9s enll\u00e0 de l\u2019aula. Al llarg de les setmanes, l&#8217;alumnat participar\u00e0 en propostes variades &#8211; sortides, activitats culturals, iniciatives cient\u00edfiques, pr\u00e0ctica esportiva i projectes tecnol\u00f2gics &#8211; pensades per [&hellip;]<\/p>\n<\/div>\n    <\/div>\n<\/div>\n\t\t\t\t\t\t\t<\/div>\n\t\t\t\t\t\t\t\t\t\t\t\t\t<div class=\"wp-block-getwid-post-slider__slide\" style=\"min-height:500px;\">\n\t\t\t\t\t\t\t\t\n<div class=\"wp-block-getwid-post-slider__post \">\n            <div class=\"wp-block-getwid-post-slider__post-thumbnail\">\n            <img loading=\"lazy\" decoding=\"async\" width=\"1200\" height=\"630\" src=\"https:\/\/agora.xtec.cat\/esc-jverdaguer\/wp-content\/uploads\/usu831\/2026\/07\/8.jpg\" class=\"attachment-post-thumbnail size-post-thumbnail wp-post-image\" alt=\"\" srcset=\"https:\/\/agora.xtec.cat\/esc-jverdaguer\/wp-content\/uploads\/usu831\/2026\/07\/8.jpg 1200w, https:\/\/agora.xtec.cat\/esc-jverdaguer\/wp-content\/uploads\/usu831\/2026\/07\/8-300x158.jpg 300w, https:\/\/agora.xtec.cat\/esc-jverdaguer\/wp-content\/uploads\/usu831\/2026\/07\/8-1024x538.jpg 1024w, https:\/\/agora.xtec.cat\/esc-jverdaguer\/wp-content\/uploads\/usu831\/2026\/07\/8-768x403.jpg 768w\" sizes=\"auto, (max-width: 1200px) 100vw, 1200px\" \/>        <\/div>\n        <div class=\"wp-block-getwid-post-slider__post-overlay \"><\/div>\n    <div class=\"wp-block-getwid-post-slider__post-content-wrapper\">\n        <h3 class=\"wp-block-getwid-post-slider__post-title\"><a href=\"https:\/\/agora.xtec.cat\/esc-jverdaguer\/infoverdaguer25_26\/infoverdaguer-abril-2026\/\">InfoVerdaguer-Abril 2026<\/a><\/h3>        <div class=\"wp-block-getwid-post-slider__post-excerpt\"><p>Abril arriba al Verdaguer ple de vida, d\u2019experi\u00e8ncies i de moments que deixen petjada. Al llarg del mes, l&#8217;alumnat participar\u00e0 en sortides, tallers i propostes culturals -especialment al voltant de la diada de Sant Jordi- que connecten les activitats amb aprenentatges significatius i amb el coneixement de l&#8217;entorn. \ud83d\udcc5 Podeu consultar a continuaci\u00f3 el calendari [&hellip;]<\/p>\n<\/div>\n    <\/div>\n<\/div>\n\t\t\t\t\t\t\t<\/div>\n\t\t\t\t\t\t\t\t\t\t\t\t\t<div class=\"wp-block-getwid-post-slider__slide\" style=\"min-height:500px;\">\n\t\t\t\t\t\t\t\t\n<div class=\"wp-block-getwid-post-slider__post \">\n            <div class=\"wp-block-getwid-post-slider__post-thumbnail\">\n            <img loading=\"lazy\" decoding=\"async\" width=\"1200\" height=\"630\" src=\"https:\/\/agora.xtec.cat\/esc-jverdaguer\/wp-content\/uploads\/usu831\/2026\/07\/13.jpg\" class=\"attachment-post-thumbnail size-post-thumbnail wp-post-image\" alt=\"\" srcset=\"https:\/\/agora.xtec.cat\/esc-jverdaguer\/wp-content\/uploads\/usu831\/2026\/07\/13.jpg 1200w, https:\/\/agora.xtec.cat\/esc-jverdaguer\/wp-content\/uploads\/usu831\/2026\/07\/13-300x158.jpg 300w, https:\/\/agora.xtec.cat\/esc-jverdaguer\/wp-content\/uploads\/usu831\/2026\/07\/13-1024x538.jpg 1024w, https:\/\/agora.xtec.cat\/esc-jverdaguer\/wp-content\/uploads\/usu831\/2026\/07\/13-768x403.jpg 768w\" sizes=\"auto, (max-width: 1200px) 100vw, 1200px\" \/>        <\/div>\n        <div class=\"wp-block-getwid-post-slider__post-overlay \"><\/div>\n    <div class=\"wp-block-getwid-post-slider__post-content-wrapper\">\n        <h3 class=\"wp-block-getwid-post-slider__post-title\"><a href=\"https:\/\/agora.xtec.cat\/esc-jverdaguer\/infoverdaguer25_26\/arriba-linfoverdaguer-daquest-marc\/\">Arriba l&#8217;infoVerdaguer d&#8217;aquest mar\u00e7!<\/a><\/h3>        <div class=\"wp-block-getwid-post-slider__post-excerpt\"><p>Mar\u00e7 arriba al Verdaguer ple d\u2019energia, aprenentatges i moments per compartir. Us presentem el nou InfoVerdaguer d\u2019aquest mes, amb totes les activitats que ompliran l\u2019escola de vida: tallers de ci\u00e8ncia i medi ambient per despertar la curiositat, sortides culturals i esportives per aprendre m\u00e9s enll\u00e0 de l\u2019aula, estones de lectura que ens fan cr\u00e9ixer, sessions [&hellip;]<\/p>\n<\/div>\n    <\/div>\n<\/div>\n\t\t\t\t\t\t\t<\/div>\n\t\t\t\t\t\t\t\t\t\t\t\t\t<div class=\"wp-block-getwid-post-slider__slide\" style=\"min-height:500px;\">\n\t\t\t\t\t\t\t\t\n<div class=\"wp-block-getwid-post-slider__post \">\n            <div class=\"wp-block-getwid-post-slider__post-thumbnail\">\n            <img loading=\"lazy\" decoding=\"async\" width=\"1200\" height=\"630\" src=\"https:\/\/agora.xtec.cat\/esc-jverdaguer\/wp-content\/uploads\/usu831\/2026\/07\/16.jpg\" class=\"attachment-post-thumbnail size-post-thumbnail wp-post-image\" alt=\"\" srcset=\"https:\/\/agora.xtec.cat\/esc-jverdaguer\/wp-content\/uploads\/usu831\/2026\/07\/16.jpg 1200w, https:\/\/agora.xtec.cat\/esc-jverdaguer\/wp-content\/uploads\/usu831\/2026\/07\/16-300x158.jpg 300w, https:\/\/agora.xtec.cat\/esc-jverdaguer\/wp-content\/uploads\/usu831\/2026\/07\/16-1024x538.jpg 1024w, https:\/\/agora.xtec.cat\/esc-jverdaguer\/wp-content\/uploads\/usu831\/2026\/07\/16-768x403.jpg 768w\" sizes=\"auto, (max-width: 1200px) 100vw, 1200px\" \/>        <\/div>\n        <div class=\"wp-block-getwid-post-slider__post-overlay \"><\/div>\n    <div class=\"wp-block-getwid-post-slider__post-content-wrapper\">\n        <h3 class=\"wp-block-getwid-post-slider__post-title\"><a href=\"https:\/\/agora.xtec.cat\/esc-jverdaguer\/infoverdaguer25_26\/arriba-linfoverdaguer-daquest-gener\/\">Arriba l\u2019infoVerdaguer d\u2019aquest febrer!<\/a><\/h3>        <div class=\"wp-block-getwid-post-slider__post-excerpt\"><p>Ja teniu disponible el nou infoVerdaguer del mes de febrer, amb tota la informaci\u00f3 actualitzada sobre les activitats, trobades i propostes que marcaran les properes setmanes al nostre centre. En aquest n\u00famero hi trobareu les iniciatives m\u00e9s destacades de la vida escolar, aix\u00ed com les dates clau per a fam\u00edlies i alumnat. Una manera clara [&hellip;]<\/p>\n<\/div>\n    <\/div>\n<\/div>\n\t\t\t\t\t\t\t<\/div>\n\t\t\t\t\t\t\t\t\t\t\t\t\t<div class=\"wp-block-getwid-post-slider__slide\" style=\"min-height:500px;\">\n\t\t\t\t\t\t\t\t\n<div class=\"wp-block-getwid-post-slider__post \">\n            <div class=\"wp-block-getwid-post-slider__post-thumbnail\">\n            <img loading=\"lazy\" decoding=\"async\" width=\"1688\" height=\"2110\" src=\"https:\/\/agora.xtec.cat\/esc-jverdaguer\/wp-content\/uploads\/usu831\/2025\/12\/InfoVerdaguer-1_page-0001.jpg\" class=\"attachment-post-thumbnail size-post-thumbnail wp-post-image\" alt=\"\" srcset=\"https:\/\/agora.xtec.cat\/esc-jverdaguer\/wp-content\/uploads\/usu831\/2025\/12\/InfoVerdaguer-1_page-0001.jpg 1688w, https:\/\/agora.xtec.cat\/esc-jverdaguer\/wp-content\/uploads\/usu831\/2025\/12\/InfoVerdaguer-1_page-0001-240x300.jpg 240w, https:\/\/agora.xtec.cat\/esc-jverdaguer\/wp-content\/uploads\/usu831\/2025\/12\/InfoVerdaguer-1_page-0001-819x1024.jpg 819w, https:\/\/agora.xtec.cat\/esc-jverdaguer\/wp-content\/uploads\/usu831\/2025\/12\/InfoVerdaguer-1_page-0001-768x960.jpg 768w, https:\/\/agora.xtec.cat\/esc-jverdaguer\/wp-content\/uploads\/usu831\/2025\/12\/InfoVerdaguer-1_page-0001-1229x1536.jpg 1229w, https:\/\/agora.xtec.cat\/esc-jverdaguer\/wp-content\/uploads\/usu831\/2025\/12\/InfoVerdaguer-1_page-0001-1638x2048.jpg 1638w\" sizes=\"auto, (max-width: 1688px) 100vw, 1688px\" \/>        <\/div>\n        <div class=\"wp-block-getwid-post-slider__post-overlay \"><\/div>\n    <div class=\"wp-block-getwid-post-slider__post-content-wrapper\">\n        <h3 class=\"wp-block-getwid-post-slider__post-title\"><a href=\"https:\/\/agora.xtec.cat\/esc-jverdaguer\/infoverdaguer25_26\/infoverdaguer-desembre-de-2025\/\">infoVerdaguer &#8211; Desembre de 2025<\/a><\/h3>        <div class=\"wp-block-getwid-post-slider__post-excerpt\"><p>Tanquem l\u2019any amb un desembre ple de vida, cultura i Nadal al Verdaguer. Us compartim el nostre InfoVerdaguer mensual, amb totes les activitats destacades: sortides a Can Palots, obres de teatre per a tots els cicles, dies festius, manualitats de Nadal, el gran concert d&#8216;hivern, la visita dels Patges Reials, el pessebre vivent i la [&hellip;]<\/p>\n<\/div>\n    <\/div>\n<\/div>\n\t\t\t\t\t\t\t<\/div>\n\t\t\t\t\t\t\t\t\t\t\t\t\t<div class=\"wp-block-getwid-post-slider__slide\" style=\"min-height:500px;\">\n\t\t\t\t\t\t\t\t\n<div class=\"wp-block-getwid-post-slider__post \">\n            <div class=\"wp-block-getwid-post-slider__post-thumbnail\">\n            <img loading=\"lazy\" decoding=\"async\" width=\"1080\" height=\"1350\" src=\"https:\/\/agora.xtec.cat\/esc-jverdaguer\/wp-content\/uploads\/usu831\/2025\/11\/IMG_3327.jpg\" class=\"attachment-post-thumbnail size-post-thumbnail wp-post-image\" alt=\"\" srcset=\"https:\/\/agora.xtec.cat\/esc-jverdaguer\/wp-content\/uploads\/usu831\/2025\/11\/IMG_3327.jpg 1080w, https:\/\/agora.xtec.cat\/esc-jverdaguer\/wp-content\/uploads\/usu831\/2025\/11\/IMG_3327-240x300.jpg 240w, https:\/\/agora.xtec.cat\/esc-jverdaguer\/wp-content\/uploads\/usu831\/2025\/11\/IMG_3327-819x1024.jpg 819w, https:\/\/agora.xtec.cat\/esc-jverdaguer\/wp-content\/uploads\/usu831\/2025\/11\/IMG_3327-768x960.jpg 768w\" sizes=\"auto, (max-width: 1080px) 100vw, 1080px\" \/>        <\/div>\n        <div class=\"wp-block-getwid-post-slider__post-overlay \"><\/div>\n    <div class=\"wp-block-getwid-post-slider__post-content-wrapper\">\n        <h3 class=\"wp-block-getwid-post-slider__post-title\"><a href=\"https:\/\/agora.xtec.cat\/esc-jverdaguer\/infoverdaguer25_26\/arriba-linfoverdaguer-daquest-novembre\/\">Arriba l&#8217;infoVerdaguer d&#8217;aquest novembre!<\/a><\/h3>        <div class=\"wp-block-getwid-post-slider__post-excerpt\"><p>Ja teniu disponible el nou infoVerdaguer del mes de novembre, amb totes les novetats, projectes i activitats del nostre centre. Hi trobareu les activitats i iniciatives m\u00e9s importants de la nostra comunitat educativa. Us convidem a llegir-lo i compartir-lo! Accediu-hi aqu\u00ed:<\/p>\n<\/div>\n    <\/div>\n<\/div>\n\t\t\t\t\t\t\t<\/div>\n\t\t\t\t\t\t\t\t\t\t\t\t\t<div class=\"wp-block-getwid-post-slider__slide\" style=\"min-height:500px;\">\n\t\t\t\t\t\t\t\t\n<div class=\"wp-block-getwid-post-slider__post \">\n            <div class=\"wp-block-getwid-post-slider__post-thumbnail\">\n            <img loading=\"lazy\" decoding=\"async\" width=\"1688\" height=\"2110\" src=\"https:\/\/agora.xtec.cat\/esc-jverdaguer\/wp-content\/uploads\/usu831\/2025\/10\/InfoVerdaguer_page-0001.jpg\" class=\"attachment-post-thumbnail size-post-thumbnail wp-post-image\" alt=\"\" srcset=\"https:\/\/agora.xtec.cat\/esc-jverdaguer\/wp-content\/uploads\/usu831\/2025\/10\/InfoVerdaguer_page-0001.jpg 1688w, https:\/\/agora.xtec.cat\/esc-jverdaguer\/wp-content\/uploads\/usu831\/2025\/10\/InfoVerdaguer_page-0001-240x300.jpg 240w, https:\/\/agora.xtec.cat\/esc-jverdaguer\/wp-content\/uploads\/usu831\/2025\/10\/InfoVerdaguer_page-0001-819x1024.jpg 819w, https:\/\/agora.xtec.cat\/esc-jverdaguer\/wp-content\/uploads\/usu831\/2025\/10\/InfoVerdaguer_page-0001-768x960.jpg 768w, https:\/\/agora.xtec.cat\/esc-jverdaguer\/wp-content\/uploads\/usu831\/2025\/10\/InfoVerdaguer_page-0001-1229x1536.jpg 1229w, https:\/\/agora.xtec.cat\/esc-jverdaguer\/wp-content\/uploads\/usu831\/2025\/10\/InfoVerdaguer_page-0001-1638x2048.jpg 1638w\" sizes=\"auto, (max-width: 1688px) 100vw, 1688px\" \/>        <\/div>\n        <div class=\"wp-block-getwid-post-slider__post-overlay \"><\/div>\n    <div class=\"wp-block-getwid-post-slider__post-content-wrapper\">\n        <h3 class=\"wp-block-getwid-post-slider__post-title\"><a href=\"https:\/\/agora.xtec.cat\/esc-jverdaguer\/infoverdaguer25_26\/arriba-linfoverdaguer\/\">Arriba l\u2019infoVerdaguer!<\/a><\/h3>        <div class=\"wp-block-getwid-post-slider__post-excerpt\"><p>A partir d&#8217;avui posem en marxa una nova manera de comunicar-nos amb vosaltres: l&#8217;infoVerdaguer, el nostre butllet\u00ed informatiu.En aquest document hi trobareu recollits els principals actes, festes i moments destacats de la vida de l&#8217;escola. Amb l&#8217;infoVerdaguer&nbsp;volem fer un pas endavant en la comunicaci\u00f3 i que tota la comunitat educativa estigui connectada a tot all\u00f2 [&hellip;]<\/p>\n<\/div>\n    <\/div>\n<\/div>\n\t\t\t\t\t\t\t<\/div>\n\t\t\t\t\t\t            <\/div>\n        <\/div>\n        \n\n\n<p><\/p>\n\n\n\n<div class=\"wp-block-buttons is-content-justification-center is-layout-flex wp-container-core-buttons-is-layout-1 wp-block-buttons-is-layout-flex\">\n<div class=\"wp-block-button\"><a class=\"wp-block-button__link wp-element-button\" href=\"https:\/\/agora.xtec.cat\/esc-jverdaguer\/categoria\/infoverdaguer25_26\/\">Veure totes les publicacions<\/a><\/div>\n<\/div>\n\n\n\n<p class=\"has-text-align-center\" style=\"font-size:18px\"><strong>Descobriu les activitats i els esdeveniments destacats que compartirem durant els pr\u00f2xims mesos<\/strong>.<\/p>\n","protected":false},"excerpt":{"rendered":"<p>L&#8217;agenda digital de l&#8217;escola &#8220;Compartir el que viurem ens ajuda a preparar-nos, participar i sentir-nos part de l\u2019escola.&#8221; L&#8217;InfoVerdaguer \u00e9s el nostre espai mensual d\u2019informaci\u00f3 i comunicaci\u00f3 digital amb les fam\u00edlies. A trav\u00e9s de cada publicaci\u00f3, presentem les activitats, les celebracions, les sortides, els projectes i altres esdeveniments destacats que tindran lloc durant el mes [&hellip;]<\/p>\n","protected":false},"author":1,"featured_media":0,"parent":0,"menu_order":0,"comment_status":"closed","ping_status":"close","template":"","meta":{"_bbp_topic_count":0,"_bbp_reply_count":0,"_bbp_total_topic_count":0,"_bbp_total_reply_count":0,"_bbp_voice_count":0,"_bbp_anonymous_reply_count":0,"_bbp_topic_count_hidden":0,"_bbp_reply_count_hidden":0,"_bbp_forum_subforum_count":0,"site-sidebar-layout":"default","site-content-layout":"","ast-site-content-layout":"default","site-content-style":"default","site-sidebar-style":"default","ast-global-header-display":"","ast-banner-title-visibility":"","ast-main-header-display":"","ast-hfb-above-header-display":"","ast-hfb-below-header-display":"","ast-hfb-mobile-header-display":"","site-post-title":"","ast-breadcrumbs-content":"","ast-featured-img":"","footer-sml-layout":"","theme-transparent-header-meta":"","adv-header-id-meta":"","stick-header-meta":"","header-above-stick-meta":"","header-main-stick-meta":"","header-below-stick-meta":"","astra-migrate-meta-layouts":"set","ast-page-background-enabled":"default","ast-page-background-meta":{"desktop":{"background-color":"var(--ast-global-color-4)","background-image":"","background-repeat":"repeat","background-position":"center center","background-size":"auto","background-attachment":"scroll","background-type":"","background-media":"","overlay-type":"","overlay-color":"","overlay-opacity":"","overlay-gradient":""},"tablet":{"background-color":"","background-image":"","background-repeat":"repeat","background-position":"center center","background-size":"auto","background-attachment":"scroll","background-type":"","background-media":"","overlay-type":"","overlay-color":"","overlay-opacity":"","overlay-gradient":""},"mobile":{"background-color":"","background-image":"","background-repeat":"repeat","background-position":"center center","background-size":"auto","background-attachment":"scroll","background-type":"","background-media":"","overlay-type":"","overlay-color":"","overlay-opacity":"","overlay-gradient":""}},"ast-content-background-meta":{"desktop":{"background-color":"var(--ast-global-color-5)","background-image":"","background-repeat":"repeat","background-position":"center center","background-size":"auto","background-attachment":"scroll","background-type":"","background-media":"","overlay-type":"","overlay-color":"","overlay-opacity":"","overlay-gradient":""},"tablet":{"background-color":"var(--ast-global-color-5)","background-image":"","background-repeat":"repeat","background-position":"center center","background-size":"auto","background-attachment":"scroll","background-type":"","background-media":"","overlay-type":"","overlay-color":"","overlay-opacity":"","overlay-gradient":""},"mobile":{"background-color":"var(--ast-global-color-5)","background-image":"","background-repeat":"repeat","background-position":"center center","background-size":"auto","background-attachment":"scroll","background-type":"","background-media":"","overlay-type":"","overlay-color":"","overlay-opacity":"","overlay-gradient":""}},"footnotes":""},"class_list":["post-4509","page","type-page","status-publish","hentry"],"post_mailing_queue_ids":[],"_links":{"self":[{"href":"https:\/\/agora.xtec.cat\/esc-jverdaguer\/wp-json\/wp\/v2\/pages\/4509","targetHints":{"allow":["GET"]}}],"collection":[{"href":"https:\/\/agora.xtec.cat\/esc-jverdaguer\/wp-json\/wp\/v2\/pages"}],"about":[{"href":"https:\/\/agora.xtec.cat\/esc-jverdaguer\/wp-json\/wp\/v2\/types\/page"}],"author":[{"embeddable":true,"href":"https:\/\/agora.xtec.cat\/esc-jverdaguer\/wp-json\/wp\/v2\/users\/1"}],"replies":[{"embeddable":true,"href":"https:\/\/agora.xtec.cat\/esc-jverdaguer\/wp-json\/wp\/v2\/comments?post=4509"}],"version-history":[{"count":6,"href":"https:\/\/agora.xtec.cat\/esc-jverdaguer\/wp-json\/wp\/v2\/pages\/4509\/revisions"}],"predecessor-version":[{"id":4661,"href":"https:\/\/agora.xtec.cat\/esc-jverdaguer\/wp-json\/wp\/v2\/pages\/4509\/revisions\/4661"}],"wp:attachment":[{"href":"https:\/\/agora.xtec.cat\/esc-jverdaguer\/wp-json\/wp\/v2\/media?parent=4509"}],"curies":[{"name":"wp","href":"https:\/\/api.w.org\/{rel}","templated":true}]}}