{"id":28,"date":"2014-09-18T12:29:35","date_gmt":"2014-09-18T11:29:35","guid":{"rendered":"http:\/\/agora.xtec.cat\/esc-jverdaguer\/?page_id=28"},"modified":"2026-02-09T17:12:50","modified_gmt":"2026-02-09T16:12:50","slug":"consell-escolar","status":"publish","type":"page","link":"https:\/\/agora.xtec.cat\/esc-jverdaguer\/lescola\/consell-escolar\/","title":{"rendered":"Consell escolar"},"content":{"rendered":"<p style=\"text-align: center;\"><strong>&#8220;La veu de tota la comunitat educativa&#8221;<\/strong><\/p>\n<p>\u00c9s l&#8217;\u00f2rgan de participaci\u00f3 de la comunitat escolar en el control i gesti\u00f3 del centre docent. <span style=\"font-weight: 400;\">\u00c9s un espai de di\u00e0leg i corresponsabilitat que contribueix a fer cr\u00e9ixer el projecte educatiu de manera conjunta. <\/span>Est\u00e0 format per:<\/p>\n<h3 data-start=\"1686\" data-end=\"1728\"><strong data-start=\"1690\" data-end=\"1728\">\u00d2rgans unipersonals i membres nats<\/strong><\/h3>\n<ul data-start=\"1729\" data-end=\"1827\">\n<li data-start=\"1729\" data-end=\"1758\">\n<p data-start=\"1731\" data-end=\"1758\"><strong data-start=\"1731\" data-end=\"1745\">President:<\/strong> Pau Gait\u00e1n<\/p>\n<\/li>\n<li data-start=\"1759\" data-end=\"1793\">\n<p data-start=\"1761\" data-end=\"1793\"><strong data-start=\"1761\" data-end=\"1779\">Cap d\u2019Estudis:<\/strong> Merc\u00e8 Nadal<\/p>\n<\/li>\n<li data-start=\"1794\" data-end=\"1827\">\n<p data-start=\"1796\" data-end=\"1827\"><strong data-start=\"1796\" data-end=\"1811\">Secret\u00e0ria:<\/strong> Pilar Vicioso<\/p>\n<\/li>\n<\/ul>\n<h3 data-start=\"1829\" data-end=\"1851\"><strong data-start=\"1833\" data-end=\"1851\">Sector mestres<\/strong><\/h3>\n<ul data-start=\"1852\" data-end=\"1988\">\n<li data-start=\"1852\" data-end=\"1874\">\n<p data-start=\"1854\" data-end=\"1874\">Noelia Alcalde<\/p>\n<\/li>\n<li data-start=\"1875\" data-end=\"1896\">\n<p data-start=\"1877\" data-end=\"1896\">Raquel Blanco<\/p>\n<\/li>\n<li data-start=\"1897\" data-end=\"1922\">\n<p data-start=\"1899\" data-end=\"1922\">Montserrat Ma\u00f1osa<\/p>\n<\/li>\n<li data-start=\"1923\" data-end=\"1946\">\n<p data-start=\"1925\" data-end=\"1946\">Patricia Mill\u00e1n<\/p>\n<\/li>\n<li data-start=\"1947\" data-end=\"1968\">\n<p data-start=\"1949\" data-end=\"1968\">Adriana Bel<\/p>\n<\/li>\n<li data-start=\"1969\" data-end=\"1988\">\n<p data-start=\"1971\" data-end=\"1988\">Raquel Guerrero<\/p>\n<\/li>\n<\/ul>\n<h3 data-start=\"1990\" data-end=\"2013\"><strong data-start=\"1994\" data-end=\"2013\">Sector fam\u00edlies<\/strong><\/h3>\n<ul data-start=\"2014\" data-end=\"2170\">\n<li data-start=\"2014\" data-end=\"2035\">\n<p data-start=\"2016\" data-end=\"2035\">Yolanda P\u00e9rez<\/p>\n<\/li>\n<li data-start=\"2036\" data-end=\"2058\">\n<p data-start=\"2038\" data-end=\"2058\">Raquel Naveros<\/p>\n<\/li>\n<li data-start=\"2059\" data-end=\"2091\">\n<p data-start=\"2061\" data-end=\"2091\">Cynthia Gonz\u00e1lez Pinte\u00f1o<\/p>\n<\/li>\n<li data-start=\"2092\" data-end=\"2119\">\n<p data-start=\"2094\" data-end=\"2119\">Alba Ortega i Humet<\/p>\n<\/li>\n<li data-start=\"2120\" data-end=\"2150\">\n<p data-start=\"2122\" data-end=\"2150\">Ath\u00e9n\u00e9a Valera Casta\u00f1o<\/p>\n<\/li>\n<\/ul>\n<h3 data-start=\"2172\" data-end=\"2201\"><strong data-start=\"2176\" data-end=\"2201\">Representant de l\u2019AFA<\/strong><\/h3>\n<ul data-start=\"2202\" data-end=\"2222\">\n<li data-start=\"2202\" data-end=\"2222\">\n<p data-start=\"2204\" data-end=\"2222\">Macarena G\u00f3mez<\/p>\n<\/li>\n<\/ul>\n<h3 data-start=\"2224\" data-end=\"2252\"><strong data-start=\"2228\" data-end=\"2252\">Representant del PAS<\/strong><\/h3>\n<ul data-start=\"2253\" data-end=\"2282\">\n<li data-start=\"2253\" data-end=\"2282\">\n<p data-start=\"2255\" data-end=\"2282\">Joan Carles Tarradellas<\/p>\n<\/li>\n<\/ul>\n<h3 data-start=\"2284\" data-end=\"2302\"><strong data-start=\"2288\" data-end=\"2302\">Sector PAE<\/strong><\/h3>\n<ul data-start=\"2303\" data-end=\"2322\">\n<li data-start=\"2303\" data-end=\"2322\">\n<p data-start=\"2305\" data-end=\"2322\">Susana G\u00e1lvez<\/p>\n<\/li>\n<\/ul>\n<h3 data-start=\"2324\" data-end=\"2360\"><strong data-start=\"2328\" data-end=\"2360\">Representant de l\u2019Ajuntament<\/strong><\/h3>\n<ul data-start=\"2361\" data-end=\"2380\">\n<li data-start=\"2361\" data-end=\"2380\">\n<p data-start=\"2363\" data-end=\"2380\">Laura Santano<\/p>\n<\/li>\n<\/ul>\n\n\n<div class=\"wp-block-getwid-toggle has-icon-left\">\n<div class=\"wp-block-getwid-toggle__row\"><div class=\"wp-block-getwid-toggle__header-wrapper\"><span class=\"wp-block-getwid-toggle__header\"><a href=\"#\"><span class=\"wp-block-getwid-toggle__header-title\">Acords del Consell Escolar 23\/24<\/span><span class=\"wp-block-getwid-toggle__icon is-active\"><i class=\"fas fa-plus\"><\/i><\/span><span class=\"wp-block-getwid-toggle__icon is-passive\"><i class=\"fas fa-minus\"><\/i><\/span><\/a><\/span><\/div><div class=\"wp-block-getwid-toggle__content-wrapper\"><div class=\"wp-block-getwid-toggle__content\">\n<p><a href=\"https:\/\/drive.google.com\/file\/d\/1BgbutBTeW0cIXVwuT03gkj0aZDz_tr_Z\/view?usp=sharing\">Certificat d&#8217;acords Consell Escolar 1 25\/09\/2023<\/a><\/p>\n\n\n\n<p><a href=\"https:\/\/drive.google.com\/file\/d\/1J09tk9yMZrOLp1Fo5k6CDKAewscNVedN\/view?usp=sharing\">Certificar d&#8217;acords Consell Escolar 2 11\/12\/2023<\/a><\/p>\n\n\n\n<p><a href=\"https:\/\/drive.google.com\/file\/d\/1Jz3nMxzymzgVscXjnOHUPItzbGdXil4G\/view?usp=sharing\">Certificat d&#8217;acords Consell Escolar 3 29\/01\/2024<\/a><\/p>\n\n\n\n<p><a href=\"https:\/\/drive.google.com\/file\/d\/1ghgg37hbAF2aUsJEzDThuXkeJ7XF8Y5A\/view?usp=sharing\">Dades liquidaci\u00f3 pressupost 2023<\/a><\/p>\n\n\n\n<p><a href=\"https:\/\/drive.google.com\/file\/d\/1EWPJkGzfztfjaPs2_wzlI5hWmKDGzP9f\/view?usp=sharing\">Pressupost 2024<\/a><\/p>\n\n\n\n<p><a href=\"https:\/\/drive.google.com\/file\/d\/1-k8TB-IHbSVCVZde18-FlncXCiQvh9no\/view?usp=sharing\">Certificat d&#8217;acords Consell Escolar 4 06\/05\/2024<\/a><\/p>\n<\/div><\/div><\/div>\n\n\n\n<div class=\"wp-block-getwid-toggle__row\"><div class=\"wp-block-getwid-toggle__header-wrapper\"><span class=\"wp-block-getwid-toggle__header\"><a href=\"#\"><span class=\"wp-block-getwid-toggle__header-title\">Acords del Consell Escolar 24\/25<\/span><span class=\"wp-block-getwid-toggle__icon is-active\"><i class=\"fas fa-plus\"><\/i><\/span><span class=\"wp-block-getwid-toggle__icon is-passive\"><i class=\"fas fa-minus\"><\/i><\/span><\/a><\/span><\/div><div class=\"wp-block-getwid-toggle__content-wrapper\"><div class=\"wp-block-getwid-toggle__content\">\n<p><a href=\"https:\/\/drive.google.com\/file\/d\/1ENheqLLcJq4YDzvmYGSCIxRVE3M1XNGl\/view?usp=drive_link\">Certificat d&#8217;acords Consell Escolar 1 03\/10\/2024<\/a><\/p>\n\n\n\n<p><a href=\"https:\/\/drive.google.com\/file\/d\/1slnkrNRnt8dtD4XqAhiJDzrdkA2f9yzm\/view?usp=drive_link\">Certificat d&#8217;acords Consell Escolar 2 16\/01\/2025<\/a><\/p>\n\n\n\n<p><a href=\"https:\/\/drive.google.com\/file\/d\/15_V8TT6mSCejvmd771DGnc3wJsk_POYP\/view?usp=drive_link\">Dades liquidaci\u00f3 pressupost 2024<\/a><\/p>\n\n\n\n<p><a href=\"https:\/\/drive.google.com\/file\/d\/1TAlux7UEnxhC1JWViJX2AoT7rgY5A4-z\/view?usp=sharing\">Pressupost 2025<\/a><\/p>\n\n\n\n<p><a href=\"https:\/\/drive.google.com\/file\/d\/1bu2Mqgc8wPOy2R24VyOR_iFK9oNOOkz4\/view?usp=drive_link\">Certificat d&#8217;acords Consell Escolar 3 06\/03\/2025<\/a><\/p>\n\n\n\n<p><a href=\"https:\/\/agora.xtec.cat\/esc-jverdaguer\/wp-content\/uploads\/usu831\/2025\/07\/Certificat-acords-CE-26-06-25.pdf\">Certificat d&#8217;acords Consell Escolar 4 26\/06\/25<\/a><\/p>\n<\/div><\/div><\/div>\n\n\n\n<div class=\"wp-block-getwid-toggle__row\"><div class=\"wp-block-getwid-toggle__header-wrapper\"><span class=\"wp-block-getwid-toggle__header\"><a href=\"#\"><span class=\"wp-block-getwid-toggle__header-title\">Acords del Consell Escolar 25\/26<\/span><span class=\"wp-block-getwid-toggle__icon is-active\"><i class=\"fas fa-plus\"><\/i><\/span><span class=\"wp-block-getwid-toggle__icon is-passive\"><i class=\"fas fa-minus\"><\/i><\/span><\/a><\/span><\/div><div class=\"wp-block-getwid-toggle__content-wrapper\"><div class=\"wp-block-getwid-toggle__content\">\n<p><a href=\"https:\/\/app.luminpdf.com\/viewer\/1y4EU79fGGhoTW7qirmLSW3tMA364mSAO\">Certificat d&#8217;acords Consell Escolar 1 10\/11\/25<\/a><\/p>\n<\/div><\/div><\/div>\n<\/div>\n","protected":false},"excerpt":{"rendered":"<p>&#8220;La veu de tota la comunitat educativa&#8221; \u00c9s l&#8217;\u00f2rgan de participaci\u00f3 de la comunitat escolar en el control i gesti\u00f3 del centre docent. \u00c9s un espai de di\u00e0leg i corresponsabilitat que contribueix a fer cr\u00e9ixer el projecte educatiu de manera conjunta. Est\u00e0 format per: \u00d2rgans unipersonals i membres nats President: Pau Gait\u00e1n Cap d\u2019Estudis: Merc\u00e8 [&hellip;]<\/p>\n","protected":false},"author":1,"featured_media":0,"parent":22,"menu_order":5,"comment_status":"closed","ping_status":"closed","template":"","meta":{"_bbp_topic_count":0,"_bbp_reply_count":0,"_bbp_total_topic_count":0,"_bbp_total_reply_count":0,"_bbp_voice_count":0,"_bbp_anonymous_reply_count":0,"_bbp_topic_count_hidden":0,"_bbp_reply_count_hidden":0,"_bbp_forum_subforum_count":0,"site-sidebar-layout":"default","site-content-layout":"","ast-site-content-layout":"default","site-content-style":"default","site-sidebar-style":"default","ast-global-header-display":"","ast-banner-title-visibility":"","ast-main-header-display":"","ast-hfb-above-header-display":"","ast-hfb-below-header-display":"","ast-hfb-mobile-header-display":"","site-post-title":"","ast-breadcrumbs-content":"","ast-featured-img":"","footer-sml-layout":"","theme-transparent-header-meta":"","adv-header-id-meta":"","stick-header-meta":"","header-above-stick-meta":"","header-main-stick-meta":"","header-below-stick-meta":"","astra-migrate-meta-layouts":"set","ast-page-background-enabled":"default","ast-page-background-meta":{"desktop":{"background-color":"var(--ast-global-color-4)","background-image":"","background-repeat":"repeat","background-position":"center center","background-size":"auto","background-attachment":"scroll","background-type":"","background-media":"","overlay-type":"","overlay-color":"","overlay-opacity":"","overlay-gradient":""},"tablet":{"background-color":"","background-image":"","background-repeat":"repeat","background-position":"center center","background-size":"auto","background-attachment":"scroll","background-type":"","background-media":"","overlay-type":"","overlay-color":"","overlay-opacity":"","overlay-gradient":""},"mobile":{"background-color":"","background-image":"","background-repeat":"repeat","background-position":"center center","background-size":"auto","background-attachment":"scroll","background-type":"","background-media":"","overlay-type":"","overlay-color":"","overlay-opacity":"","overlay-gradient":""}},"ast-content-background-meta":{"desktop":{"background-color":"var(--ast-global-color-5)","background-image":"","background-repeat":"repeat","background-position":"center center","background-size":"auto","background-attachment":"scroll","background-type":"","background-media":"","overlay-type":"","overlay-color":"","overlay-opacity":"","overlay-gradient":""},"tablet":{"background-color":"var(--ast-global-color-5)","background-image":"","background-repeat":"repeat","background-position":"center center","background-size":"auto","background-attachment":"scroll","background-type":"","background-media":"","overlay-type":"","overlay-color":"","overlay-opacity":"","overlay-gradient":""},"mobile":{"background-color":"var(--ast-global-color-5)","background-image":"","background-repeat":"repeat","background-position":"center center","background-size":"auto","background-attachment":"scroll","background-type":"","background-media":"","overlay-type":"","overlay-color":"","overlay-opacity":"","overlay-gradient":""}},"footnotes":""},"class_list":["post-28","page","type-page","status-publish","hentry"],"post_mailing_queue_ids":[],"_links":{"self":[{"href":"https:\/\/agora.xtec.cat\/esc-jverdaguer\/wp-json\/wp\/v2\/pages\/28","targetHints":{"allow":["GET"]}}],"collection":[{"href":"https:\/\/agora.xtec.cat\/esc-jverdaguer\/wp-json\/wp\/v2\/pages"}],"about":[{"href":"https:\/\/agora.xtec.cat\/esc-jverdaguer\/wp-json\/wp\/v2\/types\/page"}],"author":[{"embeddable":true,"href":"https:\/\/agora.xtec.cat\/esc-jverdaguer\/wp-json\/wp\/v2\/users\/1"}],"replies":[{"embeddable":true,"href":"https:\/\/agora.xtec.cat\/esc-jverdaguer\/wp-json\/wp\/v2\/comments?post=28"}],"version-history":[{"count":6,"href":"https:\/\/agora.xtec.cat\/esc-jverdaguer\/wp-json\/wp\/v2\/pages\/28\/revisions"}],"predecessor-version":[{"id":3387,"href":"https:\/\/agora.xtec.cat\/esc-jverdaguer\/wp-json\/wp\/v2\/pages\/28\/revisions\/3387"}],"up":[{"embeddable":true,"href":"https:\/\/agora.xtec.cat\/esc-jverdaguer\/wp-json\/wp\/v2\/pages\/22"}],"wp:attachment":[{"href":"https:\/\/agora.xtec.cat\/esc-jverdaguer\/wp-json\/wp\/v2\/media?parent=28"}],"curies":[{"name":"wp","href":"https:\/\/api.w.org\/{rel}","templated":true}]}}