{"id":312,"date":"2016-01-20T11:54:42","date_gmt":"2016-01-20T10:54:42","guid":{"rendered":"http:\/\/agora.xtec.cat\/esc-joaquimruyra-blanes\/?page_id=312"},"modified":"2025-09-26T13:20:27","modified_gmt":"2025-09-26T11:20:27","slug":"claustre","status":"publish","type":"page","link":"https:\/\/agora.xtec.cat\/esc-joaquimruyra-blanes\/lescola\/claustre\/","title":{"rendered":"Claustre"},"content":{"rendered":"<p><a href=\"https:\/\/agora.xtec.cat\/esc-joaquimruyra-blanes\/wp-content\/uploads\/usu757\/2025\/09\/IMG_5697-2-1-1-min-scaled.jpg\"><img loading=\"lazy\" decoding=\"async\" class=\"alignnone size-large wp-image-18921\" src=\"https:\/\/agora.xtec.cat\/esc-joaquimruyra-blanes\/wp-content\/uploads\/usu757\/2025\/09\/IMG_5697-2-1-1-min-1024x768.jpg\" alt=\"\" width=\"1024\" height=\"768\" srcset=\"https:\/\/agora.xtec.cat\/esc-joaquimruyra-blanes\/wp-content\/uploads\/usu757\/2025\/09\/IMG_5697-2-1-1-min-1024x768.jpg 1024w, https:\/\/agora.xtec.cat\/esc-joaquimruyra-blanes\/wp-content\/uploads\/usu757\/2025\/09\/IMG_5697-2-1-1-min-300x225.jpg 300w, https:\/\/agora.xtec.cat\/esc-joaquimruyra-blanes\/wp-content\/uploads\/usu757\/2025\/09\/IMG_5697-2-1-1-min-768x576.jpg 768w, https:\/\/agora.xtec.cat\/esc-joaquimruyra-blanes\/wp-content\/uploads\/usu757\/2025\/09\/IMG_5697-2-1-1-min-1536x1152.jpg 1536w, https:\/\/agora.xtec.cat\/esc-joaquimruyra-blanes\/wp-content\/uploads\/usu757\/2025\/09\/IMG_5697-2-1-1-min-2048x1536.jpg 2048w, https:\/\/agora.xtec.cat\/esc-joaquimruyra-blanes\/wp-content\/uploads\/usu757\/2025\/09\/IMG_5697-2-1-1-min-200x150.jpg 200w\" sizes=\"auto, (max-width: 1024px) 100vw, 1024px\" \/><\/a><\/p>\n<table style=\"width: 22.5561%;\">\n<tbody>\n<tr>\n<td style=\"width: 100%;\"><span style=\"font-weight: 400;\">PROFESSORAT<\/span><\/td>\n<\/tr>\n<tr>\n<td style=\"width: 100%;\"><b>Equip<\/b> <b>directiu<\/b><\/td>\n<\/tr>\n<tr>\n<td style=\"width: 100%;\"><span style=\"font-weight: 400;\">MAITE CASAUS &#8211; Directora<\/span><\/td>\n<\/tr>\n<tr>\n<td style=\"width: 100%;\"><span style=\"font-weight: 400;\">MONTSE RIVAS &#8211; Cap d\u2019Estudis<\/span><\/td>\n<\/tr>\n<tr>\n<td style=\"width: 100%;\"><span style=\"font-weight: 400;\">EVA DELGADO &#8211; Secret\u00e0ria<\/span><\/td>\n<\/tr>\n<tr>\n<td style=\"width: 100%;\"><b>Infantil<\/b><\/td>\n<\/tr>\n<tr>\n<td style=\"width: 100%;\"><span style=\"font-weight: 400;\">ANA L\u00d3PEZ &#8211; I3<\/span><\/td>\n<\/tr>\n<tr>\n<td style=\"width: 100%;\"><span style=\"font-weight: 400;\">CRISTINA FUSTER &#8211; I4A<\/span><\/td>\n<\/tr>\n<tr>\n<td style=\"width: 100%;\"><span style=\"font-weight: 400;\">VANESSA CODINA &#8211; I4B<\/span><\/td>\n<\/tr>\n<tr>\n<td style=\"width: 100%;\"><span style=\"font-weight: 400;\">CARMEN TORRES &#8211; I5A<\/span><\/td>\n<\/tr>\n<tr>\n<td style=\"width: 100%;\"><span style=\"font-weight: 400;\">MARTA POZO &#8211; I5B<\/span><\/td>\n<\/tr>\n<tr>\n<td style=\"width: 100%;\"><b>Prim\u00e0ria<\/b><\/td>\n<\/tr>\n<tr>\n<td style=\"width: 100%;\"><span style=\"font-weight: 400;\">SARA BOQUERA 1r<\/span><\/td>\n<\/tr>\n<tr>\n<td style=\"width: 100%;\"><span style=\"font-weight: 400;\">MARTA VILELLA 2n<\/span><\/td>\n<\/tr>\n<tr>\n<td style=\"width: 100%;\"><span style=\"font-weight: 400;\">MARINA RODR\u00cdGUEZ 3r<\/span><\/td>\n<\/tr>\n<tr>\n<td style=\"width: 100%;\"><span style=\"font-weight: 400;\">EMMA JUKES 4t<\/span><\/td>\n<\/tr>\n<tr>\n<td style=\"width: 100%;\"><span style=\"font-weight: 400;\">LIDIA BERM\u00daDEZ 5\u00e8A<\/span><\/td>\n<\/tr>\n<tr>\n<td style=\"width: 100%;\"><span style=\"font-weight: 400;\">CL\u00c0UDIA RIGAU 5\u00e8B<\/span><\/td>\n<\/tr>\n<tr>\n<td style=\"width: 100%;\"><span style=\"font-weight: 400;\">ANNA CUENCA 6\u00e8<\/span><\/td>\n<\/tr>\n<tr>\n<td style=\"width: 100%;\"><b>Especialistes<\/b><\/td>\n<\/tr>\n<tr>\n<td style=\"width: 100%;\"><span style=\"font-weight: 400;\">GLORIA PUENTES &#8211; Ed. F\u00edsica + M\u00fasica 6\u00e8<\/span><\/td>\n<\/tr>\n<tr>\n<td style=\"width: 100%;\"><span style=\"font-weight: 400;\">CL\u00c0UDIA RIGAU &#8211; M\u00fasica 5\u00e8<\/span><\/td>\n<\/tr>\n<tr>\n<td style=\"width: 100%;\"><span style=\"font-weight: 400;\">M\u00cdRIAM P\u00c9REZ &#8211; M\u00fasica Ed. INF, CI i CM<\/span><\/td>\n<\/tr>\n<tr>\n<td style=\"width: 100%;\"><span style=\"font-weight: 400;\">CARME ARNAU &#8211; MESI<\/span><\/td>\n<\/tr>\n<tr>\n<td style=\"width: 100%;\"><span style=\"font-weight: 400;\">LAIA RIGAU &#8211; Religi\u00f3 + suport CI<\/span><\/td>\n<\/tr>\n<tr>\n<td style=\"width: 100%;\"><span style=\"font-weight: 400;\">SANDRA JANZEN &#8211; Ed. F\u00edsica<\/span><\/td>\n<\/tr>\n<tr>\n<td style=\"width: 100%;\"><span style=\"font-weight: 400;\">ANNA CUENCA \/ JUDITH SAMPERE\/LIDIA BERM\u00daDEZ- Angl\u00e8s<\/span><\/td>\n<\/tr>\n<tr>\n<td style=\"width: 100%;\"><span style=\"font-weight: 400;\">ANDREA ROCA &#8211; Suport Ed. Infantil<\/span><\/td>\n<\/tr>\n<tr>\n<td style=\"width: 100%;\"><span style=\"font-weight: 400;\">EVA DELGADO\/MONTSE RIVAS\/MAITE CASAUS &#8211; suport CM i\/o CS<\/span><\/td>\n<\/tr>\n<tr>\n<td style=\"width: 100%;\"><span style=\"font-weight: 400;\">MARTA CAUPENA &#8211; Aula d\u2019Acollida<\/span><\/td>\n<\/tr>\n<tr>\n<td style=\"width: 100%;\"><span style=\"font-weight: 400;\">JOEL MAC\u00cdAS \/ T\u00e8cnic d\u2019Integraci\u00f3 Social<\/span><\/td>\n<\/tr>\n<\/tbody>\n<\/table>\n<table>\n<tbody>\n<tr style=\"height: 31px;\">\n<td style=\"height: 31px; width: 100.467%;\" colspan=\"2\"><strong style=\"background-color: #f9f9f9;\">PERSONAL NO DOCENT<\/strong><\/td>\n<\/tr>\n<tr style=\"height: 31px;\">\n<td style=\"height: 31px; width: 40.4255%;\"><strong>Conserge<\/strong><\/td>\n<td style=\"height: 31px; width: 60.0417%;\"><strong>\u00d2scar P\u00e9rez<\/strong><\/td>\n<\/tr>\n<tr style=\"height: 31px;\">\n<td style=\"height: 31px; width: 40.4255%;\"><strong style=\"background-color: #f9f9f9;\">Administrativa<\/strong><\/td>\n<td style=\"height: 31px; width: 60.0417%;\"><strong style=\"background-color: #f9f9f9;\">Adriana Soriano<\/strong><\/td>\n<\/tr>\n<tr style=\"height: 31px;\">\n<td style=\"height: 31px; width: 40.4255%;\"><strong style=\"background-color: #ffffff;\">Vetlladores<\/strong><\/td>\n<td style=\"height: 31px; width: 60.0417%;\"><strong>Vanesa Abril i Olga Catal\u00e0<\/strong><\/td>\n<\/tr>\n<tr style=\"height: 31px;\">\n<td style=\"height: 31px; width: 40.4255%;\"><strong style=\"background-color: #f9f9f9;\">TEI<\/strong><\/td>\n<td style=\"height: 31px; width: 60.0417%;\"><strong style=\"background-color: #f9f9f9;\">Susanna Borrell<\/strong><\/td>\n<\/tr>\n<tr style=\"height: 31px;\">\n<td style=\"height: 31px; width: 100.467%;\" colspan=\"2\"><strong>MENJADOR<\/strong><\/td>\n<\/tr>\n<tr style=\"height: 31px;\">\n<td style=\"height: 31px; width: 40.4255%;\"><strong>Cuinera<\/strong><\/td>\n<td style=\"height: 31px; width: 60.0417%;\"><strong>Susana Ruiz<\/strong><\/td>\n<\/tr>\n<tr style=\"height: 31px;\">\n<td style=\"height: 31px; width: 40.4255%;\"><strong>Coordinadores<\/strong><\/td>\n<td style=\"height: 31px; width: 60.0417%;\"><strong>J\u00falia Pe\u00f1a i Cristina Burguet<\/strong><\/td>\n<\/tr>\n<\/tbody>\n<\/table>\n<p>&nbsp;<\/p>\n","protected":false},"excerpt":{"rendered":"<p><a href=\"https:\/\/agora.xtec.cat\/esc-joaquimruyra-blanes\/wp-content\/uploads\/usu757\/2025\/09\/IMG_5697-2-1-1-min-scaled.jpg\"><\/a><\/p>\n<p>PROFESSORAT<\/p>\n<p>Equip directiu<\/p>\n<p>MAITE CASAUS &#8211; Directora<\/p>\n<p>MONTSE RIVAS &#8211; Cap d\u2019Estudis<\/p>\n<p>EVA DELGADO &#8211; Secret\u00e0ria<\/p>\n<p>Infantil<\/p>\n<p>ANA L\u00d3PEZ &#8211; I3<\/p>\n<p>CRISTINA FUSTER &#8211; I4A<\/p>\n<p>VANESSA CODINA &#8211; I4B<\/p>\n<p>CARMEN TORRES &#8211; I5A<\/p>\n<p>MARTA POZO &#8211; I5B<\/p>\n<p>Prim\u00e0ria<\/p>\n<p>SARA BOQUERA 1r<\/p>\n<p>MARTA VILELLA 2n<\/p>\n<p>MARINA RODR\u00cdGUEZ 3r<\/p>\n<p>EMMA JUKES 4t<\/p>\n<p>LIDIA BERM\u00daDEZ 5\u00e8A<\/p>\n<p>CL\u00c0UDIA RIGAU 5\u00e8B<\/p>\n<p>ANNA CUENCA 6\u00e8<\/p>\n<p>Especialistes<\/p>\n<p>GLORIA PUENTES &#8211; Ed.&hellip;  <a href=\"https:\/\/agora.xtec.cat\/esc-joaquimruyra-blanes\/lescola\/claustre\/\" title=\"Read Claustre\">Llegeix m\u00e9s\u00bb<\/a><\/p>\n","protected":false},"author":1,"featured_media":0,"parent":22,"menu_order":70,"comment_status":"closed","ping_status":"closed","template":"page-templates\/side-menu.php","meta":{"_bbp_topic_count":0,"_bbp_reply_count":0,"_bbp_total_topic_count":0,"_bbp_total_reply_count":0,"_bbp_voice_count":0,"_bbp_anonymous_reply_count":0,"_bbp_topic_count_hidden":0,"_bbp_reply_count_hidden":0,"_bbp_forum_subforum_count":0,"footnotes":""},"class_list":["post-312","page","type-page","status-publish","hentry"],"post_mailing_queue_ids":[],"_links":{"self":[{"href":"https:\/\/agora.xtec.cat\/esc-joaquimruyra-blanes\/wp-json\/wp\/v2\/pages\/312","targetHints":{"allow":["GET"]}}],"collection":[{"href":"https:\/\/agora.xtec.cat\/esc-joaquimruyra-blanes\/wp-json\/wp\/v2\/pages"}],"about":[{"href":"https:\/\/agora.xtec.cat\/esc-joaquimruyra-blanes\/wp-json\/wp\/v2\/types\/page"}],"author":[{"embeddable":true,"href":"https:\/\/agora.xtec.cat\/esc-joaquimruyra-blanes\/wp-json\/wp\/v2\/users\/1"}],"replies":[{"embeddable":true,"href":"https:\/\/agora.xtec.cat\/esc-joaquimruyra-blanes\/wp-json\/wp\/v2\/comments?post=312"}],"version-history":[{"count":11,"href":"https:\/\/agora.xtec.cat\/esc-joaquimruyra-blanes\/wp-json\/wp\/v2\/pages\/312\/revisions"}],"predecessor-version":[{"id":18924,"href":"https:\/\/agora.xtec.cat\/esc-joaquimruyra-blanes\/wp-json\/wp\/v2\/pages\/312\/revisions\/18924"}],"up":[{"embeddable":true,"href":"https:\/\/agora.xtec.cat\/esc-joaquimruyra-blanes\/wp-json\/wp\/v2\/pages\/22"}],"wp:attachment":[{"href":"https:\/\/agora.xtec.cat\/esc-joaquimruyra-blanes\/wp-json\/wp\/v2\/media?parent=312"}],"curies":[{"name":"wp","href":"https:\/\/api.w.org\/{rel}","templated":true}]}}