{"id":12257,"date":"2021-01-11T16:06:57","date_gmt":"2021-01-11T15:06:57","guid":{"rendered":"http:\/\/agora.xtec.cat\/esc-joaquimruyra-blanes\/?page_id=12257"},"modified":"2021-05-31T15:44:34","modified_gmt":"2021-05-31T13:44:34","slug":"curs-2019-2020","status":"publish","type":"page","link":"https:\/\/agora.xtec.cat\/esc-joaquimruyra-blanes\/projecte-educatiu\/projecte-del-mar\/curs-2019-2020\/","title":{"rendered":"CURS 2019-2020"},"content":{"rendered":"<p>EDUCACI\u00d3 INFANTIL<\/p>\n<p>Benvolgudes fam\u00edlies d&#8217;Educaci\u00f3 Infantil,<\/p>\n<p>Cada curs realitzem el\u00a0 Projecte d\u2019Apadrinament de la Platja de l\u2019escola de La Vila, i, tot i que aquest mes de maig estem distanciats, l&#8217;equip de mestres d&#8217;Educaci\u00f3 Infantil hem pensat fer-vos arribar, durant les properes setmanes,<span style=\"font-weight: 400;\"> reptes relacionats amb el mar. Concretament, amb els organismes marins que donen nom a les nostres classes d\u2019infantil: estrelles de mar (P3), dofins (P4) i tortugues marines (P5).<\/span><\/p>\n<p>Durant les passejades no us oblideu de mirar el mar. Cada dia ens regala una imatge diferent.<\/p>\n<p>Esperem que gaudiu molt del reptes!<\/p>\n<p>Una abra\u00e7ada.<\/p>\n<p><a href=\"https:\/\/drive.google.com\/file\/d\/1e-9mK8wU_gFL6smnWxo_Bo_76dM2NCBA\/view\">Reptes per a l\u2019alumnat d\u2019educaci\u00f3 Infantil (9a setmana).\u00a0<\/a> (clica la frase per accedir)<\/p>\n<p><a href=\"https:\/\/agora.xtec.cat\/esc-joaquimruyra-blanes\/wp-content\/uploads\/usu757\/2020\/04\/mascotes-classes.jpg\"><img loading=\"lazy\" decoding=\"async\" class=\"aligncenter size-large wp-image-10631\" src=\"https:\/\/agora.xtec.cat\/esc-joaquimruyra-blanes\/wp-content\/uploads\/usu757\/2020\/04\/mascotes-classes-1024x237.jpg\" alt=\"\" width=\"1024\" height=\"237\" srcset=\"https:\/\/agora.xtec.cat\/esc-joaquimruyra-blanes\/wp-content\/uploads\/usu757\/2020\/04\/mascotes-classes-1024x237.jpg 1024w, https:\/\/agora.xtec.cat\/esc-joaquimruyra-blanes\/wp-content\/uploads\/usu757\/2020\/04\/mascotes-classes-300x70.jpg 300w, https:\/\/agora.xtec.cat\/esc-joaquimruyra-blanes\/wp-content\/uploads\/usu757\/2020\/04\/mascotes-classes-768x178.jpg 768w, https:\/\/agora.xtec.cat\/esc-joaquimruyra-blanes\/wp-content\/uploads\/usu757\/2020\/04\/mascotes-classes.jpg 1134w\" sizes=\"auto, (max-width: 1024px) 100vw, 1024px\" \/><\/a><\/p>\n<p>Benvolgudes fam\u00edlies d\u2019Educaci\u00f3 Infantil,<\/p>\n<p>Aquesta setmana a les propostes continuem relacionades amb els organismes marins que donen nom a les nostres classes d\u2019infantil: <strong>estrelles de mar<\/strong> (P3), <strong>dofins<\/strong> (P4) i <strong>tortugues marines<\/strong> (P5). Animeu-vos! Hi ha una gran diversistat de reptes: cantar, ballar, fer manualitats&#8230;.<\/p>\n<p>Esperem que gaudiu molt del reptes!<\/p>\n<p>Una abra\u00e7ada.<\/p>\n<p><a href=\"https:\/\/drive.google.com\/file\/d\/1D05mMlIVBl896xLwPRnvEqVdiGNd7aVs\/view\">Reptes per a l&#8217;alumnat\u00a0 d&#8217;Educaci\u00f3 Infantil (10a setmana).<\/a>\u00a0 (clica la frase per accedir)<\/p>\n<p><a href=\"https:\/\/agora.xtec.cat\/esc-joaquimruyra-blanes\/wp-content\/uploads\/usu757\/2020\/05\/17154253_1__275x250.jpg\"><img loading=\"lazy\" decoding=\"async\" class=\"size-full wp-image-11011 aligncenter\" src=\"https:\/\/agora.xtec.cat\/esc-joaquimruyra-blanes\/wp-content\/uploads\/usu757\/2020\/05\/17154253_1__275x250.jpg\" alt=\"\" width=\"275\" height=\"250\" \/><\/a><\/p>\n<p>Benvolgudes fam\u00edlies d\u2019Educaci\u00f3 Infantil,<\/p>\n<p>Esperem que tots estigueu b\u00e9. Comencem el mes de juny i aquesta setmana us fem arribar les \u00faltimes propostes de la tem\u00e0tica del mar i del projecte &#8220;Apadrinem la platja de la Vila&#8221;. L&#8217;equip de mestres us hem preparat unes petites sorpreses: uns contes molt divertits, un joc del tresor del pirata, la can\u00e7\u00f3 de la &#8220;Balena Enriqueta&#8221;&#8230;<\/p>\n<p>Esperem que gaudiu molt del reptes en familia!<\/p>\n<p>Una abra\u00e7ada.<\/p>\n<p><a href=\"https:\/\/drive.google.com\/file\/d\/1dKhRnIK_gNEthRTUnIba4eG_UPZuGhDa\/view\">Reptes per a l\u2019alumnat\u00a0 d\u2019Educaci\u00f3 Infantil (11a setmana)<\/a>.\u00a0 (clica la frase per accedir)<\/p>\n<p><a href=\"https:\/\/agora.xtec.cat\/esc-joaquimruyra-blanes\/wp-content\/uploads\/usu757\/2020\/06\/pirata.jpg\"><img loading=\"lazy\" decoding=\"async\" class=\"aligncenter wp-image-11066\" src=\"https:\/\/agora.xtec.cat\/esc-joaquimruyra-blanes\/wp-content\/uploads\/usu757\/2020\/06\/pirata.jpg\" alt=\"\" width=\"239\" height=\"238\" srcset=\"https:\/\/agora.xtec.cat\/esc-joaquimruyra-blanes\/wp-content\/uploads\/usu757\/2020\/06\/pirata.jpg 600w, https:\/\/agora.xtec.cat\/esc-joaquimruyra-blanes\/wp-content\/uploads\/usu757\/2020\/06\/pirata-150x150.jpg 150w, https:\/\/agora.xtec.cat\/esc-joaquimruyra-blanes\/wp-content\/uploads\/usu757\/2020\/06\/pirata-300x300.jpg 300w\" sizes=\"auto, (max-width: 239px) 100vw, 239px\" \/><\/a><\/p>\n<p>&nbsp;<\/p>\n<p>&nbsp;<\/p>\n<p>CICLE INICIAL<\/p>\n<p>Benvolgudes fam\u00edlies de Cicle Inicial,<\/p>\n<p>Ja estem al mes de juny i aquesta setmana comencem la tem\u00e0tica del mar amb el projecte \u201cApadrinem la platja de la Vila\u201d.<\/p>\n<p>El capit\u00e0 Malapata s&#8217;ha posat en contacte amb l\u2019equip de mestres de cicle inicial per demanar-nos ajuda. Nosaltres hem pensat que els i les alumnes de primer i segon s\u00f3n els\/les indicats\/des per realitzar les aventures que ens proposa el capit\u00e0.<\/p>\n<p>Esperem que gaudiu molt amb els reptes del projecte!<\/p>\n<p>Una abra\u00e7ada.<\/p>\n<p><a href=\"https:\/\/drive.google.com\/file\/d\/127S59275bFBre5uWxzsKbjZqbTWnR5Gt\/view?usp=sharing\">Repte per a l\u2019alumnat\u00a0 de primer i segon de prim\u00e0ria<\/a> (11a setmana)<\/p>\n<p>(clica damunt la frase per accedir)<\/p>\n<p><a href=\"https:\/\/agora.xtec.cat\/esc-joaquimruyra-blanes\/wp-content\/uploads\/usu757\/2020\/06\/pirata.jpg\"><img loading=\"lazy\" decoding=\"async\" class=\"aligncenter wp-image-11066\" src=\"https:\/\/agora.xtec.cat\/esc-joaquimruyra-blanes\/wp-content\/uploads\/usu757\/2020\/06\/pirata.jpg\" sizes=\"auto, (max-width: 239px) 100vw, 239px\" srcset=\"https:\/\/agora.xtec.cat\/esc-joaquimruyra-blanes\/wp-content\/uploads\/usu757\/2020\/06\/pirata.jpg 600w, https:\/\/agora.xtec.cat\/esc-joaquimruyra-blanes\/wp-content\/uploads\/usu757\/2020\/06\/pirata-150x150.jpg 150w, https:\/\/agora.xtec.cat\/esc-joaquimruyra-blanes\/wp-content\/uploads\/usu757\/2020\/06\/pirata-300x300.jpg 300w\" alt=\"\" width=\"239\" height=\"238\" \/><\/a><\/p>\n<p>&nbsp;<\/p>\n<p>CICLE MITJ\u00c0<\/p>\n<p>Els alumnes de 3r i 4t han ajudat al cient\u00edfic Oli a resoldre uns misteris sobre la nostra platja. Missi\u00f3 a missi\u00f3 han anat descobrint el valor del patrimoni natural de l&#8217;espai que apadrinem i el delta de la Tordera. Si exploreu les imatges del suro descobrireu com han resolt les missions. Tots els alumnes ara formen part de l&#8217;equip de cient\u00edfics compromesos amb el medi ambient, per cuidar i respectar els espais naturals.<\/p>\n<p>&nbsp;<\/p>\n<div class=\"container-wrapper-genially\" style=\"position: relative; min-height: 400px; max-width: 100%;\">\n<p><video class=\"loader-genially\" style=\"position: absolute; top: 45%; left: 50%; transform: translate(-50%, -50%); width: 80px; height: 80px; margin-bottom: 10%;\" autoplay=\"autoplay\" loop=\"loop\" muted=\"muted\" width=\"300\" height=\"150\" data-mce-fragment=\"1\"><source src=\"https:\/\/static.genial.ly\/resources\/panel-loader-low.mp4\" type=\"video\/mp4\" \/>Your browser does not support the video tag.<\/video><\/p>\n<\/div>\n<div class=\"genially-embed\" style=\"margin: 0px auto; position: relative; height: auto; width: 100%;\">CICLE SUPERIOR<\/div>\n<div><\/div>\n<div>\n<p>5\u00c8<\/p>\n<p>Us animem a visitar tots el treballs, produccions, creacions fetes per l&#8217;alumnat de 6\u00e8 durant el confinament! Certament, el resultat de tot plegat \u00e9s FANT\u00c0STIC! Moltes felicitats nens i nenes!Volem agrair especialment a les fam\u00edlies perqu\u00e8 sense la seva implicaci\u00f3, ajuda, orientaci\u00f3, guia&#8230; aquests resultats no haurien sigut tan satisfactoris. GR\u00c0CIES!<\/p>\n<div class=\"container-wrapper-genially\" style=\"position: relative; min-height: 400px; max-width: 100%;\">\n<p>&nbsp;<\/p>\n<p>&nbsp;<\/p>\n<p><video class=\"loader-genially\" style=\"position: absolute; top: 45%; left: 50%; transform: translate(-50%, -50%); width: 80px; height: 80px; margin-bottom: 10%;\" autoplay=\"autoplay\" loop=\"loop\" muted=\"muted\" width=\"300\" height=\"150\"><source src=\"https:\/\/static.genial.ly\/resources\/panel-loader-low.mp4\" type=\"video\/mp4\" \/>Your browser does not support the video tag.<\/video><\/p>\n<\/div>\n<\/div>\n<div class=\"genially-embed\" style=\"margin: 0px auto; position: relative; height: auto; width: 100%;\">\n<p>6\u00c8<\/p>\n<p>Els alumnes de sis\u00e8 van anar a r\u00e0dio Blanes i van ser entrevistats per parlar de <em>l\u2019Esport Blau. Si voleu podeu fer un cop d\u2019ull a l\u2019entrevista que es van preparar, ja que pot ser \u00fatil per resoldre dubtes que puguin sortir a les fam\u00edlies de cinqu\u00e8.<\/em><\/p>\n<p>Entrevista:<\/p>\n<p><strong>Esport Blau Escolar<\/strong><\/p>\n<p>El programa Esport Blau Escolar \u00e9s un programa escolar de la Federaci\u00f3 Catalana de Vela, que vol acostar els esports de mar als alumnes de prim\u00e0ria que viuen al litoral.<\/p>\n<p>L\u2019escola Joquim Ruyra de Blanes ha estat escollida \u00a0aquest curs 2019-2020 per portar a terme aquest programa, destinat als alumnes de 5\u00e8 de Prim\u00e0ria. Es tracta d\u2019una activitat curricular que es far\u00e0 en deu sessions en horari escolar per a 25 alumnes.<\/p>\n<p>El projecte en principi t\u00e9 una durada de cinc anys i l\u2019objectiu \u00e9s incorporar-lo en altres escoles del municipi.<\/p>\n<p>El club de Vela t\u00e9 com a prioritat promocionar l\u2019esport de la vela, potenciar el treball en equip, el respecte al medi ambient i el descobriment del litoral catal\u00e0.<\/p>\n<p>El programa aquest any est\u00e0 subvencionat pels diferents promotors de l\u2019activitat, que son: \u00a0la Federaci\u00f3 Catalana de Vela, el Consell Catal\u00e0 de l\u2019esport, el Club de Vela Blanes, l\u2019Ajuntament i en el nostre cas tamb\u00e9 ens aporta una part l\u2019AMPA.<\/p>\n<p>\u2013<strong>Cada quan aneu a fer Vela?<\/strong><\/p>\n<p>Anem quinzenalment (cada quinze dies) , en les hores d\u2019Educaci\u00f3 F\u00edsica. Sortim a les 9 de l\u2019escola i tornem a les 11 just per anar al pati. A l\u2019aigua estem uns 50 minuts aproximadament.<\/p>\n<p><strong>-Qui us acompanya?<\/strong><\/p>\n<p>-Ens acompanya el personal del club de Vela i la nostra mestra d\u2019Educaci\u00f3 F\u00edsica fins al port, all\u00e0 ens esperen m\u00e9s instructors.<\/p>\n<p><strong>\u2013 Com heu d\u2019anar preparats per anar a Vela?<\/strong><\/p>\n<p>Roba c\u00f2moda, paravents i una motxilla amb roba i sabates de recanvi per si ens mullem, tamb\u00e9 es recomanable portar una ampolleta d\u2019aigua i a partir de la primavera no oblidar la crema solar, gorra i ulleres de sol.<\/p>\n<p><strong>-Utilitzeu alguna mesura de seguretat?<\/strong><\/p>\n<p>-Quan arribem al Club de Vela ens posem una armilla de seguretat per si ens caiem del vaixell.<\/p>\n<p><strong>-Algun cop us heu caigut del vaixell?<\/strong><\/p>\n<p>-No, es for\u00e7a improbable, \u00a0per\u00f2 si ens hem mullat una mica.<\/p>\n<p><strong>-Que apreneu al vaixell?<\/strong><\/p>\n<p>-A portar-lo, a girar i les parts del vaixell.<\/p>\n<p><strong>-I quines s\u00f3n les parts del vaixell?<\/strong><\/p>\n<p>-La botavara, la vela major, el floc, el casc, l\u2019orsa i el tim\u00f3\u2026 I tamb\u00e9 on se situa la proa, la popa, estribord i babord.<\/p>\n<p><strong>\u2013 A part dels aspectes te\u00f2rics us deixen maniobrar el vaixell?<\/strong><\/p>\n<p>Ens ensenyen a portar el tim\u00f3, el floc i la vela major. Ens ensenyen a girar.<\/p>\n<p>Podem portar el tim\u00f3 sols per\u00f2 si necessitem ajuda, ens ajuda el nostre monitor.<\/p>\n<p><strong>-Quin tipus de vaixell utilitzeu?<\/strong><\/p>\n<p><strong>\u2013<\/strong>Nosaltres utilitzem\u00a0<em>el Raquero, l\u2019Optimist i el Ludic.<\/em><\/p>\n<p><strong>-Com us organitzeu?<\/strong><\/p>\n<p>\u2013 Una vegada que portem l\u2019armilla de seguretat, ens dividim en 4 grups d\u2019unes 6 persones aproximadament, cada grup va en un vaixell de vela amb instructor.<\/p>\n<p>En total sortim a mar 4 vaixells de vela i una llanxa motora r\u00e0pida de suport.<\/p>\n<p><strong>-Com us sentiu quan feu Vela? Teniu por? Us maregeu?<\/strong><\/p>\n<p>Al principi ens sentim una mica nerviosos, alguns amb un xic de por, per\u00f2 a mesura que agafem confian\u00e7a passem a sentir-nos molt b\u00e9 i lliures.<\/p>\n<p><strong>-Finalment, dir\u00edeu que us agrada fer Vela?<\/strong><\/p>\n<p>S\u00ed, \u00e9s molt divertit i diferent al que fem normalment. Tenim una oportunitat per fer una volta pel mar i veure paisatges diferents.<\/p>\n<p>Veiem la platja, Sa Palomera i el cole des del mar!<\/p>\n<p>ENS ENCANTA!<\/p>\n<p><a href=\"https:\/\/www.radioblanes.cat\/programs\/leducacioalaradio\/radioblanes_podcast_5308?ref=wa\">https:\/\/www.radioblanes.cat\/programs\/leducacioalaradio\/radioblanes_podcast_5308?ref=wa<\/a><\/p>\n<p>&nbsp;<\/p>\n<p>6\u00c8 <strong>LET&#8217;S GO ON A FIELDTRIP TO THE NATIONAL AQUARIUM IN WASHINGTON<\/strong><\/p>\n<p>This time we will visit the National Aquarium in Washington (USA).?? Here you have the link to the <a href=\"https:\/\/aqua.org\/Experience\">website!! <\/a>Feel free to surf on the page and visit the different experiences that it offers.<\/p>\n<p><img decoding=\"async\" src=\"https:\/\/retail.regionaldirectory.us\/aquariums-and-supplies\/aquarium-720-dc.jpg\" alt=\"Aquariums &amp; Supplies Retailers in Washington, DC\" \/><\/p>\n<p>&nbsp;<\/p>\n<p>We suggest you this activities classified depending on the grade. You will also find a big amount of activities to do in the website, feel free to use them!! We hope you have an amazing experience and learn a lot about these fabulous animals!<\/p>\n<p><iframe loading=\"lazy\" src=\"\/\/giphy.com\/embed\/10h8d7DM6tOTK\" width=\"480\" height=\"318\" frameborder=\"0\"><\/iframe><\/p>\n<p>&nbsp;<\/p>\n<p><strong>Educaci\u00f3 Infantil and Cicle Inicial:<\/strong><\/p>\n<p>Pick up an animal that you like best and make the most beautiful drawing of it!!<\/p>\n<p>Remember to write down its name and its colours!! You can make it in a white sheet or with cardboard!! Use your imagination and creativity to surprise everybody with your creation! You will do great!!<\/p>\n<p><strong>Cicle Mitj\u00e0 and Cicle Superior:<\/strong><\/p>\n<p>Move around the different rooms <a href=\"http:\/\/samuraivirtualtours.com\/example\/nab\/index.html\">here<\/a> and find out the answers to that <a href=\"https:\/\/docs.google.com\/forms\/d\/e\/1FAIpQLSfb_4bs78BrJVMUTN72ysd9tr8gW40R0g5siHazrGEGaPsTGg\/viewform?usp=sf_link\">questionary<\/a> for your favourite animal!<\/p>\n<p>After that, make a <strong>mind map<\/strong> of it in the Aquarium! You can choose one or as many as you wish!! There&#8217;s plenty of amazing creatures in there!! We hope you enjoy the visit!<\/p>\n<p><img decoding=\"async\" src=\"https:\/\/www.washingtonpost.com\/resizer\/V-vSkhe7XI6J906IUpOZFlRYHJg=\/1920x1080\/filters:quality(80)\/posttv-thumbnails-prod.s3.amazonaws.com\/thumbnails\/5e6fb4e652faff0001a16990\/232925_scaled.jpg\" alt=\"Penguins go on 'field trip' after Chicago's Shedd Aquarium shuts ...\" \/><\/p>\n<\/div>\n<div><strong>CONCURS PORTADA DE L&#8217;AGENDA DE L&#8217;ESCOLA<\/strong><\/div>\n<div><\/div>\n<div>\n<p>Els guanyadors del Concurs per la portada de l&#8217;agenda del proper curs han estat:<\/p>\n<p><strong>Carmen Garcia de P4<\/strong><\/p>\n<p><a href=\"https:\/\/agora.xtec.cat\/esc-joaquimruyra-blanes\/wp-content\/uploads\/usu757\/2020\/05\/Carmencita.jpg\"><img loading=\"lazy\" decoding=\"async\" class=\"alignnone wp-image-10904\" src=\"https:\/\/agora.xtec.cat\/esc-joaquimruyra-blanes\/wp-content\/uploads\/usu757\/2020\/05\/Carmencita.jpg\" alt=\"\" width=\"457\" height=\"325\" srcset=\"https:\/\/agora.xtec.cat\/esc-joaquimruyra-blanes\/wp-content\/uploads\/usu757\/2020\/05\/Carmencita.jpg 799w, https:\/\/agora.xtec.cat\/esc-joaquimruyra-blanes\/wp-content\/uploads\/usu757\/2020\/05\/Carmencita-300x213.jpg 300w, https:\/\/agora.xtec.cat\/esc-joaquimruyra-blanes\/wp-content\/uploads\/usu757\/2020\/05\/Carmencita-768x546.jpg 768w\" sizes=\"auto, (max-width: 457px) 100vw, 457px\" \/><\/a><\/p>\n<p><strong>Cl\u00e0udia Molina de 5\u00e8B<\/strong><\/p>\n<p><a href=\"https:\/\/agora.xtec.cat\/esc-joaquimruyra-blanes\/wp-content\/uploads\/usu757\/2020\/05\/Claudia-Molina.png\"><img loading=\"lazy\" decoding=\"async\" class=\"alignnone wp-image-10931\" src=\"https:\/\/agora.xtec.cat\/esc-joaquimruyra-blanes\/wp-content\/uploads\/usu757\/2020\/05\/Claudia-Molina.png\" alt=\"\" width=\"383\" height=\"501\" srcset=\"https:\/\/agora.xtec.cat\/esc-joaquimruyra-blanes\/wp-content\/uploads\/usu757\/2020\/05\/Claudia-Molina.png 235w, https:\/\/agora.xtec.cat\/esc-joaquimruyra-blanes\/wp-content\/uploads\/usu757\/2020\/05\/Claudia-Molina-230x300.png 230w\" sizes=\"auto, (max-width: 383px) 100vw, 383px\" \/><\/a><\/p>\n<p>Felicitats a les guanyadores i moltes gr\u00e0cies a tots els que heu participat!<\/p>\n<p>Us deixem els dibuixos de tots els participants.<\/p>\n<p>Participants de P4<\/p>\n\r\n\t<div class=\"slideshow_container slideshow_container_style-light\" style=\"height: 500px; \" data-slideshow-id=\"10901\" data-style-name=\"style-light\" data-style-version=\"2.3.1\" >\r\n\r\n\t\t\t\t\t<div class=\"slideshow_loading_icon\"><\/div>\r\n\t\t\r\n\t\t<div class=\"slideshow_content\" style=\"display: none;\">\r\n\r\n\t\t\t<div class=\"slideshow_view\">\r\n\t\t\t\t<div class=\"slideshow_slide slideshow_slide_image\">\r\n\t\t\t\t\t\t\t\t\t\t\t<img src=\"https:\/\/agora.xtec.cat\/esc-joaquimruyra-blanes\/wp-content\/uploads\/usu757\/2020\/05\/Hayd\u00e9e.jpg\" alt=\"Hayd\u00e9e\" width=\"3065\" height=\"2181\" \/>\r\n\t\t\t\t\t\t\t\t\t\t<div class=\"slideshow_description_box slideshow_transparent\">\r\n\t\t\t\t\t\t<div class=\"slideshow_title\">Hayd\u00e9e<\/div>\t\t\t\t\t\t\t\t\t\t\t<\/div>\r\n\t\t\t\t<\/div>\r\n\r\n\t\t\t\t\t\t<div style=\"clear: both;\"><\/div><\/div><div class=\"slideshow_view\">\r\n\t\t\t\t<div class=\"slideshow_slide slideshow_slide_image\">\r\n\t\t\t\t\t\t\t\t\t\t\t<img src=\"https:\/\/agora.xtec.cat\/esc-joaquimruyra-blanes\/wp-content\/uploads\/usu757\/2020\/05\/Hada.jpg\" alt=\"Hada\" width=\"3069\" height=\"2221\" \/>\r\n\t\t\t\t\t\t\t\t\t\t<div class=\"slideshow_description_box slideshow_transparent\">\r\n\t\t\t\t\t\t<div class=\"slideshow_title\">Hada<\/div>\t\t\t\t\t\t\t\t\t\t\t<\/div>\r\n\t\t\t\t<\/div>\r\n\r\n\t\t\t\t\t\t<div style=\"clear: both;\"><\/div><\/div><div class=\"slideshow_view\">\r\n\t\t\t\t<div class=\"slideshow_slide slideshow_slide_image\">\r\n\t\t\t\t\t\t\t\t\t\t\t<img src=\"https:\/\/agora.xtec.cat\/esc-joaquimruyra-blanes\/wp-content\/uploads\/usu757\/2020\/05\/Dibuix-AINA-BOTA-P4.jpg\" alt=\"Dibuix AINA BOTA P4\" width=\"1700\" height=\"2338\" \/>\r\n\t\t\t\t\t\t\t\t\t\t<div class=\"slideshow_description_box slideshow_transparent\">\r\n\t\t\t\t\t\t<div class=\"slideshow_title\">Dibuix AINA BOTA P4<\/div>\t\t\t\t\t\t\t\t\t\t\t<\/div>\r\n\t\t\t\t<\/div>\r\n\r\n\t\t\t\t\t\t<div style=\"clear: both;\"><\/div><\/div><div class=\"slideshow_view\">\r\n\t\t\t\t<div class=\"slideshow_slide slideshow_slide_image\">\r\n\t\t\t\t\t\t\t\t\t\t\t<img src=\"https:\/\/agora.xtec.cat\/esc-joaquimruyra-blanes\/wp-content\/uploads\/usu757\/2020\/05\/Erik-Galvez-1.jpg\" alt=\"Erik Galvez\" width=\"1560\" height=\"2080\" \/>\r\n\t\t\t\t\t\t\t\t\t\t<div class=\"slideshow_description_box slideshow_transparent\">\r\n\t\t\t\t\t\t<div class=\"slideshow_title\">Erik Galvez<\/div>\t\t\t\t\t\t\t\t\t\t\t<\/div>\r\n\t\t\t\t<\/div>\r\n\r\n\t\t\t\t\t\t<div style=\"clear: both;\"><\/div><\/div><div class=\"slideshow_view\">\r\n\t\t\t\t<div class=\"slideshow_slide slideshow_slide_image\">\r\n\t\t\t\t\t\t\t\t\t\t\t<img src=\"https:\/\/agora.xtec.cat\/esc-joaquimruyra-blanes\/wp-content\/uploads\/usu757\/2020\/05\/Nil-Torrijos.jpg\" alt=\"Nil Torrijos\" width=\"592\" height=\"431\" \/>\r\n\t\t\t\t\t\t\t\t\t\t<div class=\"slideshow_description_box slideshow_transparent\">\r\n\t\t\t\t\t\t<div class=\"slideshow_title\">Nil Torrijos<\/div>\t\t\t\t\t\t\t\t\t\t\t<\/div>\r\n\t\t\t\t<\/div>\r\n\r\n\t\t\t\t\t\t<div style=\"clear: both;\"><\/div><\/div><div class=\"slideshow_view\">\r\n\t\t\t\t<div class=\"slideshow_slide slideshow_slide_image\">\r\n\t\t\t\t\t\t\t\t\t\t\t<img src=\"https:\/\/agora.xtec.cat\/esc-joaquimruyra-blanes\/wp-content\/uploads\/usu757\/2020\/05\/Carmencita.jpg\" alt=\"Carmen\" width=\"799\" height=\"568\" \/>\r\n\t\t\t\t\t\t\t\t\t\t<div class=\"slideshow_description_box slideshow_transparent\">\r\n\t\t\t\t\t\t<div class=\"slideshow_title\">Carmen<\/div>\t\t\t\t\t\t\t\t\t\t\t<\/div>\r\n\t\t\t\t<\/div>\r\n\r\n\t\t\t\t\t\t<div style=\"clear: both;\"><\/div><\/div>\r\n\t\t<\/div>\r\n\r\n\t\t<div class=\"slideshow_controlPanel slideshow_transparent\" style=\"display: none;\"><ul><li class=\"slideshow_togglePlay\" data-play-text=\"Visualitza\" data-pause-text=\"Pausa\"><\/li><\/ul><\/div>\r\n\r\n\t\t<div class=\"slideshow_button slideshow_previous slideshow_transparent\" role=\"button\" data-previous-text=\"Anterior\" style=\"display: none;\"><\/div>\r\n\t\t<div class=\"slideshow_button slideshow_next slideshow_transparent\" role=\"button\" data-next-text=\"Seg\u00fcent\" style=\"display: none;\"><\/div>\r\n\r\n\t\t<div class=\"slideshow_pagination\" style=\"display: none;\" data-go-to-text=\"V\u00e9s a la diapositiva\"><div class=\"slideshow_pagination_center\"><\/div><\/div>\r\n\r\n\t\t<!-- WordPress Slideshow Version 2.3.1 -->\r\n\r\n\t\t\t<\/div>\r\n\r\n\n<p>Participants de 5\u00e8A i 5\u00e8B<\/p>\n\r\n\t<div class=\"slideshow_container slideshow_container_style-light\" style=\"height: 500px; \" data-slideshow-id=\"10911\" data-style-name=\"style-light\" data-style-version=\"2.3.1\" >\r\n\r\n\t\t\t\t\t<div class=\"slideshow_loading_icon\"><\/div>\r\n\t\t\r\n\t\t<div class=\"slideshow_content\" style=\"display: none;\">\r\n\r\n\t\t\t<div class=\"slideshow_view\">\r\n\t\t\t\t<div class=\"slideshow_slide slideshow_slide_image\">\r\n\t\t\t\t\t\t\t\t\t\t\t<img src=\"https:\/\/agora.xtec.cat\/esc-joaquimruyra-blanes\/wp-content\/uploads\/usu757\/2020\/05\/Guillem-Piris.png\" alt=\"Guillem Piris\" width=\"894\" height=\"812\" \/>\r\n\t\t\t\t\t\t\t\t\t\t<div class=\"slideshow_description_box slideshow_transparent\">\r\n\t\t\t\t\t\t<div class=\"slideshow_title\">Guillem Piris<\/div>\t\t\t\t\t\t\t\t\t\t\t<\/div>\r\n\t\t\t\t<\/div>\r\n\r\n\t\t\t\t\t\t<div style=\"clear: both;\"><\/div><\/div><div class=\"slideshow_view\">\r\n\t\t\t\t<div class=\"slideshow_slide slideshow_slide_image\">\r\n\t\t\t\t\t\t\t\t\t\t\t<img src=\"https:\/\/agora.xtec.cat\/esc-joaquimruyra-blanes\/wp-content\/uploads\/usu757\/2020\/05\/Claudia-Molina.png\" alt=\"Claudia Molina\" width=\"235\" height=\"306\" \/>\r\n\t\t\t\t\t\t\t\t\t\t<div class=\"slideshow_description_box slideshow_transparent\">\r\n\t\t\t\t\t\t<div class=\"slideshow_title\">Claudia Molina<\/div>\t\t\t\t\t\t\t\t\t\t\t<\/div>\r\n\t\t\t\t<\/div>\r\n\r\n\t\t\t\t\t\t<div style=\"clear: both;\"><\/div><\/div><div class=\"slideshow_view\">\r\n\t\t\t\t<div class=\"slideshow_slide slideshow_slide_image\">\r\n\t\t\t\t\t\t\t\t\t\t\t<img src=\"https:\/\/agora.xtec.cat\/esc-joaquimruyra-blanes\/wp-content\/uploads\/usu757\/2020\/05\/Pau-Fern\u00e1ndez-5\u00e8A.jpg\" alt=\"dav\" width=\"416\" height=\"312\" \/>\r\n\t\t\t\t\t\t\t\t\t\t<div class=\"slideshow_description_box slideshow_transparent\">\r\n\t\t\t\t\t\t<div class=\"slideshow_title\">dav<\/div>\t\t\t\t\t\t\t\t\t\t\t<\/div>\r\n\t\t\t\t<\/div>\r\n\r\n\t\t\t\t\t\t<div style=\"clear: both;\"><\/div><\/div><div class=\"slideshow_view\">\r\n\t\t\t\t<div class=\"slideshow_slide slideshow_slide_image\">\r\n\t\t\t\t\t\t\t\t\t\t\t<img src=\"https:\/\/agora.xtec.cat\/esc-joaquimruyra-blanes\/wp-content\/uploads\/usu757\/2020\/05\/JoanaBartumeus.jpg\" alt=\"JoanaBartumeus\" width=\"294\" height=\"392\" \/>\r\n\t\t\t\t\t\t\t\t\t\t<div class=\"slideshow_description_box slideshow_transparent\">\r\n\t\t\t\t\t\t<div class=\"slideshow_title\">JoanaBartumeus<\/div>\t\t\t\t\t\t\t\t\t\t\t<\/div>\r\n\t\t\t\t<\/div>\r\n\r\n\t\t\t\t\t\t<div style=\"clear: both;\"><\/div><\/div><div class=\"slideshow_view\">\r\n\t\t\t\t<div class=\"slideshow_slide slideshow_slide_image\">\r\n\t\t\t\t\t\t\t\t\t\t\t<img src=\"https:\/\/agora.xtec.cat\/esc-joaquimruyra-blanes\/wp-content\/uploads\/usu757\/2020\/05\/Africa-Molas-5A.jpg\" alt=\"Africa Molas 5A\" width=\"1897\" height=\"2489\" \/>\r\n\t\t\t\t\t\t\t\t\t\t<div class=\"slideshow_description_box slideshow_transparent\">\r\n\t\t\t\t\t\t<div class=\"slideshow_title\">Africa Molas 5A<\/div>\t\t\t\t\t\t\t\t\t\t\t<\/div>\r\n\t\t\t\t<\/div>\r\n\r\n\t\t\t\t\t\t<div style=\"clear: both;\"><\/div><\/div><div class=\"slideshow_view\">\r\n\t\t\t\t<div class=\"slideshow_slide slideshow_slide_image\">\r\n\t\t\t\t\t\t\t\t\t\t\t<img src=\"https:\/\/agora.xtec.cat\/esc-joaquimruyra-blanes\/wp-content\/uploads\/usu757\/2020\/05\/Nerea.jpg\" alt=\"Nerea\" width=\"574\" height=\"625\" \/>\r\n\t\t\t\t\t\t\t\t\t\t<div class=\"slideshow_description_box slideshow_transparent\">\r\n\t\t\t\t\t\t<div class=\"slideshow_title\">Nerea<\/div>\t\t\t\t\t\t\t\t\t\t\t<\/div>\r\n\t\t\t\t<\/div>\r\n\r\n\t\t\t\t\t\t<div style=\"clear: both;\"><\/div><\/div><div class=\"slideshow_view\">\r\n\t\t\t\t<div class=\"slideshow_slide slideshow_slide_image\">\r\n\t\t\t\t\t\t\t\t\t\t\t<img src=\"https:\/\/agora.xtec.cat\/esc-joaquimruyra-blanes\/wp-content\/uploads\/usu757\/2020\/05\/J\u00falia-Vila.jpg\" alt=\"J\u00falia Vila\" width=\"750\" height=\"544\" \/>\r\n\t\t\t\t\t\t\t\t\t\t<div class=\"slideshow_description_box slideshow_transparent\">\r\n\t\t\t\t\t\t<div class=\"slideshow_title\">J\u00falia Vila<\/div>\t\t\t\t\t\t\t\t\t\t\t<\/div>\r\n\t\t\t\t<\/div>\r\n\r\n\t\t\t\t\t\t<div style=\"clear: both;\"><\/div><\/div><div class=\"slideshow_view\">\r\n\t\t\t\t<div class=\"slideshow_slide slideshow_slide_image\">\r\n\t\t\t\t\t\t\t\t\t\t\t<img src=\"https:\/\/agora.xtec.cat\/esc-joaquimruyra-blanes\/wp-content\/uploads\/usu757\/2020\/05\/pablo.jpg\" alt=\"pablo\" width=\"2267\" height=\"3233\" \/>\r\n\t\t\t\t\t\t\t\t\t\t<div class=\"slideshow_description_box slideshow_transparent\">\r\n\t\t\t\t\t\t<div class=\"slideshow_title\">pablo<\/div>\t\t\t\t\t\t\t\t\t\t\t<\/div>\r\n\t\t\t\t<\/div>\r\n\r\n\t\t\t\t\t\t<div style=\"clear: both;\"><\/div><\/div><div class=\"slideshow_view\">\r\n\t\t\t\t<div class=\"slideshow_slide slideshow_slide_image\">\r\n\t\t\t\t\t\t\t\t\t\t\t<img src=\"https:\/\/agora.xtec.cat\/esc-joaquimruyra-blanes\/wp-content\/uploads\/usu757\/2020\/05\/Ona-Pagerols-agenda.jpg\" alt=\"Ona Pagerols agenda\" width=\"2050\" height=\"2929\" \/>\r\n\t\t\t\t\t\t\t\t\t\t<div class=\"slideshow_description_box slideshow_transparent\">\r\n\t\t\t\t\t\t<div class=\"slideshow_title\">Ona Pagerols agenda<\/div>\t\t\t\t\t\t\t\t\t\t\t<\/div>\r\n\t\t\t\t<\/div>\r\n\r\n\t\t\t\t\t\t<div style=\"clear: both;\"><\/div><\/div><div class=\"slideshow_view\">\r\n\t\t\t\t<div class=\"slideshow_slide slideshow_slide_image\">\r\n\t\t\t\t\t\t\t\t\t\t\t<img src=\"https:\/\/agora.xtec.cat\/esc-joaquimruyra-blanes\/wp-content\/uploads\/usu757\/2020\/05\/Nil-Biel-agenda-e1589365385884.jpg\" alt=\"Nil Biel agenda\" width=\"2098\" height=\"1285\" \/>\r\n\t\t\t\t\t\t\t\t\t\t<div class=\"slideshow_description_box slideshow_transparent\">\r\n\t\t\t\t\t\t<div class=\"slideshow_title\">Nil Biel agenda<\/div>\t\t\t\t\t\t\t\t\t\t\t<\/div>\r\n\t\t\t\t<\/div>\r\n\r\n\t\t\t\t\t\t<div style=\"clear: both;\"><\/div><\/div><div class=\"slideshow_view\">\r\n\t\t\t\t<div class=\"slideshow_slide slideshow_slide_image\">\r\n\t\t\t\t\t\t\t\t\t\t\t<img src=\"https:\/\/agora.xtec.cat\/esc-joaquimruyra-blanes\/wp-content\/uploads\/usu757\/2020\/05\/J\u00faliaF.jpeg\" alt=\"J\u00faliaF\" width=\"480\" height=\"640\" \/>\r\n\t\t\t\t\t\t\t\t\t\t<div class=\"slideshow_description_box slideshow_transparent\">\r\n\t\t\t\t\t\t<div class=\"slideshow_title\">J\u00faliaF<\/div>\t\t\t\t\t\t\t\t\t\t\t<\/div>\r\n\t\t\t\t<\/div>\r\n\r\n\t\t\t\t\t\t<div style=\"clear: both;\"><\/div><\/div><div class=\"slideshow_view\">\r\n\t\t\t\t<div class=\"slideshow_slide slideshow_slide_image\">\r\n\t\t\t\t\t\t\t\t\t\t\t<img src=\"https:\/\/agora.xtec.cat\/esc-joaquimruyra-blanes\/wp-content\/uploads\/usu757\/2020\/05\/J\u00daLIA-DOLZ-5\u00e8B.jpg\" alt=\"J\u00daLIA DOLZ 5\u00e8B\" width=\"1700\" height=\"2338\" \/>\r\n\t\t\t\t\t\t\t\t\t\t<div class=\"slideshow_description_box slideshow_transparent\">\r\n\t\t\t\t\t\t<div class=\"slideshow_title\">J\u00daLIA DOLZ 5\u00e8B<\/div>\t\t\t\t\t\t\t\t\t\t\t<\/div>\r\n\t\t\t\t<\/div>\r\n\r\n\t\t\t\t\t\t<div style=\"clear: both;\"><\/div><\/div><div class=\"slideshow_view\">\r\n\t\t\t\t<div class=\"slideshow_slide slideshow_slide_image\">\r\n\t\t\t\t\t\t\t\t\t\t\t<img src=\"https:\/\/agora.xtec.cat\/esc-joaquimruyra-blanes\/wp-content\/uploads\/usu757\/2020\/05\/Iris.jpg\" alt=\"Iris\" width=\"1560\" height=\"2080\" \/>\r\n\t\t\t\t\t\t\t\t\t\t<div class=\"slideshow_description_box slideshow_transparent\">\r\n\t\t\t\t\t\t<div class=\"slideshow_title\">Iris<\/div>\t\t\t\t\t\t\t\t\t\t\t<\/div>\r\n\t\t\t\t<\/div>\r\n\r\n\t\t\t\t\t\t<div style=\"clear: both;\"><\/div><\/div><div class=\"slideshow_view\">\r\n\t\t\t\t<div class=\"slideshow_slide slideshow_slide_image\">\r\n\t\t\t\t\t\t\t\t\t\t\t<img src=\"https:\/\/agora.xtec.cat\/esc-joaquimruyra-blanes\/wp-content\/uploads\/usu757\/2020\/05\/I.-Vinuesa.jpg\" alt=\"I. Vinuesa\" width=\"2167\" height=\"3042\" \/>\r\n\t\t\t\t\t\t\t\t\t\t<div class=\"slideshow_description_box slideshow_transparent\">\r\n\t\t\t\t\t\t<div class=\"slideshow_title\">I. Vinuesa<\/div>\t\t\t\t\t\t\t\t\t\t\t<\/div>\r\n\t\t\t\t<\/div>\r\n\r\n\t\t\t\t\t\t<div style=\"clear: both;\"><\/div><\/div><div class=\"slideshow_view\">\r\n\t\t\t\t<div class=\"slideshow_slide slideshow_slide_image\">\r\n\t\t\t\t\t\t\t\t\t\t\t<img src=\"https:\/\/agora.xtec.cat\/esc-joaquimruyra-blanes\/wp-content\/uploads\/usu757\/2020\/05\/EMMA-5B.jpg\" alt=\"EMMA 5B\" width=\"2048\" height=\"1536\" \/>\r\n\t\t\t\t\t\t\t\t\t\t<div class=\"slideshow_description_box slideshow_transparent\">\r\n\t\t\t\t\t\t<div class=\"slideshow_title\">EMMA 5B<\/div>\t\t\t\t\t\t\t\t\t\t\t<\/div>\r\n\t\t\t\t<\/div>\r\n\r\n\t\t\t\t\t\t<div style=\"clear: both;\"><\/div><\/div><div class=\"slideshow_view\">\r\n\t\t\t\t<div class=\"slideshow_slide slideshow_slide_image\">\r\n\t\t\t\t\t\t\t\t\t\t\t<img src=\"https:\/\/agora.xtec.cat\/esc-joaquimruyra-blanes\/wp-content\/uploads\/usu757\/2020\/05\/ELOI-5A.jpg\" alt=\"ELOI 5A\" width=\"2474\" height=\"3496\" \/>\r\n\t\t\t\t\t\t\t\t\t\t<div class=\"slideshow_description_box slideshow_transparent\">\r\n\t\t\t\t\t\t<div class=\"slideshow_title\">ELOI 5A<\/div>\t\t\t\t\t\t\t\t\t\t\t<\/div>\r\n\t\t\t\t<\/div>\r\n\r\n\t\t\t\t\t\t<div style=\"clear: both;\"><\/div><\/div><div class=\"slideshow_view\">\r\n\t\t\t\t<div class=\"slideshow_slide slideshow_slide_image\">\r\n\t\t\t\t\t\t\t\t\t\t\t<img src=\"https:\/\/agora.xtec.cat\/esc-joaquimruyra-blanes\/wp-content\/uploads\/usu757\/2020\/05\/Douae-5\u00e8B.jpg\" alt=\"Douae 5\u00e8B\" width=\"900\" height=\"1600\" \/>\r\n\t\t\t\t\t\t\t\t\t\t<div class=\"slideshow_description_box slideshow_transparent\">\r\n\t\t\t\t\t\t<div class=\"slideshow_title\">Douae 5\u00e8B<\/div>\t\t\t\t\t\t\t\t\t\t\t<\/div>\r\n\t\t\t\t<\/div>\r\n\r\n\t\t\t\t\t\t<div style=\"clear: both;\"><\/div><\/div><div class=\"slideshow_view\">\r\n\t\t\t\t<div class=\"slideshow_slide slideshow_slide_image\">\r\n\t\t\t\t\t\t\t\t\t\t\t<img src=\"https:\/\/agora.xtec.cat\/esc-joaquimruyra-blanes\/wp-content\/uploads\/usu757\/2020\/05\/Daila-Simmi-5A.jpeg\" alt=\"Daila Simmi 5A\" width=\"1200\" height=\"1600\" \/>\r\n\t\t\t\t\t\t\t\t\t\t<div class=\"slideshow_description_box slideshow_transparent\">\r\n\t\t\t\t\t\t<div class=\"slideshow_title\">Daila Simmi 5A<\/div>\t\t\t\t\t\t\t\t\t\t\t<\/div>\r\n\t\t\t\t<\/div>\r\n\r\n\t\t\t\t\t\t<div style=\"clear: both;\"><\/div><\/div><div class=\"slideshow_view\">\r\n\t\t\t\t<div class=\"slideshow_slide slideshow_slide_image\">\r\n\t\t\t\t\t\t\t\t\t\t\t<img src=\"https:\/\/agora.xtec.cat\/esc-joaquimruyra-blanes\/wp-content\/uploads\/usu757\/2020\/05\/Alba-agenda.jpg\" alt=\"Alba agenda\" width=\"2592\" height=\"1936\" \/>\r\n\t\t\t\t\t\t\t\t\t\t<div class=\"slideshow_description_box slideshow_transparent\">\r\n\t\t\t\t\t\t<div class=\"slideshow_title\">Alba agenda<\/div>\t\t\t\t\t\t\t\t\t\t\t<\/div>\r\n\t\t\t\t<\/div>\r\n\r\n\t\t\t\t\t\t<div style=\"clear: both;\"><\/div><\/div><div class=\"slideshow_view\">\r\n\t\t\t\t<div class=\"slideshow_slide slideshow_slide_image\">\r\n\t\t\t\t\t\t\t\t\t\t\t<img src=\"https:\/\/agora.xtec.cat\/esc-joaquimruyra-blanes\/wp-content\/uploads\/usu757\/2020\/05\/P4-20200513T080833Z-001.zip\" alt=\"P4-20200513T080833Z-001\"   \/>\r\n\t\t\t\t\t\t\t\t\t\t<div class=\"slideshow_description_box slideshow_transparent\">\r\n\t\t\t\t\t\t<div class=\"slideshow_title\">P4-20200513T080833Z-001<\/div>\t\t\t\t\t\t\t\t\t\t\t<\/div>\r\n\t\t\t\t<\/div>\r\n\r\n\t\t\t\t\t\t<div style=\"clear: both;\"><\/div><\/div>\r\n\t\t<\/div>\r\n\r\n\t\t<div class=\"slideshow_controlPanel slideshow_transparent\" style=\"display: none;\"><ul><li class=\"slideshow_togglePlay\" data-play-text=\"Visualitza\" data-pause-text=\"Pausa\"><\/li><\/ul><\/div>\r\n\r\n\t\t<div class=\"slideshow_button slideshow_previous slideshow_transparent\" role=\"button\" data-previous-text=\"Anterior\" style=\"display: none;\"><\/div>\r\n\t\t<div class=\"slideshow_button slideshow_next slideshow_transparent\" role=\"button\" data-next-text=\"Seg\u00fcent\" style=\"display: none;\"><\/div>\r\n\r\n\t\t<div class=\"slideshow_pagination\" style=\"display: none;\" data-go-to-text=\"V\u00e9s a la diapositiva\"><div class=\"slideshow_pagination_center\"><\/div><\/div>\r\n\r\n\t\t<!-- WordPress Slideshow Version 2.3.1 -->\r\n\r\n\t\t\t<\/div>\r\n\r\n\n<\/div>\n<p>&nbsp;<\/p>\n","protected":false},"excerpt":{"rendered":"<p>EDUCACI\u00d3 INFANTIL<br \/>\nBenvolgudes fam\u00edlies d&#8217;Educaci\u00f3 Infantil,<br \/>\nCada curs realitzem el\u00a0 Projecte d\u2019Apadrinament de la Platja de l\u2019escola de La Vila, i, tot i que aquest mes de maig estem distanciats, l&#8217;equip de mestres d&#8217;Educaci\u00f3 Infantil hem pensat fer-vos arribar, durant les properes setmanes, reptes relacionats amb el&hellip;  <a href=\"https:\/\/agora.xtec.cat\/esc-joaquimruyra-blanes\/projecte-educatiu\/projecte-del-mar\/curs-2019-2020\/\" title=\"Read CURS 2019-2020\">Llegeix m\u00e9s\u00bb<\/a><\/p>\n","protected":false},"author":1,"featured_media":0,"parent":1114,"menu_order":20,"comment_status":"closed","ping_status":"closed","template":"page-templates\/side-menu.php","meta":{"_bbp_topic_count":0,"_bbp_reply_count":0,"_bbp_total_topic_count":0,"_bbp_total_reply_count":0,"_bbp_voice_count":0,"_bbp_anonymous_reply_count":0,"_bbp_topic_count_hidden":0,"_bbp_reply_count_hidden":0,"_bbp_forum_subforum_count":0,"footnotes":""},"class_list":["post-12257","page","type-page","status-publish","hentry"],"post_mailing_queue_ids":[],"_links":{"self":[{"href":"https:\/\/agora.xtec.cat\/esc-joaquimruyra-blanes\/wp-json\/wp\/v2\/pages\/12257","targetHints":{"allow":["GET"]}}],"collection":[{"href":"https:\/\/agora.xtec.cat\/esc-joaquimruyra-blanes\/wp-json\/wp\/v2\/pages"}],"about":[{"href":"https:\/\/agora.xtec.cat\/esc-joaquimruyra-blanes\/wp-json\/wp\/v2\/types\/page"}],"author":[{"embeddable":true,"href":"https:\/\/agora.xtec.cat\/esc-joaquimruyra-blanes\/wp-json\/wp\/v2\/users\/1"}],"replies":[{"embeddable":true,"href":"https:\/\/agora.xtec.cat\/esc-joaquimruyra-blanes\/wp-json\/wp\/v2\/comments?post=12257"}],"version-history":[{"count":3,"href":"https:\/\/agora.xtec.cat\/esc-joaquimruyra-blanes\/wp-json\/wp\/v2\/pages\/12257\/revisions"}],"predecessor-version":[{"id":13075,"href":"https:\/\/agora.xtec.cat\/esc-joaquimruyra-blanes\/wp-json\/wp\/v2\/pages\/12257\/revisions\/13075"}],"up":[{"embeddable":true,"href":"https:\/\/agora.xtec.cat\/esc-joaquimruyra-blanes\/wp-json\/wp\/v2\/pages\/1114"}],"wp:attachment":[{"href":"https:\/\/agora.xtec.cat\/esc-joaquimruyra-blanes\/wp-json\/wp\/v2\/media?parent=12257"}],"curies":[{"name":"wp","href":"https:\/\/api.w.org\/{rel}","templated":true}]}}