{"id":1114,"date":"2016-05-09T10:50:15","date_gmt":"2016-05-09T09:50:15","guid":{"rendered":"http:\/\/agora.xtec.cat\/esc-joaquimruyra-blanes\/?page_id=1114"},"modified":"2021-02-24T13:02:25","modified_gmt":"2021-02-24T12:02:25","slug":"projecte-del-mar","status":"publish","type":"page","link":"https:\/\/agora.xtec.cat\/esc-joaquimruyra-blanes\/projecte-educatiu\/projecte-del-mar\/","title":{"rendered":"Projecte Apadrinem la Platja de l&#8217;escola de La Vila"},"content":{"rendered":"<p style=\"text-align: center;\"><strong>Projecte de l&#8217;Escola<\/strong><\/p>\n<p>El curs 2017\/2018 l&#8217;escola va iniciar el projecte &#8220;Apadrinem la platja de l&#8217;escola de La Vila&#8221;.<\/p>\n<div>\n<div><b><span style=\"color: #cc0000; font-size: medium;\"><u>CURS 2017-18<\/u><\/span><\/b><\/div>\n<div><b><span style=\"color: #cc0000;\"><span style=\"font-family: arial, sans-serif;\">AC<\/span>TIVITATS REALITZADES:\u00a0<\/span><\/b><\/div>\n<div><span style=\"color: #cc0000;\"><b><br \/>\n<\/b><\/span><b><span style=\"color: #000000;\">EDUCACI\u00d3 INFANTIL\u00a0<\/span><\/b><\/p>\n<ul>\n<li><a href=\"https:\/\/drive.google.com\/file\/d\/17hEdTL8VyYqOc1LCrzK4xFDJtd2rZN9K\/view?usp=sharing\" target=\"_blank\" rel=\"noopener noreferrer\">Activitats Educaci\u00f3 infantil<\/a><\/li>\n<li><a href=\"http:\/\/agora.xtec.cat\/esc-joaquimruyra-blanes\/infantil\/p3\/conte-cooperatiu-la-festa-de-la-tortuga-de-lalumnat-dinfantil\/\" target=\"_blank\" rel=\"nofollow noopener noreferrer\">Creaci\u00f3 del conte cooperatiu entre tot el cicle d&#8217;Educaci\u00f3 infantil: La festa de la tortuga.<\/a><\/li>\n<li>Hem vist organismes marins :\u00a0<a href=\"http:\/\/agora.xtec.cat\/esc-joaquimruyra-blanes\/infantil\/p3\/conte-cooperatiu-la-festa-de-la-tortuga-de-lalumnat-dinfantil\/\" target=\"_blank\" rel=\"nofollow noopener noreferrer\">P3<\/a>,\u00a0<a href=\"http:\/\/agora.xtec.cat\/esc-joaquimruyra-blanes\/general\/activitat-dorganismes-marins-a-p4\/\" target=\"_blank\" rel=\"nofollow noopener noreferrer\">P4<\/a>\u00a0i P5<\/li>\n<\/ul>\n<div>\n<div>\n<table border=\"0\" cellspacing=\"0\">\n<tbody>\n<tr>\n<td><img decoding=\"async\" src=\"https:\/\/lh3.googleusercontent.com\/-h8BsnYTPhWY\/W0X1UgBdGlI\/AAAAAAAAKRk\/k2o-aJAR9AoNqiwN4mCNuKl_UHHJyH3swCMQCGAYYCw\/s400\/P1240516.jpg\" border=\"0\" \/>\u00a0Imatges Infantil: Tallers interaula-Tresors de mar.<br \/>\nCliqueu damunt la imatge per veure tot l&#8217;\u00e0lbum.<\/td>\n<td>\u00a0<img decoding=\"async\" src=\"https:\/\/lh3.googleusercontent.com\/-aAyLAr-SGSQ\/W0cQzhaSfxI\/AAAAAAAAKVM\/Po8-2ACNFukfe5rkAFeXz6hrSR7SrJ1RgCMQCGAYYCw\/s400\/IMG_20180425_112508.jpg\" border=\"0\" \/><\/td>\n<td>\u00a0<img decoding=\"async\" src=\"https:\/\/lh3.googleusercontent.com\/-vD-E7QJW-q4\/W0cRiR8L5lI\/AAAAAAAAKVc\/m4eXm1A8kKU6mlzm6O7yXBYw6o4slshiwCMQCGAYYCw\/s400\/20180507_0031.jpg\" border=\"0\" \/>Imatges infantil: treballem amb petxines<\/p>\n<div>Cliqueu damunt la imatge per veure tot l&#8217;\u00e0lbum.<\/div>\n<\/td>\n<\/tr>\n<tr>\n<td><\/td>\n<td>\u00a0Imatges infantil: aquaris<\/p>\n<div>Cliqueu damunt la imatge per veure tot l&#8217;\u00e0lbum.<\/div>\n<\/td>\n<td><\/td>\n<\/tr>\n<\/tbody>\n<\/table>\n<\/div>\n<\/div>\n<\/div>\n<div><\/div>\n<div>\n<table border=\"0\" cellspacing=\"0\">\n<tbody>\n<tr>\n<td>\u00a0<img decoding=\"async\" src=\"https:\/\/lh3.googleusercontent.com\/-0i_xOea5nvY\/W0cTk3NbkZI\/AAAAAAAAKWE\/4y721CB06vQ1LJ6FZRNpHA6y544D-RGNACMQCGAYYCw\/s400\/20180410_0019.jpg\" border=\"0\" \/><br \/>\nImatges infantil: observem peixos.<\/p>\n<div>Cliqueu damunt la imatge per veure tot l&#8217;\u00e0lbum.<\/div>\n<\/td>\n<td>\u00a0<img decoding=\"async\" src=\"https:\/\/lh3.googleusercontent.com\/-0DIriWUwDkE\/W0cWRUzyF4I\/AAAAAAAAKXk\/yP3-B6L3wDwxx-A3ByBwYOjCWQCJUr1LgCMQCGAYYCw\/s400\/IMG_20180523_165144.jpg\" border=\"0\" \/><br \/>\nImatges infantil: exposici\u00f3 organismes marins.<\/p>\n<div>Cliqueu damunt la imatge per veure tot l&#8217;\u00e0lbum<\/div>\n<\/td>\n<\/tr>\n<tr>\n<td><\/td>\n<td>\n<div>.<\/div>\n<\/td>\n<\/tr>\n<\/tbody>\n<\/table>\n<\/div>\n<div><\/div>\n<div><b>CICLE INICIAL<\/b><\/div>\n<div>\n<ul>\n<li><a href=\"https:\/\/drive.google.com\/file\/d\/12J9Ni3xjdYCSGd3GnnWlUmiIgTFCwhQI\/view?usp=sharing\" target=\"_blank\" rel=\"noopener noreferrer\">Activitats CI<\/a><\/li>\n<li><a href=\"http:\/\/agora.xtec.cat\/esc-joaquimruyra-blanes\/general\/setmana-del-mar-a-1r\/\" target=\"_blank\" rel=\"nofollow noopener noreferrer\">Som observadors del mar.<\/a><\/li>\n<li><a href=\"http:\/\/agora.xtec.cat\/esc-joaquimruyra-blanes\/primaria\/2n\/visita-a-la-peixateria\/\" target=\"_blank\" rel=\"nofollow noopener noreferrer\">Visita a la peixateria.\u00a0<\/a><\/li>\n<\/ul>\n<\/div>\n<\/div>\n<blockquote>\n<div>\n<div><a href=\"https:\/\/picasaweb.google.com\/106071797974122461077\/6576927625727905697#6576927624637161602\"><img decoding=\"async\" src=\"https:\/\/lh3.googleusercontent.com\/-spJM0IiV3Ok\/W0Xw1BvzoII\/AAAAAAAAKP8\/ZJMOW1kWB0whcDsk9qTL1lCEQI0E07UpACMQCGAYYCw\/s400\/DSC_0027_640x360.jpg\" border=\"0\" \/><\/a><\/div>\n<div>Imatges CM. Cliqueu damunt la imatge per veure tot l&#8217;\u00e0lbum.<\/div>\n<\/div>\n<\/blockquote>\n<div>\n<div><\/div>\n<div><b>CICLE MITJ\u00c0<\/b><\/div>\n<div>\n<ul>\n<li><a href=\"https:\/\/drive.google.com\/file\/d\/1dFuMqui-cdzjsd8NY-LmH_jr4kTjTRsU\/view?usp=sharing\" target=\"_blank\" rel=\"noopener noreferrer\">Planificaci\u00f3 4t<\/a><\/li>\n<li><a href=\"https:\/\/drive.google.com\/file\/d\/1Okyb-rcQp87y8enpwQHof7LahpzSdS6i\/view?usp=sharing\" target=\"_blank\" rel=\"noopener noreferrer\">Guia de treball per a l\u2019alumnat de CM<\/a><\/li>\n<li><a href=\"https:\/\/drive.google.com\/file\/d\/1N3g4AVEPlcOJDvFmDWkimlavOQHjFg35\/view?usp=sharing\" target=\"_blank\" rel=\"noopener noreferrer\">Coneguem els organismes marins\u00a0<\/a><\/li>\n<li><a href=\"https:\/\/drive.google.com\/file\/d\/1qaiPXpD0KA7eZYgN3ziBMM2wiwyP0bRm\/view?usp=sharing\" target=\"_blank\" rel=\"noopener noreferrer\">La biodiversitat: qui hi viu, a la nostra platja?\u00a0<\/a><\/li>\n<\/ul>\n<\/div>\n<\/div>\n<blockquote>\n<div><a href=\"https:\/\/picasaweb.google.com\/106071797974122461077\/6576179484043053265#6576179488038294898\" target=\"_blank\" rel=\"noopener noreferrer\"><img decoding=\"async\" src=\"https:\/\/lh3.googleusercontent.com\/-5j2RB9t6TgM\/W0NIZvu7lXI\/AAAAAAAAKLM\/MzXFKs5-OEgD6v1qywny78VRsVa_z4jJACMQCGAYYCw\/s400\/20180514_153249.jpg\" alt=\"https:\/\/picasaweb.google.com\/106071797974122461077\/6576179484043053265#6576179488038294898\" border=\"0\" \/><\/a><\/div>\n<div>Imatges 3r prim\u00e0ria. Cliqueu damunt la imatge per veure tot l&#8217;\u00e0lbum<\/div>\n<\/blockquote>\n<div>\n<div><b>\u00a0<\/b><\/div>\n<div>\n<p><b>CICLE SUPERIOR<\/b><\/p>\n<ul>\n<li>Planificaci\u00f3\u00a0<a href=\"https:\/\/drive.google.com\/file\/d\/1rXAfVe2Abk0yuhIXKlqPhuQ3xm_3iVum\/view?usp=sharing\" target=\"_blank\" rel=\"noopener noreferrer\">5\u00e8<\/a>\u00a0i\u00a0<a href=\"https:\/\/drive.google.com\/file\/d\/1uJQS-76NQQHdXcB32f4GbtU1wCah2Oxb\/view?usp=sharing\" target=\"_blank\" rel=\"noopener noreferrer\">6\u00e8\u00a0<\/a><\/li>\n<li><a href=\"https:\/\/drive.google.com\/file\/d\/1ofhnlKmkYBIIQC6S5Dsqlb_kDtIUXilh\/view?usp=sharing\" target=\"_blank\" rel=\"noopener noreferrer\">Dossier alumne fem ci\u00e8ncia protocol pl\u00e0stic 0 al mar (CEAB)<\/a><\/li>\n<\/ul>\n<div><\/div>\n<\/div>\n<\/div>\n<blockquote>\n<div>\n<div>\n<div>\n<table border=\"0\" cellspacing=\"0\">\n<tbody>\n<tr>\n<td>\u00a0<img decoding=\"async\" src=\"https:\/\/lh3.googleusercontent.com\/-tJlica6fmcY\/W0NLePin4hI\/AAAAAAAAKMs\/jSwkiAsCuUwQwnFyX_QV2MWCRtWYWPIkgCMQCGAYYCw\/s400\/IMG_6856.jpg\" border=\"0\" \/><\/p>\n<blockquote>\n<blockquote><p>Imatges visita platja i recollida activitat pl\u00e0stic 0 (6\u00e8)<\/p><\/blockquote>\n<blockquote><p>Cliqueu damunt la imatge per veure tot l&#8217;\u00e0lbum<\/p><\/blockquote>\n<\/blockquote>\n<\/td>\n<td>\u00a0<img decoding=\"async\" src=\"https:\/\/lh3.googleusercontent.com\/-e4UT6flN_O0\/W0NKFyKIZXI\/AAAAAAAAKLk\/UKXNzAJECZ0Yn2miTYxpL4zn8rAHjcvtwCMQCGAYYCw\/s400\/5A2.jpg\" border=\"0\" \/><\/td>\n<\/tr>\n<tr>\n<td><\/td>\n<td>\n<blockquote><p>Imatges recollida material per fer activitat pl\u00e0stica: reciclem (5\u00e8)<br \/>\nCliqueu damunt la imatge per veure tot l&#8217;\u00e0lbum<\/p><\/blockquote>\n<\/td>\n<\/tr>\n<\/tbody>\n<\/table>\n<\/div>\n<\/div>\n<\/div>\n<\/blockquote>\n<div>\n<div><\/div>\n<\/div>\n<div><b><span style=\"color: #000000;\">ACTIVITATS GENERALS DE TOT EL CENTRE<\/span><\/b><\/div>\n<div>\n<ul>\n<li><span style=\"color: #000000;\"><b><a href=\"http:\/\/agora.xtec.cat\/esc-joaquimruyra-blanes\/infantil\/p3\/dia-de-sant-jordi\/\" target=\"_blank\" rel=\"nofollow noopener noreferrer\">Sant Jordi<\/a><\/b><\/span><\/li>\n<li><span style=\"color: #000000;\"><b><a href=\"http:\/\/agora.xtec.cat\/esc-joaquimruyra-blanes\/general\/ja-tenim-logotip-pel-nostre-projecte\/\" target=\"_blank\" rel=\"nofollow noopener noreferrer\">Logotip del programa Apadrinem<\/a><\/b><\/span><\/li>\n<\/ul>\n<blockquote>\n<div><\/div>\n<\/blockquote>\n<p><b><span style=\"color: #cc0000;\">ACCIONS DE PROJECCI\u00d3 I DIFUSI\u00d3<\/span><\/b><\/p>\n<\/div>\n<div><span style=\"color: #cc0000;\"><b><br \/>\n<\/b><\/span><b>INAUGURACI\u00d3:\u00a0<\/b><\/p>\n<div>El dia 21 de febrer vam portar a terme la\u00a0<a href=\"http:\/\/agora.xtec.cat\/esc-joaquimruyra-blanes\/general\/apadrinament-de-la-platja-de-lescola-de-la-vila\/\" target=\"_blank\" rel=\"nofollow noopener noreferrer\">inauguraci\u00f3 del nostre projecte<\/a>. Ens vam reunir al pati de l&#8217;escola, amb el rerefons de la nostra platja, tota la comunitat educativa (alumnes, professors, familiars, inspecci\u00f3, serveis educatius, etc.). La climatologia no ens va permetre fer-ho a la platja mateix. Els alumnes de 6\u00e8 van preparar un\u00a0<a href=\"https:\/\/drive.google.com\/file\/d\/1-J4UuQ9IjpFU6FsFFF77SXt1g5G2yV3r\/view?usp=sharing\" target=\"_blank\" rel=\"noopener noreferrer\">discurs<\/a>\u00a0i posteriorment vam cantar tots plegats una can\u00e7\u00f3 amb aires mariners. Des de la direcci\u00f3 de l&#8217;escola es van enviar correus tant a l&#8217;Ajuntament com a l&#8217;AMPA i a la resta de centres de Blanes, per tal de convidar-los-hi.<\/div>\n<div>El CRP La Selva II a trav\u00e9s de l&#8217;<a href=\"http:\/\/informatiulaselvados.blogspot.com\/2018\/02\/inauguracio-del-projecte-apadrinament.html\" target=\"_blank\" rel=\"nofollow noopener noreferrer\">Informatiu<\/a>\u00a0que publica mensulament, tamb\u00e9 va convidar a tots els centres a la inauguraci\u00f3 del projecte.<\/div>\n<div><\/div>\n<div>\n<div><a href=\"https:\/\/picasaweb.google.com\/106071797974122461077\/6576930235027749681#6576930231768649298\"><img decoding=\"async\" src=\"https:\/\/lh3.googleusercontent.com\/-esFbUhmcXGI\/W0XzMyEZDlI\/AAAAAAAAKQw\/UcyM7QOMgogf_p-ExOTnxjFaVZNHYIYtgCMQCGAYYCw\/s400\/IMG_0624.jpg\" border=\"0\" \/><\/a><\/div>\n<div>Imatges inauguraci\u00f3.<\/div>\n<div>Cliqueu damunt la imatge per veure tot l&#8217;\u00e0lbum<\/div>\n<div><\/div>\n<div><b>PORTES OBERTES:\u00a0<\/b><\/div>\n<div>El dia 23 de maig vam fer una jornada de portes obertes on els alumnes van poder mostrar a les fam\u00edlies totes les feines fetes al llarg del curs i, especialment, durant la setmana del mar. En aquest\u00a0<a href=\"https:\/\/drive.google.com\/file\/d\/1IYbf1uPlQC9KxM73cq-3uNR8pEX04etC\/view?usp=sharing\" target=\"_blank\" rel=\"noopener noreferrer\">enlla\u00e7<\/a>\u00a0hi teniu alguns exemples.<\/div>\n<div><\/div>\n<div>\n<div><a href=\"https:\/\/picasaweb.google.com\/106071797974122461077\/6576925481600608177#6576925484470625090\"><img decoding=\"async\" src=\"https:\/\/lh3.googleusercontent.com\/-irT7baHe1-E\/W0Xu4dAV40I\/AAAAAAAAKPY\/UOYqIV5jqMAXvJuNpRgScAXvLGUCGlv4wCMQCGAYYCw\/s400\/IMG_0630_640x480.jpg\" border=\"0\" \/><\/a><\/div>\n<\/div>\n<div>Cliqueu damunt de la fotografia per veure tot l&#8217;\u00e0lbum.<\/div>\n<div><\/div>\n<div><b>PINTURA-MURAL:<\/b><\/div>\n<div>Del 15 al 20 de juny alumnes del Institut Serrallarga van venir a pintar part del nostre mur de l&#8217;escola. Ha estat una activitat de col\u00b7laboraci\u00f3 a trav\u00e9s del Servei Comunitari i lligat amb el nostre projecte d&#8217;Apadrinament de la platja de La Vila. El dia 20 de juny i amb la pres\u00e8ncia del personal dels Serveis Educatius i de la direcci\u00f3 de l&#8217;institut vam fer la\u00a0<a href=\"http:\/\/agora.xtec.cat\/esc-joaquimruyra-blanes\/portada\/inaguracio-mural-del-pati\/\" target=\"_blank\" rel=\"nofollow noopener noreferrer\">inauguraci\u00f3 de la pintura-mural<\/a>. Hi van assistir tant l&#8217;alumnat del nostre centre com els del centre de secund\u00e0ria.<\/div>\n<div><\/div>\n<div><b>NOT\u00cdCIES:\u00a0<\/b><\/div>\n<div>\u00a0A trav\u00e9s del\u00a0<a href=\"http:\/\/agora.xtec.cat\/esc-joaquimruyra-blanes\/\" target=\"_blank\" rel=\"nofollow noopener noreferrer\">web de l&#8217;escola<\/a>\u00a0s&#8217;han anat penjant informacions i fotografies de moltes de les activitats que s&#8217;han dut a terme.<\/div>\n<\/div>\n<\/div>\n<p>En el document adjunt veureu els <a href=\"https:\/\/documentcloud.adobe.com\/link\/track?uri=urn%3Aaaid%3Ascds%3AUS%3Ac13f8703-6be4-41a3-b970-3f19c97f3f76\">punts principals d&#8217;aquest<\/a> projecte. A m\u00e9s a m\u00e9s, aquest curs escolar 2018\/2019 ha estat adm\u00e8s al Programa d&#8217;innovaci\u00f3 pedag\u00f2gica Apadrinem el nostre patrimoni.<\/p>\n<div>\n<div><b><span style=\"color: #cc0000; font-size: medium;\"><u>CURS 2018-19<\/u><\/span><\/b><\/div>\n<div><b><span style=\"color: #cc0000;\"><span style=\"font-family: arial, sans-serif;\">AC<\/span>TIVITATS REALITZADES:<\/span><\/b><\/div>\n<\/div>\n<div><b><span style=\"color: #cc0000;\">\u00a0<\/span><\/b><\/div>\n<div>\n<p dir=\"ltr\">EDUCACI\u00d3 INFANTIL<\/p>\n<ul>\n<li dir=\"ltr\">\n<p dir=\"ltr\"><a href=\"https:\/\/docs.google.com\/document\/d\/1b57Qg5rkntHIz2uxAgWZA55CkCL3TqoeMBBEpI8RQ8Q\/edit\" target=\"_blank\" rel=\"noopener noreferrer\">ACTIVITATS EN FAM\u00cdLIA-ed. Infantil<\/a><\/p>\n<\/li>\n<li dir=\"ltr\">\n<p dir=\"ltr\"><a href=\"https:\/\/docs.google.com\/document\/d\/1ksL15ITAyYmXHm3QtPF4q7tF4i7nIZUqRSEZFAWW9yE\/edit\" target=\"_blank\" rel=\"noopener noreferrer\">AQUARIS AMB ORGANISMES MARINS-ed. infantil\u00a0 <\/a>\u00a0\u00a0<a href=\"https:\/\/agora.xtec.cat\/esc-joaquimruyra-blanes\/general\/setmana-del-mar\/\" target=\"_blank\" rel=\"nofollow noopener noreferrer\">article web\/imatges<\/a> <a href=\"https:\/\/agora.xtec.cat\/esc-joaquimruyra-blanes\/general\/a-p3-observem-els-organismes-marins\/\" target=\"_blank\" rel=\"nofollow noopener noreferrer\">article II<\/a><\/p>\n<\/li>\n<li dir=\"ltr\">\n<p dir=\"ltr\"><a href=\"https:\/\/docs.google.com\/document\/d\/1NqKeflfWzQhwuC9h8eOO0tyWXx4twtt7vuImvsp2_us\/edit\" target=\"_blank\" rel=\"noopener noreferrer\">TRESORS DEL MAR-P4 i P5<\/a> &#8211; <a href=\"https:\/\/agora.xtec.cat\/esc-joaquimruyra-blanes\/general\/p5-anem-a-buscar-tresors-del-mar\/\" target=\"_blank\" rel=\"nofollow noopener noreferrer\">article web\/imatgesP5<\/a> &#8211; <a href=\"https:\/\/agora.xtec.cat\/esc-joaquimruyra-blanes\/general\/p4-va-a-la-platja\/\" target=\"_blank\" rel=\"nofollow noopener noreferrer\">P4<\/a><\/p>\n<\/li>\n<li dir=\"ltr\">\n<p dir=\"ltr\"><a href=\"https:\/\/docs.google.com\/document\/d\/1n2g-zO0e47_FFIAEOm6lJlbEMa_sb-hFXPQeUlpUygE\/edit\" target=\"_blank\" rel=\"noopener noreferrer\">COM S\u00d3N ELS ORGANISMES MARINS-P3<\/a> &#8211;<a href=\"https:\/\/agora.xtec.cat\/esc-joaquimruyra-blanes\/general\/p3-a-la-platja\/\" target=\"_blank\" rel=\"nofollow noopener noreferrer\"> article web\/imatges<\/a>&#8211; <a href=\"https:\/\/agora.xtec.cat\/esc-joaquimruyra-blanes\/general\/treball-de-formes-i-textures-dels-organismes-marins-a-p3\/\" target=\"_blank\" rel=\"nofollow noopener noreferrer\">article II<\/a> <a href=\"https:\/\/agora.xtec.cat\/esc-joaquimruyra-blanes\/general\/projecte-del-mar-fem-bombolles-a-p3\/\" target=\"_blank\" rel=\"nofollow noopener noreferrer\">article III<\/a><\/p>\n<\/li>\n<li dir=\"ltr\">\n<p dir=\"ltr\"><a href=\"https:\/\/docs.google.com\/document\/d\/1EE_LdxOEWnM06_2A4lygpdEMEYCORU9fQ8g-62g12ko\/edit\" target=\"_blank\" rel=\"noopener noreferrer\">QU\u00c8 MENGEN ELS ORGANISMES MARINS-P4<\/a><\/p>\n<\/li>\n<li dir=\"ltr\">\n<p dir=\"ltr\"><a href=\"https:\/\/docs.google.com\/document\/d\/1xpVoVzjqdbj82PzgFOMHoQijp6fAS6a5ESoz51Rb6gc\/edit\" target=\"_blank\" rel=\"noopener noreferrer\">ON VIUEN ELS ORGANISMES MARINS &#8211; P5<\/a>\u00a0 <a href=\"https:\/\/agora.xtec.cat\/esc-joaquimruyra-blanes\/general\/p5-experimentem-amb-petxines\/\" target=\"_blank\" rel=\"nofollow noopener noreferrer\">article web\/imatges<\/a> <a href=\"https:\/\/agora.xtec.cat\/esc-joaquimruyra-blanes\/general\/p5_activitat-aquaris\/\" target=\"_blank\" rel=\"nofollow noopener noreferrer\">article aquaris<\/a><\/p>\n<\/li>\n<\/ul>\n<div><span style=\"color: #000000; font-family: Arial;\">\u00a0<\/span><\/div>\n<div>\n<div><a href=\"https:\/\/agora.xtec.cat\/esc-joaquimruyra-blanes\/wp-content\/uploads\/usu757\/2019\/05\/DSC02261.jpg\" rel=\"nofollow\"><img loading=\"lazy\" decoding=\"async\" src=\"https:\/\/agora.xtec.cat\/esc-joaquimruyra-blanes\/wp-content\/uploads\/usu757\/2019\/05\/DSC02261.jpg\" width=\"400\" height=\"300\" border=\"0\" \/><\/a><\/div>\n<\/div>\n<p dir=\"ltr\">PRIM\u00c0RIA<\/p>\n<p dir=\"ltr\">CICLE INICIAL<\/p>\n<ul>\n<li dir=\"ltr\">\n<p dir=\"ltr\"><a href=\"https:\/\/docs.google.com\/document\/d\/1M8PwpNtozG48_ly_5JYuKS-KOoS2y-xtqSh10zTIp6A\/edit\" target=\"_blank\" rel=\"noopener noreferrer\">PLANETA TERRA- 1r<\/a><\/p>\n<\/li>\n<li dir=\"ltr\">\n<p dir=\"ltr\"><a href=\"https:\/\/docs.google.com\/document\/d\/1-sxO52eltB2yqBqzJ3-lmT-xuf4A1Qm8N1CSoiAF280\/edit\" target=\"_blank\" rel=\"noopener noreferrer\">PER QU\u00c8 EL MAR \u00c9S SALAT?- 1r<\/a><\/p>\n<\/li>\n<li dir=\"ltr\">\n<p dir=\"ltr\"><a href=\"https:\/\/docs.google.com\/document\/d\/1Dw48Ztpjp3eJsrtsJe_CEZaMoJahdiN4qQ1e-GXxKMg\/edit\" target=\"_blank\" rel=\"noopener noreferrer\">\u00a0LA POSID\u00d2NIA-1r<\/a><\/p>\n<\/li>\n<li dir=\"ltr\">\n<p dir=\"ltr\"><a href=\"https:\/\/docs.google.com\/document\/d\/1f6ycwr4YIo_UUko3682zklY2i3kQl8xj9R_ff9N_WH0\/edit\" target=\"_blank\" rel=\"noopener noreferrer\">PUNTS CARDINALS I ROSA DELS VENTS-1r<\/a><\/p>\n<\/li>\n<li dir=\"ltr\">\n<p dir=\"ltr\"><a href=\"https:\/\/docs.google.com\/document\/d\/1BBjlI4kpzDX8PTEBXlwy6WLz6kyQl8uEwxYS9LIrn5c\/edit\" target=\"_blank\" rel=\"noopener noreferrer\">MESURAR LA TEMPERATURA DE L\u2019AIGUA DEL MAR-1r<\/a><\/p>\n<\/li>\n<li dir=\"ltr\">\n<p dir=\"ltr\"><a href=\"https:\/\/docs.google.com\/document\/d\/1amXiuD87uGC00xW6VFlofh9aJNml8LRSfBNyQxBQLlg\/edit\" target=\"_blank\" rel=\"noopener noreferrer\">SORTIDA A LA PLATJA-1r<\/a><\/p>\n<\/li>\n<li dir=\"ltr\">\n<p dir=\"ltr\"><a href=\"https:\/\/docs.google.com\/document\/d\/1xW4WH35ftRc47jKatzWRBiGno-FL_gR0saf4ylIeVBw\/edit\" target=\"_blank\" rel=\"noopener noreferrer\">TREBALLS DE GRUP I EXPOSICIONS-1r<\/a><\/p>\n<\/li>\n<li dir=\"ltr\">\n<p dir=\"ltr\"><a href=\"https:\/\/docs.google.com\/document\/d\/1Zc4JEsoKnVvl0IAh52fW-bvpT2jJOvKiO7u-9kKcWQk\/edit\" target=\"_blank\" rel=\"noopener noreferrer\">QU\u00c8 SABEM DEL MAR?-2n<\/a>\u00a0 <a href=\"https:\/\/agora.xtec.cat\/esc-joaquimruyra-blanes\/general\/setmana-del-mar-a-2n\/\" target=\"_blank\" rel=\"nofollow noopener noreferrer\">article web\/imatges<\/a><\/p>\n<\/li>\n<\/ul>\n<div><\/div>\n<p dir=\"ltr\">CICLE MITJ\u00c0<\/p>\n<ul>\n<li dir=\"ltr\">\n<p dir=\"ltr\"><a href=\"https:\/\/docs.google.com\/document\/d\/12whFZpPBLeeP-PBOezDDnISdKm1nit4vqk-A5OQYUcY\/edit\" target=\"_blank\" rel=\"noopener noreferrer\">CONEGUEM EL NOSTRE ENTORN: LA NOSTRA PLATJA!-3r<\/a><\/p>\n<\/li>\n<li dir=\"ltr\">\n<p dir=\"ltr\">\u00a0<a href=\"https:\/\/docs.google.com\/document\/d\/1wKAUtFiweFZR3Nav8KL7hTGUm132x7L85jz25nmoapg\/edit\" target=\"_blank\" rel=\"noopener noreferrer\">PROJECTE DEL MAR I LA PESCA-4t<\/a> &#8211; <a href=\"https:\/\/agora.xtec.cat\/esc-joaquimruyra-blanes\/general\/4t-i-la-setmana-del-mar\/\" target=\"_blank\" rel=\"nofollow noopener noreferrer\">article web\/imatges<\/a><\/p>\n<\/li>\n<li dir=\"ltr\">\n<p dir=\"ltr\"><a href=\"https:\/\/docs.google.com\/document\/d\/1yQTwopGpC4ku3cfE5YHUVhlsMQd-ezrH4zIG-xmhwYA\/edit\" target=\"_blank\" rel=\"noopener noreferrer\">\u00a0IMATGES, DIARI DE BIT\u00c0COLA, PLA DE TREBALL I R\u00daBRIQUES D\u2019AVALUACI\u00d3-4t<\/a><\/p>\n<\/li>\n<\/ul>\n<div><span style=\"color: #000000; font-family: Arial;\"><b>\u00a0<\/b><\/span><\/div>\n<div>\n<div><a href=\"https:\/\/agora.xtec.cat\/esc-joaquimruyra-blanes\/wp-content\/uploads\/usu757\/2019\/05\/DSC00354_640x480.jpg\" rel=\"nofollow\"><img loading=\"lazy\" decoding=\"async\" src=\"https:\/\/agora.xtec.cat\/esc-joaquimruyra-blanes\/wp-content\/uploads\/usu757\/2019\/05\/DSC00354_640x480.jpg\" width=\"400\" height=\"300\" border=\"0\" \/><\/a><\/div>\n<p><span style=\"color: #000000; font-family: Arial;\"><b>\u00a0<\/b><\/span><\/p>\n<\/div>\n<p dir=\"ltr\">CICLE SUPERIOR<\/p>\n<ul>\n<li dir=\"ltr\">\n<p dir=\"ltr\"><a href=\"https:\/\/docs.google.com\/document\/d\/1kmHLc1kDO5bElCmUjAI9XuThst5XDkDWrMWoBXunAro\/edit\" target=\"_blank\" rel=\"noopener noreferrer\">ESTUDI DE L\u2019IMPACTE HUM\u00c0 A LA NOSTRA PLATJA-5\u00e8<\/a> &#8211; <a href=\"https:\/\/agora.xtec.cat\/esc-joaquimruyra-blanes\/general\/setmana-del-mar-a-5e-limpacte-huma-en-el-mar\/\" target=\"_blank\" rel=\"nofollow noopener noreferrer\">article web\/imatges<\/a><\/p>\n<\/li>\n<li dir=\"ltr\">\n<p dir=\"ltr\">PROJECTE PL\u00c0STIC 0 &#8211; <a href=\"https:\/\/docs.google.com\/document\/d\/1Zgj7AsBbWMz-mGPdMwEBvwFZi0iKxBVWkKUi14co1ss\/edit\" target=\"_blank\" rel=\"noopener noreferrer\">XERRADA EXPERT CEAB<\/a> &#8211; <a href=\"https:\/\/docs.google.com\/document\/d\/1648KhIpDyUdtnNKRHABdE5Cz2F2osBtmfUTEhrMyr6I\/edit\" target=\"_blank\" rel=\"noopener noreferrer\">AVALUACI\u00d3<\/a> &#8211; 6\u00e8<\/p>\n<\/li>\n<li dir=\"ltr\">\n<p dir=\"ltr\">RUTINES DE PENSAMENT: <a href=\"https:\/\/docs.google.com\/document\/d\/1lgZ1hb3JQ9owLq0-YUKRX4ypecHV2kfT2zkc8tMfTtI\/edit\" target=\"_blank\" rel=\"noopener noreferrer\">REFLEXI\u00d3 INICIAL<\/a> &#8211; <a href=\"https:\/\/docs.google.com\/document\/d\/1VuX46HdRZ5qppw3GD-UEpuOuJce9Hp3x4ZCjpBGk6zc\/edit\" target=\"_blank\" rel=\"noopener noreferrer\">AVALUACI\u00d3<\/a> &#8211; 6\u00e8<\/p>\n<\/li>\n<li dir=\"ltr\">\n<p dir=\"ltr\">PROJECTE PL\u00c0STIC 0 &#8211; <a href=\"https:\/\/docs.google.com\/document\/d\/1pXM7O68_j5qCgl5gpJjYDZnXIFE6ymFjgb5sbfIIphA\/edit\" target=\"_blank\" rel=\"noopener noreferrer\">VIDEO I COMPRENSI\u00d3<\/a> &#8211;<a href=\"https:\/\/docs.google.com\/document\/d\/1te8Al3q4zCAoo9MM8Pz_XPLDxe9oKda5y2sXcn0gsWY\/edit\" target=\"_blank\" rel=\"noopener noreferrer\"> AVALUACI\u00d3<\/a> &#8211; 6\u00e8<\/p>\n<\/li>\n<li dir=\"ltr\">\n<p dir=\"ltr\"><a href=\"https:\/\/docs.google.com\/document\/d\/1iZSSbTcQYKuRIgdo4YnkndwngLllcF7OdO8CqBF65oE\/edit\" target=\"_blank\" rel=\"noopener noreferrer\">ARTICLE SOBRE EL CANVI CLIM\u00c0TIC<\/a> &#8211; <a href=\"https:\/\/drive.google.com\/drive\/u\/0\/folders\/1aCojTTZJBg8cqrKptIMIyMJPvuRkoujs\" target=\"_blank\" rel=\"noopener noreferrer\">IMATGES<\/a> &#8211; <a href=\"https:\/\/docs.google.com\/document\/d\/1wDUGk0WhlAK7yc_0lYf6iHNCNWpc-u0UoV3F1DKhJSU\/edit\" target=\"_blank\" rel=\"noopener noreferrer\">AVALUACI\u00d3<\/a> &#8211; 6\u00e8<\/p>\n<\/li>\n<li dir=\"ltr\">\n<p dir=\"ltr\"><a href=\"https:\/\/docs.google.com\/document\/d\/1KDYWQZUdIMW74_jM7ka0CGNIoCyFYDac1fDtHDUMGIU\/edit\" target=\"_blank\" rel=\"noopener noreferrer\">FASE DE MOSTREIG<\/a> &#8211; <a href=\"https:\/\/drive.google.com\/drive\/u\/0\/folders\/1oTCMz7rPBLhENihgkijajQj3YYhxxZaN\" target=\"_blank\" rel=\"noopener noreferrer\">imatges 6\u00e8<\/a> &#8211; <a href=\"https:\/\/docs.google.com\/document\/d\/1qnG4BTAosXhgW51u2owmOfIlum83ohEud81frmBEBNc\/edit\" target=\"_blank\" rel=\"noopener noreferrer\">AVALUACI\u00d3<\/a> &#8211; 6\u00e8<\/p>\n<\/li>\n<li dir=\"ltr\">\n<p dir=\"ltr\"><a href=\"https:\/\/docs.google.com\/document\/d\/10AqjCW_pmCU41MlCeZifNo3ZR1Pv2ExPd5NzaBXhmoQ\/edit\" target=\"_blank\" rel=\"noopener noreferrer\">ELS INDIANS<\/a> &#8211; <a href=\"https:\/\/docs.google.com\/document\/d\/10JDHmCTaO7ke4jNV0yLVJUinlFHK6vx9qwYGyn21Ni0\/edit\" target=\"_blank\" rel=\"noopener noreferrer\">AVALUACI\u00d3<\/a>&#8211; <a href=\"https:\/\/agora.xtec.cat\/esc-joaquimruyra-blanes\/general\/visita-a-la-nao-victoria\/\" target=\"_blank\" rel=\"nofollow noopener noreferrer\">article web\/imatges<\/a> &#8211; 6\u00e8.<\/p>\n<\/li>\n<li dir=\"ltr\">\n<p dir=\"ltr\"><a href=\"https:\/\/docs.google.com\/document\/d\/1OlW5oubRyWNBsnZqwN48dZExLxRi0wQLzURFZBdNOAc\/edit\" target=\"_blank\" rel=\"noopener noreferrer\">EXPOSICI\u00d3 ORAL<\/a> &#8211; <a href=\"https:\/\/docs.google.com\/document\/d\/1PIMWHXzaLoSi50B84-ZLCwW5i1HhFQQ2otp3_zxyvps\/edit\" target=\"_blank\" rel=\"noopener noreferrer\">AVALUACI\u00d3<\/a> &#8211; 6\u00e8.<\/p>\n<\/li>\n<li dir=\"ltr\">\n<p dir=\"ltr\"><a href=\"https:\/\/drive.google.com\/drive\/u\/0\/folders\/1a0yMWXvH3PzfzEVSth6OfNKpUBfUumB7\" target=\"_blank\" rel=\"noopener noreferrer\">IMATGES<\/a> &#8211; 6\u00e8<\/p>\n<\/li>\n<\/ul>\n<div>\n<div><a href=\"https:\/\/sites.google.com\/a\/xtec.cat\/apadrinem-el-patrimoni\/activitats-apadrinem-1\/activitats-la-platja-de-l-escola-de-la-vila\/DSC00188.JPG?attredirects=0\"><img loading=\"lazy\" decoding=\"async\" src=\"https:\/\/sites.google.com\/a\/xtec.cat\/apadrinem-el-patrimoni\/_\/rsrc\/1562064145952\/activitats-apadrinem-1\/activitats-la-platja-de-l-escola-de-la-vila\/DSC00188.JPG?height=299&amp;width=400\" width=\"400\" height=\"299\" border=\"0\" \/><\/a><\/div>\n<p><span style=\"color: #000000; font-family: Arial;\"><b>\u00a0<\/b><\/span><\/p>\n<\/div>\n<p dir=\"ltr\"><a href=\"https:\/\/agora.xtec.cat\/esc-joaquimruyra-blanes\/general\/lultima-jornada-de-portes-obertes-del-curs-2018-19\/\" target=\"_blank\" rel=\"nofollow noopener noreferrer\"><span style=\"color: #cc0000;\">PORTES OBERTES PROJECTE APADRINEM LA PLATJA DE L\u2019ESCOLA DE LA VILA<\/span><\/a><\/p>\n<div><a href=\"https:\/\/agora.xtec.cat\/esc-joaquimruyra-blanes\/general\/lultima-jornada-de-portes-obertes-del-curs-2018-19\/\" target=\"_blank\" rel=\"nofollow noopener noreferrer\"><img loading=\"lazy\" decoding=\"async\" src=\"https:\/\/agora.xtec.cat\/esc-joaquimruyra-blanes\/wp-content\/uploads\/usu757\/2019\/05\/IMG_1905_680x510.jpg\" alt=\"Per veure la not\u00edcia i l'\u00e0lbum, clica damunt de la fotografia\" width=\"400\" height=\"300\" border=\"0\" \/><\/a><\/div>\n<p>Per consultar la not\u00edcia i l&#8217;\u00e0lbum, cliqueu damunt la fotografia.<\/p>\n<div><\/div>\n<\/div>\n<p><a href=\"https:\/\/en.calameo.com\/read\/004637677b4d1e56c44ff?wmode=opaque&amp;page=1\">Programa d&#8217;innovaci\u00f3.<\/a><\/p>\n<div><b><span style=\"color: #cc0000; font-size: medium;\"><u>CURS 2019-20<\/u><\/span><\/b><\/div>\n<div><b><span style=\"color: #cc0000;\"><span style=\"font-family: arial, sans-serif;\">AC<\/span>TIVITATS REALITZADES:<\/span><\/b><\/div>\n<p>EDUCACI\u00d3 INFANTIL<\/p>\n<p>Benvolgudes fam\u00edlies d&#8217;Educaci\u00f3 Infantil,<\/p>\n<p>Cada curs realitzem el\u00a0 Projecte d\u2019Apadrinament de la Platja de l\u2019escola de La Vila, i, tot i que aquest mes de maig estem distanciats, l&#8217;equip de mestres d&#8217;Educaci\u00f3 Infantil hem pensat fer-vos arribar, durant les properes setmanes,<span style=\"font-weight: 400;\"> reptes relacionats amb el mar. Concretament, amb els organismes marins que donen nom a les nostres classes d\u2019infantil: estrelles de mar (P3), dofins (P4) i tortugues marines (P5).<\/span><\/p>\n<p>Durant les passejades no us oblideu de mirar el mar. Cada dia ens regala una imatge diferent.<\/p>\n<p>Esperem que gaudiu molt del reptes!<\/p>\n<p>Una abra\u00e7ada.<\/p>\n<p><a href=\"https:\/\/drive.google.com\/file\/d\/1e-9mK8wU_gFL6smnWxo_Bo_76dM2NCBA\/view\">Reptes per a l\u2019alumnat d\u2019educaci\u00f3 Infantil (9a setmana).\u00a0<\/a> (clica la frase per accedir)<\/p>\n<p><a href=\"https:\/\/agora.xtec.cat\/esc-joaquimruyra-blanes\/wp-content\/uploads\/usu757\/2020\/04\/mascotes-classes.jpg\"><img loading=\"lazy\" decoding=\"async\" class=\"aligncenter size-large wp-image-10631\" src=\"https:\/\/agora.xtec.cat\/esc-joaquimruyra-blanes\/wp-content\/uploads\/usu757\/2020\/04\/mascotes-classes-1024x237.jpg\" alt=\"\" width=\"1024\" height=\"237\" srcset=\"https:\/\/agora.xtec.cat\/esc-joaquimruyra-blanes\/wp-content\/uploads\/usu757\/2020\/04\/mascotes-classes-1024x237.jpg 1024w, https:\/\/agora.xtec.cat\/esc-joaquimruyra-blanes\/wp-content\/uploads\/usu757\/2020\/04\/mascotes-classes-300x70.jpg 300w, https:\/\/agora.xtec.cat\/esc-joaquimruyra-blanes\/wp-content\/uploads\/usu757\/2020\/04\/mascotes-classes-768x178.jpg 768w, https:\/\/agora.xtec.cat\/esc-joaquimruyra-blanes\/wp-content\/uploads\/usu757\/2020\/04\/mascotes-classes.jpg 1134w\" sizes=\"auto, (max-width: 1024px) 100vw, 1024px\" \/><\/a><\/p>\n<p>Benvolgudes fam\u00edlies d\u2019Educaci\u00f3 Infantil,<\/p>\n<p>Aquesta setmana a les propostes continuem relacionades amb els organismes marins que donen nom a les nostres classes d\u2019infantil: <strong>estrelles de mar<\/strong> (P3), <strong>dofins<\/strong> (P4) i <strong>tortugues marines<\/strong> (P5). Animeu-vos! Hi ha una gran diversistat de reptes: cantar, ballar, fer manualitats&#8230;.<\/p>\n<p>Esperem que gaudiu molt del reptes!<\/p>\n<p>Una abra\u00e7ada.<\/p>\n<p><a href=\"https:\/\/drive.google.com\/file\/d\/1D05mMlIVBl896xLwPRnvEqVdiGNd7aVs\/view\">Reptes per a l&#8217;alumnat\u00a0 d&#8217;Educaci\u00f3 Infantil (10a setmana).<\/a>\u00a0 (clica la frase per accedir)<\/p>\n<p><a href=\"https:\/\/agora.xtec.cat\/esc-joaquimruyra-blanes\/wp-content\/uploads\/usu757\/2020\/05\/17154253_1__275x250.jpg\"><img loading=\"lazy\" decoding=\"async\" class=\"size-full wp-image-11011 aligncenter\" src=\"https:\/\/agora.xtec.cat\/esc-joaquimruyra-blanes\/wp-content\/uploads\/usu757\/2020\/05\/17154253_1__275x250.jpg\" alt=\"\" width=\"275\" height=\"250\" \/><\/a><\/p>\n<p>Benvolgudes fam\u00edlies d\u2019Educaci\u00f3 Infantil,<\/p>\n<p>Esperem que tots estigueu b\u00e9. Comencem el mes de juny i aquesta setmana us fem arribar les \u00faltimes propostes de la tem\u00e0tica del mar i del projecte &#8220;Apadrinem la platja de la Vila&#8221;. L&#8217;equip de mestres us hem preparat unes petites sorpreses: uns contes molt divertits, un joc del tresor del pirata, la can\u00e7\u00f3 de la &#8220;Balena Enriqueta&#8221;&#8230;<\/p>\n<p>Esperem que gaudiu molt del reptes en familia!<\/p>\n<p>Una abra\u00e7ada.<\/p>\n<p><a href=\"https:\/\/drive.google.com\/file\/d\/1dKhRnIK_gNEthRTUnIba4eG_UPZuGhDa\/view\">Reptes per a l\u2019alumnat\u00a0 d\u2019Educaci\u00f3 Infantil (11a setmana)<\/a>.\u00a0 (clica la frase per accedir)<\/p>\n<p><a href=\"https:\/\/agora.xtec.cat\/esc-joaquimruyra-blanes\/wp-content\/uploads\/usu757\/2020\/06\/pirata.jpg\"><img loading=\"lazy\" decoding=\"async\" class=\"aligncenter wp-image-11066\" src=\"https:\/\/agora.xtec.cat\/esc-joaquimruyra-blanes\/wp-content\/uploads\/usu757\/2020\/06\/pirata.jpg\" alt=\"\" width=\"239\" height=\"238\" srcset=\"https:\/\/agora.xtec.cat\/esc-joaquimruyra-blanes\/wp-content\/uploads\/usu757\/2020\/06\/pirata.jpg 600w, https:\/\/agora.xtec.cat\/esc-joaquimruyra-blanes\/wp-content\/uploads\/usu757\/2020\/06\/pirata-150x150.jpg 150w, https:\/\/agora.xtec.cat\/esc-joaquimruyra-blanes\/wp-content\/uploads\/usu757\/2020\/06\/pirata-300x300.jpg 300w\" sizes=\"auto, (max-width: 239px) 100vw, 239px\" \/><\/a><\/p>\n<p>&nbsp;<\/p>\n<p>&nbsp;<\/p>\n<p>CICLE INICIAL<\/p>\n<p>Benvolgudes fam\u00edlies de Cicle Inicial,<\/p>\n<p>Ja estem al mes de juny i aquesta setmana comencem la tem\u00e0tica del mar amb el projecte \u201cApadrinem la platja de la Vila\u201d.<\/p>\n<p>El capit\u00e0 Malapata s&#8217;ha posat en contacte amb l\u2019equip de mestres de cicle inicial per demanar-nos ajuda. Nosaltres hem pensat que els i les alumnes de primer i segon s\u00f3n els\/les indicats\/des per realitzar les aventures que ens proposa el capit\u00e0.<\/p>\n<p>Esperem que gaudiu molt amb els reptes del projecte!<\/p>\n<p>Una abra\u00e7ada.<\/p>\n<p><a href=\"https:\/\/drive.google.com\/file\/d\/127S59275bFBre5uWxzsKbjZqbTWnR5Gt\/view?usp=sharing\">Repte per a l\u2019alumnat\u00a0 de primer i segon de prim\u00e0ria<\/a> (11a setmana)<\/p>\n<p>(clica damunt la frase per accedir)<\/p>\n<p><a href=\"https:\/\/agora.xtec.cat\/esc-joaquimruyra-blanes\/wp-content\/uploads\/usu757\/2020\/06\/pirata.jpg\"><img loading=\"lazy\" decoding=\"async\" class=\"aligncenter wp-image-11066\" src=\"https:\/\/agora.xtec.cat\/esc-joaquimruyra-blanes\/wp-content\/uploads\/usu757\/2020\/06\/pirata.jpg\" sizes=\"auto, (max-width: 239px) 100vw, 239px\" srcset=\"https:\/\/agora.xtec.cat\/esc-joaquimruyra-blanes\/wp-content\/uploads\/usu757\/2020\/06\/pirata.jpg 600w, https:\/\/agora.xtec.cat\/esc-joaquimruyra-blanes\/wp-content\/uploads\/usu757\/2020\/06\/pirata-150x150.jpg 150w, https:\/\/agora.xtec.cat\/esc-joaquimruyra-blanes\/wp-content\/uploads\/usu757\/2020\/06\/pirata-300x300.jpg 300w\" alt=\"\" width=\"239\" height=\"238\" \/><\/a><\/p>\n<p>&nbsp;<\/p>\n<p>CICLE MITJ\u00c0<\/p>\n<p>Els alumnes de 3r i 4t han ajudat al cient\u00edfic Oli a resoldre uns misteris sobre la nostra platja. Missi\u00f3 a missi\u00f3 han anat descobrint el valor del patrimoni natural de l&#8217;espai que apadrinem i el delta de la Tordera. Si exploreu les imatges del suro descobrireu com han resolt les missions. Tots els alumnes ara formen part de l&#8217;equip de cient\u00edfics compromesos amb el medi ambient, per cuidar i respectar els espais naturals.<\/p>\n<p>&nbsp;<\/p>\n<div class=\"container-wrapper-genially\" style=\"position: relative; min-height: 400px; max-width: 100%;\">\n<p><video class=\"loader-genially\" style=\"position: absolute; top: 45%; left: 50%; transform: translate(-50%, -50%); width: 80px; height: 80px; margin-bottom: 10%;\" autoplay=\"autoplay\" loop=\"loop\" muted=\"muted\" width=\"300\" height=\"150\" data-mce-fragment=\"1\"><source src=\"https:\/\/static.genial.ly\/resources\/panel-loader-low.mp4\" type=\"video\/mp4\" \/>Your browser does not support the video tag.<\/video><\/p>\n<\/div>\n<div class=\"genially-embed\" style=\"margin: 0px auto; position: relative; height: auto; width: 100%;\">CICLE SUPERIOR<\/div>\n<div><\/div>\n<div>\n<p>5\u00c8<\/p>\n<p>Us animem a visitar tots el treballs, produccions, creacions fetes per l&#8217;alumnat de 6\u00e8 durant el confinament! Certament, el resultat de tot plegat \u00e9s FANT\u00c0STIC! Moltes felicitats nens i nenes!Volem agrair especialment a les fam\u00edlies perqu\u00e8 sense la seva implicaci\u00f3, ajuda, orientaci\u00f3, guia&#8230; aquests resultats no haurien sigut tan satisfactoris. GR\u00c0CIES!<\/p>\n<div class=\"container-wrapper-genially\" style=\"position: relative; min-height: 400px; max-width: 100%;\">\n<p>&nbsp;<\/p>\n<p>&nbsp;<\/p>\n<p><video class=\"loader-genially\" style=\"position: absolute; top: 45%; left: 50%; transform: translate(-50%, -50%); width: 80px; height: 80px; margin-bottom: 10%;\" autoplay=\"autoplay\" loop=\"loop\" muted=\"muted\" width=\"300\" height=\"150\" data-mce-fragment=\"1\"><source src=\"https:\/\/static.genial.ly\/resources\/panel-loader-low.mp4\" type=\"video\/mp4\" \/>Your browser does not support the video tag.<\/video><\/p>\n<\/div>\n<\/div>\n<div class=\"genially-embed\" style=\"margin: 0px auto; position: relative; height: auto; width: 100%;\">\n<p>&nbsp;<\/p>\n<p>6\u00c8 <strong>LET&#8217;S GO ON A FIELDTRIP TO THE NATIONAL AQUARIUM IN WASHINGTON<\/strong><\/p>\n<p>This time we will visit the National Aquarium in Washington (USA).?? Here you have the link to the <a href=\"https:\/\/aqua.org\/Experience\">website!! <\/a>Feel free to surf on the page and visit the different experiences that it offers.<\/p>\n<p><img decoding=\"async\" src=\"https:\/\/retail.regionaldirectory.us\/aquariums-and-supplies\/aquarium-720-dc.jpg\" alt=\"Aquariums &amp; Supplies Retailers in Washington, DC\" \/><\/p>\n<p>&nbsp;<\/p>\n<p>We suggest you this activities classified depending on the grade. You will also find a big amount of activities to do in the website, feel free to use them!! We hope you have an amazing experience and learn a lot about these fabulous animals!<\/p>\n<p><iframe loading=\"lazy\" src=\"\/\/giphy.com\/embed\/10h8d7DM6tOTK\" width=\"480\" height=\"318\" frameborder=\"0\" data-mce-fragment=\"1\"><\/iframe><\/p>\n<p>&nbsp;<\/p>\n<p><strong>Educaci\u00f3 Infantil and Cicle Inicial:<\/strong><\/p>\n<p>Pick up an animal that you like best and make the most beautiful drawing of it!!<\/p>\n<p>Remember to write down its name and its colours!! You can make it in a white sheet or with cardboard!! Use your imagination and creativity to surprise everybody with your creation! You will do great!!<\/p>\n<p><strong>Cicle Mitj\u00e0 and Cicle Superior:<\/strong><\/p>\n<p>Move around the different rooms <a href=\"http:\/\/samuraivirtualtours.com\/example\/nab\/index.html\">here<\/a> and find out the answers to that <a href=\"https:\/\/docs.google.com\/forms\/d\/e\/1FAIpQLSfb_4bs78BrJVMUTN72ysd9tr8gW40R0g5siHazrGEGaPsTGg\/viewform?usp=sf_link\">questionary<\/a> for your favourite animal!<\/p>\n<p>After that, make a <strong>mind map<\/strong> of it in the Aquarium! You can choose one or as many as you wish!! There&#8217;s plenty of amazing creatures in there!! We hope you enjoy the visit!<\/p>\n<p><img decoding=\"async\" src=\"https:\/\/www.washingtonpost.com\/resizer\/V-vSkhe7XI6J906IUpOZFlRYHJg=\/1920x1080\/filters:quality(80)\/posttv-thumbnails-prod.s3.amazonaws.com\/thumbnails\/5e6fb4e652faff0001a16990\/232925_scaled.jpg\" alt=\"Penguins go on 'field trip' after Chicago's Shedd Aquarium shuts ...\" \/><\/p>\n<\/div>\n<div><strong>CONCURS PORTADA DE L&#8217;AGENDA DE L&#8217;ESCOLA<\/strong><\/div>\n<div><\/div>\n<div>\n<p>Els guanyadors del Concurs per la portada de l&#8217;agenda del proper curs han estat:<\/p>\n<p><strong>Carmen Garcia de P4<\/strong><\/p>\n<p><a href=\"https:\/\/agora.xtec.cat\/esc-joaquimruyra-blanes\/wp-content\/uploads\/usu757\/2020\/05\/Carmencita.jpg\"><img loading=\"lazy\" decoding=\"async\" class=\"alignnone wp-image-10904\" src=\"https:\/\/agora.xtec.cat\/esc-joaquimruyra-blanes\/wp-content\/uploads\/usu757\/2020\/05\/Carmencita.jpg\" alt=\"\" width=\"457\" height=\"325\" srcset=\"https:\/\/agora.xtec.cat\/esc-joaquimruyra-blanes\/wp-content\/uploads\/usu757\/2020\/05\/Carmencita.jpg 799w, https:\/\/agora.xtec.cat\/esc-joaquimruyra-blanes\/wp-content\/uploads\/usu757\/2020\/05\/Carmencita-300x213.jpg 300w, https:\/\/agora.xtec.cat\/esc-joaquimruyra-blanes\/wp-content\/uploads\/usu757\/2020\/05\/Carmencita-768x546.jpg 768w\" sizes=\"auto, (max-width: 457px) 100vw, 457px\" \/><\/a><\/p>\n<p><strong>Cl\u00e0udia Molina de 5\u00e8B<\/strong><\/p>\n<p><a href=\"https:\/\/agora.xtec.cat\/esc-joaquimruyra-blanes\/wp-content\/uploads\/usu757\/2020\/05\/Claudia-Molina.png\"><img loading=\"lazy\" decoding=\"async\" class=\"alignnone wp-image-10931\" src=\"https:\/\/agora.xtec.cat\/esc-joaquimruyra-blanes\/wp-content\/uploads\/usu757\/2020\/05\/Claudia-Molina.png\" alt=\"\" width=\"383\" height=\"501\" srcset=\"https:\/\/agora.xtec.cat\/esc-joaquimruyra-blanes\/wp-content\/uploads\/usu757\/2020\/05\/Claudia-Molina.png 235w, https:\/\/agora.xtec.cat\/esc-joaquimruyra-blanes\/wp-content\/uploads\/usu757\/2020\/05\/Claudia-Molina-230x300.png 230w\" sizes=\"auto, (max-width: 383px) 100vw, 383px\" \/><\/a><\/p>\n<p>Felicitats a les guanyadores i moltes gr\u00e0cies a tots els que heu participat!<\/p>\n<p>Us deixem els dibuixos de tots els participants.<\/p>\n<p>Participants de P4<\/p>\n\r\n\t<div class=\"slideshow_container slideshow_container_style-light\" style=\"height: 500px; \" data-slideshow-id=\"10901\" data-style-name=\"style-light\" data-style-version=\"2.3.1\" >\r\n\r\n\t\t\t\t\t<div class=\"slideshow_loading_icon\"><\/div>\r\n\t\t\r\n\t\t<div class=\"slideshow_content\" style=\"display: none;\">\r\n\r\n\t\t\t<div class=\"slideshow_view\">\r\n\t\t\t\t<div class=\"slideshow_slide slideshow_slide_image\">\r\n\t\t\t\t\t\t\t\t\t\t\t<img src=\"https:\/\/agora.xtec.cat\/esc-joaquimruyra-blanes\/wp-content\/uploads\/usu757\/2020\/05\/Hayd\u00e9e.jpg\" alt=\"Hayd\u00e9e\" width=\"3065\" height=\"2181\" \/>\r\n\t\t\t\t\t\t\t\t\t\t<div class=\"slideshow_description_box slideshow_transparent\">\r\n\t\t\t\t\t\t<div class=\"slideshow_title\">Hayd\u00e9e<\/div>\t\t\t\t\t\t\t\t\t\t\t<\/div>\r\n\t\t\t\t<\/div>\r\n\r\n\t\t\t\t\t\t<div style=\"clear: both;\"><\/div><\/div><div class=\"slideshow_view\">\r\n\t\t\t\t<div class=\"slideshow_slide slideshow_slide_image\">\r\n\t\t\t\t\t\t\t\t\t\t\t<img src=\"https:\/\/agora.xtec.cat\/esc-joaquimruyra-blanes\/wp-content\/uploads\/usu757\/2020\/05\/Hada.jpg\" alt=\"Hada\" width=\"3069\" height=\"2221\" \/>\r\n\t\t\t\t\t\t\t\t\t\t<div class=\"slideshow_description_box slideshow_transparent\">\r\n\t\t\t\t\t\t<div class=\"slideshow_title\">Hada<\/div>\t\t\t\t\t\t\t\t\t\t\t<\/div>\r\n\t\t\t\t<\/div>\r\n\r\n\t\t\t\t\t\t<div style=\"clear: both;\"><\/div><\/div><div class=\"slideshow_view\">\r\n\t\t\t\t<div class=\"slideshow_slide slideshow_slide_image\">\r\n\t\t\t\t\t\t\t\t\t\t\t<img src=\"https:\/\/agora.xtec.cat\/esc-joaquimruyra-blanes\/wp-content\/uploads\/usu757\/2020\/05\/Dibuix-AINA-BOTA-P4.jpg\" alt=\"Dibuix AINA BOTA P4\" width=\"1700\" height=\"2338\" \/>\r\n\t\t\t\t\t\t\t\t\t\t<div class=\"slideshow_description_box slideshow_transparent\">\r\n\t\t\t\t\t\t<div class=\"slideshow_title\">Dibuix AINA BOTA P4<\/div>\t\t\t\t\t\t\t\t\t\t\t<\/div>\r\n\t\t\t\t<\/div>\r\n\r\n\t\t\t\t\t\t<div style=\"clear: both;\"><\/div><\/div><div class=\"slideshow_view\">\r\n\t\t\t\t<div class=\"slideshow_slide slideshow_slide_image\">\r\n\t\t\t\t\t\t\t\t\t\t\t<img src=\"https:\/\/agora.xtec.cat\/esc-joaquimruyra-blanes\/wp-content\/uploads\/usu757\/2020\/05\/Erik-Galvez-1.jpg\" alt=\"Erik Galvez\" width=\"1560\" height=\"2080\" \/>\r\n\t\t\t\t\t\t\t\t\t\t<div class=\"slideshow_description_box slideshow_transparent\">\r\n\t\t\t\t\t\t<div class=\"slideshow_title\">Erik Galvez<\/div>\t\t\t\t\t\t\t\t\t\t\t<\/div>\r\n\t\t\t\t<\/div>\r\n\r\n\t\t\t\t\t\t<div style=\"clear: both;\"><\/div><\/div><div class=\"slideshow_view\">\r\n\t\t\t\t<div class=\"slideshow_slide slideshow_slide_image\">\r\n\t\t\t\t\t\t\t\t\t\t\t<img src=\"https:\/\/agora.xtec.cat\/esc-joaquimruyra-blanes\/wp-content\/uploads\/usu757\/2020\/05\/Nil-Torrijos.jpg\" alt=\"Nil Torrijos\" width=\"592\" height=\"431\" \/>\r\n\t\t\t\t\t\t\t\t\t\t<div class=\"slideshow_description_box slideshow_transparent\">\r\n\t\t\t\t\t\t<div class=\"slideshow_title\">Nil Torrijos<\/div>\t\t\t\t\t\t\t\t\t\t\t<\/div>\r\n\t\t\t\t<\/div>\r\n\r\n\t\t\t\t\t\t<div style=\"clear: both;\"><\/div><\/div><div class=\"slideshow_view\">\r\n\t\t\t\t<div class=\"slideshow_slide slideshow_slide_image\">\r\n\t\t\t\t\t\t\t\t\t\t\t<img src=\"https:\/\/agora.xtec.cat\/esc-joaquimruyra-blanes\/wp-content\/uploads\/usu757\/2020\/05\/Carmencita.jpg\" alt=\"Carmen\" width=\"799\" height=\"568\" \/>\r\n\t\t\t\t\t\t\t\t\t\t<div class=\"slideshow_description_box slideshow_transparent\">\r\n\t\t\t\t\t\t<div class=\"slideshow_title\">Carmen<\/div>\t\t\t\t\t\t\t\t\t\t\t<\/div>\r\n\t\t\t\t<\/div>\r\n\r\n\t\t\t\t\t\t<div style=\"clear: both;\"><\/div><\/div>\r\n\t\t<\/div>\r\n\r\n\t\t<div class=\"slideshow_controlPanel slideshow_transparent\" style=\"display: none;\"><ul><li class=\"slideshow_togglePlay\" data-play-text=\"Visualitza\" data-pause-text=\"Pausa\"><\/li><\/ul><\/div>\r\n\r\n\t\t<div class=\"slideshow_button slideshow_previous slideshow_transparent\" role=\"button\" data-previous-text=\"Anterior\" style=\"display: none;\"><\/div>\r\n\t\t<div class=\"slideshow_button slideshow_next slideshow_transparent\" role=\"button\" data-next-text=\"Seg\u00fcent\" style=\"display: none;\"><\/div>\r\n\r\n\t\t<div class=\"slideshow_pagination\" style=\"display: none;\" data-go-to-text=\"V\u00e9s a la diapositiva\"><div class=\"slideshow_pagination_center\"><\/div><\/div>\r\n\r\n\t\t<!-- WordPress Slideshow Version 2.3.1 -->\r\n\r\n\t\t\t<\/div>\r\n\r\n\n<p>Participants de 5\u00e8A i 5\u00e8B<\/p>\n\r\n\t<div class=\"slideshow_container slideshow_container_style-light\" style=\"height: 500px; \" data-slideshow-id=\"10911\" data-style-name=\"style-light\" data-style-version=\"2.3.1\" >\r\n\r\n\t\t\t\t\t<div class=\"slideshow_loading_icon\"><\/div>\r\n\t\t\r\n\t\t<div class=\"slideshow_content\" style=\"display: none;\">\r\n\r\n\t\t\t<div class=\"slideshow_view\">\r\n\t\t\t\t<div class=\"slideshow_slide slideshow_slide_image\">\r\n\t\t\t\t\t\t\t\t\t\t\t<img src=\"https:\/\/agora.xtec.cat\/esc-joaquimruyra-blanes\/wp-content\/uploads\/usu757\/2020\/05\/Guillem-Piris.png\" alt=\"Guillem Piris\" width=\"894\" height=\"812\" \/>\r\n\t\t\t\t\t\t\t\t\t\t<div class=\"slideshow_description_box slideshow_transparent\">\r\n\t\t\t\t\t\t<div class=\"slideshow_title\">Guillem Piris<\/div>\t\t\t\t\t\t\t\t\t\t\t<\/div>\r\n\t\t\t\t<\/div>\r\n\r\n\t\t\t\t\t\t<div style=\"clear: both;\"><\/div><\/div><div class=\"slideshow_view\">\r\n\t\t\t\t<div class=\"slideshow_slide slideshow_slide_image\">\r\n\t\t\t\t\t\t\t\t\t\t\t<img src=\"https:\/\/agora.xtec.cat\/esc-joaquimruyra-blanes\/wp-content\/uploads\/usu757\/2020\/05\/Claudia-Molina.png\" alt=\"Claudia Molina\" width=\"235\" height=\"306\" \/>\r\n\t\t\t\t\t\t\t\t\t\t<div class=\"slideshow_description_box slideshow_transparent\">\r\n\t\t\t\t\t\t<div class=\"slideshow_title\">Claudia Molina<\/div>\t\t\t\t\t\t\t\t\t\t\t<\/div>\r\n\t\t\t\t<\/div>\r\n\r\n\t\t\t\t\t\t<div style=\"clear: both;\"><\/div><\/div><div class=\"slideshow_view\">\r\n\t\t\t\t<div class=\"slideshow_slide slideshow_slide_image\">\r\n\t\t\t\t\t\t\t\t\t\t\t<img src=\"https:\/\/agora.xtec.cat\/esc-joaquimruyra-blanes\/wp-content\/uploads\/usu757\/2020\/05\/Pau-Fern\u00e1ndez-5\u00e8A.jpg\" alt=\"dav\" width=\"416\" height=\"312\" \/>\r\n\t\t\t\t\t\t\t\t\t\t<div class=\"slideshow_description_box slideshow_transparent\">\r\n\t\t\t\t\t\t<div class=\"slideshow_title\">dav<\/div>\t\t\t\t\t\t\t\t\t\t\t<\/div>\r\n\t\t\t\t<\/div>\r\n\r\n\t\t\t\t\t\t<div style=\"clear: both;\"><\/div><\/div><div class=\"slideshow_view\">\r\n\t\t\t\t<div class=\"slideshow_slide slideshow_slide_image\">\r\n\t\t\t\t\t\t\t\t\t\t\t<img src=\"https:\/\/agora.xtec.cat\/esc-joaquimruyra-blanes\/wp-content\/uploads\/usu757\/2020\/05\/JoanaBartumeus.jpg\" alt=\"JoanaBartumeus\" width=\"294\" height=\"392\" \/>\r\n\t\t\t\t\t\t\t\t\t\t<div class=\"slideshow_description_box slideshow_transparent\">\r\n\t\t\t\t\t\t<div class=\"slideshow_title\">JoanaBartumeus<\/div>\t\t\t\t\t\t\t\t\t\t\t<\/div>\r\n\t\t\t\t<\/div>\r\n\r\n\t\t\t\t\t\t<div style=\"clear: both;\"><\/div><\/div><div class=\"slideshow_view\">\r\n\t\t\t\t<div class=\"slideshow_slide slideshow_slide_image\">\r\n\t\t\t\t\t\t\t\t\t\t\t<img src=\"https:\/\/agora.xtec.cat\/esc-joaquimruyra-blanes\/wp-content\/uploads\/usu757\/2020\/05\/Africa-Molas-5A.jpg\" alt=\"Africa Molas 5A\" width=\"1897\" height=\"2489\" \/>\r\n\t\t\t\t\t\t\t\t\t\t<div class=\"slideshow_description_box slideshow_transparent\">\r\n\t\t\t\t\t\t<div class=\"slideshow_title\">Africa Molas 5A<\/div>\t\t\t\t\t\t\t\t\t\t\t<\/div>\r\n\t\t\t\t<\/div>\r\n\r\n\t\t\t\t\t\t<div style=\"clear: both;\"><\/div><\/div><div class=\"slideshow_view\">\r\n\t\t\t\t<div class=\"slideshow_slide slideshow_slide_image\">\r\n\t\t\t\t\t\t\t\t\t\t\t<img src=\"https:\/\/agora.xtec.cat\/esc-joaquimruyra-blanes\/wp-content\/uploads\/usu757\/2020\/05\/Nerea.jpg\" alt=\"Nerea\" width=\"574\" height=\"625\" \/>\r\n\t\t\t\t\t\t\t\t\t\t<div class=\"slideshow_description_box slideshow_transparent\">\r\n\t\t\t\t\t\t<div class=\"slideshow_title\">Nerea<\/div>\t\t\t\t\t\t\t\t\t\t\t<\/div>\r\n\t\t\t\t<\/div>\r\n\r\n\t\t\t\t\t\t<div style=\"clear: both;\"><\/div><\/div><div class=\"slideshow_view\">\r\n\t\t\t\t<div class=\"slideshow_slide slideshow_slide_image\">\r\n\t\t\t\t\t\t\t\t\t\t\t<img src=\"https:\/\/agora.xtec.cat\/esc-joaquimruyra-blanes\/wp-content\/uploads\/usu757\/2020\/05\/J\u00falia-Vila.jpg\" alt=\"J\u00falia Vila\" width=\"750\" height=\"544\" \/>\r\n\t\t\t\t\t\t\t\t\t\t<div class=\"slideshow_description_box slideshow_transparent\">\r\n\t\t\t\t\t\t<div class=\"slideshow_title\">J\u00falia Vila<\/div>\t\t\t\t\t\t\t\t\t\t\t<\/div>\r\n\t\t\t\t<\/div>\r\n\r\n\t\t\t\t\t\t<div style=\"clear: both;\"><\/div><\/div><div class=\"slideshow_view\">\r\n\t\t\t\t<div class=\"slideshow_slide slideshow_slide_image\">\r\n\t\t\t\t\t\t\t\t\t\t\t<img src=\"https:\/\/agora.xtec.cat\/esc-joaquimruyra-blanes\/wp-content\/uploads\/usu757\/2020\/05\/pablo.jpg\" alt=\"pablo\" width=\"2267\" height=\"3233\" \/>\r\n\t\t\t\t\t\t\t\t\t\t<div class=\"slideshow_description_box slideshow_transparent\">\r\n\t\t\t\t\t\t<div class=\"slideshow_title\">pablo<\/div>\t\t\t\t\t\t\t\t\t\t\t<\/div>\r\n\t\t\t\t<\/div>\r\n\r\n\t\t\t\t\t\t<div style=\"clear: both;\"><\/div><\/div><div class=\"slideshow_view\">\r\n\t\t\t\t<div class=\"slideshow_slide slideshow_slide_image\">\r\n\t\t\t\t\t\t\t\t\t\t\t<img src=\"https:\/\/agora.xtec.cat\/esc-joaquimruyra-blanes\/wp-content\/uploads\/usu757\/2020\/05\/Ona-Pagerols-agenda.jpg\" alt=\"Ona Pagerols agenda\" width=\"2050\" height=\"2929\" \/>\r\n\t\t\t\t\t\t\t\t\t\t<div class=\"slideshow_description_box slideshow_transparent\">\r\n\t\t\t\t\t\t<div class=\"slideshow_title\">Ona Pagerols agenda<\/div>\t\t\t\t\t\t\t\t\t\t\t<\/div>\r\n\t\t\t\t<\/div>\r\n\r\n\t\t\t\t\t\t<div style=\"clear: both;\"><\/div><\/div><div class=\"slideshow_view\">\r\n\t\t\t\t<div class=\"slideshow_slide slideshow_slide_image\">\r\n\t\t\t\t\t\t\t\t\t\t\t<img src=\"https:\/\/agora.xtec.cat\/esc-joaquimruyra-blanes\/wp-content\/uploads\/usu757\/2020\/05\/Nil-Biel-agenda-e1589365385884.jpg\" alt=\"Nil Biel agenda\" width=\"2098\" height=\"1285\" \/>\r\n\t\t\t\t\t\t\t\t\t\t<div class=\"slideshow_description_box slideshow_transparent\">\r\n\t\t\t\t\t\t<div class=\"slideshow_title\">Nil Biel agenda<\/div>\t\t\t\t\t\t\t\t\t\t\t<\/div>\r\n\t\t\t\t<\/div>\r\n\r\n\t\t\t\t\t\t<div style=\"clear: both;\"><\/div><\/div><div class=\"slideshow_view\">\r\n\t\t\t\t<div class=\"slideshow_slide slideshow_slide_image\">\r\n\t\t\t\t\t\t\t\t\t\t\t<img src=\"https:\/\/agora.xtec.cat\/esc-joaquimruyra-blanes\/wp-content\/uploads\/usu757\/2020\/05\/J\u00faliaF.jpeg\" alt=\"J\u00faliaF\" width=\"480\" height=\"640\" \/>\r\n\t\t\t\t\t\t\t\t\t\t<div class=\"slideshow_description_box slideshow_transparent\">\r\n\t\t\t\t\t\t<div class=\"slideshow_title\">J\u00faliaF<\/div>\t\t\t\t\t\t\t\t\t\t\t<\/div>\r\n\t\t\t\t<\/div>\r\n\r\n\t\t\t\t\t\t<div style=\"clear: both;\"><\/div><\/div><div class=\"slideshow_view\">\r\n\t\t\t\t<div class=\"slideshow_slide slideshow_slide_image\">\r\n\t\t\t\t\t\t\t\t\t\t\t<img src=\"https:\/\/agora.xtec.cat\/esc-joaquimruyra-blanes\/wp-content\/uploads\/usu757\/2020\/05\/J\u00daLIA-DOLZ-5\u00e8B.jpg\" alt=\"J\u00daLIA DOLZ 5\u00e8B\" width=\"1700\" height=\"2338\" \/>\r\n\t\t\t\t\t\t\t\t\t\t<div class=\"slideshow_description_box slideshow_transparent\">\r\n\t\t\t\t\t\t<div class=\"slideshow_title\">J\u00daLIA DOLZ 5\u00e8B<\/div>\t\t\t\t\t\t\t\t\t\t\t<\/div>\r\n\t\t\t\t<\/div>\r\n\r\n\t\t\t\t\t\t<div style=\"clear: both;\"><\/div><\/div><div class=\"slideshow_view\">\r\n\t\t\t\t<div class=\"slideshow_slide slideshow_slide_image\">\r\n\t\t\t\t\t\t\t\t\t\t\t<img src=\"https:\/\/agora.xtec.cat\/esc-joaquimruyra-blanes\/wp-content\/uploads\/usu757\/2020\/05\/Iris.jpg\" alt=\"Iris\" width=\"1560\" height=\"2080\" \/>\r\n\t\t\t\t\t\t\t\t\t\t<div class=\"slideshow_description_box slideshow_transparent\">\r\n\t\t\t\t\t\t<div class=\"slideshow_title\">Iris<\/div>\t\t\t\t\t\t\t\t\t\t\t<\/div>\r\n\t\t\t\t<\/div>\r\n\r\n\t\t\t\t\t\t<div style=\"clear: both;\"><\/div><\/div><div class=\"slideshow_view\">\r\n\t\t\t\t<div class=\"slideshow_slide slideshow_slide_image\">\r\n\t\t\t\t\t\t\t\t\t\t\t<img src=\"https:\/\/agora.xtec.cat\/esc-joaquimruyra-blanes\/wp-content\/uploads\/usu757\/2020\/05\/I.-Vinuesa.jpg\" alt=\"I. Vinuesa\" width=\"2167\" height=\"3042\" \/>\r\n\t\t\t\t\t\t\t\t\t\t<div class=\"slideshow_description_box slideshow_transparent\">\r\n\t\t\t\t\t\t<div class=\"slideshow_title\">I. Vinuesa<\/div>\t\t\t\t\t\t\t\t\t\t\t<\/div>\r\n\t\t\t\t<\/div>\r\n\r\n\t\t\t\t\t\t<div style=\"clear: both;\"><\/div><\/div><div class=\"slideshow_view\">\r\n\t\t\t\t<div class=\"slideshow_slide slideshow_slide_image\">\r\n\t\t\t\t\t\t\t\t\t\t\t<img src=\"https:\/\/agora.xtec.cat\/esc-joaquimruyra-blanes\/wp-content\/uploads\/usu757\/2020\/05\/EMMA-5B.jpg\" alt=\"EMMA 5B\" width=\"2048\" height=\"1536\" \/>\r\n\t\t\t\t\t\t\t\t\t\t<div class=\"slideshow_description_box slideshow_transparent\">\r\n\t\t\t\t\t\t<div class=\"slideshow_title\">EMMA 5B<\/div>\t\t\t\t\t\t\t\t\t\t\t<\/div>\r\n\t\t\t\t<\/div>\r\n\r\n\t\t\t\t\t\t<div style=\"clear: both;\"><\/div><\/div><div class=\"slideshow_view\">\r\n\t\t\t\t<div class=\"slideshow_slide slideshow_slide_image\">\r\n\t\t\t\t\t\t\t\t\t\t\t<img src=\"https:\/\/agora.xtec.cat\/esc-joaquimruyra-blanes\/wp-content\/uploads\/usu757\/2020\/05\/ELOI-5A.jpg\" alt=\"ELOI 5A\" width=\"2474\" height=\"3496\" \/>\r\n\t\t\t\t\t\t\t\t\t\t<div class=\"slideshow_description_box slideshow_transparent\">\r\n\t\t\t\t\t\t<div class=\"slideshow_title\">ELOI 5A<\/div>\t\t\t\t\t\t\t\t\t\t\t<\/div>\r\n\t\t\t\t<\/div>\r\n\r\n\t\t\t\t\t\t<div style=\"clear: both;\"><\/div><\/div><div class=\"slideshow_view\">\r\n\t\t\t\t<div class=\"slideshow_slide slideshow_slide_image\">\r\n\t\t\t\t\t\t\t\t\t\t\t<img src=\"https:\/\/agora.xtec.cat\/esc-joaquimruyra-blanes\/wp-content\/uploads\/usu757\/2020\/05\/Douae-5\u00e8B.jpg\" alt=\"Douae 5\u00e8B\" width=\"900\" height=\"1600\" \/>\r\n\t\t\t\t\t\t\t\t\t\t<div class=\"slideshow_description_box slideshow_transparent\">\r\n\t\t\t\t\t\t<div class=\"slideshow_title\">Douae 5\u00e8B<\/div>\t\t\t\t\t\t\t\t\t\t\t<\/div>\r\n\t\t\t\t<\/div>\r\n\r\n\t\t\t\t\t\t<div style=\"clear: both;\"><\/div><\/div><div class=\"slideshow_view\">\r\n\t\t\t\t<div class=\"slideshow_slide slideshow_slide_image\">\r\n\t\t\t\t\t\t\t\t\t\t\t<img src=\"https:\/\/agora.xtec.cat\/esc-joaquimruyra-blanes\/wp-content\/uploads\/usu757\/2020\/05\/Daila-Simmi-5A.jpeg\" alt=\"Daila Simmi 5A\" width=\"1200\" height=\"1600\" \/>\r\n\t\t\t\t\t\t\t\t\t\t<div class=\"slideshow_description_box slideshow_transparent\">\r\n\t\t\t\t\t\t<div class=\"slideshow_title\">Daila Simmi 5A<\/div>\t\t\t\t\t\t\t\t\t\t\t<\/div>\r\n\t\t\t\t<\/div>\r\n\r\n\t\t\t\t\t\t<div style=\"clear: both;\"><\/div><\/div><div class=\"slideshow_view\">\r\n\t\t\t\t<div class=\"slideshow_slide slideshow_slide_image\">\r\n\t\t\t\t\t\t\t\t\t\t\t<img src=\"https:\/\/agora.xtec.cat\/esc-joaquimruyra-blanes\/wp-content\/uploads\/usu757\/2020\/05\/Alba-agenda.jpg\" alt=\"Alba agenda\" width=\"2592\" height=\"1936\" \/>\r\n\t\t\t\t\t\t\t\t\t\t<div class=\"slideshow_description_box slideshow_transparent\">\r\n\t\t\t\t\t\t<div class=\"slideshow_title\">Alba agenda<\/div>\t\t\t\t\t\t\t\t\t\t\t<\/div>\r\n\t\t\t\t<\/div>\r\n\r\n\t\t\t\t\t\t<div style=\"clear: both;\"><\/div><\/div><div class=\"slideshow_view\">\r\n\t\t\t\t<div class=\"slideshow_slide slideshow_slide_image\">\r\n\t\t\t\t\t\t\t\t\t\t\t<img src=\"https:\/\/agora.xtec.cat\/esc-joaquimruyra-blanes\/wp-content\/uploads\/usu757\/2020\/05\/P4-20200513T080833Z-001.zip\" alt=\"P4-20200513T080833Z-001\"   \/>\r\n\t\t\t\t\t\t\t\t\t\t<div class=\"slideshow_description_box slideshow_transparent\">\r\n\t\t\t\t\t\t<div class=\"slideshow_title\">P4-20200513T080833Z-001<\/div>\t\t\t\t\t\t\t\t\t\t\t<\/div>\r\n\t\t\t\t<\/div>\r\n\r\n\t\t\t\t\t\t<div style=\"clear: both;\"><\/div><\/div>\r\n\t\t<\/div>\r\n\r\n\t\t<div class=\"slideshow_controlPanel slideshow_transparent\" style=\"display: none;\"><ul><li class=\"slideshow_togglePlay\" data-play-text=\"Visualitza\" data-pause-text=\"Pausa\"><\/li><\/ul><\/div>\r\n\r\n\t\t<div class=\"slideshow_button slideshow_previous slideshow_transparent\" role=\"button\" data-previous-text=\"Anterior\" style=\"display: none;\"><\/div>\r\n\t\t<div class=\"slideshow_button slideshow_next slideshow_transparent\" role=\"button\" data-next-text=\"Seg\u00fcent\" style=\"display: none;\"><\/div>\r\n\r\n\t\t<div class=\"slideshow_pagination\" style=\"display: none;\" data-go-to-text=\"V\u00e9s a la diapositiva\"><div class=\"slideshow_pagination_center\"><\/div><\/div>\r\n\r\n\t\t<!-- WordPress Slideshow Version 2.3.1 -->\r\n\r\n\t\t\t<\/div>\r\n\r\n\n<div><b><span style=\"color: #cc0000; font-size: medium;\"><u>CURS 2020-21<\/u><\/span><\/b><\/div>\n<div><b><span style=\"color: #cc0000;\"><span style=\"font-family: arial, sans-serif;\">AC<\/span>TIVITATS REALITZADES:<\/span><\/b><\/div>\n<p>CICLE SUPERIOR<\/p>\n<p>Cicle superior ha comen\u00e7at a fer Vela!<\/p>\n<p>Sis\u00e8 recupera les hores de l&#8217;any passat i cinqu\u00e8 s&#8217;ha iniciat avui!<\/p>\n<p>&nbsp;<\/p>\n<p>Despr\u00e9s dels nervis inicials i de la pluja, al final ha sortit el sol i ens ho hem passat s\u00faper b\u00e9!<\/p>\n<p>&nbsp;<\/p>\n<p><a href=\"https:\/\/agora.xtec.cat\/esc-joaquimruyra-blanes\/wp-content\/uploads\/usu757\/2020\/10\/photocollage_20201014143728806-Copy.jpg\"><img loading=\"lazy\" decoding=\"async\" class=\"alignnone size-medium wp-image-11593\" src=\"https:\/\/agora.xtec.cat\/esc-joaquimruyra-blanes\/wp-content\/uploads\/usu757\/2020\/10\/photocollage_20201014143728806-Copy-300x300.jpg\" alt=\"\" width=\"300\" height=\"300\" srcset=\"https:\/\/agora.xtec.cat\/esc-joaquimruyra-blanes\/wp-content\/uploads\/usu757\/2020\/10\/photocollage_20201014143728806-Copy-300x300.jpg 300w, https:\/\/agora.xtec.cat\/esc-joaquimruyra-blanes\/wp-content\/uploads\/usu757\/2020\/10\/photocollage_20201014143728806-Copy-150x150.jpg 150w, https:\/\/agora.xtec.cat\/esc-joaquimruyra-blanes\/wp-content\/uploads\/usu757\/2020\/10\/photocollage_20201014143728806-Copy.jpg 480w\" sizes=\"auto, (max-width: 300px) 100vw, 300px\" \/><\/a> <a href=\"https:\/\/agora.xtec.cat\/esc-joaquimruyra-blanes\/wp-content\/uploads\/usu757\/2020\/10\/20201014_102041-Copy.jpg\"><img loading=\"lazy\" decoding=\"async\" class=\"alignnone size-medium wp-image-11592\" src=\"https:\/\/agora.xtec.cat\/esc-joaquimruyra-blanes\/wp-content\/uploads\/usu757\/2020\/10\/20201014_102041-Copy-300x225.jpg\" alt=\"\" width=\"300\" height=\"225\" srcset=\"https:\/\/agora.xtec.cat\/esc-joaquimruyra-blanes\/wp-content\/uploads\/usu757\/2020\/10\/20201014_102041-Copy-300x225.jpg 300w, https:\/\/agora.xtec.cat\/esc-joaquimruyra-blanes\/wp-content\/uploads\/usu757\/2020\/10\/20201014_102041-Copy-200x150.jpg 200w, https:\/\/agora.xtec.cat\/esc-joaquimruyra-blanes\/wp-content\/uploads\/usu757\/2020\/10\/20201014_102041-Copy.jpg 640w\" sizes=\"auto, (max-width: 300px) 100vw, 300px\" \/><\/a> <a href=\"https:\/\/agora.xtec.cat\/esc-joaquimruyra-blanes\/wp-content\/uploads\/usu757\/2020\/10\/20201014_101957-Copy.jpg\"><img loading=\"lazy\" decoding=\"async\" class=\"alignnone size-medium wp-image-11591\" src=\"https:\/\/agora.xtec.cat\/esc-joaquimruyra-blanes\/wp-content\/uploads\/usu757\/2020\/10\/20201014_101957-Copy-300x225.jpg\" alt=\"\" width=\"300\" height=\"225\" srcset=\"https:\/\/agora.xtec.cat\/esc-joaquimruyra-blanes\/wp-content\/uploads\/usu757\/2020\/10\/20201014_101957-Copy-300x225.jpg 300w, https:\/\/agora.xtec.cat\/esc-joaquimruyra-blanes\/wp-content\/uploads\/usu757\/2020\/10\/20201014_101957-Copy-200x150.jpg 200w, https:\/\/agora.xtec.cat\/esc-joaquimruyra-blanes\/wp-content\/uploads\/usu757\/2020\/10\/20201014_101957-Copy.jpg 640w\" sizes=\"auto, (max-width: 300px) 100vw, 300px\" \/><\/a> <a href=\"https:\/\/agora.xtec.cat\/esc-joaquimruyra-blanes\/wp-content\/uploads\/usu757\/2020\/10\/20201014_101604-Copy.jpg\"><img loading=\"lazy\" decoding=\"async\" class=\"alignnone size-medium wp-image-11590\" src=\"https:\/\/agora.xtec.cat\/esc-joaquimruyra-blanes\/wp-content\/uploads\/usu757\/2020\/10\/20201014_101604-Copy-300x225.jpg\" alt=\"\" width=\"300\" height=\"225\" srcset=\"https:\/\/agora.xtec.cat\/esc-joaquimruyra-blanes\/wp-content\/uploads\/usu757\/2020\/10\/20201014_101604-Copy-300x225.jpg 300w, https:\/\/agora.xtec.cat\/esc-joaquimruyra-blanes\/wp-content\/uploads\/usu757\/2020\/10\/20201014_101604-Copy-200x150.jpg 200w, https:\/\/agora.xtec.cat\/esc-joaquimruyra-blanes\/wp-content\/uploads\/usu757\/2020\/10\/20201014_101604-Copy.jpg 640w\" sizes=\"auto, (max-width: 300px) 100vw, 300px\" \/><\/a> <a href=\"https:\/\/agora.xtec.cat\/esc-joaquimruyra-blanes\/wp-content\/uploads\/usu757\/2020\/10\/20201014_101305-Copy.jpg\"><img loading=\"lazy\" decoding=\"async\" class=\"alignnone size-medium wp-image-11589\" src=\"https:\/\/agora.xtec.cat\/esc-joaquimruyra-blanes\/wp-content\/uploads\/usu757\/2020\/10\/20201014_101305-Copy-300x225.jpg\" alt=\"\" width=\"300\" height=\"225\" srcset=\"https:\/\/agora.xtec.cat\/esc-joaquimruyra-blanes\/wp-content\/uploads\/usu757\/2020\/10\/20201014_101305-Copy-300x225.jpg 300w, https:\/\/agora.xtec.cat\/esc-joaquimruyra-blanes\/wp-content\/uploads\/usu757\/2020\/10\/20201014_101305-Copy-200x150.jpg 200w, https:\/\/agora.xtec.cat\/esc-joaquimruyra-blanes\/wp-content\/uploads\/usu757\/2020\/10\/20201014_101305-Copy.jpg 640w\" sizes=\"auto, (max-width: 300px) 100vw, 300px\" \/><\/a> <a href=\"https:\/\/agora.xtec.cat\/esc-joaquimruyra-blanes\/wp-content\/uploads\/usu757\/2020\/10\/20201014_101233-Copy.jpg\"><img loading=\"lazy\" decoding=\"async\" class=\"alignnone size-medium wp-image-11588\" src=\"https:\/\/agora.xtec.cat\/esc-joaquimruyra-blanes\/wp-content\/uploads\/usu757\/2020\/10\/20201014_101233-Copy-300x225.jpg\" alt=\"\" width=\"300\" height=\"225\" srcset=\"https:\/\/agora.xtec.cat\/esc-joaquimruyra-blanes\/wp-content\/uploads\/usu757\/2020\/10\/20201014_101233-Copy-300x225.jpg 300w, https:\/\/agora.xtec.cat\/esc-joaquimruyra-blanes\/wp-content\/uploads\/usu757\/2020\/10\/20201014_101233-Copy-200x150.jpg 200w, https:\/\/agora.xtec.cat\/esc-joaquimruyra-blanes\/wp-content\/uploads\/usu757\/2020\/10\/20201014_101233-Copy.jpg 640w\" sizes=\"auto, (max-width: 300px) 100vw, 300px\" \/><\/a> <a href=\"https:\/\/agora.xtec.cat\/esc-joaquimruyra-blanes\/wp-content\/uploads\/usu757\/2020\/10\/20201014_101144-Copy.jpg\"><img loading=\"lazy\" decoding=\"async\" class=\"alignnone size-medium wp-image-11587\" src=\"https:\/\/agora.xtec.cat\/esc-joaquimruyra-blanes\/wp-content\/uploads\/usu757\/2020\/10\/20201014_101144-Copy-300x225.jpg\" alt=\"\" width=\"300\" height=\"225\" srcset=\"https:\/\/agora.xtec.cat\/esc-joaquimruyra-blanes\/wp-content\/uploads\/usu757\/2020\/10\/20201014_101144-Copy-300x225.jpg 300w, https:\/\/agora.xtec.cat\/esc-joaquimruyra-blanes\/wp-content\/uploads\/usu757\/2020\/10\/20201014_101144-Copy-200x150.jpg 200w, https:\/\/agora.xtec.cat\/esc-joaquimruyra-blanes\/wp-content\/uploads\/usu757\/2020\/10\/20201014_101144-Copy.jpg 640w\" sizes=\"auto, (max-width: 300px) 100vw, 300px\" \/><\/a> <a href=\"https:\/\/agora.xtec.cat\/esc-joaquimruyra-blanes\/wp-content\/uploads\/usu757\/2020\/10\/20201014_101115-Copy.jpg\"><img loading=\"lazy\" decoding=\"async\" class=\"alignnone size-medium wp-image-11586\" src=\"https:\/\/agora.xtec.cat\/esc-joaquimruyra-blanes\/wp-content\/uploads\/usu757\/2020\/10\/20201014_101115-Copy-300x225.jpg\" alt=\"\" width=\"300\" height=\"225\" srcset=\"https:\/\/agora.xtec.cat\/esc-joaquimruyra-blanes\/wp-content\/uploads\/usu757\/2020\/10\/20201014_101115-Copy-300x225.jpg 300w, https:\/\/agora.xtec.cat\/esc-joaquimruyra-blanes\/wp-content\/uploads\/usu757\/2020\/10\/20201014_101115-Copy-200x150.jpg 200w, https:\/\/agora.xtec.cat\/esc-joaquimruyra-blanes\/wp-content\/uploads\/usu757\/2020\/10\/20201014_101115-Copy.jpg 640w\" sizes=\"auto, (max-width: 300px) 100vw, 300px\" \/><\/a> <a href=\"https:\/\/agora.xtec.cat\/esc-joaquimruyra-blanes\/wp-content\/uploads\/usu757\/2020\/10\/20201014_100921-Copy.jpg\"><img loading=\"lazy\" decoding=\"async\" class=\"alignnone size-medium wp-image-11585\" src=\"https:\/\/agora.xtec.cat\/esc-joaquimruyra-blanes\/wp-content\/uploads\/usu757\/2020\/10\/20201014_100921-Copy-300x225.jpg\" alt=\"\" width=\"300\" height=\"225\" srcset=\"https:\/\/agora.xtec.cat\/esc-joaquimruyra-blanes\/wp-content\/uploads\/usu757\/2020\/10\/20201014_100921-Copy-300x225.jpg 300w, https:\/\/agora.xtec.cat\/esc-joaquimruyra-blanes\/wp-content\/uploads\/usu757\/2020\/10\/20201014_100921-Copy-200x150.jpg 200w, https:\/\/agora.xtec.cat\/esc-joaquimruyra-blanes\/wp-content\/uploads\/usu757\/2020\/10\/20201014_100921-Copy.jpg 640w\" sizes=\"auto, (max-width: 300px) 100vw, 300px\" \/><\/a> <a href=\"https:\/\/agora.xtec.cat\/esc-joaquimruyra-blanes\/wp-content\/uploads\/usu757\/2020\/10\/20201014_100546-Copy.jpg\"><img loading=\"lazy\" decoding=\"async\" class=\"alignnone size-medium wp-image-11584\" src=\"https:\/\/agora.xtec.cat\/esc-joaquimruyra-blanes\/wp-content\/uploads\/usu757\/2020\/10\/20201014_100546-Copy-300x225.jpg\" alt=\"\" width=\"300\" height=\"225\" srcset=\"https:\/\/agora.xtec.cat\/esc-joaquimruyra-blanes\/wp-content\/uploads\/usu757\/2020\/10\/20201014_100546-Copy-300x225.jpg 300w, https:\/\/agora.xtec.cat\/esc-joaquimruyra-blanes\/wp-content\/uploads\/usu757\/2020\/10\/20201014_100546-Copy-200x150.jpg 200w, https:\/\/agora.xtec.cat\/esc-joaquimruyra-blanes\/wp-content\/uploads\/usu757\/2020\/10\/20201014_100546-Copy.jpg 640w\" sizes=\"auto, (max-width: 300px) 100vw, 300px\" \/><\/a> <a href=\"https:\/\/agora.xtec.cat\/esc-joaquimruyra-blanes\/wp-content\/uploads\/usu757\/2020\/10\/20201014_100422-Copy.jpg\"><img loading=\"lazy\" decoding=\"async\" class=\"alignnone size-medium wp-image-11583\" src=\"https:\/\/agora.xtec.cat\/esc-joaquimruyra-blanes\/wp-content\/uploads\/usu757\/2020\/10\/20201014_100422-Copy-300x225.jpg\" alt=\"\" width=\"300\" height=\"225\" srcset=\"https:\/\/agora.xtec.cat\/esc-joaquimruyra-blanes\/wp-content\/uploads\/usu757\/2020\/10\/20201014_100422-Copy-300x225.jpg 300w, https:\/\/agora.xtec.cat\/esc-joaquimruyra-blanes\/wp-content\/uploads\/usu757\/2020\/10\/20201014_100422-Copy-200x150.jpg 200w, https:\/\/agora.xtec.cat\/esc-joaquimruyra-blanes\/wp-content\/uploads\/usu757\/2020\/10\/20201014_100422-Copy.jpg 640w\" sizes=\"auto, (max-width: 300px) 100vw, 300px\" \/><\/a> <a href=\"https:\/\/agora.xtec.cat\/esc-joaquimruyra-blanes\/wp-content\/uploads\/usu757\/2020\/10\/20201014_100419-Copy.jpg\"><img loading=\"lazy\" decoding=\"async\" class=\"alignnone size-medium wp-image-11582\" src=\"https:\/\/agora.xtec.cat\/esc-joaquimruyra-blanes\/wp-content\/uploads\/usu757\/2020\/10\/20201014_100419-Copy-225x300.jpg\" alt=\"\" width=\"225\" height=\"300\" srcset=\"https:\/\/agora.xtec.cat\/esc-joaquimruyra-blanes\/wp-content\/uploads\/usu757\/2020\/10\/20201014_100419-Copy-225x300.jpg 225w, https:\/\/agora.xtec.cat\/esc-joaquimruyra-blanes\/wp-content\/uploads\/usu757\/2020\/10\/20201014_100419-Copy.jpg 360w\" sizes=\"auto, (max-width: 225px) 100vw, 225px\" \/><\/a> <a href=\"https:\/\/agora.xtec.cat\/esc-joaquimruyra-blanes\/wp-content\/uploads\/usu757\/2020\/10\/20201014_100411-Copy.jpg\"><img loading=\"lazy\" decoding=\"async\" class=\"alignnone size-medium wp-image-11581\" src=\"https:\/\/agora.xtec.cat\/esc-joaquimruyra-blanes\/wp-content\/uploads\/usu757\/2020\/10\/20201014_100411-Copy-300x225.jpg\" alt=\"\" width=\"300\" height=\"225\" srcset=\"https:\/\/agora.xtec.cat\/esc-joaquimruyra-blanes\/wp-content\/uploads\/usu757\/2020\/10\/20201014_100411-Copy-300x225.jpg 300w, https:\/\/agora.xtec.cat\/esc-joaquimruyra-blanes\/wp-content\/uploads\/usu757\/2020\/10\/20201014_100411-Copy-200x150.jpg 200w, https:\/\/agora.xtec.cat\/esc-joaquimruyra-blanes\/wp-content\/uploads\/usu757\/2020\/10\/20201014_100411-Copy.jpg 640w\" sizes=\"auto, (max-width: 300px) 100vw, 300px\" \/><\/a> <a href=\"https:\/\/agora.xtec.cat\/esc-joaquimruyra-blanes\/wp-content\/uploads\/usu757\/2020\/10\/20201014_100248-Copy.jpg\"><img loading=\"lazy\" decoding=\"async\" class=\"alignnone size-medium wp-image-11580\" src=\"https:\/\/agora.xtec.cat\/esc-joaquimruyra-blanes\/wp-content\/uploads\/usu757\/2020\/10\/20201014_100248-Copy-300x225.jpg\" alt=\"\" width=\"300\" height=\"225\" srcset=\"https:\/\/agora.xtec.cat\/esc-joaquimruyra-blanes\/wp-content\/uploads\/usu757\/2020\/10\/20201014_100248-Copy-300x225.jpg 300w, https:\/\/agora.xtec.cat\/esc-joaquimruyra-blanes\/wp-content\/uploads\/usu757\/2020\/10\/20201014_100248-Copy-200x150.jpg 200w, https:\/\/agora.xtec.cat\/esc-joaquimruyra-blanes\/wp-content\/uploads\/usu757\/2020\/10\/20201014_100248-Copy.jpg 640w\" sizes=\"auto, (max-width: 300px) 100vw, 300px\" \/><\/a> <a href=\"https:\/\/agora.xtec.cat\/esc-joaquimruyra-blanes\/wp-content\/uploads\/usu757\/2020\/10\/20201014_100237-Copy.jpg\"><img loading=\"lazy\" decoding=\"async\" class=\"alignnone size-medium wp-image-11579\" src=\"https:\/\/agora.xtec.cat\/esc-joaquimruyra-blanes\/wp-content\/uploads\/usu757\/2020\/10\/20201014_100237-Copy-300x225.jpg\" alt=\"\" width=\"300\" height=\"225\" srcset=\"https:\/\/agora.xtec.cat\/esc-joaquimruyra-blanes\/wp-content\/uploads\/usu757\/2020\/10\/20201014_100237-Copy-300x225.jpg 300w, https:\/\/agora.xtec.cat\/esc-joaquimruyra-blanes\/wp-content\/uploads\/usu757\/2020\/10\/20201014_100237-Copy-200x150.jpg 200w, https:\/\/agora.xtec.cat\/esc-joaquimruyra-blanes\/wp-content\/uploads\/usu757\/2020\/10\/20201014_100237-Copy.jpg 640w\" sizes=\"auto, (max-width: 300px) 100vw, 300px\" \/><\/a> <a href=\"https:\/\/agora.xtec.cat\/esc-joaquimruyra-blanes\/wp-content\/uploads\/usu757\/2020\/10\/20201014_1002090-Copy.jpg\"><img loading=\"lazy\" decoding=\"async\" class=\"alignnone size-medium wp-image-11578\" src=\"https:\/\/agora.xtec.cat\/esc-joaquimruyra-blanes\/wp-content\/uploads\/usu757\/2020\/10\/20201014_1002090-Copy-300x225.jpg\" alt=\"\" width=\"300\" height=\"225\" srcset=\"https:\/\/agora.xtec.cat\/esc-joaquimruyra-blanes\/wp-content\/uploads\/usu757\/2020\/10\/20201014_1002090-Copy-300x225.jpg 300w, https:\/\/agora.xtec.cat\/esc-joaquimruyra-blanes\/wp-content\/uploads\/usu757\/2020\/10\/20201014_1002090-Copy-200x150.jpg 200w, https:\/\/agora.xtec.cat\/esc-joaquimruyra-blanes\/wp-content\/uploads\/usu757\/2020\/10\/20201014_1002090-Copy.jpg 640w\" sizes=\"auto, (max-width: 300px) 100vw, 300px\" \/><\/a> <a href=\"https:\/\/agora.xtec.cat\/esc-joaquimruyra-blanes\/wp-content\/uploads\/usu757\/2020\/10\/20201014_100209-Copy.jpg\"><img loading=\"lazy\" decoding=\"async\" class=\"alignnone size-medium wp-image-11577\" src=\"https:\/\/agora.xtec.cat\/esc-joaquimruyra-blanes\/wp-content\/uploads\/usu757\/2020\/10\/20201014_100209-Copy-300x225.jpg\" alt=\"\" width=\"300\" height=\"225\" srcset=\"https:\/\/agora.xtec.cat\/esc-joaquimruyra-blanes\/wp-content\/uploads\/usu757\/2020\/10\/20201014_100209-Copy-300x225.jpg 300w, https:\/\/agora.xtec.cat\/esc-joaquimruyra-blanes\/wp-content\/uploads\/usu757\/2020\/10\/20201014_100209-Copy-200x150.jpg 200w, https:\/\/agora.xtec.cat\/esc-joaquimruyra-blanes\/wp-content\/uploads\/usu757\/2020\/10\/20201014_100209-Copy.jpg 640w\" sizes=\"auto, (max-width: 300px) 100vw, 300px\" \/><\/a> <a href=\"https:\/\/agora.xtec.cat\/esc-joaquimruyra-blanes\/wp-content\/uploads\/usu757\/2020\/10\/20201014_100203-Copy.jpg\"><img loading=\"lazy\" decoding=\"async\" class=\"alignnone size-medium wp-image-11576\" src=\"https:\/\/agora.xtec.cat\/esc-joaquimruyra-blanes\/wp-content\/uploads\/usu757\/2020\/10\/20201014_100203-Copy-225x300.jpg\" alt=\"\" width=\"225\" height=\"300\" srcset=\"https:\/\/agora.xtec.cat\/esc-joaquimruyra-blanes\/wp-content\/uploads\/usu757\/2020\/10\/20201014_100203-Copy-225x300.jpg 225w, https:\/\/agora.xtec.cat\/esc-joaquimruyra-blanes\/wp-content\/uploads\/usu757\/2020\/10\/20201014_100203-Copy.jpg 360w\" sizes=\"auto, (max-width: 225px) 100vw, 225px\" \/><\/a> <a href=\"https:\/\/agora.xtec.cat\/esc-joaquimruyra-blanes\/wp-content\/uploads\/usu757\/2020\/10\/20201014_100055-Copy.jpg\"><img loading=\"lazy\" decoding=\"async\" class=\"alignnone size-medium wp-image-11575\" src=\"https:\/\/agora.xtec.cat\/esc-joaquimruyra-blanes\/wp-content\/uploads\/usu757\/2020\/10\/20201014_100055-Copy-300x225.jpg\" alt=\"\" width=\"300\" height=\"225\" srcset=\"https:\/\/agora.xtec.cat\/esc-joaquimruyra-blanes\/wp-content\/uploads\/usu757\/2020\/10\/20201014_100055-Copy-300x225.jpg 300w, https:\/\/agora.xtec.cat\/esc-joaquimruyra-blanes\/wp-content\/uploads\/usu757\/2020\/10\/20201014_100055-Copy-200x150.jpg 200w, https:\/\/agora.xtec.cat\/esc-joaquimruyra-blanes\/wp-content\/uploads\/usu757\/2020\/10\/20201014_100055-Copy.jpg 640w\" sizes=\"auto, (max-width: 300px) 100vw, 300px\" \/><\/a> <a href=\"https:\/\/agora.xtec.cat\/esc-joaquimruyra-blanes\/wp-content\/uploads\/usu757\/2020\/10\/20201014_100038-Copy.jpg\"><img loading=\"lazy\" decoding=\"async\" class=\"alignnone size-medium wp-image-11574\" src=\"https:\/\/agora.xtec.cat\/esc-joaquimruyra-blanes\/wp-content\/uploads\/usu757\/2020\/10\/20201014_100038-Copy-300x225.jpg\" alt=\"\" width=\"300\" height=\"225\" srcset=\"https:\/\/agora.xtec.cat\/esc-joaquimruyra-blanes\/wp-content\/uploads\/usu757\/2020\/10\/20201014_100038-Copy-300x225.jpg 300w, https:\/\/agora.xtec.cat\/esc-joaquimruyra-blanes\/wp-content\/uploads\/usu757\/2020\/10\/20201014_100038-Copy-200x150.jpg 200w, https:\/\/agora.xtec.cat\/esc-joaquimruyra-blanes\/wp-content\/uploads\/usu757\/2020\/10\/20201014_100038-Copy.jpg 640w\" sizes=\"auto, (max-width: 300px) 100vw, 300px\" \/><\/a> <a href=\"https:\/\/agora.xtec.cat\/esc-joaquimruyra-blanes\/wp-content\/uploads\/usu757\/2020\/10\/20201014_095624-Copy.jpg\"><img loading=\"lazy\" decoding=\"async\" class=\"alignnone size-medium wp-image-11573\" src=\"https:\/\/agora.xtec.cat\/esc-joaquimruyra-blanes\/wp-content\/uploads\/usu757\/2020\/10\/20201014_095624-Copy-300x225.jpg\" alt=\"\" width=\"300\" height=\"225\" srcset=\"https:\/\/agora.xtec.cat\/esc-joaquimruyra-blanes\/wp-content\/uploads\/usu757\/2020\/10\/20201014_095624-Copy-300x225.jpg 300w, https:\/\/agora.xtec.cat\/esc-joaquimruyra-blanes\/wp-content\/uploads\/usu757\/2020\/10\/20201014_095624-Copy-200x150.jpg 200w, https:\/\/agora.xtec.cat\/esc-joaquimruyra-blanes\/wp-content\/uploads\/usu757\/2020\/10\/20201014_095624-Copy.jpg 640w\" sizes=\"auto, (max-width: 300px) 100vw, 300px\" \/><\/a> <a href=\"https:\/\/agora.xtec.cat\/esc-joaquimruyra-blanes\/wp-content\/uploads\/usu757\/2020\/10\/20201014_095602-Copy.jpg\"><img loading=\"lazy\" decoding=\"async\" class=\"alignnone size-medium wp-image-11572\" src=\"https:\/\/agora.xtec.cat\/esc-joaquimruyra-blanes\/wp-content\/uploads\/usu757\/2020\/10\/20201014_095602-Copy-300x225.jpg\" alt=\"\" width=\"300\" height=\"225\" srcset=\"https:\/\/agora.xtec.cat\/esc-joaquimruyra-blanes\/wp-content\/uploads\/usu757\/2020\/10\/20201014_095602-Copy-300x225.jpg 300w, https:\/\/agora.xtec.cat\/esc-joaquimruyra-blanes\/wp-content\/uploads\/usu757\/2020\/10\/20201014_095602-Copy-200x150.jpg 200w, https:\/\/agora.xtec.cat\/esc-joaquimruyra-blanes\/wp-content\/uploads\/usu757\/2020\/10\/20201014_095602-Copy.jpg 640w\" sizes=\"auto, (max-width: 300px) 100vw, 300px\" \/><\/a> <a href=\"https:\/\/agora.xtec.cat\/esc-joaquimruyra-blanes\/wp-content\/uploads\/usu757\/2020\/10\/20201014_095536-Copy.jpg\"><img loading=\"lazy\" decoding=\"async\" class=\"alignnone size-medium wp-image-11571\" src=\"https:\/\/agora.xtec.cat\/esc-joaquimruyra-blanes\/wp-content\/uploads\/usu757\/2020\/10\/20201014_095536-Copy-300x225.jpg\" alt=\"\" width=\"300\" height=\"225\" srcset=\"https:\/\/agora.xtec.cat\/esc-joaquimruyra-blanes\/wp-content\/uploads\/usu757\/2020\/10\/20201014_095536-Copy-300x225.jpg 300w, https:\/\/agora.xtec.cat\/esc-joaquimruyra-blanes\/wp-content\/uploads\/usu757\/2020\/10\/20201014_095536-Copy-200x150.jpg 200w, https:\/\/agora.xtec.cat\/esc-joaquimruyra-blanes\/wp-content\/uploads\/usu757\/2020\/10\/20201014_095536-Copy.jpg 640w\" sizes=\"auto, (max-width: 300px) 100vw, 300px\" \/><\/a> <a href=\"https:\/\/agora.xtec.cat\/esc-joaquimruyra-blanes\/wp-content\/uploads\/usu757\/2020\/10\/20201014_095347-Copy.jpg\"><img loading=\"lazy\" decoding=\"async\" class=\"alignnone size-medium wp-image-11570\" src=\"https:\/\/agora.xtec.cat\/esc-joaquimruyra-blanes\/wp-content\/uploads\/usu757\/2020\/10\/20201014_095347-Copy-300x225.jpg\" alt=\"\" width=\"300\" height=\"225\" srcset=\"https:\/\/agora.xtec.cat\/esc-joaquimruyra-blanes\/wp-content\/uploads\/usu757\/2020\/10\/20201014_095347-Copy-300x225.jpg 300w, https:\/\/agora.xtec.cat\/esc-joaquimruyra-blanes\/wp-content\/uploads\/usu757\/2020\/10\/20201014_095347-Copy-200x150.jpg 200w, https:\/\/agora.xtec.cat\/esc-joaquimruyra-blanes\/wp-content\/uploads\/usu757\/2020\/10\/20201014_095347-Copy.jpg 640w\" sizes=\"auto, (max-width: 300px) 100vw, 300px\" \/><\/a> <a href=\"https:\/\/agora.xtec.cat\/esc-joaquimruyra-blanes\/wp-content\/uploads\/usu757\/2020\/10\/20201014_095322-Copy.jpg\"><img loading=\"lazy\" decoding=\"async\" class=\"alignnone size-medium wp-image-11569\" src=\"https:\/\/agora.xtec.cat\/esc-joaquimruyra-blanes\/wp-content\/uploads\/usu757\/2020\/10\/20201014_095322-Copy-300x225.jpg\" alt=\"\" width=\"300\" height=\"225\" srcset=\"https:\/\/agora.xtec.cat\/esc-joaquimruyra-blanes\/wp-content\/uploads\/usu757\/2020\/10\/20201014_095322-Copy-300x225.jpg 300w, https:\/\/agora.xtec.cat\/esc-joaquimruyra-blanes\/wp-content\/uploads\/usu757\/2020\/10\/20201014_095322-Copy-200x150.jpg 200w, https:\/\/agora.xtec.cat\/esc-joaquimruyra-blanes\/wp-content\/uploads\/usu757\/2020\/10\/20201014_095322-Copy.jpg 640w\" sizes=\"auto, (max-width: 300px) 100vw, 300px\" \/><\/a> <a href=\"https:\/\/agora.xtec.cat\/esc-joaquimruyra-blanes\/wp-content\/uploads\/usu757\/2020\/10\/20201014_095256-Copy.jpg\"><img loading=\"lazy\" decoding=\"async\" class=\"alignnone size-medium wp-image-11568\" src=\"https:\/\/agora.xtec.cat\/esc-joaquimruyra-blanes\/wp-content\/uploads\/usu757\/2020\/10\/20201014_095256-Copy-300x225.jpg\" alt=\"\" width=\"300\" height=\"225\" srcset=\"https:\/\/agora.xtec.cat\/esc-joaquimruyra-blanes\/wp-content\/uploads\/usu757\/2020\/10\/20201014_095256-Copy-300x225.jpg 300w, https:\/\/agora.xtec.cat\/esc-joaquimruyra-blanes\/wp-content\/uploads\/usu757\/2020\/10\/20201014_095256-Copy-200x150.jpg 200w, https:\/\/agora.xtec.cat\/esc-joaquimruyra-blanes\/wp-content\/uploads\/usu757\/2020\/10\/20201014_095256-Copy.jpg 640w\" sizes=\"auto, (max-width: 300px) 100vw, 300px\" \/><\/a> <a href=\"https:\/\/agora.xtec.cat\/esc-joaquimruyra-blanes\/wp-content\/uploads\/usu757\/2020\/10\/20201014_095253-Copy.jpg\"><img loading=\"lazy\" decoding=\"async\" class=\"alignnone size-medium wp-image-11567\" src=\"https:\/\/agora.xtec.cat\/esc-joaquimruyra-blanes\/wp-content\/uploads\/usu757\/2020\/10\/20201014_095253-Copy-300x225.jpg\" alt=\"\" width=\"300\" height=\"225\" srcset=\"https:\/\/agora.xtec.cat\/esc-joaquimruyra-blanes\/wp-content\/uploads\/usu757\/2020\/10\/20201014_095253-Copy-300x225.jpg 300w, https:\/\/agora.xtec.cat\/esc-joaquimruyra-blanes\/wp-content\/uploads\/usu757\/2020\/10\/20201014_095253-Copy-200x150.jpg 200w, https:\/\/agora.xtec.cat\/esc-joaquimruyra-blanes\/wp-content\/uploads\/usu757\/2020\/10\/20201014_095253-Copy.jpg 640w\" sizes=\"auto, (max-width: 300px) 100vw, 300px\" \/><\/a> <a href=\"https:\/\/agora.xtec.cat\/esc-joaquimruyra-blanes\/wp-content\/uploads\/usu757\/2020\/10\/20201014_094406-Copy.jpg\"><img loading=\"lazy\" decoding=\"async\" class=\"alignnone size-medium wp-image-11566\" src=\"https:\/\/agora.xtec.cat\/esc-joaquimruyra-blanes\/wp-content\/uploads\/usu757\/2020\/10\/20201014_094406-Copy-300x225.jpg\" alt=\"\" width=\"300\" height=\"225\" srcset=\"https:\/\/agora.xtec.cat\/esc-joaquimruyra-blanes\/wp-content\/uploads\/usu757\/2020\/10\/20201014_094406-Copy-300x225.jpg 300w, https:\/\/agora.xtec.cat\/esc-joaquimruyra-blanes\/wp-content\/uploads\/usu757\/2020\/10\/20201014_094406-Copy-200x150.jpg 200w, https:\/\/agora.xtec.cat\/esc-joaquimruyra-blanes\/wp-content\/uploads\/usu757\/2020\/10\/20201014_094406-Copy.jpg 640w\" sizes=\"auto, (max-width: 300px) 100vw, 300px\" \/><\/a> <a href=\"https:\/\/agora.xtec.cat\/esc-joaquimruyra-blanes\/wp-content\/uploads\/usu757\/2020\/10\/20201014_094400-Copy.jpg\"><img loading=\"lazy\" decoding=\"async\" class=\"alignnone size-medium wp-image-11565\" src=\"https:\/\/agora.xtec.cat\/esc-joaquimruyra-blanes\/wp-content\/uploads\/usu757\/2020\/10\/20201014_094400-Copy-300x225.jpg\" alt=\"\" width=\"300\" height=\"225\" srcset=\"https:\/\/agora.xtec.cat\/esc-joaquimruyra-blanes\/wp-content\/uploads\/usu757\/2020\/10\/20201014_094400-Copy-300x225.jpg 300w, https:\/\/agora.xtec.cat\/esc-joaquimruyra-blanes\/wp-content\/uploads\/usu757\/2020\/10\/20201014_094400-Copy-200x150.jpg 200w, https:\/\/agora.xtec.cat\/esc-joaquimruyra-blanes\/wp-content\/uploads\/usu757\/2020\/10\/20201014_094400-Copy.jpg 640w\" sizes=\"auto, (max-width: 300px) 100vw, 300px\" \/><\/a> <a href=\"https:\/\/agora.xtec.cat\/esc-joaquimruyra-blanes\/wp-content\/uploads\/usu757\/2020\/10\/20201014_091845-Copy.jpg\"><img loading=\"lazy\" decoding=\"async\" class=\"alignnone size-medium wp-image-11564\" src=\"https:\/\/agora.xtec.cat\/esc-joaquimruyra-blanes\/wp-content\/uploads\/usu757\/2020\/10\/20201014_091845-Copy-300x225.jpg\" alt=\"\" width=\"300\" height=\"225\" srcset=\"https:\/\/agora.xtec.cat\/esc-joaquimruyra-blanes\/wp-content\/uploads\/usu757\/2020\/10\/20201014_091845-Copy-300x225.jpg 300w, https:\/\/agora.xtec.cat\/esc-joaquimruyra-blanes\/wp-content\/uploads\/usu757\/2020\/10\/20201014_091845-Copy-200x150.jpg 200w, https:\/\/agora.xtec.cat\/esc-joaquimruyra-blanes\/wp-content\/uploads\/usu757\/2020\/10\/20201014_091845-Copy.jpg 640w\" sizes=\"auto, (max-width: 300px) 100vw, 300px\" \/><\/a> <a href=\"https:\/\/agora.xtec.cat\/esc-joaquimruyra-blanes\/wp-content\/uploads\/usu757\/2020\/10\/20201013_094509-Copy.jpg\"><img loading=\"lazy\" decoding=\"async\" class=\"alignnone size-medium wp-image-11562\" src=\"https:\/\/agora.xtec.cat\/esc-joaquimruyra-blanes\/wp-content\/uploads\/usu757\/2020\/10\/20201013_094509-Copy-300x225.jpg\" alt=\"\" width=\"300\" height=\"225\" srcset=\"https:\/\/agora.xtec.cat\/esc-joaquimruyra-blanes\/wp-content\/uploads\/usu757\/2020\/10\/20201013_094509-Copy-300x225.jpg 300w, https:\/\/agora.xtec.cat\/esc-joaquimruyra-blanes\/wp-content\/uploads\/usu757\/2020\/10\/20201013_094509-Copy-200x150.jpg 200w, https:\/\/agora.xtec.cat\/esc-joaquimruyra-blanes\/wp-content\/uploads\/usu757\/2020\/10\/20201013_094509-Copy.jpg 640w\" sizes=\"auto, (max-width: 300px) 100vw, 300px\" \/><\/a><\/p>\n<p>Els alumnes de sis\u00e8 l&#8217;any passat van anar a r\u00e0dio Blanes i van ser entrevistats per parlar de <em>l&#8217;Esport Blau. Si voleu podeu fer un cop d&#8217;ull a l&#8217;entrevista que es van preparar, ja que pot ser \u00fatil per resoldre dubtes que puguin sortir a les fam\u00edlies de cinqu\u00e8.<\/em><\/p>\n<p>Entrevista:<\/p>\n<p>&nbsp;<\/p>\n<p><strong>Esport Blau Escolar<\/strong><\/p>\n<p>El programa Esport Blau Escolar \u00e9s un programa escolar de la Federaci\u00f3 Catalana de Vela, que vol acostar els esports de mar als alumnes de prim\u00e0ria que viuen al litoral.<\/p>\n<p>L&#8217;escola Joquim Ruyra de Blanes ha estat escollida \u00a0aquest curs 2019-2020 per portar a terme aquest programa, destinat als alumnes de 5\u00e8 de Prim\u00e0ria. Es tracta d&#8217;una activitat curricular que es far\u00e0 en deu sessions en horari escolar per a 25 alumnes.<\/p>\n<p>El projecte en principi t\u00e9 una durada de cinc anys i l&#8217;objectiu \u00e9s incorporar-lo en altres escoles del municipi.<\/p>\n<p>El club de Vela t\u00e9 com a prioritat promocionar l&#8217;esport de la vela, potenciar el treball en equip, el respecte al medi ambient i el descobriment del litoral catal\u00e0.<\/p>\n<p>El programa aquest any est\u00e0 subvencionat pels diferents promotors de l\u2019activitat, que son: \u00a0la Federaci\u00f3 Catalana de Vela, el Consell Catal\u00e0 de l&#8217;esport, el Club de Vela Blanes, l&#8217;Ajuntament i en el nostre cas tamb\u00e9 ens aporta una part l\u2019AMPA.<\/p>\n<p>&#8211;<strong>Cada quan aneu a fer Vela?<\/strong><\/p>\n<p>Anem quinzenalment (cada quinze dies) , en les hores d\u2019Educaci\u00f3 F\u00edsica. Sortim a les 9 de l\u2019escola i tornem a les 11 just per anar al pati. A l\u2019aigua estem uns 50 minuts aproximadament.<\/p>\n<p><strong>-Qui us acompanya?<\/strong><\/p>\n<p>-Ens acompanya el personal del club de Vela i la nostra mestra d\u2019Educaci\u00f3 F\u00edsica fins al port, all\u00e0 ens esperen m\u00e9s instructors.<\/p>\n<p><strong>&#8211; Com heu d\u2019anar preparats per anar a Vela?<\/strong><\/p>\n<p>Roba c\u00f2moda, paravents i una motxilla amb roba i sabates de recanvi per si ens mullem, tamb\u00e9 es recomanable portar una ampolleta d\u2019aigua i a partir de la primavera no oblidar la crema solar, gorra i ulleres de sol.<\/p>\n<p><strong>-Utilitzeu alguna mesura de seguretat?<\/strong><\/p>\n<p>-Quan arribem al Club de Vela ens posem una armilla de seguretat per si ens caiem del vaixell.<\/p>\n<p><strong>-Algun cop us heu caigut del vaixell?<\/strong><\/p>\n<p>-No, es for\u00e7a improbable, \u00a0per\u00f2 si ens hem mullat una mica.<\/p>\n<p><strong>-Que apreneu al vaixell?<\/strong><\/p>\n<p>-A portar-lo, a girar i les parts del vaixell.<\/p>\n<p><strong>-I quines s\u00f3n les parts del vaixell?<\/strong><\/p>\n<p>-La botavara, la vela major, el floc, el casc, l\u2019orsa i el tim\u00f3&#8230; I tamb\u00e9 on se situa la proa, la popa, estribord i babord.<\/p>\n<p><strong>&#8211; A part dels aspectes te\u00f2rics us deixen maniobrar el vaixell?<\/strong><\/p>\n<p>Ens ensenyen a portar el tim\u00f3, el floc i la vela major. Ens ensenyen a girar.<\/p>\n<p>Podem portar el tim\u00f3 sols per\u00f2 si necessitem ajuda, ens ajuda el nostre monitor.<\/p>\n<p><strong>-Quin tipus de vaixell utilitzeu?<\/strong><\/p>\n<p><strong>&#8211;<\/strong>Nosaltres utilitzem <em>el Raquero, l\u2019Optimist i el Ludic.<\/em><\/p>\n<p><strong>-Com us organitzeu?<\/strong><\/p>\n<p>&#8211; Una vegada que portem l\u2019armilla de seguretat, ens dividim en 4 grups d\u2019unes 6 persones aproximadament, cada grup va en un vaixell de vela amb instructor.<\/p>\n<p>En total sortim a mar 4 vaixells de vela i una llanxa motora r\u00e0pida de suport.<\/p>\n<p><strong>-Com us sentiu quan feu Vela? Teniu por? Us maregeu?<\/strong><\/p>\n<p>Al principi ens sentim una mica nerviosos, alguns amb un xic de por, per\u00f2 a mesura que agafem confian\u00e7a passem a sentir-nos molt b\u00e9 i lliures.<\/p>\n<p><strong>-Finalment, dir\u00edeu que us agrada fer Vela?<\/strong><\/p>\n<p>S\u00ed, \u00e9s molt divertit i diferent al que fem normalment. Tenim una oportunitat per fer una volta pel mar i veure paisatges diferents.<\/p>\n<p>Veiem la platja, Sa Palomera i el cole des del mar!<\/p>\n<p>ENS ENCANTA!<\/p>\n<p><a href=\"https:\/\/www.radioblanes.cat\/programs\/leducacioalaradio\/radioblanes_podcast_5308?ref=wa\">https:\/\/www.radioblanes.cat\/programs\/leducacioalaradio\/radioblanes_podcast_5308?ref=wa<\/a><\/p>\n<p>&nbsp;<\/p>\n<p>Us desitgem Bones Festes i un Any 2021 ple de bones not\u00edcies i joia!<\/p>\n<p>Clicant al seg\u00fcent enlla\u00e7 trobareu compartida la felicitaci\u00f3 amb moviment. Es esperem que us agradi!!!<\/p>\n<p><a href=\"https:\/\/youtu.be\/u7CJ5XCPGxA\">BONES FESTES!!<\/a><\/p>\n<p><a href=\"https:\/\/agora.xtec.cat\/esc-joaquimruyra-blanes\/wp-content\/uploads\/usu757\/2020\/12\/SJoaquim-Ru20121611410.jpg\"><img loading=\"lazy\" decoding=\"async\" class=\"alignnone size-large wp-image-12171\" src=\"https:\/\/agora.xtec.cat\/esc-joaquimruyra-blanes\/wp-content\/uploads\/usu757\/2020\/12\/SJoaquim-Ru20121611410-724x1024.jpg\" alt=\"\" width=\"724\" height=\"1024\" srcset=\"https:\/\/agora.xtec.cat\/esc-joaquimruyra-blanes\/wp-content\/uploads\/usu757\/2020\/12\/SJoaquim-Ru20121611410-724x1024.jpg 724w, https:\/\/agora.xtec.cat\/esc-joaquimruyra-blanes\/wp-content\/uploads\/usu757\/2020\/12\/SJoaquim-Ru20121611410-212x300.jpg 212w, https:\/\/agora.xtec.cat\/esc-joaquimruyra-blanes\/wp-content\/uploads\/usu757\/2020\/12\/SJoaquim-Ru20121611410-768x1086.jpg 768w\" sizes=\"auto, (max-width: 724px) 100vw, 724px\" \/><\/a><\/p>\n<\/div>\n<p>&nbsp;<\/p>\n","protected":false},"excerpt":{"rendered":"<p>Projecte de l&#8217;Escola<br \/>\nEl curs 2017\/2018 l&#8217;escola va iniciar el projecte &#8220;Apadrinem la platja de l&#8217;escola de La Vila&#8221;.<\/p>\n<p>CURS 2017-18<br \/>\nACTIVITATS REALITZADES:\u00a0<\/p>\n<p>EDUCACI\u00d3 INFANTIL\u00a0<\/p>\n<ul>\n<li><a href=\"https:\/\/drive.google.com\/file\/d\/17hEdTL8VyYqOc1LCrzK4xFDJtd2rZN9K\/view?usp=sharing\" target=\"_blank\" rel=\"noopener noreferrer\">Activitats Educaci\u00f3 infantil<\/a><\/li>\n<li><a href=\"http:\/\/agora.xtec.cat\/esc-joaquimruyra-blanes\/infantil\/p3\/conte-cooperatiu-la-festa-de-la-tortuga-de-lalumnat-dinfantil\/\" target=\"_blank\" rel=\"nofollow noopener noreferrer\">Creaci\u00f3 del conte cooperatiu entre tot el cicle d&#8217;Educaci\u00f3 infantil: La festa de la&hellip;  <a href=\"https:\/\/agora.xtec.cat\/esc-joaquimruyra-blanes\/projecte-educatiu\/projecte-del-mar\/\" title=\"Read Projecte Apadrinem la Platja de l&#8217;escola de La Vila\">Llegeix m\u00e9s\u00bb<\/a><br \/>\n","protected":false},"author":1,"featured_media":0,"parent":64,"menu_order":30,"comment_status":"closed","ping_status":"closed","template":"page-templates\/side-menu.php","meta":{"_bbp_topic_count":0,"_bbp_reply_count":0,"_bbp_total_topic_count":0,"_bbp_total_reply_count":0,"_bbp_voice_count":0,"_bbp_anonymous_reply_count":0,"_bbp_topic_count_hidden":0,"_bbp_reply_count_hidden":0,"_bbp_forum_subforum_count":0,"footnotes":""},"class_list":["post-1114","page","type-page","status-publish","hentry"],"post_mailing_queue_ids":[],"_links":{"self":[{"href":"https:\/\/agora.xtec.cat\/esc-joaquimruyra-blanes\/wp-json\/wp\/v2\/pages\/1114","targetHints":{"allow":["GET"]}}],"collection":[{"href":"https:\/\/agora.xtec.cat\/esc-joaquimruyra-blanes\/wp-json\/wp\/v2\/pages"}],"about":[{"href":"https:\/\/agora.xtec.cat\/esc-joaquimruyra-blanes\/wp-json\/wp\/v2\/types\/page"}],"author":[{"embeddable":true,"href":"https:\/\/agora.xtec.cat\/esc-joaquimruyra-blanes\/wp-json\/wp\/v2\/users\/1"}],"replies":[{"embeddable":true,"href":"https:\/\/agora.xtec.cat\/esc-joaquimruyra-blanes\/wp-json\/wp\/v2\/comments?post=1114"}],"version-history":[{"count":3,"href":"https:\/\/agora.xtec.cat\/esc-joaquimruyra-blanes\/wp-json\/wp\/v2\/pages\/1114\/revisions"}],"predecessor-version":[{"id":12496,"href":"https:\/\/agora.xtec.cat\/esc-joaquimruyra-blanes\/wp-json\/wp\/v2\/pages\/1114\/revisions\/12496"}],"up":[{"embeddable":true,"href":"https:\/\/agora.xtec.cat\/esc-joaquimruyra-blanes\/wp-json\/wp\/v2\/pages\/64"}],"wp:attachment":[{"href":"https:\/\/agora.xtec.cat\/esc-joaquimruyra-blanes\/wp-json\/wp\/v2\/media?parent=1114"}],"curies":[{"name":"wp","href":"https:\/\/api.w.org\/{rel}","templated":true}]}}