{"id":28,"date":"2014-09-18T12:29:35","date_gmt":"2014-09-18T11:29:35","guid":{"rendered":"http:\/\/agora.xtec.cat\/esc-joancasas\/?page_id=28"},"modified":"2026-02-13T16:10:54","modified_gmt":"2026-02-13T15:10:54","slug":"consell-escolar","status":"publish","type":"page","link":"https:\/\/agora.xtec.cat\/esc-joancasas\/lescola\/consell-escolar\/","title":{"rendered":"Consell escolar"},"content":{"rendered":"<h4 id=\"FW_bloc_951ef9be-5613-11e4-9770-000c29cdf219_2\" class=\"FW_ancora\">Qu\u00e8 \u00e9s el Consell Escolar?<\/h4>\n<div class=\"FW_sArticleFoto\">\n<div class=\"FW_sEditPro\">\n<p>El Consell Escolar \u00e9s l&#8217;\u00f2rgan de participaci\u00f3 dels diferents sectors de la comunitat educativa en el govern dels centres.<\/p>\n<h4 id=\"FW_bloc_951ef9be-5613-11e4-9770-000c29cdf219_3\" class=\"FW_ancora\">Qui forma el Consell Escolar?<\/h4>\n<div class=\"FW_sArticleFoto\">\n<div class=\"FW_sEditPro\">\n<p>El formen els representants de tota la comunitat educativa, \u00e9s a dir, direcci\u00f3, professors, alumnes, fam\u00edlies, personal d&#8217;administraci\u00f3 i serveis, representant de l&#8217;administraci\u00f3 local i altres persones que el mateix consell consideri necess\u00e0ries.<\/p>\n<p>El Consell Escolar de cada centre ha de designar un dels membres com a responsable per impulsar les mesures educatives de foment de la igualtat real i efectiva entre homes i dones.<\/p>\n<h4 id=\"FW_bloc_951ef9be-5613-11e4-9770-000c29cdf219_4\" class=\"FW_ancora\">Quina \u00e9s la funci\u00f3 del Consell Escolar?<\/h4>\n<div class=\"FW_sArticleFoto\">\n<div class=\"FW_sEditPro\">\n<p>La funci\u00f3 principal del Consell Escolar \u00e9s participar en la presa de decisions en relaci\u00f3 amb aquells temes importants per al funcionament i l&#8217;organitzaci\u00f3 del centre: el projecte educatiu, la programaci\u00f3 general, la gesti\u00f3 econ\u00f2mica, la resoluci\u00f3 dels conflictes, les activitats extraescolars, l&#8217;horari lectiu, etc.<\/p>\n<p>Aqu\u00ed teniu la relaci\u00f3 d&#8217;acords que es van realitzant en les convocat\u00f2ries:<\/p>\n<ol>\n<li><a href=\"https:\/\/agora.xtec.cat\/esc-joancasas\/wp-content\/uploads\/usu1722\/2019\/11\/1.Certificat-dels-acords.pdf\">Certificat dels acords<\/a> del Consell &#8211; 25 de setembre de 2019<\/li>\n<li><a style=\"color: #2795b6;\" href=\"https:\/\/agora.xtec.cat\/esc-joancasas\/wp-content\/uploads\/usu1722\/2019\/12\/18_12Certificat-dels-acords-2.pdf\">Certificat dels acords<\/a> del Consell &#8211; 18 de desembre de 2019<\/li>\n<li><a href=\"https:\/\/docs.google.com\/document\/d\/1GofNzd4ih8K5-gYxsaadhuvdI5G9WXMmzEtd-ufSpS8\/edit?usp=sharing\">Certificat dels acords<\/a> del Consell &#8211; 26 de febrer de 2020<\/li>\n<li><a href=\"https:\/\/drive.google.com\/file\/d\/1VaqKeAeVu0coPYeuCi3oY0njrtFX42Hz\/view?usp=sharing\">Certificat dels acords<\/a> del Consell &#8211; 10 de juny de 2020<\/li>\n<li><a href=\"https:\/\/drive.google.com\/file\/d\/1ou5R1ovw_KNsVUC8vqYYfLY8N3hKHaIa\/view?usp=sharing\">Certificat dels acords<\/a> del Consell &#8211; 10 de setembre de 2020<\/li>\n<li><a href=\"https:\/\/drive.google.com\/file\/d\/1S_pyNgGYNHQxhrpBDIn9nwtQlvuvmtii\/view?usp=sharing\">Certificat dels acords<\/a> del Consell &#8211; 18 de novembre de 2020<\/li>\n<li><a href=\"https:\/\/drive.google.com\/file\/d\/1bUKklAcX75kI6TRUziLGLhooXAVppbGd\/view?usp=sharing\">Certificat dels acords<\/a> del Consell &#8211; 10 de febrer de 2021<\/li>\n<li><a href=\"https:\/\/drive.google.com\/file\/d\/14KSzycabNq0tw9Z2NUPzYOmQFionBGfc\/view?usp=sharing\">Certificat dels acords<\/a> del Consell &#8211; 06 de maig de 2021 (consulta telem\u00e0tica)<\/li>\n<li><a href=\"https:\/\/drive.google.com\/file\/d\/1fo9BHMfVJe_1wrtbVSN5Lj_qql_CCWFH\/view?usp=sharing\">Certificat dels acords<\/a> del Consell &#8211; 28 de juny de 2021<\/li>\n<li><a href=\"https:\/\/drive.google.com\/file\/d\/1lJENdja2cmbyqI03A2bU92vtDdVof08Y\/view?usp=sharing\">Certificat dels acords<\/a> del Consell &#8211; 22 de setembre de 2021<\/li>\n<li><a href=\"https:\/\/drive.google.com\/file\/d\/14rg_x5Dh8JRHyyjr85aFDsIGH1trZ57M\/view?usp=sharing\">Certificat dels acords<\/a> del Consell &#8211; 17 de novembre de 2021<\/li>\n<li><a href=\"https:\/\/drive.google.com\/file\/d\/1tBYLIgO6gj6PdEKwmZAygJm2pC3CX7YF\/view?usp=sharing\">Certificat dels acords<\/a> del Consell &#8211; 26 de gener de 2022<\/li>\n<li><a href=\"https:\/\/drive.google.com\/file\/d\/1bDJdmPpBKDR4ilnbSO1P7qAielBiXCU0\/view?usp=sharing\">Certificat dels acords<\/a> del Consell &#8211; 14 de mar\u00e7 de 2022<\/li>\n<li><a href=\"https:\/\/drive.google.com\/file\/d\/1_aBKCP8T5t7zJTcLQzISZ1kLwQVgWj0k\/view?usp=sharing\">Certificat dels acords<\/a> del Consell &#8211; 06 de juliol de 2022<\/li>\n<li><a href=\"https:\/\/drive.google.com\/file\/d\/1j7fqyQ7koZM88SyM4XN_2GxickjSBDN1\/view?usp=share_link\">Certificat dels acords<\/a> del Consell &#8211; 21 de setembre de 2023<\/li>\n<li><a href=\"https:\/\/drive.google.com\/file\/d\/1EybHqpJuC7Sd8uoCj4SAGt5uLYwj61Ae\/view?usp=share_link\">Certificat dels acords<\/a> del Consell &#8211; 08 de febrer de 2023<\/li>\n<li><a href=\"https:\/\/drive.google.com\/file\/d\/1WlTitmvz3DzPpj8jnsMy3NnqU3HnKa5P\/view?usp=sharing\">Certificat dels acords<\/a> del Consell &#8211; 28 de juny de 2023<\/li>\n<li><a href=\"https:\/\/drive.google.com\/file\/d\/1l_WRIa5KeoUpTkSGZdZ8D5HMf61Se7wz\/view?usp=sharing\">Certificat dels acords<\/a> del Consell &#8211; 11 d&#8217;octubre de 2023<\/li>\n<li><a href=\"https:\/\/drive.google.com\/file\/d\/1uO_8iu16_frJV0sfqN3UatcdUvNpqV_2\/view?usp=sharing\">Certificat dels acords<\/a> del Consell &#8211; 01 de gener de 2024<\/li>\n<li><a href=\"https:\/\/drive.google.com\/file\/d\/1iFstKUAn9CjdkTFT2kOiddqbnIx6lG0R\/view?usp=sharing\">Certificat dels acords<\/a> del Consell &#8211; 15 de febrer de 2024<\/li>\n<li><a href=\"https:\/\/drive.google.com\/file\/d\/1ShQfSgt1F5k9Tm5Bj5I2dY6Pt3s90aOf\/view?usp=drive_link\">Certificat dels acords<\/a> del Consell &#8211; 27 de juny de 2024<\/li>\n<li><a href=\"https:\/\/drive.google.com\/file\/d\/1hxTBVq7MbqosLjhiUrbZlHwyY67Sofie\/view?usp=drive_link\">Certificat dels acords<\/a> del Consell &#8211; 06 de novembre de 2024<\/li>\n<li><a href=\"https:\/\/drive.google.com\/file\/d\/1za6BL8RDwRy3zWoF7M6uIQ-EzvPH1lIC\/view?usp=drive_link\">Certificat dels acords<\/a> del Consell &#8211; 05 de febrer de 2025<\/li>\n<li><a href=\"https:\/\/drive.google.com\/file\/d\/1Q7k-_cVVDmu-lUs1ItxkjGWdY0SuQr44\/view?usp=sharing\">Certificat dels acords<\/a> del Consell &#8211; 02 d&#8217;abril de 2025<\/li>\n<li><a href=\"https:\/\/drive.google.com\/file\/d\/1APXexyY5M4Rx6-TsC2Ep3cr-x_mdvQbN\/view?usp=sharing\">Certificat dels acords<\/a> del Consell &#8211; 17 de juny de 2025<\/li>\n<li><a href=\"https:\/\/drive.google.com\/file\/d\/1ObFSoelsieAPTHgDHvppLDFelqkVYX0l\/view?usp=sharing\">Certificat dels acords<\/a> del Consell &#8211; 17 de desembre de 2025<\/li>\n<li><a href=\"https:\/\/drive.google.com\/file\/d\/1E-61KmQD05Xma_y_hq7B5gB-xX81ySk4\/view?usp=sharing\">Certificat dels acords<\/a> del Consell &#8211; 09 de febrer de 2026<\/li>\n<\/ol>\n<p>&nbsp;<\/p>\n<h4 id=\"FW_bloc_951ef9be-5613-11e4-9770-000c29cdf219_5\" class=\"FW_ancora\">Cada quan es convoquen eleccions?<\/h4>\n<div class=\"FW_sArticleFoto\">\n<div class=\"FW_sEditPro\">\n<p>Els representants del Consell Escolar s\u00f3n escollits per un per\u00edode de quatre anys, per\u00f2 cada dos anys es convoquen eleccions per renovar la meitat dels seus membres.<\/p>\n<\/div>\n<\/div>\n<\/div>\n<\/div>\n<h4 id=\"FW_bloc_951ef9be-5613-11e4-9770-000c29cdf219_6\" class=\"FW_ancora\">Qui s\u00f3n les representats del nostre Consell Escolar?<\/h4>\n<table style=\"height: 233px; width: 43.5528%;\" width=\"438\">\n<tbody>\n<tr>\n<td style=\"width: 49.0826%; text-align: center;\">C\u00c0RREC<\/td>\n<td style=\"width: 100%; text-align: center;\">NOM I COGNOM<\/td>\n<\/tr>\n<tr>\n<td style=\"width: 49.0826%;\">PRESIDENTA<\/td>\n<td style=\"width: 100%;\">Laura Bertran<\/td>\n<\/tr>\n<tr>\n<td style=\"width: 49.0826%;\">CAP D&#8217;ESTUDIS<\/td>\n<td style=\"width: 100%;\">M\u00edriam Balmes<\/td>\n<\/tr>\n<tr>\n<td style=\"width: 49.0826%;\">SECRET\u00c0RIA<\/td>\n<td style=\"width: 100%;\">Iris Sant<\/td>\n<\/tr>\n<tr>\n<td style=\"width: 49.0826%;\">REPRESENTANTS DEL SECTOR <strong>MESTRES<\/strong><\/td>\n<td style=\"width: 100%;\"><span style=\"font-weight: 400;\">D\u00fania Company<\/span><\/p>\n<p><span style=\"font-weight: 400;\">Carles Lojo<\/span><\/p>\n<p><span style=\"font-weight: 400;\">Rossi Gonz\u00e1lez<\/span><\/p>\n<p><span style=\"font-weight: 400;\">Vanesa Rodr\u00edguez<\/span><\/p>\n<p><span style=\"font-weight: 400;\">Martina Serrano<\/span><\/td>\n<\/tr>\n<tr>\n<td style=\"width: 49.0826%;\">REPRESENTANTS DEL SECTOR <strong>PARES i MARES<\/strong><\/td>\n<td style=\"width: 100%;\"><span style=\"font-weight: 400;\">Albert Mataix<\/span><\/p>\n<p><span style=\"font-weight: 400;\">David Portet<\/span><\/p>\n<p><span style=\"font-weight: 400;\">Anna Mazas<\/span><\/p>\n<p><span style=\"font-weight: 400;\">Cristina Chardi\u00a0<\/span><\/td>\n<\/tr>\n<tr>\n<td style=\"width: 49.0826%;\">REPRESENTANT DE L&#8217;<strong>AFA<\/strong><\/td>\n<td style=\"width: 100%;\">Laura Casas<\/td>\n<\/tr>\n<tr>\n<td style=\"width: 49.0826%;\">REPRESENTANT DE L&#8217;<strong>AJUNTAMENT<\/strong><\/td>\n<td style=\"width: 100%;\">\u00a0Elena Pino<\/td>\n<\/tr>\n<tr>\n<td style=\"width: 49.0826%;\">REPRESENTANT <strong>PAS<\/strong><\/td>\n<td style=\"width: 100%;\">\u00a0Montse V\u00e1zquez<\/td>\n<\/tr>\n<\/tbody>\n<\/table>\n<\/div>\n<p>&nbsp;<\/p>\n<\/div>\n<\/div>\n<\/div>\n","protected":false},"excerpt":{"rendered":"<p>Qu\u00e8 \u00e9s el Consell Escolar? El Consell Escolar \u00e9s l&#8217;\u00f2rgan de participaci\u00f3 dels diferents sectors de la comunitat educativa en el govern dels centres. Qui forma el Consell Escolar? El formen els representants de tota la comunitat educativa, \u00e9s a dir, direcci\u00f3, professors, alumnes, fam\u00edlies, personal d&#8217;administraci\u00f3 i serveis, representant de l&#8217;administraci\u00f3 local i altres [&hellip;]<\/p>\n","protected":false},"author":1,"featured_media":0,"parent":22,"menu_order":0,"comment_status":"closed","ping_status":"closed","template":"","meta":{"_bbp_topic_count":0,"_bbp_reply_count":0,"_bbp_total_topic_count":0,"_bbp_total_reply_count":0,"_bbp_voice_count":0,"_bbp_anonymous_reply_count":0,"_bbp_topic_count_hidden":0,"_bbp_reply_count_hidden":0,"_bbp_forum_subforum_count":0,"site-sidebar-layout":"default","site-content-layout":"","ast-site-content-layout":"default","site-content-style":"default","site-sidebar-style":"default","ast-global-header-display":"","ast-banner-title-visibility":"","ast-main-header-display":"","ast-hfb-above-header-display":"","ast-hfb-below-header-display":"","ast-hfb-mobile-header-display":"","site-post-title":"","ast-breadcrumbs-content":"","ast-featured-img":"","footer-sml-layout":"","theme-transparent-header-meta":"default","adv-header-id-meta":"","stick-header-meta":"","header-above-stick-meta":"","header-main-stick-meta":"","header-below-stick-meta":"","astra-migrate-meta-layouts":"set","ast-page-background-enabled":"default","ast-page-background-meta":{"desktop":{"background-color":"var(--ast-global-color-4)","background-image":"","background-repeat":"repeat","background-position":"center center","background-size":"auto","background-attachment":"scroll","background-type":"","background-media":"","overlay-type":"","overlay-color":"","overlay-opacity":"","overlay-gradient":""},"tablet":{"background-color":"","background-image":"","background-repeat":"repeat","background-position":"center center","background-size":"auto","background-attachment":"scroll","background-type":"","background-media":"","overlay-type":"","overlay-color":"","overlay-opacity":"","overlay-gradient":""},"mobile":{"background-color":"","background-image":"","background-repeat":"repeat","background-position":"center center","background-size":"auto","background-attachment":"scroll","background-type":"","background-media":"","overlay-type":"","overlay-color":"","overlay-opacity":"","overlay-gradient":""}},"ast-content-background-meta":{"desktop":{"background-color":"var(--ast-global-color-5)","background-image":"","background-repeat":"repeat","background-position":"center center","background-size":"auto","background-attachment":"scroll","background-type":"","background-media":"","overlay-type":"","overlay-color":"","overlay-opacity":"","overlay-gradient":""},"tablet":{"background-color":"var(--ast-global-color-5)","background-image":"","background-repeat":"repeat","background-position":"center center","background-size":"auto","background-attachment":"scroll","background-type":"","background-media":"","overlay-type":"","overlay-color":"","overlay-opacity":"","overlay-gradient":""},"mobile":{"background-color":"var(--ast-global-color-5)","background-image":"","background-repeat":"repeat","background-position":"center center","background-size":"auto","background-attachment":"scroll","background-type":"","background-media":"","overlay-type":"","overlay-color":"","overlay-opacity":"","overlay-gradient":""}},"footnotes":""},"class_list":["post-28","page","type-page","status-publish","hentry"],"post_mailing_queue_ids":[],"_links":{"self":[{"href":"https:\/\/agora.xtec.cat\/esc-joancasas\/wp-json\/wp\/v2\/pages\/28","targetHints":{"allow":["GET"]}}],"collection":[{"href":"https:\/\/agora.xtec.cat\/esc-joancasas\/wp-json\/wp\/v2\/pages"}],"about":[{"href":"https:\/\/agora.xtec.cat\/esc-joancasas\/wp-json\/wp\/v2\/types\/page"}],"author":[{"embeddable":true,"href":"https:\/\/agora.xtec.cat\/esc-joancasas\/wp-json\/wp\/v2\/users\/1"}],"replies":[{"embeddable":true,"href":"https:\/\/agora.xtec.cat\/esc-joancasas\/wp-json\/wp\/v2\/comments?post=28"}],"version-history":[{"count":7,"href":"https:\/\/agora.xtec.cat\/esc-joancasas\/wp-json\/wp\/v2\/pages\/28\/revisions"}],"predecessor-version":[{"id":15142,"href":"https:\/\/agora.xtec.cat\/esc-joancasas\/wp-json\/wp\/v2\/pages\/28\/revisions\/15142"}],"up":[{"embeddable":true,"href":"https:\/\/agora.xtec.cat\/esc-joancasas\/wp-json\/wp\/v2\/pages\/22"}],"wp:attachment":[{"href":"https:\/\/agora.xtec.cat\/esc-joancasas\/wp-json\/wp\/v2\/media?parent=28"}],"curies":[{"name":"wp","href":"https:\/\/api.w.org\/{rel}","templated":true}]}}