{"id":4931,"date":"2022-05-12T13:34:22","date_gmt":"2022-05-12T11:34:22","guid":{"rendered":"https:\/\/agora.xtec.cat\/esc-jmaragall-sabadell\/?page_id=4931"},"modified":"2023-06-29T08:49:07","modified_gmt":"2023-06-29T06:49:07","slug":"cultura-digital","status":"publish","type":"page","link":"https:\/\/agora.xtec.cat\/esc-jmaragall-sabadell\/estrategia-digital-de-centre\/cultura-digital\/","title":{"rendered":"Cultura Digital"},"content":{"rendered":"<ul>\n<li><strong>Documents de centre: <\/strong>\n<ul>\n<li>NOFC: Normativa \u00e0mbit digital.\u00a0<em>En revisi\u00f3.<\/em><\/li>\n<li>PEC: Aspectes metodol\u00f2gics \u00e0mbit digital. <em>En revisi\u00f3.<\/em><\/li>\n<li>Projecte direcci\u00f3 \u00e0mbit digital. <a href=\"https:\/\/agora.xtec.cat\/esc-jmaragall-sabadell\/docs\/projecte-de-direccio\/\">P\u00e0g 15.<\/a><\/li>\n<\/ul>\n<\/li>\n<li><strong>Desplegament curricular de la compet\u00e8ncia digital de l\u2019alumnat:<br \/>\n<\/strong><\/p>\n<ul>\n<li>Desplegament curricular per cursos i etapes. 8.2.1.1. (EN REVISI\u00d3 LOMLOE)DESPLEGAMENT CURRICULAR DE LA COMPET\u00c8NCIA DIGITAL DE L\u2019ALUMNAT<\/li>\n<li>Avaluaci\u00f3 de la compet\u00e8ncia en diferents nivells i cursos. 8.2.1.1. (EN REVISI\u00d3 LOMLOE)DESPLEGAMENT CURRICULAR DE LA COMPET\u00c8NCIA DIGITAL DE L\u2019ALUMNAT<\/li>\n<\/ul>\n<\/li>\n<li><strong>Descripci\u00f3 dels serveis digitals que s\u2019ofereixen a alumnes, professorat i fam\u00edlies, i procediments de gesti\u00f3:<\/strong>\n<ul>\n<li>Procediments d&#8217;alta d&#8217;usuaris. DOCUMENT INTERN. 8.2.2.1. COMISSI\u00d3 DIGITAL. RESPONSABILITATS I TUTORIA TAC<\/li>\n<li>Acords d&#8217;\u00fas de la plataforma EVA. DOCUMENT INTERN. 8.2.1.1. (EN REVISI\u00d3 LOMLOE)DESPLEGAMENT CURRICULAR DE LA COMPET\u00c8NCIA DIGITAL DE L\u2019ALUMNAT<\/li>\n<li>Organitzaci\u00f3 de la documentaci\u00f3 digital de centre.<\/li>\n<li><\/li>\n<\/ul>\n<\/li>\n<li><strong>Acolliment digital dels alumnes, docents i fam\u00edlies de nova incorporaci\u00f3:<\/strong>\n<ul>\n<li>Planificaci\u00f3 de la incorporaci\u00f3 del nou alumnat. <a href=\"https:\/\/agora.xtec.cat\/esc-jmaragall-sabadell\/docs\/protocol-dacolliment-digital-de-lalumnat-nouvingut\/\">PROTOCOL D&#8217;ACOLLIMENT DIGITAL DE L&#8217;ALUMNAT NOUVINGUT<\/a><\/li>\n<li>Planificaci\u00f3 de la incorporaci\u00f3 de nous docents. DOCUMENT INTERN. 8.2.3.2. <a href=\"https:\/\/drive.google.com\/file\/d\/1k2GBX9Z2gZzfF7zf7bsbg4Ap15OJi0JF\/view?usp=sharing\">PROTOCOL D\u2019ACOLLIMENT DE PROFESSORAT NOUVINGUT.<\/a><\/li>\n<li>Planificaci\u00f3 de la incorporaci\u00f3 de les noves fam\u00edlies.\u00a0<em>Pendent d&#8217;elaboraci\u00f3.<\/em><\/li>\n<li><a href=\"https:\/\/documents.espai.educacio.gencat.cat\/FormularisModels\/ProteccioDades\/A251.pdf\">Autoritzaci\u00f3 imatges<\/a><\/li>\n<li><a href=\"https:\/\/documents.espai.educacio.gencat.cat\/FormularisModels\/ProteccioDades\/A253.pdf\">Autoritzaci\u00f3 entorns digitals<\/a><\/li>\n<\/ul>\n<\/li>\n<li><strong>Comunicacions amb la comunitat educativa: <\/strong>DOCUMENT INTERN. 8.2.4.1. PROTOCOL COMUNICACI\u00d3 DIGITAL 1.3 <a style=\"color: #2795b6;\" href=\"https:\/\/agora.xtec.cat\/esc-jmaragall-sabadell\/wp-content\/uploads\/usu1082\/2022\/06\/Escola-Joan-Maragall.png\"><img loading=\"lazy\" decoding=\"async\" class=\" wp-image-5041 alignright\" src=\"https:\/\/agora.xtec.cat\/esc-jmaragall-sabadell\/wp-content\/uploads\/usu1082\/2022\/06\/Escola-Joan-Maragall-1024x1024.png\" alt=\"\" width=\"267\" height=\"267\" srcset=\"https:\/\/agora.xtec.cat\/esc-jmaragall-sabadell\/wp-content\/uploads\/usu1082\/2022\/06\/Escola-Joan-Maragall-1024x1024.png 1024w, https:\/\/agora.xtec.cat\/esc-jmaragall-sabadell\/wp-content\/uploads\/usu1082\/2022\/06\/Escola-Joan-Maragall-300x300.png 300w, https:\/\/agora.xtec.cat\/esc-jmaragall-sabadell\/wp-content\/uploads\/usu1082\/2022\/06\/Escola-Joan-Maragall-150x150.png 150w, https:\/\/agora.xtec.cat\/esc-jmaragall-sabadell\/wp-content\/uploads\/usu1082\/2022\/06\/Escola-Joan-Maragall-768x768.png 768w, https:\/\/agora.xtec.cat\/esc-jmaragall-sabadell\/wp-content\/uploads\/usu1082\/2022\/06\/Escola-Joan-Maragall.png 1080w\" sizes=\"auto, (max-width: 267px) 100vw, 267px\" \/><\/a>\n<ul>\n<li>Comunicacions fam\u00edlies &#8211; centre (tutors, professorat, direcci\u00f3). El canal preferent per comunicar-se amb el centre, tutors o professorat \u00e9s a trav\u00e9s del tel\u00e8fon\u00a0 \u00a0 \u00a0 \u00a0 \u00a0 \u00a0 \u00a0667 36 56 09<\/li>\n<li>Comunicacions alumnat &#8211; professorat<\/li>\n<li>Comunicacions professorat &#8211; professorat<\/li>\n<\/ul>\n<\/li>\n<li><strong>Portals web i xarxes socials: <\/strong>DOCUMENT INTERN. 8.2.4.1. PROTOCOL COMUNICACI\u00d3 DIGITAL 1.1.\n<ul>\n<li>Organitzaci\u00f3 i manteniment web del centre<\/li>\n<li>Gesti\u00f3 xarxes socials<img decoding=\"async\" style=\"font-family: inherit; font-size: 1em;\" src=\"https:\/\/projectes.xtec.cat\/edc-suport\/wp-content\/uploads\/usu2435\/2021\/03\/img_EDC_graph_07-1024x729.png\" \/><\/li>\n<\/ul>\n<\/li>\n<\/ul>\n<p><a href=\"https:\/\/agora.xtec.cat\/esc-jmaragall-sabadell\/wp-content\/uploads\/usu1082\/2023\/06\/Logos_documents-3-scaled.jpg\"><img loading=\"lazy\" decoding=\"async\" class=\"alignnone size-medium wp-image-6308\" src=\"https:\/\/agora.xtec.cat\/esc-jmaragall-sabadell\/wp-content\/uploads\/usu1082\/2023\/06\/Logos_documents-3-300x40.jpg\" alt=\"\" width=\"300\" height=\"40\" srcset=\"https:\/\/agora.xtec.cat\/esc-jmaragall-sabadell\/wp-content\/uploads\/usu1082\/2023\/06\/Logos_documents-3-300x40.jpg 300w, https:\/\/agora.xtec.cat\/esc-jmaragall-sabadell\/wp-content\/uploads\/usu1082\/2023\/06\/Logos_documents-3-1024x137.jpg 1024w, https:\/\/agora.xtec.cat\/esc-jmaragall-sabadell\/wp-content\/uploads\/usu1082\/2023\/06\/Logos_documents-3-768x103.jpg 768w, https:\/\/agora.xtec.cat\/esc-jmaragall-sabadell\/wp-content\/uploads\/usu1082\/2023\/06\/Logos_documents-3-1536x205.jpg 1536w, https:\/\/agora.xtec.cat\/esc-jmaragall-sabadell\/wp-content\/uploads\/usu1082\/2023\/06\/Logos_documents-3-2048x273.jpg 2048w\" sizes=\"auto, (max-width: 300px) 100vw, 300px\" \/><\/a><\/p>\n","protected":false},"excerpt":{"rendered":"<ul>\n<li>Documents de centre:\n<ul>\n<li>NOFC: Normativa \u00e0mbit digital.\u00a0En revisi\u00f3.<\/li>\n<li>PEC: Aspectes metodol\u00f2gics \u00e0mbit digital. En revisi\u00f3.<\/li>\n<li>Projecte direcci\u00f3 \u00e0mbit digital. <a href=\"https:\/\/agora.xtec.cat\/esc-jmaragall-sabadell\/docs\/projecte-de-direccio\/\">P\u00e0g 15.<\/a><\/li>\n<\/ul>\n<\/li>\n<li>Desplegament curricular de la compet\u00e8ncia digital de l\u2019alumnat:\n<ul>\n<li>Desplegament curricular per cursos i etapes. 8.2.1.1. (EN REVISI\u00d3 LOMLOE)DESPLEGAMENT CURRICULAR DE LA COMPET\u00c8NCIA DIGITAL DE L\u2019ALUMNAT<\/li>\n<li>Avaluaci\u00f3 de la&hellip;  <a href=\"https:\/\/agora.xtec.cat\/esc-jmaragall-sabadell\/estrategia-digital-de-centre\/cultura-digital\/\" title=\"Read Cultura Digital\">Llegeix m\u00e9s\u00bb<\/a><br \/>\n","protected":false},"author":11,"featured_media":0,"parent":4919,"menu_order":5,"comment_status":"closed","ping_status":"closed","template":"page-templates\/side-menu.php","meta":{"_bbp_topic_count":0,"_bbp_reply_count":0,"_bbp_total_topic_count":0,"_bbp_total_reply_count":0,"_bbp_voice_count":0,"_bbp_anonymous_reply_count":0,"_bbp_topic_count_hidden":0,"_bbp_reply_count_hidden":0,"_bbp_forum_subforum_count":0,"footnotes":""},"class_list":["post-4931","page","type-page","status-publish","hentry"],"post_mailing_queue_ids":[],"_links":{"self":[{"href":"https:\/\/agora.xtec.cat\/esc-jmaragall-sabadell\/wp-json\/wp\/v2\/pages\/4931","targetHints":{"allow":["GET"]}}],"collection":[{"href":"https:\/\/agora.xtec.cat\/esc-jmaragall-sabadell\/wp-json\/wp\/v2\/pages"}],"about":[{"href":"https:\/\/agora.xtec.cat\/esc-jmaragall-sabadell\/wp-json\/wp\/v2\/types\/page"}],"author":[{"embeddable":true,"href":"https:\/\/agora.xtec.cat\/esc-jmaragall-sabadell\/wp-json\/wp\/v2\/users\/11"}],"replies":[{"embeddable":true,"href":"https:\/\/agora.xtec.cat\/esc-jmaragall-sabadell\/wp-json\/wp\/v2\/comments?post=4931"}],"version-history":[{"count":4,"href":"https:\/\/agora.xtec.cat\/esc-jmaragall-sabadell\/wp-json\/wp\/v2\/pages\/4931\/revisions"}],"predecessor-version":[{"id":6314,"href":"https:\/\/agora.xtec.cat\/esc-jmaragall-sabadell\/wp-json\/wp\/v2\/pages\/4931\/revisions\/6314"}],"up":[{"embeddable":true,"href":"https:\/\/agora.xtec.cat\/esc-jmaragall-sabadell\/wp-json\/wp\/v2\/pages\/4919"}],"wp:attachment":[{"href":"https:\/\/agora.xtec.cat\/esc-jmaragall-sabadell\/wp-json\/wp\/v2\/media?parent=4931"}],"curies":[{"name":"wp","href":"https:\/\/api.w.org\/{rel}","templated":true}]}}