{"id":4921,"date":"2022-05-12T13:19:09","date_gmt":"2022-05-12T11:19:09","guid":{"rendered":"https:\/\/agora.xtec.cat\/esc-jmaragall-sabadell\/?page_id=4921"},"modified":"2022-06-14T22:23:46","modified_gmt":"2022-06-14T20:23:46","slug":"diagnosi","status":"publish","type":"page","link":"https:\/\/agora.xtec.cat\/esc-jmaragall-sabadell\/estrategia-digital-de-centre\/estrategia-digital\/diagnosi\/","title":{"rendered":"Diagnosi"},"content":{"rendered":"<section id=\"h.74b5d2a01f9264d3_122\" class=\"yaqOZd\">\n<div class=\"mYVXT\">\n<div class=\"LS81yb VICjCf\" tabindex=\"-1\">\n<div class=\"hJDwNd-AhqUyc-uQSCkd purZT-AhqUyc-II5mzb pSzOP-AhqUyc-qWD73c JNdkSc\">\n<div class=\"JNdkSc-SmKAyb\">\n<div class=\"\">\n<div class=\"oKdM2c Kzv0Me\">\n<div id=\"h.74b5d2a01f9264d3_119\" class=\"hJDwNd-AhqUyc-uQSCkd jXK9ad D2fZ2 OjCsFc wHaque GNzUNc\">\n<div class=\"jXK9ad-SmKAyb\">\n<div class=\"tyJCtd mGzaTb baZpAe\">\n<p class=\"CDt4Ke zfr3Q\" dir=\"ltr\">Per fer la <strong>Diagnosi<\/strong> hem fet servir diferents <strong>eines<\/strong>:<\/p>\n<ul>\n<li style=\"list-style-type: none;\">\n<ul>\n<li class=\"CDt4Ke zfr3Q\" dir=\"ltr\"><a href=\"https:\/\/education.ec.europa.eu\/el\/node\/1736\"><span class=\" aw5Odc\">SELFIE<\/span> de centre<\/a>. L\u2019aplicaci\u00f3 SELFIE est\u00e0 desenvolupada per la Uni\u00f3 Europea i ajuda als centres a fer una diagnosi sobre l\u2019\u00fas pedag\u00f2gic de la tecnologia en un centre.<\/li>\n<li class=\"CDt4Ke zfr3Q\" dir=\"ltr\"><a href=\"https:\/\/education.ec.europa.eu\/selfie-for-teachers\">SELFIE for teachers<\/a>, que \u00e9s una eina elaborada i gestionada des de la Comissi\u00f3 Europea per donar suport a les compet\u00e8ncies digitals dels professors. Est\u00e0 dissenyada per ajudar els professors de prim\u00e0ria i secund\u00e0ria a comprendre la seva situaci\u00f3 actual respecte a com utilitzen la tecnologia digital en la seva feina. Els resultats de la revisi\u00f3 poden ajudar els professors a identificar on necessiten m\u00e9s formaci\u00f3 i suport. Al centre la vam fer en grup per poder recollir les dades i analitzar-les.<\/li>\n<li>Enquesta als docents elaborada pel centre per con\u00e9ixer l&#8217;\u00fas de la web i el coneixement que el claustre t\u00e9 de l&#8217;\u00fas de les TAC al centre, aix\u00ed com del coneixement que es t\u00e9 de l&#8217;antic Pla TAC.<\/li>\n<li class=\"CDt4Ke zfr3Q\" dir=\"ltr\">Enquesta a les fam\u00edlies, tamb\u00e9 elaborada pel centre.<\/li>\n<li dir=\"ltr\">An\u00e0lisi de dades de xarxes socials del centre.<\/li>\n<\/ul>\n<\/li>\n<\/ul>\n<p class=\"CDt4Ke zfr3Q\" dir=\"ltr\">Les dades obtingudes permeten <span class=\" aw5Odc\">extreure conclusions<\/span> per a fer un diagn\u00f2stic de l&#8217;estat actual del centre en tots els seus \u00e0mbits i tamb\u00e9 per a plantejar-nos objectius d&#8217;\u00e0mbit digital per a assolir-los a curt termini.<\/p>\n<\/div>\n<\/div>\n<\/div>\n<\/div>\n<\/div>\n<\/div>\n<\/div>\n<\/div>\n<\/div>\n<\/section>\n<section id=\"h.70b1a42ad5dd6fbb_59\" class=\"yaqOZd\">\n<div class=\"IFuOkc\"><\/div>\n<div class=\"mYVXT\">\n<div class=\"LS81yb VICjCf\" tabindex=\"-1\">\n<div class=\"hJDwNd-AhqUyc-Clt0zb purZT-AhqUyc-II5mzb pSzOP-AhqUyc-qWD73c JNdkSc\">\n<div class=\"JNdkSc-SmKAyb\">\n<div class=\"\">\n<div class=\"oKdM2c Kzv0Me\">\n<div id=\"h.70b1a42ad5dd6fbb_56\" class=\"hJDwNd-AhqUyc-Clt0zb jXK9ad D2fZ2 OjCsFc wHaque GNzUNc\">\n<div class=\"jXK9ad-SmKAyb\">\n<div class=\"tyJCtd mGzaTb baZpAe\">\n<p class=\"CDt4Ke zfr3Q\" dir=\"ltr\"><strong>\u00a0 \u00a0 Punts forts: <span style=\"font-weight: 400;\"><a style=\"color: #2795b6;\" href=\"https:\/\/agora.xtec.cat\/esc-jmaragall-sabadell\/wp-content\/uploads\/usu1082\/2022\/06\/y2019-04-29-09_generated-e1654786009513.jpg\"><img loading=\"lazy\" decoding=\"async\" class=\"wp-image-5024 alignright\" src=\"https:\/\/agora.xtec.cat\/esc-jmaragall-sabadell\/wp-content\/uploads\/usu1082\/2022\/06\/y2019-04-29-09_generated-e1654786009513-1024x1014.jpg\" alt=\"\" width=\"258\" height=\"255\" srcset=\"https:\/\/agora.xtec.cat\/esc-jmaragall-sabadell\/wp-content\/uploads\/usu1082\/2022\/06\/y2019-04-29-09_generated-e1654786009513-1024x1014.jpg 1024w, https:\/\/agora.xtec.cat\/esc-jmaragall-sabadell\/wp-content\/uploads\/usu1082\/2022\/06\/y2019-04-29-09_generated-e1654786009513-300x297.jpg 300w, https:\/\/agora.xtec.cat\/esc-jmaragall-sabadell\/wp-content\/uploads\/usu1082\/2022\/06\/y2019-04-29-09_generated-e1654786009513-768x761.jpg 768w, https:\/\/agora.xtec.cat\/esc-jmaragall-sabadell\/wp-content\/uploads\/usu1082\/2022\/06\/y2019-04-29-09_generated-e1654786009513.jpg 1468w\" sizes=\"auto, (max-width: 258px) 100vw, 258px\" \/><\/a><\/span><\/strong><\/p>\n<ol>\n<li style=\"list-style-type: none;\">\n<ol>\n<li style=\"font-weight: 400;\" aria-level=\"1\"><span style=\"font-weight: 400;\">L&#8217;escola, en general, compta amb <\/span><span style=\"font-weight: 400;\">un n\u00famero adient d&#8217;equipaments i en bon estat i d&#8217;una plataforma com G Suite per educaci\u00f3, per treballar amb l&#8217;alumnat.<\/span><\/li>\n<li style=\"font-weight: 400;\" aria-level=\"1\"><span style=\"font-weight: 400;\">La Comissi\u00f3 Digital est\u00e0 formada per membres de tots els cicles i etapes educatives del centre.<\/span><\/li>\n<li style=\"font-weight: 400;\" aria-level=\"1\"><span style=\"font-weight: 400;\">Un Pla TAC elaborat recentment.<\/span><\/li>\n<li style=\"font-weight: 400;\" aria-level=\"1\"><span style=\"font-weight: 400;\">El claustre cerca i selecciona continguts digitals, fa \u00fas de les tec<\/span><span style=\"font-weight: 400;\">nologies digitals per millorar el proc\u00e9s d\u2019ensenyament i aprenentatge dels alumnes i coneix i utilitza les eines G Suite per a la comunicaci\u00f3 interna i l&#8217;emmagatzemat de documents i recursos a les carpetes compartides.<\/span><\/li>\n<li aria-level=\"1\">Programaci\u00f3 de l&#8217;\u00fas de les eines digitals per cicles: tauletes i bee-bots a educaci\u00f3 infantil i cicle inicial, \u00fas de Chromebooks i Lego We-Do (rob\u00f2tica) a cicle superior.<\/li>\n<li style=\"font-weight: 400;\" aria-level=\"1\"><span style=\"font-weight: 400;\">\u00das sistematitzat de l&#8217;EVA (Classroom) i les eines G Suite per part de l&#8217;alumnat de cicle mitj\u00e0 i superior i treball aut\u00f2nom per part de l&#8217;alumnat als nivells superiors.<\/span><\/li>\n<li style=\"font-weight: 400;\" aria-level=\"1\"><span style=\"font-weight: 400;\">Alta motivaci\u00f3 de l\u2019alumnat en relaci\u00f3 a l\u2019\u00fas de les noves tecnologies per construir aprenentatge. <\/span><\/li>\n<li style=\"font-weight: 400;\" aria-level=\"1\">Comunicaci\u00f3 fam\u00edlia escola per diversos canals (whatsapp, web, xarxes socials). Els familiars del pa\u00eds d&#8217;origen dels nostres alumnes tamb\u00e9 visiten la web mitjan\u00e7ant les xarxes socials.<\/li>\n<\/ol>\n<\/li>\n<\/ol>\n<\/div>\n<\/div>\n<\/div>\n<\/div>\n<\/div>\n<\/div>\n<\/div>\n<div class=\"hJDwNd-AhqUyc-c5RTEf purZT-AhqUyc-c5RTEf pSzOP-AhqUyc-c5RTEf JNdkSc\">\n<div class=\"JNdkSc-SmKAyb\">\n<div class=\"\">\n<div class=\"oKdM2c Kzv0Me\">\n<div id=\"h.70b1a42ad5dd6fbb_67\" class=\"hJDwNd-AhqUyc-c5RTEf purZT-AhqUyc-c5RTEf pSzOP-AhqUyc-c5RTEf jXK9ad D2fZ2 OjCsFc wHaque\">\n<div class=\"jXK9ad-SmKAyb\">\n<div class=\"tyJCtd baZpAe\">\n<div class=\"t3iYD\"><\/div>\n<\/div>\n<\/div>\n<\/div>\n<\/div>\n<\/div>\n<\/div>\n<\/div>\n<\/div>\n<\/div>\n<\/section>\n<section id=\"h.70b1a42ad5dd6fbb_63\" class=\"yaqOZd\">\n<div class=\"IFuOkc\"><\/div>\n<div class=\"mYVXT\">\n<div class=\"LS81yb VICjCf\" tabindex=\"-1\">\n<div class=\"hJDwNd-AhqUyc-Clt0zb purZT-AhqUyc-II5mzb pSzOP-AhqUyc-qWD73c JNdkSc\">\n<div class=\"JNdkSc-SmKAyb\">\n<div class=\"\">\n<div class=\"oKdM2c Kzv0Me\">\n<div id=\"h.70b1a42ad5dd6fbb_60\" class=\"hJDwNd-AhqUyc-Clt0zb jXK9ad D2fZ2 OjCsFc wHaque GNzUNc\">\n<div class=\"jXK9ad-SmKAyb\">\n<div class=\"tyJCtd mGzaTb baZpAe\">\n<p class=\"CDt4Ke zfr3Q\" dir=\"ltr\"><strong>Punts febles: <a href=\"https:\/\/agora.xtec.cat\/esc-jmaragall-sabadell\/wp-content\/uploads\/usu1082\/2022\/06\/y2019-04-29-10_generated-e1654786312671.jpg\"><img loading=\"lazy\" decoding=\"async\" class=\"wp-image-5025 alignright\" src=\"https:\/\/agora.xtec.cat\/esc-jmaragall-sabadell\/wp-content\/uploads\/usu1082\/2022\/06\/y2019-04-29-10_generated-e1654786312671-1017x1024.jpg\" alt=\"\" width=\"258\" height=\"260\" srcset=\"https:\/\/agora.xtec.cat\/esc-jmaragall-sabadell\/wp-content\/uploads\/usu1082\/2022\/06\/y2019-04-29-10_generated-e1654786312671-1017x1024.jpg 1017w, https:\/\/agora.xtec.cat\/esc-jmaragall-sabadell\/wp-content\/uploads\/usu1082\/2022\/06\/y2019-04-29-10_generated-e1654786312671-298x300.jpg 298w, https:\/\/agora.xtec.cat\/esc-jmaragall-sabadell\/wp-content\/uploads\/usu1082\/2022\/06\/y2019-04-29-10_generated-e1654786312671-150x150.jpg 150w, https:\/\/agora.xtec.cat\/esc-jmaragall-sabadell\/wp-content\/uploads\/usu1082\/2022\/06\/y2019-04-29-10_generated-e1654786312671-768x773.jpg 768w, https:\/\/agora.xtec.cat\/esc-jmaragall-sabadell\/wp-content\/uploads\/usu1082\/2022\/06\/y2019-04-29-10_generated-e1654786312671.jpg 1478w\" sizes=\"auto, (max-width: 258px) 100vw, 258px\" \/><\/a><\/strong><\/p>\n<ol>\n<li style=\"list-style-type: none;\">\n<ol>\n<li><span style=\"font-weight: 400;\">Necessitat de formaci\u00f3 continua en l\u2019\u00e0mbit digital.<\/span><\/li>\n<li><span style=\"font-weight: 400;\">Desconeixement del pla TAC per part del claustre i de les activitats que es fan als diferents cicles.<\/span><\/li>\n<li style=\"font-weight: 400;\" aria-level=\"1\"><span style=\"font-weight: 400;\">Manca de formaci\u00f3 per part del professorat sobre l\u2019\u00fas responsable de les tecnologies digitals, la protecci\u00f3 de dades, drets d\u2019autor, etc.\u00a0<\/span><\/li>\n<li aria-level=\"1\">Manca de reflexi\u00f3 sobre la pr\u00e0ctica docent respecte a l&#8217;\u00fas de les tecnologies digitals.<\/li>\n<li><span style=\"font-weight: 400;\">Poc \u00fas de l\u2019avaluaci\u00f3 digital amb els alumnes.<\/span><\/li>\n<li>Abs\u00e8ncia d&#8217;una encarregat o m\u00e9s que gestioni\/n les xarxes socials i la web perqu\u00e8 no caiguin en des\u00fas, tothom tingui acc\u00e9s i les publicacions es facin de manera peri\u00f2dica.<\/li>\n<li style=\"font-weight: 400;\" aria-level=\"1\"><span style=\"font-weight: 400;\">Manca de treball amb l&#8217;alumnat, de manera precisa o estructurada, de l&#8217;\u00fas de les tecnologies de forma responsable i \u00e8tica, aix\u00ed com, de la dotaci\u00f3 d&#8217;eines i coneixements per fer un \u00fas segur de les tecnologies tant a nivell psicol\u00f2gic i f\u00edsic, com social.<\/span><\/li>\n<li>Acc\u00e9s limitat (a casa) per part de l&#8217;alumnat a dispositius digitals i connexi\u00f3 a Internet.<\/li>\n<li><span style=\"font-weight: 400;\">Dificultats per donar suport a les fam\u00edlies.<\/span><\/li>\n<li><span style=\"font-weight: 400;\">Baixa compet\u00e8ncia digital de les fam\u00edlies per manca de coneixement tecnol\u00f2gic i de la llengua vehicular de l\u2019escola i dificultats per controlar l&#8217;\u00fas de les pantalles dels seus fills i filles.<\/span><\/li>\n<\/ol>\n<\/li>\n<\/ol>\n<\/div>\n<\/div>\n<\/div>\n<\/div>\n<\/div>\n<\/div>\n<\/div>\n<div class=\"hJDwNd-AhqUyc-c5RTEf purZT-AhqUyc-c5RTEf pSzOP-AhqUyc-c5RTEf JNdkSc\">\n<div class=\"JNdkSc-SmKAyb\">\n<div class=\"\">\n<div class=\"oKdM2c Kzv0Me\">\n<div id=\"h.70b1a42ad5dd6fbb_64\" class=\"hJDwNd-AhqUyc-c5RTEf purZT-AhqUyc-c5RTEf pSzOP-AhqUyc-c5RTEf jXK9ad D2fZ2 OjCsFc wHaque\">\n<div class=\"jXK9ad-SmKAyb\"><\/div>\n<\/div>\n<\/div>\n<\/div>\n<\/div>\n<\/div>\n<\/div>\n<\/div>\n<\/section>\n","protected":false},"excerpt":{"rendered":"<p>Per fer la Diagnosi hem fet servir diferents eines:<\/p>\n<ul>\n<li style=\"list-style-type: none;\">\n<ul>\n<li class=\"CDt4Ke zfr3Q\" dir=\"ltr\"><a href=\"https:\/\/education.ec.europa.eu\/el\/node\/1736\">SELFIE de centre<\/a>. L\u2019aplicaci\u00f3 SELFIE est\u00e0 desenvolupada per la Uni\u00f3 Europea i ajuda als centres a fer una diagnosi sobre l\u2019\u00fas pedag\u00f2gic de la tecnologia en un centre.<\/li>\n<li class=\"CDt4Ke zfr3Q\" dir=\"ltr\"><a&hellip;  <a href=\"https:\/\/agora.xtec.cat\/esc-jmaragall-sabadell\/estrategia-digital-de-centre\/estrategia-digital\/diagnosi\/\" title=\"Read Diagnosi\">Llegeix m\u00e9s\u00bb<\/a><br \/>\n","protected":false},"author":11,"featured_media":0,"parent":4970,"menu_order":1,"comment_status":"closed","ping_status":"closed","template":"page-templates\/side-menu.php","meta":{"_bbp_topic_count":0,"_bbp_reply_count":0,"_bbp_total_topic_count":0,"_bbp_total_reply_count":0,"_bbp_voice_count":0,"_bbp_anonymous_reply_count":0,"_bbp_topic_count_hidden":0,"_bbp_reply_count_hidden":0,"_bbp_forum_subforum_count":0,"footnotes":""},"class_list":["post-4921","page","type-page","status-publish","hentry"],"post_mailing_queue_ids":[],"_links":{"self":[{"href":"https:\/\/agora.xtec.cat\/esc-jmaragall-sabadell\/wp-json\/wp\/v2\/pages\/4921","targetHints":{"allow":["GET"]}}],"collection":[{"href":"https:\/\/agora.xtec.cat\/esc-jmaragall-sabadell\/wp-json\/wp\/v2\/pages"}],"about":[{"href":"https:\/\/agora.xtec.cat\/esc-jmaragall-sabadell\/wp-json\/wp\/v2\/types\/page"}],"author":[{"embeddable":true,"href":"https:\/\/agora.xtec.cat\/esc-jmaragall-sabadell\/wp-json\/wp\/v2\/users\/11"}],"replies":[{"embeddable":true,"href":"https:\/\/agora.xtec.cat\/esc-jmaragall-sabadell\/wp-json\/wp\/v2\/comments?post=4921"}],"version-history":[{"count":3,"href":"https:\/\/agora.xtec.cat\/esc-jmaragall-sabadell\/wp-json\/wp\/v2\/pages\/4921\/revisions"}],"predecessor-version":[{"id":5034,"href":"https:\/\/agora.xtec.cat\/esc-jmaragall-sabadell\/wp-json\/wp\/v2\/pages\/4921\/revisions\/5034"}],"up":[{"embeddable":true,"href":"https:\/\/agora.xtec.cat\/esc-jmaragall-sabadell\/wp-json\/wp\/v2\/pages\/4970"}],"wp:attachment":[{"href":"https:\/\/agora.xtec.cat\/esc-jmaragall-sabadell\/wp-json\/wp\/v2\/media?parent=4921"}],"curies":[{"name":"wp","href":"https:\/\/api.w.org\/{rel}","templated":true}]}}