{"id":1397,"date":"2021-01-22T18:41:09","date_gmt":"2021-01-22T17:41:09","guid":{"rendered":"https:\/\/agora.xtec.cat\/esc-elvalles\/?page_id=1397"},"modified":"2025-10-22T11:45:26","modified_gmt":"2025-10-22T09:45:26","slug":"programa-araart","status":"publish","type":"page","link":"https:\/\/agora.xtec.cat\/esc-elvalles\/metodologiaplans-i-projectes\/programa-araart\/","title":{"rendered":"Programa araArt"},"content":{"rendered":"<p style=\"text-align: justify;\"><a href=\"https:\/\/xtec.gencat.cat\/ca\/innovacio\/programes_innovacio\/educacio-infantil-i-primaria\/araart\/\"><img loading=\"lazy\" decoding=\"async\" class=\"alignright wp-image-1465\" src=\"https:\/\/agora.xtec.cat\/esc-elvalles\/wp-content\/uploads\/usu597\/2021\/01\/ara-ART_color_negatiu.png_1595044798.png\" alt=\"\" width=\"238\" height=\"238\" srcset=\"https:\/\/agora.xtec.cat\/esc-elvalles\/wp-content\/uploads\/usu597\/2021\/01\/ara-ART_color_negatiu.png_1595044798.png 538w, https:\/\/agora.xtec.cat\/esc-elvalles\/wp-content\/uploads\/usu597\/2021\/01\/ara-ART_color_negatiu.png_1595044798-150x150.png 150w, https:\/\/agora.xtec.cat\/esc-elvalles\/wp-content\/uploads\/usu597\/2021\/01\/ara-ART_color_negatiu.png_1595044798-300x300.png 300w\" sizes=\"auto, (max-width: 238px) 100vw, 238px\" \/><\/a>El Departament d\u2019Educaci\u00f3 crea el Programa d&#8217;innovaci\u00f3 pedag\u00f2gica \u201caraArt\u201d amb la finalitat de fomentar i posar en valor projectes art\u00edstics que es porten a terme en el si d&#8217;un centre d&#8217;educaci\u00f3 infantil, prim\u00e0ria o secund\u00e0ria, en col\u00b7laboraci\u00f3 amb una escola art\u00edstica, un equipament cultural, o institucions, entitats i associacions art\u00edstiques, per promoure l&#8217;equitat i la qualitat del sistema educatiu reflectida en la millora de les capacitats i compet\u00e8ncies de l&#8217;alumnat participant.<\/p>\n<p>A l\u2019escola, dins del marc del Programa araArt, treballem la m\u00fasica com a eina d\u2019expressi\u00f3 i creixement personal. En aquest sentit, a 4t de prim\u00e0ria els alumnes aprenen a tocar l\u2019ukelele, un instrument que afavoreix la coordinaci\u00f3, l\u2019escolta activa i el treball en equip, alhora que desperta la sensibilitat art\u00edstica i el gust per la m\u00fasica. Aquesta activitat s\u2019integra plenament en els objectius del programa, fomentant la creativitat i l\u2019aprenentatge competencial a trav\u00e9s de l\u2019art.<\/p>\n<p><img loading=\"lazy\" decoding=\"async\" class=\"alignleft size-medium wp-image-2424\" src=\"https:\/\/agora.xtec.cat\/esc-elvalles\/wp-content\/uploads\/usu597\/2025\/10\/IMG-20211022-WA0002-300x225.jpg\" alt=\"\" width=\"300\" height=\"225\" srcset=\"https:\/\/agora.xtec.cat\/esc-elvalles\/wp-content\/uploads\/usu597\/2025\/10\/IMG-20211022-WA0002-300x225.jpg 300w, https:\/\/agora.xtec.cat\/esc-elvalles\/wp-content\/uploads\/usu597\/2025\/10\/IMG-20211022-WA0002-1024x768.jpg 1024w, https:\/\/agora.xtec.cat\/esc-elvalles\/wp-content\/uploads\/usu597\/2025\/10\/IMG-20211022-WA0002-768x576.jpg 768w, https:\/\/agora.xtec.cat\/esc-elvalles\/wp-content\/uploads\/usu597\/2025\/10\/IMG-20211022-WA0002-1536x1152.jpg 1536w, https:\/\/agora.xtec.cat\/esc-elvalles\/wp-content\/uploads\/usu597\/2025\/10\/IMG-20211022-WA0002-200x150.jpg 200w, https:\/\/agora.xtec.cat\/esc-elvalles\/wp-content\/uploads\/usu597\/2025\/10\/IMG-20211022-WA0002.jpg 2048w\" sizes=\"auto, (max-width: 300px) 100vw, 300px\" \/> <img loading=\"lazy\" decoding=\"async\" class=\"alignleft size-medium wp-image-2425\" src=\"https:\/\/agora.xtec.cat\/esc-elvalles\/wp-content\/uploads\/usu597\/2025\/10\/IMG-20211022-WA0005-300x225.jpg\" alt=\"\" width=\"300\" height=\"225\" srcset=\"https:\/\/agora.xtec.cat\/esc-elvalles\/wp-content\/uploads\/usu597\/2025\/10\/IMG-20211022-WA0005-300x225.jpg 300w, https:\/\/agora.xtec.cat\/esc-elvalles\/wp-content\/uploads\/usu597\/2025\/10\/IMG-20211022-WA0005-1024x768.jpg 1024w, https:\/\/agora.xtec.cat\/esc-elvalles\/wp-content\/uploads\/usu597\/2025\/10\/IMG-20211022-WA0005-768x576.jpg 768w, https:\/\/agora.xtec.cat\/esc-elvalles\/wp-content\/uploads\/usu597\/2025\/10\/IMG-20211022-WA0005-1536x1152.jpg 1536w, https:\/\/agora.xtec.cat\/esc-elvalles\/wp-content\/uploads\/usu597\/2025\/10\/IMG-20211022-WA0005-200x150.jpg 200w, https:\/\/agora.xtec.cat\/esc-elvalles\/wp-content\/uploads\/usu597\/2025\/10\/IMG-20211022-WA0005.jpg 2048w\" sizes=\"auto, (max-width: 300px) 100vw, 300px\" \/><\/p>\n<p>&nbsp;<\/p>\n","protected":false},"excerpt":{"rendered":"<p><a href=\"https:\/\/xtec.gencat.cat\/ca\/innovacio\/programes_innovacio\/educacio-infantil-i-primaria\/araart\/\"><\/a>El Departament d\u2019Educaci\u00f3 crea el Programa d&#8217;innovaci\u00f3 pedag\u00f2gica \u201caraArt\u201d amb la finalitat de fomentar i posar en valor projectes art\u00edstics que es porten a terme en el si d&#8217;un centre d&#8217;educaci\u00f3 infantil, prim\u00e0ria o secund\u00e0ria, en col\u00b7laboraci\u00f3 amb una escola art\u00edstica, un equipament cultural,&hellip;  <a href=\"https:\/\/agora.xtec.cat\/esc-elvalles\/metodologiaplans-i-projectes\/programa-araart\/\" title=\"Read Programa araArt\">Llegeix m\u00e9s\u00bb<\/a><\/p>\n","protected":false},"author":1,"featured_media":0,"parent":1373,"menu_order":0,"comment_status":"closed","ping_status":"closed","template":"page-templates\/side-menu.php","meta":{"_bbp_topic_count":0,"_bbp_reply_count":0,"_bbp_total_topic_count":0,"_bbp_total_reply_count":0,"_bbp_voice_count":0,"_bbp_anonymous_reply_count":0,"_bbp_topic_count_hidden":0,"_bbp_reply_count_hidden":0,"_bbp_forum_subforum_count":0,"footnotes":""},"class_list":["post-1397","page","type-page","status-publish","hentry"],"post_mailing_queue_ids":[],"_links":{"self":[{"href":"https:\/\/agora.xtec.cat\/esc-elvalles\/wp-json\/wp\/v2\/pages\/1397","targetHints":{"allow":["GET"]}}],"collection":[{"href":"https:\/\/agora.xtec.cat\/esc-elvalles\/wp-json\/wp\/v2\/pages"}],"about":[{"href":"https:\/\/agora.xtec.cat\/esc-elvalles\/wp-json\/wp\/v2\/types\/page"}],"author":[{"embeddable":true,"href":"https:\/\/agora.xtec.cat\/esc-elvalles\/wp-json\/wp\/v2\/users\/1"}],"replies":[{"embeddable":true,"href":"https:\/\/agora.xtec.cat\/esc-elvalles\/wp-json\/wp\/v2\/comments?post=1397"}],"version-history":[{"count":6,"href":"https:\/\/agora.xtec.cat\/esc-elvalles\/wp-json\/wp\/v2\/pages\/1397\/revisions"}],"predecessor-version":[{"id":2426,"href":"https:\/\/agora.xtec.cat\/esc-elvalles\/wp-json\/wp\/v2\/pages\/1397\/revisions\/2426"}],"up":[{"embeddable":true,"href":"https:\/\/agora.xtec.cat\/esc-elvalles\/wp-json\/wp\/v2\/pages\/1373"}],"wp:attachment":[{"href":"https:\/\/agora.xtec.cat\/esc-elvalles\/wp-json\/wp\/v2\/media?parent=1397"}],"curies":[{"name":"wp","href":"https:\/\/api.w.org\/{rel}","templated":true}]}}