{"id":32,"date":"2017-09-18T12:31:33","date_gmt":"2017-09-18T10:31:33","guid":{"rendered":"http:\/\/agora.xtec.cat\/esc-elpalau\/?page_id=32"},"modified":"2025-07-24T17:36:24","modified_gmt":"2025-07-24T15:36:24","slug":"calendari-del-curs","status":"publish","type":"page","link":"https:\/\/agora.xtec.cat\/esc-elpalau\/lescola\/calendari-del-curs\/","title":{"rendered":"Calendari del curs 25-26"},"content":{"rendered":"<h6><span style=\"text-decoration: underline;\">Marc horari i calendari escolar<\/span><\/h6>\n<p>ORDRE EDU\/104\/2024, de 6 de maig, per la qual s&#8217;estableix el calendari escolar del curs.<\/p>\n<p><em>Article 2<\/em><\/p>\n<p><strong>Calendari<\/strong><\/p>\n<p>2.1 El curs escolar 2025-2026 compr\u00e8n el per\u00edode que va des de l&#8217;1 de setembre de 2025 fins al 31 d&#8217;agost de 2026.<\/p>\n<p>2.2 L&#8217;inici de les activitats lectives en els diferents ensenyaments s&#8217;estableix d&#8217;acord amb el calendari seg\u00fcent:<\/p>\n<p>En el segon cicle d&#8217;educaci\u00f3 infantil i educaci\u00f3 prim\u00e0ria el curs s&#8217;iniciar\u00e0 el 8 de setembre i acabar\u00e0 el 19 de juny de 2026.<\/p>\n<p><em>\u00a0<\/em><\/p>\n<p><em>Article 3<\/em><\/p>\n<p><strong>Vacances escolars i dies festius<\/strong><\/p>\n<p>3.1 Tenen la consideraci\u00f3 de per\u00edode de vacances escolars:<\/p>\n<p><u>Nadal<\/u>: del 20 de desembre de 2025 al 7 de gener de 2026, ambd\u00f3s inclosos.<\/p>\n<p><em><u>Setmana Santa<\/u><\/em>: del 28 de mar\u00e7 al 6 d&#8217;abril de 2026, ambd\u00f3s inclosos.<\/p>\n<p>&nbsp;<\/p>\n<p><em>Article 4<\/em><\/p>\n<p><strong>Horari<\/strong><\/p>\n<p>Horari a l&#8217;educaci\u00f3 infantil i prim\u00e0ria de 9 a 12.30 hores i de 15 a 16.30 hores.<\/p>\n<p>Hora adaptaci\u00f3 inici segon cicle d\u2019educaci\u00f3 infantil:<\/p>\n<p>El grup d\u2019infants es divideix en dos. Els dos primers dies les nenes i els nens venen a l\u2019escola en dues franges hor\u00e0ries, un grup de 9\u202fh a 10.30 h i l\u2019altre d\u201911\u202fh a 12.30 h.<\/p>\n<p>El tercer dia, tant el primer com el segon grup ve de 9\u202fh a 12.30 h.<\/p>\n<p>A partir del quart dia es fa horari complet de mat\u00ed i tarda. De 9\u202fh a 12.30 h, i de 15\u202fh a 16.30 h.<\/p>\n<p>&nbsp;<\/p>\n<p><strong>Dies festius<\/strong><\/p>\n<p>Els que determini la disposici\u00f3 corresponent del Departament d&#8217;Empresa i Treball, i els dos dies de festa local.<\/p>\n<p>11-09-25 Diada (dijous)<\/p>\n<p>8-12-25 La Pur\u00edssima (dilluns)<\/p>\n<p>1-05-26 Dia del treballador (divendres)<\/p>\n<p>&nbsp;<\/p>\n<p><strong>Festes locals<\/strong><\/p>\n<p>29-09-25 Festa Major (dilluns)<\/p>\n<p>25-05-26 Segona Pasqua (dilluns)<\/p>\n<p>&nbsp;<\/p>\n<p><strong>Dies de lliure disposici\u00f3<\/strong><\/p>\n<p>1r trimestre 31-10-25 (divendres)<\/p>\n<p>2n trimestre 16-02-26 (dilluns)<\/p>\n<p>3r trimestre 24-04-26 (divendres) i 26-05-26 (dimarts)<\/p>\n<p>&nbsp;<\/p>\n<p><em>Article 10<\/em><\/p>\n<p><strong>Modificacions singulars de calendari o d&#8217;horari escolar<\/strong><\/p>\n<p>&#8211; l&#8217;organitzaci\u00f3 de la jornada continuada des del 8 juny fins al final de curs,<\/p>\n<p>&#8211; l&#8217;organitzaci\u00f3 de la jornada continuada l&#8217;\u00faltim dia lectiu abans de les vacances de Nadal,<\/p>\n<p>&#8211; l&#8217;organitzaci\u00f3 de la jornada continuada el darrer dia d&#8217;activitat escolar del mes de juny, 19 de juny.<\/p>\n<p>Horari de la jornada intensiva: de 9 h a 13\u202fh.<\/p>\n","protected":false},"excerpt":{"rendered":"<p>Marc horari i calendari escolar<br \/>\nORDRE EDU\/104\/2024, de 6 de maig, per la qual s&#8217;estableix el calendari escolar del curs.<br \/>\nArticle 2<br \/>\nCalendari<br \/>\n2.1 El curs escolar 2025-2026 compr\u00e8n el per\u00edode que va des de l&#8217;1 de setembre de 2025 fins al 31 d&#8217;agost de 2026.<br \/>\n2.2 L&#8217;inici de les&hellip;  <a href=\"https:\/\/agora.xtec.cat\/esc-elpalau\/lescola\/calendari-del-curs\/\" title=\"Read Calendari del curs 25-26\">Llegeix m\u00e9s\u00bb<\/a><\/p>\n","protected":false},"author":1,"featured_media":0,"parent":22,"menu_order":5,"comment_status":"closed","ping_status":"closed","template":"page-templates\/side-menu.php","meta":{"_bbp_topic_count":0,"_bbp_reply_count":0,"_bbp_total_topic_count":0,"_bbp_total_reply_count":0,"_bbp_voice_count":0,"_bbp_anonymous_reply_count":0,"_bbp_topic_count_hidden":0,"_bbp_reply_count_hidden":0,"_bbp_forum_subforum_count":0,"footnotes":""},"class_list":["post-32","page","type-page","status-publish","hentry"],"post_mailing_queue_ids":[],"_links":{"self":[{"href":"https:\/\/agora.xtec.cat\/esc-elpalau\/wp-json\/wp\/v2\/pages\/32","targetHints":{"allow":["GET"]}}],"collection":[{"href":"https:\/\/agora.xtec.cat\/esc-elpalau\/wp-json\/wp\/v2\/pages"}],"about":[{"href":"https:\/\/agora.xtec.cat\/esc-elpalau\/wp-json\/wp\/v2\/types\/page"}],"author":[{"embeddable":true,"href":"https:\/\/agora.xtec.cat\/esc-elpalau\/wp-json\/wp\/v2\/users\/1"}],"replies":[{"embeddable":true,"href":"https:\/\/agora.xtec.cat\/esc-elpalau\/wp-json\/wp\/v2\/comments?post=32"}],"version-history":[{"count":7,"href":"https:\/\/agora.xtec.cat\/esc-elpalau\/wp-json\/wp\/v2\/pages\/32\/revisions"}],"predecessor-version":[{"id":4127,"href":"https:\/\/agora.xtec.cat\/esc-elpalau\/wp-json\/wp\/v2\/pages\/32\/revisions\/4127"}],"up":[{"embeddable":true,"href":"https:\/\/agora.xtec.cat\/esc-elpalau\/wp-json\/wp\/v2\/pages\/22"}],"wp:attachment":[{"href":"https:\/\/agora.xtec.cat\/esc-elpalau\/wp-json\/wp\/v2\/media?parent=32"}],"curies":[{"name":"wp","href":"https:\/\/api.w.org\/{rel}","templated":true}]}}