{"id":641,"date":"2024-11-12T19:40:27","date_gmt":"2024-11-12T18:40:27","guid":{"rendered":"https:\/\/agora.xtec.cat\/esc-copons\/?page_id=641"},"modified":"2024-11-13T19:47:08","modified_gmt":"2024-11-13T18:47:08","slug":"estrategia","status":"publish","type":"page","link":"https:\/\/agora.xtec.cat\/esc-copons\/estrategia\/","title":{"rendered":"Estrat\u00e8gia"},"content":{"rendered":"\n<p>Per elaborar l\u2019EDC d\u2019un centre i concretar-la en un document, \u00e9s convenient seguir una s\u00e8rie de fases. En primer lloc,&nbsp;comen\u00e7arem a fer una&nbsp;<strong>diagnosi<\/strong>&nbsp;del centre. A partir del resultat d\u2019aquesta diagnosi, dels objectius que marca el PEC, dels objectius que marca el Pla d\u2019Educaci\u00f3 Digital de Catalunya i d\u2019una&nbsp;<strong>visi\u00f3&nbsp;<\/strong>clara d\u2019on vol arribar el centre en termes digitals, seleccionarem i prioritzarem els&nbsp;<strong>objectius<\/strong>&nbsp;a mitj\u00e0 termini (3 o 4 anys).<\/p>\n\n\n\n<p>Tot seguit, definirem i farem la\u00a0<strong>planificaci\u00f3<\/strong>\u00a0accions concretes per aconseguir aquests objectius. De forma peri\u00f2dica farem l\u2019<strong>avaluaci\u00f3<\/strong>\u00a0del seguiment d\u2019aquestes activitats i de l\u2019assoliment dels objectius per si cal modificar i millorar l\u2019EDC. Tamb\u00e9 recollirem totes les accions ja consolidades al centre, plans, protocols, normatives, etc. que conformaran la\u00a0<strong>cultura digital del centre<\/strong>.<\/p>\n\n\n\n<figure class=\"wp-block-image size-full is-resized\"><a href=\"https:\/\/agora.xtec.cat\/esc-copons\/wp-content\/uploads\/usu3059\/2024\/11\/fases-edc.png\"><img loading=\"lazy\" decoding=\"async\" width=\"1024\" height=\"504\" src=\"https:\/\/agora.xtec.cat\/esc-copons\/wp-content\/uploads\/usu3059\/2024\/11\/fases-edc.png\" alt=\"\" class=\"wp-image-642\" style=\"width:1000px;height:auto\" srcset=\"https:\/\/agora.xtec.cat\/esc-copons\/wp-content\/uploads\/usu3059\/2024\/11\/fases-edc.png 1024w, https:\/\/agora.xtec.cat\/esc-copons\/wp-content\/uploads\/usu3059\/2024\/11\/fases-edc-300x148.png 300w, https:\/\/agora.xtec.cat\/esc-copons\/wp-content\/uploads\/usu3059\/2024\/11\/fases-edc-768x378.png 768w\" sizes=\"auto, (max-width: 1024px) 100vw, 1024px\" \/><\/a><\/figure>\n","protected":false},"excerpt":{"rendered":"<p>Per elaborar l\u2019EDC d\u2019un centre i concretar-la en un document, \u00e9s convenient seguir una s\u00e8rie de fases. En primer lloc,&nbsp;comen\u00e7arem a fer una&nbsp;diagnosi&nbsp;del centre. A partir del resultat d\u2019aquesta diagnosi, dels objectius que marca el PEC, dels objectius que marca el Pla d\u2019Educaci\u00f3 Digital de&hellip;  <a href=\"https:\/\/agora.xtec.cat\/esc-copons\/estrategia\/\" title=\"Read Estrat\u00e8gia\">Llegeix m\u00e9s\u00bb<\/a><\/p>\n","protected":false},"author":1,"featured_media":0,"parent":0,"menu_order":0,"comment_status":"closed","ping_status":"close","template":"","meta":{"footnotes":""},"class_list":["post-641","page","type-page","status-publish","hentry"],"post_mailing_queue_ids":[],"_links":{"self":[{"href":"https:\/\/agora.xtec.cat\/esc-copons\/wp-json\/wp\/v2\/pages\/641","targetHints":{"allow":["GET"]}}],"collection":[{"href":"https:\/\/agora.xtec.cat\/esc-copons\/wp-json\/wp\/v2\/pages"}],"about":[{"href":"https:\/\/agora.xtec.cat\/esc-copons\/wp-json\/wp\/v2\/types\/page"}],"author":[{"embeddable":true,"href":"https:\/\/agora.xtec.cat\/esc-copons\/wp-json\/wp\/v2\/users\/1"}],"replies":[{"embeddable":true,"href":"https:\/\/agora.xtec.cat\/esc-copons\/wp-json\/wp\/v2\/comments?post=641"}],"version-history":[{"count":3,"href":"https:\/\/agora.xtec.cat\/esc-copons\/wp-json\/wp\/v2\/pages\/641\/revisions"}],"predecessor-version":[{"id":678,"href":"https:\/\/agora.xtec.cat\/esc-copons\/wp-json\/wp\/v2\/pages\/641\/revisions\/678"}],"wp:attachment":[{"href":"https:\/\/agora.xtec.cat\/esc-copons\/wp-json\/wp\/v2\/media?parent=641"}],"curies":[{"name":"wp","href":"https:\/\/api.w.org\/{rel}","templated":true}]}}