{"id":15629,"date":"2025-10-04T07:57:56","date_gmt":"2025-10-04T05:57:56","guid":{"rendered":"https:\/\/agora.xtec.cat\/esc-concepcion-arenal\/?page_id=15629"},"modified":"2026-02-07T18:47:43","modified_gmt":"2026-02-07T17:47:43","slug":"fotos-i-videos-curs-2025-2026","status":"publish","type":"page","link":"https:\/\/agora.xtec.cat\/esc-concepcion-arenal\/fotos-i-videos-curs-2025-2026\/","title":{"rendered":"FOTOS I V\u00cdDEOS CURS 2025-2026"},"content":{"rendered":"<p>Aqu\u00ed podr\u00e0s veure les galeries de fotos i v\u00eddeos que fem a l&#8217;escola d&#8217;activitats i sortides.<\/p>\n<ul>\n<li><a href=\"https:\/\/agora.xtec.cat\/esc-concepcion-arenal\/fotos-i-videos-dactivitats-generals-de-lescola-curs-2025-2026\/\" target=\"_blank\" rel=\"noopener\"><strong><span style=\"color: #0000ff;\">ESCOLA<\/span><\/strong><\/a><\/li>\n<li><span style=\"color: #0000ff;\"><strong><a style=\"color: #0000ff;\" href=\"https:\/\/agora.xtec.cat\/esc-concepcion-arenal\/fotos-i-videos-dactivitats-generals-dinfantil-curs-2025-2026\/\" target=\"_blank\" rel=\"noopener\">INFANTIL<\/a><\/strong><\/span>\n<ul>\n<li><a href=\"https:\/\/agora.xtec.cat\/esc-concepcion-arenal\/fotos-i-videos-di3-en-tito\/\" target=\"_blank\" rel=\"noopener\">I3 EN TIT\u00d3<\/a><\/li>\n<li><a href=\"https:\/\/agora.xtec.cat\/esc-concepcion-arenal\/fotos-i-videos-di4-els-peixos\/\" target=\"_blank\" rel=\"noopener\">I4 ELS PEIXOS<\/a><\/li>\n<li><a href=\"https:\/\/agora.xtec.cat\/esc-concepcion-arenal\/fotos-i-videos-di5-les-cabretes\/\" target=\"_blank\" rel=\"noopener\">I5 LES CABRETES<\/a><\/li>\n<\/ul>\n<\/li>\n<li><span style=\"color: #0000ff;\"><strong>PRIM\u00c0RIA<\/strong><\/span>\n<ul>\n<li><a href=\"https:\/\/agora.xtec.cat\/esc-concepcion-arenal\/fotos-i-videos-de-1r-els-monstres\/\" target=\"_blank\" rel=\"noopener\">1r ELS MONSTRES<\/a><\/li>\n<li><a href=\"https:\/\/agora.xtec.cat\/esc-concepcion-arenal\/fotos-i-videos-de-2n-les-bruixes-i-els-bruixots\/\" target=\"_blank\" rel=\"noopener\">2n LES BRUIXES I ELS BRUIXOTS<\/a><\/li>\n<li><a href=\"https:\/\/agora.xtec.cat\/esc-concepcion-arenal\/fotos-i-videos-de-3r-les-flors-magiques\/\" target=\"_blank\" rel=\"noopener\">3r LES FLORS M\u00c0GIQUES<\/a><\/li>\n<li><a href=\"https:\/\/agora.xtec.cat\/esc-concepcion-arenal\/fotos-i-videos-de-4t-els-cacamisteris\/\" target=\"_blank\" rel=\"noopener\">4t ELS CA\u00c7AMISTERIS<\/a><\/li>\n<li><a href=\"https:\/\/agora.xtec.cat\/esc-concepcion-arenal\/fotos-i-videos-de-5e-els-grufals\/\" target=\"_blank\" rel=\"noopener\">5\u00e8 ELS GR\u00daFALS<\/a><\/li>\n<li><a href=\"https:\/\/agora.xtec.cat\/esc-concepcion-arenal\/fotos-i-videos-de-6e-en-massagran\/\" target=\"_blank\" rel=\"noopener\">6\u00e8 EN MASSAGRAN<\/a><\/li>\n<\/ul>\n<\/li>\n<li><a href=\"https:\/\/agora.xtec.cat\/esc-concepcion-arenal\/fotos-i-videos-de-les-activitats-de-biblioteca-curs-2025-2026\/\" target=\"_blank\" rel=\"noopener\"><strong><span style=\"color: #0000ff;\">BIBLIOTECA<\/span><\/strong><\/a><\/li>\n<li><span style=\"color: #0000ff;\"><a style=\"color: #0000ff;\" href=\"https:\/\/agora.xtec.cat\/esc-concepcion-arenal\/fotos-i-videos-de-les-activitats-de-laula-dacollida\/\" target=\"_blank\" rel=\"noopener\"><span style=\"color: #0000ff;\"><strong>ACOLLIDA<\/strong><\/span><\/a><\/span><\/li>\n<li><span style=\"color: #0000ff;\"><strong><a style=\"color: #0000ff;\" href=\"https:\/\/agora.xtec.cat\/esc-concepcion-arenal\/fotos-i-videos-de-les-activitats-de-laula-siei\/\" target=\"_blank\" rel=\"noopener\">SIEI<\/a><\/strong><\/span><\/li>\n<\/ul>\n<ul style=\"list-style-type: square;\">\n<li><a href=\"https:\/\/agora.xtec.cat\/esc-concepcion-arenal\/fotos-i-videos-cursos-anteriors\/\" target=\"_blank\" rel=\"noopener\">FOTOS I V\u00cdDEOS DE CURSOS ANTERIORS<\/a><\/li>\n<\/ul>\n","protected":false},"excerpt":{"rendered":"<p>Aqu\u00ed podr\u00e0s veure les galeries de fotos i v\u00eddeos que fem a l&#8217;escola d&#8217;activitats i sortides. ESCOLA INFANTIL I3 EN TIT\u00d3 I4 ELS PEIXOS I5 LES CABRETES PRIM\u00c0RIA 1r ELS MONSTRES 2n LES BRUIXES I ELS BRUIXOTS 3r LES FLORS M\u00c0GIQUES 4t ELS CA\u00c7AMISTERIS 5\u00e8 ELS GR\u00daFALS 6\u00e8 EN MASSAGRAN BIBLIOTECA ACOLLIDA SIEI FOTOS I [&hellip;]<\/p>\n","protected":false},"author":5,"featured_media":0,"parent":0,"menu_order":0,"comment_status":"closed","ping_status":"closed","template":"","meta":{"_bbp_topic_count":0,"_bbp_reply_count":0,"_bbp_total_topic_count":0,"_bbp_total_reply_count":0,"_bbp_voice_count":0,"_bbp_anonymous_reply_count":0,"_bbp_topic_count_hidden":0,"_bbp_reply_count_hidden":0,"_bbp_forum_subforum_count":0,"site-sidebar-layout":"no-sidebar","site-content-layout":"","ast-site-content-layout":"default","site-content-style":"default","site-sidebar-style":"default","ast-global-header-display":"","ast-banner-title-visibility":"","ast-main-header-display":"","ast-hfb-above-header-display":"","ast-hfb-below-header-display":"","ast-hfb-mobile-header-display":"","site-post-title":"","ast-breadcrumbs-content":"","ast-featured-img":"","footer-sml-layout":"","theme-transparent-header-meta":"default","adv-header-id-meta":"","stick-header-meta":"","header-above-stick-meta":"","header-main-stick-meta":"","header-below-stick-meta":"","astra-migrate-meta-layouts":"set","ast-page-background-enabled":"default","ast-page-background-meta":{"desktop":{"background-color":"var(--ast-global-color-4)","background-image":"","background-repeat":"repeat","background-position":"center center","background-size":"auto","background-attachment":"scroll","background-type":"","background-media":"","overlay-type":"","overlay-color":"","overlay-opacity":"","overlay-gradient":""},"tablet":{"background-color":"","background-image":"","background-repeat":"repeat","background-position":"center center","background-size":"auto","background-attachment":"scroll","background-type":"","background-media":"","overlay-type":"","overlay-color":"","overlay-opacity":"","overlay-gradient":""},"mobile":{"background-color":"","background-image":"","background-repeat":"repeat","background-position":"center center","background-size":"auto","background-attachment":"scroll","background-type":"","background-media":"","overlay-type":"","overlay-color":"","overlay-opacity":"","overlay-gradient":""}},"ast-content-background-meta":{"desktop":{"background-color":"var(--ast-global-color-5)","background-image":"","background-repeat":"repeat","background-position":"center center","background-size":"auto","background-attachment":"scroll","background-type":"","background-media":"","overlay-type":"","overlay-color":"","overlay-opacity":"","overlay-gradient":""},"tablet":{"background-color":"var(--ast-global-color-5)","background-image":"","background-repeat":"repeat","background-position":"center center","background-size":"auto","background-attachment":"scroll","background-type":"","background-media":"","overlay-type":"","overlay-color":"","overlay-opacity":"","overlay-gradient":""},"mobile":{"background-color":"var(--ast-global-color-5)","background-image":"","background-repeat":"repeat","background-position":"center center","background-size":"auto","background-attachment":"scroll","background-type":"","background-media":"","overlay-type":"","overlay-color":"","overlay-opacity":"","overlay-gradient":""}},"footnotes":""},"class_list":["post-15629","page","type-page","status-publish","hentry"],"post_mailing_queue_ids":[],"_links":{"self":[{"href":"https:\/\/agora.xtec.cat\/esc-concepcion-arenal\/wp-json\/wp\/v2\/pages\/15629","targetHints":{"allow":["GET"]}}],"collection":[{"href":"https:\/\/agora.xtec.cat\/esc-concepcion-arenal\/wp-json\/wp\/v2\/pages"}],"about":[{"href":"https:\/\/agora.xtec.cat\/esc-concepcion-arenal\/wp-json\/wp\/v2\/types\/page"}],"author":[{"embeddable":true,"href":"https:\/\/agora.xtec.cat\/esc-concepcion-arenal\/wp-json\/wp\/v2\/users\/5"}],"replies":[{"embeddable":true,"href":"https:\/\/agora.xtec.cat\/esc-concepcion-arenal\/wp-json\/wp\/v2\/comments?post=15629"}],"version-history":[{"count":6,"href":"https:\/\/agora.xtec.cat\/esc-concepcion-arenal\/wp-json\/wp\/v2\/pages\/15629\/revisions"}],"predecessor-version":[{"id":16818,"href":"https:\/\/agora.xtec.cat\/esc-concepcion-arenal\/wp-json\/wp\/v2\/pages\/15629\/revisions\/16818"}],"wp:attachment":[{"href":"https:\/\/agora.xtec.cat\/esc-concepcion-arenal\/wp-json\/wp\/v2\/media?parent=15629"}],"curies":[{"name":"wp","href":"https:\/\/api.w.org\/{rel}","templated":true}]}}