{"id":5673,"date":"2024-01-04T12:59:39","date_gmt":"2024-01-04T11:59:39","guid":{"rendered":"https:\/\/agora.xtec.cat\/esc-cirera\/?page_id=5673"},"modified":"2025-12-02T12:20:35","modified_gmt":"2025-12-02T11:20:35","slug":"ep-treball-globalitzat-les-capses-daprenentatge","status":"publish","type":"page","link":"https:\/\/agora.xtec.cat\/esc-cirera\/projecte-educatiu\/ed-primaria\/ep-treball-globalitzat-les-capses-daprenentatge\/","title":{"rendered":"EP: Treball globalitzat: les capses d&#8217;aprenentatge"},"content":{"rendered":"<p>Quan parlem de\u00a0<strong>treball globalitzat<\/strong>\u00a0(capses en el cas de prim\u00e0ria, projectes infantil) ens referim al treball a partir de\u00a0<strong>situacions properes i contextualitzades<\/strong>, que s\u2019ajusten als seus<strong>\u00a0interessos<\/strong>, que plantegen un\u00a0<strong>repte<\/strong>\u00a0que s\u2019ha de resoldre treballant en equip i de forma individual. Amb aquesta metodologia els ajudem a\u00a0<strong>pensar i actuar de manera integrada<\/strong>\u00a0i treballem aspectes tan importants com la\u00a0<strong>iniciativa<\/strong>, la\u00a0<strong>creativitat<\/strong>, el\u00a0<strong>pensament cr\u00edtic<\/strong>, la\u00a0<strong>responsabilitat compartida<\/strong>\u00a0de treballar en grup, la capacitat de\u00a0<strong>prendre decisions<\/strong>, etc.<\/p>\n<div class=\"block-editor-rich-text__editable rich-text\" role=\"textbox\" contenteditable=\"true\" aria-multiline=\"true\" aria-label=\"Texto de la lista\">\n<p>Les <strong>fases d\u2019un projecte<\/strong> es corresponen amb el m\u00e8tode cient\u00edfic i, a grans trets, s\u00f3n:<\/p>\n<\/div>\n<ul id=\"block-9884e397-5873-4be9-a492-ecb9757263d5\" class=\"block-editor-block-list__block wp-block wp-block-list block-editor-block-list__layout\" tabindex=\"0\" role=\"document\" aria-label=\"Bloque: Lista\" data-block=\"9884e397-5873-4be9-a492-ecb9757263d5\" data-type=\"core\/list\" data-title=\"Lista\" data-is-drop-zone=\"true\">\n<li id=\"block-d96d6ab2-54aa-4b59-bf10-63d9ad61ab9f\" class=\"block-editor-block-list__block wp-block wp-block-list-item block-editor-block-list__layout\" tabindex=\"0\" role=\"document\" aria-label=\"Bloque: Elemento de lista\" data-block=\"d96d6ab2-54aa-4b59-bf10-63d9ad61ab9f\" data-type=\"core\/list-item\" data-title=\"Elemento de lista\">\n<div class=\"block-editor-rich-text__editable rich-text\" role=\"textbox\" contenteditable=\"true\" aria-multiline=\"true\" aria-label=\"Texto de la lista\"><strong>Presentaci\u00f3 del repte<\/strong>: a trav\u00e9s de situacions diverses, adaptades al seu nivell i a la seva realitat, es presenta una situaci\u00f3 que s\u2019ha de resoldre.<\/div>\n<\/li>\n<li id=\"block-877be9a8-984c-4115-8437-68234646cbc0\" class=\"block-editor-block-list__block wp-block wp-block-list-item block-editor-block-list__layout\" tabindex=\"0\" role=\"document\" aria-label=\"Bloque: Elemento de lista\" data-block=\"877be9a8-984c-4115-8437-68234646cbc0\" data-type=\"core\/list-item\" data-title=\"Elemento de lista\">\n<div class=\"block-editor-rich-text__editable rich-text\" role=\"textbox\" contenteditable=\"true\" aria-multiline=\"true\" aria-label=\"Texto de la lista\"><strong data-rich-text-format-boundary=\"true\">Exploraci\u00f3 dels coneixements previs:<\/strong> totes les persones tenim una s\u00e8rie de coneixements previs, especialment els nens i nenes, sobre tot all\u00f2 que treballem a l\u2019escola. Potser s\u00f3n idees que no s\u00f3n del tot clares, d\u2019altres que s\u00f3n correctes i d\u2019altres que no. Con\u00e8ixer <strong>qu\u00e8 sabem<\/strong> \u00e9s el primer pas de qualsevol investigaci\u00f3, i esdev\u00e9 el <strong>punt de partida<\/strong> a partir del qual <strong>construir coneixements<\/strong>.<\/div>\n<\/li>\n<li id=\"block-c125ab4e-6aac-4d02-a3c4-5dc0f69039bb\" class=\"block-editor-block-list__block wp-block wp-block-list-item block-editor-block-list__layout\" tabindex=\"0\" role=\"document\" aria-label=\"Bloque: Elemento de lista\" data-block=\"c125ab4e-6aac-4d02-a3c4-5dc0f69039bb\" data-type=\"core\/list-item\" data-title=\"Elemento de lista\">\n<div class=\"block-editor-rich-text__editable rich-text\" role=\"textbox\" contenteditable=\"true\" aria-multiline=\"true\" aria-label=\"Texto de la lista\"><strong>Organitzaci\u00f3 del projecte i del treball en equip: <\/strong>una vegada situats\/des, \u00e9s hora de definir els <strong>objectius<\/strong> i el <strong>proc\u00e9s de treball<\/strong>, aix\u00ed com all\u00f2 <strong>que s\u2019espera<\/strong> de cadascun dels infants (els criteris d\u2019avaluaci\u00f3). En aquesta primera fase es defineixen els <strong>rols<\/strong> dintre de cada grup, que determinen les tasques que ha de dur a terme cada component.<\/div>\n<\/li>\n<li id=\"block-20e0fc35-712f-4ae8-9824-9773b2fc399c\" class=\"block-editor-block-list__block wp-block wp-block-list-item block-editor-block-list__layout\" tabindex=\"0\" role=\"document\" aria-label=\"Bloque: Elemento de lista\" data-block=\"20e0fc35-712f-4ae8-9824-9773b2fc399c\" data-type=\"core\/list-item\" data-title=\"Elemento de lista\">\n<div class=\"block-editor-rich-text__editable rich-text\" role=\"textbox\" contenteditable=\"true\" aria-multiline=\"true\" aria-label=\"Texto de la lista\"><strong>Investigaci\u00f3: <\/strong>per tal de resoldre el repte cal investigar i <strong>obtenir informaci\u00f3 <\/strong>de diverses fonts (webs, llibres de text, v\u00eddeos\u2026). Aquesta informaci\u00f3 caldr\u00e0 ser <strong>processada i tractada<\/strong> de manera que es pugui comprendre, ja que haur\u00e0 de ser <strong>presentada<\/strong> davant de la resta de companys\/es de classe amb ajuda d&#8217;algun suport (una presentaci\u00f3, un p\u00f2ster, un v\u00eddeo&#8230;).<\/div>\n<\/li>\n<li id=\"block-4f371250-f20a-45dc-bbed-66886e892a37\" class=\"block-editor-block-list__block wp-block wp-block-list-item block-editor-block-list__layout\" tabindex=\"0\" role=\"document\" aria-label=\"Bloque: Elemento de lista\" data-block=\"4f371250-f20a-45dc-bbed-66886e892a37\" data-type=\"core\/list-item\" data-title=\"Elemento de lista\">\n<div class=\"block-editor-rich-text__editable rich-text\" role=\"textbox\" contenteditable=\"true\" aria-multiline=\"true\" aria-label=\"Texto de la lista\"><strong>Resoluci\u00f3 del repte:<\/strong> una vegada tenim clara la informaci\u00f3 que necessitem, <strong>constru\u00efm els coneixements a partir de la pr\u00e0ctica<\/strong>, elaborant el <strong>producte final<\/strong> que doni <strong>resposta al repte<\/strong>. Aquest no \u00e9s un proc\u00e9s senzill: cal haver ent\u00e8s el que s\u2019ha treballat, cal organitzar-se molt b\u00e9 amb el grup i aplicar els diferents coneixements per assolir l\u2019objectiu. El resultat final haur\u00e0 de ser <strong>compartit<\/strong> amb la resta de <strong>companys\/es<\/strong>, i tamb\u00e9 es podria compartir amb la resta de membres de la <strong>comunitat educativa<\/strong>.<\/div>\n<\/li>\n<li id=\"block-aa96829a-7caf-4b41-b691-0f73eb69eaf1\" class=\"block-editor-block-list__block wp-block wp-block-list-item block-editor-block-list__layout\" tabindex=\"0\" role=\"document\" aria-label=\"Bloque: Elemento de lista\" data-block=\"aa96829a-7caf-4b41-b691-0f73eb69eaf1\" data-type=\"core\/list-item\" data-title=\"Elemento de lista\">\n<div class=\"block-editor-rich-text__editable rich-text\" role=\"textbox\" contenteditable=\"true\" aria-multiline=\"true\" aria-label=\"Texto de la lista\">\n<p><strong>Tancament del projecte<\/strong>: \u00e9s hora d\u2019<strong>avaluar <\/strong>com ha anat el proc\u00e9s, tant a nivell individual com de grup. En aquesta fase cal <strong>reflexionar<\/strong> sobre la feina feta i trobar aquells aspectes que es podrien fer millor i aquells que s\u2019han realitzat de manera correcta. Aix\u00ed mateix, en aquest moment poden sorgir <strong>nous dubtes<\/strong>, que s\u00f3n molt valuosos ja que permeten plantejar nous reptes.<\/p>\n<p>A la nostra escola treballem amb les <strong>capses d\u2019aprenentatge de Pal de Paller<\/strong>, de l\u2019editorial Didacta Plus, que s\u00f3n projectes que ja estan elaborats i que ens aporten la flexibilitat necess\u00e0ria per adaptar-los a les nostres necessitats. Si voleu con\u00e8ixer m\u00e9s sobre les capses podeu mirar la web de l\u2019editorial: <a href=\"https:\/\/didactaplus.com\/ca\/projecte\/educacio-primaria-pal-paller\/\">https:\/\/didactaplus.com\/ca\/projecte\/educacio-primaria-pal-paller\/<\/a><\/p>\n<p>A banda d\u2019aquests projectes, que ja estan definits, tamb\u00e9 podem aprofitar <strong>situacions del dia a dia o esdeveniments importants<\/strong> (com el centenari del Ferrocarril a la ciutat) per desenvolupar i portar a terme diferents situacions d\u2019aprenentatge.<\/p>\n<p><img loading=\"lazy\" decoding=\"async\" class=\"alignnone size-medium wp-image-5897\" src=\"https:\/\/agora.xtec.cat\/esc-cirera\/wp-content\/uploads\/usu1997\/2025\/07\/img_8498-300x298.webp\" alt=\"\" width=\"300\" height=\"298\" srcset=\"https:\/\/agora.xtec.cat\/esc-cirera\/wp-content\/uploads\/usu1997\/2025\/07\/img_8498-300x298.webp 300w, https:\/\/agora.xtec.cat\/esc-cirera\/wp-content\/uploads\/usu1997\/2025\/07\/img_8498-1024x1016.webp 1024w, https:\/\/agora.xtec.cat\/esc-cirera\/wp-content\/uploads\/usu1997\/2025\/07\/img_8498-150x150.webp 150w, https:\/\/agora.xtec.cat\/esc-cirera\/wp-content\/uploads\/usu1997\/2025\/07\/img_8498-768x762.webp 768w, https:\/\/agora.xtec.cat\/esc-cirera\/wp-content\/uploads\/usu1997\/2025\/07\/img_8498.webp 1125w\" sizes=\"auto, (max-width: 300px) 100vw, 300px\" \/> <img loading=\"lazy\" decoding=\"async\" class=\"alignnone size-medium wp-image-5898\" src=\"https:\/\/agora.xtec.cat\/esc-cirera\/wp-content\/uploads\/usu1997\/2025\/07\/img_8506-300x300.webp\" alt=\"\" width=\"300\" height=\"300\" srcset=\"https:\/\/agora.xtec.cat\/esc-cirera\/wp-content\/uploads\/usu1997\/2025\/07\/img_8506-300x300.webp 300w, https:\/\/agora.xtec.cat\/esc-cirera\/wp-content\/uploads\/usu1997\/2025\/07\/img_8506-1024x1024.webp 1024w, https:\/\/agora.xtec.cat\/esc-cirera\/wp-content\/uploads\/usu1997\/2025\/07\/img_8506-150x150.webp 150w, https:\/\/agora.xtec.cat\/esc-cirera\/wp-content\/uploads\/usu1997\/2025\/07\/img_8506-768x768.webp 768w, https:\/\/agora.xtec.cat\/esc-cirera\/wp-content\/uploads\/usu1997\/2025\/07\/img_8506.webp 1104w\" sizes=\"auto, (max-width: 300px) 100vw, 300px\" \/> <img loading=\"lazy\" decoding=\"async\" class=\"alignnone size-medium wp-image-5899\" src=\"https:\/\/agora.xtec.cat\/esc-cirera\/wp-content\/uploads\/usu1997\/2025\/07\/img_8513-1-300x300.webp\" alt=\"\" width=\"300\" height=\"300\" srcset=\"https:\/\/agora.xtec.cat\/esc-cirera\/wp-content\/uploads\/usu1997\/2025\/07\/img_8513-1-300x300.webp 300w, https:\/\/agora.xtec.cat\/esc-cirera\/wp-content\/uploads\/usu1997\/2025\/07\/img_8513-1-1024x1024.webp 1024w, https:\/\/agora.xtec.cat\/esc-cirera\/wp-content\/uploads\/usu1997\/2025\/07\/img_8513-1-150x150.webp 150w, https:\/\/agora.xtec.cat\/esc-cirera\/wp-content\/uploads\/usu1997\/2025\/07\/img_8513-1-768x768.webp 768w, https:\/\/agora.xtec.cat\/esc-cirera\/wp-content\/uploads\/usu1997\/2025\/07\/img_8513-1.webp 1113w\" sizes=\"auto, (max-width: 300px) 100vw, 300px\" \/><\/p>\n<\/div>\n<\/li>\n<\/ul>\n","protected":false},"excerpt":{"rendered":"<p>Quan parlem de\u00a0treball globalitzat\u00a0(capses en el cas de prim\u00e0ria, projectes infantil) ens referim al treball a partir de\u00a0situacions properes i contextualitzades, que s\u2019ajusten als seus\u00a0interessos, que plantegen un\u00a0repte\u00a0que s\u2019ha de resoldre treballant en equip i de forma individual. Amb aquesta metodologia els ajudem a\u00a0pensar i actuar de manera integrada\u00a0i treballem aspectes tan importants com la\u00a0iniciativa, [&hellip;]<\/p>\n","protected":false},"author":1,"featured_media":0,"parent":5476,"menu_order":10,"comment_status":"closed","ping_status":"closed","template":"","meta":{"_bbp_topic_count":0,"_bbp_reply_count":0,"_bbp_total_topic_count":0,"_bbp_total_reply_count":0,"_bbp_voice_count":0,"_bbp_anonymous_reply_count":0,"_bbp_topic_count_hidden":0,"_bbp_reply_count_hidden":0,"_bbp_forum_subforum_count":0,"site-sidebar-layout":"default","site-content-layout":"","ast-site-content-layout":"default","site-content-style":"default","site-sidebar-style":"default","ast-global-header-display":"","ast-banner-title-visibility":"","ast-main-header-display":"","ast-hfb-above-header-display":"","ast-hfb-below-header-display":"","ast-hfb-mobile-header-display":"","site-post-title":"","ast-breadcrumbs-content":"","ast-featured-img":"","footer-sml-layout":"","theme-transparent-header-meta":"default","adv-header-id-meta":"","stick-header-meta":"","header-above-stick-meta":"","header-main-stick-meta":"","header-below-stick-meta":"","astra-migrate-meta-layouts":"set","ast-page-background-enabled":"default","ast-page-background-meta":{"desktop":{"background-color":"var(--ast-global-color-4)","background-image":"","background-repeat":"repeat","background-position":"center center","background-size":"auto","background-attachment":"scroll","background-type":"","background-media":"","overlay-type":"","overlay-color":"","overlay-opacity":"","overlay-gradient":""},"tablet":{"background-color":"","background-image":"","background-repeat":"repeat","background-position":"center center","background-size":"auto","background-attachment":"scroll","background-type":"","background-media":"","overlay-type":"","overlay-color":"","overlay-opacity":"","overlay-gradient":""},"mobile":{"background-color":"","background-image":"","background-repeat":"repeat","background-position":"center center","background-size":"auto","background-attachment":"scroll","background-type":"","background-media":"","overlay-type":"","overlay-color":"","overlay-opacity":"","overlay-gradient":""}},"ast-content-background-meta":{"desktop":{"background-color":"var(--ast-global-color-5)","background-image":"","background-repeat":"repeat","background-position":"center center","background-size":"auto","background-attachment":"scroll","background-type":"","background-media":"","overlay-type":"","overlay-color":"","overlay-opacity":"","overlay-gradient":""},"tablet":{"background-color":"var(--ast-global-color-5)","background-image":"","background-repeat":"repeat","background-position":"center center","background-size":"auto","background-attachment":"scroll","background-type":"","background-media":"","overlay-type":"","overlay-color":"","overlay-opacity":"","overlay-gradient":""},"mobile":{"background-color":"var(--ast-global-color-5)","background-image":"","background-repeat":"repeat","background-position":"center center","background-size":"auto","background-attachment":"scroll","background-type":"","background-media":"","overlay-type":"","overlay-color":"","overlay-opacity":"","overlay-gradient":""}},"footnotes":""},"class_list":["post-5673","page","type-page","status-publish","hentry"],"post_mailing_queue_ids":[],"_links":{"self":[{"href":"https:\/\/agora.xtec.cat\/esc-cirera\/wp-json\/wp\/v2\/pages\/5673","targetHints":{"allow":["GET"]}}],"collection":[{"href":"https:\/\/agora.xtec.cat\/esc-cirera\/wp-json\/wp\/v2\/pages"}],"about":[{"href":"https:\/\/agora.xtec.cat\/esc-cirera\/wp-json\/wp\/v2\/types\/page"}],"author":[{"embeddable":true,"href":"https:\/\/agora.xtec.cat\/esc-cirera\/wp-json\/wp\/v2\/users\/1"}],"replies":[{"embeddable":true,"href":"https:\/\/agora.xtec.cat\/esc-cirera\/wp-json\/wp\/v2\/comments?post=5673"}],"version-history":[{"count":2,"href":"https:\/\/agora.xtec.cat\/esc-cirera\/wp-json\/wp\/v2\/pages\/5673\/revisions"}],"predecessor-version":[{"id":5900,"href":"https:\/\/agora.xtec.cat\/esc-cirera\/wp-json\/wp\/v2\/pages\/5673\/revisions\/5900"}],"up":[{"embeddable":true,"href":"https:\/\/agora.xtec.cat\/esc-cirera\/wp-json\/wp\/v2\/pages\/5476"}],"wp:attachment":[{"href":"https:\/\/agora.xtec.cat\/esc-cirera\/wp-json\/wp\/v2\/media?parent=5673"}],"curies":[{"name":"wp","href":"https:\/\/api.w.org\/{rel}","templated":true}]}}