{"id":5944,"date":"2018-02-12T23:28:57","date_gmt":"2018-02-12T22:28:57","guid":{"rendered":"http:\/\/agora.xtec.cat\/esc-antoniomachado\/?page_id=5944"},"modified":"2021-02-10T16:32:41","modified_gmt":"2021-02-10T15:32:41","slug":"articles-dinteres","status":"publish","type":"page","link":"https:\/\/agora.xtec.cat\/esc-antoniomachado\/articles-dinteres\/","title":{"rendered":"No t&#8217;ho perdis!"},"content":{"rendered":"<p style=\"text-align: left;\">Al llarg d&#8217;aquests darrers anys d&#8217;escola han sorgit diferents oportunitats de poder compartir amb el m\u00f3n alguns dels nostres neguits, aprenentatges, idees, &#8230; que ens han ajudat a cr\u00e9ixer i continuar construint el projecte.<\/p>\n<p style=\"text-align: justify;\">A continuaci\u00f3 trobareu l&#8217;enlla\u00e7 a la not\u00edcia de TV3 que al juny de 2014 va explicar la nostra manera de ser aix\u00ed com la nostra participaci\u00f3 a la &#8220;<a href=\"http:\/\/educaciodema.cat\/qui-es-qui\/experiencia\/xarxa-descoles-que-aprenen\" target=\"_blank\" rel=\"noopener noreferrer\">Xarxa d&#8217;escoles que aprenen<\/a> de l&#8217;<a href=\"http:\/\/www.uab.cat\/ice\/\" target=\"_blank\" rel=\"noopener noreferrer\">ICE<\/a> de la UAB&#8221;. Tamb\u00e9 podreu llegir el articles que hem publicat a la revista pedag\u00f2gica Guix, aix\u00ed com la participaci\u00f3 de dos mestres de P5 i 4t en les VI Jornades estatals de cultura matem\u00e0tica de les persones. A m\u00e9s a m\u00e9s podreu llegir altres reportatges que els setmanaris de Matar\u00f3: el Tot i el Capgr\u00f2s, han publicat posant l&#8217;\u00e8mfasi en aquelles situacions que hem viscut intensament i per \u00faltim per\u00f2 no menys interessant, els 3 programes d&#8217;educaci\u00f3 al dia que hem participat a Matar\u00f3 r\u00e0dio.<\/p>\n<p>&nbsp;<\/p>\n<table class=\" aligncenter\" style=\"width: 689px;\">\n<tbody>\n<tr style=\"height: 31px;\">\n<td style=\"width: 683px; height: 31px; background-color: #b5b5b5; text-align: center;\">\n<h4><span style=\"color: #000000;\"><strong>XARXA D&#8217;ESCOLES QUE APRENEN &#8211; NOT\u00cdCIA DE TV3<\/strong><\/span><\/h4>\n<\/td>\n<\/tr>\n<tr style=\"height: 62px;\">\n<td style=\"width: 683px; height: 62px;\">\n<ul>\n<li><a href=\"http:\/\/www.ccma.cat\/324\/Xarxa-dEscoles-que-aprenen-lluita-per-nous-metodes-daprenentatge-des-de-fa-10-anys\/noticia\/2421713\/\" target=\"_blank\" rel=\"noopener noreferrer\">TV3 &#8211; Metodologia global &#8211; Nous models d&#8217;aprenentatge<\/a><\/li>\n<li><a href=\"https:\/\/youtu.be\/7CWMniAkWbw\" target=\"_blank\" rel=\"noopener noreferrer\">Visita a l&#8217;escola<\/a><\/li>\n<\/ul>\n<\/td>\n<\/tr>\n<\/tbody>\n<\/table>\n<table class=\" aligncenter\" style=\"width: 687px; height: 170px;\">\n<tbody>\n<tr>\n<td style=\"width: 681px; background-color: #b5b5b5; text-align: center;\">\n<h4><span style=\"color: #000000;\"><strong>ARTICLES PUBLICATS A LA REVISTA PEDAG\u00d2GICA &#8211; GUIX<\/strong><\/span><\/h4>\n<\/td>\n<\/tr>\n<tr>\n<td style=\"width: 681px;\">\n<ul>\n<li><a href=\"http:\/\/agora.xtec.cat\/esc-antoniomachado\/wp-content\/uploads\/usu1670\/2018\/02\/GUIX_Mapes-conceptuals-per-aprendre-a-pensar.pdf\" target=\"_blank\" rel=\"noopener noreferrer\">GUIX &#8211; Mapes conceptuals per aprendre a pensar<\/a><\/li>\n<li><a href=\"http:\/\/agora.xtec.cat\/esc-antoniomachado\/wp-content\/uploads\/usu1670\/2018\/02\/GUIX_Repensar-laula-des-de-les-persones.pdf\" target=\"_blank\" rel=\"noopener noreferrer\">GUIX &#8211; Repensar l&#8217;aula des de les persones<\/a><\/li>\n<li><a href=\"http:\/\/agora.xtec.cat\/esc-antoniomachado\/wp-content\/uploads\/usu1670\/2018\/02\/GUIX_Si-construim-un-rellotge-de-Sol-per-a-lescola-aprenem-matematiques-i-altres-coses.pdf\" target=\"_blank\" rel=\"noopener noreferrer\">GUIX &#8211; Si constru\u00efm un rellotge de Sol per a l&#8217;escola aprenem matem\u00e0tiques i altres coses.<\/a><\/li>\n<\/ul>\n<\/td>\n<\/tr>\n<\/tbody>\n<\/table>\n<table class=\" aligncenter\" style=\"width: 687px;\">\n<tbody>\n<tr>\n<td style=\"width: 681px; background-color: #b5b5b5; text-align: center;\">\n<h4><span style=\"color: #000000;\"><strong>VI JORNADES ESTATALS DE LA CULTURA MATEM\u00c0TICA DE LES PERSONES<\/strong><\/span><\/h4>\n<\/td>\n<\/tr>\n<tr>\n<td style=\"width: 681px; text-align: justify;\"><span style=\"color: #000000;\">El 23 i 24 d&#8217;octubre de 2015 es van\u00a0realitzar a Barcelona les\u00a0<em>VI Jornades estatals La Cultura Matem\u00e0tica de les Persones. El sentit de conviure aprenent<\/em>\u00a0organitzades per l&#8217;ICE de la UAB i Blaquerna. Al 2016 es va publicar un <a href=\"http:\/\/documentsice.uab.cat\/publicacions\/materialsdigitals\/el-sentit-de-conviure-aprenent.pdf\">llibre digital <\/a>on es recullen els materials presentats a les jornades amb\u00a0v\u00eddeos i presentacions de la confer\u00e8ncia inaugural, de\u00a0cadascuna de les pon\u00e8ncies\u00a0i de les presentacions d&#8217;experi\u00e8ncies.<\/span><\/p>\n<ul>\n<li><a href=\"https:\/\/docs.google.com\/viewer?a=v&amp;pid=sites&amp;srcid=YmxhbnF1ZXJuYS51cmwuZWR1fGpvcm5hZGFfY21wXzIwMTVfZXhwZXJpZW5jaWVzfGd4OmRiMTQyY2EyNjU2MTU4OQ\" target=\"_blank\" rel=\"noopener noreferrer\">Muntem un armari pel nostre rac\u00f3 de la botiga &#8211; Alumnes de P5B<\/a><\/li>\n<li><a href=\"https:\/\/docs.google.com\/viewer?a=v&amp;pid=sites&amp;srcid=YmxhbnF1ZXJuYS51cmwuZWR1fGpvcm5hZGFfY21wXzIwMTVfZXhwZXJpZW5jaWVzfGd4OjVlYzI5MTE5ZGE4ZThhZTE\" target=\"_blank\" rel=\"noopener noreferrer\">Quin cam\u00ed hem de seguir per anar de l&#8217;escola al teatre Monumental? &#8211; Alumnes de 4tB<\/a><\/li>\n<\/ul>\n<\/td>\n<\/tr>\n<\/tbody>\n<\/table>\n<table class=\" aligncenter\" style=\"width: 687px;\">\n<tbody>\n<tr>\n<td style=\"width: 681px; background-color: #b5b5b5;\">\n<h4><strong><span style=\"color: #000000;\">PROGRAMES DE MATAR\u00d3 R\u00c0DIO<\/span><\/strong><\/h4>\n<\/td>\n<\/tr>\n<tr>\n<td style=\"width: 681px;\">\n<ul>\n<li><a href=\"https:\/\/www.ivoox.com\/2017-12-04-educacio-dia-a-dia-audios-mp3_rf_22469724_1.html?autoplay=true\" target=\"_blank\" rel=\"noopener noreferrer\">04\/12\/2017 &#8211; Els contextos d&#8217;aprenentatge<\/a><\/li>\n<li><a href=\"https:\/\/www.ivoox.com\/2018-01-29-educacio-dia-a-dia-audios-mp3_rf_23472257_1.html\" target=\"_blank\" rel=\"noopener noreferrer\">29\/01\/2018 &#8211; Espais d&#8217;experi\u00e8ncies<\/a><\/li>\n<li><a href=\"http:\/\/mataroaudiovisual.alacarta.cat\/educacio-dia-dia\/capitol\/educacio_dia_a_dia_25112019\" target=\"_blank\" rel=\"noopener noreferrer\">25\/11\/2019 &#8211; L&#8217;acollida de P3<\/a><\/li>\n<\/ul>\n<\/td>\n<\/tr>\n<\/tbody>\n<\/table>\n","protected":false},"excerpt":{"rendered":"<p>Al llarg d&#8217;aquests darrers anys d&#8217;escola han sorgit diferents oportunitats de poder compartir amb el m\u00f3n alguns dels nostres neguits, aprenentatges, idees, &#8230; que ens han ajudat a cr\u00e9ixer i continuar construint el projecte. A continuaci\u00f3 trobareu l&#8217;enlla\u00e7 a la not\u00edcia de TV3 que al juny de 2014 va explicar la nostra manera de ser [&hellip;]<\/p>\n","protected":false},"author":1,"featured_media":0,"parent":0,"menu_order":0,"comment_status":"closed","ping_status":"closed","template":"","meta":{"_bbp_topic_count":0,"_bbp_reply_count":0,"_bbp_total_topic_count":0,"_bbp_total_reply_count":0,"_bbp_voice_count":0,"_bbp_anonymous_reply_count":0,"_bbp_topic_count_hidden":0,"_bbp_reply_count_hidden":0,"_bbp_forum_subforum_count":0,"site-sidebar-layout":"default","site-content-layout":"","ast-site-content-layout":"","site-content-style":"default","site-sidebar-style":"default","ast-global-header-display":"","ast-banner-title-visibility":"","ast-main-header-display":"","ast-hfb-above-header-display":"","ast-hfb-below-header-display":"","ast-hfb-mobile-header-display":"","site-post-title":"","ast-breadcrumbs-content":"","ast-featured-img":"","footer-sml-layout":"","theme-transparent-header-meta":"","adv-header-id-meta":"","stick-header-meta":"","header-above-stick-meta":"","header-main-stick-meta":"","header-below-stick-meta":"","astra-migrate-meta-layouts":"default","ast-page-background-enabled":"default","ast-page-background-meta":{"desktop":{"background-color":"var(--ast-global-color-4)","background-image":"","background-repeat":"repeat","background-position":"center center","background-size":"auto","background-attachment":"scroll","background-type":"","background-media":"","overlay-type":"","overlay-color":"","overlay-opacity":"","overlay-gradient":""},"tablet":{"background-color":"","background-image":"","background-repeat":"repeat","background-position":"center center","background-size":"auto","background-attachment":"scroll","background-type":"","background-media":"","overlay-type":"","overlay-color":"","overlay-opacity":"","overlay-gradient":""},"mobile":{"background-color":"","background-image":"","background-repeat":"repeat","background-position":"center center","background-size":"auto","background-attachment":"scroll","background-type":"","background-media":"","overlay-type":"","overlay-color":"","overlay-opacity":"","overlay-gradient":""}},"ast-content-background-meta":{"desktop":{"background-color":"var(--ast-global-color-5)","background-image":"","background-repeat":"repeat","background-position":"center center","background-size":"auto","background-attachment":"scroll","background-type":"","background-media":"","overlay-type":"","overlay-color":"","overlay-opacity":"","overlay-gradient":""},"tablet":{"background-color":"var(--ast-global-color-5)","background-image":"","background-repeat":"repeat","background-position":"center center","background-size":"auto","background-attachment":"scroll","background-type":"","background-media":"","overlay-type":"","overlay-color":"","overlay-opacity":"","overlay-gradient":""},"mobile":{"background-color":"var(--ast-global-color-5)","background-image":"","background-repeat":"repeat","background-position":"center center","background-size":"auto","background-attachment":"scroll","background-type":"","background-media":"","overlay-type":"","overlay-color":"","overlay-opacity":"","overlay-gradient":""}},"footnotes":""},"class_list":["post-5944","page","type-page","status-publish","hentry"],"post_mailing_queue_ids":[],"_links":{"self":[{"href":"https:\/\/agora.xtec.cat\/esc-antoniomachado\/wp-json\/wp\/v2\/pages\/5944","targetHints":{"allow":["GET"]}}],"collection":[{"href":"https:\/\/agora.xtec.cat\/esc-antoniomachado\/wp-json\/wp\/v2\/pages"}],"about":[{"href":"https:\/\/agora.xtec.cat\/esc-antoniomachado\/wp-json\/wp\/v2\/types\/page"}],"author":[{"embeddable":true,"href":"https:\/\/agora.xtec.cat\/esc-antoniomachado\/wp-json\/wp\/v2\/users\/1"}],"replies":[{"embeddable":true,"href":"https:\/\/agora.xtec.cat\/esc-antoniomachado\/wp-json\/wp\/v2\/comments?post=5944"}],"version-history":[{"count":3,"href":"https:\/\/agora.xtec.cat\/esc-antoniomachado\/wp-json\/wp\/v2\/pages\/5944\/revisions"}],"predecessor-version":[{"id":16486,"href":"https:\/\/agora.xtec.cat\/esc-antoniomachado\/wp-json\/wp\/v2\/pages\/5944\/revisions\/16486"}],"wp:attachment":[{"href":"https:\/\/agora.xtec.cat\/esc-antoniomachado\/wp-json\/wp\/v2\/media?parent=5944"}],"curies":[{"name":"wp","href":"https:\/\/api.w.org\/{rel}","templated":true}]}}