{"id":5883,"date":"2018-02-08T01:06:51","date_gmt":"2018-02-08T00:06:51","guid":{"rendered":"http:\/\/agora.xtec.cat\/esc-antoniomachado\/?page_id=5883"},"modified":"2026-02-25T11:35:46","modified_gmt":"2026-02-25T10:35:46","slug":"lequip","status":"publish","type":"page","link":"https:\/\/agora.xtec.cat\/esc-antoniomachado\/lescola\/lequip\/","title":{"rendered":"Equip educatiu"},"content":{"rendered":"\n<p><strong>TUTORIES, MESTRES DE SUPORT I PERSONAL D&#8217;ATENCI\u00d3 A L&#8217;ALUMNAT 2025 &#8211; 2026<br><\/strong><\/p>\n\n\n\n<figure class=\"wp-block-table\"><table class=\"has-fixed-layout\"><tbody><tr><td><strong>YAYOI<\/strong><\/td><td colspan=\"3\">Adriana Belzunces<\/td><\/tr><tr><td colspan=\"4\"><b>T\u00e8cnica d&#8217;Educaci\u00f3 Infantil (TEI): <\/b> Anabel Roman i Diana Hern\u00e1ez<\/td><\/tr><tr><td><strong>KARLA GERARD<\/strong><\/td><td>Sara \u00c1lvarez<\/td><td><strong>MONDRIAN<\/strong><\/td><td>Mireia Alum<\/td><\/tr><tr><td><strong>WARHOL<\/strong><\/td><td>Minerva Hidalgo<\/td><td><strong>LUCILA MANCHADO<\/strong><\/td><td>Natalia V\u00e1zquez<\/td><\/tr><tr><td><strong>EDUARDO CHILLIDA<\/strong><\/td><td>Mireia Tordera<\/td><td><strong>LOUISE <\/strong><strong>NEVELSON<\/strong><\/td><td>Laura Ruiz<\/td><\/tr><tr><td><strong>MANEL CUSACHS<\/strong><\/td><td>Mari Hern\u00e1ndez<\/td><td><strong>BARBARA HEPWORTH<\/strong><\/td><td>Lidia Fuertes<\/td><\/tr><tr><td><strong>FRANK GEHRY<\/strong><\/td><td>M\u00f2nica Estor<\/td><td><b>JULIA MORGAN<\/b><\/td><td>Lidia Aznar<\/td><\/tr><tr><td><b>JOSEP PUIG I CADAFALCH<\/b><\/td><td>Berta de la Hoz<\/td><td><b>ZAHA HADID<\/b><\/td><td>Eli Terr\u00e9<\/td><\/tr><tr><td><strong>5\u00e8A<\/strong><\/td><td>Sara Castellanos<\/td><td><strong>5\u00e8B<\/strong><\/td><td>Dani Berm\u00fadez<\/td><\/tr><tr><td><strong>6\u00e8A<\/strong><\/td><td>Marina Torres<\/td><td><strong>6\u00e8B<\/strong><\/td><td>Sandra Trav\u00e9<\/td><\/tr><tr><td><strong>Suport prim\u00e0ria<\/strong><\/td><td colspan=\"3\">Estefania Torrus i Pol Sureda<\/td><\/tr><tr><td><strong>Tutora Aula d&#8217;acollida<\/strong><\/td><td colspan=\"3\">Roser Cabanillas<\/td><\/tr><tr><td><strong>Vetlladores<\/strong><\/td><td colspan=\"3\">J\u00e9ssica G\u00f3mez, Anna Fern\u00e1ndez i Olga Parra<\/td><\/tr><\/tbody><\/table><\/figure>\n\n\n\n<p><strong>ESPECIALISTES<\/strong><\/p>\n\n\n\n<figure class=\"wp-block-table\"><table class=\"has-fixed-layout\"><tbody><tr><td><strong>ANGL\u00c8S INFANTIL<\/strong><\/td><td>Gemma Peral<\/td><\/tr><tr><td><strong>ANGL\u00c8S PRIMER CICLE I AULES DE FRANK GEHRY I JULIA MORGAN<\/strong><\/td><td>Gemma Peral<\/td><\/tr><tr><td><strong>ANGL\u00c8S AULES DE <b> PUIG I CADAFALCH, ZAHA HADID I 5\u00e8 I 6\u00e8<\/b><\/strong><\/td><td>Marta Nonell<\/td><\/tr><tr><td><strong>ATENCI\u00d3 A LA DIVERSITAT (INFANTIL I 1r CICLE)<\/strong><\/td><td>Noem\u00ed Torta<\/td><\/tr><tr><td><strong>ATENCI\u00d3 A LA DIVERSITAT (2n CICLE I 5\u00e8)<\/strong><\/td><td>Jennifer Bernat<\/td><\/tr><tr><td><strong>ATENCI\u00d3 A LA DIVERSITAT (6\u00e8)<\/strong><\/td><td>Roser Cabanillas<\/td><\/tr><tr><td><strong>M\u00daSICA INFANTIL<\/strong><\/td><td>Anna Subir\u00e0<\/td><\/tr><tr><td><strong>M\u00daSICA PRIM\u00c0RIA<\/strong><\/td><td>Pablo Stewart<\/td><\/tr><tr><td><strong>PSICOMOTRICITAT&nbsp;<\/strong><\/td><td>Anna Subir\u00e0<\/td><\/tr><tr><td><strong>EDUCACI\u00d3 F\u00cdSICA<\/strong><\/td><td>Carlos Romero<\/td><\/tr><\/tbody><\/table><\/figure>\n\n\n\n<p><strong>COORDINACIONS<\/strong><\/p>\n\n\n\n<figure class=\"wp-block-table\"><table class=\"has-fixed-layout\"><tbody><tr><td><strong>CICLE DELS PETITS &#8211; I3, I4 i I5<\/strong><\/td><td>Mireia Alum<\/td><\/tr><tr><td><strong>PRIMER CICLE PRIM\u00c0RIA<\/strong><\/td><td>Mari Hern\u00e1ndez<\/td><\/tr><tr><td><strong>SEGON CICLE PRIM\u00c0RIA<\/strong><\/td><td>Carlos Romero<\/td><\/tr><tr><td><strong>TERCER CICLE PRIM\u00c0RIA<\/strong><\/td><td>Sandra Trav\u00e9<\/td><\/tr><tr><td><strong>RISCOS LABORALS<\/strong><\/td><td>Marta G\u00f3mez<\/td><\/tr><tr><td><strong>LLENGUA, INTERCULTURALITAT I COHESI\u00d3 SOCIAL &#8211; LIC<\/strong><\/td><td>Roser Cabanillas<\/td><\/tr><tr><td><strong>DIGITAL<\/strong><\/td><td>Anna Subir\u00e0<\/td><\/tr><tr><td><strong>COEDUCACI\u00d3, CONVIV\u00c8NCIA I BENESTAR<\/strong><\/td><td>Laura Ruiz<\/td><\/tr><\/tbody><\/table><\/figure>\n\n\n\n<p><strong>L&#8217;EQUIP DIRECTIU<\/strong><\/p>\n\n\n\n<figure class=\"wp-block-table\"><table class=\"has-fixed-layout\"><tbody><tr><td><strong>DIRECTORA<\/strong><\/td><td>Eli Terr\u00e9<\/td><\/tr><tr><td><strong>CAP D&#8217;ESTUDIS<\/strong><\/td><td>Vanessa Ruiz<\/td><\/tr><tr><td><strong>SECRET\u00c0RIA<\/strong><\/td><td>Marta G\u00f3mez<\/td><\/tr><\/tbody><\/table><\/figure>\n\n\n\n<p><strong>PERSONAL D&#8217;ADMINISTRACI\u00d3 I SERVEIS (PAS)<\/strong><\/p>\n\n\n\n<figure class=\"wp-block-table\"><table class=\"has-fixed-layout\"><tbody><tr><td><strong>AUXILIAR ADMINISTRATIVA<\/strong><\/td><td>Ana Vila<\/td><\/tr><tr><td><strong>CONSERGE<\/strong><\/td><td>Eva Garcia<\/td><\/tr><tr><td><strong>TEI<\/strong><\/td><td>Anabel Roman i Diana Hern\u00e1ez<\/td><\/tr><\/tbody><\/table><\/figure>\n\n\n\n<p><strong>PERSONAL EXTERN<\/strong><\/p>\n\n\n\n<figure class=\"wp-block-table\"><table class=\"has-fixed-layout\"><tbody><tr><td><strong>REFERENT EAP (equip d&#8217;assessorament i orientaci\u00f3 psicopedag\u00f2gica)<\/strong><\/td><td>Elisabet Barnils<\/td><\/tr><tr><td><strong>REFERENT TREBALLADORA SOCIAL EAP<\/strong><\/td><td>Montserrat Baos<\/td><\/tr><tr><td><strong>INSPECTOR D&#8217;EDUCACI\u00d3 REFERENT AL CENTRE<\/strong><\/td><td>David Serrano<\/td><\/tr><\/tbody><\/table><\/figure>\n\n\n\n<p><\/p>\n","protected":false},"excerpt":{"rendered":"<p>TUTORIES, MESTRES DE SUPORT I PERSONAL D&#8217;ATENCI\u00d3 A L&#8217;ALUMNAT 2025 &#8211; 2026 YAYOI Adriana Belzunces T\u00e8cnica d&#8217;Educaci\u00f3 Infantil (TEI): Anabel Roman i Diana Hern\u00e1ez KARLA GERARD Sara \u00c1lvarez MONDRIAN Mireia Alum WARHOL Minerva Hidalgo LUCILA MANCHADO Natalia V\u00e1zquez EDUARDO CHILLIDA Mireia Tordera LOUISE NEVELSON Laura Ruiz MANEL CUSACHS Mari Hern\u00e1ndez BARBARA HEPWORTH Lidia Fuertes FRANK [&hellip;]<\/p>\n","protected":false},"author":1,"featured_media":0,"parent":22,"menu_order":0,"comment_status":"closed","ping_status":"closed","template":"","meta":{"_bbp_topic_count":0,"_bbp_reply_count":0,"_bbp_total_topic_count":0,"_bbp_total_reply_count":0,"_bbp_voice_count":0,"_bbp_anonymous_reply_count":0,"_bbp_topic_count_hidden":0,"_bbp_reply_count_hidden":0,"_bbp_forum_subforum_count":0,"site-sidebar-layout":"no-sidebar","site-content-layout":"","ast-site-content-layout":"default","site-content-style":"default","site-sidebar-style":"default","ast-global-header-display":"","ast-banner-title-visibility":"","ast-main-header-display":"","ast-hfb-above-header-display":"","ast-hfb-below-header-display":"","ast-hfb-mobile-header-display":"","site-post-title":"","ast-breadcrumbs-content":"","ast-featured-img":"","footer-sml-layout":"","theme-transparent-header-meta":"default","adv-header-id-meta":"","stick-header-meta":"","header-above-stick-meta":"","header-main-stick-meta":"","header-below-stick-meta":"","astra-migrate-meta-layouts":"set","ast-page-background-enabled":"default","ast-page-background-meta":{"desktop":{"background-color":"var(--ast-global-color-4)","background-image":"","background-repeat":"repeat","background-position":"center center","background-size":"auto","background-attachment":"scroll","background-type":"","background-media":"","overlay-type":"","overlay-color":"","overlay-opacity":"","overlay-gradient":""},"tablet":{"background-color":"","background-image":"","background-repeat":"repeat","background-position":"center center","background-size":"auto","background-attachment":"scroll","background-type":"","background-media":"","overlay-type":"","overlay-color":"","overlay-opacity":"","overlay-gradient":""},"mobile":{"background-color":"","background-image":"","background-repeat":"repeat","background-position":"center center","background-size":"auto","background-attachment":"scroll","background-type":"","background-media":"","overlay-type":"","overlay-color":"","overlay-opacity":"","overlay-gradient":""}},"ast-content-background-meta":{"desktop":{"background-color":"var(--ast-global-color-5)","background-image":"","background-repeat":"repeat","background-position":"center center","background-size":"auto","background-attachment":"scroll","background-type":"","background-media":"","overlay-type":"","overlay-color":"","overlay-opacity":"","overlay-gradient":""},"tablet":{"background-color":"var(--ast-global-color-5)","background-image":"","background-repeat":"repeat","background-position":"center center","background-size":"auto","background-attachment":"scroll","background-type":"","background-media":"","overlay-type":"","overlay-color":"","overlay-opacity":"","overlay-gradient":""},"mobile":{"background-color":"var(--ast-global-color-5)","background-image":"","background-repeat":"repeat","background-position":"center center","background-size":"auto","background-attachment":"scroll","background-type":"","background-media":"","overlay-type":"","overlay-color":"","overlay-opacity":"","overlay-gradient":""}},"footnotes":""},"class_list":["post-5883","page","type-page","status-publish","hentry"],"post_mailing_queue_ids":[],"_links":{"self":[{"href":"https:\/\/agora.xtec.cat\/esc-antoniomachado\/wp-json\/wp\/v2\/pages\/5883","targetHints":{"allow":["GET"]}}],"collection":[{"href":"https:\/\/agora.xtec.cat\/esc-antoniomachado\/wp-json\/wp\/v2\/pages"}],"about":[{"href":"https:\/\/agora.xtec.cat\/esc-antoniomachado\/wp-json\/wp\/v2\/types\/page"}],"author":[{"embeddable":true,"href":"https:\/\/agora.xtec.cat\/esc-antoniomachado\/wp-json\/wp\/v2\/users\/1"}],"replies":[{"embeddable":true,"href":"https:\/\/agora.xtec.cat\/esc-antoniomachado\/wp-json\/wp\/v2\/comments?post=5883"}],"version-history":[{"count":6,"href":"https:\/\/agora.xtec.cat\/esc-antoniomachado\/wp-json\/wp\/v2\/pages\/5883\/revisions"}],"predecessor-version":[{"id":24132,"href":"https:\/\/agora.xtec.cat\/esc-antoniomachado\/wp-json\/wp\/v2\/pages\/5883\/revisions\/24132"}],"up":[{"embeddable":true,"href":"https:\/\/agora.xtec.cat\/esc-antoniomachado\/wp-json\/wp\/v2\/pages\/22"}],"wp:attachment":[{"href":"https:\/\/agora.xtec.cat\/esc-antoniomachado\/wp-json\/wp\/v2\/media?parent=5883"}],"curies":[{"name":"wp","href":"https:\/\/api.w.org\/{rel}","templated":true}]}}