{"id":4813,"date":"2018-01-16T20:58:23","date_gmt":"2018-01-16T19:58:23","guid":{"rendered":"http:\/\/agora.xtec.cat\/esc-antoniomachado\/?page_id=4813"},"modified":"2025-09-28T10:57:08","modified_gmt":"2025-09-28T08:57:08","slug":"families","status":"publish","type":"page","link":"https:\/\/agora.xtec.cat\/esc-antoniomachado\/families\/","title":{"rendered":"Fam\u00edlies"},"content":{"rendered":"<p><a href=\"https:\/\/agora.xtec.cat\/esc-antoniomachado\/serveis\/attachment\/logo-afa-machado-2\/\" rel=\"attachment wp-att-23142\"><img loading=\"lazy\" decoding=\"async\" class=\"aligncenter  wp-image-23142\" src=\"https:\/\/agora.xtec.cat\/esc-antoniomachado\/wp-content\/uploads\/usu1670\/2025\/09\/LOGO-AFA-MACHADO-2.png\" alt=\"\" width=\"338\" height=\"185\" srcset=\"https:\/\/agora.xtec.cat\/esc-antoniomachado\/wp-content\/uploads\/usu1670\/2025\/09\/LOGO-AFA-MACHADO-2.png 1646w, https:\/\/agora.xtec.cat\/esc-antoniomachado\/wp-content\/uploads\/usu1670\/2025\/09\/LOGO-AFA-MACHADO-2-300x164.png 300w, https:\/\/agora.xtec.cat\/esc-antoniomachado\/wp-content\/uploads\/usu1670\/2025\/09\/LOGO-AFA-MACHADO-2-1024x561.png 1024w, https:\/\/agora.xtec.cat\/esc-antoniomachado\/wp-content\/uploads\/usu1670\/2025\/09\/LOGO-AFA-MACHADO-2-768x421.png 768w, https:\/\/agora.xtec.cat\/esc-antoniomachado\/wp-content\/uploads\/usu1670\/2025\/09\/LOGO-AFA-MACHADO-2-1536x842.png 1536w\" sizes=\"auto, (max-width: 338px) 100vw, 338px\" \/><\/a><\/p>\n<p><strong>L\u2019AFA (Associaci\u00f3 de Familiars dels Alumnes)<\/strong> de l\u2019Escola Antonio Machado \u00e9s l\u2019entitat que agrupa les fam\u00edlies de l\u2019escola amb l\u2019objectiu de promoure una <strong>escola p\u00fablica de qualitat<\/strong> des d\u2019una col\u00b7laboraci\u00f3 permanent entre les fam\u00edlies, els mestres i l\u2019Equip Directiu.<\/p>\n<p>Els principals objectius de l\u2019AFA s\u00f3n:<\/p>\n<h5><strong>En relaci\u00f3 a les Fam\u00edlies<\/strong><\/h5>\n<ul>\n<li>Gestionar de forma eficient els serveis com la biblioteca, menjador, extraescolars, casals, i acollides.<\/li>\n<li>Donar suport a totes les fam\u00edlies, especialment a aquelles amb necessitats especials o en situaci\u00f3 vulnerable.<\/li>\n<li>Fomentar la participaci\u00f3 en la comunitat educativa a trav\u00e9s de la realitzaci\u00f3 de festes, sortides i altres activitats coherents amb el projecte pedag\u00f2gic de l\u2019escola.<\/li>\n<li>Oferir a les fam\u00edlies de l\u2019escola nous espais de formaci\u00f3 i lleure en horaris extraescolars.<\/li>\n<\/ul>\n<p>&nbsp;<\/p>\n<h5><strong>En relaci\u00f3 al Centre<\/strong><\/h5>\n<ul>\n<li>Participar activament en la gesti\u00f3 del centre educatiu i el manteniment dels equipaments.<\/li>\n<li>Fomentar la participaci\u00f3 de les fam\u00edlies en la gesti\u00f3 del centre educatiu a trav\u00e9s de la creaci\u00f3 de nous canals de participaci\u00f3.<\/li>\n<li>Donar visibilitat de les activitats que es desenvolupen a l\u2019escola.<\/li>\n<\/ul>\n<p>&nbsp;<\/p>\n<h5><strong>En relaci\u00f3 a la Comunitat<\/strong><\/h5>\n<ul>\n<li>Dinamitzar la relaci\u00f3 de l\u2019escola amb altres plataformes educatives i socials de l\u2019entorn.<\/li>\n<li>Promoure la colla gegantera de l\u2019escola Antonio Machado i definir activitats complement\u00e0ries que permetin la seva m\u00e0xima posada en valor.<\/li>\n<li>Col\u00b7laborar en iniciatives socials d\u2019altres entitats del territori.<\/li>\n<\/ul>\n<header class=\"entry-header\">\n<h5 class=\"entry-title\"><strong>La quota<\/strong><\/h5>\n<\/header>\n<div class=\"entry-content\">\n<p>Els recursos econ\u00f2mics de l\u00b4AFA provenen principalment de les quotes anuals de les fam\u00edlies. \u00c9s molt important la col\u00b7laboraci\u00f3 de tothom per tal de poder seguir promovent totes aquestes activitats i serveis.<\/p>\n<p>La quota anual \u00e9s de tan sols\u00a0<strong>20\u20ac per fam\u00edlia.<\/strong><\/p>\n<p>Podeu fer efectiu el pagament mitjan\u00e7ant un ingr\u00e9s al compte corrent:<\/p>\n<h5><strong>IBAN: ES37 0081 5589 1200 0109 7612<\/strong><\/h5>\n<\/div>\n","protected":false},"excerpt":{"rendered":"<p>L\u2019AFA (Associaci\u00f3 de Familiars dels Alumnes) de l\u2019Escola Antonio Machado \u00e9s l\u2019entitat que agrupa les fam\u00edlies de l\u2019escola amb l\u2019objectiu de promoure una escola p\u00fablica de qualitat des d\u2019una col\u00b7laboraci\u00f3 permanent entre les fam\u00edlies, els mestres i l\u2019Equip Directiu. Els principals objectius de l\u2019AFA s\u00f3n: En relaci\u00f3 a les Fam\u00edlies Gestionar de forma eficient els [&hellip;]<\/p>\n","protected":false},"author":1,"featured_media":0,"parent":0,"menu_order":0,"comment_status":"closed","ping_status":"closed","template":"page-templates\/side-menu.php","meta":{"_bbp_topic_count":0,"_bbp_reply_count":0,"_bbp_total_topic_count":0,"_bbp_total_reply_count":0,"_bbp_voice_count":0,"_bbp_anonymous_reply_count":0,"_bbp_topic_count_hidden":0,"_bbp_reply_count_hidden":0,"_bbp_forum_subforum_count":0,"site-sidebar-layout":"default","site-content-layout":"","ast-site-content-layout":"","site-content-style":"default","site-sidebar-style":"default","ast-global-header-display":"","ast-banner-title-visibility":"","ast-main-header-display":"","ast-hfb-above-header-display":"","ast-hfb-below-header-display":"","ast-hfb-mobile-header-display":"","site-post-title":"","ast-breadcrumbs-content":"","ast-featured-img":"","footer-sml-layout":"","theme-transparent-header-meta":"","adv-header-id-meta":"","stick-header-meta":"","header-above-stick-meta":"","header-main-stick-meta":"","header-below-stick-meta":"","astra-migrate-meta-layouts":"default","ast-page-background-enabled":"default","ast-page-background-meta":{"desktop":{"background-color":"var(--ast-global-color-4)","background-image":"","background-repeat":"repeat","background-position":"center center","background-size":"auto","background-attachment":"scroll","background-type":"","background-media":"","overlay-type":"","overlay-color":"","overlay-opacity":"","overlay-gradient":""},"tablet":{"background-color":"","background-image":"","background-repeat":"repeat","background-position":"center center","background-size":"auto","background-attachment":"scroll","background-type":"","background-media":"","overlay-type":"","overlay-color":"","overlay-opacity":"","overlay-gradient":""},"mobile":{"background-color":"","background-image":"","background-repeat":"repeat","background-position":"center center","background-size":"auto","background-attachment":"scroll","background-type":"","background-media":"","overlay-type":"","overlay-color":"","overlay-opacity":"","overlay-gradient":""}},"ast-content-background-meta":{"desktop":{"background-color":"var(--ast-global-color-5)","background-image":"","background-repeat":"repeat","background-position":"center center","background-size":"auto","background-attachment":"scroll","background-type":"","background-media":"","overlay-type":"","overlay-color":"","overlay-opacity":"","overlay-gradient":""},"tablet":{"background-color":"var(--ast-global-color-5)","background-image":"","background-repeat":"repeat","background-position":"center center","background-size":"auto","background-attachment":"scroll","background-type":"","background-media":"","overlay-type":"","overlay-color":"","overlay-opacity":"","overlay-gradient":""},"mobile":{"background-color":"var(--ast-global-color-5)","background-image":"","background-repeat":"repeat","background-position":"center center","background-size":"auto","background-attachment":"scroll","background-type":"","background-media":"","overlay-type":"","overlay-color":"","overlay-opacity":"","overlay-gradient":""}},"footnotes":""},"class_list":["post-4813","page","type-page","status-publish","hentry"],"post_mailing_queue_ids":[],"_links":{"self":[{"href":"https:\/\/agora.xtec.cat\/esc-antoniomachado\/wp-json\/wp\/v2\/pages\/4813","targetHints":{"allow":["GET"]}}],"collection":[{"href":"https:\/\/agora.xtec.cat\/esc-antoniomachado\/wp-json\/wp\/v2\/pages"}],"about":[{"href":"https:\/\/agora.xtec.cat\/esc-antoniomachado\/wp-json\/wp\/v2\/types\/page"}],"author":[{"embeddable":true,"href":"https:\/\/agora.xtec.cat\/esc-antoniomachado\/wp-json\/wp\/v2\/users\/1"}],"replies":[{"embeddable":true,"href":"https:\/\/agora.xtec.cat\/esc-antoniomachado\/wp-json\/wp\/v2\/comments?post=4813"}],"version-history":[{"count":4,"href":"https:\/\/agora.xtec.cat\/esc-antoniomachado\/wp-json\/wp\/v2\/pages\/4813\/revisions"}],"predecessor-version":[{"id":23144,"href":"https:\/\/agora.xtec.cat\/esc-antoniomachado\/wp-json\/wp\/v2\/pages\/4813\/revisions\/23144"}],"wp:attachment":[{"href":"https:\/\/agora.xtec.cat\/esc-antoniomachado\/wp-json\/wp\/v2\/media?parent=4813"}],"curies":[{"name":"wp","href":"https:\/\/api.w.org\/{rel}","templated":true}]}}