{"id":14068,"date":"2020-05-13T11:33:31","date_gmt":"2020-05-13T09:33:31","guid":{"rendered":"http:\/\/agora.xtec.cat\/esc-antoniomachado\/?page_id=14068"},"modified":"2026-02-27T20:53:01","modified_gmt":"2026-02-27T19:53:01","slug":"recursos-tac-tic","status":"publish","type":"page","link":"https:\/\/agora.xtec.cat\/esc-antoniomachado\/projecte-educatiu\/recursos-tac-tic\/","title":{"rendered":"Estrat\u00e8gia digital de centre"},"content":{"rendered":"\n<p>L&#8217;estrat\u00e8gia digital de centre, \u00e9s el document que recull les l\u00ednies d&#8217;actuaci\u00f3 del centre que permeten que docents, alumnat i centre assoleixin la compet\u00e8ncia digital.<\/p>\n\n\n\n<p>A la seg\u00fcent <a href=\"https:\/\/sites.google.com\/xtec.cat\/estrategiadigital-machado\/p%C3%A0gina-principal\">web<\/a> podeu consultar diferents aspectes sobre l&#8217;estrat\u00e8gia digital elaborada pel centre.<\/p>\n\n\n\n<p>Els objectius de l&#8217;EDC es poden agrupar en cinc \u00e0mbits:<\/p>\n\n\n\n<ul class=\"wp-block-list\">\n<li>Assoliment de la compet\u00e8ncia digital<\/li>\n\n\n\n<li>Planificaci\u00f3 estrat\u00e8gica i organitzaci\u00f3<\/li>\n\n\n\n<li>Metodologies did\u00e0ctiques i innovaci\u00f3<\/li>\n\n\n\n<li>Inclusi\u00f3 digital i de g\u00e8nere<\/li>\n\n\n\n<li>Seguretat i protecci\u00f3 de dades<\/li>\n<\/ul>\n\n\n\n<p>Pel que fa a l&#8217;\u00faltim \u00e0mbit, relacionat amb la seguretat i protecci\u00f3 de dades, compartim amb vosaltres algunes infografies en les quals podreu trobar informaci\u00f3 sobre el tema que creiem que com a fam\u00edlies us poden ser d&#8217;inter\u00e8s i utilitat.<\/p>\n\n\n\n<div style=\"max-width: 1100px; margin: 0 auto;\">\n<div style=\"position: relative; width: 100%; height: 0; padding-top: 70.7071%;\n padding-bottom: 0; box-shadow: 0 2px 8px 0 rgba(63,69,81,0.16); margin-top: 1.6em; margin-bottom: 0.9em; overflow: hidden;\n border-radius: 8px; will-change: transform;\">\n  <iframe loading=\"lazy\" style=\"position: absolute; width: 100%; height: 100%; top: 0; left: 0; border: none; padding: 0;margin: 0;\"\n    src=\"https:\/\/www.canva.com\/design\/DAG4akpWA3U\/4F2hqQkiqQ2OAAn_P6K3vw\/view?embed\" allowfullscreen=\"allowfullscreen\" allow=\"fullscreen\">\n  <\/iframe>\n<\/div>\n<a href=\"https:&#x2F;&#x2F;www.canva.com&#x2F;design&#x2F;DAG4akpWA3U&#x2F;4F2hqQkiqQ2OAAn_P6K3vw&#x2F;view?utm_content=DAG4akpWA3U&amp;utm_campaign=designshare&amp;utm_medium=embeds&amp;utm_source=link\" target=\"_blank\" rel=\"noopener\">\n\n\n\n<div style=\"width: 100%;\">\n<div style=\"position: relative; padding-bottom: 56.25%; padding-top: 0; height: 0;\"><iframe loading=\"lazy\" style=\"position: absolute; top: 0; left: 0; width: 100%; height: 100%;\" title=\"responsabilitats dels infants a internet\" src=\"https:\/\/view.genial.ly\/64afdb7c6f1d4d00114f41ac\" width=\"1200\" height=\"675\" frameborder=\"0\" scrolling=\"yes\" allowfullscreen=\"allowfullscreen\"><\/iframe><\/div>\n<\/div>\n\n\n\n<p>&nbsp;<\/p>\n\n\n\n<figure class=\"wp-block-image aligncenter\"><a href=\"https:\/\/agora.xtec.cat\/esc-antoniomachado\/recursos-tac-tic\/attachment\/infografia-seguretat-a-la-xarxa\/\" rel=\"attachment wp-att-22240\"><img loading=\"lazy\" decoding=\"async\" width=\"1339\" height=\"946\" src=\"https:\/\/agora.xtec.cat\/esc-antoniomachado\/wp-content\/uploads\/usu1670\/2024\/02\/infografia-seguretat-a-la-xarxa.png\" alt=\"\" class=\"wp-image-22240\" srcset=\"https:\/\/agora.xtec.cat\/esc-antoniomachado\/wp-content\/uploads\/usu1670\/2024\/02\/infografia-seguretat-a-la-xarxa.png 1339w, https:\/\/agora.xtec.cat\/esc-antoniomachado\/wp-content\/uploads\/usu1670\/2024\/02\/infografia-seguretat-a-la-xarxa-300x212.png 300w, https:\/\/agora.xtec.cat\/esc-antoniomachado\/wp-content\/uploads\/usu1670\/2024\/02\/infografia-seguretat-a-la-xarxa-1024x723.png 1024w, https:\/\/agora.xtec.cat\/esc-antoniomachado\/wp-content\/uploads\/usu1670\/2024\/02\/infografia-seguretat-a-la-xarxa-768x543.png 768w\" sizes=\"auto, (max-width: 1339px) 100vw, 1339px\" \/><\/a><\/figure>\n\n\n\n<p><\/p>\n\n\n\n<figure class=\"wp-block-image aligncenter\"><a href=\"https:\/\/agora.xtec.cat\/esc-antoniomachado\/recursos-tac-tic\/attachment\/infografia-videoconferencies\/\" rel=\"attachment wp-att-22241\"><img loading=\"lazy\" decoding=\"async\" width=\"1333\" height=\"945\" src=\"https:\/\/agora.xtec.cat\/esc-antoniomachado\/wp-content\/uploads\/usu1670\/2024\/02\/infografia-videoconferencies.png\" alt=\"\" class=\"wp-image-22241\" srcset=\"https:\/\/agora.xtec.cat\/esc-antoniomachado\/wp-content\/uploads\/usu1670\/2024\/02\/infografia-videoconferencies.png 1333w, https:\/\/agora.xtec.cat\/esc-antoniomachado\/wp-content\/uploads\/usu1670\/2024\/02\/infografia-videoconferencies-300x213.png 300w, https:\/\/agora.xtec.cat\/esc-antoniomachado\/wp-content\/uploads\/usu1670\/2024\/02\/infografia-videoconferencies-1024x726.png 1024w, https:\/\/agora.xtec.cat\/esc-antoniomachado\/wp-content\/uploads\/usu1670\/2024\/02\/infografia-videoconferencies-768x544.png 768w\" sizes=\"auto, (max-width: 1333px) 100vw, 1333px\" \/><\/a><\/figure>\n\n\n\n<p><\/p>\n\n\n\n<figure class=\"wp-block-image aligncenter\"><a href=\"https:\/\/agora.xtec.cat\/esc-antoniomachado\/recursos-tac-tic\/attachment\/infografia-cessio-de-dades\/\" rel=\"attachment wp-att-22242\"><img loading=\"lazy\" decoding=\"async\" width=\"1342\" height=\"950\" src=\"https:\/\/agora.xtec.cat\/esc-antoniomachado\/wp-content\/uploads\/usu1670\/2024\/02\/infografia-cessio-de-dades.png\" alt=\"\" class=\"wp-image-22242\" srcset=\"https:\/\/agora.xtec.cat\/esc-antoniomachado\/wp-content\/uploads\/usu1670\/2024\/02\/infografia-cessio-de-dades.png 1342w, https:\/\/agora.xtec.cat\/esc-antoniomachado\/wp-content\/uploads\/usu1670\/2024\/02\/infografia-cessio-de-dades-300x212.png 300w, https:\/\/agora.xtec.cat\/esc-antoniomachado\/wp-content\/uploads\/usu1670\/2024\/02\/infografia-cessio-de-dades-1024x725.png 1024w, https:\/\/agora.xtec.cat\/esc-antoniomachado\/wp-content\/uploads\/usu1670\/2024\/02\/infografia-cessio-de-dades-768x544.png 768w\" sizes=\"auto, (max-width: 1342px) 100vw, 1342px\" \/><\/a><\/figure>\n\n\n\n<p><\/p>\n\n\n\n<figure class=\"wp-block-image aligncenter\"><a href=\"https:\/\/agora.xtec.cat\/esc-antoniomachado\/recursos-tac-tic\/attachment\/infografia-publicar-dades-i-imatges\/\" rel=\"attachment wp-att-22243\"><img loading=\"lazy\" decoding=\"async\" width=\"1341\" height=\"948\" src=\"https:\/\/agora.xtec.cat\/esc-antoniomachado\/wp-content\/uploads\/usu1670\/2024\/02\/infografia-publicar-dades-i-imatges.png\" alt=\"\" class=\"wp-image-22243\" srcset=\"https:\/\/agora.xtec.cat\/esc-antoniomachado\/wp-content\/uploads\/usu1670\/2024\/02\/infografia-publicar-dades-i-imatges.png 1341w, https:\/\/agora.xtec.cat\/esc-antoniomachado\/wp-content\/uploads\/usu1670\/2024\/02\/infografia-publicar-dades-i-imatges-300x212.png 300w, https:\/\/agora.xtec.cat\/esc-antoniomachado\/wp-content\/uploads\/usu1670\/2024\/02\/infografia-publicar-dades-i-imatges-1024x724.png 1024w, https:\/\/agora.xtec.cat\/esc-antoniomachado\/wp-content\/uploads\/usu1670\/2024\/02\/infografia-publicar-dades-i-imatges-768x543.png 768w\" sizes=\"auto, (max-width: 1341px) 100vw, 1341px\" \/><\/a><\/figure>\n\n\n\n<p><\/p>\n\n\n\n<figure class=\"wp-block-image aligncenter\"><a href=\"https:\/\/agora.xtec.cat\/esc-antoniomachado\/recursos-tac-tic\/attachment\/infografia-consentiment-dades\/\" rel=\"attachment wp-att-22244\"><img loading=\"lazy\" decoding=\"async\" width=\"1342\" height=\"951\" src=\"https:\/\/agora.xtec.cat\/esc-antoniomachado\/wp-content\/uploads\/usu1670\/2024\/02\/infografia-consentiment-dades.png\" alt=\"\" class=\"wp-image-22244\" srcset=\"https:\/\/agora.xtec.cat\/esc-antoniomachado\/wp-content\/uploads\/usu1670\/2024\/02\/infografia-consentiment-dades.png 1342w, https:\/\/agora.xtec.cat\/esc-antoniomachado\/wp-content\/uploads\/usu1670\/2024\/02\/infografia-consentiment-dades-300x213.png 300w, https:\/\/agora.xtec.cat\/esc-antoniomachado\/wp-content\/uploads\/usu1670\/2024\/02\/infografia-consentiment-dades-1024x726.png 1024w, https:\/\/agora.xtec.cat\/esc-antoniomachado\/wp-content\/uploads\/usu1670\/2024\/02\/infografia-consentiment-dades-768x544.png 768w\" sizes=\"auto, (max-width: 1342px) 100vw, 1342px\" \/><\/a><\/figure>\n\n\n\n<p><\/p>\n\n\n\n<figure class=\"wp-block-image aligncenter\"><a href=\"https:\/\/agora.xtec.cat\/esc-antoniomachado\/recursos-tac-tic\/attachment\/infografia-proteccio-de-dades\/\" rel=\"attachment wp-att-22245\"><img loading=\"lazy\" decoding=\"async\" width=\"1340\" height=\"946\" src=\"https:\/\/agora.xtec.cat\/esc-antoniomachado\/wp-content\/uploads\/usu1670\/2024\/02\/infografia-proteccio-de-dades.png\" alt=\"\" class=\"wp-image-22245\" srcset=\"https:\/\/agora.xtec.cat\/esc-antoniomachado\/wp-content\/uploads\/usu1670\/2024\/02\/infografia-proteccio-de-dades.png 1340w, https:\/\/agora.xtec.cat\/esc-antoniomachado\/wp-content\/uploads\/usu1670\/2024\/02\/infografia-proteccio-de-dades-300x212.png 300w, https:\/\/agora.xtec.cat\/esc-antoniomachado\/wp-content\/uploads\/usu1670\/2024\/02\/infografia-proteccio-de-dades-1024x723.png 1024w, https:\/\/agora.xtec.cat\/esc-antoniomachado\/wp-content\/uploads\/usu1670\/2024\/02\/infografia-proteccio-de-dades-768x542.png 768w\" sizes=\"auto, (max-width: 1340px) 100vw, 1340px\" \/><\/a><\/figure>\n\n\n\n<p><\/p>\n\n\n\n<ul class=\"wp-block-list\">\n<li>Infografies realitzades per la <strong>GENERALITAT DE CATALUNYA &#8211; DEPARTAMENT D&#8217;EDUCACI\u00d3<\/strong><\/li>\n<\/ul>\n\n\n\n<div>&nbsp;<\/div>\n\n\n\n<div style=\"width: 100%;\">\n<div>\u00a0<\/div>\n<div style=\"position: relative; padding-bottom: 56.25%; padding-top: 0; height: 0;\"><iframe loading=\"lazy\" style=\"position: absolute; top: 0; left: 0; width: 100%; height: 100%;\" title=\"recull de recursos\" src=\"https:\/\/view.genial.ly\/64b18213bf0391001360ae63\" width=\"1200\" height=\"675\" frameborder=\"0\" scrolling=\"yes\" allowfullscreen=\"allowfullscreen\"><\/iframe><\/div>\n<\/div>\n","protected":false},"excerpt":{"rendered":"<p>L&#8217;estrat\u00e8gia digital de centre, \u00e9s el document que recull les l\u00ednies d&#8217;actuaci\u00f3 del centre que permeten que docents, alumnat i centre assoleixin la compet\u00e8ncia digital. A la seg\u00fcent web podeu consultar diferents aspectes sobre l&#8217;estrat\u00e8gia digital elaborada pel centre. Els objectius de l&#8217;EDC es poden agrupar en cinc \u00e0mbits: Pel que fa a l&#8217;\u00faltim \u00e0mbit, [&hellip;]<\/p>\n","protected":false},"author":1,"featured_media":0,"parent":5823,"menu_order":0,"comment_status":"closed","ping_status":"closed","template":"","meta":{"_bbp_topic_count":0,"_bbp_reply_count":0,"_bbp_total_topic_count":0,"_bbp_total_reply_count":0,"_bbp_voice_count":0,"_bbp_anonymous_reply_count":0,"_bbp_topic_count_hidden":0,"_bbp_reply_count_hidden":0,"_bbp_forum_subforum_count":0,"site-sidebar-layout":"no-sidebar","site-content-layout":"","ast-site-content-layout":"default","site-content-style":"default","site-sidebar-style":"default","ast-global-header-display":"","ast-banner-title-visibility":"","ast-main-header-display":"","ast-hfb-above-header-display":"","ast-hfb-below-header-display":"","ast-hfb-mobile-header-display":"","site-post-title":"","ast-breadcrumbs-content":"","ast-featured-img":"","footer-sml-layout":"","theme-transparent-header-meta":"","adv-header-id-meta":"","stick-header-meta":"","header-above-stick-meta":"","header-main-stick-meta":"","header-below-stick-meta":"","astra-migrate-meta-layouts":"set","ast-page-background-enabled":"default","ast-page-background-meta":{"desktop":{"background-color":"var(--ast-global-color-4)","background-image":"","background-repeat":"repeat","background-position":"center center","background-size":"auto","background-attachment":"scroll","background-type":"","background-media":"","overlay-type":"","overlay-color":"","overlay-opacity":"","overlay-gradient":""},"tablet":{"background-color":"","background-image":"","background-repeat":"repeat","background-position":"center center","background-size":"auto","background-attachment":"scroll","background-type":"","background-media":"","overlay-type":"","overlay-color":"","overlay-opacity":"","overlay-gradient":""},"mobile":{"background-color":"","background-image":"","background-repeat":"repeat","background-position":"center center","background-size":"auto","background-attachment":"scroll","background-type":"","background-media":"","overlay-type":"","overlay-color":"","overlay-opacity":"","overlay-gradient":""}},"ast-content-background-meta":{"desktop":{"background-color":"var(--ast-global-color-5)","background-image":"","background-repeat":"repeat","background-position":"center center","background-size":"auto","background-attachment":"scroll","background-type":"","background-media":"","overlay-type":"","overlay-color":"","overlay-opacity":"","overlay-gradient":""},"tablet":{"background-color":"var(--ast-global-color-5)","background-image":"","background-repeat":"repeat","background-position":"center center","background-size":"auto","background-attachment":"scroll","background-type":"","background-media":"","overlay-type":"","overlay-color":"","overlay-opacity":"","overlay-gradient":""},"mobile":{"background-color":"var(--ast-global-color-5)","background-image":"","background-repeat":"repeat","background-position":"center center","background-size":"auto","background-attachment":"scroll","background-type":"","background-media":"","overlay-type":"","overlay-color":"","overlay-opacity":"","overlay-gradient":""}},"footnotes":""},"class_list":["post-14068","page","type-page","status-publish","hentry"],"post_mailing_queue_ids":[],"_links":{"self":[{"href":"https:\/\/agora.xtec.cat\/esc-antoniomachado\/wp-json\/wp\/v2\/pages\/14068","targetHints":{"allow":["GET"]}}],"collection":[{"href":"https:\/\/agora.xtec.cat\/esc-antoniomachado\/wp-json\/wp\/v2\/pages"}],"about":[{"href":"https:\/\/agora.xtec.cat\/esc-antoniomachado\/wp-json\/wp\/v2\/types\/page"}],"author":[{"embeddable":true,"href":"https:\/\/agora.xtec.cat\/esc-antoniomachado\/wp-json\/wp\/v2\/users\/1"}],"replies":[{"embeddable":true,"href":"https:\/\/agora.xtec.cat\/esc-antoniomachado\/wp-json\/wp\/v2\/comments?post=14068"}],"version-history":[{"count":6,"href":"https:\/\/agora.xtec.cat\/esc-antoniomachado\/wp-json\/wp\/v2\/pages\/14068\/revisions"}],"predecessor-version":[{"id":24197,"href":"https:\/\/agora.xtec.cat\/esc-antoniomachado\/wp-json\/wp\/v2\/pages\/14068\/revisions\/24197"}],"up":[{"embeddable":true,"href":"https:\/\/agora.xtec.cat\/esc-antoniomachado\/wp-json\/wp\/v2\/pages\/5823"}],"wp:attachment":[{"href":"https:\/\/agora.xtec.cat\/esc-antoniomachado\/wp-json\/wp\/v2\/media?parent=14068"}],"curies":[{"name":"wp","href":"https:\/\/api.w.org\/{rel}","templated":true}]}}