{"id":36,"date":"2014-09-18T12:33:11","date_gmt":"2014-09-18T11:33:11","guid":{"rendered":"http:\/\/agora.xtec.cat\/esc-almoster\/?page_id=36"},"modified":"2023-09-05T11:57:01","modified_gmt":"2023-09-05T09:57:01","slug":"material-escolar","status":"publish","type":"page","link":"https:\/\/agora.xtec.cat\/esc-almoster\/lescola\/material-escolar\/","title":{"rendered":"Equip docent"},"content":{"rendered":"<p>Som un equip consolidat, comprom\u00e8s, motivat i amb una amplia experi\u00e8ncia professional. Est\u00e0 format per:<\/p>\n<table style=\"width: 22.6769%;\">\n<tbody>\n<tr>\n<td style=\"width: 47.8041%;\"><strong>Director<\/strong><\/td>\n<td style=\"width: 71.0978%;\">Miquel \u00c0ngel Molina<\/td>\n<\/tr>\n<tr>\n<td style=\"width: 47.8041%;\"><strong>Cap\u00a0<\/strong><b>d&#8217;estudis<\/b><\/td>\n<td style=\"width: 71.0978%;\">Montserrat P\u00e9rez<\/td>\n<\/tr>\n<tr>\n<td style=\"width: 47.8041%;\"><strong>Secret\u00e0ria<\/strong><\/td>\n<td style=\"width: 71.0978%;\">Fina Argilaguet<\/td>\n<\/tr>\n<\/tbody>\n<\/table>\n<table style=\"width: 480px; height: 527px;\">\n<tbody>\n<tr style=\"height: 31px;\">\n<td style=\"width: 129px; height: 93px;\" rowspan=\"3\"><strong>Educaci\u00f3 Infantil<\/strong><\/td>\n<td style=\"width: 173px; height: 31px;\">I3<\/td>\n<td style=\"width: 168px; height: 31px;\">Montse P\u00e0ges<\/td>\n<\/tr>\n<tr style=\"height: 31px;\">\n<td style=\"width: 173px; height: 31px;\">I4<\/td>\n<td style=\"width: 168px; height: 31px;\">Marisol Garc\u00eda<\/td>\n<\/tr>\n<tr style=\"height: 31px;\">\n<td style=\"width: 173px; height: 31px;\">I5<\/td>\n<td style=\"width: 168px; height: 31px;\">Montse P\u00e9rez<\/td>\n<\/tr>\n<tr style=\"height: 31px;\">\n<td style=\"width: 129px; height: 62px;\" rowspan=\"2\"><strong>Cicle Inicial<\/strong><\/td>\n<td style=\"width: 173px; height: 31px;\">1r<\/td>\n<td style=\"width: 168px; height: 31px;\">In\u00e9s Calder\u00f3n<\/td>\n<\/tr>\n<tr style=\"height: 31px;\">\n<td style=\"width: 173px; height: 31px;\">2n<\/td>\n<td style=\"width: 168px; height: 31px;\">Elisabet Ballest\u00e9<\/td>\n<\/tr>\n<tr style=\"height: 31px;\">\n<td style=\"width: 129px; height: 62px;\" rowspan=\"2\"><strong>Cicle Mitj\u00e0<\/strong><\/td>\n<td style=\"width: 173px; height: 31px;\">3r<\/td>\n<td style=\"width: 168px; height: 31px;\">Anna Garc\u00eda<\/td>\n<\/tr>\n<tr style=\"height: 31px;\">\n<td style=\"width: 173px; height: 31px;\">4t<\/td>\n<td style=\"width: 168px; height: 31px;\">Fina Argilaguet<\/td>\n<\/tr>\n<tr style=\"height: 31px;\">\n<td style=\"width: 129px; height: 62px;\" rowspan=\"2\"><strong>Cicle Superior<\/strong><\/td>\n<td style=\"width: 173px; height: 31px;\">5\u00e8<\/td>\n<td style=\"width: 168px; height: 31px;\">M. Jos\u00e9 Fern\u00e1ndez<\/td>\n<\/tr>\n<tr style=\"height: 31px;\">\n<td style=\"width: 173px; height: 31px;\">6\u00e8<\/td>\n<td style=\"width: 168px; height: 31px;\">Pilar Moreno<\/td>\n<\/tr>\n<tr style=\"height: 31px;\">\n<td style=\"width: 129px; height: 248px;\" rowspan=\"8\"><strong>Mestres Especialistes<\/strong><\/td>\n<td style=\"width: 173px; height: 31px;\">Educaci\u00f3 F\u00edsica<\/td>\n<td style=\"width: 168px; height: 31px;\">Joan Esteller<\/td>\n<\/tr>\n<tr style=\"height: 31px;\">\n<td style=\"width: 173px; height: 31px;\">Angl\u00e8s<\/td>\n<td style=\"width: 168px; height: 31px;\">Ver\u00f2nica Grau<\/td>\n<\/tr>\n<tr style=\"height: 31px;\">\n<td style=\"width: 173px; height: 31px;\">M\u00fasica<\/td>\n<td style=\"width: 168px; height: 31px;\">Maria Massana<\/td>\n<\/tr>\n<tr style=\"height: 31px;\">\n<td style=\"width: 173px; height: 31px;\">Franc\u00e8s \/ suport<\/td>\n<td style=\"width: 168px; height: 31px;\">Valentina S\u00e1nchez<\/td>\n<\/tr>\n<tr style=\"height: 31px;\">\n<td style=\"width: 173px; height: 31px;\">Educaci\u00f3 Especial<\/td>\n<td style=\"width: 168px; height: 31px;\">Miquel \u00c0ngel Molina<\/td>\n<\/tr>\n<tr style=\"height: 31px;\">\n<td style=\"width: 173px; height: 31px;\">Pl\u00e0stica<\/td>\n<td style=\"width: 168px; height: 31px;\">Elisenda Segarra<\/td>\n<\/tr>\n<tr style=\"height: 31px;\">\n<td style=\"width: 173px; height: 31px;\">Suport<\/td>\n<td style=\"width: 168px; height: 31px;\">Roc\u00edo Hoyo<\/td>\n<\/tr>\n<tr style=\"height: 31px;\">\n<td style=\"width: 173px; height: 31px;\">Religi\u00f3<\/td>\n<td style=\"width: 168px; height: 31px;\">Rub\u00e9n Antequera<\/td>\n<\/tr>\n<\/tbody>\n<\/table>\n","protected":false},"excerpt":{"rendered":"<p>Som un equip consolidat, comprom\u00e8s, motivat i amb una amplia experi\u00e8ncia professional. Est\u00e0 format per:<\/p>\n<p>Director<br \/>\nMiquel \u00c0ngel Molina<\/p>\n<p>Cap\u00a0d&#8217;estudis<br \/>\nMontserrat P\u00e9rez<\/p>\n<p>Secret\u00e0ria<br \/>\nFina Argilaguet<\/p>\n<p>Educaci\u00f3 Infantil<br \/>\nI3<br \/>\nMontse P\u00e0ges<\/p>\n<p>I4<br \/>\nMarisol Garc\u00eda<\/p>\n<p>I5<br \/>\nMontse P\u00e9rez<\/p>\n<p>Cicle Inicial<br \/>\n1r<br \/>\nIn\u00e9s Calder\u00f3n<\/p>\n<p>2n<br \/>\nElisabet Ballest\u00e9<\/p>\n<p>Cicle Mitj\u00e0<br \/>\n3r<br \/>\nAnna Garc\u00eda<\/p>\n<p>4t<br \/>\nFina Argilaguet<\/p>\n<p>Cicle Superior<br \/>\n5\u00e8<br \/>\nM. Jos\u00e9 Fern\u00e1ndez<\/p>\n<p>6\u00e8<br \/>\nPilar Moreno<\/p>\n<p>Mestres Especialistes<br \/>\nEducaci\u00f3 F\u00edsica<br \/>\nJoan Esteller<\/p>\n<p>Angl\u00e8s<br \/>\nVer\u00f2nica Grau<\/p>\n<p>M\u00fasica<br \/>\nMaria Massana<\/p>\n<p>Franc\u00e8s \/ suport<br \/>\nValentina S\u00e1nchez<\/p>\n<p>Educaci\u00f3 Especial<br \/>\nMiquel \u00c0ngel Molina<\/p>\n<p>Pl\u00e0stica<br \/>\nElisenda Segarra<\/p>\n<p>Suport<br \/>\nRoc\u00edo&hellip;  <a href=\"https:\/\/agora.xtec.cat\/esc-almoster\/lescola\/material-escolar\/\" title=\"Read Equip docent\">Llegeix m\u00e9s\u00bb<\/a><\/p>\n","protected":false},"author":1,"featured_media":0,"parent":22,"menu_order":70,"comment_status":"closed","ping_status":"closed","template":"page-templates\/side-menu.php","meta":{"_bbp_topic_count":0,"_bbp_reply_count":0,"_bbp_total_topic_count":0,"_bbp_total_reply_count":0,"_bbp_voice_count":0,"_bbp_anonymous_reply_count":0,"_bbp_topic_count_hidden":0,"_bbp_reply_count_hidden":0,"_bbp_forum_subforum_count":0,"footnotes":""},"class_list":["post-36","page","type-page","status-publish","hentry"],"post_mailing_queue_ids":[],"_links":{"self":[{"href":"https:\/\/agora.xtec.cat\/esc-almoster\/wp-json\/wp\/v2\/pages\/36","targetHints":{"allow":["GET"]}}],"collection":[{"href":"https:\/\/agora.xtec.cat\/esc-almoster\/wp-json\/wp\/v2\/pages"}],"about":[{"href":"https:\/\/agora.xtec.cat\/esc-almoster\/wp-json\/wp\/v2\/types\/page"}],"author":[{"embeddable":true,"href":"https:\/\/agora.xtec.cat\/esc-almoster\/wp-json\/wp\/v2\/users\/1"}],"replies":[{"embeddable":true,"href":"https:\/\/agora.xtec.cat\/esc-almoster\/wp-json\/wp\/v2\/comments?post=36"}],"version-history":[{"count":4,"href":"https:\/\/agora.xtec.cat\/esc-almoster\/wp-json\/wp\/v2\/pages\/36\/revisions"}],"predecessor-version":[{"id":3496,"href":"https:\/\/agora.xtec.cat\/esc-almoster\/wp-json\/wp\/v2\/pages\/36\/revisions\/3496"}],"up":[{"embeddable":true,"href":"https:\/\/agora.xtec.cat\/esc-almoster\/wp-json\/wp\/v2\/pages\/22"}],"wp:attachment":[{"href":"https:\/\/agora.xtec.cat\/esc-almoster\/wp-json\/wp\/v2\/media?parent=36"}],"curies":[{"name":"wp","href":"https:\/\/api.w.org\/{rel}","templated":true}]}}