{"id":28,"date":"2014-09-18T12:29:35","date_gmt":"2014-09-18T11:29:35","guid":{"rendered":"http:\/\/agora.xtec.cat\/esc-almoster\/?page_id=28"},"modified":"2020-02-07T11:39:59","modified_gmt":"2020-02-07T10:39:59","slug":"consell-escolar","status":"publish","type":"page","link":"https:\/\/agora.xtec.cat\/esc-almoster\/lescola\/consell-escolar\/","title":{"rendered":"Consell escolar"},"content":{"rendered":"<p><strong><a href=\"http:\/\/agora.xtec.cat\/esc-almoster\/wp-content\/uploads\/usu1705\/2014\/09\/Screenshot_2.jpg\"><img loading=\"lazy\" decoding=\"async\" class=\"size-full wp-image-522 alignright\" src=\"http:\/\/agora.xtec.cat\/esc-almoster\/wp-content\/uploads\/usu1705\/2014\/09\/Screenshot_2.jpg\" alt=\"\" width=\"560\" height=\"402\" srcset=\"https:\/\/agora.xtec.cat\/esc-almoster\/wp-content\/uploads\/usu1705\/2014\/09\/Screenshot_2.jpg 560w, https:\/\/agora.xtec.cat\/esc-almoster\/wp-content\/uploads\/usu1705\/2014\/09\/Screenshot_2-300x215.jpg 300w\" sizes=\"auto, (max-width: 560px) 100vw, 560px\" \/><\/a>El Consell Escolar<\/strong><\/p>\n<p>El consell escolar del centre \u00e9s l&#8217;\u00f2rgan de participaci\u00f3 de la comunitat escolar en el govern del centre i l&#8217;\u00f2rgan de programaci\u00f3, seguiment i avaluaci\u00f3 general de les seves activitats.<\/p>\n<p><strong>Composici\u00f3 del Consell Escolar<\/strong><\/p>\n<p><strong>Per designaci\u00f3 directa: <\/strong><\/p>\n<ul>\n<li>President\/a: Director\/a de l&#8217;escola.<\/li>\n<li>Secretari\/a: Amb veu i sense vot.<\/li>\n<li>El\/la Cap d\u2019Estudis.<\/li>\n<li>1 representant de l\u2019AMPA.<\/li>\n<li>1 representant de l\u2019Ajuntament.<\/li>\n<li>1 representant del personal d\u2019Administraci\u00f3 i Serveis del Centre.<\/li>\n<\/ul>\n<p><strong>Escollits per votaci\u00f3:<\/strong><\/p>\n<ul>\n<li>5 representants de mestres.<\/li>\n<li>4 representants de pares.<\/li>\n<\/ul>\n<p><strong>Compet\u00e8ncies:<\/strong><\/p>\n<p>1. Participar en el proc\u00e9s de selecci\u00f3 del director del Centre.<\/p>\n<p>2. Proposar als Serveis Territorials del Departament d\u2019Ensenyament la revocaci\u00f3 del nomenament del director, en la forma establerta\u00a0 per la llei.<\/p>\n<p>3. Aprovar la creaci\u00f3 d&#8217;altres \u00f2rgans de coordinaci\u00f3 del centre i assignar-los compet\u00e8ncies, sens perjudici de les funcions del \u00f2rgans de coordinaci\u00f3 preexistents.<\/p>\n<p>4. Decidir sobre l&#8217;admissi\u00f3 d&#8217;alumnes dins del marc de la normativa vigent.<\/p>\n<p>5. Resoldre els conflictes i imposar els correctius en mat\u00e8ria de disciplina d&#8217;alumnes d&#8217;acord amb el que disposa el present Reglament i atenent la normativa vigent.<\/p>\n<p>6. Establir les directrius per a l&#8217;elaboraci\u00f3 del projecte educatiu del centre i avaluar-ne el contingut.<\/p>\n<p>7. Avaluar el pressupost del centre, fer-ne el seguiment i avaluar-ne la liquidaci\u00f3.<\/p>\n<p>8. Avaluar les NOFC del centre.<\/p>\n<p>9. Elaborar les directrius per a la programaci\u00f3 i el desenvolupament de les activitats escolars complement\u00e0ries, de les activitats extraescolars i dels serveis, si s&#8217;escau, amb la col\u00b7laboraci\u00f3 de l&#8217;associaci\u00f3 de pares d&#8217;alumnes. Avaluar-ne la programaci\u00f3 i l&#8217;execuci\u00f3.<\/p>\n<p>10. Avaluar la programaci\u00f3 general del centre que, amb car\u00e0cter anual, elabori l&#8217;equip directiu.<\/p>\n<p>11. Avaluar la mem\u00f2ria anual d&#8217;activitats del centre.<\/p>\n<p>12. Establir els criteris sobre participaci\u00f3 del centre en activitats culturals, esportives i recreatives, aix\u00ed com aquelles accions assistencials a les quals el centre pot prestar la seva col\u00b7laboraci\u00f3, escoltada l&#8217;associaci\u00f3 de pares.<\/p>\n<p>13. Establir les relacions de col\u00b7laboraci\u00f3 amb altres centres amb finalitats culturals i educatives.<\/p>\n<p>14. Promoure l&#8217;optimitzaci\u00f3 de l&#8217;\u00fas de les instal\u00b7lacions i el material escolar i la seva renovaci\u00f3, aix\u00ed com vetllar per la seva conservaci\u00f3 considerant que el manteniment es fa per part de l&#8217;Ajuntament).<\/p>\n<p>15.Qualsevol altra funci\u00f3 que li sigui atribu\u00efda per disposici\u00f3 del Departament d&#8217;Ensenyament.<\/p>\n<p><strong>Funcionament del consell escolar<\/strong><\/p>\n<ol>\n<li>El consell escolar del centre es reuneix preceptivament una vegada al trimestre, i sempre que el convoca el seu president o ho sol\u00b7licita almenys un ter\u00e7 dels seus membres. A m\u00e9s, preceptivament, es far\u00e0 una reuni\u00f3 a inici i a final de curs. Quan el director ho cregui oport\u00fa podr\u00e0 convocar el consell escolar amb car\u00e0cter d&#8217;urg\u00e8ncia per situacions que aix\u00ed ho requereixin.<\/li>\n<li>Hom procurar\u00e0 que les decisions en el s\u00ed del consell es prenguin per consens. Si no \u00e9s possible arribar a un acord, es determinar\u00e0 la decisi\u00f3 per majoria dels membres presents, llevat dels casos que la normativa determini una altra majoria qualificada.<\/li>\n<li>La convocat\u00f2ria de les reunions ordin\u00e0ries i extraordin\u00e0ries ser\u00e0 tramesa pel director, amb l&#8217;antelaci\u00f3 que marqui la llei, juntament amb la documentaci\u00f3 necess\u00e0ria que hagi de ser objecte de debat, i en el seu cas d&#8217;aprovaci\u00f3.<\/li>\n<li>L&#8217;ordre del dia ser\u00e0 confeccionat pel director.<\/li>\n<li>Aixecar\u00e0 acta el secretari que la llegir\u00e0 en la reuni\u00f3 seg\u00fcent on s&#8217;aprovar\u00e0, si s&#8217;escau.<\/li>\n<li>L&#8217;abstenci\u00f3 del professorat en les votacions no \u00e9s permesa, per\u00f2 s\u00ed el vot en blanc.<\/li>\n<\/ol>\n<p><strong>\u00a0<\/strong><\/p>\n<p><strong>\u00a0<\/strong><strong>Comissions espec\u00edfiques del consell escolar<\/strong><\/p>\n<p>S\u00f3n\u00a0 la comissi\u00f3 econ\u00f2mica i la comissi\u00f3 de conviv\u00e8ncia.<\/p>\n<p>Els components d&#8217;aquestes comissions s\u00f3n designats pel consell escolar entre els seus membres.<\/p>\n<p>S\u00f3n funcions d&#8217;aquestes comissions estudiar, informar i elevar propostes al consell escolar sobre els aspectes del seu \u00e0mbit que se&#8217;ls sol\u00b7licitin o considerin convenient d&#8217;aportar, aix\u00ed com desenvolupar les tasques que el consell li encomani.<\/p>\n<p>&nbsp;<\/p>\n","protected":false},"excerpt":{"rendered":"<p><a href=\"http:\/\/agora.xtec.cat\/esc-almoster\/wp-content\/uploads\/usu1705\/2014\/09\/Screenshot_2.jpg\"><\/a>El Consell Escolar<br \/>\nEl consell escolar del centre \u00e9s l&#8217;\u00f2rgan de participaci\u00f3 de la comunitat escolar en el govern del centre i l&#8217;\u00f2rgan de programaci\u00f3, seguiment i avaluaci\u00f3 general de les seves activitats.<br \/>\nComposici\u00f3 del Consell Escolar<br \/>\nPer designaci\u00f3 directa: <\/p>\n<ul>\n<li>President\/a: Director\/a de l&#8217;escola.<\/li>\n<li>Secretari\/a: Amb veu i&hellip;  <a href=\"https:\/\/agora.xtec.cat\/esc-almoster\/lescola\/consell-escolar\/\" title=\"Read Consell escolar\">Llegeix m\u00e9s\u00bb<\/a><br \/>\n","protected":false},"author":1,"featured_media":0,"parent":22,"menu_order":30,"comment_status":"closed","ping_status":"closed","template":"page-templates\/side-menu.php","meta":{"_bbp_topic_count":0,"_bbp_reply_count":0,"_bbp_total_topic_count":0,"_bbp_total_reply_count":0,"_bbp_voice_count":0,"_bbp_anonymous_reply_count":0,"_bbp_topic_count_hidden":0,"_bbp_reply_count_hidden":0,"_bbp_forum_subforum_count":0,"footnotes":""},"class_list":["post-28","page","type-page","status-publish","hentry"],"post_mailing_queue_ids":[],"_links":{"self":[{"href":"https:\/\/agora.xtec.cat\/esc-almoster\/wp-json\/wp\/v2\/pages\/28","targetHints":{"allow":["GET"]}}],"collection":[{"href":"https:\/\/agora.xtec.cat\/esc-almoster\/wp-json\/wp\/v2\/pages"}],"about":[{"href":"https:\/\/agora.xtec.cat\/esc-almoster\/wp-json\/wp\/v2\/types\/page"}],"author":[{"embeddable":true,"href":"https:\/\/agora.xtec.cat\/esc-almoster\/wp-json\/wp\/v2\/users\/1"}],"replies":[{"embeddable":true,"href":"https:\/\/agora.xtec.cat\/esc-almoster\/wp-json\/wp\/v2\/comments?post=28"}],"version-history":[{"count":4,"href":"https:\/\/agora.xtec.cat\/esc-almoster\/wp-json\/wp\/v2\/pages\/28\/revisions"}],"predecessor-version":[{"id":1100,"href":"https:\/\/agora.xtec.cat\/esc-almoster\/wp-json\/wp\/v2\/pages\/28\/revisions\/1100"}],"up":[{"embeddable":true,"href":"https:\/\/agora.xtec.cat\/esc-almoster\/wp-json\/wp\/v2\/pages\/22"}],"wp:attachment":[{"href":"https:\/\/agora.xtec.cat\/esc-almoster\/wp-json\/wp\/v2\/media?parent=28"}],"curies":[{"name":"wp","href":"https:\/\/api.w.org\/{rel}","templated":true}]}}