{"id":613,"date":"2020-05-07T18:00:45","date_gmt":"2020-05-07T16:00:45","guid":{"rendered":"https:\/\/agora.xtec.cat\/eeielrodo\/?page_id=613"},"modified":"2022-04-21T11:06:55","modified_gmt":"2022-04-21T09:06:55","slug":"creixem-amb-la-natura","status":"publish","type":"page","link":"https:\/\/agora.xtec.cat\/eeielrodo\/la-vida-a-lescola\/creixem-amb-la-natura\/","title":{"rendered":"Creixem a la natura"},"content":{"rendered":"<p>El cr\u00edtic d\u2019art Bernard Berenson recordava que els episodis de la seva vida m\u00e9s feli\u00e7os corresponien als dies que jugava sol al bosc: \u201c<em>En la inf\u00e0ncia, aquest \u00e8xtasi s\u2019apoderava de mi quan era feli\u00e7 a l\u2019aire lliure (\u2026)\u201d<\/em><\/p>\n<p>\u201c<em>Creixem a la natura<\/em>\u201d \u00e9s l&#8217; ess\u00e8ncia m\u00e9s apreciada a El Rod\u00f3. Treballem conjuntament amb les fam\u00edlies, donem valor a l\u2019entorn natural i l\u2019activitat espont\u00e0nia dels infants en aquest entorn. La natura ens permet utilitzar aquest context com eix fonamental per al desenvolupament motor, sensorial, emocional, social, \u00e8tic i est\u00e8tic dels infants.<\/p>\n<p><a href=\"https:\/\/agora.xtec.cat\/eeielrodo\/wp-content\/uploads\/usu2175\/2022\/04\/2021-04-12-13.12.51-5.jpg\"><img loading=\"lazy\" decoding=\"async\" class=\"size-medium wp-image-1297 alignleft\" src=\"https:\/\/agora.xtec.cat\/eeielrodo\/wp-content\/uploads\/usu2175\/2022\/04\/2021-04-12-13.12.51-5-300x225.jpg\" alt=\"\" width=\"300\" height=\"225\" srcset=\"https:\/\/agora.xtec.cat\/eeielrodo\/wp-content\/uploads\/usu2175\/2022\/04\/2021-04-12-13.12.51-5-300x225.jpg 300w, https:\/\/agora.xtec.cat\/eeielrodo\/wp-content\/uploads\/usu2175\/2022\/04\/2021-04-12-13.12.51-5-200x150.jpg 200w, https:\/\/agora.xtec.cat\/eeielrodo\/wp-content\/uploads\/usu2175\/2022\/04\/2021-04-12-13.12.51-5.jpg 448w\" sizes=\"auto, (max-width: 300px) 100vw, 300px\" \/><\/a><a href=\"https:\/\/agora.xtec.cat\/eeielrodo\/wp-content\/uploads\/usu2175\/2022\/04\/2021-03-05-15.16.57-5.jpg\"><img loading=\"lazy\" decoding=\"async\" class=\"size-medium wp-image-1295 alignnone\" src=\"https:\/\/agora.xtec.cat\/eeielrodo\/wp-content\/uploads\/usu2175\/2022\/04\/2021-03-05-15.16.57-5-300x225.jpg\" alt=\"\" width=\"300\" height=\"225\" srcset=\"https:\/\/agora.xtec.cat\/eeielrodo\/wp-content\/uploads\/usu2175\/2022\/04\/2021-03-05-15.16.57-5-300x225.jpg 300w, https:\/\/agora.xtec.cat\/eeielrodo\/wp-content\/uploads\/usu2175\/2022\/04\/2021-03-05-15.16.57-5-200x150.jpg 200w, https:\/\/agora.xtec.cat\/eeielrodo\/wp-content\/uploads\/usu2175\/2022\/04\/2021-03-05-15.16.57-5.jpg 448w\" sizes=\"auto, (max-width: 300px) 100vw, 300px\" \/><\/a><a href=\"https:\/\/agora.xtec.cat\/eeielrodo\/wp-content\/uploads\/usu2175\/2022\/04\/3.-Pati-61-6.jpg\"><img loading=\"lazy\" decoding=\"async\" class=\"size-medium wp-image-1286 alignright\" src=\"https:\/\/agora.xtec.cat\/eeielrodo\/wp-content\/uploads\/usu2175\/2022\/04\/3.-Pati-61-6-300x225.jpg\" alt=\"\" width=\"300\" height=\"225\" srcset=\"https:\/\/agora.xtec.cat\/eeielrodo\/wp-content\/uploads\/usu2175\/2022\/04\/3.-Pati-61-6-300x225.jpg 300w, https:\/\/agora.xtec.cat\/eeielrodo\/wp-content\/uploads\/usu2175\/2022\/04\/3.-Pati-61-6-200x150.jpg 200w, https:\/\/agora.xtec.cat\/eeielrodo\/wp-content\/uploads\/usu2175\/2022\/04\/3.-Pati-61-6.jpg 448w\" sizes=\"auto, (max-width: 300px) 100vw, 300px\" \/><\/a><\/p>\n<p>Donem\u00a0valor a la riquesa dels materials naturals i que els infants redescobreixen cont\u00ednuament: floretes, fulles seques, pedretes, sorra, bestioles, fang, aigua\u2026 Aquesta riquesa de materials, canviants, perennes, &#8230;ens permeten aprendre a respectar i a tenir cura de l\u2019entorn natural, de nosaltres i dels altres.<\/p>\n<p>En aquest sentit\u00a0fomentem que es sentin satisfets per com juguen, m\u00e9s que per all\u00f2 que posseeixen.\u00a0Entenem que aquest principi enriqueix el veritable benestar emocional.<\/p>\n<p>El reconeixement de sensacions i les emocions aix\u00ed com les actituds positives fonamentals en les relacions humanes (curiositat, respecte, llibertat, solidaritat, esfor\u00e7, &#8230;) s\u00f3n un objecte preuat. Fomentem que tots els aprenentatges vagin encaminats en funci\u00f3 d\u2019aquestes premisses essencials.<\/p>\n\r\n\t<div class=\"slideshow_container slideshow_container_style-light\" style=\"height: 300px; \" data-slideshow-id=\"721\" data-style-name=\"style-light\" data-style-version=\"2.3.1\" >\r\n\r\n\t\t\t\t\t<div class=\"slideshow_loading_icon\"><\/div>\r\n\t\t\r\n\t\t<div class=\"slideshow_content\" style=\"display: none;\">\r\n\r\n\t\t\t<div class=\"slideshow_view\">\r\n\t\t\t\t<div class=\"slideshow_slide slideshow_slide_image\">\r\n\t\t\t\t\t\t\t\t\t\t\t<img src=\"https:\/\/agora.xtec.cat\/eeielrodo\/wp-content\/uploads\/usu2175\/2020\/05\/WhatsApp-Image-2020-05-11-at-16.06.23.jpeg\" alt=\"WhatsApp Image 2020-05-11 at 16.06.23\" width=\"1200\" height=\"1600\" \/>\r\n\t\t\t\t\t\t\t\t\t\t<div class=\"slideshow_description_box slideshow_transparent\">\r\n\t\t\t\t\t\t<div class=\"slideshow_title\">WhatsApp Image 2020-05-11 at 16.06.23<\/div>\t\t\t\t\t\t\t\t\t\t\t<\/div>\r\n\t\t\t\t<\/div>\r\n\r\n\t\t\t\t\t\t<div style=\"clear: both;\"><\/div><\/div><div class=\"slideshow_view\">\r\n\t\t\t\t<div class=\"slideshow_slide slideshow_slide_image\">\r\n\t\t\t\t\t\t\t\t\t\t\t<img src=\"https:\/\/agora.xtec.cat\/eeielrodo\/wp-content\/uploads\/usu2175\/2020\/05\/WhatsApp-Image-2020-05-11-at-15.34.33.jpeg\" alt=\"WhatsApp Image 2020-05-11 at 15.34.33\" width=\"1600\" height=\"1200\" \/>\r\n\t\t\t\t\t\t\t\t\t\t<div class=\"slideshow_description_box slideshow_transparent\">\r\n\t\t\t\t\t\t<div class=\"slideshow_title\">WhatsApp Image 2020-05-11 at 15.34.33<\/div>\t\t\t\t\t\t\t\t\t\t\t<\/div>\r\n\t\t\t\t<\/div>\r\n\r\n\t\t\t\t\t\t<div style=\"clear: both;\"><\/div><\/div><div class=\"slideshow_view\">\r\n\t\t\t\t<div class=\"slideshow_slide slideshow_slide_image\">\r\n\t\t\t\t\t\t\t\t\t\t\t<img src=\"https:\/\/agora.xtec.cat\/eeielrodo\/wp-content\/uploads\/usu2175\/2020\/05\/WhatsApp-Image-2020-05-11-at-15.34.33-3.jpeg\" alt=\"WhatsApp Image 2020-05-11 at 15.34.33 (3)\" width=\"1600\" height=\"1200\" \/>\r\n\t\t\t\t\t\t\t\t\t\t<div class=\"slideshow_description_box slideshow_transparent\">\r\n\t\t\t\t\t\t<div class=\"slideshow_title\">WhatsApp Image 2020-05-11 at 15.34.33 (3)<\/div>\t\t\t\t\t\t\t\t\t\t\t<\/div>\r\n\t\t\t\t<\/div>\r\n\r\n\t\t\t\t\t\t<div style=\"clear: both;\"><\/div><\/div><div class=\"slideshow_view\">\r\n\t\t\t\t<div class=\"slideshow_slide slideshow_slide_image\">\r\n\t\t\t\t\t\t\t\t\t\t\t<img src=\"https:\/\/agora.xtec.cat\/eeielrodo\/wp-content\/uploads\/usu2175\/2020\/05\/WhatsApp-Image-2020-05-11-at-15.34.33-2.jpeg\" alt=\"WhatsApp Image 2020-05-11 at 15.34.33 (2)\" width=\"1600\" height=\"1200\" \/>\r\n\t\t\t\t\t\t\t\t\t\t<div class=\"slideshow_description_box slideshow_transparent\">\r\n\t\t\t\t\t\t<div class=\"slideshow_title\">WhatsApp Image 2020-05-11 at 15.34.33 (2)<\/div>\t\t\t\t\t\t\t\t\t\t\t<\/div>\r\n\t\t\t\t<\/div>\r\n\r\n\t\t\t\t\t\t<div style=\"clear: both;\"><\/div><\/div><div class=\"slideshow_view\">\r\n\t\t\t\t<div class=\"slideshow_slide slideshow_slide_image\">\r\n\t\t\t\t\t\t\t\t\t\t\t<img src=\"https:\/\/agora.xtec.cat\/eeielrodo\/wp-content\/uploads\/usu2175\/2020\/05\/WhatsApp-Image-2020-05-11-at-15.34.33-1.jpeg\" alt=\"WhatsApp Image 2020-05-11 at 15.34.33 (1)\" width=\"1200\" height=\"1600\" \/>\r\n\t\t\t\t\t\t\t\t\t\t<div class=\"slideshow_description_box slideshow_transparent\">\r\n\t\t\t\t\t\t<div class=\"slideshow_title\">WhatsApp Image 2020-05-11 at 15.34.33 (1)<\/div>\t\t\t\t\t\t\t\t\t\t\t<\/div>\r\n\t\t\t\t<\/div>\r\n\r\n\t\t\t\t\t\t<div style=\"clear: both;\"><\/div><\/div>\r\n\t\t<\/div>\r\n\r\n\t\t<div class=\"slideshow_controlPanel slideshow_transparent\" style=\"display: none;\"><ul><li class=\"slideshow_togglePlay\" data-play-text=\"Visualitza\" data-pause-text=\"Pausa\"><\/li><\/ul><\/div>\r\n\r\n\t\t<div class=\"slideshow_button slideshow_previous slideshow_transparent\" role=\"button\" data-previous-text=\"Anterior\" style=\"display: none;\"><\/div>\r\n\t\t<div class=\"slideshow_button slideshow_next slideshow_transparent\" role=\"button\" data-next-text=\"Seg\u00fcent\" style=\"display: none;\"><\/div>\r\n\r\n\t\t<div class=\"slideshow_pagination\" style=\"display: none;\" data-go-to-text=\"V\u00e9s a la diapositiva\"><div class=\"slideshow_pagination_center\"><\/div><\/div>\r\n\r\n\t\t<!-- WordPress Slideshow Version 2.3.1 -->\r\n\r\n\t\t\t<\/div>\r\n\r\n\n","protected":false},"excerpt":{"rendered":"<p>El cr\u00edtic d\u2019art Bernard Berenson recordava que els episodis de la seva vida m\u00e9s feli\u00e7os corresponien als dies que jugava sol al bosc: \u201cEn la inf\u00e0ncia, aquest \u00e8xtasi s\u2019apoderava de mi quan era feli\u00e7 a l\u2019aire lliure (\u2026)\u201d<br \/>\n\u201cCreixem a la natura\u201d \u00e9s l&#8217; ess\u00e8ncia m\u00e9s&hellip;  <a href=\"https:\/\/agora.xtec.cat\/eeielrodo\/la-vida-a-lescola\/creixem-amb-la-natura\/\" title=\"Read Creixem a la natura\">Llegeix m\u00e9s\u00bb<\/a><\/p>\n","protected":false},"author":1,"featured_media":0,"parent":605,"menu_order":0,"comment_status":"closed","ping_status":"closed","template":"page-templates\/side-menu.php","meta":{"_bbp_topic_count":0,"_bbp_reply_count":0,"_bbp_total_topic_count":0,"_bbp_total_reply_count":0,"_bbp_voice_count":0,"_bbp_anonymous_reply_count":0,"_bbp_topic_count_hidden":0,"_bbp_reply_count_hidden":0,"_bbp_forum_subforum_count":0,"footnotes":""},"class_list":["post-613","page","type-page","status-publish","hentry"],"post_mailing_queue_ids":[],"_links":{"self":[{"href":"https:\/\/agora.xtec.cat\/eeielrodo\/wp-json\/wp\/v2\/pages\/613","targetHints":{"allow":["GET"]}}],"collection":[{"href":"https:\/\/agora.xtec.cat\/eeielrodo\/wp-json\/wp\/v2\/pages"}],"about":[{"href":"https:\/\/agora.xtec.cat\/eeielrodo\/wp-json\/wp\/v2\/types\/page"}],"author":[{"embeddable":true,"href":"https:\/\/agora.xtec.cat\/eeielrodo\/wp-json\/wp\/v2\/users\/1"}],"replies":[{"embeddable":true,"href":"https:\/\/agora.xtec.cat\/eeielrodo\/wp-json\/wp\/v2\/comments?post=613"}],"version-history":[{"count":3,"href":"https:\/\/agora.xtec.cat\/eeielrodo\/wp-json\/wp\/v2\/pages\/613\/revisions"}],"predecessor-version":[{"id":1302,"href":"https:\/\/agora.xtec.cat\/eeielrodo\/wp-json\/wp\/v2\/pages\/613\/revisions\/1302"}],"up":[{"embeddable":true,"href":"https:\/\/agora.xtec.cat\/eeielrodo\/wp-json\/wp\/v2\/pages\/605"}],"wp:attachment":[{"href":"https:\/\/agora.xtec.cat\/eeielrodo\/wp-json\/wp\/v2\/media?parent=613"}],"curies":[{"name":"wp","href":"https:\/\/api.w.org\/{rel}","templated":true}]}}