{"id":30,"date":"2014-09-18T12:30:23","date_gmt":"2014-09-18T11:30:23","guid":{"rendered":"http:\/\/agora.xtec.cat\/eeielrodo\/?page_id=30"},"modified":"2026-03-05T12:41:54","modified_gmt":"2026-03-05T11:41:54","slug":"instal%c2%b7lacions","status":"publish","type":"page","link":"https:\/\/agora.xtec.cat\/eeielrodo\/lescola\/instal%c2%b7lacions\/","title":{"rendered":"Instal\u00b7lacions i espais"},"content":{"rendered":"<div class=\"flex flex-col text-sm pb-25\">\n<article class=\"text-token-text-primary w-full focus:outline-none [--shadow-height:45px] has-data-writing-block:pointer-events-none has-data-writing-block:-mt-(--shadow-height) has-data-writing-block:pt-(--shadow-height) [&amp;:has([data-writing-block])&gt;*]:pointer-events-auto scroll-mt-[calc(var(--header-height)+min(200px,max(70px,20svh)))]\" dir=\"auto\" tabindex=\"-1\" data-turn-id=\"request-693fe6d0-12b8-832a-875f-f519e8ff3808-8\" data-testid=\"conversation-turn-40\" data-scroll-anchor=\"true\" data-turn=\"assistant\">\n<div class=\"text-base my-auto mx-auto pb-10 [--thread-content-margin:--spacing(4)] @w-sm\/main:[--thread-content-margin:--spacing(6)] @w-lg\/main:[--thread-content-margin:--spacing(16)] px-(--thread-content-margin)\">\n<div class=\"[--thread-content-max-width:40rem] @w-lg\/main:[--thread-content-max-width:48rem] mx-auto max-w-(--thread-content-max-width) flex-1 group\/turn-messages focus-visible:outline-hidden relative flex w-full min-w-0 flex-col agent-turn\" tabindex=\"-1\">\n<div class=\"flex max-w-full flex-col grow\">\n<div class=\"min-h-8 text-message relative flex w-full flex-col items-end gap-2 text-start break-words whitespace-normal [.text-message+&amp;]:mt-1\" dir=\"auto\" data-message-author-role=\"assistant\" data-message-id=\"1559e71f-162e-49ea-a27e-41fce2e58f95\" data-message-model-slug=\"gpt-5-3\">\n<div class=\"flex w-full flex-col gap-1 empty:hidden first:pt-[1px]\">\n<div class=\"markdown prose dark:prose-invert w-full wrap-break-word light markdown-new-styling\">\n<p data-start=\"25\" data-end=\"355\"><a href=\"https:\/\/agora.xtec.cat\/eeielrodo\/wp-content\/uploads\/usu2175\/2020\/05\/WhatsApp-Image-2020-05-05-at-20.17.16.jpeg\"><img loading=\"lazy\" decoding=\"async\" class=\" wp-image-670 alignleft\" src=\"https:\/\/agora.xtec.cat\/eeielrodo\/wp-content\/uploads\/usu2175\/2020\/05\/WhatsApp-Image-2020-05-05-at-20.17.16-300x225.jpeg\" alt=\"\" width=\"324\" height=\"243\" srcset=\"https:\/\/agora.xtec.cat\/eeielrodo\/wp-content\/uploads\/usu2175\/2020\/05\/WhatsApp-Image-2020-05-05-at-20.17.16-300x225.jpeg 300w, https:\/\/agora.xtec.cat\/eeielrodo\/wp-content\/uploads\/usu2175\/2020\/05\/WhatsApp-Image-2020-05-05-at-20.17.16-768x576.jpeg 768w, https:\/\/agora.xtec.cat\/eeielrodo\/wp-content\/uploads\/usu2175\/2020\/05\/WhatsApp-Image-2020-05-05-at-20.17.16.jpeg 1024w, https:\/\/agora.xtec.cat\/eeielrodo\/wp-content\/uploads\/usu2175\/2020\/05\/WhatsApp-Image-2020-05-05-at-20.17.16-200x150.jpeg 200w\" sizes=\"auto, (max-width: 324px) 100vw, 324px\" \/><\/a>El Rod\u00f3 est\u00e0 situat en un edifici integrat al jard\u00ed, on el relleu del terreny crea petits desnivells, racons i camins que converteixen l\u2019exterior en un espai d\u2019activitat a l\u2019aire lliure especialment ric. El jard\u00ed \u00e9s viu, canviant, imprevisible; cada dia ofereix noves oportunitats de descoberta, de joc i de relaci\u00f3 amb la natura.<\/p>\n<p data-start=\"357\" data-end=\"684\">L\u2019edifici est\u00e0 pensat perqu\u00e8 hi hagi una continu\u00eftat natural entre el que passa a dins i a fora. Les estances s\u2019obren directament al jard\u00ed i conviden a aquest di\u00e0leg constant amb l\u2019entorn. D\u2019aquesta manera, l\u2019escola es relaciona amb el m\u00f3n exterior a trav\u00e9s de la natura, la cultura i les experi\u00e8ncies quotidianes dels infants.<\/p>\n<p data-start=\"686\" data-end=\"1000\">Entenem l\u2019escola com una\u00a0llar compartida: un espai viu que es transforma i s\u2019adapta a les necessitats dels qui l\u2019habitem. Per aix\u00f2 tots els espais tenen valor educatiu i formen part del dia a dia dels infants: l\u2019entrada, els passadissos, les estances, els dormitoris, la sala d\u2019usos m\u00faltiples, la cuina i el jard\u00ed.<\/p>\n<p data-start=\"1002\" data-end=\"1392\">L\u2019entrada \u00e9s un espai de benvinguda i de trobada. \u00c9s un lloc de pas, per\u00f2 tamb\u00e9 un lloc on aturar-se: mirar llibres, escoltar contes o m\u00fasica\u00a0<span style=\"font-family: inherit; font-size: 1em;\">en petit grup. Les fam\u00edlies tamb\u00e9 hi poden compartir estones tranquil\u00b7les amb els seus fills i filles, explicant o mirant un conte plegats.\u00a0<\/span><\/p>\n<\/div>\n<\/div>\n<\/div>\n<\/div>\n<\/div>\n<\/div>\n<\/article>\n<div><\/div>\n<\/div>\n<p data-wp-editing=\"1\"><a href=\"https:\/\/agora.xtec.cat\/eeielrodo\/wp-content\/uploads\/usu2175\/2026\/03\/WhatsApp-Image-2026-03-05-at-11.25.10.jpeg\"><img loading=\"lazy\" decoding=\"async\" class=\"wp-image-2507\" src=\"https:\/\/agora.xtec.cat\/eeielrodo\/wp-content\/uploads\/usu2175\/2026\/03\/WhatsApp-Image-2026-03-05-at-11.25.10-300x232.jpeg\" alt=\"\" width=\"323\" height=\"250\" srcset=\"https:\/\/agora.xtec.cat\/eeielrodo\/wp-content\/uploads\/usu2175\/2026\/03\/WhatsApp-Image-2026-03-05-at-11.25.10-300x232.jpeg 300w, https:\/\/agora.xtec.cat\/eeielrodo\/wp-content\/uploads\/usu2175\/2026\/03\/WhatsApp-Image-2026-03-05-at-11.25.10-1024x791.jpeg 1024w, https:\/\/agora.xtec.cat\/eeielrodo\/wp-content\/uploads\/usu2175\/2026\/03\/WhatsApp-Image-2026-03-05-at-11.25.10-768x593.jpeg 768w, https:\/\/agora.xtec.cat\/eeielrodo\/wp-content\/uploads\/usu2175\/2026\/03\/WhatsApp-Image-2026-03-05-at-11.25.10-1536x1186.jpeg 1536w, https:\/\/agora.xtec.cat\/eeielrodo\/wp-content\/uploads\/usu2175\/2026\/03\/WhatsApp-Image-2026-03-05-at-11.25.10.jpeg 1926w\" sizes=\"auto, (max-width: 323px) 100vw, 323px\" \/> <\/a><img loading=\"lazy\" decoding=\"async\" class=\"alignnone wp-image-2508\" src=\"https:\/\/agora.xtec.cat\/eeielrodo\/wp-content\/uploads\/usu2175\/2026\/03\/WhatsApp-Image-2026-03-05-at-11.254.11-300x235.jpeg\" alt=\"\" width=\"318\" height=\"249\" srcset=\"https:\/\/agora.xtec.cat\/eeielrodo\/wp-content\/uploads\/usu2175\/2026\/03\/WhatsApp-Image-2026-03-05-at-11.254.11-300x235.jpeg 300w, https:\/\/agora.xtec.cat\/eeielrodo\/wp-content\/uploads\/usu2175\/2026\/03\/WhatsApp-Image-2026-03-05-at-11.254.11-1024x802.jpeg 1024w, https:\/\/agora.xtec.cat\/eeielrodo\/wp-content\/uploads\/usu2175\/2026\/03\/WhatsApp-Image-2026-03-05-at-11.254.11-768x602.jpeg 768w, https:\/\/agora.xtec.cat\/eeielrodo\/wp-content\/uploads\/usu2175\/2026\/03\/WhatsApp-Image-2026-03-05-at-11.254.11-1536x1204.jpeg 1536w, https:\/\/agora.xtec.cat\/eeielrodo\/wp-content\/uploads\/usu2175\/2026\/03\/WhatsApp-Image-2026-03-05-at-11.254.11.jpeg 1853w\" sizes=\"auto, (max-width: 318px) 100vw, 318px\" \/> <a href=\"https:\/\/agora.xtec.cat\/eeielrodo\/wp-content\/uploads\/usu2175\/2026\/03\/WhatsApp-Image-2026-03-05-at-11.215.11.jpeg\"><img loading=\"lazy\" decoding=\"async\" class=\"wp-image-2509\" src=\"https:\/\/agora.xtec.cat\/eeielrodo\/wp-content\/uploads\/usu2175\/2026\/03\/WhatsApp-Image-2026-03-05-at-11.215.11-300x225.jpeg\" alt=\"\" width=\"331\" height=\"248\" srcset=\"https:\/\/agora.xtec.cat\/eeielrodo\/wp-content\/uploads\/usu2175\/2026\/03\/WhatsApp-Image-2026-03-05-at-11.215.11-300x225.jpeg 300w, https:\/\/agora.xtec.cat\/eeielrodo\/wp-content\/uploads\/usu2175\/2026\/03\/WhatsApp-Image-2026-03-05-at-11.215.11-1024x768.jpeg 1024w, https:\/\/agora.xtec.cat\/eeielrodo\/wp-content\/uploads\/usu2175\/2026\/03\/WhatsApp-Image-2026-03-05-at-11.215.11-768x576.jpeg 768w, https:\/\/agora.xtec.cat\/eeielrodo\/wp-content\/uploads\/usu2175\/2026\/03\/WhatsApp-Image-2026-03-05-at-11.215.11-1536x1152.jpeg 1536w, https:\/\/agora.xtec.cat\/eeielrodo\/wp-content\/uploads\/usu2175\/2026\/03\/WhatsApp-Image-2026-03-05-at-11.215.11-200x150.jpeg 200w, https:\/\/agora.xtec.cat\/eeielrodo\/wp-content\/uploads\/usu2175\/2026\/03\/WhatsApp-Image-2026-03-05-at-11.215.11.jpeg 2048w\" sizes=\"auto, (max-width: 331px) 100vw, 331px\" \/><\/a><\/p>\n<div class=\"flex max-w-full flex-col grow\">\n<div class=\"min-h-8 text-message relative flex w-full flex-col items-end gap-2 text-start break-words whitespace-normal [.text-message+&amp;]:mt-1\" dir=\"auto\" data-message-author-role=\"assistant\" data-message-id=\"1559e71f-162e-49ea-a27e-41fce2e58f95\" data-message-model-slug=\"gpt-5-3\">\n<div class=\"flex w-full flex-col gap-1 empty:hidden first:pt-[1px]\">\n<div class=\"markdown prose dark:prose-invert w-full wrap-break-word light markdown-new-styling\">\n<p style=\"text-align: left;\" data-start=\"1394\" data-end=\"1840\">Els infants d\u20191 a 2 anys utilitzen l\u2019estan\u00e7a com a espai principal de la seva activitat quotidiana. \u00c9s un lloc on jugar, explorar, compartir els \u00e0pats i on tamb\u00e9 hi ha el dormitori, que forma part del mateix ambient. Les estances es comuniquen entre elles, cosa que facilita que els infants puguin descobrir altres espais i establir relacions amb altres grups, sempre respectant el ritme i la decisi\u00f3 de cadasc\u00fa de quedar-se al seu propi ambient.<a href=\"https:\/\/agora.xtec.cat\/eeielrodo\/wp-content\/uploads\/usu2175\/2026\/03\/Foto-de-EBM-Rodo-9.jpg\"><img loading=\"lazy\" decoding=\"async\" class=\" wp-image-2522 alignleft\" src=\"https:\/\/agora.xtec.cat\/eeielrodo\/wp-content\/uploads\/usu2175\/2026\/03\/Foto-de-EBM-Rodo-9-300x225.jpg\" alt=\"\" width=\"320\" height=\"240\" srcset=\"https:\/\/agora.xtec.cat\/eeielrodo\/wp-content\/uploads\/usu2175\/2026\/03\/Foto-de-EBM-Rodo-9-300x225.jpg 300w, https:\/\/agora.xtec.cat\/eeielrodo\/wp-content\/uploads\/usu2175\/2026\/03\/Foto-de-EBM-Rodo-9-1024x768.jpg 1024w, https:\/\/agora.xtec.cat\/eeielrodo\/wp-content\/uploads\/usu2175\/2026\/03\/Foto-de-EBM-Rodo-9-768x576.jpg 768w, https:\/\/agora.xtec.cat\/eeielrodo\/wp-content\/uploads\/usu2175\/2026\/03\/Foto-de-EBM-Rodo-9-1536x1152.jpg 1536w, https:\/\/agora.xtec.cat\/eeielrodo\/wp-content\/uploads\/usu2175\/2026\/03\/Foto-de-EBM-Rodo-9-200x150.jpg 200w, https:\/\/agora.xtec.cat\/eeielrodo\/wp-content\/uploads\/usu2175\/2026\/03\/Foto-de-EBM-Rodo-9.jpg 2048w\" sizes=\"auto, (max-width: 320px) 100vw, 320px\" \/><\/a><\/p>\n<p style=\"text-align: left;\" data-start=\"1842\" data-end=\"2004\">En alguns moments del mat\u00ed tamb\u00e9 utilitzen la sala d\u2019usos m\u00faltiples, un espai ampli que permet oferir altres propostes, sobretot centrades en el moviment lliure i el joc corporal, o convertir-se en un altre espai en els dies de pluja.<\/p>\n<p style=\"text-align: left;\" data-start=\"2006\" data-end=\"2372\">Els infants de 2 a 3 anys tamb\u00e9 tenen la seva estan\u00e7a com a espai de refer\u00e8ncia, per\u00f2 al llarg del dia poden participar en propostes que es desenvolupen en altres espais de l\u2019escola. Igual que amb els m\u00e9s petits, la comunicaci\u00f3 entre estances facilita que els infants coneguin altres ambients i altres companys.<\/p>\n<p data-start=\"2733\" data-end=\"3071\">Cada estan\u00e7a disposa del seu propi espai exterior, connectat directament amb el jard\u00ed. Aix\u00f2 permet que els infants puguin sortir amb facilitat a l\u2019aire lliure i gaudir d\u2019un entorn proper i segur. En alguns moments, obrim els jardins perqu\u00e8 infants de diferents estances comparteixin espais de joc i experi\u00e8ncies.<\/p>\n<p data-start=\"3073\" data-end=\"3401\">La cuina tamb\u00e9 forma part de la vida de l\u2019escola. \u00c9s un espai on es preparen els \u00e0pats amb cura i que contribueix a crear aquest ambient de llar que volem per al Rod\u00f3. Les olors, els ritmes quotidians i la pres\u00e8ncia d\u2019aquest espai connecten els infants amb gestos i experi\u00e8ncies familiars que formen part de la vida de cada dia.<\/p>\n<p data-start=\"3403\" data-end=\"3654\" data-is-last-node=\"\" data-is-only-node=\"\">Tots aquests espais, interiors i exteriors, configuren un entorn acollidor i obert, pensat perqu\u00e8 els infants puguin moure\u2019s, descobrir, relacionar-se i cr\u00e9ixer amb llibertat. Un lloc on cada rac\u00f3 t\u00e9 vida i sentit dins de la quotidianitat de l\u2019escola.<\/p>\n<\/div>\n<\/div>\n<p style=\"text-align: right;\" data-start=\"3403\" data-end=\"3654\" data-is-last-node=\"\" data-is-only-node=\"\"><em>Revisat Mar\u00e7 2026<\/em><\/p>\n<\/div>\n<\/div>\n","protected":false},"excerpt":{"rendered":"<p><a href=\"https:\/\/agora.xtec.cat\/eeielrodo\/wp-content\/uploads\/usu2175\/2020\/05\/WhatsApp-Image-2020-05-05-at-20.17.16.jpeg\"><\/a>El Rod\u00f3 est\u00e0 situat en un edifici integrat al jard\u00ed, on el relleu del terreny crea petits desnivells, racons i camins que converteixen l\u2019exterior en un espai d\u2019activitat a l\u2019aire lliure especialment ric. El jard\u00ed \u00e9s viu, canviant, imprevisible; cada dia ofereix noves oportunitats&hellip;  <a href=\"https:\/\/agora.xtec.cat\/eeielrodo\/lescola\/instal%c2%b7lacions\/\" title=\"Read Instal\u00b7lacions i espais\">Llegeix m\u00e9s\u00bb<\/a><\/p>\n","protected":false},"author":1,"featured_media":0,"parent":22,"menu_order":40,"comment_status":"closed","ping_status":"closed","template":"page-templates\/side-menu.php","meta":{"_bbp_topic_count":0,"_bbp_reply_count":0,"_bbp_total_topic_count":0,"_bbp_total_reply_count":0,"_bbp_voice_count":0,"_bbp_anonymous_reply_count":0,"_bbp_topic_count_hidden":0,"_bbp_reply_count_hidden":0,"_bbp_forum_subforum_count":0,"footnotes":""},"class_list":["post-30","page","type-page","status-publish","hentry"],"post_mailing_queue_ids":[],"_links":{"self":[{"href":"https:\/\/agora.xtec.cat\/eeielrodo\/wp-json\/wp\/v2\/pages\/30","targetHints":{"allow":["GET"]}}],"collection":[{"href":"https:\/\/agora.xtec.cat\/eeielrodo\/wp-json\/wp\/v2\/pages"}],"about":[{"href":"https:\/\/agora.xtec.cat\/eeielrodo\/wp-json\/wp\/v2\/types\/page"}],"author":[{"embeddable":true,"href":"https:\/\/agora.xtec.cat\/eeielrodo\/wp-json\/wp\/v2\/users\/1"}],"replies":[{"embeddable":true,"href":"https:\/\/agora.xtec.cat\/eeielrodo\/wp-json\/wp\/v2\/comments?post=30"}],"version-history":[{"count":6,"href":"https:\/\/agora.xtec.cat\/eeielrodo\/wp-json\/wp\/v2\/pages\/30\/revisions"}],"predecessor-version":[{"id":2545,"href":"https:\/\/agora.xtec.cat\/eeielrodo\/wp-json\/wp\/v2\/pages\/30\/revisions\/2545"}],"up":[{"embeddable":true,"href":"https:\/\/agora.xtec.cat\/eeielrodo\/wp-json\/wp\/v2\/pages\/22"}],"wp:attachment":[{"href":"https:\/\/agora.xtec.cat\/eeielrodo\/wp-json\/wp\/v2\/media?parent=30"}],"curies":[{"name":"wp","href":"https:\/\/api.w.org\/{rel}","templated":true}]}}