{"id":2483,"date":"2026-03-05T09:07:43","date_gmt":"2026-03-05T08:07:43","guid":{"rendered":"https:\/\/agora.xtec.cat\/eeielrodo\/?page_id=2483"},"modified":"2026-03-05T12:12:53","modified_gmt":"2026-03-05T11:12:53","slug":"equip-educatiu","status":"publish","type":"page","link":"https:\/\/agora.xtec.cat\/eeielrodo\/lescola\/equip-educatiu\/","title":{"rendered":"Equip Educatiu"},"content":{"rendered":"<p data-start=\"0\" data-end=\"368\"><a href=\"https:\/\/agora.xtec.cat\/eeielrodo\/wp-content\/uploads\/usu2175\/2026\/03\/WhatsApp-Image-2026-03-05-at-09.32.26.jpeg\"><img loading=\"lazy\" decoding=\"async\" class=\" wp-image-2489 alignleft\" src=\"https:\/\/agora.xtec.cat\/eeielrodo\/wp-content\/uploads\/usu2175\/2026\/03\/WhatsApp-Image-2026-03-05-at-09.32.26-171x300.jpeg\" alt=\"\" width=\"187\" height=\"328\" srcset=\"https:\/\/agora.xtec.cat\/eeielrodo\/wp-content\/uploads\/usu2175\/2026\/03\/WhatsApp-Image-2026-03-05-at-09.32.26-171x300.jpeg 171w, https:\/\/agora.xtec.cat\/eeielrodo\/wp-content\/uploads\/usu2175\/2026\/03\/WhatsApp-Image-2026-03-05-at-09.32.26-583x1024.jpeg 583w, https:\/\/agora.xtec.cat\/eeielrodo\/wp-content\/uploads\/usu2175\/2026\/03\/WhatsApp-Image-2026-03-05-at-09.32.26-768x1350.jpeg 768w, https:\/\/agora.xtec.cat\/eeielrodo\/wp-content\/uploads\/usu2175\/2026\/03\/WhatsApp-Image-2026-03-05-at-09.32.26-874x1536.jpeg 874w, https:\/\/agora.xtec.cat\/eeielrodo\/wp-content\/uploads\/usu2175\/2026\/03\/WhatsApp-Image-2026-03-05-at-09.32.26.jpeg 1165w\" sizes=\"auto, (max-width: 187px) 100vw, 187px\" \/><\/a>L\u2019equip educatiu \u00e9s una pe\u00e7a clau en el dia a dia de l\u2019escola bressol. El nostre paper parteix d\u2019una mirada respectuosa cap a l\u2019infant, entenent-lo com el veritable protagonista del seu proc\u00e9s de creixement i aprenentatge. Per aix\u00f2, promovem un perfil d\u2019educadora que acompanya des d\u2019un segon pla, observant, escoltant i intervenint amb sensibilitat quan \u00e9s necessari.<\/p>\n<p data-start=\"370\" data-end=\"823\">Cada gest, cada mirada i cada paraula tenen un valor important en la relaci\u00f3 amb els infants. Cuidem especialment la manera com ens hi adrecem, com els mirem, com els toquem i com els parlem, amb l\u2019objectiu de construir vincles afectius de qualitat basats en la confian\u00e7a, el respecte i la seguretat. Aquesta relaci\u00f3 propera i conscient \u00e9s el fonament que permet que cada infant se senti acollit, valorat i lliure per desenvolupar-se al seu propi ritme.<\/p>\n<p data-start=\"825\" data-end=\"1225\" data-is-last-node=\"\" data-is-only-node=\"\">Entenem l\u2019equip educatiu en un sentit ampli. Totes les persones que formen part del dia a dia de l\u2019escola i que mantenen contacte amb els infants contribueixen a crear aquest entorn d\u2019acompanyament i cura: educadores, monitores, personal de cuina, de neteja o de jardineria. Cadasc\u00fa, des del seu rol, participa en la construcci\u00f3 d\u2019un espai acollidor, segur i coherent per als infants.<\/p>\n<p data-start=\"825\" data-end=\"1225\" data-is-last-node=\"\" data-is-only-node=\"\">A m\u00e9s, comptem amb una educadora addicional dins l\u2019equip educatiu, fruit de la voluntat de l\u2019Ajuntament de Molins de Rei de continuar millorant progressivament la dotaci\u00f3 de recursos humans a les escoles bressol municipals. Aquesta mesura permet refor\u00e7ar l\u2019acompanyament als infants, afavorir una atenci\u00f3 m\u00e9s propera i cuidar encara m\u00e9s la qualitat educativa del dia a dia a l\u2019escola.<\/p>\n<p style=\"text-align: right;\" data-start=\"825\" data-end=\"1225\" data-is-last-node=\"\" data-is-only-node=\"\"><em>Revisat Mar\u00e7 2026<\/em><\/p>\n","protected":false},"excerpt":{"rendered":"<p><a href=\"https:\/\/agora.xtec.cat\/eeielrodo\/wp-content\/uploads\/usu2175\/2026\/03\/WhatsApp-Image-2026-03-05-at-09.32.26.jpeg\"><\/a>L\u2019equip educatiu \u00e9s una pe\u00e7a clau en el dia a dia de l\u2019escola bressol. El nostre paper parteix d\u2019una mirada respectuosa cap a l\u2019infant, entenent-lo com el veritable protagonista del seu proc\u00e9s de creixement i aprenentatge. Per aix\u00f2, promovem un perfil d\u2019educadora que acompanya&hellip;  <a href=\"https:\/\/agora.xtec.cat\/eeielrodo\/lescola\/equip-educatiu\/\" title=\"Read Equip Educatiu\">Llegeix m\u00e9s\u00bb<\/a><\/p>\n","protected":false},"author":1,"featured_media":0,"parent":22,"menu_order":30,"comment_status":"closed","ping_status":"closed","template":"page-templates\/side-menu.php","meta":{"_bbp_topic_count":0,"_bbp_reply_count":0,"_bbp_total_topic_count":0,"_bbp_total_reply_count":0,"_bbp_voice_count":0,"_bbp_anonymous_reply_count":0,"_bbp_topic_count_hidden":0,"_bbp_reply_count_hidden":0,"_bbp_forum_subforum_count":0,"footnotes":""},"class_list":["post-2483","page","type-page","status-publish","hentry"],"post_mailing_queue_ids":[],"_links":{"self":[{"href":"https:\/\/agora.xtec.cat\/eeielrodo\/wp-json\/wp\/v2\/pages\/2483","targetHints":{"allow":["GET"]}}],"collection":[{"href":"https:\/\/agora.xtec.cat\/eeielrodo\/wp-json\/wp\/v2\/pages"}],"about":[{"href":"https:\/\/agora.xtec.cat\/eeielrodo\/wp-json\/wp\/v2\/types\/page"}],"author":[{"embeddable":true,"href":"https:\/\/agora.xtec.cat\/eeielrodo\/wp-json\/wp\/v2\/users\/1"}],"replies":[{"embeddable":true,"href":"https:\/\/agora.xtec.cat\/eeielrodo\/wp-json\/wp\/v2\/comments?post=2483"}],"version-history":[{"count":6,"href":"https:\/\/agora.xtec.cat\/eeielrodo\/wp-json\/wp\/v2\/pages\/2483\/revisions"}],"predecessor-version":[{"id":2537,"href":"https:\/\/agora.xtec.cat\/eeielrodo\/wp-json\/wp\/v2\/pages\/2483\/revisions\/2537"}],"up":[{"embeddable":true,"href":"https:\/\/agora.xtec.cat\/eeielrodo\/wp-json\/wp\/v2\/pages\/22"}],"wp:attachment":[{"href":"https:\/\/agora.xtec.cat\/eeielrodo\/wp-json\/wp\/v2\/media?parent=2483"}],"curies":[{"name":"wp","href":"https:\/\/api.w.org\/{rel}","templated":true}]}}