{"id":2471,"date":"2026-02-24T10:58:32","date_gmt":"2026-02-24T09:58:32","guid":{"rendered":"https:\/\/agora.xtec.cat\/eeielrodo\/?page_id=2471"},"modified":"2026-03-05T09:59:12","modified_gmt":"2026-03-05T08:59:12","slug":"formacio-professional-dual","status":"publish","type":"page","link":"https:\/\/agora.xtec.cat\/eeielrodo\/projectes-i-xarxes\/formacio-professional-dual\/","title":{"rendered":"Formaci\u00f3 Professional Dual"},"content":{"rendered":"<p data-start=\"56\" data-end=\"811\"><a href=\"https:\/\/agora.xtec.cat\/eeielrodo\/wp-content\/uploads\/usu2175\/2026\/02\/DUAL_alta.jpg\"><img loading=\"lazy\" decoding=\"async\" class=\" wp-image-2466 alignleft\" src=\"https:\/\/agora.xtec.cat\/eeielrodo\/wp-content\/uploads\/usu2175\/2026\/02\/DUAL_alta-300x300.jpg\" alt=\"\" width=\"195\" height=\"195\" srcset=\"https:\/\/agora.xtec.cat\/eeielrodo\/wp-content\/uploads\/usu2175\/2026\/02\/DUAL_alta-300x300.jpg 300w, https:\/\/agora.xtec.cat\/eeielrodo\/wp-content\/uploads\/usu2175\/2026\/02\/DUAL_alta-150x150.jpg 150w, https:\/\/agora.xtec.cat\/eeielrodo\/wp-content\/uploads\/usu2175\/2026\/02\/DUAL_alta.jpg 553w\" sizes=\"auto, (max-width: 195px) 100vw, 195px\" \/><\/a>Com a centre formador, l\u2019escola acull estudiants en pr\u00e0ctiques formatives amb l\u2019objectiu de contribuir a la seva formaci\u00f3 professional i facilitar el contacte directe amb el m\u00f3n laboral. Preferentment, aquestes estades es duen a terme mitjan\u00e7ant conveni amb l\u2019<span class=\"hover:entity-accent entity-underline inline cursor-pointer align-baseline\"><span class=\"whitespace-normal\">IES Gabriela Mistral<\/span><\/span>, oferint aix\u00ed la possibilitat de participar en programes de Formaci\u00f3 Professional Dual (FP Dual). Aquest model permet compatibilitzar la formaci\u00f3 te\u00f2rica al centre educatiu amb la formaci\u00f3 pr\u00e0ctica en entorns laborals reals, afavorint la interrelaci\u00f3 entre els coneixements adquirits i la realitat educativa. D\u2019aquesta manera, l\u2019alumnat pot desenvolupar habilitats i aptituds professionals indispensables per a la seva futura inserci\u00f3 dins l\u2019\u00e0mbit educatiu.<\/p>\n<p data-start=\"813\" data-end=\"1370\">L\u2019estada en pr\u00e0ctiques t\u00e9 car\u00e0cter exclusivament formatiu i en cap cas l\u2019estudiant es considera part de la plantilla del centre. L\u2019alumnat no pot quedar-se sol amb el grup d\u2019infants ni assumir la responsabilitat de l\u2019estan\u00e7a, ja que la seva pres\u00e8ncia respon a una finalitat d\u2019aprenentatge. El personal en pr\u00e0ctiques actua sempre en coordinaci\u00f3 amb l\u2019educador o educadora referent, que \u00e9s la persona responsable de l\u2019estan\u00e7a i qui guia i supervisa el proc\u00e9s formatiu, afavorint una progressiva participaci\u00f3 de l\u2019estudiant en la din\u00e0mica educativa del centre.<\/p>\n<p data-start=\"1668\" data-end=\"2233\">Per iniciar les pr\u00e0ctiques \u00e9s indispensable disposar pr\u00e8viament del conveni marc de col\u00b7laboraci\u00f3 i dels corresponents acords individuals, signats pel centre educatiu, l\u2019<span class=\"hover:entity-accent entity-underline inline cursor-pointer align-baseline\"><span class=\"whitespace-normal\">Ajuntament de Molins de Rei<\/span><\/span> com a entitat titular, l\u2019alumne o alumna en formaci\u00f3 professional i el tutor o tutora d\u2019empresa. En aquest cas, l\u2019Ajuntament designa la Direcci\u00f3 del Rod\u00f3 com a tutor o tutora d\u2019empresa, que \u00e9s la persona responsable de fer el seguiment de l\u2019alumnat aprenent i de coordinar i avaluar les activitats que es realitzen dins l\u2019\u00e0mbit educatiu de l\u2019escola bressol. Per tal de garantir una adequada qualitat formativa i una bona organitzaci\u00f3 del centre, no s\u2019admetr\u00e0 m\u00e9s d\u2019un alumne o alumna en pr\u00e0ctiques per cada estan\u00e7a.<\/p>\n<p style=\"text-align: right;\" data-start=\"1668\" data-end=\"2233\"><em>Revisat Febrer 2026<\/em><\/p>\n","protected":false},"excerpt":{"rendered":"<p><a href=\"https:\/\/agora.xtec.cat\/eeielrodo\/wp-content\/uploads\/usu2175\/2026\/02\/DUAL_alta.jpg\"><\/a>Com a centre formador, l\u2019escola acull estudiants en pr\u00e0ctiques formatives amb l\u2019objectiu de contribuir a la seva formaci\u00f3 professional i facilitar el contacte directe amb el m\u00f3n laboral. Preferentment, aquestes estades es duen a terme mitjan\u00e7ant conveni amb l\u2019IES Gabriela Mistral, oferint aix\u00ed la&hellip;  <a href=\"https:\/\/agora.xtec.cat\/eeielrodo\/projectes-i-xarxes\/formacio-professional-dual\/\" title=\"Read Formaci\u00f3 Professional Dual\">Llegeix m\u00e9s\u00bb<\/a><\/p>\n","protected":false},"author":1,"featured_media":0,"parent":2421,"menu_order":0,"comment_status":"closed","ping_status":"closed","template":"page-templates\/side-menu.php","meta":{"_bbp_topic_count":0,"_bbp_reply_count":0,"_bbp_total_topic_count":0,"_bbp_total_reply_count":0,"_bbp_voice_count":0,"_bbp_anonymous_reply_count":0,"_bbp_topic_count_hidden":0,"_bbp_reply_count_hidden":0,"_bbp_forum_subforum_count":0,"footnotes":""},"class_list":["post-2471","page","type-page","status-publish","hentry"],"post_mailing_queue_ids":[],"_links":{"self":[{"href":"https:\/\/agora.xtec.cat\/eeielrodo\/wp-json\/wp\/v2\/pages\/2471","targetHints":{"allow":["GET"]}}],"collection":[{"href":"https:\/\/agora.xtec.cat\/eeielrodo\/wp-json\/wp\/v2\/pages"}],"about":[{"href":"https:\/\/agora.xtec.cat\/eeielrodo\/wp-json\/wp\/v2\/types\/page"}],"author":[{"embeddable":true,"href":"https:\/\/agora.xtec.cat\/eeielrodo\/wp-json\/wp\/v2\/users\/1"}],"replies":[{"embeddable":true,"href":"https:\/\/agora.xtec.cat\/eeielrodo\/wp-json\/wp\/v2\/comments?post=2471"}],"version-history":[{"count":3,"href":"https:\/\/agora.xtec.cat\/eeielrodo\/wp-json\/wp\/v2\/pages\/2471\/revisions"}],"predecessor-version":[{"id":2477,"href":"https:\/\/agora.xtec.cat\/eeielrodo\/wp-json\/wp\/v2\/pages\/2471\/revisions\/2477"}],"up":[{"embeddable":true,"href":"https:\/\/agora.xtec.cat\/eeielrodo\/wp-json\/wp\/v2\/pages\/2421"}],"wp:attachment":[{"href":"https:\/\/agora.xtec.cat\/eeielrodo\/wp-json\/wp\/v2\/media?parent=2471"}],"curies":[{"name":"wp","href":"https:\/\/api.w.org\/{rel}","templated":true}]}}