{"id":3691,"date":"2026-09-03T13:48:57","date_gmt":"2026-09-03T11:48:57","guid":{"rendered":"https:\/\/agora.xtec.cat\/ecasolsones\/?page_id=3691"},"modified":"2026-09-03T16:42:16","modified_gmt":"2026-09-03T14:42:16","slug":"inscripcio-a-les-places-vacants","status":"publish","type":"page","link":"https:\/\/agora.xtec.cat\/ecasolsones\/cicles-formatius-de-grau-superior\/inscripcio-a-les-places-vacants\/","title":{"rendered":"Inscripci\u00f3 a les places vacants"},"content":{"rendered":"<h2><strong>Inscripci\u00f3 via cua virtual<\/strong><\/h2>\n<p style=\"font-weight: 400;\">D\u2019acord amb el procediment establert pel Departament d\u2019Educaci\u00f3 i Formaci\u00f3 Professional de la Generalitat de Catalunya, la <a href=\"https:\/\/aplicacions.gestioeducativa.gencat.cat\/ords\/pls\/apex\/f?p=20160079072543618:650:::NO:650:P650_CENTRE:4965D7B662406A8CA6568D13D376CE557E24EC9291397102\" target=\"_blank\" rel=\"noopener\"><strong>inscripci\u00f3 a la cua virtual<\/strong><\/a> \u00e9s obligat\u00f2ria per a les persones interessades a optar a una pla\u00e7a vacant\u00a0a la nostra escola.<\/p>\n<p style=\"font-weight: 400;\">La cua no es correspon amb un cicle formatiu concret. Per tant, en el moment de fer la inscripci\u00f3 no se sol\u00b7licita pla\u00e7a per a un cicle determinat, sin\u00f3 que la inscripci\u00f3 es fa en termes de centre. Les persones interessades seran ateses estrictament per ordre cronol\u00f2gic d\u2019inscripci\u00f3, segons la data i l\u2019hora en qu\u00e8 s\u2019hagin inscrit a la cua.<\/p>\n<hr \/>\n<h4><strong>La inscripci\u00f3 garanteix una pla\u00e7a?<\/strong><\/h4>\n<p>No.\u00a0La posici\u00f3 a la cua virtual determina \u00fanicament l\u2019ordre en qu\u00e8 ser\u00e0 atesa cada persona i\u00a0no garanteix l\u2019obtenci\u00f3 d\u2019una pla\u00e7a. L\u2019adjudicaci\u00f3 dependr\u00e0 de les vacants disponibles en cada cicle formatiu en el moment de l\u2019atenci\u00f3.<\/p>\n<h4><strong>Requisits d&#8217;acc\u00e9s<\/strong><\/h4>\n<p>Recorda que, per poder optar a una pla\u00e7a, cal complir els requisits d\u2019acc\u00e9s corresponents al grau i al cicle formatiu que es vulgui cursar. La inscripci\u00f3 a la cua virtual\u00a0no implica que es compleixin els requisits d\u2019acc\u00e9s ni garanteix l\u2019admissi\u00f3 al centre. En el moment de gestionar la pla\u00e7a, caldr\u00e0 acreditar el compliment dels requisits corresponents mitjan\u00e7ant la documentaci\u00f3 necess\u00e0ria.<\/p>\n<h4><strong>Quan es pot realitzar la inscripci\u00f3?<\/strong><\/h4>\n<p>La inscripci\u00f3 a la cua virtual s\u2019activar\u00e0 el <strong>dilluns<\/strong> <b>7 de setembre de 2026<\/b>, a partir de les<b> 09 h<\/b>, i estar\u00e0 disponible fins a les<b>\u00a023.59 h<\/b>.<\/p>\n<p><a class=\"button normal\" style=\"padding: 1em; font-weight: 400; margin: 0.1em; color: white !important; background-color: #92ae01bf;\" href=\"https:\/\/aplicacions.gestioeducativa.gencat.cat\/ords\/pls\/apex\/f?p=20160079072543618:650:::NO:650:P650_CENTRE:4965D7B662406A8CA6568D13D376CE557E24EC9291397102\" target=\"_blank\" rel=\"noopener noreferrer\">Inscriu-te a la cua virtual<\/a><\/p>\n<hr \/>\n<p><em>\u00daltima actualitzaci\u00f3: 3 de setembre del 2026.<\/em><\/p>\n","protected":false},"excerpt":{"rendered":"<p>Inscripci\u00f3 via cua virtual<br \/>\nD\u2019acord amb el procediment establert pel Departament d\u2019Educaci\u00f3 i Formaci\u00f3 Professional de la Generalitat de Catalunya, la <a href=\"https:\/\/aplicacions.gestioeducativa.gencat.cat\/ords\/pls\/apex\/f?p=20160079072543618:650:::NO:650:P650_CENTRE:4965D7B662406A8CA6568D13D376CE557E24EC9291397102\" target=\"_blank\" rel=\"noopener\">inscripci\u00f3 a la cua virtual<\/a> \u00e9s obligat\u00f2ria per a les persones interessades a optar a una pla\u00e7a vacant\u00a0a la nostra escola.<br \/>\nLa cua&hellip;  <a href=\"https:\/\/agora.xtec.cat\/ecasolsones\/cicles-formatius-de-grau-superior\/inscripcio-a-les-places-vacants\/\" title=\"Read Inscripci\u00f3 a les places vacants\">Llegeix m\u00e9s\u00bb<\/a><\/p>\n","protected":false},"author":1,"featured_media":0,"parent":515,"menu_order":2,"comment_status":"closed","ping_status":"open","template":"page-templates\/side-menu.php","meta":{"_bbp_topic_count":0,"_bbp_reply_count":0,"_bbp_total_topic_count":0,"_bbp_total_reply_count":0,"_bbp_voice_count":0,"_bbp_anonymous_reply_count":0,"_bbp_topic_count_hidden":0,"_bbp_reply_count_hidden":0,"_bbp_forum_subforum_count":0,"footnotes":""},"class_list":["post-3691","page","type-page","status-publish","hentry"],"post_mailing_queue_ids":[],"_links":{"self":[{"href":"https:\/\/agora.xtec.cat\/ecasolsones\/wp-json\/wp\/v2\/pages\/3691","targetHints":{"allow":["GET"]}}],"collection":[{"href":"https:\/\/agora.xtec.cat\/ecasolsones\/wp-json\/wp\/v2\/pages"}],"about":[{"href":"https:\/\/agora.xtec.cat\/ecasolsones\/wp-json\/wp\/v2\/types\/page"}],"author":[{"embeddable":true,"href":"https:\/\/agora.xtec.cat\/ecasolsones\/wp-json\/wp\/v2\/users\/1"}],"replies":[{"embeddable":true,"href":"https:\/\/agora.xtec.cat\/ecasolsones\/wp-json\/wp\/v2\/comments?post=3691"}],"version-history":[{"count":6,"href":"https:\/\/agora.xtec.cat\/ecasolsones\/wp-json\/wp\/v2\/pages\/3691\/revisions"}],"predecessor-version":[{"id":3713,"href":"https:\/\/agora.xtec.cat\/ecasolsones\/wp-json\/wp\/v2\/pages\/3691\/revisions\/3713"}],"up":[{"embeddable":true,"href":"https:\/\/agora.xtec.cat\/ecasolsones\/wp-json\/wp\/v2\/pages\/515"}],"wp:attachment":[{"href":"https:\/\/agora.xtec.cat\/ecasolsones\/wp-json\/wp\/v2\/media?parent=3691"}],"curies":[{"name":"wp","href":"https:\/\/api.w.org\/{rel}","templated":true}]}}