{"id":5609,"date":"2024-02-15T11:28:36","date_gmt":"2024-02-15T10:28:36","guid":{"rendered":"https:\/\/agora.xtec.cat\/ecamanresa\/?page_id=5609"},"modified":"2026-04-27T13:59:52","modified_gmt":"2026-04-27T11:59:52","slug":"jornades-tecniques-2","status":"publish","type":"page","link":"https:\/\/agora.xtec.cat\/ecamanresa\/cursos-i-jornades-tecniques\/jornades-tecniques-2\/","title":{"rendered":"Jornades T\u00e8cniques"},"content":{"rendered":"<p>TOTES LES JORNADES T\u00c8CNIQUES S\u00d3N GRATU\u00cfTES, si no s&#8217;indica cap import.<\/p>\n<p>&nbsp;<\/p>\n<table style=\"width: 100%; border-collapse: collapse; border-color: #ffffff; border-style: solid; height: 234px;\" border=\"0\">\n<tbody>\n<tr>\n<td style=\"width: 16.6667%;\"><a href=\"https:\/\/agora.xtec.cat\/ecamanresa\/wp-content\/uploads\/usu866\/2026\/01\/carrer-arbrat-1.jpg\"><img loading=\"lazy\" decoding=\"async\" class=\"alignleft size-full wp-image-7036\" src=\"https:\/\/agora.xtec.cat\/ecamanresa\/wp-content\/uploads\/usu866\/2026\/01\/carrer-arbrat-1.jpg\" alt=\"\" width=\"380\" height=\"380\" srcset=\"https:\/\/agora.xtec.cat\/ecamanresa\/wp-content\/uploads\/usu866\/2026\/01\/carrer-arbrat-1.jpg 380w, https:\/\/agora.xtec.cat\/ecamanresa\/wp-content\/uploads\/usu866\/2026\/01\/carrer-arbrat-1-300x300.jpg 300w, https:\/\/agora.xtec.cat\/ecamanresa\/wp-content\/uploads\/usu866\/2026\/01\/carrer-arbrat-1-150x150.jpg 150w\" sizes=\"auto, (max-width: 380px) 100vw, 380px\" \/><\/a><\/td>\n<td style=\"width: 25.4335%;\"><strong>Planificar, dissenyar i gestionar carrers arbrats<\/strong><\/td>\n<td style=\"width: 15.4143%;\">5\/2\/26<\/td>\n<td style=\"width: 19.2678%;\"><a href=\"https:\/\/agora.xtec.cat\/ecamanresa\/wp-content\/uploads\/usu866\/2026\/01\/260205_carrers_arbrats.pdf\" target=\"_blank\" rel=\"noopener\">Descarrega el programa<\/a><\/p>\n<p><a href=\"https:\/\/ruralcat.gencat.cat\/web\/guest\/transferencia\/preinscripcio-jornada-tecnica?p_auth=o7LaqwNj&amp;p_p_id=com_adasasistemas_JornadesPattAdministracio_JornadesPATTAdministracioPortlet_INSTANCE_SkLIvq9VZSY5&amp;p_p_lifecycle=0&amp;p_p_state=normal&amp;p_p_mode=view&amp;p_p_col_id=column-1&amp;p_p_col_pos=1&amp;p_p_col_count=2&amp;_com_adasasistemas_JornadesPattAdministracio_JornadesPATTAdministracioPortlet_INSTANCE_SkLIvq9VZSY5_tipusJornadaClicat=1&amp;_com_adasasistemas_JornadesPattAdministracio_JornadesPATTAdministracioPortlet_INSTANCE_SkLIvq9VZSY5_idJornada=18895875&amp;_com_adasasistemas_JornadesPattAdministracio_JornadesPATTAdministracioPortlet_INSTANCE_SkLIvq9VZSY5_cmd=subscribeJornada\" target=\"_blank\" rel=\"noopener\">Inscriu-te aqu\u00ed<\/a><\/td>\n<\/tr>\n<tr>\n<td style=\"width: 16.6667%;\"><a href=\"https:\/\/agora.xtec.cat\/ecamanresa\/wp-content\/uploads\/usu866\/2026\/03\/260313_flyer_jornada_delisoil_beta.jpg\"><img loading=\"lazy\" decoding=\"async\" class=\"alignleft size-full wp-image-7103\" src=\"https:\/\/agora.xtec.cat\/ecamanresa\/wp-content\/uploads\/usu866\/2026\/03\/260313_flyer_jornada_delisoil_beta.jpg\" alt=\"\" width=\"1414\" height=\"2000\" srcset=\"https:\/\/agora.xtec.cat\/ecamanresa\/wp-content\/uploads\/usu866\/2026\/03\/260313_flyer_jornada_delisoil_beta.jpg 1414w, https:\/\/agora.xtec.cat\/ecamanresa\/wp-content\/uploads\/usu866\/2026\/03\/260313_flyer_jornada_delisoil_beta-212x300.jpg 212w, https:\/\/agora.xtec.cat\/ecamanresa\/wp-content\/uploads\/usu866\/2026\/03\/260313_flyer_jornada_delisoil_beta-724x1024.jpg 724w, https:\/\/agora.xtec.cat\/ecamanresa\/wp-content\/uploads\/usu866\/2026\/03\/260313_flyer_jornada_delisoil_beta-768x1086.jpg 768w, https:\/\/agora.xtec.cat\/ecamanresa\/wp-content\/uploads\/usu866\/2026\/03\/260313_flyer_jornada_delisoil_beta-1086x1536.jpg 1086w\" sizes=\"auto, (max-width: 1414px) 100vw, 1414px\" \/><\/a><\/td>\n<td style=\"width: 25.4335%;\"><strong>Innovaci\u00f3 agron\u00f2mica per a la salut del s\u00f2l <\/strong><\/td>\n<td style=\"width: 15.4143%;\">Divendres, 13 de mar\u00e7<\/td>\n<td style=\"width: 19.2678%;\"><a href=\"https:\/\/agora.xtec.cat\/ecamanresa\/wp-content\/uploads\/usu866\/2026\/03\/260313_flyer_jornada_delisoil_beta.jpg\" target=\"_blank\" rel=\"noopener\">Consulta el programa<\/a><\/td>\n<\/tr>\n<tr>\n<td style=\"width: 16.6667%;\"><a href=\"https:\/\/agora.xtec.cat\/ecamanresa\/wp-content\/uploads\/usu866\/2026\/01\/cigro-collita-1.jpg\"><img loading=\"lazy\" decoding=\"async\" class=\"alignleft size-full wp-image-7038\" src=\"https:\/\/agora.xtec.cat\/ecamanresa\/wp-content\/uploads\/usu866\/2026\/01\/cigro-collita-1.jpg\" alt=\"\" width=\"380\" height=\"380\" srcset=\"https:\/\/agora.xtec.cat\/ecamanresa\/wp-content\/uploads\/usu866\/2026\/01\/cigro-collita-1.jpg 380w, https:\/\/agora.xtec.cat\/ecamanresa\/wp-content\/uploads\/usu866\/2026\/01\/cigro-collita-1-300x300.jpg 300w, https:\/\/agora.xtec.cat\/ecamanresa\/wp-content\/uploads\/usu866\/2026\/01\/cigro-collita-1-150x150.jpg 150w\" sizes=\"auto, (max-width: 380px) 100vw, 380px\" \/><\/a><\/td>\n<td style=\"width: 25.4335%;\"><strong>Collita i transformaci\u00f3 del cigr\u00f3 i la llentia (vegeu altres dues jornades sobre el cigr\u00f3 i la llentia)<\/strong><\/td>\n<td style=\"width: 15.4143%;\">A concretar<\/td>\n<td style=\"width: 19.2678%;\">Estem preparant el programa<\/td>\n<\/tr>\n<tr>\n<td style=\"width: 16.6667%;\"><a href=\"https:\/\/agora.xtec.cat\/ecamanresa\/wp-content\/uploads\/usu866\/2026\/01\/com-afecten-fitosanitaris-salut-1.jpg\"><img loading=\"lazy\" decoding=\"async\" class=\"alignleft size-full wp-image-7041\" src=\"https:\/\/agora.xtec.cat\/ecamanresa\/wp-content\/uploads\/usu866\/2026\/01\/com-afecten-fitosanitaris-salut-1.jpg\" alt=\"\" width=\"380\" height=\"380\" srcset=\"https:\/\/agora.xtec.cat\/ecamanresa\/wp-content\/uploads\/usu866\/2026\/01\/com-afecten-fitosanitaris-salut-1.jpg 380w, https:\/\/agora.xtec.cat\/ecamanresa\/wp-content\/uploads\/usu866\/2026\/01\/com-afecten-fitosanitaris-salut-1-300x300.jpg 300w, https:\/\/agora.xtec.cat\/ecamanresa\/wp-content\/uploads\/usu866\/2026\/01\/com-afecten-fitosanitaris-salut-1-150x150.jpg 150w\" sizes=\"auto, (max-width: 380px) 100vw, 380px\" \/><\/a><\/td>\n<td style=\"width: 25.4335%;\"><strong>Com afecten els fitosanitaris a la salut humana de les persones que els apliquen?<\/strong><\/td>\n<td style=\"width: 15.4143%;\">A concretar<\/td>\n<td style=\"width: 19.2678%;\">Estem preparant el programa<\/td>\n<\/tr>\n<tr>\n<td style=\"width: 16.6667%;\"><a href=\"https:\/\/agora.xtec.cat\/ecamanresa\/wp-content\/uploads\/usu866\/2026\/01\/com-remunerar-serveis-ecosistemics-1.jpg\"><img loading=\"lazy\" decoding=\"async\" class=\"alignleft size-full wp-image-7042\" src=\"https:\/\/agora.xtec.cat\/ecamanresa\/wp-content\/uploads\/usu866\/2026\/01\/com-remunerar-serveis-ecosistemics-1.jpg\" alt=\"\" width=\"380\" height=\"380\" srcset=\"https:\/\/agora.xtec.cat\/ecamanresa\/wp-content\/uploads\/usu866\/2026\/01\/com-remunerar-serveis-ecosistemics-1.jpg 380w, https:\/\/agora.xtec.cat\/ecamanresa\/wp-content\/uploads\/usu866\/2026\/01\/com-remunerar-serveis-ecosistemics-1-300x300.jpg 300w, https:\/\/agora.xtec.cat\/ecamanresa\/wp-content\/uploads\/usu866\/2026\/01\/com-remunerar-serveis-ecosistemics-1-150x150.jpg 150w\" sizes=\"auto, (max-width: 380px) 100vw, 380px\" \/><\/a><\/td>\n<td style=\"width: 25.4335%;\"><strong>Com remunerar els serveis ecosist\u00e8mics de la teva finca agroforestal<\/strong><\/td>\n<td style=\"width: 15.4143%;\">A concretar<\/td>\n<td style=\"width: 19.2678%;\">Estem preparant el programa<\/td>\n<\/tr>\n<tr>\n<td style=\"width: 16.6667%;\"><a href=\"https:\/\/agora.xtec.cat\/ecamanresa\/wp-content\/uploads\/usu866\/2026\/01\/bancals-permanents-IMG_8177-1.jpg\"><img loading=\"lazy\" decoding=\"async\" class=\"alignleft size-full wp-image-7034\" src=\"https:\/\/agora.xtec.cat\/ecamanresa\/wp-content\/uploads\/usu866\/2026\/01\/bancals-permanents-IMG_8177-1.jpg\" alt=\"\" width=\"380\" height=\"380\" srcset=\"https:\/\/agora.xtec.cat\/ecamanresa\/wp-content\/uploads\/usu866\/2026\/01\/bancals-permanents-IMG_8177-1.jpg 380w, https:\/\/agora.xtec.cat\/ecamanresa\/wp-content\/uploads\/usu866\/2026\/01\/bancals-permanents-IMG_8177-1-300x300.jpg 300w, https:\/\/agora.xtec.cat\/ecamanresa\/wp-content\/uploads\/usu866\/2026\/01\/bancals-permanents-IMG_8177-1-150x150.jpg 150w\" sizes=\"auto, (max-width: 380px) 100vw, 380px\" \/><\/a><\/td>\n<td style=\"width: 25.4335%;\"><strong>Horta sense llaurar: elaboraci\u00f3 d&#8217;un bancal biointensiu<\/strong><\/td>\n<td style=\"width: 15.4143%;\">Dissabte, 25 d&#8217;abril<\/td>\n<td style=\"width: 19.2678%;\"><a href=\"https:\/\/agora.xtec.cat\/ecamanresa\/wp-content\/uploads\/usu866\/2026\/04\/260425_jornada-bancal-biointensiu-horta.pdf\" target=\"_blank\" rel=\"noopener\">Descarrega el programa<\/a><\/p>\n<p><a href=\"https:\/\/ruralcat.gencat.cat\/web\/guest\/transferencia\/preinscripcio-jornada-tecnica?p_auth=blfMrViK&amp;p_p_id=com_adasasistemas_JornadesPattAdministracio_JornadesPATTAdministracioPortlet_INSTANCE_SkLIvq9VZSY5&amp;p_p_lifecycle=0&amp;p_p_state=normal&amp;p_p_mode=view&amp;p_p_col_id=column-1&amp;p_p_col_pos=1&amp;p_p_col_count=2&amp;_com_adasasistemas_JornadesPattAdministracio_JornadesPATTAdministracioPortlet_INSTANCE_SkLIvq9VZSY5_tipusJornadaClicat=1&amp;_com_adasasistemas_JornadesPattAdministracio_JornadesPATTAdministracioPortlet_INSTANCE_SkLIvq9VZSY5_idJornada=19034222&amp;_com_adasasistemas_JornadesPattAdministracio_JornadesPATTAdministracioPortlet_INSTANCE_SkLIvq9VZSY5_cmd=subscribeJornada\" target=\"_blank\" rel=\"noopener\">Inscriu-te aqu\u00ed<\/a><\/td>\n<\/tr>\n<tr>\n<td style=\"width: 16.6667%;\"><a href=\"https:\/\/agora.xtec.cat\/ecamanresa\/wp-content\/uploads\/usu866\/2026\/01\/cigro-desherbatge-1.jpg\"><img loading=\"lazy\" decoding=\"async\" class=\"alignleft size-full wp-image-7039\" src=\"https:\/\/agora.xtec.cat\/ecamanresa\/wp-content\/uploads\/usu866\/2026\/01\/cigro-desherbatge-1.jpg\" alt=\"\" width=\"380\" height=\"380\" srcset=\"https:\/\/agora.xtec.cat\/ecamanresa\/wp-content\/uploads\/usu866\/2026\/01\/cigro-desherbatge-1.jpg 380w, https:\/\/agora.xtec.cat\/ecamanresa\/wp-content\/uploads\/usu866\/2026\/01\/cigro-desherbatge-1-300x300.jpg 300w, https:\/\/agora.xtec.cat\/ecamanresa\/wp-content\/uploads\/usu866\/2026\/01\/cigro-desherbatge-1-150x150.jpg 150w\" sizes=\"auto, (max-width: 380px) 100vw, 380px\" \/><\/a><\/td>\n<td style=\"width: 25.4335%;\"><strong>Desherbatge del cigr\u00f3 i la llentia (vegeu altres dues jornades sobre el cigr\u00f3 i la llentia)<\/strong><\/td>\n<td style=\"width: 15.4143%;\">A concretar<\/td>\n<td style=\"width: 19.2678%;\"><a href=\"https:\/\/agora.xtec.cat\/ecamanresa\/wp-content\/uploads\/usu866\/2026\/04\/260424_jornada_desherbatge_lleguminoses_mollet-gallecs.pdf\" target=\"_blank\" rel=\"noopener\">Descarrega el programa<\/a><\/p>\n<p><a href=\"https:\/\/ruralcat.gencat.cat\/web\/guest\/transferencia\/preinscripcio-jornada-tecnica\" target=\"_blank\" rel=\"noopener\">Inscriu-te aqu\u00ed<\/a><\/td>\n<\/tr>\n<tr>\n<td style=\"width: 16.6667%;\"><a href=\"https:\/\/agora.xtec.cat\/ecamanresa\/wp-content\/uploads\/usu866\/2026\/01\/dimarts_herba.jpg\"><img loading=\"lazy\" decoding=\"async\" class=\"alignleft size-full wp-image-7026\" src=\"https:\/\/agora.xtec.cat\/ecamanresa\/wp-content\/uploads\/usu866\/2026\/01\/dimarts_herba.jpg\" alt=\"\" width=\"380\" height=\"380\" srcset=\"https:\/\/agora.xtec.cat\/ecamanresa\/wp-content\/uploads\/usu866\/2026\/01\/dimarts_herba.jpg 380w, https:\/\/agora.xtec.cat\/ecamanresa\/wp-content\/uploads\/usu866\/2026\/01\/dimarts_herba-300x300.jpg 300w, https:\/\/agora.xtec.cat\/ecamanresa\/wp-content\/uploads\/usu866\/2026\/01\/dimarts_herba-150x150.jpg 150w\" sizes=\"auto, (max-width: 380px) 100vw, 380px\" \/><\/a><\/td>\n<td style=\"width: 25.4335%;\"><strong>Dimarts a l&#8217;herba: ramaderia de baix cost i altament eficient<\/strong><\/td>\n<td style=\"width: 15.4143%;\">A concretar<\/td>\n<td style=\"width: 19.2678%;\">Estem preparant el programa<\/td>\n<\/tr>\n<tr>\n<td style=\"width: 16.6667%;\"><a href=\"https:\/\/agora.xtec.cat\/ecamanresa\/wp-content\/uploads\/usu866\/2026\/01\/disseny-finques-aprofitament-aigua.jpg\"><img loading=\"lazy\" decoding=\"async\" class=\"alignleft size-full wp-image-7027\" src=\"https:\/\/agora.xtec.cat\/ecamanresa\/wp-content\/uploads\/usu866\/2026\/01\/disseny-finques-aprofitament-aigua.jpg\" alt=\"\" width=\"380\" height=\"380\" srcset=\"https:\/\/agora.xtec.cat\/ecamanresa\/wp-content\/uploads\/usu866\/2026\/01\/disseny-finques-aprofitament-aigua.jpg 380w, https:\/\/agora.xtec.cat\/ecamanresa\/wp-content\/uploads\/usu866\/2026\/01\/disseny-finques-aprofitament-aigua-300x300.jpg 300w, https:\/\/agora.xtec.cat\/ecamanresa\/wp-content\/uploads\/usu866\/2026\/01\/disseny-finques-aprofitament-aigua-150x150.jpg 150w\" sizes=\"auto, (max-width: 380px) 100vw, 380px\" \/><\/a><\/td>\n<td style=\"width: 25.4335%;\"><strong>Disseny de finques per a l&#8217;aprofitament de l&#8217;aigua<\/strong><\/td>\n<td style=\"width: 15.4143%;\">A concretar<\/td>\n<td style=\"width: 19.2678%;\">Estem preparant el programa<\/td>\n<\/tr>\n<tr>\n<td style=\"width: 16.6667%;\"><a href=\"https:\/\/agora.xtec.cat\/ecamanresa\/wp-content\/uploads\/usu866\/2026\/01\/biofertilitzants-jairo_restrepo-mans-1.jpg\"><img loading=\"lazy\" decoding=\"async\" class=\"alignleft size-full wp-image-7035\" src=\"https:\/\/agora.xtec.cat\/ecamanresa\/wp-content\/uploads\/usu866\/2026\/01\/biofertilitzants-jairo_restrepo-mans-1.jpg\" alt=\"\" width=\"380\" height=\"380\" srcset=\"https:\/\/agora.xtec.cat\/ecamanresa\/wp-content\/uploads\/usu866\/2026\/01\/biofertilitzants-jairo_restrepo-mans-1.jpg 380w, https:\/\/agora.xtec.cat\/ecamanresa\/wp-content\/uploads\/usu866\/2026\/01\/biofertilitzants-jairo_restrepo-mans-1-300x300.jpg 300w, https:\/\/agora.xtec.cat\/ecamanresa\/wp-content\/uploads\/usu866\/2026\/01\/biofertilitzants-jairo_restrepo-mans-1-150x150.jpg 150w\" sizes=\"auto, (max-width: 380px) 100vw, 380px\" \/><\/a><\/td>\n<td style=\"width: 25.4335%;\"><strong>Nou m\u00e8tode per activar i regenerar el s\u00f2l, amb Jairo Restrepo<\/strong><\/td>\n<td style=\"width: 15.4143%;\">17\/2\/26<\/td>\n<td style=\"width: 19.2678%;\"><a href=\"https:\/\/agora.xtec.cat\/ecamanresa\/wp-content\/uploads\/usu866\/2026\/01\/260217_regeneracio_restrepo.pdf\" target=\"_blank\" rel=\"noopener\">Descarrega el programa<\/a><\/p>\n<p><a href=\"https:\/\/ruralcat.gencat.cat\/web\/guest\/transferencia\/preinscripcio-jornada-tecnica?p_auth=CBCqDzdn&amp;p_p_id=com_adasasistemas_JornadesPattAdministracio_JornadesPATTAdministracioPortlet_INSTANCE_SkLIvq9VZSY5&amp;p_p_lifecycle=0&amp;p_p_state=normal&amp;p_p_mode=view&amp;p_p_col_id=column-1&amp;p_p_col_pos=1&amp;p_p_col_count=2&amp;_com_adasasistemas_JornadesPattAdministracio_JornadesPATTAdministracioPortlet_INSTANCE_SkLIvq9VZSY5_tipusJornadaClicat=1&amp;_com_adasasistemas_JornadesPattAdministracio_JornadesPATTAdministracioPortlet_INSTANCE_SkLIvq9VZSY5_idJornada=18901026&amp;_com_adasasistemas_JornadesPattAdministracio_JornadesPATTAdministracioPortlet_INSTANCE_SkLIvq9VZSY5_cmd=subscribeJornada\" target=\"_blank\" rel=\"noopener\">Inscriu-te aqu\u00ed<\/a><\/td>\n<\/tr>\n<tr>\n<td style=\"width: 16.6667%;\"><a href=\"https:\/\/agora.xtec.cat\/ecamanresa\/wp-content\/uploads\/usu866\/2026\/01\/gestio-economica-horta-eco-tomatoes-2922144.jpg\"><img loading=\"lazy\" decoding=\"async\" class=\"alignleft size-full wp-image-7028\" src=\"https:\/\/agora.xtec.cat\/ecamanresa\/wp-content\/uploads\/usu866\/2026\/01\/gestio-economica-horta-eco-tomatoes-2922144.jpg\" alt=\"\" width=\"380\" height=\"380\" srcset=\"https:\/\/agora.xtec.cat\/ecamanresa\/wp-content\/uploads\/usu866\/2026\/01\/gestio-economica-horta-eco-tomatoes-2922144.jpg 380w, https:\/\/agora.xtec.cat\/ecamanresa\/wp-content\/uploads\/usu866\/2026\/01\/gestio-economica-horta-eco-tomatoes-2922144-300x300.jpg 300w, https:\/\/agora.xtec.cat\/ecamanresa\/wp-content\/uploads\/usu866\/2026\/01\/gestio-economica-horta-eco-tomatoes-2922144-150x150.jpg 150w\" sizes=\"auto, (max-width: 380px) 100vw, 380px\" \/><\/a><\/td>\n<td style=\"width: 25.4335%;\"><strong>Viabilitat econ\u00f2mica i financera de projectes hort\u00edcoles ecol\u00f2gics<\/strong><\/td>\n<td style=\"width: 15.4143%;\">7\/5\/26<\/td>\n<td style=\"width: 19.2678%;\"><a href=\"https:\/\/agora.xtec.cat\/ecamanresa\/wp-content\/uploads\/usu866\/2026\/04\/260507_viabilitat_economica_financera_horticultura.pdf\" target=\"_blank\" rel=\"noopener\">Descarrega el programa<\/a><\/p>\n<p><a href=\"https:\/\/ruralcat.gencat.cat\/web\/guest\/transferencia\/preinscripcio-jornada-tecnica?p_auth=ItP3bv4r&amp;p_p_id=com_adasasistemas_JornadesPattAdministracio_JornadesPATTAdministracioPortlet_INSTANCE_SkLIvq9VZSY5&amp;p_p_lifecycle=0&amp;p_p_state=normal&amp;p_p_mode=view&amp;p_p_col_id=column-1&amp;p_p_col_pos=1&amp;p_p_col_count=2&amp;_com_adasasistemas_JornadesPattAdministracio_JornadesPATTAdministracioPortlet_INSTANCE_SkLIvq9VZSY5_tipusJornadaClicat=1&amp;_com_adasasistemas_JornadesPattAdministracio_JornadesPATTAdministracioPortlet_INSTANCE_SkLIvq9VZSY5_idJornada=19067391&amp;_com_adasasistemas_JornadesPattAdministracio_JornadesPATTAdministracioPortlet_INSTANCE_SkLIvq9VZSY5_cmd=subscribeJornada\" target=\"_blank\" rel=\"noopener\">Inscriu-te aqu\u00ed<\/a><\/td>\n<\/tr>\n<tr>\n<td style=\"width: 16.6667%;\"><a href=\"https:\/\/agora.xtec.cat\/ecamanresa\/wp-content\/uploads\/usu866\/2026\/01\/malaltia-vinya-fusta-Yesca-carpoforos.jpg\"><img loading=\"lazy\" decoding=\"async\" class=\"alignleft size-full wp-image-7029\" src=\"https:\/\/agora.xtec.cat\/ecamanresa\/wp-content\/uploads\/usu866\/2026\/01\/malaltia-vinya-fusta-Yesca-carpoforos.jpg\" alt=\"\" width=\"380\" height=\"380\" srcset=\"https:\/\/agora.xtec.cat\/ecamanresa\/wp-content\/uploads\/usu866\/2026\/01\/malaltia-vinya-fusta-Yesca-carpoforos.jpg 380w, https:\/\/agora.xtec.cat\/ecamanresa\/wp-content\/uploads\/usu866\/2026\/01\/malaltia-vinya-fusta-Yesca-carpoforos-300x300.jpg 300w, https:\/\/agora.xtec.cat\/ecamanresa\/wp-content\/uploads\/usu866\/2026\/01\/malaltia-vinya-fusta-Yesca-carpoforos-150x150.jpg 150w\" sizes=\"auto, (max-width: 380px) 100vw, 380px\" \/><\/a><\/td>\n<td style=\"width: 25.4335%;\"><strong>Malalties de la vinya: fongs de fusta<\/strong><\/td>\n<td style=\"width: 15.4143%;\">A concretar<\/td>\n<td style=\"width: 19.2678%;\">Estem preparant el programa<\/td>\n<\/tr>\n<tr>\n<td style=\"width: 16.6667%;\"><a href=\"https:\/\/agora.xtec.cat\/ecamanresa\/wp-content\/uploads\/usu866\/2026\/01\/olivera_garrofer.jpg\"><img loading=\"lazy\" decoding=\"async\" class=\"alignleft size-full wp-image-7030\" src=\"https:\/\/agora.xtec.cat\/ecamanresa\/wp-content\/uploads\/usu866\/2026\/01\/olivera_garrofer.jpg\" alt=\"\" width=\"380\" height=\"380\" srcset=\"https:\/\/agora.xtec.cat\/ecamanresa\/wp-content\/uploads\/usu866\/2026\/01\/olivera_garrofer.jpg 380w, https:\/\/agora.xtec.cat\/ecamanresa\/wp-content\/uploads\/usu866\/2026\/01\/olivera_garrofer-300x300.jpg 300w, https:\/\/agora.xtec.cat\/ecamanresa\/wp-content\/uploads\/usu866\/2026\/01\/olivera_garrofer-150x150.jpg 150w\" sizes=\"auto, (max-width: 380px) 100vw, 380px\" \/><\/a><\/td>\n<td style=\"width: 25.4335%;\"><strong>Olivera i garrofer: cultius clau davant el repte clim\u00e0tic<\/strong><\/td>\n<td style=\"width: 15.4143%;\">A concretar<\/td>\n<td style=\"width: 19.2678%;\">Estem preparant el programa<\/td>\n<\/tr>\n<tr>\n<td style=\"width: 16.6667%;\"><a href=\"https:\/\/agora.xtec.cat\/ecamanresa\/wp-content\/uploads\/usu866\/2026\/03\/lactofermentats-IMG-20250401-WA0022.jpg\"><img loading=\"lazy\" decoding=\"async\" class=\"alignleft size-full wp-image-7124\" src=\"https:\/\/agora.xtec.cat\/ecamanresa\/wp-content\/uploads\/usu866\/2026\/03\/lactofermentats-IMG-20250401-WA0022.jpg\" alt=\"\" width=\"380\" height=\"380\" srcset=\"https:\/\/agora.xtec.cat\/ecamanresa\/wp-content\/uploads\/usu866\/2026\/03\/lactofermentats-IMG-20250401-WA0022.jpg 380w, https:\/\/agora.xtec.cat\/ecamanresa\/wp-content\/uploads\/usu866\/2026\/03\/lactofermentats-IMG-20250401-WA0022-300x300.jpg 300w, https:\/\/agora.xtec.cat\/ecamanresa\/wp-content\/uploads\/usu866\/2026\/03\/lactofermentats-IMG-20250401-WA0022-150x150.jpg 150w\" sizes=\"auto, (max-width: 380px) 100vw, 380px\" \/><\/a><\/td>\n<td style=\"width: 25.4335%;\"><strong>Els lactofermentats, eines de millora dels cultius<\/strong><\/td>\n<td style=\"width: 15.4143%;\">15\/4\/26<\/td>\n<td style=\"width: 19.2678%;\"><a href=\"https:\/\/agora.xtec.cat\/ecamanresa\/wp-content\/uploads\/usu866\/2026\/04\/260415_lactofermentats_agricultura_manresa.pdf\" target=\"_blank\" rel=\"noopener\">Descarrega el programa<\/a><\/p>\n<p><a href=\"https:\/\/ruralcat.gencat.cat\/web\/guest\/transferencia\/preinscripcio-jornada-tecnica?p_auth=aLDofzEU&amp;p_p_id=com_adasasistemas_JornadesPattAdministracio_JornadesPATTAdministracioPortlet_INSTANCE_SkLIvq9VZSY5&amp;p_p_lifecycle=0&amp;p_p_state=normal&amp;p_p_mode=view&amp;p_p_col_id=column-1&amp;p_p_col_pos=1&amp;p_p_col_count=2&amp;_com_adasasistemas_JornadesPattAdministracio_JornadesPATTAdministracioPortlet_INSTANCE_SkLIvq9VZSY5_tipusJornadaClicat=1&amp;_com_adasasistemas_JornadesPattAdministracio_JornadesPATTAdministracioPortlet_INSTANCE_SkLIvq9VZSY5_idJornada=19012053&amp;_com_adasasistemas_JornadesPattAdministracio_JornadesPATTAdministracioPortlet_INSTANCE_SkLIvq9VZSY5_cmd=subscribeJornada\" target=\"_blank\" rel=\"noopener\">Inscriu-te aqu\u00ed<\/a><\/td>\n<\/tr>\n<tr>\n<td style=\"width: 16.6667%;\"><a href=\"https:\/\/agora.xtec.cat\/ecamanresa\/wp-content\/uploads\/usu866\/2026\/01\/cobertes-encoixinats-vinya-1.jpg\"><img loading=\"lazy\" decoding=\"async\" class=\"alignleft size-full wp-image-7040\" src=\"https:\/\/agora.xtec.cat\/ecamanresa\/wp-content\/uploads\/usu866\/2026\/01\/cobertes-encoixinats-vinya-1.jpg\" alt=\"\" width=\"380\" height=\"380\" srcset=\"https:\/\/agora.xtec.cat\/ecamanresa\/wp-content\/uploads\/usu866\/2026\/01\/cobertes-encoixinats-vinya-1.jpg 380w, https:\/\/agora.xtec.cat\/ecamanresa\/wp-content\/uploads\/usu866\/2026\/01\/cobertes-encoixinats-vinya-1-300x300.jpg 300w, https:\/\/agora.xtec.cat\/ecamanresa\/wp-content\/uploads\/usu866\/2026\/01\/cobertes-encoixinats-vinya-1-150x150.jpg 150w\" sizes=\"auto, (max-width: 380px) 100vw, 380px\" \/><\/a><\/td>\n<td style=\"width: 25.4335%;\"><strong>Preparats microbiol\u00f2gics per a la regeneraci\u00f3 de la vinya: Cobertes i encoixinats<\/strong><\/td>\n<td style=\"width: 15.4143%;\">A concretar<\/td>\n<td style=\"width: 19.2678%;\">Estem preparant el programa<\/td>\n<\/tr>\n<tr>\n<td style=\"width: 16.6667%;\"><a href=\"https:\/\/agora.xtec.cat\/ecamanresa\/wp-content\/uploads\/usu866\/2026\/01\/reverdificacio-desert-1.jpg\"><img loading=\"lazy\" decoding=\"async\" class=\"alignleft size-full wp-image-7032\" src=\"https:\/\/agora.xtec.cat\/ecamanresa\/wp-content\/uploads\/usu866\/2026\/01\/reverdificacio-desert-1.jpg\" alt=\"\" width=\"380\" height=\"380\" srcset=\"https:\/\/agora.xtec.cat\/ecamanresa\/wp-content\/uploads\/usu866\/2026\/01\/reverdificacio-desert-1.jpg 380w, https:\/\/agora.xtec.cat\/ecamanresa\/wp-content\/uploads\/usu866\/2026\/01\/reverdificacio-desert-1-300x300.jpg 300w, https:\/\/agora.xtec.cat\/ecamanresa\/wp-content\/uploads\/usu866\/2026\/01\/reverdificacio-desert-1-150x150.jpg 150w\" sizes=\"auto, (max-width: 380px) 100vw, 380px\" \/><\/a><\/td>\n<td style=\"width: 25.4335%;\"><strong>Reverdificaci\u00f3 del m\u00f3n: del desert a les zones verdes i productives<\/strong><\/td>\n<td style=\"width: 15.4143%;\">A concretar<\/td>\n<td style=\"width: 19.2678%;\">Estem preparant el programa<\/td>\n<\/tr>\n<tr>\n<td style=\"width: 16.6667%;\"><a href=\"https:\/\/agora.xtec.cat\/ecamanresa\/wp-content\/uploads\/usu866\/2026\/01\/cigro_sembra-1.jpg\"><img loading=\"lazy\" decoding=\"async\" class=\"alignleft size-full wp-image-7037\" src=\"https:\/\/agora.xtec.cat\/ecamanresa\/wp-content\/uploads\/usu866\/2026\/01\/cigro_sembra-1.jpg\" alt=\"\" width=\"380\" height=\"380\" srcset=\"https:\/\/agora.xtec.cat\/ecamanresa\/wp-content\/uploads\/usu866\/2026\/01\/cigro_sembra-1.jpg 380w, https:\/\/agora.xtec.cat\/ecamanresa\/wp-content\/uploads\/usu866\/2026\/01\/cigro_sembra-1-300x300.jpg 300w, https:\/\/agora.xtec.cat\/ecamanresa\/wp-content\/uploads\/usu866\/2026\/01\/cigro_sembra-1-150x150.jpg 150w\" sizes=\"auto, (max-width: 380px) 100vw, 380px\" \/><\/a><\/td>\n<td style=\"width: 25.4335%;\"><strong>Sembra del cigr\u00f3 i la llentia (vegeu altres dues jornades sobre el cigr\u00f3 i la llentia)<\/strong><\/td>\n<td style=\"width: 15.4143%;\">A concretar<\/td>\n<td style=\"width: 19.2678%;\"><a href=\"https:\/\/agora.xtec.cat\/ecamanresa\/wp-content\/uploads\/usu866\/2026\/02\/20260302_sembra_lleguminoses_seca.pdf\" target=\"_blank\" rel=\"noopener\">Descarrega el programa<\/a><\/p>\n<p><a href=\"https:\/\/ruralcat.gencat.cat\/web\/guest\/transferencia\/preinscripcio-jornada-tecnica?p_auth=qBkUf19V&amp;p_p_id=com_adasasistemas_JornadesPattAdministracio_JornadesPATTAdministracioPortlet_INSTANCE_SkLIvq9VZSY5&amp;p_p_lifecycle=0&amp;p_p_state=normal&amp;p_p_mode=view&amp;p_p_col_id=column-1&amp;p_p_col_pos=1&amp;p_p_col_count=2&amp;_com_adasasistemas_JornadesPattAdministracio_JornadesPATTAdministracioPortlet_INSTANCE_SkLIvq9VZSY5_tipusJornadaClicat=1&amp;_com_adasasistemas_JornadesPattAdministracio_JornadesPATTAdministracioPortlet_INSTANCE_SkLIvq9VZSY5_idJornada=18917738&amp;_com_adasasistemas_JornadesPattAdministracio_JornadesPATTAdministracioPortlet_INSTANCE_SkLIvq9VZSY5_cmd=subscribeJornada\" target=\"_blank\" rel=\"noopener\">Inscriu-te aqu\u00ed<\/a><\/td>\n<\/tr>\n<tr>\n<td style=\"width: 16.6667%;\"><a href=\"https:\/\/agora.xtec.cat\/ecamanresa\/wp-content\/uploads\/usu866\/2026\/01\/terapies-remugants-cavalls-1.jpg\"><img loading=\"lazy\" decoding=\"async\" class=\"alignleft size-full wp-image-7033\" src=\"https:\/\/agora.xtec.cat\/ecamanresa\/wp-content\/uploads\/usu866\/2026\/01\/terapies-remugants-cavalls-1.jpg\" alt=\"\" width=\"380\" height=\"380\" srcset=\"https:\/\/agora.xtec.cat\/ecamanresa\/wp-content\/uploads\/usu866\/2026\/01\/terapies-remugants-cavalls-1.jpg 380w, https:\/\/agora.xtec.cat\/ecamanresa\/wp-content\/uploads\/usu866\/2026\/01\/terapies-remugants-cavalls-1-300x300.jpg 300w, https:\/\/agora.xtec.cat\/ecamanresa\/wp-content\/uploads\/usu866\/2026\/01\/terapies-remugants-cavalls-1-150x150.jpg 150w\" sizes=\"auto, (max-width: 380px) 100vw, 380px\" \/><\/a><\/td>\n<td style=\"width: 25.4335%;\"><strong>Inter\u00e8s preventiu i curatiu de les medicines naturals per a la salut de remugants i cavalls<b><br \/>\n<\/b><\/strong><\/td>\n<td style=\"width: 15.4143%;\">9\/6\/26<\/td>\n<td style=\"width: 19.2678%;\">Estem preparant el programa<\/td>\n<\/tr>\n<\/tbody>\n<\/table>\n<p>&nbsp;<\/p>\n","protected":false},"excerpt":{"rendered":"<p>TOTES LES JORNADES T\u00c8CNIQUES S\u00d3N GRATU\u00cfTES, si no s&#8217;indica cap import.<br \/>\n&nbsp;<\/p>\n<p><a href=\"https:\/\/agora.xtec.cat\/ecamanresa\/wp-content\/uploads\/usu866\/2026\/01\/carrer-arbrat-1.jpg\"><\/a><br \/>\nPlanificar, dissenyar i gestionar carrers arbrats<br \/>\n5\/2\/26<br \/>\n<a href=\"https:\/\/agora.xtec.cat\/ecamanresa\/wp-content\/uploads\/usu866\/2026\/01\/260205_carrers_arbrats.pdf\" target=\"_blank\" rel=\"noopener\">Descarrega el programa<\/a><br \/>\n<a href=\"https:\/\/ruralcat.gencat.cat\/web\/guest\/transferencia\/preinscripcio-jornada-tecnica?p_auth=o7LaqwNj&amp;p_p_id=com_adasasistemas_JornadesPattAdministracio_JornadesPATTAdministracioPortlet_INSTANCE_SkLIvq9VZSY5&amp;p_p_lifecycle=0&amp;p_p_state=normal&amp;p_p_mode=view&amp;p_p_col_id=column-1&amp;p_p_col_pos=1&amp;p_p_col_count=2&amp;_com_adasasistemas_JornadesPattAdministracio_JornadesPATTAdministracioPortlet_INSTANCE_SkLIvq9VZSY5_tipusJornadaClicat=1&amp;_com_adasasistemas_JornadesPattAdministracio_JornadesPATTAdministracioPortlet_INSTANCE_SkLIvq9VZSY5_idJornada=18895875&amp;_com_adasasistemas_JornadesPattAdministracio_JornadesPATTAdministracioPortlet_INSTANCE_SkLIvq9VZSY5_cmd=subscribeJornada\" target=\"_blank\" rel=\"noopener\">Inscriu-te aqu\u00ed<\/a><\/p>\n<p><a href=\"https:\/\/agora.xtec.cat\/ecamanresa\/wp-content\/uploads\/usu866\/2026\/03\/260313_flyer_jornada_delisoil_beta.jpg\"><\/a><br \/>\nInnovaci\u00f3 agron\u00f2mica per a la salut del s\u00f2l<br \/>\nDivendres, 13 de mar\u00e7<br \/>\n<a href=\"https:\/\/agora.xtec.cat\/ecamanresa\/wp-content\/uploads\/usu866\/2026\/03\/260313_flyer_jornada_delisoil_beta.jpg\" target=\"_blank\" rel=\"noopener\">Consulta el programa<\/a><\/p>\n<p><a href=\"https:\/\/agora.xtec.cat\/ecamanresa\/wp-content\/uploads\/usu866\/2026\/01\/cigro-collita-1.jpg\"><\/a><br \/>\nCollita i&hellip;  <a href=\"https:\/\/agora.xtec.cat\/ecamanresa\/cursos-i-jornades-tecniques\/jornades-tecniques-2\/\" title=\"Read Jornades T\u00e8cniques\">Llegeix m\u00e9s\u00bb<\/a><\/p>\n","protected":false},"author":6,"featured_media":0,"parent":5658,"menu_order":0,"comment_status":"closed","ping_status":"closed","template":"page-templates\/side-menu.php","meta":{"_bbp_topic_count":0,"_bbp_reply_count":0,"_bbp_total_topic_count":0,"_bbp_total_reply_count":0,"_bbp_voice_count":0,"_bbp_anonymous_reply_count":0,"_bbp_topic_count_hidden":0,"_bbp_reply_count_hidden":0,"_bbp_forum_subforum_count":0,"footnotes":""},"class_list":["post-5609","page","type-page","status-publish","hentry"],"post_mailing_queue_ids":[],"_links":{"self":[{"href":"https:\/\/agora.xtec.cat\/ecamanresa\/wp-json\/wp\/v2\/pages\/5609","targetHints":{"allow":["GET"]}}],"collection":[{"href":"https:\/\/agora.xtec.cat\/ecamanresa\/wp-json\/wp\/v2\/pages"}],"about":[{"href":"https:\/\/agora.xtec.cat\/ecamanresa\/wp-json\/wp\/v2\/types\/page"}],"author":[{"embeddable":true,"href":"https:\/\/agora.xtec.cat\/ecamanresa\/wp-json\/wp\/v2\/users\/6"}],"replies":[{"embeddable":true,"href":"https:\/\/agora.xtec.cat\/ecamanresa\/wp-json\/wp\/v2\/comments?post=5609"}],"version-history":[{"count":7,"href":"https:\/\/agora.xtec.cat\/ecamanresa\/wp-json\/wp\/v2\/pages\/5609\/revisions"}],"predecessor-version":[{"id":7216,"href":"https:\/\/agora.xtec.cat\/ecamanresa\/wp-json\/wp\/v2\/pages\/5609\/revisions\/7216"}],"up":[{"embeddable":true,"href":"https:\/\/agora.xtec.cat\/ecamanresa\/wp-json\/wp\/v2\/pages\/5658"}],"wp:attachment":[{"href":"https:\/\/agora.xtec.cat\/ecamanresa\/wp-json\/wp\/v2\/media?parent=5609"}],"curies":[{"name":"wp","href":"https:\/\/api.w.org\/{rel}","templated":true}]}}