{"id":485,"date":"2016-05-21T10:19:48","date_gmt":"2016-05-21T09:19:48","guid":{"rendered":"http:\/\/agora.xtec.cat\/ecamanresa\/intraweb\/can-poc-oli\/"},"modified":"2025-05-12T12:29:24","modified_gmt":"2025-05-12T10:29:24","slug":"can-poc-oli","status":"publish","type":"page","link":"https:\/\/agora.xtec.cat\/ecamanresa\/can-poc-oli\/","title":{"rendered":"Can Poc Oli"},"content":{"rendered":"<p><a href=\"http:\/\/agora.xtec.cat\/ecamanresa\/wp-content\/uploads\/usu866\/2016\/11\/canPocOli-hivernacles.png\"><img loading=\"lazy\" decoding=\"async\" class=\"alignnone size-large wp-image-1157\" src=\"http:\/\/agora.xtec.cat\/ecamanresa\/wp-content\/uploads\/usu866\/2016\/11\/canPocOli-hivernacles-1024x261.png\" alt=\"Can Poc Oli\" width=\"1024\" height=\"261\" srcset=\"https:\/\/agora.xtec.cat\/ecamanresa\/wp-content\/uploads\/usu866\/2016\/11\/canPocOli-hivernacles-1024x261.png 1024w, https:\/\/agora.xtec.cat\/ecamanresa\/wp-content\/uploads\/usu866\/2016\/11\/canPocOli-hivernacles-300x76.png 300w, https:\/\/agora.xtec.cat\/ecamanresa\/wp-content\/uploads\/usu866\/2016\/11\/canPocOli-hivernacles-768x196.png 768w, https:\/\/agora.xtec.cat\/ecamanresa\/wp-content\/uploads\/usu866\/2016\/11\/canPocOli-hivernacles.png 1139w\" sizes=\"auto, (max-width: 1024px) 100vw, 1024px\" \/><\/a><\/p>\n<p>Can Poc Oli \u00e9s la finca de l\u2019Escola Agr\u00e0ria de Manresa, cedida per l\u2019Ajuntament, des dels anys 80.<\/p>\n<p>T\u00e9 unes 5 ha de superf\u00edcie i forma part de l\u2019Anella verda de Manresa. L\u2019ocupaci\u00f3 majorit\u00e0ria correspon als cultius: extensius, horta, vinya i l\u2019hivernacle. Tamb\u00e9 hi ha l\u2019espai d\u2019aules, tallers, magatzems i oficines.<\/p>\n<p>S\u2019hi produeix de forma ecol\u00f2gica i des dels inicis ha estat inscrita al Consejo regulador de la agricultura ecol\u00f2gica, primer, i al CCPAE actualment. Es rega amb les aig\u00fces de la Riera de Rajadell.<\/p>\n<p>Vol compatibilitzar les funcions formativa, experimental i divulgativa. L\u2019alumnat del cicle formatiu de Producci\u00f3 agroecol\u00f2gica i de formaci\u00f3 cont\u00ednua hi desenvolupa les pr\u00e0ctiques. Anualment s\u2019hi realitzen experi\u00e8ncies de camp, com a activitats continuades del PATT. Tamb\u00e9 disposa d\u2019un espai reservat al projecte Esporus de l\u2019era, centre de conservaci\u00f3 de la biodiversitat cultivada.<\/p>\n<p>S\u2019hi poden observar diferents sistemes d\u2019energia solar fotovoltaica, t\u00e8rmica, e\u00f2lica, un assecador solar, el mur d\u2019in\u00e8rcia t\u00e8rmica o murs ventilats. Una de les parcel\u00b7les es destina a mostrar diferents equipaments d\u2019energies renovables.<\/p>\n<p><strong>Hi ha dos itineraris divulgatius per descobrir els secrets de les energies renovables (itinerari taronja) i l\u2019agroecologia (itinerari verd) amb plafons i t\u00f2tems interactius repartits al llarg de la finca. <\/strong><\/p>\n<p>Tamb\u00e9 ofereix alguns exemples de bioconstrucci\u00f3, com el cobert de canya (pangol\u00ed), la caseta de fang o la barraca i murs de pedra seca.<\/p>\n<p>El 2016 es va redactar el Projecte de Can Poc Oli, una proposta a 10 anys vista perqu\u00e8 la finca esdevingui un model quan a fertilitat, harmonia i sostenibilitat agr\u00e0ria, amb actuacions que siguin econ\u00f2micament viables, ecol\u00f2gicament correctes i socialment responsables.<\/p>\n<p>&nbsp;<\/p>\n<p><strong>ESCOLA AGR\u00c0RIA DE MANRESA (FINCA DE CAN POC OLI)<\/strong><br \/>\nCarretera vella Manresa-Barcelona (Per Renfe) km 23,6<br \/>\n-08241-MANRESA<br \/>\nTel (34)\u00a0 93 872 71 93<br \/>\nCorreu:\u00a0<a href=\"mailto:ccagraria.manresa@gencat.cat\">ea_manresa.agricultura@gencat.cat <\/a><\/p>\n<hr size=\"2\" width=\"100%\" \/>\n<p><strong><span style=\"font-size: small;\">FOTOS DE LA FINCA DE CAN POC OLI<\/span><br \/>\n<\/strong><\/p>\n<table class=\" aligncenter\" style=\"border-color: #ffffff;\">\n<tbody>\n<tr style=\"height: 191px;\">\n<td style=\"height: 191px;\">\n<p style=\"text-align: justify; font-family: trebuchet ms, verdana, arial, helvetica, sans-serif;\"><img loading=\"lazy\" decoding=\"async\" class=\"wp-image-1305 aligncenter\" src=\"http:\/\/agora.xtec.cat\/ecamanresa\/wp-content\/uploads\/usu866\/2016\/05\/IMG_7477-300x225.jpg\" alt=\"IMG_7477\" width=\"186\" height=\"140\" srcset=\"https:\/\/agora.xtec.cat\/ecamanresa\/wp-content\/uploads\/usu866\/2016\/05\/IMG_7477-300x225.jpg 300w, https:\/\/agora.xtec.cat\/ecamanresa\/wp-content\/uploads\/usu866\/2016\/05\/IMG_7477-200x150.jpg 200w, https:\/\/agora.xtec.cat\/ecamanresa\/wp-content\/uploads\/usu866\/2016\/05\/IMG_7477.jpg 640w\" sizes=\"auto, (max-width: 186px) 100vw, 186px\" \/><\/p>\n<\/td>\n<td style=\"height: 191px;\"><a href=\"http:\/\/agora.xtec.cat\/ecamanresa\/wp-content\/uploads\/usu866\/2017\/11\/Jornada-t\u00e8cnica-Regeneraci\u00f3-de-s\u00f2ls-i-aprofitament-de-l\u2019aigua-amb-disseny-l\u00ednia-clau-KeyLine.jpg\"><img loading=\"lazy\" decoding=\"async\" class=\" wp-image-1781\" src=\"http:\/\/agora.xtec.cat\/ecamanresa\/wp-content\/uploads\/usu866\/2017\/11\/Jornada-t\u00e8cnica-Regeneraci\u00f3-de-s\u00f2ls-i-aprofitament-de-l\u2019aigua-amb-disseny-l\u00ednia-clau-KeyLine.jpg\" alt=\"\" width=\"225\" height=\"166\" srcset=\"https:\/\/agora.xtec.cat\/ecamanresa\/wp-content\/uploads\/usu866\/2017\/11\/Jornada-t\u00e8cnica-Regeneraci\u00f3-de-s\u00f2ls-i-aprofitament-de-l\u2019aigua-amb-disseny-l\u00ednia-clau-KeyLine.jpg 341w, https:\/\/agora.xtec.cat\/ecamanresa\/wp-content\/uploads\/usu866\/2017\/11\/Jornada-t\u00e8cnica-Regeneraci\u00f3-de-s\u00f2ls-i-aprofitament-de-l\u2019aigua-amb-disseny-l\u00ednia-clau-KeyLine-300x222.jpg 300w\" sizes=\"auto, (max-width: 225px) 100vw, 225px\" \/><\/a><\/td>\n<td style=\"height: 191px;\"><img loading=\"lazy\" decoding=\"async\" class=\"aligncenter wp-image-818\" src=\"http:\/\/agora.xtec.cat\/ecamanresa\/wp-content\/uploads\/usu866\/2016\/06\/2016-ASSAIG-D\u2019APLICACI\u00d3-DE-BIOFERTILITZANTS-TOMAQUERES-300x225.jpg\" alt=\"2016-ASSAIG D\u2019APLICACI\u00d3 DE BIOFERTILITZANTS TOMAQUERES\" width=\"214\" height=\"160\" srcset=\"https:\/\/agora.xtec.cat\/ecamanresa\/wp-content\/uploads\/usu866\/2016\/06\/2016-ASSAIG-D\u2019APLICACI\u00d3-DE-BIOFERTILITZANTS-TOMAQUERES-300x225.jpg 300w, https:\/\/agora.xtec.cat\/ecamanresa\/wp-content\/uploads\/usu866\/2016\/06\/2016-ASSAIG-D\u2019APLICACI\u00d3-DE-BIOFERTILITZANTS-TOMAQUERES-200x150.jpg 200w, https:\/\/agora.xtec.cat\/ecamanresa\/wp-content\/uploads\/usu866\/2016\/06\/2016-ASSAIG-D\u2019APLICACI\u00d3-DE-BIOFERTILITZANTS-TOMAQUERES.jpg 448w\" sizes=\"auto, (max-width: 214px) 100vw, 214px\" \/><\/td>\n<\/tr>\n<tr style=\"height: 190px;\">\n<td style=\"height: 190px;\"><img loading=\"lazy\" decoding=\"async\" class=\"aligncenter wp-image-1173\" src=\"http:\/\/agora.xtec.cat\/ecamanresa\/wp-content\/uploads\/usu866\/2017\/02\/poda_ceps.jpg\" alt=\"poda_ceps\" width=\"185\" height=\"181\" \/><\/td>\n<td style=\"height: 190px;\">\u00a0<img loading=\"lazy\" decoding=\"async\" class=\"aligncenter size-medium wp-image-1225\" src=\"http:\/\/agora.xtec.cat\/ecamanresa\/wp-content\/uploads\/usu866\/2017\/03\/Manresa11-300x169.jpg\" alt=\"\" width=\"300\" height=\"169\" srcset=\"https:\/\/agora.xtec.cat\/ecamanresa\/wp-content\/uploads\/usu866\/2017\/03\/Manresa11-300x169.jpg 300w, https:\/\/agora.xtec.cat\/ecamanresa\/wp-content\/uploads\/usu866\/2017\/03\/Manresa11-768x432.jpg 768w, https:\/\/agora.xtec.cat\/ecamanresa\/wp-content\/uploads\/usu866\/2017\/03\/Manresa11.jpg 1000w\" sizes=\"auto, (max-width: 300px) 100vw, 300px\" \/><\/td>\n<td style=\"height: 190px;\">\u00a0<img loading=\"lazy\" decoding=\"async\" class=\"aligncenter size-medium wp-image-1226\" src=\"http:\/\/agora.xtec.cat\/ecamanresa\/wp-content\/uploads\/usu866\/2017\/03\/Manresa13-300x169.jpg\" alt=\"manresa13\" width=\"300\" height=\"169\" srcset=\"https:\/\/agora.xtec.cat\/ecamanresa\/wp-content\/uploads\/usu866\/2017\/03\/Manresa13-300x169.jpg 300w, https:\/\/agora.xtec.cat\/ecamanresa\/wp-content\/uploads\/usu866\/2017\/03\/Manresa13-768x432.jpg 768w, https:\/\/agora.xtec.cat\/ecamanresa\/wp-content\/uploads\/usu866\/2017\/03\/Manresa13.jpg 1000w\" sizes=\"auto, (max-width: 300px) 100vw, 300px\" \/><\/td>\n<\/tr>\n<tr style=\"height: 204px;\">\n<td style=\"height: 204px;\">\u00a0<img loading=\"lazy\" decoding=\"async\" class=\" wp-image-1222 alignleft\" src=\"http:\/\/agora.xtec.cat\/ecamanresa\/wp-content\/uploads\/usu866\/2017\/03\/Manresa7-300x169.jpg\" alt=\"manresa7\" width=\"285\" height=\"161\" srcset=\"https:\/\/agora.xtec.cat\/ecamanresa\/wp-content\/uploads\/usu866\/2017\/03\/Manresa7-300x169.jpg 300w, https:\/\/agora.xtec.cat\/ecamanresa\/wp-content\/uploads\/usu866\/2017\/03\/Manresa7-768x432.jpg 768w, https:\/\/agora.xtec.cat\/ecamanresa\/wp-content\/uploads\/usu866\/2017\/03\/Manresa7.jpg 1000w\" sizes=\"auto, (max-width: 285px) 100vw, 285px\" \/><\/td>\n<td style=\"height: 204px;\">\u00a0<img loading=\"lazy\" decoding=\"async\" class=\"size-medium wp-image-1221 alignleft\" src=\"http:\/\/agora.xtec.cat\/ecamanresa\/wp-content\/uploads\/usu866\/2017\/03\/Manresa6-300x169.jpg\" alt=\"manresa6\" width=\"300\" height=\"169\" srcset=\"https:\/\/agora.xtec.cat\/ecamanresa\/wp-content\/uploads\/usu866\/2017\/03\/Manresa6-300x169.jpg 300w, https:\/\/agora.xtec.cat\/ecamanresa\/wp-content\/uploads\/usu866\/2017\/03\/Manresa6-768x432.jpg 768w, https:\/\/agora.xtec.cat\/ecamanresa\/wp-content\/uploads\/usu866\/2017\/03\/Manresa6.jpg 1000w\" sizes=\"auto, (max-width: 300px) 100vw, 300px\" \/><\/td>\n<td style=\"height: 204px;\">\u00a0<img loading=\"lazy\" decoding=\"async\" class=\" wp-image-1224 alignleft\" src=\"http:\/\/agora.xtec.cat\/ecamanresa\/wp-content\/uploads\/usu866\/2017\/03\/Manresa9-300x169.jpg\" alt=\"manresa9\" width=\"302\" height=\"170\" srcset=\"https:\/\/agora.xtec.cat\/ecamanresa\/wp-content\/uploads\/usu866\/2017\/03\/Manresa9-300x169.jpg 300w, https:\/\/agora.xtec.cat\/ecamanresa\/wp-content\/uploads\/usu866\/2017\/03\/Manresa9-768x432.jpg 768w, https:\/\/agora.xtec.cat\/ecamanresa\/wp-content\/uploads\/usu866\/2017\/03\/Manresa9.jpg 1000w\" sizes=\"auto, (max-width: 302px) 100vw, 302px\" \/><\/td>\n<\/tr>\n<tr style=\"height: 242px;\">\n<td style=\"height: 242px;\"><img loading=\"lazy\" decoding=\"async\" class=\"size-medium wp-image-1223 alignleft\" src=\"http:\/\/agora.xtec.cat\/ecamanresa\/wp-content\/uploads\/usu866\/2017\/03\/Manresa8-300x169.jpg\" alt=\"manresa8\" width=\"300\" height=\"169\" srcset=\"https:\/\/agora.xtec.cat\/ecamanresa\/wp-content\/uploads\/usu866\/2017\/03\/Manresa8-300x169.jpg 300w, https:\/\/agora.xtec.cat\/ecamanresa\/wp-content\/uploads\/usu866\/2017\/03\/Manresa8-768x432.jpg 768w, https:\/\/agora.xtec.cat\/ecamanresa\/wp-content\/uploads\/usu866\/2017\/03\/Manresa8.jpg 1000w\" sizes=\"auto, (max-width: 300px) 100vw, 300px\" \/><\/td>\n<td style=\"height: 242px;\">\u00a0<img loading=\"lazy\" decoding=\"async\" class=\"aligncenter wp-image-854\" src=\"http:\/\/agora.xtec.cat\/ecamanresa\/wp-content\/uploads\/usu866\/2016\/03\/20160309-seminari-per-a-formadors-en-agroecologia_2-300x169.jpg\" alt=\"20160309-seminari per a formadors en agroecologia_2\" width=\"254\" height=\"143\" srcset=\"https:\/\/agora.xtec.cat\/ecamanresa\/wp-content\/uploads\/usu866\/2016\/03\/20160309-seminari-per-a-formadors-en-agroecologia_2-300x169.jpg 300w, https:\/\/agora.xtec.cat\/ecamanresa\/wp-content\/uploads\/usu866\/2016\/03\/20160309-seminari-per-a-formadors-en-agroecologia_2.jpg 448w\" sizes=\"auto, (max-width: 254px) 100vw, 254px\" \/><\/td>\n<td style=\"height: 242px;\">\u00a0<img loading=\"lazy\" decoding=\"async\" class=\"aligncenter wp-image-1311\" src=\"http:\/\/agora.xtec.cat\/ecamanresa\/wp-content\/uploads\/usu866\/2016\/05\/DSC02944-225x300.jpg\" alt=\"DSC02944\" width=\"157\" height=\"209\" srcset=\"https:\/\/agora.xtec.cat\/ecamanresa\/wp-content\/uploads\/usu866\/2016\/05\/DSC02944-225x300.jpg 225w, https:\/\/agora.xtec.cat\/ecamanresa\/wp-content\/uploads\/usu866\/2016\/05\/DSC02944-768x1024.jpg 768w, https:\/\/agora.xtec.cat\/ecamanresa\/wp-content\/uploads\/usu866\/2016\/05\/DSC02944.jpg 1200w\" sizes=\"auto, (max-width: 157px) 100vw, 157px\" \/><\/td>\n<\/tr>\n<tr style=\"height: 231px;\">\n<td style=\"height: 231px;\"><img loading=\"lazy\" decoding=\"async\" class=\"aligncenter wp-image-1312\" src=\"http:\/\/agora.xtec.cat\/ecamanresa\/wp-content\/uploads\/usu866\/2016\/05\/cuinasol1-209x300.jpg\" alt=\"cuinasol1\" width=\"149\" height=\"214\" srcset=\"https:\/\/agora.xtec.cat\/ecamanresa\/wp-content\/uploads\/usu866\/2016\/05\/cuinasol1-209x300.jpg 209w, https:\/\/agora.xtec.cat\/ecamanresa\/wp-content\/uploads\/usu866\/2016\/05\/cuinasol1.jpg 270w\" sizes=\"auto, (max-width: 149px) 100vw, 149px\" \/><\/td>\n<td style=\"height: 231px;\"><img loading=\"lazy\" decoding=\"async\" class=\"aligncenter wp-image-1314\" src=\"http:\/\/agora.xtec.cat\/ecamanresa\/wp-content\/uploads\/usu866\/2016\/05\/DSCN0086-300x225.jpg\" alt=\"DSCN0086\" width=\"248\" height=\"186\" srcset=\"https:\/\/agora.xtec.cat\/ecamanresa\/wp-content\/uploads\/usu866\/2016\/05\/DSCN0086-300x225.jpg 300w, https:\/\/agora.xtec.cat\/ecamanresa\/wp-content\/uploads\/usu866\/2016\/05\/DSCN0086-768x576.jpg 768w, https:\/\/agora.xtec.cat\/ecamanresa\/wp-content\/uploads\/usu866\/2016\/05\/DSCN0086-1024x768.jpg 1024w, https:\/\/agora.xtec.cat\/ecamanresa\/wp-content\/uploads\/usu866\/2016\/05\/DSCN0086-200x150.jpg 200w\" sizes=\"auto, (max-width: 248px) 100vw, 248px\" \/><\/td>\n<td style=\"height: 231px;\"><img loading=\"lazy\" decoding=\"async\" class=\"aligncenter wp-image-1309\" src=\"http:\/\/agora.xtec.cat\/ecamanresa\/wp-content\/uploads\/usu866\/2016\/05\/DSC02133-300x169.jpg\" alt=\"Caseta de fang\" width=\"282\" height=\"159\" srcset=\"https:\/\/agora.xtec.cat\/ecamanresa\/wp-content\/uploads\/usu866\/2016\/05\/DSC02133-300x169.jpg 300w, https:\/\/agora.xtec.cat\/ecamanresa\/wp-content\/uploads\/usu866\/2016\/05\/DSC02133-768x432.jpg 768w, https:\/\/agora.xtec.cat\/ecamanresa\/wp-content\/uploads\/usu866\/2016\/05\/DSC02133-1024x576.jpg 1024w, https:\/\/agora.xtec.cat\/ecamanresa\/wp-content\/uploads\/usu866\/2016\/05\/DSC02133.jpg 1920w\" sizes=\"auto, (max-width: 282px) 100vw, 282px\" \/><\/td>\n<\/tr>\n<tr style=\"height: 33px;\">\n<td style=\"height: 33px;\"><\/td>\n<td style=\"height: 33px;\"><\/td>\n<td style=\"height: 33px;\"><\/td>\n<\/tr>\n<\/tbody>\n<\/table>\n<hr \/>\n<p><strong>UBICACI\u00d3<\/strong><\/p>\n<p><iframe loading=\"lazy\" style=\"border: 0px currentColor; float: left;\" src=\"https:\/\/www.google.com\/maps\/embed?pb=!1m18!1m12!1m3!1d23825.526678946877!2d1.8231618190634364!3d41.716400733612865!2m3!1f0!2f0!3f0!3m2!1i1024!2i768!4f13.1!3m3!1m2!1s0x12a4f62cdc8cdab5%3A0x21cc72b70b0c4d65!2sFinca+de+l'Escola+Agr%C3%A0ria+de+Manresa+-+Can+Poc+Oli!5e0!3m2!1ses!2ses!4v1450873518271\" width=\"800\" height=\"600\" frameborder=\"0\" allowfullscreen=\"allowfullscreen\"><\/iframe><\/p>\n<p>&nbsp;<\/p>\n","protected":false},"excerpt":{"rendered":"<p><a href=\"http:\/\/agora.xtec.cat\/ecamanresa\/wp-content\/uploads\/usu866\/2016\/11\/canPocOli-hivernacles.png\"><\/a><br \/>\nCan Poc Oli \u00e9s la finca de l\u2019Escola Agr\u00e0ria de Manresa, cedida per l\u2019Ajuntament, des dels anys 80.<br \/>\nT\u00e9 unes 5 ha de superf\u00edcie i forma part de l\u2019Anella verda de Manresa. L\u2019ocupaci\u00f3 majorit\u00e0ria correspon als cultius: extensius, horta, vinya i l\u2019hivernacle. Tamb\u00e9 hi ha&hellip;  <a href=\"https:\/\/agora.xtec.cat\/ecamanresa\/can-poc-oli\/\" title=\"Read Can Poc Oli\">Llegeix m\u00e9s\u00bb<\/a><\/p>\n","protected":false},"author":1,"featured_media":0,"parent":0,"menu_order":0,"comment_status":"open","ping_status":"open","template":"page-templates\/side-menu.php","meta":{"_bbp_topic_count":0,"_bbp_reply_count":0,"_bbp_total_topic_count":0,"_bbp_total_reply_count":0,"_bbp_voice_count":0,"_bbp_anonymous_reply_count":0,"_bbp_topic_count_hidden":0,"_bbp_reply_count_hidden":0,"_bbp_forum_subforum_count":0,"footnotes":""},"class_list":["post-485","page","type-page","status-publish","hentry"],"post_mailing_queue_ids":[],"_links":{"self":[{"href":"https:\/\/agora.xtec.cat\/ecamanresa\/wp-json\/wp\/v2\/pages\/485","targetHints":{"allow":["GET"]}}],"collection":[{"href":"https:\/\/agora.xtec.cat\/ecamanresa\/wp-json\/wp\/v2\/pages"}],"about":[{"href":"https:\/\/agora.xtec.cat\/ecamanresa\/wp-json\/wp\/v2\/types\/page"}],"author":[{"embeddable":true,"href":"https:\/\/agora.xtec.cat\/ecamanresa\/wp-json\/wp\/v2\/users\/1"}],"replies":[{"embeddable":true,"href":"https:\/\/agora.xtec.cat\/ecamanresa\/wp-json\/wp\/v2\/comments?post=485"}],"version-history":[{"count":5,"href":"https:\/\/agora.xtec.cat\/ecamanresa\/wp-json\/wp\/v2\/pages\/485\/revisions"}],"predecessor-version":[{"id":6754,"href":"https:\/\/agora.xtec.cat\/ecamanresa\/wp-json\/wp\/v2\/pages\/485\/revisions\/6754"}],"wp:attachment":[{"href":"https:\/\/agora.xtec.cat\/ecamanresa\/wp-json\/wp\/v2\/media?parent=485"}],"curies":[{"name":"wp","href":"https:\/\/api.w.org\/{rel}","templated":true}]}}