{"id":747,"date":"2021-06-10T14:25:01","date_gmt":"2021-06-10T12:25:01","guid":{"rendered":"https:\/\/agora.xtec.cat\/ecaforestal\/?page_id=747"},"modified":"2026-09-04T08:40:19","modified_gmt":"2026-09-04T06:40:19","slug":"preinscripcio-i-matricula-2","status":"publish","type":"page","link":"https:\/\/agora.xtec.cat\/ecaforestal\/secretaria\/preinscripcio-i-matricula-2\/","title":{"rendered":"Preinscripci\u00f3 i matricula"},"content":{"rendered":"<p><a href=\"https:\/\/agora.xtec.cat\/ecaforestal\/wp-content\/uploads\/usu2539\/2024\/02\/Preinscripcio-i-matricula-1.png\"><img loading=\"lazy\" decoding=\"async\" class=\"alignnone size-full wp-image-1485\" src=\"https:\/\/agora.xtec.cat\/ecaforestal\/wp-content\/uploads\/usu2539\/2024\/02\/Preinscripcio-i-matricula-1.png\" alt=\"\" width=\"1024\" height=\"150\" srcset=\"https:\/\/agora.xtec.cat\/ecaforestal\/wp-content\/uploads\/usu2539\/2024\/02\/Preinscripcio-i-matricula-1.png 1024w, https:\/\/agora.xtec.cat\/ecaforestal\/wp-content\/uploads\/usu2539\/2024\/02\/Preinscripcio-i-matricula-1-300x44.png 300w, https:\/\/agora.xtec.cat\/ecaforestal\/wp-content\/uploads\/usu2539\/2024\/02\/Preinscripcio-i-matricula-1-768x113.png 768w\" sizes=\"auto, (max-width: 1024px) 100vw, 1024px\" \/><\/a><\/p>\n<p>Properament, trobareu la informaci\u00f3 actualitzada d&#8217;aquests ensenyaments<\/p>\n<p>Si tens qualsevol dubte o necessites algun tipus d&#8217;aclariment sobre aquest proc\u00e9s posa&#8217;t en contacte amb nosaltres al<\/p>\n<p>972 84 17 62 o al eaf_santacoloma.agricultura@gencat.cat<\/p>\n<p>o al web<\/p>\n<p>https:\/\/preinscripcio.gencat.cat\/ca\/estudis\/fp-grau-superior\/inici\/index.html<\/p>\n<p><a href=\"https:\/\/preinscripcio.gencat.cat\/ca\/estudis\/fp-grau-mitja\/inici\/index.html\">Formaci\u00f3 professional (grau mitj\u00e0). Preinscripci\u00f3. Curs 2026-2027<\/a><\/p>\n<p>A hores d&#8217;ara (setembre 2026) no tenim cap pla\u00e7a vacant al centre, per\u00f2 aqu\u00ed teniu l&#8217;enlla\u00e7 per a participar en el torn en l\u00ednia, per si de cas es produ\u00eds alguna vacant.\u00a0<\/p>\n<p>Participaci\u00f3 del torn en l\u00ednia<\/p>\n\n\n<p><a href=\"https:\/\/aplicacions.gestioeducativa.gencat.cat\/ords\/pls\/apex\/f?p=20160079072543618:650:::NO:650:P650_CENTRE:C9D2077AD52DED626B8EF38AEC169505C3059E9C556D6EDD\">https:\/\/aplicacions.gestioeducativa.gencat.cat\/ords\/pls\/apex\/f?p=20160079072543618:650:::NO:650:P650_CENTRE:C9D2077AD52DED626B8EF38AEC169505C3059E9C556D6EDD<\/a><\/p>\n","protected":false},"excerpt":{"rendered":"<p><a href=\"https:\/\/agora.xtec.cat\/ecaforestal\/wp-content\/uploads\/usu2539\/2024\/02\/Preinscripcio-i-matricula-1.png\"><\/a><br \/>\nProperament, trobareu la informaci\u00f3 actualitzada d&#8217;aquests ensenyaments<br \/>\nSi tens qualsevol dubte o necessites algun tipus d&#8217;aclariment sobre aquest proc\u00e9s posa&#8217;t en contacte amb nosaltres al<br \/>\n972 84 17 62 o al eaf_santacoloma.agricultura@gencat.cat<br \/>\no al web<br \/>\nhttps:\/\/preinscripcio.gencat.cat\/ca\/estudis\/fp-grau-superior\/inici\/index.html<br \/>\n<a href=\"https:\/\/preinscripcio.gencat.cat\/ca\/estudis\/fp-grau-mitja\/inici\/index.html\">Formaci\u00f3 professional (grau mitj\u00e0). Preinscripci\u00f3. Curs 2026-2027<\/a><br \/>\nA hores d&#8217;ara (setembre 2026) no&hellip;  <a href=\"https:\/\/agora.xtec.cat\/ecaforestal\/secretaria\/preinscripcio-i-matricula-2\/\" title=\"Read Preinscripci\u00f3 i matricula\">Llegeix m\u00e9s\u00bb<\/a><\/p>\n","protected":false},"author":3,"featured_media":1485,"parent":81,"menu_order":0,"comment_status":"closed","ping_status":"closed","template":"","meta":{"_bbp_topic_count":0,"_bbp_reply_count":0,"_bbp_total_topic_count":0,"_bbp_total_reply_count":0,"_bbp_voice_count":0,"_bbp_anonymous_reply_count":0,"_bbp_topic_count_hidden":0,"_bbp_reply_count_hidden":0,"_bbp_forum_subforum_count":0,"footnotes":""},"class_list":["post-747","page","type-page","status-publish","has-post-thumbnail","hentry"],"post_mailing_queue_ids":[],"_links":{"self":[{"href":"https:\/\/agora.xtec.cat\/ecaforestal\/wp-json\/wp\/v2\/pages\/747","targetHints":{"allow":["GET"]}}],"collection":[{"href":"https:\/\/agora.xtec.cat\/ecaforestal\/wp-json\/wp\/v2\/pages"}],"about":[{"href":"https:\/\/agora.xtec.cat\/ecaforestal\/wp-json\/wp\/v2\/types\/page"}],"author":[{"embeddable":true,"href":"https:\/\/agora.xtec.cat\/ecaforestal\/wp-json\/wp\/v2\/users\/3"}],"replies":[{"embeddable":true,"href":"https:\/\/agora.xtec.cat\/ecaforestal\/wp-json\/wp\/v2\/comments?post=747"}],"version-history":[{"count":6,"href":"https:\/\/agora.xtec.cat\/ecaforestal\/wp-json\/wp\/v2\/pages\/747\/revisions"}],"predecessor-version":[{"id":1941,"href":"https:\/\/agora.xtec.cat\/ecaforestal\/wp-json\/wp\/v2\/pages\/747\/revisions\/1941"}],"up":[{"embeddable":true,"href":"https:\/\/agora.xtec.cat\/ecaforestal\/wp-json\/wp\/v2\/pages\/81"}],"wp:featuredmedia":[{"embeddable":true,"href":"https:\/\/agora.xtec.cat\/ecaforestal\/wp-json\/wp\/v2\/media\/1485"}],"wp:attachment":[{"href":"https:\/\/agora.xtec.cat\/ecaforestal\/wp-json\/wp\/v2\/media?parent=747"}],"curies":[{"name":"wp","href":"https:\/\/api.w.org\/{rel}","templated":true}]}}