{"id":967,"date":"2020-05-13T13:17:07","date_gmt":"2020-05-13T11:17:07","guid":{"rendered":"https:\/\/agora.xtec.cat\/ecaalfarras\/?page_id=967"},"modified":"2026-01-19T12:38:55","modified_gmt":"2026-01-19T11:38:55","slug":"cicle-formatiu-paisatgisme-i-medi-rural-cfgs","status":"publish","type":"page","link":"https:\/\/agora.xtec.cat\/ecaalfarras\/estudis\/cicle-formatiu-paisatgisme-i-medi-rural-cfgs\/","title":{"rendered":"Cicle Formatiu de Paisatgisme i Medi Rural (CFGS)"},"content":{"rendered":"<div class=\"basic_text_peq m-15m\">\n<p><em><strong>Objectiu<\/strong><\/em><\/p>\n<p>La compet\u00e8ncia general d\u2019aquest t\u00edtol consisteix a desenvolupar projectes de jardins i zones verdes i gestionar la producci\u00f3 de plantes i la producci\u00f3 agr\u00edcola, supervisant els treballs, programant i organitzant els recursos materials i humans disponibles, aplicant criteris de rendibilitat econ\u00f2mica i complint amb la normativa ambiental, de producci\u00f3 ecol\u00f2gica, de producci\u00f3 en viver, de control de qualitat, de seguretat aliment\u00e0ria i de prevenci\u00f3 de riscos laborals.<\/p>\n<p>&nbsp;<\/p>\n<\/div>\n<h6><strong>M\u00d2DULS<\/strong><\/h6>\n<div class=\"basic_text_peq m-15m\">\n<p>\u2013 Bot\u00e0nica agron\u00f2mica<\/p>\n<p>\u2013 Gesti\u00f3 i organitzaci\u00f3 del viver<\/p>\n<p>\u2013 Fitopatologia<\/p>\n<p>\u2013 Topografia agr\u00e0ria<\/p>\n<p>\u2013 Maquin\u00e0ria i instal\u00b7lacions agroforestals<\/p>\n<p>\u2013 Planificaci\u00f3 de cultius<\/p>\n<p>\u2013 Gesti\u00f3 de cultius<\/p>\n<p>\u2013 Disseny de jardins i restauraci\u00f3 del paisatge<\/p>\n<p>\u2013 Conservaci\u00f3 de jardins i gespes esportives<\/p>\n<p>\u2013 Organitzaci\u00f3 i control de la reproducci\u00f3 i cria<\/p>\n<p>\u2013 Gesti\u00f3 de la producci\u00f3 animal<\/p>\n<p>\u2013 Instal\u00b7lacions ramaderes i eliminaci\u00f3 de residus<\/p>\n<p>\u2013 Angl\u00e8s professional<\/p>\n<p>\u2013 Digitalitzaci\u00f3 aplicada als sectors productius<\/p>\n<p>\u2013 Sostenibilitat aplicada al sistema productiu<\/p>\n<p>\u2013 Itinerari personal per a l\u2019ocupabilitat I<\/p>\n<p>\u2013 Itinerari personal per a l\u2019ocupabilitat II<\/p>\n<p>\u2013 Projecte intermodular<\/p>\n<div class=\"DC_marginBottom1\">\n<p>&nbsp;<\/p>\n<\/div>\n<h4><strong><a href=\"https:\/\/agora.xtec.cat\/ecaalfarras\/wp-content\/uploads\/usu2159\/2025\/12\/EAAlfarras-CFGS-mediRural-xarxes.pdf\">EAAlfarra\u0300s-CFGS-mediRural-xarxes<\/a><\/strong><\/h4>\n<div class=\"DC_marginBottom1\">\n<h2 style=\"text-align: center;\"><img loading=\"lazy\" decoding=\"async\" class=\"size-full wp-image-2931 alignleft\" src=\"https:\/\/agora.xtec.cat\/ecaalfarras\/wp-content\/uploads\/usu2159\/2025\/12\/Captura.jpg\" alt=\"\" width=\"380\" height=\"267\" srcset=\"https:\/\/agora.xtec.cat\/ecaalfarras\/wp-content\/uploads\/usu2159\/2025\/12\/Captura.jpg 380w, https:\/\/agora.xtec.cat\/ecaalfarras\/wp-content\/uploads\/usu2159\/2025\/12\/Captura-300x211.jpg 300w\" sizes=\"auto, (max-width: 380px) 100vw, 380px\" \/><\/h2>\n<p>&nbsp;<\/p>\n<\/div>\n<\/div>\n","protected":false},"excerpt":{"rendered":"<p>Objectiu<br \/>\nLa compet\u00e8ncia general d\u2019aquest t\u00edtol consisteix a desenvolupar projectes de jardins i zones verdes i gestionar la producci\u00f3 de plantes i la producci\u00f3 agr\u00edcola, supervisant els treballs, programant i organitzant els recursos materials i humans disponibles, aplicant criteris de rendibilitat econ\u00f2mica i complint amb la&hellip;  <a href=\"https:\/\/agora.xtec.cat\/ecaalfarras\/estudis\/cicle-formatiu-paisatgisme-i-medi-rural-cfgs\/\" title=\"Read Cicle Formatiu de Paisatgisme i Medi Rural (CFGS)\">Llegeix m\u00e9s\u00bb<\/a><\/p>\n","protected":false},"author":1,"featured_media":0,"parent":195,"menu_order":0,"comment_status":"closed","ping_status":"closed","template":"page-templates\/side-menu.php","meta":{"_bbp_topic_count":0,"_bbp_reply_count":0,"_bbp_total_topic_count":0,"_bbp_total_reply_count":0,"_bbp_voice_count":0,"_bbp_anonymous_reply_count":0,"_bbp_topic_count_hidden":0,"_bbp_reply_count_hidden":0,"_bbp_forum_subforum_count":0,"footnotes":""},"class_list":["post-967","page","type-page","status-publish","hentry"],"post_mailing_queue_ids":[],"_links":{"self":[{"href":"https:\/\/agora.xtec.cat\/ecaalfarras\/wp-json\/wp\/v2\/pages\/967","targetHints":{"allow":["GET"]}}],"collection":[{"href":"https:\/\/agora.xtec.cat\/ecaalfarras\/wp-json\/wp\/v2\/pages"}],"about":[{"href":"https:\/\/agora.xtec.cat\/ecaalfarras\/wp-json\/wp\/v2\/types\/page"}],"author":[{"embeddable":true,"href":"https:\/\/agora.xtec.cat\/ecaalfarras\/wp-json\/wp\/v2\/users\/1"}],"replies":[{"embeddable":true,"href":"https:\/\/agora.xtec.cat\/ecaalfarras\/wp-json\/wp\/v2\/comments?post=967"}],"version-history":[{"count":6,"href":"https:\/\/agora.xtec.cat\/ecaalfarras\/wp-json\/wp\/v2\/pages\/967\/revisions"}],"predecessor-version":[{"id":2974,"href":"https:\/\/agora.xtec.cat\/ecaalfarras\/wp-json\/wp\/v2\/pages\/967\/revisions\/2974"}],"up":[{"embeddable":true,"href":"https:\/\/agora.xtec.cat\/ecaalfarras\/wp-json\/wp\/v2\/pages\/195"}],"wp:attachment":[{"href":"https:\/\/agora.xtec.cat\/ecaalfarras\/wp-json\/wp\/v2\/media?parent=967"}],"curies":[{"name":"wp","href":"https:\/\/api.w.org\/{rel}","templated":true}]}}