{"id":964,"date":"2020-05-13T13:15:38","date_gmt":"2020-05-13T11:15:38","guid":{"rendered":"https:\/\/agora.xtec.cat\/ecaalfarras\/?page_id=964"},"modified":"2026-01-19T12:39:47","modified_gmt":"2026-01-19T11:39:47","slug":"cicle-formatiu-de-produccio-agroecologica-cfgm","status":"publish","type":"page","link":"https:\/\/agora.xtec.cat\/ecaalfarras\/estudis\/cicle-formatiu-de-produccio-agroecologica-cfgm\/","title":{"rendered":"Cicle Formatiu de Producci\u00f3 Agroecol\u00f2gica (CFGM)"},"content":{"rendered":"<div class=\"basic_text_peq m-15m\">\n<p><em><strong>Objectiu<\/strong><\/em><\/p>\n<p>La compet\u00e8ncia general d\u2019aquest t\u00edtol consisteix a obtenir productes agropecuaris ecol\u00f2gics amb t\u00e8cniques agr\u00edcoles i ramaderes i millorar la biodiversitat i estabilitat del medi aix\u00ed com la fertilitat del s\u00f2l, en condicions de qualitat, aplicant la reglamentaci\u00f3 de producci\u00f3 ecol\u00f2gica, de benestar animal, de prevenci\u00f3 de riscos laborals i de protecci\u00f3 ambiental<\/p>\n<p>&nbsp;<\/p>\n<h6>M\u00d2DULS<\/h6>\n<p>\u2013 Fonaments agron\u00f2mics<\/p>\n<p>\u2013 Fonaments zoot\u00e8cnics<\/p>\n<p>\u2013 Implantaci\u00f3 de cultius ecol\u00f2gics<\/p>\n<p>\u2013 Taller i equips de tracci\u00f3<\/p>\n<p>\u2013 Infraestructures i instal\u00b7lacions agr\u00edcoles<\/p>\n<p>\u2013 Principis de sanitat vegetal<\/p>\n<p>\u2013 Producci\u00f3 vegetal ecol\u00f2gica<\/p>\n<p>\u2013 Producci\u00f3 ramadera ecol\u00f2gica<\/p>\n<p>\u2013 Maneig sanitari de l\u2019agrosistema<\/p>\n<p>\u2013 Comercialitzaci\u00f3 de productes agroecol\u00f2gics<\/p>\n<p>\u2013 Angl\u00e8s professional<\/p>\n<p>\u2013 Digitalitzaci\u00f3 aplicada als sectors productius<\/p>\n<p>\u2013 Sostenibilitat aplicada al sistema productiu<\/p>\n<p>\u2013 Itinerari personal per a l\u2019ocupabilitat I<\/p>\n<p>\u2013 IItinerari personal per a l\u2019ocupabilitat II<\/p>\n<p>\u2013 Projecte intermodular<\/p>\n<p>&nbsp;<\/p>\n<p><strong>Tr\u00edptic:<\/strong><\/p>\n<\/div>\n<h2><a href=\"https:\/\/agora.xtec.cat\/ecaalfarras\/wp-content\/uploads\/usu2159\/2025\/12\/EAAlfarras-CFGM-PAgro.pdf\">EAAlfarra\u0300s-CFGM-PAgro<\/a><\/h2>\n<p><img loading=\"lazy\" decoding=\"async\" class=\"alignnone size-full wp-image-2929\" src=\"https:\/\/agora.xtec.cat\/ecaalfarras\/wp-content\/uploads\/usu2159\/2025\/12\/1.jpg\" alt=\"\" width=\"556\" height=\"387\" srcset=\"https:\/\/agora.xtec.cat\/ecaalfarras\/wp-content\/uploads\/usu2159\/2025\/12\/1.jpg 556w, https:\/\/agora.xtec.cat\/ecaalfarras\/wp-content\/uploads\/usu2159\/2025\/12\/1-300x209.jpg 300w\" sizes=\"auto, (max-width: 556px) 100vw, 556px\" \/><\/p>\n<p>&nbsp;<\/p>\n<p>&nbsp;<\/p>\n","protected":false},"excerpt":{"rendered":"<p>Objectiu<br \/>\nLa compet\u00e8ncia general d\u2019aquest t\u00edtol consisteix a obtenir productes agropecuaris ecol\u00f2gics amb t\u00e8cniques agr\u00edcoles i ramaderes i millorar la biodiversitat i estabilitat del medi aix\u00ed com la fertilitat del s\u00f2l, en condicions de qualitat, aplicant la reglamentaci\u00f3 de producci\u00f3 ecol\u00f2gica, de benestar animal, de prevenci\u00f3&hellip;  <a href=\"https:\/\/agora.xtec.cat\/ecaalfarras\/estudis\/cicle-formatiu-de-produccio-agroecologica-cfgm\/\" title=\"Read Cicle Formatiu de Producci\u00f3 Agroecol\u00f2gica (CFGM)\">Llegeix m\u00e9s\u00bb<\/a><\/p>\n","protected":false},"author":1,"featured_media":0,"parent":195,"menu_order":0,"comment_status":"closed","ping_status":"closed","template":"page-templates\/side-menu.php","meta":{"_bbp_topic_count":0,"_bbp_reply_count":0,"_bbp_total_topic_count":0,"_bbp_total_reply_count":0,"_bbp_voice_count":0,"_bbp_anonymous_reply_count":0,"_bbp_topic_count_hidden":0,"_bbp_reply_count_hidden":0,"_bbp_forum_subforum_count":0,"footnotes":""},"class_list":["post-964","page","type-page","status-publish","hentry"],"post_mailing_queue_ids":[],"_links":{"self":[{"href":"https:\/\/agora.xtec.cat\/ecaalfarras\/wp-json\/wp\/v2\/pages\/964","targetHints":{"allow":["GET"]}}],"collection":[{"href":"https:\/\/agora.xtec.cat\/ecaalfarras\/wp-json\/wp\/v2\/pages"}],"about":[{"href":"https:\/\/agora.xtec.cat\/ecaalfarras\/wp-json\/wp\/v2\/types\/page"}],"author":[{"embeddable":true,"href":"https:\/\/agora.xtec.cat\/ecaalfarras\/wp-json\/wp\/v2\/users\/1"}],"replies":[{"embeddable":true,"href":"https:\/\/agora.xtec.cat\/ecaalfarras\/wp-json\/wp\/v2\/comments?post=964"}],"version-history":[{"count":6,"href":"https:\/\/agora.xtec.cat\/ecaalfarras\/wp-json\/wp\/v2\/pages\/964\/revisions"}],"predecessor-version":[{"id":2975,"href":"https:\/\/agora.xtec.cat\/ecaalfarras\/wp-json\/wp\/v2\/pages\/964\/revisions\/2975"}],"up":[{"embeddable":true,"href":"https:\/\/agora.xtec.cat\/ecaalfarras\/wp-json\/wp\/v2\/pages\/195"}],"wp:attachment":[{"href":"https:\/\/agora.xtec.cat\/ecaalfarras\/wp-json\/wp\/v2\/media?parent=964"}],"curies":[{"name":"wp","href":"https:\/\/api.w.org\/{rel}","templated":true}]}}