{"id":9,"date":"2014-09-12T10:15:01","date_gmt":"2014-09-12T10:15:01","guid":{"rendered":"http:\/\/agora.xtec.cat\/ecaalfarras\/?page_id=9"},"modified":"2026-03-10T10:49:35","modified_gmt":"2026-03-10T09:49:35","slug":"pagina-dinici-buida","status":"publish","type":"page","link":"https:\/\/agora.xtec.cat\/ecaalfarras\/","title":{"rendered":"Inici"},"content":{"rendered":"<h1 style=\"text-align: left;\"><strong>&#8220;Orgullosos dels nostres alumnes i dels seus fruits.&#8221;<\/strong><\/h1>\n<h6><\/h6>\n<p><iframe loading=\"lazy\" title=\"Preinscripci\u00f3 Escola Agr\u00e0ria Alfarr\u00e0s. Curs 2025-2026\" width=\"500\" height=\"281\" src=\"https:\/\/www.youtube.com\/embed\/zu95XaLCN30?feature=oembed\" frameborder=\"0\" allow=\"accelerometer; autoplay; clipboard-write; encrypted-media; gyroscope; picture-in-picture; web-share\" referrerpolicy=\"strict-origin-when-cross-origin\" allowfullscreen><\/iframe><\/p>\n<h4><\/h4>\n<p>&nbsp;<\/p>\n<h1 style=\"text-align: left;\"><strong>\u00a0&#8211; PORTES OBERTES 25 D&#8217;ABRIL 10.30h &#8211; \u00a0\u00a0 <em><a href=\"https:\/\/docs.google.com\/forms\/d\/1_CAC72NfTgl0Ehpv5xdt7w2Fj-pOvoaoNAqpkgH4cXs\/edit?usp=forms_home&amp;ouid=112842537766522179970&amp;ths=true\">Inscriu-te\u00a0<\/a><\/em><\/strong><\/h1>\n<p>&nbsp;<\/p>\n<h6 style=\"text-align: left;\"><em>Equip EA Alfarr\u00e0s<\/em><\/h6>\n<h4><em>\u00a0 &#8211;\u00a0 Si vols veure que fan els nostres alumnes dia a dia, visita&#8217;ns a instagram <strong>@eaalfarras<\/strong>\u00a0 &#8211;<\/em><\/h4>\n","protected":false},"excerpt":{"rendered":"<p>&#8220;Orgullosos dels nostres alumnes i dels seus fruits.&#8221;<\/p>\n<p>&nbsp;<br \/>\n\u00a0&#8211; PORTES OBERTES 25 D&#8217;ABRIL 10.30h &#8211; \u00a0\u00a0 <a href=\"https:\/\/docs.google.com\/forms\/d\/1_CAC72NfTgl0Ehpv5xdt7w2Fj-pOvoaoNAqpkgH4cXs\/edit?usp=forms_home&amp;ouid=112842537766522179970&amp;ths=true\">Inscriu-te\u00a0<\/a><br \/>\n&nbsp;<br \/>\nEquip EA Alfarr\u00e0s<br \/>\n\u00a0 &#8211;\u00a0 Si vols veure que fan els nostres alumnes dia a dia, visita&#8217;ns a instagram @eaalfarras\u00a0 &#8211;<\/p>\n","protected":false},"author":1,"featured_media":0,"parent":7,"menu_order":0,"comment_status":"closed","ping_status":"closed","template":"page-templates\/front-page.php","meta":{"_bbp_topic_count":0,"_bbp_reply_count":0,"_bbp_total_topic_count":0,"_bbp_total_reply_count":0,"_bbp_voice_count":0,"_bbp_anonymous_reply_count":0,"_bbp_topic_count_hidden":0,"_bbp_reply_count_hidden":0,"_bbp_forum_subforum_count":0,"footnotes":""},"class_list":["post-9","page","type-page","status-publish","hentry"],"post_mailing_queue_ids":[],"_links":{"self":[{"href":"https:\/\/agora.xtec.cat\/ecaalfarras\/wp-json\/wp\/v2\/pages\/9","targetHints":{"allow":["GET"]}}],"collection":[{"href":"https:\/\/agora.xtec.cat\/ecaalfarras\/wp-json\/wp\/v2\/pages"}],"about":[{"href":"https:\/\/agora.xtec.cat\/ecaalfarras\/wp-json\/wp\/v2\/types\/page"}],"author":[{"embeddable":true,"href":"https:\/\/agora.xtec.cat\/ecaalfarras\/wp-json\/wp\/v2\/users\/1"}],"replies":[{"embeddable":true,"href":"https:\/\/agora.xtec.cat\/ecaalfarras\/wp-json\/wp\/v2\/comments?post=9"}],"version-history":[{"count":6,"href":"https:\/\/agora.xtec.cat\/ecaalfarras\/wp-json\/wp\/v2\/pages\/9\/revisions"}],"predecessor-version":[{"id":3007,"href":"https:\/\/agora.xtec.cat\/ecaalfarras\/wp-json\/wp\/v2\/pages\/9\/revisions\/3007"}],"up":[{"embeddable":true,"href":"https:\/\/agora.xtec.cat\/ecaalfarras\/wp-json\/wp\/v2\/pages\/7"}],"wp:attachment":[{"href":"https:\/\/agora.xtec.cat\/ecaalfarras\/wp-json\/wp\/v2\/media?parent=9"}],"curies":[{"name":"wp","href":"https:\/\/api.w.org\/{rel}","templated":true}]}}