{"id":715,"date":"2020-05-07T10:49:20","date_gmt":"2020-05-07T08:49:20","guid":{"rendered":"https:\/\/agora.xtec.cat\/ecaalfarras\/?page_id=715"},"modified":"2025-07-02T12:56:48","modified_gmt":"2025-07-02T10:56:48","slug":"lescola-agraria","status":"publish","type":"page","link":"https:\/\/agora.xtec.cat\/ecaalfarras\/lescola-agraria\/","title":{"rendered":"L&#8217;Escola Agr\u00e0ria d&#8217;Alfarr\u00e0s"},"content":{"rendered":"<p>&nbsp;<\/p>\n<p><strong>L\u2019Escola Agr\u00e0ria d\u2019Alfarr\u00e0s<\/strong> \u00e9s una de les catorze escoles p\u00fabliques que el Departament d\u2019Acci\u00f3 Clim\u00e0tica, Alimentaci\u00f3 i Agenda Rural.\u00a0 Aquestes escoles es regeixen per un marc d\u2019actuaci\u00f3 com\u00fa. En aquest context, materialitzen, en l\u2019\u00e0mbit de la formaci\u00f3 i d\u2019acord amb la legislaci\u00f3 vigent, les l\u00ednies d\u2019actuaci\u00f3 del Departament.<\/p>\n<p>L\u2019Escola Agr\u00e0ria d\u2019Alfarr\u00e0s forma part de la xarxa d\u2019escoles del Servei de Formaci\u00f3 Agr\u00e0ria\u00a0 i desenvolupa activitats de formaci\u00f3 i transfer\u00e8ncia tecnol\u00f2gica adre\u00e7ades al sector agrari i al m\u00f3n rural en general.<\/p>\n<p><strong><em><u>Missi\u00f3<\/u><\/em><\/strong><\/p>\n<p>La missi\u00f3 de l\u2019EA d\u2019Alfarr\u00e0s consisteix en garantir la qualificaci\u00f3 professional de les persones que volen arribar a desenvolupar o\u00a0 que ja desenvolupen la seva activitat en el sector agrorural, mitjan\u00e7ant una formaci\u00f3 integral que faciliti la seva inserci\u00f3 en el m\u00f3n laboral i que els capaciti per afrontar amb competitivitat la seva tasca com a professionals d\u2019aquest sector. Aquest projecte de formaci\u00f3 es fonamenta en la integraci\u00f3 dels \u00e0mbits de la formaci\u00f3 inicial, de la formaci\u00f3 cont\u00ednua a professionals, en totes les seves formes, de l\u2019avaluaci\u00f3 de les compet\u00e8ncies professionals, de la incorporaci\u00f3 de joves i de la transfer\u00e8ncia tecnol\u00f2gica, sota directrius i criteris d\u2019innovaci\u00f3 i de qualitat i millora cont\u00ednua, per tal d\u2019assegurar que els serveis prestats garanteixen la satisfacci\u00f3 dels principals grups d\u2019inter\u00e8s.<\/p>\n<p><strong><em><u>Valors<\/u><\/em><\/strong><\/p>\n<p><strong>\u00a0<\/strong>L\u2019 actuaci\u00f3 di\u00e0ria de l\u2019EA d\u2019Alfarr\u00e0s es fonamenta en aquests valors:<\/p>\n<ul>\n<li><strong>Voluntat d\u2019arrelament al territori<\/strong>que es concreta en el comprom\u00eds per la millora de la formaci\u00f3 agr\u00e0ria a la comarca del Segri\u00e0.<\/li>\n<li><strong>Foment de la participaci\u00f3<\/strong>de les entitats associatives, empreses i altres entitats del sector i institucions de l\u2019entorn. L\u2019Escola pret\u00e9n integrar les necessitats formatives de les entitats en la seva programaci\u00f3 anual d\u2019activitats.<\/li>\n<li><strong>Voluntat de conscienciaci\u00f3 de la import\u00e0ncia del paper de l\u2019agricultura<\/strong>en la societat, l\u2019economia i el medi ambient.<\/li>\n<li><strong>Foment de la conscienciaci\u00f3 de les activitats agr\u00e0ries respectuoses amb el medi ambient.<\/strong><\/li>\n<li><strong>Voluntat de recolzament, servei i suport\u00a0<\/strong>dels agents del sector agrari que ho requereixin.<\/li>\n<li><strong>Foment de la difusi\u00f3<\/strong>de les t\u00e8cniques i tecnologies agr\u00e0ries.<\/li>\n<li><strong>Educaci\u00f3 en els valors democr\u00e0tics<\/strong>, com ara la llibertat d\u2019expressi\u00f3, la toler\u00e0ncia i el respecte envers punts de vista diferents als propis, esperit cr\u00edtic i inter\u00e8s pels afers p\u00fablics.<\/li>\n<li><strong>Transmissi\u00f3 de la cultura de l\u2019esfor\u00e7. <\/strong>L\u2019Escola treballa per formar nois responsables, compromesos i conscients de la import\u00e0ncia de fer les b\u00e9.<\/li>\n<\/ul>\n<p><strong>\u00a0<\/strong>L\u2019escola est\u00e0 certificada en la ISO 9001 i en la ISO 14001 i pertany a la xarxa de Qualitat de les Escoles Agr\u00e0ries del Departament d\u2019Acci\u00f3 Clim\u00e0tica, Alimentaci\u00f3 i Agenda Rural dins del Projecte de Qualitat i Millora Cont\u00ednua del Departament d\u2019Educaci\u00f3.<\/p>\n<p><img loading=\"lazy\" decoding=\"async\" class=\"wp-image-2353 alignright\" src=\"https:\/\/agora.xtec.cat\/ecaalfarras\/wp-content\/uploads\/usu2159\/2022\/05\/90014.png\" alt=\"\" width=\"192\" height=\"128\" \/><\/p>\n<p>Aquestes certificacions demostren que gestiona el sistema amb criteris i instruments de revisi\u00f3, avaluaci\u00f3 i redefinici\u00f3 permanent del treball, en el marc del projecte de Qualitat i millora cont\u00ednua del Departament d\u2019Educaci\u00f3,\u00a0 a m\u00e9s a m\u00e9s de tenir un comprom\u00eds amb el\u00a0 me<\/p>\n<p><span style=\"font-family: inherit; font-size: 1em;\">di ambient, la sostenibilitat i la natura.<\/span><\/p>\n<p>Descobreix-nos! No et perdis tot el que et podem oferir.\u00a0 Servei de Resid\u00e8ncia, amb Cuina pr\u00f2pia i una Finca 22ha<\/p>\n<p>Els nostres cicles s\u00f3n:<\/p>\n<ul>\n<li style=\"text-align: left;\"><a href=\"https:\/\/agora.xtec.cat\/ecaalfarras\/wp-content\/uploads\/usu2159\/2020\/10\/eca-triptic-cfgm-agroecologic.pdf\">CFGM Producci\u00f3 Agroecol\u00f2gica<\/a><\/li>\n<li><a href=\"https:\/\/agora.xtec.cat\/ecaalfarras\/wp-content\/uploads\/usu2159\/2020\/10\/eca-triptic-cfgs-paisatgisme.pdf\">CFGS Paisatgisme i Medi Rural<\/a><\/li>\n<\/ul>\n<p>Les escoles agr\u00e0ries tamb\u00e9 ofereixen altres cicles que pots veure en aquesta guia:<\/p>\n<ul>\n<li><a href=\"https:\/\/agora.xtec.cat\/ecaalfarras\/wp-content\/uploads\/usu2159\/2022\/04\/forma_profesional-2022.pdf\">Formaci\u00f3_professional escoles agr\u00e0ries 2022<\/a><\/li>\n<\/ul>\n<p>A m\u00e9s a m\u00e9s tenim servei de formaci\u00f3 i assessorament. <a href=\"https:\/\/projectes.xtec.cat\/empresafp\/servei-assessorament\/\">Servei assessorament i servei de reconeixement | EmpresaFP (xtec.cat)<\/a><\/p>\n<p><img loading=\"lazy\" decoding=\"async\" class=\"alignnone wp-image-2569 \" src=\"https:\/\/agora.xtec.cat\/ecaalfarras\/wp-content\/uploads\/usu2159\/2023\/05\/Aanagrama-assessorament--150x150.jpg\" alt=\"\" width=\"88\" height=\"88\" srcset=\"https:\/\/agora.xtec.cat\/ecaalfarras\/wp-content\/uploads\/usu2159\/2023\/05\/Aanagrama-assessorament--150x150.jpg 150w, https:\/\/agora.xtec.cat\/ecaalfarras\/wp-content\/uploads\/usu2159\/2023\/05\/Aanagrama-assessorament--300x300.jpg 300w, https:\/\/agora.xtec.cat\/ecaalfarras\/wp-content\/uploads\/usu2159\/2023\/05\/Aanagrama-assessorament--1024x1024.jpg 1024w, https:\/\/agora.xtec.cat\/ecaalfarras\/wp-content\/uploads\/usu2159\/2023\/05\/Aanagrama-assessorament--768x768.jpg 768w, https:\/\/agora.xtec.cat\/ecaalfarras\/wp-content\/uploads\/usu2159\/2023\/05\/Aanagrama-assessorament-.jpg 1080w\" sizes=\"auto, (max-width: 88px) 100vw, 88px\" \/> <img loading=\"lazy\" decoding=\"async\" class=\"alignnone wp-image-2570 \" src=\"https:\/\/agora.xtec.cat\/ecaalfarras\/wp-content\/uploads\/usu2159\/2023\/05\/Anagrama-reconeixement--150x150.jpg\" alt=\"\" width=\"87\" height=\"87\" srcset=\"https:\/\/agora.xtec.cat\/ecaalfarras\/wp-content\/uploads\/usu2159\/2023\/05\/Anagrama-reconeixement--150x150.jpg 150w, https:\/\/agora.xtec.cat\/ecaalfarras\/wp-content\/uploads\/usu2159\/2023\/05\/Anagrama-reconeixement--300x300.jpg 300w, https:\/\/agora.xtec.cat\/ecaalfarras\/wp-content\/uploads\/usu2159\/2023\/05\/Anagrama-reconeixement--1024x1024.jpg 1024w, https:\/\/agora.xtec.cat\/ecaalfarras\/wp-content\/uploads\/usu2159\/2023\/05\/Anagrama-reconeixement--768x769.jpg 768w, https:\/\/agora.xtec.cat\/ecaalfarras\/wp-content\/uploads\/usu2159\/2023\/05\/Anagrama-reconeixement-.jpg 1079w\" sizes=\"auto, (max-width: 87px) 100vw, 87px\" \/><\/p>\n<p class=\"featured\">T&#8217;acompanyem i et formem al llarg de la teva vida laboral.\u00a0 T&#8217;hi atreveixes?&#8221;<\/p>\n<p><a href=\"https:\/\/agora.xtec.cat\/ecaalfarras\/wp-content\/uploads\/usu2159\/2020\/10\/Presentaci\u00f31.jpg\"><img loading=\"lazy\" decoding=\"async\" class=\"aligncenter wp-image-1619 size-large\" src=\"https:\/\/agora.xtec.cat\/ecaalfarras\/wp-content\/uploads\/usu2159\/2020\/10\/Presentaci\u00f31-1024x576.jpg\" alt=\"\" width=\"1024\" height=\"576\" srcset=\"https:\/\/agora.xtec.cat\/ecaalfarras\/wp-content\/uploads\/usu2159\/2020\/10\/Presentaci\u00f31-1024x576.jpg 1024w, https:\/\/agora.xtec.cat\/ecaalfarras\/wp-content\/uploads\/usu2159\/2020\/10\/Presentaci\u00f31-300x169.jpg 300w, https:\/\/agora.xtec.cat\/ecaalfarras\/wp-content\/uploads\/usu2159\/2020\/10\/Presentaci\u00f31-768x432.jpg 768w, https:\/\/agora.xtec.cat\/ecaalfarras\/wp-content\/uploads\/usu2159\/2020\/10\/Presentaci\u00f31.jpg 1280w\" sizes=\"auto, (max-width: 1024px) 100vw, 1024px\" \/><\/a><\/p>\n<p>&nbsp;<\/p>\n<p>&nbsp;<\/p>\n","protected":false},"excerpt":{"rendered":"<p>&nbsp;<br \/>\nL\u2019Escola Agr\u00e0ria d\u2019Alfarr\u00e0s \u00e9s una de les catorze escoles p\u00fabliques que el Departament d\u2019Acci\u00f3 Clim\u00e0tica, Alimentaci\u00f3 i Agenda Rural.\u00a0 Aquestes escoles es regeixen per un marc d\u2019actuaci\u00f3 com\u00fa. En aquest context, materialitzen, en l\u2019\u00e0mbit de la formaci\u00f3 i d\u2019acord amb la legislaci\u00f3 vigent, les l\u00ednies&hellip;  <a href=\"https:\/\/agora.xtec.cat\/ecaalfarras\/lescola-agraria\/\" title=\"Read L&#8217;Escola Agr\u00e0ria d&#8217;Alfarr\u00e0s\">Llegeix m\u00e9s\u00bb<\/a><\/p>\n","protected":false},"author":1,"featured_media":0,"parent":0,"menu_order":0,"comment_status":"closed","ping_status":"closed","template":"page-templates\/side-menu.php","meta":{"_bbp_topic_count":0,"_bbp_reply_count":0,"_bbp_total_topic_count":0,"_bbp_total_reply_count":0,"_bbp_voice_count":0,"_bbp_anonymous_reply_count":0,"_bbp_topic_count_hidden":0,"_bbp_reply_count_hidden":0,"_bbp_forum_subforum_count":0,"footnotes":""},"class_list":["post-715","page","type-page","status-publish","hentry"],"post_mailing_queue_ids":[],"_links":{"self":[{"href":"https:\/\/agora.xtec.cat\/ecaalfarras\/wp-json\/wp\/v2\/pages\/715","targetHints":{"allow":["GET"]}}],"collection":[{"href":"https:\/\/agora.xtec.cat\/ecaalfarras\/wp-json\/wp\/v2\/pages"}],"about":[{"href":"https:\/\/agora.xtec.cat\/ecaalfarras\/wp-json\/wp\/v2\/types\/page"}],"author":[{"embeddable":true,"href":"https:\/\/agora.xtec.cat\/ecaalfarras\/wp-json\/wp\/v2\/users\/1"}],"replies":[{"embeddable":true,"href":"https:\/\/agora.xtec.cat\/ecaalfarras\/wp-json\/wp\/v2\/comments?post=715"}],"version-history":[{"count":5,"href":"https:\/\/agora.xtec.cat\/ecaalfarras\/wp-json\/wp\/v2\/pages\/715\/revisions"}],"predecessor-version":[{"id":2913,"href":"https:\/\/agora.xtec.cat\/ecaalfarras\/wp-json\/wp\/v2\/pages\/715\/revisions\/2913"}],"wp:attachment":[{"href":"https:\/\/agora.xtec.cat\/ecaalfarras\/wp-json\/wp\/v2\/media?parent=715"}],"curies":[{"name":"wp","href":"https:\/\/api.w.org\/{rel}","templated":true}]}}