{"id":39,"date":"2014-09-17T16:36:44","date_gmt":"2014-09-17T16:36:44","guid":{"rendered":"http:\/\/agora.xtec.cat\/ecaalfarras\/?page_id=39"},"modified":"2023-09-14T11:54:25","modified_gmt":"2023-09-14T09:54:25","slug":"instal%c2%b7lacions","status":"publish","type":"page","link":"https:\/\/agora.xtec.cat\/ecaalfarras\/lescola-agraria\/instal%c2%b7lacions\/","title":{"rendered":"Instal\u00b7lacions"},"content":{"rendered":"<p>Les instal\u00b7lacions del centre s\u00f3n:<\/p>\n<ul>\n<li><span style=\"color: #003300;\"><strong>Explotaci\u00f3 agr\u00edcola<\/strong><\/span><\/li>\n<\/ul>\n<p>Per tal de poder desenvolupar l\u2019activitat formativa, l\u2019escola disposa d\u2019una explotaci\u00f3 de 22,75 hect\u00e0rees ubicades a l\u2019horta d\u2019Alfarr\u00e0s. D\u2019aquesta superf\u00edcie, 19,29 es dediquen a conreus agr\u00edcoles i de bosc de ribera. La resta, a equipaments i instal\u00b7lacions. La superf\u00edcie total de la finca, est\u00e0 inscrita en el Consell Catal\u00e0 de la Producci\u00f3 Agr\u00e0ria Ecol\u00f2gica.<\/p>\n<p>&nbsp;<\/p>\n<figure class=\"figure wp-caption aligncenter\"><img loading=\"lazy\" decoding=\"async\" class=\"size-medium wp-image-1071\" src=\"https:\/\/agora.xtec.cat\/ecaalfarras\/wp-content\/uploads\/usu2159\/2020\/05\/ae\u0300ria-2-300x170.jpg\" alt=\"\" width=\"300\" height=\"170\" srcset=\"https:\/\/agora.xtec.cat\/ecaalfarras\/wp-content\/uploads\/usu2159\/2020\/05\/ae\u0300ria-2-300x170.jpg 300w, https:\/\/agora.xtec.cat\/ecaalfarras\/wp-content\/uploads\/usu2159\/2020\/05\/ae\u0300ria-2-768x435.jpg 768w, https:\/\/agora.xtec.cat\/ecaalfarras\/wp-content\/uploads\/usu2159\/2020\/05\/ae\u0300ria-2-1024x580.jpg 1024w, https:\/\/agora.xtec.cat\/ecaalfarras\/wp-content\/uploads\/usu2159\/2020\/05\/ae\u0300ria-2.jpg 1280w\" sizes=\"auto, (max-width: 300px) 100vw, 300px\" \/><figcaption class=\"wp-caption-text\">Fotografia a\u00e8ria<\/figcaption><\/figure>\n<p><img loading=\"lazy\" decoding=\"async\" class=\"alignnone wp-image-2614\" src=\"https:\/\/agora.xtec.cat\/ecaalfarras\/wp-content\/uploads\/usu2159\/2023\/09\/hort-300x248.jpg\" alt=\"\" width=\"269\" height=\"222\" srcset=\"https:\/\/agora.xtec.cat\/ecaalfarras\/wp-content\/uploads\/usu2159\/2023\/09\/hort-300x248.jpg 300w, https:\/\/agora.xtec.cat\/ecaalfarras\/wp-content\/uploads\/usu2159\/2023\/09\/hort.jpg 530w\" sizes=\"auto, (max-width: 269px) 100vw, 269px\" \/> <img loading=\"lazy\" decoding=\"async\" class=\"size-medium wp-image-2208 alignleft\" src=\"https:\/\/agora.xtec.cat\/ecaalfarras\/wp-content\/uploads\/usu2159\/2021\/07\/Foto-3-NDP-EA-Alfarr\u00e0s-ISO-140001_2-300x200.jpg\" alt=\"\" width=\"300\" height=\"200\" srcset=\"https:\/\/agora.xtec.cat\/ecaalfarras\/wp-content\/uploads\/usu2159\/2021\/07\/Foto-3-NDP-EA-Alfarr\u00e0s-ISO-140001_2-300x200.jpg 300w, https:\/\/agora.xtec.cat\/ecaalfarras\/wp-content\/uploads\/usu2159\/2021\/07\/Foto-3-NDP-EA-Alfarr\u00e0s-ISO-140001_2-768x512.jpg 768w, https:\/\/agora.xtec.cat\/ecaalfarras\/wp-content\/uploads\/usu2159\/2021\/07\/Foto-3-NDP-EA-Alfarr\u00e0s-ISO-140001_2-1024x683.jpg 1024w\" sizes=\"auto, (max-width: 300px) 100vw, 300px\" \/><\/p>\n<p>&nbsp;<\/p>\n<div class=\"entry-content\">\n<ul>\n<li><span style=\"color: #003300;\"><strong>Resid\u00e8ncia<\/strong><\/span><\/li>\n<\/ul>\n<p>L\u2019escola tamb\u00e9 disposa de resid\u00e8ncia per pernoctar. La pensi\u00f3 completa, que inclou pernoctar, dinar, sopar i esmorzar, \u00e9s de 2.000\u20ac per tot el curs escolar.<\/p>\n<p><a href=\"https:\/\/agora.xtec.cat\/ecaalfarras\/wp-content\/uploads\/usu2159\/2021\/01\/ALF_Residencia.jpg_889254998.jpg\"><img loading=\"lazy\" decoding=\"async\" class=\"aligncenter size-full wp-image-1797\" src=\"https:\/\/agora.xtec.cat\/ecaalfarras\/wp-content\/uploads\/usu2159\/2021\/01\/ALF_Residencia.jpg_889254998.jpg\" alt=\"\" width=\"300\" height=\"169\" \/><\/a><\/p>\n<\/div>\n<ul>\n<li><span style=\"color: #003300;\"><strong>Aules<\/strong><\/span><\/li>\n<\/ul>\n<p>L\u2019escola disposa de 5 aules per realitzar formaci\u00f3 inicial i cont\u00ednua.<\/p>\n<p><a href=\"https:\/\/agora.xtec.cat\/ecaalfarras\/wp-content\/uploads\/usu2159\/2021\/02\/ALF_Aula.jpg_889254998.jpg\"><br \/>\n<img loading=\"lazy\" decoding=\"async\" class=\"aligncenter size-full wp-image-1831\" src=\"https:\/\/agora.xtec.cat\/ecaalfarras\/wp-content\/uploads\/usu2159\/2021\/02\/ALF_Aula.jpg_889254998.jpg\" alt=\"\" width=\"300\" height=\"169\" \/><\/a><\/p>\n<ul>\n<li><strong><span style=\"color: #003300;\">\u00a0Menjador<\/span><\/strong><\/li>\n<\/ul>\n<p>L\u2019escola disposa de menjador per a 80 serveis i la cuina \u00e9s d\u2019elaboraci\u00f3 pr\u00f2pia.<\/p>\n<p>Aquests s\u00f3n els preus dels \u00e0pats (dinar o sopar): 6,30 \u20ac.<\/p>\n<p>Servei de menjador per a tot el curs escolar: 820 \u20ac.<\/p>\n<p>&nbsp;<\/p>\n<ul>\n<li><span style=\"color: #003300;\"><strong>Magatzems de maquin\u00e0ria<\/strong><\/span><\/li>\n<\/ul>\n<p>Aqu\u00ed es guarda la maquin\u00e0ria de l\u2019escola que serveix per les pr\u00e0ctiques de l\u2019alumnat, les sessions presencials de la formaci\u00f3 cont\u00ednua i el manteniment de l\u2019explotaci\u00f3.<\/p>\n<p style=\"text-align: center;\"><a href=\"https:\/\/agora.xtec.cat\/ecaalfarras\/wp-content\/uploads\/usu2159\/2021\/02\/ALF_Magatzems.jpg_889254998.jpg\"><img loading=\"lazy\" decoding=\"async\" class=\"alignnone size-medium wp-image-2605\" src=\"https:\/\/agora.xtec.cat\/ecaalfarras\/wp-content\/uploads\/usu2159\/2023\/09\/0-9-300x225.jpg\" alt=\"\" width=\"300\" height=\"225\" srcset=\"https:\/\/agora.xtec.cat\/ecaalfarras\/wp-content\/uploads\/usu2159\/2023\/09\/0-9-300x225.jpg 300w, https:\/\/agora.xtec.cat\/ecaalfarras\/wp-content\/uploads\/usu2159\/2023\/09\/0-9-1024x768.jpg 1024w, https:\/\/agora.xtec.cat\/ecaalfarras\/wp-content\/uploads\/usu2159\/2023\/09\/0-9-768x576.jpg 768w, https:\/\/agora.xtec.cat\/ecaalfarras\/wp-content\/uploads\/usu2159\/2023\/09\/0-9-200x150.jpg 200w, https:\/\/agora.xtec.cat\/ecaalfarras\/wp-content\/uploads\/usu2159\/2023\/09\/0-9.jpg 1153w\" sizes=\"auto, (max-width: 300px) 100vw, 300px\" \/> <img loading=\"lazy\" decoding=\"async\" class=\"alignnone size-medium wp-image-2606\" src=\"https:\/\/agora.xtec.cat\/ecaalfarras\/wp-content\/uploads\/usu2159\/2023\/09\/0-17-300x225.jpg\" alt=\"\" width=\"300\" height=\"225\" srcset=\"https:\/\/agora.xtec.cat\/ecaalfarras\/wp-content\/uploads\/usu2159\/2023\/09\/0-17-300x225.jpg 300w, https:\/\/agora.xtec.cat\/ecaalfarras\/wp-content\/uploads\/usu2159\/2023\/09\/0-17-1024x768.jpg 1024w, https:\/\/agora.xtec.cat\/ecaalfarras\/wp-content\/uploads\/usu2159\/2023\/09\/0-17-768x576.jpg 768w, https:\/\/agora.xtec.cat\/ecaalfarras\/wp-content\/uploads\/usu2159\/2023\/09\/0-17-200x150.jpg 200w, https:\/\/agora.xtec.cat\/ecaalfarras\/wp-content\/uploads\/usu2159\/2023\/09\/0-17.jpg 1153w\" sizes=\"auto, (max-width: 300px) 100vw, 300px\" \/><\/a><\/p>\n<ul>\n<li><span style=\"color: #003300;\"><strong>Aules pr\u00e0ctiques<\/strong><\/span><\/li>\n<\/ul>\n<p>En aquestes aules es realitzen activitats pr\u00e0ctiques relacionades amb la formaci\u00f3 que s\u2019imparteix a l\u2019escola: instal\u00b7lacions, apicultura, maquin\u00e0ria i fitopatologia.<img loading=\"lazy\" decoding=\"async\" class=\"size-medium wp-image-2609 aligncenter\" src=\"https:\/\/agora.xtec.cat\/ecaalfarras\/wp-content\/uploads\/usu2159\/2023\/09\/0-1-3-300x225.jpg\" alt=\"\" width=\"300\" height=\"225\" srcset=\"https:\/\/agora.xtec.cat\/ecaalfarras\/wp-content\/uploads\/usu2159\/2023\/09\/0-1-3-300x225.jpg 300w, https:\/\/agora.xtec.cat\/ecaalfarras\/wp-content\/uploads\/usu2159\/2023\/09\/0-1-3-1024x768.jpg 1024w, https:\/\/agora.xtec.cat\/ecaalfarras\/wp-content\/uploads\/usu2159\/2023\/09\/0-1-3-768x576.jpg 768w, https:\/\/agora.xtec.cat\/ecaalfarras\/wp-content\/uploads\/usu2159\/2023\/09\/0-1-3-200x150.jpg 200w, https:\/\/agora.xtec.cat\/ecaalfarras\/wp-content\/uploads\/usu2159\/2023\/09\/0-1-3.jpg 1153w\" sizes=\"auto, (max-width: 300px) 100vw, 300px\" \/><\/p>\n<ul>\n<li><span style=\"color: #003300;\"><strong>Aula d\u2019inform\u00e0tica<\/strong><\/span><\/li>\n<\/ul>\n<p>Aquesta aula est\u00e0 equipada amb ordinadors en xarxa que l\u2019alumnat utilitza per realitzar activitats i recerca d\u2019informaci\u00f3 a Internet, aix\u00ed com per cursos de formaci\u00f3 cont\u00ednua.<\/p>\n<p>&nbsp;<\/p>\n<ul>\n<li><span style=\"color: #003300;\"><strong>Hivernacle, t\u00fanel i fog system<\/strong><\/span><\/li>\n<\/ul>\n<p>L\u2019escola disposa d\u2019un hivernacle i un t\u00fanel per realitzar pr\u00e0ctiques de cultiu hort\u00edcola protegit i un fog system per fer producci\u00f3 de planta.<\/p>\n<p>&nbsp;<\/p>\n<ul>\n<li><strong><span style=\"color: #003300;\">Corral, galliner i abellar<\/span><\/strong><\/li>\n<\/ul>\n<p>Corral de bioconstrucci\u00f3 on s\u2019hi allotgen ovelles en per\u00edode lectiu.<br \/>\nGalliner amb diferents esp\u00e8cies d\u2019aus.<br \/>\nArnes propietat de l\u2019escola.<\/p>\n<p><img loading=\"lazy\" decoding=\"async\" class=\"size-medium wp-image-2613 aligncenter\" src=\"https:\/\/agora.xtec.cat\/ecaalfarras\/wp-content\/uploads\/usu2159\/2023\/09\/abelles-283x300.jpg\" alt=\"\" width=\"283\" height=\"300\" srcset=\"https:\/\/agora.xtec.cat\/ecaalfarras\/wp-content\/uploads\/usu2159\/2023\/09\/abelles-283x300.jpg 283w, https:\/\/agora.xtec.cat\/ecaalfarras\/wp-content\/uploads\/usu2159\/2023\/09\/abelles.jpg 553w\" sizes=\"auto, (max-width: 283px) 100vw, 283px\" \/><\/p>\n<p>&nbsp;<\/p>\n<p>&nbsp;<\/p>\n<ul>\n<li><strong><span style=\"color: #003300;\">Taller<\/span><\/strong>\n<p style=\"font-family: 'Helvetica Neue', Helvetica, Helvetica, Arial, sans-serif; font-size: 16px;\">\n<\/li>\n<\/ul>\n<p>Equipat per realitzar els treballs habituals en les explotacions agr\u00e0ries i aprendre a soldar.<\/p>\n<p>&nbsp;<\/p>\n<p style=\"text-align: center;\"><img loading=\"lazy\" decoding=\"async\" class=\"alignnone size-medium wp-image-2607\" src=\"https:\/\/agora.xtec.cat\/ecaalfarras\/wp-content\/uploads\/usu2159\/2023\/09\/0-1-2-300x225.jpg\" alt=\"\" width=\"300\" height=\"225\" srcset=\"https:\/\/agora.xtec.cat\/ecaalfarras\/wp-content\/uploads\/usu2159\/2023\/09\/0-1-2-300x225.jpg 300w, https:\/\/agora.xtec.cat\/ecaalfarras\/wp-content\/uploads\/usu2159\/2023\/09\/0-1-2-1024x768.jpg 1024w, https:\/\/agora.xtec.cat\/ecaalfarras\/wp-content\/uploads\/usu2159\/2023\/09\/0-1-2-768x576.jpg 768w, https:\/\/agora.xtec.cat\/ecaalfarras\/wp-content\/uploads\/usu2159\/2023\/09\/0-1-2-200x150.jpg 200w, https:\/\/agora.xtec.cat\/ecaalfarras\/wp-content\/uploads\/usu2159\/2023\/09\/0-1-2.jpg 1153w\" sizes=\"auto, (max-width: 300px) 100vw, 300px\" \/> <img loading=\"lazy\" decoding=\"async\" class=\"alignnone size-medium wp-image-2608\" src=\"https:\/\/agora.xtec.cat\/ecaalfarras\/wp-content\/uploads\/usu2159\/2023\/09\/0-7-225x300.jpg\" alt=\"\" width=\"225\" height=\"300\" srcset=\"https:\/\/agora.xtec.cat\/ecaalfarras\/wp-content\/uploads\/usu2159\/2023\/09\/0-7-225x300.jpg 225w, https:\/\/agora.xtec.cat\/ecaalfarras\/wp-content\/uploads\/usu2159\/2023\/09\/0-7.jpg 649w\" sizes=\"auto, (max-width: 225px) 100vw, 225px\" \/><\/p>\n<p>&nbsp;<\/p>\n<ul>\n<li><span style=\"color: #003300;\"><strong>Laboratori<\/strong><\/span><\/li>\n<\/ul>\n<p>Equipat per realitzar an\u00e0lisis de s\u00f2ls, aig\u00fces, fruites, cromatografies, observacions d\u2019insectes i plantes entre d\u2019altres.<\/p>\n<ul>\n<li><span style=\"color: #003300;\"><strong>Biblioteca<\/strong><\/span><\/li>\n<\/ul>\n<p>Espai per a l\u2019estudi i la consulta de llibres i revistes del sector.<\/p>\n<p><a href=\"https:\/\/agora.xtec.cat\/ecaalfarras\/wp-content\/uploads\/usu2159\/2020\/05\/CLASSE-BIBLIO-SUPERIOR3.jpg\"><img loading=\"lazy\" decoding=\"async\" class=\"wp-image-1070 size-medium aligncenter\" src=\"https:\/\/agora.xtec.cat\/ecaalfarras\/wp-content\/uploads\/usu2159\/2020\/05\/CLASSE-BIBLIO-SUPERIOR3-300x169.jpg\" alt=\"\" width=\"300\" height=\"169\" srcset=\"https:\/\/agora.xtec.cat\/ecaalfarras\/wp-content\/uploads\/usu2159\/2020\/05\/CLASSE-BIBLIO-SUPERIOR3-300x169.jpg 300w, https:\/\/agora.xtec.cat\/ecaalfarras\/wp-content\/uploads\/usu2159\/2020\/05\/CLASSE-BIBLIO-SUPERIOR3-768x433.jpg 768w, https:\/\/agora.xtec.cat\/ecaalfarras\/wp-content\/uploads\/usu2159\/2020\/05\/CLASSE-BIBLIO-SUPERIOR3-1024x577.jpg 1024w, https:\/\/agora.xtec.cat\/ecaalfarras\/wp-content\/uploads\/usu2159\/2020\/05\/CLASSE-BIBLIO-SUPERIOR3.jpg 1500w\" sizes=\"auto, (max-width: 300px) 100vw, 300px\" \/><\/a><\/p>\n<ul>\n<li><strong><span style=\"color: #003300;\">Sala d\u2019actes<\/span><\/strong><\/li>\n<\/ul>\n<p>Sala d\u2019actes amb capacitat per a 150 persones on es realitzen jornades i cursos.<\/p>\n<p><img loading=\"lazy\" decoding=\"async\" class=\"size-medium wp-image-2615 aligncenter\" src=\"https:\/\/agora.xtec.cat\/ecaalfarras\/wp-content\/uploads\/usu2159\/2023\/09\/audiovisual-300x193.jpg\" alt=\"\" width=\"300\" height=\"193\" srcset=\"https:\/\/agora.xtec.cat\/ecaalfarras\/wp-content\/uploads\/usu2159\/2023\/09\/audiovisual-300x193.jpg 300w, https:\/\/agora.xtec.cat\/ecaalfarras\/wp-content\/uploads\/usu2159\/2023\/09\/audiovisual.jpg 499w\" sizes=\"auto, (max-width: 300px) 100vw, 300px\" \/><\/p>\n<p>&nbsp;<\/p>\n<ul>\n<li><strong><span style=\"color: #003300;\">Resid\u00e8ncia i menjador<\/span><\/strong><\/li>\n<\/ul>\n<p>Resid\u00e8ncia amb pensi\u00f3 completa i menjador per a alumnat de formaci\u00f3 inicial, cont\u00ednua i visites.<\/p>\n<ul>\n<li><span style=\"color: #003300;\"><strong>Zona esportiva<\/strong><\/span><\/li>\n<\/ul>\n<p>Camp de futbol, pista de b\u00e0squet, taula de ping-pong, futbol\u00ed i petit gimn\u00e0s<\/p>\n<p><a href=\"https:\/\/agora.xtec.cat\/ecaalfarras\/wp-content\/uploads\/usu2159\/2021\/02\/ALF_Campfutbol.jpg_889254998.jpg\"><img loading=\"lazy\" decoding=\"async\" class=\"aligncenter size-full wp-image-1833\" src=\"https:\/\/agora.xtec.cat\/ecaalfarras\/wp-content\/uploads\/usu2159\/2021\/02\/ALF_Campfutbol.jpg_889254998.jpg\" alt=\"\" width=\"300\" height=\"169\" \/><\/a><\/p>\n","protected":false},"excerpt":{"rendered":"<p>Les instal\u00b7lacions del centre s\u00f3n:<\/p>\n<ul>\n<li>Explotaci\u00f3 agr\u00edcola<\/li>\n<\/ul>\n<p>Per tal de poder desenvolupar l\u2019activitat formativa, l\u2019escola disposa d\u2019una explotaci\u00f3 de 22,75 hect\u00e0rees ubicades a l\u2019horta d\u2019Alfarr\u00e0s. D\u2019aquesta superf\u00edcie, 19,29 es dediquen a conreus agr\u00edcoles i de bosc de ribera. La resta, a equipaments i instal\u00b7lacions. La superf\u00edcie total&hellip;  <a href=\"https:\/\/agora.xtec.cat\/ecaalfarras\/lescola-agraria\/instal%c2%b7lacions\/\" title=\"Read Instal\u00b7lacions\">Llegeix m\u00e9s\u00bb<\/a><\/p>\n","protected":false},"author":1,"featured_media":0,"parent":715,"menu_order":30,"comment_status":"closed","ping_status":"closed","template":"page-templates\/side-menu.php","meta":{"_bbp_topic_count":0,"_bbp_reply_count":0,"_bbp_total_topic_count":0,"_bbp_total_reply_count":0,"_bbp_voice_count":0,"_bbp_anonymous_reply_count":0,"_bbp_topic_count_hidden":0,"_bbp_reply_count_hidden":0,"_bbp_forum_subforum_count":0,"footnotes":""},"class_list":["post-39","page","type-page","status-publish","hentry"],"post_mailing_queue_ids":[],"_links":{"self":[{"href":"https:\/\/agora.xtec.cat\/ecaalfarras\/wp-json\/wp\/v2\/pages\/39","targetHints":{"allow":["GET"]}}],"collection":[{"href":"https:\/\/agora.xtec.cat\/ecaalfarras\/wp-json\/wp\/v2\/pages"}],"about":[{"href":"https:\/\/agora.xtec.cat\/ecaalfarras\/wp-json\/wp\/v2\/types\/page"}],"author":[{"embeddable":true,"href":"https:\/\/agora.xtec.cat\/ecaalfarras\/wp-json\/wp\/v2\/users\/1"}],"replies":[{"embeddable":true,"href":"https:\/\/agora.xtec.cat\/ecaalfarras\/wp-json\/wp\/v2\/comments?post=39"}],"version-history":[{"count":3,"href":"https:\/\/agora.xtec.cat\/ecaalfarras\/wp-json\/wp\/v2\/pages\/39\/revisions"}],"predecessor-version":[{"id":948,"href":"https:\/\/agora.xtec.cat\/ecaalfarras\/wp-json\/wp\/v2\/pages\/39\/revisions\/948"}],"up":[{"embeddable":true,"href":"https:\/\/agora.xtec.cat\/ecaalfarras\/wp-json\/wp\/v2\/pages\/715"}],"wp:attachment":[{"href":"https:\/\/agora.xtec.cat\/ecaalfarras\/wp-json\/wp\/v2\/media?parent=39"}],"curies":[{"name":"wp","href":"https:\/\/api.w.org\/{rel}","templated":true}]}}