{"id":2352,"date":"2022-05-06T11:41:29","date_gmt":"2022-05-06T09:41:29","guid":{"rendered":"https:\/\/agora.xtec.cat\/ecaalfarras\/?page_id=2352"},"modified":"2026-01-19T12:25:15","modified_gmt":"2026-01-19T11:25:15","slug":"certificacions-9001-i-14001","status":"publish","type":"page","link":"https:\/\/agora.xtec.cat\/ecaalfarras\/gestio-de-qualitat\/certificacions-9001-i-14001\/","title":{"rendered":"Certificacions 9001,  14001 i AMED"},"content":{"rendered":"<p>&nbsp;<\/p>\n<p>L\u2019escola est\u00e0\u00a0<strong>certificada en la ISO 9001 i <a href=\"https:\/\/agora.xtec.cat\/ecaalfarras\/iso-medi-ambient-14000\/\">en la ISO 14001 de medi ambient.<\/a><\/strong><\/p>\n<p>La ISO 9001 va ser adquirida al 2018 i recentment l&#8217;escola \u00e9s va certificar en ISO 14001 l&#8217;any 2021.<\/p>\n<p>Aquestes certificacions demostren que gestiona el sistema amb criteris i instruments de revisi\u00f3, avaluaci\u00f3 i redefinici\u00f3 permanent del treball, en el marc del<strong>\u00a0projecte de Qualitat i millora cont\u00ednua del Departament d\u2019Educaci\u00f3<\/strong>,\u00a0 a m\u00e9s a m\u00e9s de tenir un comprom\u00eds amb el\u00a0medi ambient, la sostenibilitat i la natura.<\/p>\n<h5><em><strong><img loading=\"lazy\" decoding=\"async\" class=\"aligncenter wp-image-2967\" src=\"https:\/\/agora.xtec.cat\/ecaalfarras\/wp-content\/uploads\/usu2159\/2026\/01\/logo-iso-ea.jpg\" alt=\"\" width=\"358\" height=\"238\" \/><\/strong><\/em><\/h5>\n<p>&nbsp;<\/p>\n<h5><em><strong>* Altres certificacions:<\/strong><\/em><\/h5>\n<p>A m\u00e9s a m\u00e9s, l&#8217;Escola Agr\u00e0ria d&#8217;Alfarr\u00e0s<span style=\"font-family: inherit; font-size: 1em;\"> promou l\u2019alimentaci\u00f3 mediterr\u00e0nia com a model d\u2019alimentaci\u00f3 saludable i equilibrada. Fruit d\u2019aquesta voluntat, ha rebut l\u2019<\/span><a style=\"font-family: inherit; font-size: 1em;\" href=\"https:\/\/salutweb.gencat.cat\/ca\/ambits_actuacio\/per_perfils\/empreses_i_establiments\/Ambit-alimentari\/restauracio\/acreditacio_amed\/\" target=\"_blank\" rel=\"noopener\"><strong>acreditaci\u00f3<\/strong> <strong>Amed<\/strong><\/a><span style=\"font-family: inherit; font-size: 1em;\">, un programa d&#8217;identificaci\u00f3 i acreditaci\u00f3 d&#8217;establiments de restauraci\u00f3 promotors de l\u2019alimentaci\u00f3 m<\/span><\/p>\n<p><span style=\"font-family: inherit; font-size: 1em;\">editerr\u00e0nia i de l\u2019oci actiu, liderat per l\u2019Ag\u00e8ncia de Salut P\u00fablica de Catalunya del <\/span><strong style=\"font-family: inherit; font-size: 1em;\">Departament de Salut<\/strong><span style=\"font-family: inherit; font-size: 1em;\">.<\/span><\/p>\n<div class=\"main-container page-mon-rural\">\n<div class=\"main-wrapper container-fluid\">\n<div class=\"container custom-container\">\n<div class=\"row article article-mon-rural\">\n<div id=\"main\" class=\"inner-content col-md-12 fixed-main\">\n<div class=\"row\">\n<div class=\"content-col col-lg-7 col-md-8 col-sm-12 col-ms-12 col-xs-12 stick\" data-sticky_column=\"991\">\n<div class=\"smart-sticky\">\n<article id=\"article-80144\" class=\"article-80144 format category-111\">\n<div class=\"content-data\">\n<div class=\"content-body inner-article-data\">\n<div class=\"body mon-rural\">\n<p style=\"text-align: left;\">\u00a0 Per aconseguir aquest distintiu, les set Escoles Agr\u00e0ries acreditades han certificat el\u00a0 compliment d\u2019un seguit de <strong><a href=\"http:\/\/www.amed.cat\/requisits.php\">requisits de l\u2019acreditaci\u00f3 Amed<\/a><\/strong>:<\/p>\n<ul>\n<li style=\"text-align: left;\">Garantir que un 25% de l\u2019oferta dels primers plats siguin a base de verdures, hortalisses o llegums.<\/li>\n<li style=\"text-align: left;\">Incloure a l\u2019oferta de segons plats un 50% de peix o carn magra.<\/li>\n<li style=\"text-align: left;\">Utilitzar oli d\u2019oliva per amanir i<br \/>\npreparar els plats (per amanir preferiblement oli d\u2019oliva verge o verge extra).<\/li>\n<li style=\"text-align: left;\">Oferir algun producte integral a la carta.<\/li>\n<li style=\"text-align: left;\">Disposar, entre les postres l\u00e0cties, l\u2019opci\u00f3 sense sucres afegits.<\/li>\n<li style=\"text-align: left;\">Oferir aigua no envasada de forma habitual i gratu\u00efta.<\/li>\n<li style=\"text-align: left;\">Garantir un 50% de fruita fresca, en l\u2019oferta de les postres.<\/li>\n<\/ul>\n<\/div>\n<\/div>\n<\/div>\n<\/article>\n<\/div>\n<\/div>\n<\/div>\n<\/div>\n<\/div>\n<\/div>\n<\/div>\n<\/div>\n<p><img loading=\"lazy\" decoding=\"async\" class=\"size-full wp-image-2372 aligncenter\" src=\"https:\/\/agora.xtec.cat\/ecaalfarras\/wp-content\/uploads\/usu2159\/2022\/05\/amedg.jpg_1222380328.jpg\" alt=\"\" width=\"232\" height=\"239\" \/><\/p>\n<p>&nbsp;<\/p>\n<p>&nbsp;<\/p>\n","protected":false},"excerpt":{"rendered":"<p>&nbsp;<br \/>\nL\u2019escola est\u00e0\u00a0certificada en la ISO 9001 i <a href=\"https:\/\/agora.xtec.cat\/ecaalfarras\/iso-medi-ambient-14000\/\">en la ISO 14001 de medi ambient.<\/a><br \/>\nLa ISO 9001 va ser adquirida al 2018 i recentment l&#8217;escola \u00e9s va certificar en ISO 14001 l&#8217;any 2021.<br \/>\nAquestes certificacions demostren que gestiona el sistema amb criteris i instruments de revisi\u00f3,&hellip;  <a href=\"https:\/\/agora.xtec.cat\/ecaalfarras\/gestio-de-qualitat\/certificacions-9001-i-14001\/\" title=\"Read Certificacions 9001,  14001 i AMED\">Llegeix m\u00e9s\u00bb<\/a><\/p>\n","protected":false},"author":1,"featured_media":0,"parent":2182,"menu_order":0,"comment_status":"closed","ping_status":"closed","template":"page-templates\/side-menu.php","meta":{"_bbp_topic_count":0,"_bbp_reply_count":0,"_bbp_total_topic_count":0,"_bbp_total_reply_count":0,"_bbp_voice_count":0,"_bbp_anonymous_reply_count":0,"_bbp_topic_count_hidden":0,"_bbp_reply_count_hidden":0,"_bbp_forum_subforum_count":0,"footnotes":""},"class_list":["post-2352","page","type-page","status-publish","hentry"],"post_mailing_queue_ids":[],"_links":{"self":[{"href":"https:\/\/agora.xtec.cat\/ecaalfarras\/wp-json\/wp\/v2\/pages\/2352","targetHints":{"allow":["GET"]}}],"collection":[{"href":"https:\/\/agora.xtec.cat\/ecaalfarras\/wp-json\/wp\/v2\/pages"}],"about":[{"href":"https:\/\/agora.xtec.cat\/ecaalfarras\/wp-json\/wp\/v2\/types\/page"}],"author":[{"embeddable":true,"href":"https:\/\/agora.xtec.cat\/ecaalfarras\/wp-json\/wp\/v2\/users\/1"}],"replies":[{"embeddable":true,"href":"https:\/\/agora.xtec.cat\/ecaalfarras\/wp-json\/wp\/v2\/comments?post=2352"}],"version-history":[{"count":5,"href":"https:\/\/agora.xtec.cat\/ecaalfarras\/wp-json\/wp\/v2\/pages\/2352\/revisions"}],"predecessor-version":[{"id":2969,"href":"https:\/\/agora.xtec.cat\/ecaalfarras\/wp-json\/wp\/v2\/pages\/2352\/revisions\/2969"}],"up":[{"embeddable":true,"href":"https:\/\/agora.xtec.cat\/ecaalfarras\/wp-json\/wp\/v2\/pages\/2182"}],"wp:attachment":[{"href":"https:\/\/agora.xtec.cat\/ecaalfarras\/wp-json\/wp\/v2\/media?parent=2352"}],"curies":[{"name":"wp","href":"https:\/\/api.w.org\/{rel}","templated":true}]}}