{"id":21,"date":"2014-09-17T16:14:14","date_gmt":"2014-09-17T16:14:14","guid":{"rendered":"http:\/\/agora.xtec.cat\/ecaalfarras\/?page_id=21"},"modified":"2025-02-03T16:11:10","modified_gmt":"2025-02-03T15:11:10","slug":"on-som","status":"publish","type":"page","link":"https:\/\/agora.xtec.cat\/ecaalfarras\/lescola-agraria\/on-som\/","title":{"rendered":"On som"},"content":{"rendered":"<p>El municipi d\u2019Alfarr\u00e0s, es situa a la ribera del riu Noguera Ribagor\u00e7ana i pertany a la comarca del Segri\u00e0. Amb una extensi\u00f3 de 11,4 Km<sup>2<\/sup> i una poblaci\u00f3 de 2.778 habitants (2023, <a href=\"http:\/\/www.idescat.cat\">www.idescat.cat<\/a>)). Alfarr\u00e0s, tot i que inicialment pertanyia a la comarca de la Noguera, el 1990 es va incorporar a la comarca del Segri\u00e0 de la qual en forma part actualment. La comarca del Segri\u00e0, formada per 38 municipis, \u00e9s la comarca globalment m\u00e9s poblada y m\u00e9s activa econ\u00f2micament de la meitat occidental de Catalunya.<\/p>\n<p>El terme municipal d&#8217;Alfarr\u00e0s est\u00e0 regat per les aig\u00fces de dos importants canals, la s\u00e8quia de Pinyana i el Canal d\u2019Arag\u00f3 i Catalunya. Havia estat un municipi eminentment agr\u00edcola i industrial per\u00f2 a l\u2019actualitat la poblaci\u00f3 dedicada a l\u2019agricultura ha minvat. Dins de l\u2019activitat agr\u00e0ria el cultiu m\u00e9s est\u00e8s \u00e9s el de fruita, especialment les varietats de pr\u00e9ssec.<\/p>\n<p><strong>Escola Agr\u00e0ria d&#8217;Alfarr\u00e0s<\/strong><\/p>\n<p><strong>Ptda. El Sot s\/n &#8211; 25120,<\/strong><\/p>\n<p><strong>Alfarr\u00e0s 973 76 01 00<\/strong><br \/>\n<u><a href=\"mailto:ea_alfarras.agricultura@gencat.cat\">ea_alfarras.agricultura@gencat.cat<\/a><\/u><\/p>\n<h5><strong><a href=\"https:\/\/www.google.es\/maps\/@41.8212524,0.5746904,17z?hl=ca&amp;authuser=0\">Visita&#8217;ns &#8211; Mapa<\/a><\/strong><\/h5>\n<p>&nbsp;<\/p>\n<p><a href=\"https:\/\/agora.xtec.cat\/ecaalfarras\/wp-content\/uploads\/usu2159\/2021\/07\/Imagen1.png\"><img loading=\"lazy\" decoding=\"async\" class=\"wp-image-2117 aligncenter\" src=\"https:\/\/agora.xtec.cat\/ecaalfarras\/wp-content\/uploads\/usu2159\/2021\/07\/Imagen1.png\" alt=\"\" width=\"469\" height=\"369\" srcset=\"https:\/\/agora.xtec.cat\/ecaalfarras\/wp-content\/uploads\/usu2159\/2021\/07\/Imagen1.png 528w, https:\/\/agora.xtec.cat\/ecaalfarras\/wp-content\/uploads\/usu2159\/2021\/07\/Imagen1-300x236.png 300w\" sizes=\"auto, (max-width: 469px) 100vw, 469px\" \/><\/a><\/p>\n","protected":false},"excerpt":{"rendered":"<p>El municipi d\u2019Alfarr\u00e0s, es situa a la ribera del riu Noguera Ribagor\u00e7ana i pertany a la comarca del Segri\u00e0. Amb una extensi\u00f3 de 11,4 Km2 i una poblaci\u00f3 de 2.778 habitants (2023, <a href=\"http:\/\/www.idescat.cat\">www.idescat.cat<\/a>)). Alfarr\u00e0s, tot i que inicialment pertanyia a la comarca de la&hellip;  <a href=\"https:\/\/agora.xtec.cat\/ecaalfarras\/lescola-agraria\/on-som\/\" title=\"Read On som\">Llegeix m\u00e9s\u00bb<\/a><\/p>\n","protected":false},"author":1,"featured_media":0,"parent":715,"menu_order":10,"comment_status":"closed","ping_status":"closed","template":"page-templates\/side-menu.php","meta":{"_bbp_topic_count":0,"_bbp_reply_count":0,"_bbp_total_topic_count":0,"_bbp_total_reply_count":0,"_bbp_voice_count":0,"_bbp_anonymous_reply_count":0,"_bbp_topic_count_hidden":0,"_bbp_reply_count_hidden":0,"_bbp_forum_subforum_count":0,"footnotes":""},"class_list":["post-21","page","type-page","status-publish","hentry"],"post_mailing_queue_ids":[],"_links":{"self":[{"href":"https:\/\/agora.xtec.cat\/ecaalfarras\/wp-json\/wp\/v2\/pages\/21","targetHints":{"allow":["GET"]}}],"collection":[{"href":"https:\/\/agora.xtec.cat\/ecaalfarras\/wp-json\/wp\/v2\/pages"}],"about":[{"href":"https:\/\/agora.xtec.cat\/ecaalfarras\/wp-json\/wp\/v2\/types\/page"}],"author":[{"embeddable":true,"href":"https:\/\/agora.xtec.cat\/ecaalfarras\/wp-json\/wp\/v2\/users\/1"}],"replies":[{"embeddable":true,"href":"https:\/\/agora.xtec.cat\/ecaalfarras\/wp-json\/wp\/v2\/comments?post=21"}],"version-history":[{"count":6,"href":"https:\/\/agora.xtec.cat\/ecaalfarras\/wp-json\/wp\/v2\/pages\/21\/revisions"}],"predecessor-version":[{"id":2829,"href":"https:\/\/agora.xtec.cat\/ecaalfarras\/wp-json\/wp\/v2\/pages\/21\/revisions\/2829"}],"up":[{"embeddable":true,"href":"https:\/\/agora.xtec.cat\/ecaalfarras\/wp-json\/wp\/v2\/pages\/715"}],"wp:attachment":[{"href":"https:\/\/agora.xtec.cat\/ecaalfarras\/wp-json\/wp\/v2\/media?parent=21"}],"curies":[{"name":"wp","href":"https:\/\/api.w.org\/{rel}","templated":true}]}}