{"id":195,"date":"2014-09-22T10:39:39","date_gmt":"2014-09-22T10:39:39","guid":{"rendered":"http:\/\/agora.xtec.cat\/ecaalfarras\/?page_id=195"},"modified":"2025-05-27T12:56:22","modified_gmt":"2025-05-27T10:56:22","slug":"estudis","status":"publish","type":"page","link":"https:\/\/agora.xtec.cat\/ecaalfarras\/estudis\/","title":{"rendered":"Cicles Formatius"},"content":{"rendered":"<p>&nbsp;<\/p>\n<p style=\"text-align: justify;\"><span style=\"color: #000000;\"><strong>L\u2019Escola Agr\u00e0ria d&#8217;Alfarr\u00e0s \u00e9s un centre p\u00fablic<\/strong> que forma part de la xarxa d\u2019escoles del Servei de Formaci\u00f3 del Departament d&#8217;Agricultura, Ramaderia Agricultura i Pesca. <\/span><\/p>\n<p style=\"text-align: justify;\"><span style=\"color: #000000;\">T\u00e9 com a finalitat oferir<strong> formaci\u00f3 integral, gratu\u00efta i de qualitat<\/strong> en els \u00e0mbits hortofruct\u00edcoles, de la mecanitzaci\u00f3 agr\u00e0ria i de la comercialitzaci\u00f3 de productes agroalimentaris.<\/span><\/p>\n<p style=\"text-align: justify;\"><span style=\"color: #000000;\">M\u00e9s de <strong>cinquanta anys d\u2019experi\u00e8ncia<\/strong> treballant en formaci\u00f3 reglada i cont\u00ednua amb <strong>grups redu\u00efts d\u2019alumnes<\/strong> oferint-los una formaci\u00f3 professionalitzadora eminentment i pr\u00e0ctica, que permet diverses sortides professionals dins del m\u00f3n hortofruct\u00edcola de la maquin\u00e0ria i de la comercialitzaci\u00f3 de productes agroalimentaris.<\/span><\/p>\n<div style=\"text-align: justify;\"><\/div>\n<div>\n<div style=\"text-align: justify;\"><span style=\"color: #000000;\">Formaci\u00f3 professional que es realitza a l&#8217;Escola Agr\u00e0ria d&#8217;Alfarr\u00e0s:<\/span><\/div>\n<p>&nbsp;<\/p>\n<\/div>\n<div><\/div>\n<div class=\"entry-content\" style=\"color: #444444;\">\n<ul>\n<li><span style=\"text-decoration: underline;\"><span style=\"color: #008000;\"><em><strong>Cicle formatiu de Grau Mitj\u00e0 en Producci\u00f3 Agroecol\u00f2gica: <\/strong><\/em><\/span><\/span>Informat del que fem i en que consisteix el cicle, sortides laborals, pr\u00e0ctiques&#8230;. <strong style=\"font-family: inherit; font-size: 1em;\"><span style=\"color: #00ff00;\"><a style=\"color: #00ff00;\" href=\"https:\/\/agora.xtec.cat\/ecaalfarras\/estudis\/cicle-formatiu-de-produccio-agroecologica-cfgm\/\">Aqu\u00ed !!<\/a><\/span><\/strong><\/li>\n<\/ul>\n<p style=\"text-align: center;\"><span style=\"color: #0000ff;\"><a style=\"color: #0000ff;\" href=\"https:\/\/preinscripcio.gencat.cat\/ca\/estudis\/fp-grau-mitja\/inici\/\">Preinscripci\u00f3 Formaci\u00f3 Professional Grau Mitj\u00e0<\/a><\/span><\/p>\n<\/div>\n<p>&nbsp;<\/p>\n<div class=\"entry-content\" style=\"color: #444444;\">\n<div class=\"entry-content\">\n<ul>\n<li><span style=\"text-decoration: underline;\"><em><strong><span style=\"color: #008000; text-decoration: underline;\">Cicle formatiu Grau Superior e<\/span><\/strong><\/em><em><strong><span style=\"color: #008000; text-decoration: underline;\">n Paisatgisme i Medi Rural: <\/span><\/strong><\/em><\/span>Informat del que fem i en que consisteix el cicle, sortides laborals, pr\u00e0ctiques&#8230; <strong style=\"font-family: inherit; font-size: 1em;\"><span style=\"color: #00ff00;\"><a style=\"color: #00ff00;\" href=\"https:\/\/agora.xtec.cat\/ecaalfarras\/estudis\/cicle-formatiu-paisatgisme-i-medi-rural-cfgs\/\">Aqu\u00ed !!<\/a><\/span><\/strong><\/li>\n<\/ul>\n<p style=\"text-align: center;\"><span style=\"color: #0000ff;\"><a style=\"color: #0000ff;\" href=\"https:\/\/preinscripcio.gencat.cat\/ca\/estudis\/fp-grau-superior\/inici\/\">Preinscripci\u00f3 del Formaci\u00f3 Professional Grau Superior<\/a><\/span><\/p>\n<p>Actualment, l&#8217;EA Alfarr\u00e0s realitza el cicle amb FP Dual. Aquesta opci\u00f3 es podr\u00e0 realitzar quan els alumnes compleixin els seg\u00fcents <a href=\"https:\/\/agora.xtec.cat\/ecaalfarras\/docs\/criteris-per-a-la-fp-dual\/\">criteris<\/a>.<\/p>\n<\/div>\n<p style=\"text-align: center;\"><span style=\"color: #008000;\"><em><a style=\"color: #008000;\" href=\"https:\/\/www.escolaagrariaalfarras.com\/virtual\/\"><strong>Pots veure l&#8217;escola al nostre Tour Virtual\u00a0 \u00a0 <\/strong><\/a><\/em><em><span id=\"Visita8217ns\"><strong><a style=\"color: #008000;\" href=\"https:\/\/www.escolaagrariaalfarras.com\/\">Visita\u2019ns!!<\/a><\/strong><\/span><\/em><\/span><\/p>\n<\/div>\n<h2><img loading=\"lazy\" decoding=\"async\" class=\"wp-image-2372 alignright\" src=\"https:\/\/agora.xtec.cat\/ecaalfarras\/wp-content\/uploads\/usu2159\/2022\/05\/amedg.jpg_1222380328.jpg\" alt=\"\" width=\"36\" height=\"37\" srcset=\"https:\/\/agora.xtec.cat\/ecaalfarras\/wp-content\/uploads\/usu2159\/2022\/05\/amedg.jpg_1222380328.jpg 232w, https:\/\/agora.xtec.cat\/ecaalfarras\/wp-content\/uploads\/usu2159\/2022\/05\/amedg.jpg_1222380328-150x150.jpg 150w\" sizes=\"auto, (max-width: 36px) 100vw, 36px\" \/><\/h2>\n<h2><img loading=\"lazy\" decoding=\"async\" class=\"wp-image-2353 alignright\" src=\"https:\/\/agora.xtec.cat\/ecaalfarras\/wp-content\/uploads\/usu2159\/2022\/05\/90014.png\" alt=\"\" width=\"87\" height=\"58\" \/><\/h2>\n<h6 style=\"text-align: center;\"><img loading=\"lazy\" decoding=\"async\" class=\"wp-image-2862 aligncenter\" src=\"https:\/\/agora.xtec.cat\/ecaalfarras\/wp-content\/uploads\/usu2159\/2025\/05\/ALUMNES-2025-1024x1022.jpg\" alt=\"\" width=\"375\" height=\"374\" data-wp-editing=\"1\" \/><span style=\"font-size: 1.125em;\">Alumnes 2n Grau Superior promoci\u00f3<\/span><span style=\"font-size: 1.125em;\"> 24\/25<\/span><\/h6>\n<p>&nbsp;<\/p>\n<p>&nbsp;<\/p>\n","protected":false},"excerpt":{"rendered":"<p>&nbsp;<br \/>\nL\u2019Escola Agr\u00e0ria d&#8217;Alfarr\u00e0s \u00e9s un centre p\u00fablic que forma part de la xarxa d\u2019escoles del Servei de Formaci\u00f3 del Departament d&#8217;Agricultura, Ramaderia Agricultura i Pesca.<br \/>\nT\u00e9 com a finalitat oferir formaci\u00f3 integral, gratu\u00efta i de qualitat en els \u00e0mbits hortofruct\u00edcoles, de la mecanitzaci\u00f3 agr\u00e0ria i&hellip;  <a href=\"https:\/\/agora.xtec.cat\/ecaalfarras\/estudis\/\" title=\"Read Cicles Formatius\">Llegeix m\u00e9s\u00bb<\/a><\/p>\n","protected":false},"author":1,"featured_media":0,"parent":0,"menu_order":0,"comment_status":"closed","ping_status":"closed","template":"page-templates\/side-menu.php","meta":{"_bbp_topic_count":0,"_bbp_reply_count":0,"_bbp_total_topic_count":0,"_bbp_total_reply_count":0,"_bbp_voice_count":0,"_bbp_anonymous_reply_count":0,"_bbp_topic_count_hidden":0,"_bbp_reply_count_hidden":0,"_bbp_forum_subforum_count":0,"footnotes":""},"class_list":["post-195","page","type-page","status-publish","hentry"],"post_mailing_queue_ids":[],"_links":{"self":[{"href":"https:\/\/agora.xtec.cat\/ecaalfarras\/wp-json\/wp\/v2\/pages\/195","targetHints":{"allow":["GET"]}}],"collection":[{"href":"https:\/\/agora.xtec.cat\/ecaalfarras\/wp-json\/wp\/v2\/pages"}],"about":[{"href":"https:\/\/agora.xtec.cat\/ecaalfarras\/wp-json\/wp\/v2\/types\/page"}],"author":[{"embeddable":true,"href":"https:\/\/agora.xtec.cat\/ecaalfarras\/wp-json\/wp\/v2\/users\/1"}],"replies":[{"embeddable":true,"href":"https:\/\/agora.xtec.cat\/ecaalfarras\/wp-json\/wp\/v2\/comments?post=195"}],"version-history":[{"count":6,"href":"https:\/\/agora.xtec.cat\/ecaalfarras\/wp-json\/wp\/v2\/pages\/195\/revisions"}],"predecessor-version":[{"id":2885,"href":"https:\/\/agora.xtec.cat\/ecaalfarras\/wp-json\/wp\/v2\/pages\/195\/revisions\/2885"}],"wp:attachment":[{"href":"https:\/\/agora.xtec.cat\/ecaalfarras\/wp-json\/wp\/v2\/media?parent=195"}],"curies":[{"name":"wp","href":"https:\/\/api.w.org\/{rel}","templated":true}]}}