{"id":880,"date":"2023-10-20T10:37:59","date_gmt":"2023-10-20T08:37:59","guid":{"rendered":"https:\/\/agora.xtec.cat\/eca-pirineu\/?page_id=880"},"modified":"2026-03-25T10:13:14","modified_gmt":"2026-03-25T09:13:14","slug":"premsa","status":"publish","type":"page","link":"https:\/\/agora.xtec.cat\/eca-pirineu\/iniciatives-i-altres-serveis\/premsa\/","title":{"rendered":"Premsa"},"content":{"rendered":"\n<h3 style=\"text-align: left;\"><span style=\"text-decoration: underline;\"><strong>Mar\u00e7 2026<\/strong><\/span><\/h3>\n<table style=\"border-collapse: collapse; width: 100%;\">\n<tbody>\n<tr>\n<td style=\"width: 50%;\"><a href=\"https:\/\/www.3cat.cat\/3cat\/que-es-lequitacio-centrada\/video\/6391725\/\" target=\"_blank\" rel=\"noopener\"><img loading=\"lazy\" decoding=\"async\" class=\"wp-image-1380 aligncenter\" src=\"https:\/\/agora.xtec.cat\/eca-pirineu\/wp-content\/uploads\/usu2154\/2026\/03\/Captura-de-pantalla-2026-03-25-101153.png\" alt=\"\" width=\"304\" height=\"222\" srcset=\"https:\/\/agora.xtec.cat\/eca-pirineu\/wp-content\/uploads\/usu2154\/2026\/03\/Captura-de-pantalla-2026-03-25-101153.png 478w, https:\/\/agora.xtec.cat\/eca-pirineu\/wp-content\/uploads\/usu2154\/2026\/03\/Captura-de-pantalla-2026-03-25-101153-300x219.png 300w\" sizes=\"auto, (max-width: 304px) 100vw, 304px\" \/><\/a><\/td>\n<td style=\"width: 50%;\">\n<p style=\"text-align: center;\"><strong>Qu\u00e8 \u00e9s l&#8217;equitaci\u00f3 centrada?<\/strong><\/p>\n<h5 style=\"text-align: center;\"><a href=\"https:\/\/www.3cat.cat\/3cat\/que-es-lequitacio-centrada\/video\/6391725\/\" target=\"_blank\" rel=\"noopener\"><strong>3Cat<\/strong><\/a><\/h5>\n<\/td>\n<\/tr>\n<\/tbody>\n<\/table>\n<h3 style=\"text-align: left;\"><span style=\"text-decoration: underline;\"><strong>Febrer 2026<\/strong><\/span><\/h3>\n<table style=\"border-collapse: collapse; width: 100%;\">\n<tbody>\n<tr>\n<td style=\"width: 50%;\"><a href=\"https:\/\/pirineustv.cat\/lalumnat-de-lescola-agraria-del-pirineu-porta-les-seves-elaboracions-al-mercat\" target=\"_blank\" rel=\"noopener\"><img loading=\"lazy\" decoding=\"async\" class=\"wp-image-1377 aligncenter\" src=\"https:\/\/agora.xtec.cat\/eca-pirineu\/wp-content\/uploads\/usu2154\/2026\/03\/Captura-de-pantalla-2026-03-25-100824.png\" alt=\"\" width=\"390\" height=\"196\" srcset=\"https:\/\/agora.xtec.cat\/eca-pirineu\/wp-content\/uploads\/usu2154\/2026\/03\/Captura-de-pantalla-2026-03-25-100824.png 1149w, https:\/\/agora.xtec.cat\/eca-pirineu\/wp-content\/uploads\/usu2154\/2026\/03\/Captura-de-pantalla-2026-03-25-100824-300x151.png 300w, https:\/\/agora.xtec.cat\/eca-pirineu\/wp-content\/uploads\/usu2154\/2026\/03\/Captura-de-pantalla-2026-03-25-100824-1024x514.png 1024w, https:\/\/agora.xtec.cat\/eca-pirineu\/wp-content\/uploads\/usu2154\/2026\/03\/Captura-de-pantalla-2026-03-25-100824-768x386.png 768w\" sizes=\"auto, (max-width: 390px) 100vw, 390px\" \/><\/a><\/td>\n<td style=\"width: 50%;\">\n<p style=\"text-align: center;\"><strong>L&#8217;alumnat de l&#8217;Escola Agr\u00e0ria del Pirineu porta les seves elaboracions al mercat<\/strong><\/p>\n<h5 style=\"text-align: center;\"><a href=\"https:\/\/pirineustv.cat\/lalumnat-de-lescola-agraria-del-pirineu-porta-les-seves-elaboracions-al-mercat\" target=\"_blank\" rel=\"noopener\"><strong>Pirineus TV<\/strong><\/a><\/h5>\n<\/td>\n<\/tr>\n<\/tbody>\n<\/table>\n<h3 style=\"text-align: left;\"><span style=\"text-decoration: underline;\"><strong>Octubre 2025<\/strong><\/span><\/h3>\n<table style=\"border-collapse: collapse; width: 100%;\">\n<tbody>\n<tr>\n<td style=\"width: 50%;\"><a href=\"https:\/\/www.viurealspirineus.cat\/articulo\/societat\/l-escola-agraria-pirineu-rep-premi-amiga-formatge-fira-sant-ermengol\/20251023091532061183.html\" target=\"_blank\" rel=\"noopener\"><img loading=\"lazy\" decoding=\"async\" class=\"wp-image-1375 aligncenter\" src=\"https:\/\/agora.xtec.cat\/eca-pirineu\/wp-content\/uploads\/usu2154\/2026\/03\/Captura-de-pantalla-2026-03-25-100651.png\" alt=\"\" width=\"362\" height=\"228\" srcset=\"https:\/\/agora.xtec.cat\/eca-pirineu\/wp-content\/uploads\/usu2154\/2026\/03\/Captura-de-pantalla-2026-03-25-100651.png 817w, https:\/\/agora.xtec.cat\/eca-pirineu\/wp-content\/uploads\/usu2154\/2026\/03\/Captura-de-pantalla-2026-03-25-100651-300x189.png 300w, https:\/\/agora.xtec.cat\/eca-pirineu\/wp-content\/uploads\/usu2154\/2026\/03\/Captura-de-pantalla-2026-03-25-100651-768x483.png 768w\" sizes=\"auto, (max-width: 362px) 100vw, 362px\" \/><\/a><\/td>\n<td style=\"width: 50%;\">\n<p style=\"text-align: center;\"><strong>L\u2019Escola Agr\u00e0ria del Pirineu rep el premi \u201cAmiga del Formatge\u201d a la Fira de Sant Ermengol<\/strong><\/p>\n<h5 style=\"text-align: center;\"><a href=\"https:\/\/www.viurealspirineus.cat\/articulo\/societat\/l-escola-agraria-pirineu-rep-premi-amiga-formatge-fira-sant-ermengol\/20251023091532061183.html\" target=\"_blank\" rel=\"noopener\"><strong>Viure als Pirineus<\/strong><\/a><\/h5>\n<\/td>\n<\/tr>\n<\/tbody>\n<\/table>\n<h3 style=\"text-align: left;\"><span style=\"text-decoration: underline;\"><strong>Maig 2025<\/strong><\/span><\/h3>\n<table style=\"border-collapse: collapse; width: 100%;\">\n<tbody>\n<tr>\n<td style=\"width: 50%;\"><a href=\"https:\/\/www.viurealspirineus.cat\/articulo\/societat\/l-escola-agraria-pirineu-obre-periode-preinscripcions-als-cicles-formatius-grau-mitja-per-curs-vinent\/20250523131607057132.html\" target=\"_blank\" rel=\"noopener\"><img loading=\"lazy\" decoding=\"async\" class=\"wp-image-1373 aligncenter\" src=\"https:\/\/agora.xtec.cat\/eca-pirineu\/wp-content\/uploads\/usu2154\/2026\/03\/image.png\" alt=\"\" width=\"319\" height=\"185\" srcset=\"https:\/\/agora.xtec.cat\/eca-pirineu\/wp-content\/uploads\/usu2154\/2026\/03\/image.png 769w, https:\/\/agora.xtec.cat\/eca-pirineu\/wp-content\/uploads\/usu2154\/2026\/03\/image-300x174.png 300w\" sizes=\"auto, (max-width: 319px) 100vw, 319px\" \/><\/a><\/td>\n<td style=\"width: 50%;\">\n<p style=\"text-align: center;\"><strong>L\u2019Escola Agr\u00e0ria del Pirineu obre el per\u00edode de preinscripcions als cicles formatius de grau mitj\u00e0 per al curs 2025 \u2013 2026<\/strong><\/p>\n<h5 style=\"text-align: center;\"><a href=\"https:\/\/www.viurealspirineus.cat\/articulo\/societat\/l-escola-agraria-pirineu-obre-periode-preinscripcions-als-cicles-formatius-grau-mitja-per-curs-vinent\/20250523131607057132.html\" target=\"_blank\" rel=\"noopener\"><strong>Viure als Pirineus<\/strong><\/a><\/h5>\n<p style=\"text-align: center;\"><strong>\u00a0<\/strong><\/p>\n<\/td>\n<\/tr>\n<tr>\n<td style=\"width: 50%;\"><a href=\"https:\/\/agora.xtec.cat\/eca-pirineu\/wp-content\/uploads\/usu2154\/2025\/05\/Captura-de-pantalla-2025-05-15-084710.png\"><img loading=\"lazy\" decoding=\"async\" class=\"aligncenter wp-image-1292 size-medium\" src=\"https:\/\/agora.xtec.cat\/eca-pirineu\/wp-content\/uploads\/usu2154\/2025\/05\/Captura-de-pantalla-2025-05-15-084710-300x147.png\" alt=\"\" width=\"300\" height=\"147\" srcset=\"https:\/\/agora.xtec.cat\/eca-pirineu\/wp-content\/uploads\/usu2154\/2025\/05\/Captura-de-pantalla-2025-05-15-084710-300x147.png 300w, https:\/\/agora.xtec.cat\/eca-pirineu\/wp-content\/uploads\/usu2154\/2025\/05\/Captura-de-pantalla-2025-05-15-084710-1024x503.png 1024w, https:\/\/agora.xtec.cat\/eca-pirineu\/wp-content\/uploads\/usu2154\/2025\/05\/Captura-de-pantalla-2025-05-15-084710-768x377.png 768w, https:\/\/agora.xtec.cat\/eca-pirineu\/wp-content\/uploads\/usu2154\/2025\/05\/Captura-de-pantalla-2025-05-15-084710.png 1168w\" sizes=\"auto, (max-width: 300px) 100vw, 300px\" \/><\/a><\/td>\n<td style=\"width: 50%;\">\n<p style=\"text-align: center;\"><strong>Seguretat i coneixement per treballar en al\u00e7ada<\/strong><\/p>\n<h5 style=\"text-align: center;\"><a href=\"https:\/\/pirineustv.cat\/seguretat-i-coneixement-per-treballar-en-alcada\" target=\"_blank\" rel=\"noopener\"><strong>Pirineus TV<\/strong><\/a><\/h5>\n<\/td>\n<\/tr>\n<tr>\n<td style=\"width: 50%;\"><a href=\"https:\/\/agora.xtec.cat\/eca-pirineu\/wp-content\/uploads\/usu2154\/2025\/05\/image_preview-1.jpeg\"><img loading=\"lazy\" decoding=\"async\" class=\"aligncenter wp-image-1290 size-medium\" src=\"https:\/\/agora.xtec.cat\/eca-pirineu\/wp-content\/uploads\/usu2154\/2025\/05\/image_preview-1-300x225.jpeg\" alt=\"\" width=\"300\" height=\"225\" srcset=\"https:\/\/agora.xtec.cat\/eca-pirineu\/wp-content\/uploads\/usu2154\/2025\/05\/image_preview-1-300x225.jpeg 300w, https:\/\/agora.xtec.cat\/eca-pirineu\/wp-content\/uploads\/usu2154\/2025\/05\/image_preview-1-200x150.jpeg 200w, https:\/\/agora.xtec.cat\/eca-pirineu\/wp-content\/uploads\/usu2154\/2025\/05\/image_preview-1.jpeg 400w\" sizes=\"auto, (max-width: 300px) 100vw, 300px\" \/><\/a><\/td>\n<td style=\"width: 50%;\">\n<p style=\"text-align: center;\"><strong>Una quarantena de joves de Catalunya i Noruega fan un intercanvi forestal a trav\u00e9s de l&#8217;Escola Agr\u00e0ria del Pirineu<\/strong><\/p>\n<h5 style=\"text-align: center;\"><a href=\"https:\/\/www.radioseu.cat\/noticies\/una-quarantena-de-joves-de-catalunya-i-noruega-fan-un-intercanvi-forestal-a-traves-de-lescola-agraria-del-pirineu\" target=\"_blank\" rel=\"noopener\"><strong>R\u00e0dio Seu<\/strong><\/a><\/h5>\n<h5 style=\"text-align: center;\"><a href=\"https:\/\/www.viurealspirineus.cat\/articulo\/alt-urgell\/quarantena-joves-catalunya-i-noruega-participen-intercanvi-forestal-l-escola-agraria-pirineu-i-bygland\/20250508150733056702.html\" target=\"_blank\" rel=\"noopener\"><strong>Viure als Pirineus<\/strong><\/a><\/h5>\n<h5 style=\"text-align: center;\"><a href=\"https:\/\/pirineusdigital.cat\/uns-40-alumnes-de-lescola-agraria-del-pirineu-participen-en-un-intercanvi-amb-joves-noruecs\/\" target=\"_blank\" rel=\"noopener\"><strong>Pirineus Digital<\/strong><\/a><\/h5>\n<\/td>\n<\/tr>\n<\/tbody>\n<\/table>\n<h3 style=\"text-align: left;\"><span style=\"text-decoration: underline;\"><strong>Abril 2025<\/strong><\/span><\/h3>\n<table style=\"border-collapse: collapse; width: 100%;\">\n<tbody>\n<tr>\n<td style=\"width: 50%;\"><img loading=\"lazy\" decoding=\"async\" class=\"wp-image-1266 size-medium aligncenter\" src=\"https:\/\/agora.xtec.cat\/eca-pirineu\/wp-content\/uploads\/usu2154\/2025\/04\/image_preview-1-300x169.jpeg\" alt=\"\" width=\"300\" height=\"169\" srcset=\"https:\/\/agora.xtec.cat\/eca-pirineu\/wp-content\/uploads\/usu2154\/2025\/04\/image_preview-1-300x169.jpeg 300w, https:\/\/agora.xtec.cat\/eca-pirineu\/wp-content\/uploads\/usu2154\/2025\/04\/image_preview-1.jpeg 400w\" sizes=\"auto, (max-width: 300px) 100vw, 300px\" \/><\/td>\n<td style=\"width: 50%; text-align: center;\">\n<p><strong>Jornada formativa a l&#8217;Escola Agr\u00e0ria del Pirineu sobre el comportament dels cavalls<\/strong><\/p>\n<h5><strong><a href=\"https:\/\/www.radioseu.cat\/noticies\/jornada-formativa-a-lescola-agraria-del-pirineu-sobre-el-comportament-dels-cavalls\" target=\"_blank\" rel=\"noopener\">R\u00e0dio Seu<\/a><\/strong><\/h5>\n<h5><strong><a href=\"https:\/\/pirineustv.cat\/una-quarantena-de-persones-es-formen-en-equitacio-etologica-a-lea-del-pirineu\" target=\"_blank\" rel=\"noopener\">Pirineus TV<\/a><\/strong><\/h5>\n<\/td>\n<\/tr>\n<\/tbody>\n<\/table>\n<h3 style=\"text-align: left;\"><span style=\"text-decoration: underline;\"><strong>Mar\u00e7 2025<\/strong><\/span><\/h3>\n<table style=\"border-collapse: collapse; width: 100%;\">\n<tbody>\n<tr>\n<td style=\"width: 50%;\"><img loading=\"lazy\" decoding=\"async\" class=\"wp-image-1255 size-medium aligncenter\" src=\"https:\/\/agora.xtec.cat\/eca-pirineu\/wp-content\/uploads\/usu2154\/2025\/04\/IMG_NDP_1-300x225.jpg\" alt=\"\" width=\"300\" height=\"225\" srcset=\"https:\/\/agora.xtec.cat\/eca-pirineu\/wp-content\/uploads\/usu2154\/2025\/04\/IMG_NDP_1-300x225.jpg 300w, https:\/\/agora.xtec.cat\/eca-pirineu\/wp-content\/uploads\/usu2154\/2025\/04\/IMG_NDP_1-1024x768.jpg 1024w, https:\/\/agora.xtec.cat\/eca-pirineu\/wp-content\/uploads\/usu2154\/2025\/04\/IMG_NDP_1-768x576.jpg 768w, https:\/\/agora.xtec.cat\/eca-pirineu\/wp-content\/uploads\/usu2154\/2025\/04\/IMG_NDP_1-1536x1152.jpg 1536w, https:\/\/agora.xtec.cat\/eca-pirineu\/wp-content\/uploads\/usu2154\/2025\/04\/IMG_NDP_1-2048x1536.jpg 2048w, https:\/\/agora.xtec.cat\/eca-pirineu\/wp-content\/uploads\/usu2154\/2025\/04\/IMG_NDP_1-200x150.jpg 200w\" sizes=\"auto, (max-width: 300px) 100vw, 300px\" \/><\/td>\n<td style=\"width: 50%; text-align: center;\">\n<p><strong>L\u2019Escola Agr\u00e0ria del Pirineu forma una quinzena de persones en odontologia equina<\/strong><\/p>\n<h5><strong><a href=\"https:\/\/forum.ad\/lescola-agraria-del-pirineu-forma-una-quinzena-de-persones-en-odontologia-equina\/\" target=\"_blank\" rel=\"noopener\">F\u00f2rum.ad<\/a><\/strong><\/h5>\n<h5><strong><a href=\"https:\/\/pirineusdigital.cat\/una-quinzena-de-persones-es-formen-en-odontologia-equina-a-lescola-agraria-del-pirineu\/\">Pirineus Digital<\/a><\/strong><\/h5>\n<h5><strong><a href=\"https:\/\/www.viurealspirineus.cat\/articulo\/societat\/https-www-viurealspirineus-cat-articulo-societat-lescola-agraria-pirineu-forma-quizena-personas-odontologia-equina-20250331144214055773-html\/20250331144214055773.html\" target=\"_blank\" rel=\"noopener\">Viure als Pirineus<\/a><\/strong><\/h5>\n<h5><strong><a href=\"https:\/\/www.segre.com\/ca\/comarques\/250401\/visita-dels-cavalls-al-dentista-quinze-veterinaris-es-formen-al-pirineu-com-a-odontlegs-equins_778906.html\" target=\"_blank\" rel=\"noopener\">Segre<\/a><\/strong><\/h5>\n<\/td>\n<\/tr>\n<tr>\n<td style=\"width: 50%;\"><img loading=\"lazy\" decoding=\"async\" class=\"wp-image-1263 size-medium aligncenter\" src=\"https:\/\/agora.xtec.cat\/eca-pirineu\/wp-content\/uploads\/usu2154\/2025\/04\/1200_1742281103pnap-300x169.jpg\" alt=\"\" width=\"300\" height=\"169\" srcset=\"https:\/\/agora.xtec.cat\/eca-pirineu\/wp-content\/uploads\/usu2154\/2025\/04\/1200_1742281103pnap-300x169.jpg 300w, https:\/\/agora.xtec.cat\/eca-pirineu\/wp-content\/uploads\/usu2154\/2025\/04\/1200_1742281103pnap-1024x576.jpg 1024w, https:\/\/agora.xtec.cat\/eca-pirineu\/wp-content\/uploads\/usu2154\/2025\/04\/1200_1742281103pnap-768x432.jpg 768w, https:\/\/agora.xtec.cat\/eca-pirineu\/wp-content\/uploads\/usu2154\/2025\/04\/1200_1742281103pnap.jpg 1200w\" sizes=\"auto, (max-width: 300px) 100vw, 300px\" \/><\/td>\n<td style=\"width: 50%;\">\n<p style=\"text-align: center;\"><strong>Cooperaci\u00f3 transfronterera per desbrossar contra els incendis<\/strong><\/p>\n<h5 style=\"text-align: center;\"><strong><a href=\"https:\/\/pirineustv.cat\/cooperacio-transfronterera-per-desbrossar-contra-els-incendis-connecta-lleida-pirineus-13-03-2025\" target=\"_blank\" rel=\"noopener\">Pirineus TV<\/a><\/strong><\/h5>\n<h5 style=\"text-align: center;\"><strong><a href=\"https:\/\/www.acn.cat\/new\/1bc30d9b-9248-47f4-8be7-d04db7f160be\/texts\" target=\"_blank\" rel=\"noopener\">ACN<\/a><\/strong><\/h5>\n<h5 style=\"text-align: center;\"><strong><a href=\"https:\/\/lavalira.eu\/el-parc-natural-de-lalt-pirineu-comptara-amb-un-pla-de-prevencio-dincendi-amb-collaboracio-amb-andorra-i-larieja\/\" target=\"_blank\" rel=\"noopener\">La Valira<\/a>\u00a0<\/strong><\/h5>\n<h5 style=\"text-align: center;\"><strong><a href=\"https:\/\/naciodigital.cat\/lleida\/societat\/parc-natural-alt-pirineu-reforca-prevencio-incendis-pla-transfronterer_2095197_102.html\" target=\"_blank\" rel=\"noopener\">Naci\u00f3 Lleida<\/a><\/strong><\/h5>\n<h5 style=\"text-align: center;\"><strong><a href=\"https:\/\/www.lavanguardia.com\/local\/lleida\/20250318\/10490639\/parc-natural-l-alt-pirineu-tendra-plan-prevencion-incendios-marco-programa-transfronterizo.html\" target=\"_blank\" rel=\"noopener\">La Vanguardia<\/a>\u00a0<\/strong><\/h5>\n<h5 style=\"text-align: center;\"><strong><a href=\"https:\/\/www.radioseu.cat\/noticies\/el-parc-natural-de-lalt-pirineu-prepara-el-seu-pla-de-prevencio-dincendis\" target=\"_blank\" rel=\"noopener\">R\u00e0dio Seu<\/a><\/strong><\/h5>\n<h5 style=\"text-align: center;\"><strong><a href=\"https:\/\/lamanyana.cat\/el-parc-natural-de-lalt-pirineu-comptara-amb-un-pla-de-prevencio-dincendis-en-el-marc-dun-programa-transfronterer\/\" target=\"_blank\" rel=\"noopener\">La Ma\u00f1ana<\/a><\/strong><\/h5>\n<h5 style=\"text-align: center;\"><strong><a href=\"https:\/\/www.pallarsdigital.cat\/societat\/21230-parc-natura-alt-pirineu-comptara-amb-pla-prevencio-incendis\" target=\"_blank\" rel=\"noopener\">Pallars Digital<\/a><\/strong><\/h5>\n<\/td>\n<\/tr>\n<\/tbody>\n<\/table>\n<h3 style=\"text-align: left;\"><span style=\"text-decoration: underline;\"><strong>Gener 2025<\/strong><\/span><\/h3>\n<table style=\"border-collapse: collapse; width: 100%;\">\n<tbody>\n<tr>\n<td style=\"width: 50%;\"><img loading=\"lazy\" decoding=\"async\" class=\"wp-image-1259 size-medium aligncenter\" src=\"https:\/\/agora.xtec.cat\/eca-pirineu\/wp-content\/uploads\/usu2154\/2025\/04\/image_preview-300x169.jpeg\" alt=\"\" width=\"300\" height=\"169\" srcset=\"https:\/\/agora.xtec.cat\/eca-pirineu\/wp-content\/uploads\/usu2154\/2025\/04\/image_preview-300x169.jpeg 300w, https:\/\/agora.xtec.cat\/eca-pirineu\/wp-content\/uploads\/usu2154\/2025\/04\/image_preview.jpeg 400w\" sizes=\"auto, (max-width: 300px) 100vw, 300px\" \/><\/td>\n<td style=\"width: 50%; text-align: center;\">\n<p><strong>L\u2019Escola Agr\u00e0ria del Pirineu organitza un curs d\u2019elaboraci\u00f3 de formatges de pasta tova<\/strong><\/p>\n<h5><strong><a href=\"https:\/\/forum.ad\/lescola-agraria-del-pirineu-organitza-un-curs-delaboracio-de-formatges-de-pasta-tova\/\" target=\"_blank\" rel=\"noopener\">F\u00f2rum.ad<\/a><\/strong><\/h5>\n<h5><strong><a href=\"https:\/\/www.radioseu.cat\/noticies\/lescola-agraria-del-pirineu-ofereix-dues-formacions-vinculades-al-mon-formatger\" target=\"_blank\" rel=\"noopener\">R\u00e0dio Seu<\/a><\/strong><\/h5>\n<h5><strong><a href=\"https:\/\/pirineusdigital.cat\/2025\/01\/14\/curs-per-elaborar-formatges-de-pasta-tova-a-lescola-agraria-del-pirineu\/\" target=\"_blank\" rel=\"noopener\">Pirineus Digital<\/a><\/strong><\/h5>\n<\/td>\n<\/tr>\n<\/tbody>\n<\/table>\n<h3 style=\"text-align: left;\"><span style=\"text-decoration: underline;\"><strong>Desembre 2024<\/strong><\/span><\/h3>\n<table style=\"border-collapse: collapse; width: 100%; height: 23px;\">\n<tbody>\n<tr style=\"height: 23px;\">\n<td style=\"width: 50%; height: 23px;\"><a href=\"https:\/\/pirineustv.cat\/tecniques-pel-transport-de-cavalls\" target=\"_blank\" rel=\"noopener\"><img loading=\"lazy\" decoding=\"async\" class=\"size-thumbnail wp-image-1202 aligncenter\" src=\"https:\/\/agora.xtec.cat\/eca-pirineu\/wp-content\/uploads\/usu2154\/2024\/12\/Captura-de-pantalla-2024-12-19-122653-150x150.png\" alt=\"\" width=\"150\" height=\"150\" \/><\/a><\/td>\n<td style=\"width: 50%; height: 23px; text-align: center;\">\n<p><strong>T\u00e8cniques pel transport de cavalls<\/strong><\/p>\n<h5><a href=\"https:\/\/pirineustv.cat\/tecniques-pel-transport-de-cavalls\" target=\"_blank\" rel=\"noopener\"><strong>Pirineus TV<\/strong><\/a><\/h5>\n<\/td>\n<\/tr>\n<\/tbody>\n<\/table>\n<h3 style=\"text-align: left;\"><span style=\"text-decoration: underline;\"><strong>Octubre 2024<\/strong><\/span><\/h3>\n<table style=\"border-collapse: collapse; width: 100%;\">\n<tbody>\n<tr>\n<td style=\"width: 50%;\"><img loading=\"lazy\" decoding=\"async\" class=\"wp-image-1197 size-medium aligncenter\" src=\"https:\/\/agora.xtec.cat\/eca-pirineu\/wp-content\/uploads\/usu2154\/2024\/11\/5d8bfe4e-4be2-4bb9-a899-0c5014ed51b3_16-9-discover-aspect-ratio_default_0-300x169.jpg\" alt=\"\" width=\"300\" height=\"169\" srcset=\"https:\/\/agora.xtec.cat\/eca-pirineu\/wp-content\/uploads\/usu2154\/2024\/11\/5d8bfe4e-4be2-4bb9-a899-0c5014ed51b3_16-9-discover-aspect-ratio_default_0-300x169.jpg 300w, https:\/\/agora.xtec.cat\/eca-pirineu\/wp-content\/uploads\/usu2154\/2024\/11\/5d8bfe4e-4be2-4bb9-a899-0c5014ed51b3_16-9-discover-aspect-ratio_default_0-1024x576.jpg 1024w, https:\/\/agora.xtec.cat\/eca-pirineu\/wp-content\/uploads\/usu2154\/2024\/11\/5d8bfe4e-4be2-4bb9-a899-0c5014ed51b3_16-9-discover-aspect-ratio_default_0-768x432.jpg 768w, https:\/\/agora.xtec.cat\/eca-pirineu\/wp-content\/uploads\/usu2154\/2024\/11\/5d8bfe4e-4be2-4bb9-a899-0c5014ed51b3_16-9-discover-aspect-ratio_default_0.jpg 1200w\" sizes=\"auto, (max-width: 300px) 100vw, 300px\" \/><\/td>\n<td style=\"width: 50%;\">\n<p style=\"text-align: center;\"><strong>Un 90% dels formatgers de Catalunya han fet cursos a l&#8217;Escola Agr\u00e0ria del Pirineu, centre referent en aquest \u00e0mbit<\/strong><\/p>\n<h5 style=\"text-align: center;\"><a href=\"https:\/\/www.regio7.cat\/catalunya-central\/alt-urgell\/2024\/10\/25\/escola-agraria-escola-formatgers-110387221.html\" target=\"_blank\" rel=\"noopener\"><strong>Regi\u00f3 7<\/strong><\/a><\/h5>\n<h5 style=\"text-align: center;\"><a href=\"https:\/\/laborrufa.com\/forma-nous-formatgers\/\" target=\"_blank\" rel=\"noopener\"><strong>La Borrufa\u00a0<\/strong><\/a><\/h5>\n<h5 style=\"text-align: center;\"><a href=\"https:\/\/www.radioseu.cat\/noticies\/un-90-per-cent-dels-formatgers-de-catalunya-han-fet-cursos-a-lescola-agraria-del-pirineu\" target=\"_blank\" rel=\"noopener\"><strong>R\u00e0dio Seu<\/strong><\/a><\/h5>\n<h5 style=\"text-align: center;\"><a href=\"https:\/\/www.ua1.cat\/articles\/313351\/un-90-dels-formatgers-de-catalunya-han-fet-cursos-a-l-escola-agraria-del-pirineu-centre-referent-en-aquest-ambit\" target=\"_blank\" rel=\"noopener\"><strong>Lleida R\u00e0dio<\/strong><\/a><\/h5>\n<h5 style=\"text-align: center;\"><strong><a href=\"https:\/\/pirineusdigital.cat\/2024\/10\/24\/formacio-per-assegurar-el-futur-del-sector-formatger\/\" target=\"_blank\" rel=\"noopener\">Pirineus Digital<\/a>\u00a0<\/strong><\/h5>\n<h5 style=\"text-align: center;\"><a href=\"https:\/\/www.acn.cat\/new\/14956839-33c3-43df-a5ef-f90bf3ffec97\/texts\" target=\"_blank\" rel=\"noopener\"><strong>ACN<\/strong><\/a><\/h5>\n<h5 style=\"text-align: center;\"><a href=\"https:\/\/pirineustv.cat\/formacio-per-assegurar-el-futur-del-sector-formatger\" target=\"_blank\" rel=\"noopener\"><strong>Pirineus TV<\/strong><\/a><\/h5>\n<h5 style=\"text-align: center;\"><a href=\"https:\/\/www.viurealspirineus.cat\/articulo\/societat\/90-dels-formatgers-catalunya-han-fet-cursos-lescola-agraria-pirineu-centre-referent-aquest-ambit\/20241025060740052071.html\" target=\"_blank\" rel=\"noopener\"><strong>Viure als Pirineus<\/strong><\/a><\/h5>\n<p>\u00a0<\/p>\n<\/td>\n<\/tr>\n<tr>\n<td style=\"width: 50%;\"><a href=\"https:\/\/agora.xtec.cat\/eca-pirineu\/wp-content\/uploads\/usu2154\/2024\/10\/6ab09eca-0beb-4dc2-b995-dfcd7491c53b_16-9-aspect-ratio_default_1328584.webp\"><img loading=\"lazy\" decoding=\"async\" class=\"size-medium wp-image-1157 aligncenter\" src=\"https:\/\/agora.xtec.cat\/eca-pirineu\/wp-content\/uploads\/usu2154\/2024\/10\/6ab09eca-0beb-4dc2-b995-dfcd7491c53b_16-9-aspect-ratio_default_1328584-300x169.webp\" alt=\"\" width=\"300\" height=\"169\" srcset=\"https:\/\/agora.xtec.cat\/eca-pirineu\/wp-content\/uploads\/usu2154\/2024\/10\/6ab09eca-0beb-4dc2-b995-dfcd7491c53b_16-9-aspect-ratio_default_1328584-300x169.webp 300w, https:\/\/agora.xtec.cat\/eca-pirineu\/wp-content\/uploads\/usu2154\/2024\/10\/6ab09eca-0beb-4dc2-b995-dfcd7491c53b_16-9-aspect-ratio_default_1328584-768x432.webp 768w, https:\/\/agora.xtec.cat\/eca-pirineu\/wp-content\/uploads\/usu2154\/2024\/10\/6ab09eca-0beb-4dc2-b995-dfcd7491c53b_16-9-aspect-ratio_default_1328584.webp 880w\" sizes=\"auto, (max-width: 300px) 100vw, 300px\" \/><\/a><\/td>\n<td style=\"width: 50%;\">\n<p style=\"text-align: center;\"><strong>M\u00e9s de 200 joves de la Seu es formen per saber apreciar la qualitat dels formatges<\/strong><\/p>\n<h5 style=\"text-align: center;\"><a href=\"https:\/\/pirineusdigital.cat\/2024\/10\/01\/mes-de-200-joves-de-la-seu-es-formen-per-saber-apreciar-la-qualitat-dels-formatges\/\" target=\"_blank\" rel=\"noopener\"><strong>Pirineus Digital<\/strong><\/a><\/h5>\n<h5 style=\"text-align: center;\"><a href=\"https:\/\/www.segre.com\/ca\/comarques\/241002\/200-alumnes-d-jurat-seu-30-concurs-formatges_580403.html\" target=\"_blank\" rel=\"noopener\"><strong>Segre<\/strong><\/a><\/h5>\n<h5 style=\"text-align: center;\"><a href=\"https:\/\/www.regio7.cat\/catalunya-central\/alt-urgell\/2024\/10\/01\/seu-forma-els-infants-lanalisi-108793909.html\" target=\"_blank\" rel=\"noopener\"><strong>Regi\u00f3 7<\/strong><\/a><\/h5>\n<\/td>\n<\/tr>\n<tr>\n<td style=\"width: 50%;\"><img loading=\"lazy\" decoding=\"async\" class=\"size-medium wp-image-1155 aligncenter\" src=\"https:\/\/agora.xtec.cat\/eca-pirineu\/wp-content\/uploads\/usu2154\/2024\/10\/escola-formatges-foto-albert-villaro_10_920x920-300x300.jpeg\" alt=\"\" width=\"300\" height=\"300\" srcset=\"https:\/\/agora.xtec.cat\/eca-pirineu\/wp-content\/uploads\/usu2154\/2024\/10\/escola-formatges-foto-albert-villaro_10_920x920-300x300.jpeg 300w, https:\/\/agora.xtec.cat\/eca-pirineu\/wp-content\/uploads\/usu2154\/2024\/10\/escola-formatges-foto-albert-villaro_10_920x920-150x150.jpeg 150w, https:\/\/agora.xtec.cat\/eca-pirineu\/wp-content\/uploads\/usu2154\/2024\/10\/escola-formatges-foto-albert-villaro_10_920x920-768x768.jpeg 768w, https:\/\/agora.xtec.cat\/eca-pirineu\/wp-content\/uploads\/usu2154\/2024\/10\/escola-formatges-foto-albert-villaro_10_920x920.jpeg 920w\" sizes=\"auto, (max-width: 300px) 100vw, 300px\" \/><\/td>\n<td style=\"width: 50%;\">\n<p style=\"text-align: center;\"><strong>Una escola de fer formatges \u00fanica a Catalunya que garanteix un futur brillant<\/strong><\/p>\n<h5 style=\"text-align: center;\"><a href=\"https:\/\/www.elnacional.cat\/ca\/gourmeteria\/opinio-critiques\/escola-fer-formatges-unica-catalunya-garanteix-futur-brillant_1291983_102.html\" target=\"_blank\" rel=\"noopener\"><strong>El Nacional.cat<\/strong><\/a><\/h5>\n<\/td>\n<\/tr>\n<\/tbody>\n<\/table>\n<h3 style=\"text-align: left;\"><span style=\"text-decoration: underline;\"><strong>Setembre 2024<\/strong><\/span><\/h3>\n<table style=\"border-collapse: collapse; width: 100%; height: 87px;\">\n<tbody>\n<tr style=\"height: 23px;\">\n<td style=\"width: 50%; height: 23px; text-align: center;\"><a href=\"https:\/\/agora.xtec.cat\/eca-pirineu\/wp-content\/uploads\/usu2154\/2024\/10\/2024092716470697549.jpg\"><img loading=\"lazy\" decoding=\"async\" class=\"alignnone size-medium wp-image-1153\" src=\"https:\/\/agora.xtec.cat\/eca-pirineu\/wp-content\/uploads\/usu2154\/2024\/10\/2024092716470697549-300x169.jpg\" alt=\"\" width=\"300\" height=\"169\" srcset=\"https:\/\/agora.xtec.cat\/eca-pirineu\/wp-content\/uploads\/usu2154\/2024\/10\/2024092716470697549-300x169.jpg 300w, https:\/\/agora.xtec.cat\/eca-pirineu\/wp-content\/uploads\/usu2154\/2024\/10\/2024092716470697549-1024x576.jpg 1024w, https:\/\/agora.xtec.cat\/eca-pirineu\/wp-content\/uploads\/usu2154\/2024\/10\/2024092716470697549-768x432.jpg 768w, https:\/\/agora.xtec.cat\/eca-pirineu\/wp-content\/uploads\/usu2154\/2024\/10\/2024092716470697549.jpg 1080w\" sizes=\"auto, (max-width: 300px) 100vw, 300px\" \/><\/a><\/td>\n<td style=\"width: 50%; height: 23px; text-align: center;\">\n<p><strong>L\u2019Escola Agr\u00e0ria del Pirineu rep un 17% m\u00e9s d\u2019alumnes al cicle formatiu d\u2019Aprofitament i Conservaci\u00f3 del Medi Natural<\/strong><\/p>\n<h5><a href=\"https:\/\/www.regio7.cat\/catalunya-central\/alt-urgell\/2024\/09\/25\/escola-agraria-pirineu-ofereix-futur-108543911.html\" target=\"_blank\" rel=\"noopener\">Regi\u00f3 7<\/a><\/h5>\n<h5><a href=\"https:\/\/arrels.info\/noticia\/el-cicle-daprofitament-i-conservacio-del-medi-natural-atrau-mes-alumnes-que-el-curs-passat\/\" target=\"_blank\" rel=\"noopener\">Arrels<\/a><\/h5>\n<h5><a href=\"https:\/\/www.viurealspirineus.cat\/articulo\/societat\/l-escola-agraria-pirineu-rep-17-mes-d-alumnes-cicle-formatiu-d-aprofitament-i-conservacio-medi-natural\/20240927165026051355.html?utm_medium=social&amp;utm_source=twitter&amp;utm_campaign=share_button\" target=\"_blank\" rel=\"noopener\">Viure als Pirineus<\/a><\/h5>\n<h5>\u00a0<\/h5>\n<\/td>\n<\/tr>\n<tr style=\"height: 64px;\">\n<td style=\"width: 50%; height: 64px; text-align: center;\"><a href=\"https:\/\/agora.xtec.cat\/eca-pirineu\/wp-content\/uploads\/usu2154\/2024\/10\/2024091412182285479.jpg\"><img loading=\"lazy\" decoding=\"async\" class=\"alignnone size-medium wp-image-1152\" src=\"https:\/\/agora.xtec.cat\/eca-pirineu\/wp-content\/uploads\/usu2154\/2024\/10\/2024091412182285479-300x225.jpg\" alt=\"\" width=\"300\" height=\"225\" srcset=\"https:\/\/agora.xtec.cat\/eca-pirineu\/wp-content\/uploads\/usu2154\/2024\/10\/2024091412182285479-300x225.jpg 300w, https:\/\/agora.xtec.cat\/eca-pirineu\/wp-content\/uploads\/usu2154\/2024\/10\/2024091412182285479-1024x768.jpg 1024w, https:\/\/agora.xtec.cat\/eca-pirineu\/wp-content\/uploads\/usu2154\/2024\/10\/2024091412182285479-768x576.jpg 768w, https:\/\/agora.xtec.cat\/eca-pirineu\/wp-content\/uploads\/usu2154\/2024\/10\/2024091412182285479-200x150.jpg 200w, https:\/\/agora.xtec.cat\/eca-pirineu\/wp-content\/uploads\/usu2154\/2024\/10\/2024091412182285479.jpg 1440w\" sizes=\"auto, (max-width: 300px) 100vw, 300px\" \/><\/a><\/td>\n<td style=\"width: 50%; height: 64px; text-align: center;\">\n<p><strong>L&#8217;Escola Agr\u00e0ria del Pirineu forma en maneig i benestar del Cavall Pirinenc Catal\u00e0 una vintena de ramaders i ramaderes<\/strong><\/p>\n<h5><a href=\"https:\/\/www.regio7.cat\/cerdanya\/2024\/09\/15\/formacio-maneig-d-equids-l-108147178.html\" target=\"_blank\" rel=\"noopener\"><strong>Regi\u00f3 7<\/strong><\/a><\/h5>\n<h5><a href=\"https:\/\/www.radioseu.cat\/noticies\/lescola-agraria-del-pirineu-forma-en-maneig-i-benestar-del-cavall-pirinenc-catala-a-una-vintena-de-ramaders-i-ramaderes\" target=\"_blank\" rel=\"noopener\"><strong>R\u00e0dio Seu<\/strong><\/a><\/h5>\n<h5><a href=\"https:\/\/www.segre.com\/ca\/comarques\/alt-urgell\/240917\/formen-20-ramaders-maneig-cavalls-per-concursos-equins_563791.html\" target=\"_blank\" rel=\"noopener\"><strong>Segre<\/strong><\/a><\/h5>\n<h5><a href=\"https:\/\/www.viurealspirineus.cat\/articulo\/societat\/l-escola-agraria-pirineu-forma-maneig-i-benestar-cavall-pirinenc-catala-vintena-ramaders-i-ramaderes\/20240914122005051045.html?utm_medium=social&amp;utm_source=twitter&amp;utm_campaign=share_button\" target=\"_blank\" rel=\"noopener\"><strong>Viure als Pirineus<\/strong><\/a><\/h5>\n<\/td>\n<\/tr>\n<\/tbody>\n<\/table>\n<h3 style=\"text-align: left;\"><span style=\"text-decoration: underline;\"><strong>Juliol 2024<\/strong><\/span><\/h3>\n<table style=\"border-collapse: collapse; width: 100%;\">\n<tbody>\n<tr>\n<td style=\"width: 50%; text-align: center;\"><a href=\"https:\/\/pirineusdigital.cat\/2024\/07\/11\/jardineria-adaptada-a-les-necessitats-climatiques\/\" target=\"_blank\" rel=\"noopener\"><img loading=\"lazy\" decoding=\"async\" class=\"alignnone size-medium wp-image-1148\" src=\"https:\/\/agora.xtec.cat\/eca-pirineu\/wp-content\/uploads\/usu2154\/2024\/09\/Captura-de-pantalla-2024-09-15-184828-300x196.png\" alt=\"\" width=\"300\" height=\"196\" srcset=\"https:\/\/agora.xtec.cat\/eca-pirineu\/wp-content\/uploads\/usu2154\/2024\/09\/Captura-de-pantalla-2024-09-15-184828-300x196.png 300w, https:\/\/agora.xtec.cat\/eca-pirineu\/wp-content\/uploads\/usu2154\/2024\/09\/Captura-de-pantalla-2024-09-15-184828-768x501.png 768w, https:\/\/agora.xtec.cat\/eca-pirineu\/wp-content\/uploads\/usu2154\/2024\/09\/Captura-de-pantalla-2024-09-15-184828.png 877w\" sizes=\"auto, (max-width: 300px) 100vw, 300px\" \/><\/a><\/td>\n<td style=\"width: 50%;\">\n<p style=\"text-align: center;\"><strong>Jardineria adaptada a les necessitats clim\u00e0tiques<\/strong><\/p>\n<h5 style=\"text-align: center;\"><a href=\"https:\/\/pirineusdigital.cat\/2024\/07\/11\/jardineria-adaptada-a-les-necessitats-climatiques\/\" target=\"_blank\" rel=\"noopener\">Pirineus Digital<\/a><\/h5>\n<h5 style=\"text-align: center;\"><a href=\"https:\/\/pirineustv.cat\/jardineria-adaptada-a-les-necessitats-climatiques\" target=\"_blank\" rel=\"noopener\">Pirineus TV<\/a><\/h5>\n<h5 style=\"text-align: center;\"><a href=\"https:\/\/www.viurealspirineus.cat\/articulo\/mon-rural\/l-escola-agraria-pirineu-promou-jardinera-sostenible\/20240712180210049679.html\" target=\"_blank\" rel=\"noopener\">Viure als Pirineus<\/a><\/h5>\n<h5 style=\"text-align: center;\"><a href=\"https:\/\/www.segre.com\/ca\/comarques\/alt-urgell\/240716\/l-escola-agraria-pirineu-promou-jardineria-sostenible_508535.html\" target=\"_blank\" rel=\"noopener\">Segre<\/a><\/h5>\n<h5 style=\"text-align: center;\"><a href=\"https:\/\/www.radioseu.cat\/noticies\/lescola-agraria-del-pirineu-promou-la-jardineria-sostenible-per-crear-espais-adaptats-a-lentorn-i-a-les-necessitats-climatiques\" target=\"_blank\" rel=\"noopener\">R\u00e0dio Seu<\/a><\/h5>\n<h5 style=\"text-align: center;\"><a href=\"https:\/\/arrels.info\/noticia\/cal-un-canvi-de-filosofia-sobre-els-jardins\/\" target=\"_blank\" rel=\"noopener\">Arrels<\/a><\/h5>\n<\/td>\n<\/tr>\n<\/tbody>\n<\/table>\n<h3 style=\"text-align: left;\"><span style=\"text-decoration: underline;\"><strong>Juny 2024<\/strong><\/span><\/h3>\n<table style=\"border-collapse: collapse; width: 100%;\">\n<tbody>\n<tr>\n<td style=\"width: 50%; text-align: center;\"><a href=\"https:\/\/pirineustv.cat\/primeres-passes-en-el-medi-natural-de-futurs-tecnics-equestres-connecta-lleida-pirineus-05-06-2024\" target=\"_blank\" rel=\"noopener\"><img loading=\"lazy\" decoding=\"async\" class=\"alignnone size-medium wp-image-1146\" src=\"https:\/\/agora.xtec.cat\/eca-pirineu\/wp-content\/uploads\/usu2154\/2024\/09\/Captura-de-pantalla-2024-09-15-184505-300x178.png\" alt=\"\" width=\"300\" height=\"178\" srcset=\"https:\/\/agora.xtec.cat\/eca-pirineu\/wp-content\/uploads\/usu2154\/2024\/09\/Captura-de-pantalla-2024-09-15-184505-300x178.png 300w, https:\/\/agora.xtec.cat\/eca-pirineu\/wp-content\/uploads\/usu2154\/2024\/09\/Captura-de-pantalla-2024-09-15-184505.png 528w\" sizes=\"auto, (max-width: 300px) 100vw, 300px\" \/><\/a><\/td>\n<td style=\"width: 50%; text-align: center;\">\n<p><strong>Primeres passes en el medi natural de futurs t\u00e8cnics eq\u00fcestres: Connecta Lleida Pirineus<\/strong><\/p>\n<h5><strong><a href=\"https:\/\/pirineustv.cat\/primeres-passes-en-el-medi-natural-de-futurs-tecnics-equestres-connecta-lleida-pirineus-05-06-2024\" target=\"_blank\" rel=\"noopener\">Pirineus TV<\/a><\/strong><\/h5>\n<\/td>\n<\/tr>\n<\/tbody>\n<\/table>\n<h3 style=\"text-align: left;\"><span style=\"text-decoration: underline;\"><strong>Maig 2024<\/strong><\/span><\/h3>\n<table style=\"border-collapse: collapse; width: 100%;\">\n<tbody>\n<tr>\n<td style=\"width: 50%;\"><a href=\"https:\/\/pirineusdigital.cat\/2024\/05\/30\/el-parc-natural-de-lalt-pirineu-vol-mantenir-se-net-per-a-evitar-incendis\/\" target=\"_blank\" rel=\"noopener\"><img loading=\"lazy\" decoding=\"async\" class=\"size-medium wp-image-1144 aligncenter\" src=\"https:\/\/agora.xtec.cat\/eca-pirineu\/wp-content\/uploads\/usu2154\/2024\/09\/Captura-de-pantalla-2024-09-15-184141-300x194.png\" alt=\"\" width=\"300\" height=\"194\" srcset=\"https:\/\/agora.xtec.cat\/eca-pirineu\/wp-content\/uploads\/usu2154\/2024\/09\/Captura-de-pantalla-2024-09-15-184141-300x194.png 300w, https:\/\/agora.xtec.cat\/eca-pirineu\/wp-content\/uploads\/usu2154\/2024\/09\/Captura-de-pantalla-2024-09-15-184141-768x497.png 768w, https:\/\/agora.xtec.cat\/eca-pirineu\/wp-content\/uploads\/usu2154\/2024\/09\/Captura-de-pantalla-2024-09-15-184141.png 891w\" sizes=\"auto, (max-width: 300px) 100vw, 300px\" \/><\/a><\/td>\n<td style=\"width: 50%; text-align: center;\">\n<p><strong>El Parc Natural de l\u2019Alt Pirineu vol mantenir-se net per a evitar incendis<\/strong><\/p>\n<h5><strong><a href=\"https:\/\/pirineusdigital.cat\/2024\/05\/30\/el-parc-natural-de-lalt-pirineu-vol-mantenir-se-net-per-a-evitar-incendis\/\" target=\"_blank\" rel=\"noopener\">Pirineus Digital<\/a><\/strong><\/h5>\n<\/td>\n<\/tr>\n<tr>\n<td style=\"width: 50%;\"><a href=\"https:\/\/www.viurealspirineus.cat\/articulo\/societat\/lescola-agraria-pirineu-inicia-preinscripcions-als-cicles-formacio-professional\/20240523210608048500.html\" target=\"_blank\" rel=\"noopener\"><img loading=\"lazy\" decoding=\"async\" class=\"size-medium wp-image-1142 aligncenter\" src=\"https:\/\/agora.xtec.cat\/eca-pirineu\/wp-content\/uploads\/usu2154\/2024\/09\/Captura-de-pantalla-2024-09-15-184006-300x158.png\" alt=\"\" width=\"300\" height=\"158\" srcset=\"https:\/\/agora.xtec.cat\/eca-pirineu\/wp-content\/uploads\/usu2154\/2024\/09\/Captura-de-pantalla-2024-09-15-184006-300x158.png 300w, https:\/\/agora.xtec.cat\/eca-pirineu\/wp-content\/uploads\/usu2154\/2024\/09\/Captura-de-pantalla-2024-09-15-184006-1024x540.png 1024w, https:\/\/agora.xtec.cat\/eca-pirineu\/wp-content\/uploads\/usu2154\/2024\/09\/Captura-de-pantalla-2024-09-15-184006-768x405.png 768w, https:\/\/agora.xtec.cat\/eca-pirineu\/wp-content\/uploads\/usu2154\/2024\/09\/Captura-de-pantalla-2024-09-15-184006.png 1142w\" sizes=\"auto, (max-width: 300px) 100vw, 300px\" \/><\/a><\/td>\n<td style=\"width: 50%; text-align: center;\">\n<p><strong>L&#8217;Escola Agr\u00e0ria del Pirineu inicia les preinscripcions als cicles de formaci\u00f3 professional per al curs 2024 \u2013 2025<\/strong><\/p>\n<h5><strong><a href=\"https:\/\/www.viurealspirineus.cat\/articulo\/societat\/lescola-agraria-pirineu-inicia-preinscripcions-als-cicles-formacio-professional\/20240523210608048500.html\" target=\"_blank\" rel=\"noopener\">Viure als Pirineus<\/a><\/strong><\/h5>\n<h5><strong><a href=\"https:\/\/forum.ad\/lescola-agraria-del-pirineu-obre-les-preinscripcions-per-al-curs-2024-2025\/\" target=\"_blank\" rel=\"noopener\">F\u00f2rum.ad<\/a><\/strong><\/h5>\n<p>\u00a0<\/p>\n<\/td>\n<\/tr>\n<\/tbody>\n<\/table>\n<h3 style=\"text-align: left;\"><span style=\"text-decoration: underline;\"><strong>Abril 2024<\/strong><\/span><\/h3>\n<table style=\"border-collapse: collapse; width: 100%;\">\n<tbody>\n<tr>\n<td style=\"width: 50%; text-align: center;\"><a href=\"https:\/\/pirineustv.cat\/observar-la-postura-del-cavall-per-millorar-el-seu-benestar\" target=\"_blank\" rel=\"noopener\"><img loading=\"lazy\" decoding=\"async\" class=\"alignnone size-medium wp-image-1140\" src=\"https:\/\/agora.xtec.cat\/eca-pirineu\/wp-content\/uploads\/usu2154\/2024\/09\/Captura-de-pantalla-2024-09-15-183616-300x149.png\" alt=\"\" width=\"300\" height=\"149\" srcset=\"https:\/\/agora.xtec.cat\/eca-pirineu\/wp-content\/uploads\/usu2154\/2024\/09\/Captura-de-pantalla-2024-09-15-183616-300x149.png 300w, https:\/\/agora.xtec.cat\/eca-pirineu\/wp-content\/uploads\/usu2154\/2024\/09\/Captura-de-pantalla-2024-09-15-183616-768x382.png 768w, https:\/\/agora.xtec.cat\/eca-pirineu\/wp-content\/uploads\/usu2154\/2024\/09\/Captura-de-pantalla-2024-09-15-183616.png 997w\" sizes=\"auto, (max-width: 300px) 100vw, 300px\" \/><\/a><\/td>\n<td style=\"width: 50%; text-align: center;\">\n<p><strong>Observar la postura del cavall per millorar el seu benestar<\/strong><\/p>\n<h5><strong><a href=\"https:\/\/pirineustv.cat\/observar-la-postura-del-cavall-per-millorar-el-seu-benestar\" target=\"_blank\" rel=\"noopener\">Pirineus TV<\/a><\/strong><\/h5>\n<\/td>\n<\/tr>\n<tr>\n<td style=\"width: 50%; text-align: center;\"><a href=\"https:\/\/pirineusdigital.cat\/2024\/04\/16\/lescola-agraria-del-pirineu-presenta-un-curs-sobre-higiene-de-carn-de-caca\/\" target=\"_blank\" rel=\"noopener\"><img loading=\"lazy\" decoding=\"async\" class=\"alignnone size-medium wp-image-1138\" src=\"https:\/\/agora.xtec.cat\/eca-pirineu\/wp-content\/uploads\/usu2154\/2024\/09\/Captura-de-pantalla-2024-09-15-182932-300x192.png\" alt=\"\" width=\"300\" height=\"192\" srcset=\"https:\/\/agora.xtec.cat\/eca-pirineu\/wp-content\/uploads\/usu2154\/2024\/09\/Captura-de-pantalla-2024-09-15-182932-300x192.png 300w, https:\/\/agora.xtec.cat\/eca-pirineu\/wp-content\/uploads\/usu2154\/2024\/09\/Captura-de-pantalla-2024-09-15-182932-768x493.png 768w, https:\/\/agora.xtec.cat\/eca-pirineu\/wp-content\/uploads\/usu2154\/2024\/09\/Captura-de-pantalla-2024-09-15-182932.png 870w\" sizes=\"auto, (max-width: 300px) 100vw, 300px\" \/><\/a><\/td>\n<td style=\"width: 50%;\">\n<p style=\"text-align: center;\"><strong>L\u2019Escola Agr\u00e0ria del Pirineu presenta un curs sobre higiene de carn de ca\u00e7a<\/strong><\/p>\n<h5 style=\"text-align: center;\"><strong><a href=\"https:\/\/pirineusdigital.cat\/2024\/04\/16\/lescola-agraria-del-pirineu-presenta-un-curs-sobre-higiene-de-carn-de-caca\/\" target=\"_blank\" rel=\"noopener\">Pirineus Digital<\/a><\/strong><\/h5>\n<\/td>\n<\/tr>\n<\/tbody>\n<\/table>\n<h3 style=\"text-align: left;\"><span style=\"text-decoration: underline;\"><strong>Mar\u00e7 2024<\/strong><\/span><\/h3>\n<table style=\"border-collapse: collapse; width: 100%;\">\n<tbody>\n<tr>\n<td style=\"width: 50%;\"><a href=\"https:\/\/www.regio7.cat\/cerdanya\/2024\/03\/03\/des-l-inici-projecte-primer-98940782.html\" target=\"_blank\" rel=\"noopener\"><img loading=\"lazy\" decoding=\"async\" class=\"size-medium wp-image-1136 aligncenter\" src=\"https:\/\/agora.xtec.cat\/eca-pirineu\/wp-content\/uploads\/usu2154\/2024\/09\/Captura-de-pantalla-2024-09-15-182615-300x168.png\" alt=\"\" width=\"300\" height=\"168\" srcset=\"https:\/\/agora.xtec.cat\/eca-pirineu\/wp-content\/uploads\/usu2154\/2024\/09\/Captura-de-pantalla-2024-09-15-182615-300x168.png 300w, https:\/\/agora.xtec.cat\/eca-pirineu\/wp-content\/uploads\/usu2154\/2024\/09\/Captura-de-pantalla-2024-09-15-182615-768x431.png 768w, https:\/\/agora.xtec.cat\/eca-pirineu\/wp-content\/uploads\/usu2154\/2024\/09\/Captura-de-pantalla-2024-09-15-182615.png 777w\" sizes=\"auto, (max-width: 300px) 100vw, 300px\" \/><\/a><\/td>\n<td style=\"width: 50%;\">\n<p style=\"text-align: center;\"><strong>Des de l\u2019inici del projecte al primer formatge hauran passat cinc anys<\/strong><\/p>\n<h5 style=\"text-align: center;\"><a href=\"https:\/\/www.regio7.cat\/cerdanya\/2024\/03\/03\/des-l-inici-projecte-primer-98940782.html\" target=\"_blank\" rel=\"noopener\"><strong>Regi\u00f3 7<\/strong><\/a><\/h5>\n<\/td>\n<\/tr>\n<tr>\n<td style=\"width: 50%; text-align: center;\"><a href=\"https:\/\/www.regio7.cat\/cerdanya\/2024\/03\/03\/formacio-agraria-pirineu-futur-garantit-98940777.html\" target=\"_blank\" rel=\"noopener\"><img loading=\"lazy\" decoding=\"async\" class=\"size-medium wp-image-1134 aligncenter\" src=\"https:\/\/agora.xtec.cat\/eca-pirineu\/wp-content\/uploads\/usu2154\/2024\/09\/Captura-de-pantalla-2024-09-15-182355-300x169.png\" alt=\"\" width=\"300\" height=\"169\" srcset=\"https:\/\/agora.xtec.cat\/eca-pirineu\/wp-content\/uploads\/usu2154\/2024\/09\/Captura-de-pantalla-2024-09-15-182355-300x169.png 300w, https:\/\/agora.xtec.cat\/eca-pirineu\/wp-content\/uploads\/usu2154\/2024\/09\/Captura-de-pantalla-2024-09-15-182355.png 748w\" sizes=\"auto, (max-width: 300px) 100vw, 300px\" \/><\/a><\/td>\n<td style=\"width: 50%;\">\n<p style=\"text-align: center;\"><strong>La formaci\u00f3 agr\u00e0ria al Pirineu t\u00e9 el futur garantit<\/strong><\/p>\n<h5 style=\"text-align: center;\"><a href=\"https:\/\/www.regio7.cat\/cerdanya\/2024\/03\/03\/formacio-agraria-pirineu-futur-garantit-98940777.html\" target=\"_blank\" rel=\"noopener\"><strong>Regi\u00f37<\/strong><\/a><\/h5>\n<\/td>\n<\/tr>\n<\/tbody>\n<\/table>\n<h3 style=\"text-align: left;\"><span style=\"text-decoration: underline;\"><strong>Febrer 2024<\/strong><\/span><\/h3>\n<table style=\"border-collapse: collapse; width: 100%;\">\n<tbody>\n<tr>\n<td style=\"width: 50%;\"><a href=\"https:\/\/agora.xtec.cat\/eca-pirineu\/wp-content\/uploads\/usu2154\/2024\/03\/image_preview.jpg\"><img loading=\"lazy\" decoding=\"async\" class=\"size-medium wp-image-1052 aligncenter\" src=\"https:\/\/agora.xtec.cat\/eca-pirineu\/wp-content\/uploads\/usu2154\/2024\/03\/image_preview-300x225.jpg\" alt=\"\" width=\"300\" height=\"225\" srcset=\"https:\/\/agora.xtec.cat\/eca-pirineu\/wp-content\/uploads\/usu2154\/2024\/03\/image_preview-300x225.jpg 300w, https:\/\/agora.xtec.cat\/eca-pirineu\/wp-content\/uploads\/usu2154\/2024\/03\/image_preview-200x150.jpg 200w, https:\/\/agora.xtec.cat\/eca-pirineu\/wp-content\/uploads\/usu2154\/2024\/03\/image_preview.jpg 400w\" sizes=\"auto, (max-width: 300px) 100vw, 300px\" \/><\/a><\/td>\n<td style=\"width: 50%;\">\n<p style=\"text-align: center;\"><strong>L&#8217;Escola Agr\u00e0ria del Pirineu forma nous jutges i qualificadors de concursos de bestiar bov\u00ed<\/strong><\/p>\n<h5 style=\"text-align: center;\"><a href=\"https:\/\/www.ccma.cat\/3cat\/a-catalunya-hi-ha-un-concurs-de-vaques-a-gairebe-cada-comarca-del-pirineu\/audio\/1200300\/\" target=\"_blank\" rel=\"noopener\">3Cat<\/a><\/h5>\n<h5 style=\"text-align: center;\"><a href=\"https:\/\/pirineustv.cat\/una-formacio-unifica-criteris-per-a-valorar-la-raca-bruna-dels-pirineus\" target=\"_blank\" rel=\"noopener\">Pirineus TV<\/a><\/h5>\n<h5 style=\"text-align: center;\"><a href=\"https:\/\/www.segre.com\/ca\/comarques\/alt-urgell\/240227\/bellestar-forma-jutges-raca-bruna_357358.html\" target=\"_blank\" rel=\"noopener\">Segre<\/a><\/h5>\n<h5 style=\"text-align: center;\"><a href=\"https:\/\/www.radioseu.cat\/noticies\/lescola-agraria-del-pirineu-forma-nous-jutges-i-qualificadors-de-concursos-de-bestiar-bovi\" target=\"_blank\" rel=\"noopener\">R\u00e0dio Seu<\/a><\/h5>\n<h5 style=\"text-align: center;\"><a href=\"https:\/\/www.regio7.cat\/cerdanya\/2024\/03\/08\/com-reconeixer-bona-vaca-bruna-99170645.html\" target=\"_blank\" rel=\"noopener\">Regi\u00f3 7<\/a><\/h5>\n<\/td>\n<\/tr>\n<\/tbody>\n<\/table>\n<h3 style=\"text-align: left;\"><span style=\"text-decoration: underline;\"><strong>Gener 2024<\/strong><\/span><\/h3>\n<table style=\"border-collapse: collapse; width: 100%;\">\n<tbody>\n<tr>\n<td style=\"width: 50%;\"><a href=\"https:\/\/agora.xtec.cat\/eca-pirineu\/wp-content\/uploads\/usu2154\/2024\/03\/Captura-de-pantalla-2024-03-14-122815.png\"><img loading=\"lazy\" decoding=\"async\" class=\"size-medium wp-image-1049 aligncenter\" src=\"https:\/\/agora.xtec.cat\/eca-pirineu\/wp-content\/uploads\/usu2154\/2024\/03\/Captura-de-pantalla-2024-03-14-122815-300x136.png\" alt=\"\" width=\"300\" height=\"136\" srcset=\"https:\/\/agora.xtec.cat\/eca-pirineu\/wp-content\/uploads\/usu2154\/2024\/03\/Captura-de-pantalla-2024-03-14-122815-300x136.png 300w, https:\/\/agora.xtec.cat\/eca-pirineu\/wp-content\/uploads\/usu2154\/2024\/03\/Captura-de-pantalla-2024-03-14-122815-1024x463.png 1024w, https:\/\/agora.xtec.cat\/eca-pirineu\/wp-content\/uploads\/usu2154\/2024\/03\/Captura-de-pantalla-2024-03-14-122815-768x347.png 768w, https:\/\/agora.xtec.cat\/eca-pirineu\/wp-content\/uploads\/usu2154\/2024\/03\/Captura-de-pantalla-2024-03-14-122815.png 1112w\" sizes=\"auto, (max-width: 300px) 100vw, 300px\" \/><\/a><\/td>\n<td style=\"width: 50%;\">\n<p style=\"text-align: center;\"><strong>Estudiar amb i sobre cavalls al Pirineu<\/strong><\/p>\n<h5 style=\"text-align: center;\"><a href=\"https:\/\/www.ccma.cat\/3cat\/estudiar-amb-i-sobre-cavalls-al-pirineu\/video\/6259869\/\" target=\"_blank\" rel=\"noopener\">InfoK<\/a><\/h5>\n<\/td>\n<\/tr>\n<\/tbody>\n<\/table>\n<h3 style=\"text-align: left;\"><span style=\"text-decoration: underline;\"><strong>Desembre 2023<\/strong><\/span><\/h3>\n<table style=\"border-collapse: collapse; width: 100%;\">\n<tbody>\n<tr>\n<td style=\"width: 50%;\"><strong><a href=\"https:\/\/agora.xtec.cat\/eca-pirineu\/wp-content\/uploads\/usu2154\/2024\/03\/p._21_cavalls.jpg\"><img loading=\"lazy\" decoding=\"async\" class=\"size-medium wp-image-1045 aligncenter\" src=\"https:\/\/agora.xtec.cat\/eca-pirineu\/wp-content\/uploads\/usu2154\/2024\/03\/p._21_cavalls-300x135.jpg\" alt=\"\" width=\"300\" height=\"135\" srcset=\"https:\/\/agora.xtec.cat\/eca-pirineu\/wp-content\/uploads\/usu2154\/2024\/03\/p._21_cavalls-300x135.jpg 300w, https:\/\/agora.xtec.cat\/eca-pirineu\/wp-content\/uploads\/usu2154\/2024\/03\/p._21_cavalls-1024x461.jpg 1024w, https:\/\/agora.xtec.cat\/eca-pirineu\/wp-content\/uploads\/usu2154\/2024\/03\/p._21_cavalls-768x346.jpg 768w, https:\/\/agora.xtec.cat\/eca-pirineu\/wp-content\/uploads\/usu2154\/2024\/03\/p._21_cavalls.jpg 1200w\" sizes=\"auto, (max-width: 300px) 100vw, 300px\" \/><\/a><\/strong><\/td>\n<td style=\"width: 50%;\">\n<p style=\"text-align: center;\"><strong>Qui diu que el camp no t\u00e9 relleu?<\/strong><\/p>\n<h5 style=\"text-align: center;\"><strong><a href=\"https:\/\/www.bondia.ad\/societat\/qui-diu-que-el-camp-no-te-relleu\" target=\"_blank\" rel=\"noopener\">Bon Dia Andorra<\/a><\/strong><\/h5>\n<\/td>\n<\/tr>\n<\/tbody>\n<\/table>\n<h3 style=\"text-align: left;\"><span style=\"text-decoration: underline;\"><strong>Novembre 2023<\/strong><\/span><\/h3>\n<table style=\"border-collapse: collapse; width: 100%;\">\n<tbody>\n<tr>\n<td style=\"width: 50%;\"><a href=\"https:\/\/agora.xtec.cat\/eca-pirineu\/wp-content\/uploads\/usu2154\/2024\/03\/2023112215103140692.jpg\"><img loading=\"lazy\" decoding=\"async\" class=\"size-medium wp-image-1038 aligncenter\" src=\"https:\/\/agora.xtec.cat\/eca-pirineu\/wp-content\/uploads\/usu2154\/2024\/03\/2023112215103140692-300x169.jpg\" alt=\"\" width=\"300\" height=\"169\" srcset=\"https:\/\/agora.xtec.cat\/eca-pirineu\/wp-content\/uploads\/usu2154\/2024\/03\/2023112215103140692-300x169.jpg 300w, https:\/\/agora.xtec.cat\/eca-pirineu\/wp-content\/uploads\/usu2154\/2024\/03\/2023112215103140692-1024x576.jpg 1024w, https:\/\/agora.xtec.cat\/eca-pirineu\/wp-content\/uploads\/usu2154\/2024\/03\/2023112215103140692-768x432.jpg 768w, https:\/\/agora.xtec.cat\/eca-pirineu\/wp-content\/uploads\/usu2154\/2024\/03\/2023112215103140692-1536x864.jpg 1536w, https:\/\/agora.xtec.cat\/eca-pirineu\/wp-content\/uploads\/usu2154\/2024\/03\/2023112215103140692.jpg 1920w\" sizes=\"auto, (max-width: 300px) 100vw, 300px\" \/><\/a><\/td>\n<td style=\"width: 50%;\">\n<p style=\"text-align: center;\"><strong>L\u2019Escola Agr\u00e0ria del Pirineu quadruplica les hect\u00e0rees dedicades a la gesti\u00f3 de pastures i prats<\/strong><\/p>\n<h5 style=\"text-align: center;\"><a href=\"https:\/\/www.territoris.cat\/articulo\/comarca\/l-escola-agraria-pirineu-quadruplica-hectarees-dedicades-gestio-pastures-i-prats-prova-mes-seu-compromis-mediambiental-preservacio-sols-i-prevencio-d-incendis\/20231123160925095058.html\" target=\"_blank\" rel=\"noopener\">Territoris.cat<\/a><\/h5>\n<h5 style=\"text-align: center;\"><a href=\"https:\/\/pirineustv.cat\/lescola-agraria-del-pirineu-es-converteix-en-la-mes-gran-de-catalunya-3397\" target=\"_blank\" rel=\"noopener\">Pirineus TV<\/a><\/h5>\n<h5 style=\"text-align: center;\"><a href=\"https:\/\/pirineusdigital.cat\/2023\/11\/22\/lescola-agraria-del-pirineu-triplica-les-hectarees-dedicades-a-la-gestio-de-pastures-i-prats\/\" target=\"_blank\" rel=\"noopener\">Pirineus Digital\u00a0<\/a><\/h5>\n<h5 style=\"text-align: center;\"><a href=\"https:\/\/www.regio7.cat\/catalunya-central\/alt-urgell\/2023\/11\/22\/escola-agraria-lalt-urgell-amplia-94965763.html\" target=\"_blank\" rel=\"noopener\">Regi\u00f3 7<\/a>\u00a0<\/h5>\n<h5 style=\"text-align: center;\"><a href=\"https:\/\/www.radioseu.cat\/noticies\/lescola-agraria-del-pirineu-quadruplica-les-hectarees-de-gestio-de-pastures-i-prats-sent-la-mes-extensa-de-catalunya\/\" target=\"_blank\" rel=\"noopener\">R\u00e0dio Seu<\/a>\u00a0<\/h5>\n<h5 style=\"text-align: center;\"><a href=\"https:\/\/viurealspirineus.cat\/articulo\/societat\/lescola-agraria-pirineu-quadruplica-hectarees-gestio-pastures-i-prats\/20231122151245044051.html?utm_medium=social&amp;utm_source=twitter&amp;utm_campaign=share_button\" target=\"_blank\" rel=\"noopener\">Viure als Pirineus<\/a><\/h5>\n<h5 style=\"text-align: center;\"><a href=\"https:\/\/www.segre.com\/ca\/comarques\/231123\/l-escola-agraria-bellestar-suma-26-hectarees-i-ja-mes-gran-catalunya_258200.html\" target=\"_blank\" rel=\"noopener\">Segre<\/a><\/h5>\n<h5 style=\"text-align: center;\"><a href=\"https:\/\/www.bondia.ad\/societat\/26-hectarees-al-peu-del-cadi\" target=\"_blank\" rel=\"noopener\">Bon Dia Andorra<\/a><\/h5>\n<\/td>\n<\/tr>\n<tr>\n<td style=\"width: 50%;\"><a href=\"https:\/\/agora.xtec.cat\/eca-pirineu\/wp-content\/uploads\/usu2154\/2024\/03\/Captura-de-pantalla-2024-03-14-122105.png\"><img loading=\"lazy\" decoding=\"async\" class=\"size-medium wp-image-1041 aligncenter\" src=\"https:\/\/agora.xtec.cat\/eca-pirineu\/wp-content\/uploads\/usu2154\/2024\/03\/Captura-de-pantalla-2024-03-14-122105-300x161.png\" alt=\"\" width=\"300\" height=\"161\" srcset=\"https:\/\/agora.xtec.cat\/eca-pirineu\/wp-content\/uploads\/usu2154\/2024\/03\/Captura-de-pantalla-2024-03-14-122105-300x161.png 300w, https:\/\/agora.xtec.cat\/eca-pirineu\/wp-content\/uploads\/usu2154\/2024\/03\/Captura-de-pantalla-2024-03-14-122105.png 712w\" sizes=\"auto, (max-width: 300px) 100vw, 300px\" \/><\/a><\/td>\n<td style=\"width: 50%;\">\n<p style=\"text-align: center;\"><strong>L&#8217;Escola Agr\u00e0ria del Pirineu, una alternativa per a joves d&#8217;Andorra<\/strong><\/p>\n<h5 style=\"text-align: center;\"><a href=\"https:\/\/andorradifusio.ad\/noticies\/escola-agraria-pirineu-alternativa-joves-andorra\" target=\"_blank\" rel=\"noopener\">Andorra Difusi\u00f3<\/a><\/h5>\n<\/td>\n<\/tr>\n<\/tbody>\n<\/table>\n<h3 style=\"text-align: left;\"><span style=\"text-decoration: underline;\"><strong>Octubre 2023<\/strong><\/span><\/h3>\n<table style=\"border-collapse: collapse; width: 100%;\">\n<tbody>\n<tr>\n<td style=\"width: 50%;\"><a href=\"https:\/\/agora.xtec.cat\/eca-pirineu\/wp-content\/uploads\/usu2154\/2023\/11\/2023103017562711933.jpg\"><img loading=\"lazy\" decoding=\"async\" class=\"aligncenter wp-image-934 size-medium\" src=\"https:\/\/agora.xtec.cat\/eca-pirineu\/wp-content\/uploads\/usu2154\/2023\/11\/2023103017562711933-300x225.jpg\" alt=\"\" width=\"300\" height=\"225\" srcset=\"https:\/\/agora.xtec.cat\/eca-pirineu\/wp-content\/uploads\/usu2154\/2023\/11\/2023103017562711933-300x225.jpg 300w, https:\/\/agora.xtec.cat\/eca-pirineu\/wp-content\/uploads\/usu2154\/2023\/11\/2023103017562711933-200x150.jpg 200w, https:\/\/agora.xtec.cat\/eca-pirineu\/wp-content\/uploads\/usu2154\/2023\/11\/2023103017562711933.jpg 744w\" sizes=\"auto, (max-width: 300px) 100vw, 300px\" \/><\/a><\/td>\n<td style=\"width: 50%;\">\n<p style=\"text-align: center;\"><strong>L&#8217;Escola Agr\u00e0ria del Pirineu: un agent clau en el desenvolupament del territori rural de Catalunya<\/strong><\/p>\n<h5 style=\"text-align: center;\"><a href=\"https:\/\/www.territoris.cat\/articulo\/mon-rural\/lescola-agraria-pirineu-agent-clau-desenvolupament-territori-rural-catalunya\/20231030180124094598.html\" target=\"_blank\" rel=\"noopener\">Territoris.cat<\/a><\/h5>\n<\/td>\n<\/tr>\n<tr>\n<td style=\"width: 50%;\"><a href=\"https:\/\/agora.xtec.cat\/eca-pirineu\/wp-content\/uploads\/usu2154\/2023\/11\/image_preview-1.jpeg\"><img loading=\"lazy\" decoding=\"async\" class=\"aligncenter wp-image-931 size-medium\" src=\"https:\/\/agora.xtec.cat\/eca-pirineu\/wp-content\/uploads\/usu2154\/2023\/11\/image_preview-1-300x200.jpeg\" alt=\"\" width=\"300\" height=\"200\" srcset=\"https:\/\/agora.xtec.cat\/eca-pirineu\/wp-content\/uploads\/usu2154\/2023\/11\/image_preview-1-300x200.jpeg 300w, https:\/\/agora.xtec.cat\/eca-pirineu\/wp-content\/uploads\/usu2154\/2023\/11\/image_preview-1.jpeg 400w\" sizes=\"auto, (max-width: 300px) 100vw, 300px\" \/><\/a><\/td>\n<td style=\"width: 50%;\">\n<p style=\"text-align: center;\"><strong>L&#8217;Escola Agr\u00e0ria del Pirineu organitza una jornada t\u00e8cnica d&#8217;introducci\u00f3 al cultiu de bolets<\/strong><\/p>\n<h5 style=\"text-align: center;\"><a href=\"https:\/\/pirineustv.cat\/el-cultiu-de-bolets-un-mercat-emergent-connecta-lleida-pirineus-30-doctubre\" target=\"_blank\" rel=\"noopener\">Pirineus TV<\/a>\u00a0<\/h5>\n<h5 style=\"text-align: center;\"><a href=\"https:\/\/www.radioseu.cat\/noticies\/inscripcions-obertes-per-participar-en-una-jornada-tecnica-dintroduccio-al-cultiu-de-bolets\" target=\"_blank\" rel=\"noopener\">R\u00e0dio Seu<\/a><\/h5>\n<\/td>\n<\/tr>\n<tr>\n<td style=\"width: 50%;\"><a href=\"https:\/\/agora.xtec.cat\/eca-pirineu\/wp-content\/uploads\/usu2154\/2023\/11\/image_preview.jpeg\"><img loading=\"lazy\" decoding=\"async\" class=\"aligncenter wp-image-929 size-medium\" src=\"https:\/\/agora.xtec.cat\/eca-pirineu\/wp-content\/uploads\/usu2154\/2023\/11\/image_preview-300x200.jpeg\" alt=\"\" width=\"300\" height=\"200\" srcset=\"https:\/\/agora.xtec.cat\/eca-pirineu\/wp-content\/uploads\/usu2154\/2023\/11\/image_preview-300x200.jpeg 300w, https:\/\/agora.xtec.cat\/eca-pirineu\/wp-content\/uploads\/usu2154\/2023\/11\/image_preview.jpeg 400w\" sizes=\"auto, (max-width: 300px) 100vw, 300px\" \/><\/a><\/td>\n<td style=\"width: 50%;\">\n<p style=\"text-align: center;\"><strong>L\u2019Escola Agr\u00e0ria del Pirineu inicia el curs amb un 45% m\u00e9s de matriculats respecte al curs anterior<\/strong><\/p>\n<h5 style=\"text-align: center;\"><a href=\"https:\/\/www.viurealspirineus.cat\/articulo\/societat\/l-escola-agraria-pirineu-inicia-curs-amb-45-mes-matriculats-respecte-curs-anterior\/20231003123436042926.html\" target=\"_blank\" rel=\"noopener\">Viure als Pirineus<\/a><\/h5>\n<h5 style=\"text-align: center;\"><a href=\"https:\/\/pirineusdigital.cat\/2023\/10\/03\/lescola-agraria-del-pirineu-inicia-el-curs-amb-un-45-mes-de-matriculats-respecte-a-lany-anterior\/\" target=\"_blank\" rel=\"noopener\">Pirineus Digital<\/a><\/h5>\n<h5 style=\"text-align: center;\"><a href=\"https:\/\/www.radioseu.cat\/noticies\/lescola-agraria-del-pirineu-inicia-el-curs-2023-2024-amb-un-45-mes-de-matriculats-respecte-al-curs-anterior\" target=\"_blank\" rel=\"noopener\">R\u00e0dio Seu<\/a><\/h5>\n<\/td>\n<\/tr>\n<\/tbody>\n<\/table>\n<h3 style=\"text-align: left;\"><span style=\"text-decoration: underline;\"><strong>Setembre 2023<\/strong><\/span><\/h3>\n<table style=\"border-collapse: collapse; width: 100%;\">\n<tbody>\n<tr>\n<td style=\"width: 50%;\"><a href=\"https:\/\/agora.xtec.cat\/eca-pirineu\/wp-content\/uploads\/usu2154\/2023\/11\/PHOTO-2023-09-22-14-13-43-768x576-1.jpg\"><img loading=\"lazy\" decoding=\"async\" class=\"aligncenter wp-image-927 size-medium\" src=\"https:\/\/agora.xtec.cat\/eca-pirineu\/wp-content\/uploads\/usu2154\/2023\/11\/PHOTO-2023-09-22-14-13-43-768x576-1-300x225.jpg\" alt=\"\" width=\"300\" height=\"225\" srcset=\"https:\/\/agora.xtec.cat\/eca-pirineu\/wp-content\/uploads\/usu2154\/2023\/11\/PHOTO-2023-09-22-14-13-43-768x576-1-300x225.jpg 300w, https:\/\/agora.xtec.cat\/eca-pirineu\/wp-content\/uploads\/usu2154\/2023\/11\/PHOTO-2023-09-22-14-13-43-768x576-1-200x150.jpg 200w, https:\/\/agora.xtec.cat\/eca-pirineu\/wp-content\/uploads\/usu2154\/2023\/11\/PHOTO-2023-09-22-14-13-43-768x576-1.jpg 768w\" sizes=\"auto, (max-width: 300px) 100vw, 300px\" \/><\/a><\/td>\n<td style=\"width: 50%;\">\n<p style=\"text-align: center;\"><strong>L\u2019alumnat de la Seu d\u2019Urgell es forma en els processos de creaci\u00f3 del formatge<\/strong><\/p>\n<h5 style=\"text-align: center;\"><a href=\"https:\/\/pirineustv.cat\/lalumnat-de-la-seu-durgell-es-forma-en-els-processos-de-creacio-del-formatge\" target=\"_blank\" rel=\"noopener\">Pirineus TV<\/a><\/h5>\n<h5 style=\"text-align: center;\"><a href=\"https:\/\/pirineusdigital.cat\/2023\/09\/22\/lalumnat-de-la-seu-durgell-es-forma-en-els-processos-de-creacio-del-formatge\/\" target=\"_blank\" rel=\"noopener\">Pirineus Digital<\/a><\/h5>\n<\/td>\n<\/tr>\n<\/tbody>\n<\/table>\n<h3 style=\"text-align: left;\"><span style=\"text-decoration: underline;\"><strong>Juny 2023<\/strong><\/span><\/h3>\n<table style=\"border-collapse: collapse; width: 100%;\">\n<tbody>\n<tr>\n<td style=\"width: 50%;\"><a href=\"https:\/\/agora.xtec.cat\/eca-pirineu\/wp-content\/uploads\/usu2154\/2023\/11\/PHOTO-2023-06-29-13-10-20-1-768x576-1.jpg\"><img loading=\"lazy\" decoding=\"async\" class=\"aligncenter wp-image-925 size-medium\" src=\"https:\/\/agora.xtec.cat\/eca-pirineu\/wp-content\/uploads\/usu2154\/2023\/11\/PHOTO-2023-06-29-13-10-20-1-768x576-1-300x225.jpg\" alt=\"\" width=\"300\" height=\"225\" srcset=\"https:\/\/agora.xtec.cat\/eca-pirineu\/wp-content\/uploads\/usu2154\/2023\/11\/PHOTO-2023-06-29-13-10-20-1-768x576-1-300x225.jpg 300w, https:\/\/agora.xtec.cat\/eca-pirineu\/wp-content\/uploads\/usu2154\/2023\/11\/PHOTO-2023-06-29-13-10-20-1-768x576-1-200x150.jpg 200w, https:\/\/agora.xtec.cat\/eca-pirineu\/wp-content\/uploads\/usu2154\/2023\/11\/PHOTO-2023-06-29-13-10-20-1-768x576-1.jpg 768w\" sizes=\"auto, (max-width: 300px) 100vw, 300px\" \/><\/a><\/td>\n<td style=\"width: 50%;\">\n<p style=\"text-align: center;\"><strong>Jornades de reflexi\u00f3 sobre els reptes i oportunitats de la ramaderia al Pirineu, a Bellestar<\/strong><\/p>\n<h5 style=\"text-align: center;\"><a href=\"https:\/\/www.radioseu.cat\/noticies\/jornades-de-reflexio-sobre-els-reptes-i-oportunitats-de-la-ramaderia-al-pirineu-a-bellestar?fbclid=IwAR2Hd6DfddwIQfF5dWwEaCuIDSIRyfCFKz_ykMWPcKucXEf8I9IHxeWXCpg\" target=\"_blank\" rel=\"noopener\">R\u00e0dio Seu<\/a><\/h5>\n<h5 style=\"text-align: center;\"><a href=\"https:\/\/www.radioseu.cat\/noticies\/lalt-pirineu-i-aran-ha-perdut-gairebe-200-explotacions-ramaderes-els-darrers-quatre-anys?fbclid=IwAR0IlLckzl6YWSE4hmGq_8dHJvXntIsuXFRU-_noYxi81ZwOKxBiiJynavY\" target=\"_blank\" rel=\"noopener\">R\u00e0dio Seu<\/a><\/h5>\n<h5 style=\"text-align: center;\"><a href=\"https:\/\/pirineusdigital.cat\/2023\/06\/29\/la-ramaderia-pirinenca-demana-ser-escoltada-i-tenir-mes-acompanyament-de-ladministracio\/?fbclid=PAAaa_Mrxv8UMArvmH204QyZG9B_X8GbRSCSspb9lbqVj2eyRoTA3XtB1lrjQ\" target=\"_blank\" rel=\"noopener\">Pirineus Digital<\/a><\/h5>\n<\/td>\n<\/tr>\n<tr>\n<td style=\"width: 50%; text-align: center;\"><a href=\"https:\/\/agora.xtec.cat\/eca-pirineu\/wp-content\/uploads\/usu2154\/2023\/11\/Captura-1.jpg\"><img loading=\"lazy\" decoding=\"async\" class=\"aligncenter wp-image-924 size-medium\" src=\"https:\/\/agora.xtec.cat\/eca-pirineu\/wp-content\/uploads\/usu2154\/2023\/11\/Captura-1-300x147.jpg\" alt=\"\" width=\"300\" height=\"147\" srcset=\"https:\/\/agora.xtec.cat\/eca-pirineu\/wp-content\/uploads\/usu2154\/2023\/11\/Captura-1-300x147.jpg 300w, https:\/\/agora.xtec.cat\/eca-pirineu\/wp-content\/uploads\/usu2154\/2023\/11\/Captura-1.jpg 736w\" sizes=\"auto, (max-width: 300px) 100vw, 300px\" \/><\/a><\/td>\n<td style=\"width: 50%;\">\n<p style=\"text-align: center;\"><strong>Jornada t\u00e8cnica sobre comunitats energ\u00e8tiques a l&#8217;Escola Agr\u00e0ria del Pirineu<\/strong><\/p>\n<h5 style=\"text-align: center;\"><a href=\"https:\/\/pirineustv.cat\/comunitats-energetiques-un-model-que-sobre-pas-connecta-lleida-pirineus-26-de-juny\" target=\"_blank\" rel=\"noopener\">Pirineus TV<\/a><\/h5>\n<p>\u00a0<\/p>\n<\/td>\n<\/tr>\n<tr>\n<td style=\"width: 50%;\"><a href=\"https:\/\/agora.xtec.cat\/eca-pirineu\/wp-content\/uploads\/usu2154\/2023\/11\/p._14_1_a_ver_0.jpg\"><img loading=\"lazy\" decoding=\"async\" class=\"aligncenter wp-image-923 size-medium\" src=\"https:\/\/agora.xtec.cat\/eca-pirineu\/wp-content\/uploads\/usu2154\/2023\/11\/p._14_1_a_ver_0-300x214.jpg\" alt=\"\" width=\"300\" height=\"214\" srcset=\"https:\/\/agora.xtec.cat\/eca-pirineu\/wp-content\/uploads\/usu2154\/2023\/11\/p._14_1_a_ver_0-300x214.jpg 300w, https:\/\/agora.xtec.cat\/eca-pirineu\/wp-content\/uploads\/usu2154\/2023\/11\/p._14_1_a_ver_0-1024x730.jpg 1024w, https:\/\/agora.xtec.cat\/eca-pirineu\/wp-content\/uploads\/usu2154\/2023\/11\/p._14_1_a_ver_0-768x548.jpg 768w, https:\/\/agora.xtec.cat\/eca-pirineu\/wp-content\/uploads\/usu2154\/2023\/11\/p._14_1_a_ver_0.jpg 1200w\" sizes=\"auto, (max-width: 300px) 100vw, 300px\" \/><\/a><\/td>\n<td style=\"width: 50%;\">\n<p style=\"text-align: center;\"><strong>Obrint portes al camp<\/strong><\/p>\n<h5 style=\"text-align: center;\"><a href=\"https:\/\/www.bondia.ad\/societat\/obrint-portes-al-camp\" target=\"_blank\" rel=\"noopener\">Bon Dia Andorra<\/a><\/h5>\n<\/td>\n<\/tr>\n<tr>\n<td style=\"width: 50%;\"><a href=\"https:\/\/agora.xtec.cat\/eca-pirineu\/wp-content\/uploads\/usu2154\/2023\/11\/Captura.jpg\"><img loading=\"lazy\" decoding=\"async\" class=\"aligncenter wp-image-922 size-medium\" src=\"https:\/\/agora.xtec.cat\/eca-pirineu\/wp-content\/uploads\/usu2154\/2023\/11\/Captura-300x147.jpg\" alt=\"\" width=\"300\" height=\"147\" srcset=\"https:\/\/agora.xtec.cat\/eca-pirineu\/wp-content\/uploads\/usu2154\/2023\/11\/Captura-300x147.jpg 300w, https:\/\/agora.xtec.cat\/eca-pirineu\/wp-content\/uploads\/usu2154\/2023\/11\/Captura.jpg 736w\" sizes=\"auto, (max-width: 300px) 100vw, 300px\" \/><\/a><\/td>\n<td style=\"width: 50%;\">\n<p style=\"text-align: center;\"><strong>Ruta en cavall amb situacions climatol\u00f2giques adverses com a preparaci\u00f3 per al m\u00f3n laboral<\/strong><\/p>\n<h5 style=\"text-align: center;\"><a href=\"https:\/\/pirineustv.cat\/ruta-en-cavall-amb-situacions-climatologiques-adverses-com-a-preparacio-per-al-mon-laboral\" target=\"_blank\" rel=\"noopener\">Pirineus TV<\/a><\/h5>\n<\/td>\n<\/tr>\n<\/tbody>\n<\/table>\n<h3 style=\"text-align: left;\"><span style=\"text-decoration: underline;\"><strong>Maig 2023<\/strong><\/span><\/h3>\n<table style=\"border-collapse: collapse; width: 100%;\">\n<tbody>\n<tr>\n<td style=\"width: 50%;\"><a href=\"https:\/\/agora.xtec.cat\/eca-pirineu\/wp-content\/uploads\/usu2154\/2023\/11\/2023051815073678685.jpg\"><img loading=\"lazy\" decoding=\"async\" class=\"aligncenter wp-image-919 size-medium\" src=\"https:\/\/agora.xtec.cat\/eca-pirineu\/wp-content\/uploads\/usu2154\/2023\/11\/2023051815073678685-224x300.jpg\" alt=\"\" width=\"224\" height=\"300\" srcset=\"https:\/\/agora.xtec.cat\/eca-pirineu\/wp-content\/uploads\/usu2154\/2023\/11\/2023051815073678685-224x300.jpg 224w, https:\/\/agora.xtec.cat\/eca-pirineu\/wp-content\/uploads\/usu2154\/2023\/11\/2023051815073678685.jpg 600w\" sizes=\"auto, (max-width: 224px) 100vw, 224px\" \/><\/a><\/td>\n<td style=\"width: 50%;\">\n<p style=\"text-align: center;\"><strong>L\u2019Escola Agr\u00e0ria del Pirineu incentiva els treballs amb motoserra entre les dones<\/strong><\/p>\n<h5 style=\"text-align: center;\"><a href=\"https:\/\/www.ccma.cat\/3cat\/exit-total-en-el-curs-diniciacio-a-la-motoserra-nomes-per-a-dones\/video\/6220377\/\" target=\"_blank\" rel=\"noopener\">TV3<\/a><\/h5>\n<h5 style=\"text-align: center;\"><a href=\"https:\/\/www.radioseu.cat\/noticies\/lescola-agraria-del-pirineu-organitza-un-curs-dus-de-la-motoserra-per-a-dones\" target=\"_blank\" rel=\"noopener\">R\u00e0dio Seu<\/a><\/h5>\n<h5 style=\"text-align: center;\"><a href=\"https:\/\/forum.ad\/curs-de-maneig-de-motoserra-per-a-dones\/\" target=\"_blank\" rel=\"noopener\">F\u00d2RUM.AD<\/a><\/h5>\n<h5 style=\"text-align: center;\"><a href=\"https:\/\/pirineusdigital.cat\/2023\/05\/16\/video-lescola-agraria-del-pirineu-incentiva-els-treballs-amb-motoserra-entre-les-dones\/\" target=\"_blank\" rel=\"noopener\">Pirineus Digital<\/a><\/h5>\n<h5 style=\"text-align: center;\"><a href=\"https:\/\/pirineustv.cat\/lescola-agraria-del-pirineu-incentiva-els-treballs-amb-motoserra-entre-les-dones\" target=\"_blank\" rel=\"noopener\">Pirineus TV<\/a><\/h5>\n<h5 style=\"text-align: center;\"><a href=\"https:\/\/www.bondia.ad\/societat\/les-noies-agafen-la-motoserra\" target=\"_blank\" rel=\"noopener\">Bon Dia<\/a>\u00a0<\/h5>\n<h5 style=\"text-align: center;\"><a href=\"https:\/\/www.viurealspirineus.cat\/articulo\/societat\/l-escola-agraria-pirineu-incentiva-l-activitat-dona-dins-sector-forestal-amb-curs-per-millorar-tecnica-i-seguretat-treball-amb-motoserra\/20230519080948040044.html\" target=\"_blank\" rel=\"noopener\">Viure als Pirineus\u00a0<\/a><\/h5>\n<h5 style=\"text-align: center;\"><a href=\"https:\/\/www.territoris.cat\/articulo\/mon-rural\/l-escola-agraria-pirineu-incentiva-l-activitat-dona-dins-sector-forestal-amb-curs-per-millorar-tecnica-i-seguretat-treball-amb-motoserra\/20230517181527090697.html?utm_medium=social&amp;utm_source=twitter&amp;utm_campaign=share_button\" target=\"_blank\" rel=\"noopener\">Territoris.cat<\/a><\/h5>\n<h5 style=\"text-align: center;\"><a href=\"https:\/\/www.ondacero.es\/programas\/julia-en-la-onda\/programas-completos\/julia-onda-19052023_202305196467b26fea31940001a40b59.html\" target=\"_blank\" rel=\"noopener\">Onda Cero<\/a><\/h5>\n<h5 style=\"text-align: center;\"><a href=\"https:\/\/www.cope.es\/emisoras\/catalunya\/cope-catalunya\/cap-de-setmana\/noticias\/mati-del-cap-setmana-amb-mar-puerto-20230528_2732430\" target=\"_blank\" rel=\"noopener\">Cope<\/a><\/h5>\n<\/td>\n<\/tr>\n<\/tbody>\n<\/table>\n<h3 style=\"text-align: left;\"><span style=\"text-decoration: underline;\"><strong>Abril 2023<\/strong><\/span><\/h3>\n<table style=\"border-collapse: collapse; width: 100%;\">\n<tbody>\n<tr>\n<td style=\"width: 50%;\"><img loading=\"lazy\" decoding=\"async\" class=\"wp-image-906 size-medium aligncenter\" src=\"https:\/\/agora.xtec.cat\/eca-pirineu\/wp-content\/uploads\/usu2154\/2023\/10\/2023041213333023561-300x224.jpg\" alt=\"\" width=\"300\" height=\"224\" srcset=\"https:\/\/agora.xtec.cat\/eca-pirineu\/wp-content\/uploads\/usu2154\/2023\/10\/2023041213333023561-300x224.jpg 300w, https:\/\/agora.xtec.cat\/eca-pirineu\/wp-content\/uploads\/usu2154\/2023\/10\/2023041213333023561-768x572.jpg 768w, https:\/\/agora.xtec.cat\/eca-pirineu\/wp-content\/uploads\/usu2154\/2023\/10\/2023041213333023561-200x150.jpg 200w, https:\/\/agora.xtec.cat\/eca-pirineu\/wp-content\/uploads\/usu2154\/2023\/10\/2023041213333023561.jpg 966w\" sizes=\"auto, (max-width: 300px) 100vw, 300px\" \/><\/td>\n<td style=\"width: 50%;\">\n<p style=\"text-align: center;\"><strong>L&#8217;Escola Agr\u00e0ria del Pirineu obre un nou per\u00edode de preinscripcions als cicles de formaci\u00f3 professional per al curs 2023-2024<\/strong><\/p>\n<h5 style=\"text-align: center;\"><a href=\"https:\/\/www.viurealspirineus.cat\/articulo\/societat\/lescola-agraria-pirineu-obre-nou-periode-preinscripcions-als-cicles-formacio-professional\/20230412133439039193.html\" target=\"_blank\" rel=\"noopener\">Viure als Pirineus<\/a><\/h5>\n<h5 style=\"text-align: center;\"><a href=\"https:\/\/www.radioseu.cat\/noticies\/lescola-agraria-del-pirineu-obre-un-nou-periode-de-preinscripcions-als-cicles-de-formacio-professional-per-al-curs-2023-2024\" target=\"_blank\" rel=\"noopener\">R\u00e0dio Seu<\/a><\/h5>\n<h5 style=\"text-align: center;\"><a href=\"https:\/\/www.territoris.cat\/articulo\/mon-rural\/lescola-agraria-pirineu-obre-nou-periode-preinscripcions-als-cicles-formatius\/20230418201335090030.html\" target=\"_blank\" rel=\"noopener\">Territoris.cat<\/a><\/h5>\n<h5 style=\"text-align: center;\"><a href=\"https:\/\/forum.ad\/lescola-agraria-del-pirineu-obre-preinscripcions-per-als-cicles-de-formacio-professional-per-al-nou-curs\/\" target=\"_blank\" rel=\"noopener\">F\u00f2rum Andorra<\/a><\/h5>\n<h5 style=\"text-align: center;\"><a href=\"https:\/\/www.bondia.ad\/societat\/lescola-agraria-del-pirineu-obre-la-preinscripcio\" target=\"_blank\" rel=\"noopener\">Bon Dia Andorra<\/a><\/h5>\n<\/td>\n<\/tr>\n<tr>\n<td style=\"width: 50%;\"><img loading=\"lazy\" decoding=\"async\" class=\"aligncenter wp-image-910 size-medium\" src=\"https:\/\/agora.xtec.cat\/eca-pirineu\/wp-content\/uploads\/usu2154\/2023\/10\/image_preview-300x200.png\" alt=\"\" width=\"300\" height=\"200\" srcset=\"https:\/\/agora.xtec.cat\/eca-pirineu\/wp-content\/uploads\/usu2154\/2023\/10\/image_preview-300x200.png 300w, https:\/\/agora.xtec.cat\/eca-pirineu\/wp-content\/uploads\/usu2154\/2023\/10\/image_preview.png 400w\" sizes=\"auto, (max-width: 300px) 100vw, 300px\" \/><\/td>\n<td style=\"width: 50%;\">\n<p style=\"text-align: center;\"><strong>Una vintena d&#8217;alumnes es formen en el &#8216;saddle fitting&#8217; a l&#8217;Escola Agr\u00e0ria del Pirineu<\/strong><\/p>\n<h5 style=\"text-align: center;\"><a href=\"https:\/\/pirineusdigital.cat\/2023\/04\/28\/video-professionals-del-mon-equestre-amplien-coneixements-en-saddle-fitting-a-bellestar\/\" target=\"_blank\" rel=\"noopener\">Pirineus Digital<\/a><\/h5>\n<h5 style=\"text-align: center;\"><a href=\"https:\/\/www.ccma.cat\/catradio\/alacarta\/catalunya-al-dia\/catalunya-al-dia-28042023\/audio\/1170262\/\" target=\"_blank\" rel=\"noopener\">Catalunya R\u00e0dio<\/a><\/h5>\n<h5 style=\"text-align: center;\"><a href=\"https:\/\/pirineustv.cat\/professionals-del-mon-equestre-amplien-coneixements-en-saddle-fitting-a-bellestar\" target=\"_blank\" rel=\"noopener\">Pirineus TV<\/a><\/h5>\n<h5 style=\"text-align: center;\"><a href=\"https:\/\/www.viurealspirineus.cat\/articulo\/societat\/l-escola-agraria-pirineu-impulsa-formacio-especifica-professionals-mon-equestre\/20230504212922039679.html\" target=\"_blank\" rel=\"noopener\">Viure als Pirineus<\/a><\/h5>\n<h5 style=\"text-align: center;\"><a href=\"https:\/\/www.radioseu.cat\/noticies\/una-vintena-dalumnes-es-formen-en-el-saddle-fitting-a-lescola-agraria-del-pirineu\" target=\"_blank\" rel=\"noopener\">R\u00e0dio Seu<\/a><\/h5>\n<h5 style=\"text-align: center;\"><a href=\"https:\/\/www.territoris.cat\/articulo\/mon-rural\/l-escola-agraria-pirineu-remarca-importancia-formacio-especifica-professionals-mon-equestre-per-millorar-benestar-animal-amb-curs-l-ajustament-correcte-muntures\/20230503183859090337.html\" target=\"_blank\" rel=\"noopener\">Territoris.cat<\/a><\/h5>\n<\/td>\n<\/tr>\n<\/tbody>\n<\/table>\n<h3 style=\"text-align: left;\"><span style=\"text-decoration: underline;\"><strong>Mar\u00e7 2023<\/strong><\/span><\/h3>\n<table style=\"border-collapse: collapse; width: 100%;\">\n<tbody>\n<tr>\n<td style=\"width: 50%;\"><img loading=\"lazy\" decoding=\"async\" class=\"aligncenter wp-image-897 size-medium\" src=\"https:\/\/agora.xtec.cat\/eca-pirineu\/wp-content\/uploads\/usu2154\/2023\/10\/image_preview-300x225.jpeg\" alt=\"\" width=\"300\" height=\"225\" srcset=\"https:\/\/agora.xtec.cat\/eca-pirineu\/wp-content\/uploads\/usu2154\/2023\/10\/image_preview-300x225.jpeg 300w, https:\/\/agora.xtec.cat\/eca-pirineu\/wp-content\/uploads\/usu2154\/2023\/10\/image_preview-200x150.jpeg 200w, https:\/\/agora.xtec.cat\/eca-pirineu\/wp-content\/uploads\/usu2154\/2023\/10\/image_preview.jpeg 400w\" sizes=\"auto, (max-width: 300px) 100vw, 300px\" \/><\/td>\n<td style=\"width: 50%;\">\n<p style=\"text-align: center;\"><strong>L&#8217;Escola Agr\u00e0ria del Pirineu disposa d&#8217;un simulador de pr\u00e0ctiques amb maquin\u00e0ria forestal<\/strong><\/p>\n<h5 style=\"text-align: center;\"><a href=\"https:\/\/www.radioseu.cat\/noticies\/lescola-agraria-del-pirineu-disposa-dun-simulador-de-practiques-amb-maquinaria-forestal\" target=\"_blank\" rel=\"noopener\">R\u00e0dio Seu<\/a><\/h5>\n<\/td>\n<\/tr>\n<tr>\n<td style=\"width: 50%;\"><img loading=\"lazy\" decoding=\"async\" class=\"wp-image-901 size-medium aligncenter\" src=\"https:\/\/agora.xtec.cat\/eca-pirineu\/wp-content\/uploads\/usu2154\/2023\/10\/Captura-300x143.jpg\" alt=\"\" width=\"300\" height=\"143\" srcset=\"https:\/\/agora.xtec.cat\/eca-pirineu\/wp-content\/uploads\/usu2154\/2023\/10\/Captura-300x143.jpg 300w, https:\/\/agora.xtec.cat\/eca-pirineu\/wp-content\/uploads\/usu2154\/2023\/10\/Captura.jpg 726w\" sizes=\"auto, (max-width: 300px) 100vw, 300px\" \/><\/td>\n<td style=\"width: 50%;\">\n<p style=\"text-align: center;\"><strong>Els bioproductes i la innovaci\u00f3 com a nou model econ\u00f2mic per a comarques de muntanya<\/strong><\/p>\n<h5 style=\"text-align: center;\"><a href=\"https:\/\/pirineustv.cat\/els-bioproductes-i-la-innovacio-com-a-nou-model-economic-per-a-comarques-de-muntanya\" target=\"_blank\" rel=\"noopener\">Pirineus TV<\/a><\/h5>\n<\/td>\n<\/tr>\n<\/tbody>\n<\/table>\n","protected":false},"excerpt":{"rendered":"<p>Mar\u00e7 2026 Qu\u00e8 \u00e9s l&#8217;equitaci\u00f3 centrada? 3Cat Febrer 2026 L&#8217;alumnat de l&#8217;Escola Agr\u00e0ria del Pirineu porta les seves elaboracions al mercat Pirineus TV Octubre 2025 L\u2019Escola Agr\u00e0ria del Pirineu rep el premi \u201cAmiga del Formatge\u201d a la Fira de Sant Ermengol Viure als Pirineus Maig 2025 L\u2019Escola Agr\u00e0ria del Pirineu obre el per\u00edode de preinscripcions [&hellip;]<\/p>\n","protected":false},"author":7,"featured_media":0,"parent":870,"menu_order":3,"comment_status":"closed","ping_status":"close","template":"page-templates\/side-menu.php","meta":{"_bbp_topic_count":0,"_bbp_reply_count":0,"_bbp_total_topic_count":0,"_bbp_total_reply_count":0,"_bbp_voice_count":0,"_bbp_anonymous_reply_count":0,"_bbp_topic_count_hidden":0,"_bbp_reply_count_hidden":0,"_bbp_forum_subforum_count":0,"site-sidebar-layout":"default","site-content-layout":"","ast-site-content-layout":"","site-content-style":"default","site-sidebar-style":"default","ast-global-header-display":"","ast-banner-title-visibility":"","ast-main-header-display":"","ast-hfb-above-header-display":"","ast-hfb-below-header-display":"","ast-hfb-mobile-header-display":"","site-post-title":"","ast-breadcrumbs-content":"","ast-featured-img":"","footer-sml-layout":"","theme-transparent-header-meta":"","adv-header-id-meta":"","stick-header-meta":"","header-above-stick-meta":"","header-main-stick-meta":"","header-below-stick-meta":"","astra-migrate-meta-layouts":"default","ast-page-background-enabled":"default","ast-page-background-meta":{"desktop":{"background-color":"var(--ast-global-color-4)","background-image":"","background-repeat":"repeat","background-position":"center center","background-size":"auto","background-attachment":"scroll","background-type":"","background-media":"","overlay-type":"","overlay-color":"","overlay-opacity":"","overlay-gradient":""},"tablet":{"background-color":"","background-image":"","background-repeat":"repeat","background-position":"center center","background-size":"auto","background-attachment":"scroll","background-type":"","background-media":"","overlay-type":"","overlay-color":"","overlay-opacity":"","overlay-gradient":""},"mobile":{"background-color":"","background-image":"","background-repeat":"repeat","background-position":"center center","background-size":"auto","background-attachment":"scroll","background-type":"","background-media":"","overlay-type":"","overlay-color":"","overlay-opacity":"","overlay-gradient":""}},"ast-content-background-meta":{"desktop":{"background-color":"var(--ast-global-color-5)","background-image":"","background-repeat":"repeat","background-position":"center center","background-size":"auto","background-attachment":"scroll","background-type":"","background-media":"","overlay-type":"","overlay-color":"","overlay-opacity":"","overlay-gradient":""},"tablet":{"background-color":"var(--ast-global-color-5)","background-image":"","background-repeat":"repeat","background-position":"center center","background-size":"auto","background-attachment":"scroll","background-type":"","background-media":"","overlay-type":"","overlay-color":"","overlay-opacity":"","overlay-gradient":""},"mobile":{"background-color":"var(--ast-global-color-5)","background-image":"","background-repeat":"repeat","background-position":"center center","background-size":"auto","background-attachment":"scroll","background-type":"","background-media":"","overlay-type":"","overlay-color":"","overlay-opacity":"","overlay-gradient":""}},"footnotes":""},"class_list":["post-880","page","type-page","status-publish","hentry"],"post_mailing_queue_ids":[],"_links":{"self":[{"href":"https:\/\/agora.xtec.cat\/eca-pirineu\/wp-json\/wp\/v2\/pages\/880","targetHints":{"allow":["GET"]}}],"collection":[{"href":"https:\/\/agora.xtec.cat\/eca-pirineu\/wp-json\/wp\/v2\/pages"}],"about":[{"href":"https:\/\/agora.xtec.cat\/eca-pirineu\/wp-json\/wp\/v2\/types\/page"}],"author":[{"embeddable":true,"href":"https:\/\/agora.xtec.cat\/eca-pirineu\/wp-json\/wp\/v2\/users\/7"}],"replies":[{"embeddable":true,"href":"https:\/\/agora.xtec.cat\/eca-pirineu\/wp-json\/wp\/v2\/comments?post=880"}],"version-history":[{"count":6,"href":"https:\/\/agora.xtec.cat\/eca-pirineu\/wp-json\/wp\/v2\/pages\/880\/revisions"}],"predecessor-version":[{"id":1381,"href":"https:\/\/agora.xtec.cat\/eca-pirineu\/wp-json\/wp\/v2\/pages\/880\/revisions\/1381"}],"up":[{"embeddable":true,"href":"https:\/\/agora.xtec.cat\/eca-pirineu\/wp-json\/wp\/v2\/pages\/870"}],"wp:attachment":[{"href":"https:\/\/agora.xtec.cat\/eca-pirineu\/wp-json\/wp\/v2\/media?parent=880"}],"curies":[{"name":"wp","href":"https:\/\/api.w.org\/{rel}","templated":true}]}}