{"id":643,"date":"2020-05-11T12:20:18","date_gmt":"2020-05-11T10:20:18","guid":{"rendered":"http:\/\/agora.xtec.cat\/eb-elmenut\/?page_id=643"},"modified":"2024-02-15T13:33:53","modified_gmt":"2024-02-15T12:33:53","slug":"afa-el-menut","status":"publish","type":"page","link":"https:\/\/agora.xtec.cat\/eb-elmenut\/lescola\/families\/afa-el-menut\/","title":{"rendered":"AFA el Menut"},"content":{"rendered":"<p>&nbsp;<\/p>\n<p><a href=\"https:\/\/agora.xtec.cat\/eb-elmenut\/wp-content\/uploads\/usu1089\/2020\/05\/logo-AFA-e1589449364292.jpg\"><img loading=\"lazy\" decoding=\"async\" class=\"alignnone size-full wp-image-695\" src=\"https:\/\/agora.xtec.cat\/eb-elmenut\/wp-content\/uploads\/usu1089\/2020\/05\/logo-AFA-e1589449364292.jpg\" alt=\"\" width=\"120\" height=\"106\" \/><\/a><\/p>\n<p>NECESSITEM GENT A L&#8217;AFA!!<\/p>\n<p><a href=\"https:\/\/agora.xtec.cat\/eb-elmenut\/wp-content\/uploads\/usu1089\/2024\/02\/infografia-ok.jpg\"><img loading=\"lazy\" decoding=\"async\" class=\"alignnone size-full wp-image-905\" src=\"https:\/\/agora.xtec.cat\/eb-elmenut\/wp-content\/uploads\/usu1089\/2024\/02\/infografia-ok.jpg\" alt=\"\" width=\"534\" height=\"764\" srcset=\"https:\/\/agora.xtec.cat\/eb-elmenut\/wp-content\/uploads\/usu1089\/2024\/02\/infografia-ok.jpg 534w, https:\/\/agora.xtec.cat\/eb-elmenut\/wp-content\/uploads\/usu1089\/2024\/02\/infografia-ok-210x300.jpg 210w\" sizes=\"auto, (max-width: 534px) 100vw, 534px\" \/><\/a><\/p>\n<p>&nbsp;<\/p>\n<p>Objectius de l&#8217;AFA:<\/p>\n<ul style=\"list-style-type: circle;\">\n<li style=\"font-weight: 400;\"><span style=\"font-weight: 400;\">Donar suport i als membres de l\u2019associaci\u00f3, i en general, als pares i mares d\u2019alumnes, als tutors, professors i alumnes del centre i \u00f2rgans de govern i de participaci\u00f3, en tot all\u00f2 que fa refer\u00e8ncia a l\u2019educaci\u00f3 dels seus fills i filles, i en general, de tots els alumnes matriculats al centre.\u00a0<\/span><\/li>\n<li style=\"font-weight: 400;\"><span style=\"font-weight: 400;\">Promoure la participaci\u00f3 dels pares i mares en la gesti\u00f3 del centre.<\/span><\/li>\n<li style=\"font-weight: 400;\"><span style=\"font-weight: 400;\">Assistir als pares i mares en l\u2019exercici del seu dret a intervenir en el control i la gesti\u00f3 del centre quan sigui sostingut amb fons p\u00fablic.\u00a0<\/span><\/li>\n<li style=\"font-weight: 400;\"><span style=\"font-weight: 400;\">Promoure la representaci\u00f3 i la participaci\u00f3 dels pares i mares en el consell escolar dels centres p\u00fablics i concertats i altres \u00f2rgans col\u00b7legiats.\u00a0<\/span><\/li>\n<li style=\"font-weight: 400;\"><span style=\"font-weight: 400;\">Facilitar la col\u00b7laboraci\u00f3 del centre en els \u00e0mbits social, cultural, econ\u00f2mic i laboral de l\u2019entorn.\u00a0<\/span><\/li>\n<li style=\"font-weight: 400;\"><span style=\"font-weight: 400;\">Col\u00b7laborar en les activitats educatives del centre i cooperar en el Consell Escolar en l\u2019elaboraci\u00f3 en directrius per a la programaci\u00f3 d\u2019activitats complement\u00e0ries, extraescolars o de serveis.<\/span><\/li>\n<li style=\"font-weight: 400;\"><span style=\"font-weight: 400;\">Promoure les activitats de formaci\u00f3 de pares i mares, tant des del vessant cultural com de l\u2019espec\u00edfic de responsabilitzaci\u00f3 en l\u2019educaci\u00f3 familiar.\u00a0<\/span><\/li>\n<li style=\"font-weight: 400;\"><span style=\"font-weight: 400;\">D\u2019altres que, en el marc de la normativa educativa, els assignin els seus estatuts.<\/span><\/li>\n<li style=\"font-weight: 400;\"><span style=\"font-weight: 400;\">Promoure i realitzar tota mena d\u2019activitats fisicoesportives.\u00a0<\/span><\/li>\n<\/ul>\n<p>Funcionament:<\/p>\n<ul style=\"list-style-type: circle;\">\n<li style=\"font-weight: 400;\"><span style=\"font-weight: 400;\">Quan ? Es trobem un cop al mes, amb nens i nenes.<\/span><\/li>\n<li style=\"font-weight: 400;\"><span style=\"font-weight: 400;\">On ? A l\u2019escola<\/span><\/li>\n<li style=\"font-weight: 400;\"><span style=\"font-weight: 400;\">Qu\u00e8 ? Organitzem les activitats, berenem i compartim crian\u00e7a.<\/span><\/li>\n<li style=\"font-weight: 400;\"><span style=\"font-weight: 400;\">Qui? Tothom que sigui mare i pare de alumnes de l\u2019escola pot formar part de l\u2019AFA.\u00a0<\/span><\/li>\n<li style=\"font-weight: 400;\"><span style=\"font-weight: 400;\">Perqu\u00e8? Per participar activament en l\u2019escola dels vostres fills i filles<\/span><\/li>\n<\/ul>\n<p>Us podeu posar en contacte a partir del correu: <a class=\"Yh1nIb asUmFb AL18ce\" href=\"mailto:afaelmenut@gmail.com\" target=\"_blank\" rel=\"noopener noreferrer\" data-tooltip=\"Del perfil de Google de l'usuari\" data-tooltip-position=\"top\">afaelmenut@gmail.com<\/a><\/p>\n<p>&nbsp;<\/p>\n","protected":false},"excerpt":{"rendered":"<p>&nbsp;<br \/>\n<a href=\"https:\/\/agora.xtec.cat\/eb-elmenut\/wp-content\/uploads\/usu1089\/2020\/05\/logo-AFA-e1589449364292.jpg\"><\/a><br \/>\nNECESSITEM GENT A L&#8217;AFA!!<br \/>\n<a href=\"https:\/\/agora.xtec.cat\/eb-elmenut\/wp-content\/uploads\/usu1089\/2024\/02\/infografia-ok.jpg\"><\/a><br \/>\n&nbsp;<br \/>\nObjectius de l&#8217;AFA:<\/p>\n<ul style=\"list-style-type: circle;\">\n<li style=\"font-weight: 400;\">Donar suport i als membres de l\u2019associaci\u00f3, i en general, als pares i mares d\u2019alumnes, als tutors, professors i alumnes del centre i \u00f2rgans de govern i de participaci\u00f3, en tot all\u00f2 que fa&hellip;  <a href=\"https:\/\/agora.xtec.cat\/eb-elmenut\/lescola\/families\/afa-el-menut\/\" title=\"Read AFA el Menut\">Llegeix m\u00e9s\u00bb<\/a><br \/>\n","protected":false},"author":1,"featured_media":0,"parent":489,"menu_order":0,"comment_status":"closed","ping_status":"closed","template":"page-templates\/side-menu.php","meta":{"_bbp_topic_count":0,"_bbp_reply_count":0,"_bbp_total_topic_count":0,"_bbp_total_reply_count":0,"_bbp_voice_count":0,"_bbp_anonymous_reply_count":0,"_bbp_topic_count_hidden":0,"_bbp_reply_count_hidden":0,"_bbp_forum_subforum_count":0,"footnotes":""},"class_list":["post-643","page","type-page","status-publish","hentry"],"post_mailing_queue_ids":[],"_links":{"self":[{"href":"https:\/\/agora.xtec.cat\/eb-elmenut\/wp-json\/wp\/v2\/pages\/643","targetHints":{"allow":["GET"]}}],"collection":[{"href":"https:\/\/agora.xtec.cat\/eb-elmenut\/wp-json\/wp\/v2\/pages"}],"about":[{"href":"https:\/\/agora.xtec.cat\/eb-elmenut\/wp-json\/wp\/v2\/types\/page"}],"author":[{"embeddable":true,"href":"https:\/\/agora.xtec.cat\/eb-elmenut\/wp-json\/wp\/v2\/users\/1"}],"replies":[{"embeddable":true,"href":"https:\/\/agora.xtec.cat\/eb-elmenut\/wp-json\/wp\/v2\/comments?post=643"}],"version-history":[{"count":5,"href":"https:\/\/agora.xtec.cat\/eb-elmenut\/wp-json\/wp\/v2\/pages\/643\/revisions"}],"predecessor-version":[{"id":906,"href":"https:\/\/agora.xtec.cat\/eb-elmenut\/wp-json\/wp\/v2\/pages\/643\/revisions\/906"}],"up":[{"embeddable":true,"href":"https:\/\/agora.xtec.cat\/eb-elmenut\/wp-json\/wp\/v2\/pages\/489"}],"wp:attachment":[{"href":"https:\/\/agora.xtec.cat\/eb-elmenut\/wp-json\/wp\/v2\/media?parent=643"}],"curies":[{"name":"wp","href":"https:\/\/api.w.org\/{rel}","templated":true}]}}