{"id":489,"date":"2016-04-03T12:41:08","date_gmt":"2016-04-03T11:41:08","guid":{"rendered":"http:\/\/agora.xtec.cat\/eb-elmenut\/?page_id=489"},"modified":"2024-04-15T14:21:16","modified_gmt":"2024-04-15T12:21:16","slug":"families","status":"publish","type":"page","link":"https:\/\/agora.xtec.cat\/eb-elmenut\/lescola\/families\/","title":{"rendered":"Fam\u00edlies"},"content":{"rendered":"<p style=\"text-align: justify;\"><span style=\"font-family: inherit; font-size: 1em; line-height: 1.6;\">El contacte entre fam\u00edlies i equip educatiu \u00e9s molt pr\u00f2xim, ja que \u00e9s una escola molt petita i aquest fet permet tenir un tracte m\u00e9s \u00edntim amb cada fam\u00edlia. Aquest \u00e9s un aspecte molt important per l&#8217;escola, ja que d\u2019aquesta manera resulta molt m\u00e9s f\u00e0cil informar, preguntar i explicar les observacions personals de cada infant.<\/span><\/p>\n<p style=\"text-align: justify;\"><span style=\"font-family: inherit; font-size: 1em; line-height: 1.6;\">A El Menut s&#8217;utilitzen diferents vies de comunicaci\u00f3 amb les fam\u00edlies:<\/span><\/p>\n<ul style=\"list-style-type: circle;\">\n<li><strong>Reunions de tot l&#8217;equip educatiu i les fam\u00edlies<\/strong>: Una al juliol per parlar del per\u00edode d&#8217;acolliment i una al setembre per explicar el funcionament general del curs.<\/li>\n<li style=\"text-align: justify;\"><span lang=\"CA\" style=\"font-family: inherit; font-size: 1em; line-height: 1.6;\"><b>Entrades i sortides<\/b>: El contacte diari amb les fam\u00edlies a l\u2019hora d\u2019entrada i recollida dels infants \u00e9s de vital import\u00e0ncia.<\/span><\/li>\n<\/ul>\n<p style=\"text-align: center;\"><a href=\"https:\/\/agora.xtec.cat\/eb-elmenut\/wp-content\/uploads\/usu1089\/2024\/04\/Documentacio-entrades-i-sortides-A4.jpg\"><img loading=\"lazy\" decoding=\"async\" class=\"alignnone  wp-image-924\" src=\"https:\/\/agora.xtec.cat\/eb-elmenut\/wp-content\/uploads\/usu1089\/2024\/04\/Documentacio-entrades-i-sortides-A4.jpg\" alt=\"\" width=\"823\" height=\"847\" srcset=\"https:\/\/agora.xtec.cat\/eb-elmenut\/wp-content\/uploads\/usu1089\/2024\/04\/Documentacio-entrades-i-sortides-A4.jpg 670w, https:\/\/agora.xtec.cat\/eb-elmenut\/wp-content\/uploads\/usu1089\/2024\/04\/Documentacio-entrades-i-sortides-A4-291x300.jpg 291w\" sizes=\"auto, (max-width: 823px) 100vw, 823px\" \/><\/a><\/p>\n<p>&nbsp;<\/p>\n<ul style=\"list-style-type: circle;\">\n<li style=\"text-align: justify;\"><b style=\"font-family: inherit; font-size: 1em; line-height: 1.6;\">Trobades amb les fam\u00edlies<\/b><span style=\"font-family: inherit;\"><span style=\"font-size: 1em; line-height: 1.6;\">: Es proposa una entrevista a principi de curs per tal de con\u00e8ixer els <\/span><\/span><span style=\"font-family: inherit;\"><span style=\"font-size: 1em; line-height: 1.6;\">canvis que s&#8217;han produ\u00eft durant les vacances i per tenir una primer contacte amb les <\/span><\/span><span style=\"text-align: justify; font-family: inherit; font-size: 1em;\">fam\u00edlies<\/span><span style=\"font-family: inherit;\"><span style=\"font-size: 1em; line-height: 1.6;\"> que inicien l&#8217;estada a El Menut. De cara a mitjans de curs es realitza<\/span><\/span><span style=\"font-family: inherit;\"><span style=\"font-size: 1em; line-height: 1.6;\"> una trobada amb cada fam\u00edlia per<\/span><\/span><span style=\"font-family: inherit; font-size: 1em; line-height: 25.6px;\">\u00a0<\/span><span style=\"font-family: inherit; font-size: 1em; line-height: 25.6px;\">parlar de l\u2019evoluci\u00f3 de l\u2019infant, necessitats i possibles dubtes i aclariments.<\/span><span style=\"font-family: inherit;\"><span style=\"font-size: 1em; line-height: 1.6;\"> A part de les trobades pactades, se&#8217;n poden realitzar d&#8217;extraordin\u00e0ries si les fam\u00edlies o l&#8217;equip educatiu ho requereixen.<\/span><\/span><\/li>\n<\/ul>\n<p>&nbsp;<\/p>\n<p><a href=\"https:\/\/agora.xtec.cat\/eb-elmenut\/wp-content\/uploads\/usu1089\/2024\/02\/jpg.jpg\">\u00a0 \u00a0 \u00a0 \u00a0 \u00a0 \u00a0 \u00a0 \u00a0 \u00a0 \u00a0 \u00a0 \u00a0 \u00a0 \u00a0 \u00a0 \u00a0 \u00a0 \u00a0 \u00a0 \u00a0 \u00a0 \u00a0 <img loading=\"lazy\" decoding=\"async\" class=\"wp-image-899 alignnone\" src=\"https:\/\/agora.xtec.cat\/eb-elmenut\/wp-content\/uploads\/usu1089\/2024\/02\/jpg.jpg\" alt=\"\" width=\"369\" height=\"306\" srcset=\"https:\/\/agora.xtec.cat\/eb-elmenut\/wp-content\/uploads\/usu1089\/2024\/02\/jpg.jpg 815w, https:\/\/agora.xtec.cat\/eb-elmenut\/wp-content\/uploads\/usu1089\/2024\/02\/jpg-300x250.jpg 300w, https:\/\/agora.xtec.cat\/eb-elmenut\/wp-content\/uploads\/usu1089\/2024\/02\/jpg-768x636.jpg 768w\" sizes=\"auto, (max-width: 369px) 100vw, 369px\" \/><\/a> <a href=\"https:\/\/agora.xtec.cat\/eb-elmenut\/wp-content\/uploads\/usu1089\/2024\/02\/relacio-familia.jpg\"><img loading=\"lazy\" decoding=\"async\" class=\"wp-image-900 alignnone\" src=\"https:\/\/agora.xtec.cat\/eb-elmenut\/wp-content\/uploads\/usu1089\/2024\/02\/relacio-familia-1024x930.jpg\" alt=\"\" width=\"337\" height=\"306\" srcset=\"https:\/\/agora.xtec.cat\/eb-elmenut\/wp-content\/uploads\/usu1089\/2024\/02\/relacio-familia-1024x930.jpg 1024w, https:\/\/agora.xtec.cat\/eb-elmenut\/wp-content\/uploads\/usu1089\/2024\/02\/relacio-familia-300x273.jpg 300w, https:\/\/agora.xtec.cat\/eb-elmenut\/wp-content\/uploads\/usu1089\/2024\/02\/relacio-familia-768x698.jpg 768w, https:\/\/agora.xtec.cat\/eb-elmenut\/wp-content\/uploads\/usu1089\/2024\/02\/relacio-familia.jpg 1321w\" sizes=\"auto, (max-width: 337px) 100vw, 337px\" \/><\/a><\/p>\n<ul style=\"list-style-type: circle;\">\n<li style=\"text-align: justify;\"><span style=\"color: #000000;\"><b><span lang=\"CA\"><span style=\"font-size: medium;\">Informes:<\/span> <\/span><\/b><span lang=\"CA\">\u00c9s<\/span><\/span><span lang=\"CA\"> un recurs que s&#8217;utilitza a l\u2019escola per tal de recollir i transmetre la informaci\u00f3 dels progressos i evoluci\u00f3 dels infants a cada fam\u00edlia. S\u2019elaboren dos informes al llarg del curs: un a finals del primer trimestre per avaluar el proc\u00e9s d\u2019adaptaci\u00f3 i l\u2019altre, a final de curs, per recollir els progressos dels infants al llarg de tot el curs.<\/span><\/li>\n<li><strong><strong>Dinantia: <\/strong><\/strong>\u00c9s l\u2019aplicaci\u00f3 que l\u2019escola utilitza com a canal principal d\u2019informaci\u00f3 amb les fam\u00edlies. En aquesta aplicaci\u00f3 nom\u00e9s hi tenen acc\u00e9s les fam\u00edlies actuals de cada curs i possibilita enviar i rebre tota la informaci\u00f3 necess\u00e0ria d\u2019una manera senzilla, r\u00e0pida i segura.<\/li>\n<\/ul>\n","protected":false},"excerpt":{"rendered":"<p>El contacte entre fam\u00edlies i equip educatiu \u00e9s molt pr\u00f2xim, ja que \u00e9s una escola molt petita i aquest fet permet tenir un tracte m\u00e9s \u00edntim amb cada fam\u00edlia. Aquest \u00e9s un aspecte molt important per l&#8217;escola, ja que d\u2019aquesta manera resulta molt m\u00e9s f\u00e0cil&hellip;  <a href=\"https:\/\/agora.xtec.cat\/eb-elmenut\/lescola\/families\/\" title=\"Read Fam\u00edlies\">Llegeix m\u00e9s\u00bb<\/a><\/p>\n","protected":false},"author":1,"featured_media":0,"parent":22,"menu_order":10,"comment_status":"closed","ping_status":"closed","template":"page-templates\/side-menu.php","meta":{"_bbp_topic_count":0,"_bbp_reply_count":0,"_bbp_total_topic_count":0,"_bbp_total_reply_count":0,"_bbp_voice_count":0,"_bbp_anonymous_reply_count":0,"_bbp_topic_count_hidden":0,"_bbp_reply_count_hidden":0,"_bbp_forum_subforum_count":0,"footnotes":""},"class_list":["post-489","page","type-page","status-publish","hentry"],"post_mailing_queue_ids":[],"_links":{"self":[{"href":"https:\/\/agora.xtec.cat\/eb-elmenut\/wp-json\/wp\/v2\/pages\/489","targetHints":{"allow":["GET"]}}],"collection":[{"href":"https:\/\/agora.xtec.cat\/eb-elmenut\/wp-json\/wp\/v2\/pages"}],"about":[{"href":"https:\/\/agora.xtec.cat\/eb-elmenut\/wp-json\/wp\/v2\/types\/page"}],"author":[{"embeddable":true,"href":"https:\/\/agora.xtec.cat\/eb-elmenut\/wp-json\/wp\/v2\/users\/1"}],"replies":[{"embeddable":true,"href":"https:\/\/agora.xtec.cat\/eb-elmenut\/wp-json\/wp\/v2\/comments?post=489"}],"version-history":[{"count":7,"href":"https:\/\/agora.xtec.cat\/eb-elmenut\/wp-json\/wp\/v2\/pages\/489\/revisions"}],"predecessor-version":[{"id":925,"href":"https:\/\/agora.xtec.cat\/eb-elmenut\/wp-json\/wp\/v2\/pages\/489\/revisions\/925"}],"up":[{"embeddable":true,"href":"https:\/\/agora.xtec.cat\/eb-elmenut\/wp-json\/wp\/v2\/pages\/22"}],"wp:attachment":[{"href":"https:\/\/agora.xtec.cat\/eb-elmenut\/wp-json\/wp\/v2\/media?parent=489"}],"curies":[{"name":"wp","href":"https:\/\/api.w.org\/{rel}","templated":true}]}}