{"id":563,"date":"2022-01-12T10:21:29","date_gmt":"2022-01-12T09:21:29","guid":{"rendered":"https:\/\/agora.xtec.cat\/eatarrega\/?page_id=563"},"modified":"2026-02-06T12:52:55","modified_gmt":"2026-02-06T11:52:55","slug":"jornades-de-transferencia-tecnologica","status":"publish","type":"page","link":"https:\/\/agora.xtec.cat\/eatarrega\/formacio-continua-i-transferencia\/jornades-de-transferencia-tecnologica\/","title":{"rendered":"Jornades de transfer\u00e8ncia tecnol\u00f2gica"},"content":{"rendered":"<h4><strong>JORNADES DE TRANSFER\u00c8NCIA TECNOL\u00d2GICA 2025<\/strong><\/h4>\n<div>\n<table>\n<tbody>\n<tr>\n<td><strong>JORNADA<\/strong><\/td>\n<td>MES<\/td>\n<\/tr>\n<tr>\n<td><strong>Granges bioconstru\u00efdes<\/strong><\/td>\n<td>Febrer<\/td>\n<\/tr>\n<tr>\n<td><strong>Reg enterrat<\/strong><\/td>\n<td>Febrer<\/td>\n<\/tr>\n<tr>\n<td><strong>Varietats i portaempelts per a la viticultura del futur. Com escollim?<\/strong><\/td>\n<td>Febrer<\/td>\n<\/tr>\n<tr>\n<td><strong>Experi\u00e8ncies de maneig en vinya ecol\u00f2gica<\/strong><\/td>\n<td>Febrer<\/td>\n<\/tr>\n<tr>\n<td><strong>APPS i altres eines de gesti\u00f3 t\u00e8cnica per l\u2019explotaci\u00f3 agr\u00e0ria<\/strong><\/td>\n<td>Mar\u00e7<\/td>\n<\/tr>\n<tr>\n<td><strong>Digitalitzaci\u00f3 al sector agrari<\/strong><\/td>\n<td>Mar\u00e7<\/td>\n<\/tr>\n<tr>\n<td><strong>Llavors per una nova pagesia. Sobirania aliment\u00e0ria. Territori rural<\/strong><\/td>\n<td>Mar\u00e7<\/td>\n<\/tr>\n<tr>\n<td><strong>Eines de reg i fertilitzaci\u00f3<\/strong><\/td>\n<td>Mar\u00e7<\/td>\n<\/tr>\n<tr>\n<td><strong>Gesti\u00f3 del reg en vinya a la Vall del Corb<\/strong><\/td>\n<td>Mar\u00e7<\/td>\n<\/tr>\n<tr>\n<td><strong>Jornada de reg del Dia Mundial de l\u2019Aigua<\/strong><\/td>\n<td>Mar\u00e7<\/td>\n<\/tr>\n<tr>\n<td><strong>Roman\u00ed. Paisatge i cultura<\/strong><\/td>\n<td>Juny<\/td>\n<\/tr>\n<tr>\n<td><strong>Jornada t\u00e8cnica de gesti\u00f3 empresarial<\/strong><\/td>\n<td>Setembre<\/td>\n<\/tr>\n<tr>\n<td><strong>Maquin\u00e0ria agr\u00edcola i agricultura de precisi\u00f3<\/strong><\/td>\n<td>Setembre<\/td>\n<\/tr>\n<tr>\n<td><strong>Innovaci\u00f3 al sector del reg<\/strong><\/td>\n<td>Setembre<\/td>\n<\/tr>\n<tr>\n<td><strong>\u00c8xits de bioconstrucci\u00f3 a l\u2019entorn rural<\/strong><\/td>\n<td>Octubre<\/td>\n<\/tr>\n<tr>\n<td><strong>Agilitza la producci\u00f3 amb estrat\u00e8gies innovadores de processament de vegetals<\/strong><\/td>\n<td>Octubre<\/td>\n<\/tr>\n<tr>\n<td><strong>El paper de les comunitats de regants en la recuperaci\u00f3 de varietats locals<\/strong><\/td>\n<td>Octubre<\/td>\n<\/tr>\n<tr>\n<td><strong>Ramats i finques agr\u00e0ries<\/strong><\/td>\n<td>Novembre<\/td>\n<\/tr>\n<tr>\n<td><strong>Noves tecnologies i sistemes d\u2019assessorament en reg<\/strong><\/td>\n<td>Novembre<\/td>\n<\/tr>\n<tr>\n<td><strong>Experi\u00e8ncies en el cultiu d\u2019extensius d\u2019hivern ecol\u00f2gic<\/strong><\/td>\n<td>A determinar<\/td>\n<\/tr>\n<tr>\n<td><strong>Som-hi: Parlem de gesti\u00f3 empresarial<\/strong><\/td>\n<td>A determinar<\/td>\n<\/tr>\n<tr>\n<td><strong>Planifiquem l\u2019hort ecol\u00f2gic: rotacions, associacions i altres factors clau<\/strong><\/td>\n<td>A determinar<\/td>\n<\/tr>\n<tr>\n<td><strong>Prevenci\u00f3 de riscos laborals<\/strong><\/td>\n<td>A determinar<\/td>\n<\/tr>\n<tr>\n<td><strong>Jornada t\u00e8cnica de cineg\u00e8tica<\/strong><\/td>\n<td>A determinar<\/td>\n<\/tr>\n<tr>\n<td><strong>Ramaderia ecol\u00f2gica<\/strong><\/td>\n<td>A determinar<\/td>\n<\/tr>\n<tr>\n<td><strong>Seminari t\u00e8cnic amb productors de la Vall del Corb<\/strong><\/td>\n<td>A determinar<\/td>\n<\/tr>\n<tr>\n<td><strong>Optimitzaci\u00f3 del reg en agricultura<\/strong><\/td>\n<td>A determinar<\/td>\n<\/tr>\n<tr>\n<td><strong>Dies del reg al Segarra Garrigues<\/strong><\/td>\n<td>A determinar<\/td>\n<\/tr>\n<tr>\n<td><strong>Dies del reg. Instal\u00b7lacions de reg. Manteniment d\u2019hivern. Posta en servei<\/strong><\/td>\n<td>A determinar<\/td>\n<\/tr>\n<tr>\n<td><strong>Seminaris per a t\u00e8cnics i Comunitats de regants<\/strong><\/td>\n<td>A determinar<\/td>\n<\/tr>\n<tr>\n<td><strong>Estaci\u00f3 lisim\u00e8trica, estaci\u00f3 agroclim\u00e0tica i instal\u00b7laci\u00f3 de reg<\/strong><\/td>\n<td>A determinar<\/td>\n<\/tr>\n<tr>\n<td><strong>Seminaris per a regants<\/strong><\/td>\n<td>A determinar<\/td>\n<\/tr>\n<tr>\n<td><strong>Programaci\u00f3 de reg a trav\u00e9s de l\u2019eina de reg de RuralCat<\/strong><\/td>\n<td>A determinar<\/td>\n<\/tr>\n<\/tbody>\n<\/table>\n<p>Consulta l&#8217;<a href=\"https:\/\/ruralcat.gencat.cat\/web\/guest\/transferencia\/preinscripcio-jornada-tecnica\" target=\"_blank\" rel=\"noopener\"><strong>oferta de jornades t\u00e8cniques<\/strong><\/a>, que s&#8217;aniran actualitzant al llarg d&#8217;aquest any. Si esteu interessats en alguna jornada que ja s&#8217;ha celebrat i, voleu que us considerem en pr\u00f2ximes edicions, podeu contactar amb nosaltres per correu electr\u00f2nic a ea_tarrega.agricultura<span class=\"atwho-query\">@gencat.cat<\/span>\u00a0o trucar al 973 31 07 15 per tal de mantenir-vos informats.<\/p>\n<p>&nbsp;<\/p>\n<\/div>\n<h4><strong>JORNADES DE TRANSFER\u00c8NCIA TECNOL\u00d2GICA 2023<\/strong><\/h4>\n<table style=\"width: 48.4093%;\">\n<tbody>\n<tr>\n<td style=\"width: 67.1237%;\" width=\"153\"><strong>JORNADA<\/strong><\/td>\n<td style=\"width: 26.2977%;\" width=\"153\"><strong>LLOC<\/strong><\/td>\n<td style=\"width: 42.4463%;\" width=\"153\"><strong>PER\u00cdODE<\/strong><\/td>\n<\/tr>\n<tr>\n<td style=\"width: 67.1237%;\" width=\"153\"><strong>Identificar els riscos i disminuir la sinistralitat a l\u2019explotaci\u00f3 agr\u00e0ria<\/strong><\/td>\n<td style=\"width: 26.2977%;\" width=\"153\">En l\u00ednia<\/td>\n<td style=\"width: 42.4463%;\" width=\"153\">Febrer<\/td>\n<\/tr>\n<tr>\n<td style=\"width: 67.1237%;\" width=\"153\"><strong>Llavors d\u2019una nova ruralitat davant la crisi aliment\u00e0ria<\/strong><\/td>\n<td style=\"width: 26.2977%;\" width=\"153\">Argen\u00e7ola<\/td>\n<td style=\"width: 42.4463%;\" width=\"153\">Mar\u00e7<\/td>\n<\/tr>\n<tr>\n<td style=\"width: 67.1237%;\" width=\"153\"><strong>Seminaris t\u00e8cnics de processats de fruita i hortalissa<\/strong><\/td>\n<td style=\"width: 26.2977%;\" width=\"153\">En l\u00ednia<\/td>\n<td style=\"width: 42.4463%;\" width=\"153\">Mar\u00e7 \u2013 Juny<\/td>\n<\/tr>\n<tr>\n<td style=\"width: 67.1237%;\" width=\"153\"><strong>Agrom\u00e0rqueting, estrat\u00e8gia i comunicaci\u00f3 integral per la promoci\u00f3 de productes agroalimentaris<\/strong><\/td>\n<td style=\"width: 26.2977%;\" width=\"153\">Mollerussa<\/td>\n<td style=\"width: 42.4463%;\" width=\"153\">Mar\u00e7<\/td>\n<\/tr>\n<tr>\n<td style=\"width: 67.1237%;\" width=\"153\"><strong>Aigua, vinya i qualitats del vi<\/strong><\/td>\n<td style=\"width: 26.2977%;\" width=\"153\">Verd\u00fa<\/td>\n<td style=\"width: 42.4463%;\" width=\"153\">Abril<\/td>\n<\/tr>\n<tr>\n<td style=\"width: 67.1237%;\" width=\"153\"><strong>L\u2019\u00fas i ensinistrament del gos pastor<\/strong><\/td>\n<td style=\"width: 26.2977%;\" width=\"153\">Viladrau<\/td>\n<td style=\"width: 42.4463%;\" width=\"153\">Abril<\/td>\n<\/tr>\n<tr>\n<td style=\"width: 67.1237%;\" width=\"153\"><strong>Horticultura ecol\u00f2gica. Plagues, malalties i remeis<\/strong><\/td>\n<td style=\"width: 26.2977%;\" width=\"153\">Castellser\u00e0<\/td>\n<td style=\"width: 42.4463%;\" width=\"153\">Abril<\/td>\n<\/tr>\n<tr>\n<td style=\"width: 67.1237%;\" width=\"153\"><strong>El cultiu del c\u00e0nem a Catalunya<\/strong><\/td>\n<td style=\"width: 26.2977%;\" width=\"153\">T\u00e0rrega i en l\u00ednia<\/td>\n<td style=\"width: 42.4463%;\" width=\"153\">Maig<\/td>\n<\/tr>\n<tr>\n<td style=\"width: 67.1237%;\" width=\"153\"><strong>La bioconstrucci\u00f3 com eina de rehabilitaci\u00f3 en efici\u00e8ncia energ\u00e8tica<\/strong><\/td>\n<td style=\"width: 26.2977%;\" width=\"153\">Belianes<\/td>\n<td style=\"width: 42.4463%;\" width=\"153\">Maig<\/td>\n<\/tr>\n<tr>\n<td style=\"width: 67.1237%;\" width=\"153\"><strong>XXXVI Jornada sobre el cultiu de cereal a l\u2019Urgell<\/strong><\/td>\n<td style=\"width: 26.2977%;\" width=\"153\">T\u00e0rrega<\/td>\n<td style=\"width: 42.4463%;\" width=\"153\">\u00a0Maig<\/td>\n<\/tr>\n<tr>\n<td style=\"width: 67.1237%;\" width=\"153\"><strong>S\u00e0lvies. Paisatge i cultura<\/strong><\/td>\n<td style=\"width: 26.2977%;\" width=\"153\">Argen\u00e7ola<\/td>\n<td style=\"width: 42.4463%;\" width=\"153\">Juny<\/td>\n<\/tr>\n<tr>\n<td style=\"width: 67.1237%;\"><strong>Agricultura de precisi\u00f3. Equips de sembra i registre d\u2019informaci\u00f3<\/strong><\/td>\n<td style=\"width: 26.2977%;\">Calaf<\/td>\n<td style=\"width: 42.4463%;\">Setembre<\/td>\n<\/tr>\n<tr>\n<td style=\"width: 67.1237%;\"><strong>El Quadern Integrat d\u2019Explotaci\u00f3<\/strong><\/td>\n<td style=\"width: 26.2977%;\">Calaf<\/td>\n<td style=\"width: 42.4463%;\">Setembre<\/td>\n<\/tr>\n<tr>\n<td style=\"width: 67.1237%;\"><strong>Qu\u00e8 produir? Conreus extensius en la zona regable dels Canals d\u2019Urgell<\/strong><\/td>\n<td style=\"width: 26.2977%;\">Mollerussa<\/td>\n<td style=\"width: 42.4463%;\">Setembre<\/td>\n<\/tr>\n<tr>\n<td style=\"width: 67.1237%;\"><strong>Actualitat cineg\u00e8tica<\/strong><\/td>\n<td style=\"width: 26.2977%;\">T\u00e0rrega<\/td>\n<td style=\"width: 42.4463%;\">Setembre<\/td>\n<\/tr>\n<tr>\n<td style=\"width: 67.1237%;\"><strong>Qu\u00e8 n\u2019hem apr\u00e8s de la sequera 2023. Taules de reflexi\u00f3<\/strong><\/td>\n<td style=\"width: 26.2977%;\">Lleida<\/td>\n<td style=\"width: 42.4463%;\">Setembre<\/td>\n<\/tr>\n<tr>\n<td style=\"width: 67.1237%;\"><strong>Tend\u00e8ncies de futur en la producci\u00f3 i el consum d\u2019aliments<\/strong><\/td>\n<td style=\"width: 26.2977%;\">Lleida<\/td>\n<td style=\"width: 42.4463%;\">Setembre<\/td>\n<\/tr>\n<tr>\n<td style=\"width: 67.1237%;\"><strong>Els processos comunitaris per recuperar les varietats locals: la ceba de Ciutadilla i altres casos d\u2019\u00e8xit<\/strong><\/td>\n<td style=\"width: 26.2977%;\">Ciutadilla<\/td>\n<td style=\"width: 42.4463%;\">Setembre<\/td>\n<\/tr>\n<tr>\n<td style=\"width: 67.1237%;\"><strong>Les repercussions del canvi clim\u00e0tic als nostres boscos i a la societat<\/strong><\/td>\n<td style=\"width: 26.2977%;\">T\u00e0rrega<\/td>\n<td style=\"width: 42.4463%;\">Octubre<\/td>\n<\/tr>\n<\/tbody>\n<\/table>\n<p>&nbsp;<\/p>\n","protected":false},"excerpt":{"rendered":"<p>JORNADES DE TRANSFER\u00c8NCIA TECNOL\u00d2GICA 2025 JORNADA MES Granges bioconstru\u00efdes Febrer Reg enterrat Febrer Varietats i portaempelts per a la viticultura del futur. Com escollim? Febrer Experi\u00e8ncies de maneig en vinya ecol\u00f2gica Febrer APPS i altres eines de gesti\u00f3 t\u00e8cnica per l\u2019explotaci\u00f3 agr\u00e0ria Mar\u00e7 Digitalitzaci\u00f3 al sector agrari Mar\u00e7 Llavors per una nova pagesia. Sobirania aliment\u00e0ria. [&hellip;]<\/p>\n","protected":false},"author":4,"featured_media":0,"parent":547,"menu_order":0,"comment_status":"closed","ping_status":"closed","template":"","meta":{"_bbp_topic_count":0,"_bbp_reply_count":0,"_bbp_total_topic_count":0,"_bbp_total_reply_count":0,"_bbp_voice_count":0,"_bbp_anonymous_reply_count":0,"_bbp_topic_count_hidden":0,"_bbp_reply_count_hidden":0,"_bbp_forum_subforum_count":0,"site-sidebar-layout":"default","site-content-layout":"","ast-site-content-layout":"default","site-content-style":"default","site-sidebar-style":"default","ast-global-header-display":"","ast-banner-title-visibility":"","ast-main-header-display":"","ast-hfb-above-header-display":"","ast-hfb-below-header-display":"","ast-hfb-mobile-header-display":"","site-post-title":"","ast-breadcrumbs-content":"","ast-featured-img":"","footer-sml-layout":"","theme-transparent-header-meta":"default","adv-header-id-meta":"","stick-header-meta":"","header-above-stick-meta":"","header-main-stick-meta":"","header-below-stick-meta":"","astra-migrate-meta-layouts":"set","ast-page-background-enabled":"default","ast-page-background-meta":{"desktop":{"background-color":"var(--ast-global-color-4)","background-image":"","background-repeat":"repeat","background-position":"center center","background-size":"auto","background-attachment":"scroll","background-type":"","background-media":"","overlay-type":"","overlay-color":"","overlay-opacity":"","overlay-gradient":""},"tablet":{"background-color":"","background-image":"","background-repeat":"repeat","background-position":"center center","background-size":"auto","background-attachment":"scroll","background-type":"","background-media":"","overlay-type":"","overlay-color":"","overlay-opacity":"","overlay-gradient":""},"mobile":{"background-color":"","background-image":"","background-repeat":"repeat","background-position":"center center","background-size":"auto","background-attachment":"scroll","background-type":"","background-media":"","overlay-type":"","overlay-color":"","overlay-opacity":"","overlay-gradient":""}},"ast-content-background-meta":{"desktop":{"background-color":"var(--ast-global-color-5)","background-image":"","background-repeat":"repeat","background-position":"center center","background-size":"auto","background-attachment":"scroll","background-type":"","background-media":"","overlay-type":"","overlay-color":"","overlay-opacity":"","overlay-gradient":""},"tablet":{"background-color":"var(--ast-global-color-5)","background-image":"","background-repeat":"repeat","background-position":"center center","background-size":"auto","background-attachment":"scroll","background-type":"","background-media":"","overlay-type":"","overlay-color":"","overlay-opacity":"","overlay-gradient":""},"mobile":{"background-color":"var(--ast-global-color-5)","background-image":"","background-repeat":"repeat","background-position":"center center","background-size":"auto","background-attachment":"scroll","background-type":"","background-media":"","overlay-type":"","overlay-color":"","overlay-opacity":"","overlay-gradient":""}},"footnotes":""},"class_list":["post-563","page","type-page","status-publish","hentry"],"post_mailing_queue_ids":[],"_links":{"self":[{"href":"https:\/\/agora.xtec.cat\/eatarrega\/wp-json\/wp\/v2\/pages\/563","targetHints":{"allow":["GET"]}}],"collection":[{"href":"https:\/\/agora.xtec.cat\/eatarrega\/wp-json\/wp\/v2\/pages"}],"about":[{"href":"https:\/\/agora.xtec.cat\/eatarrega\/wp-json\/wp\/v2\/types\/page"}],"author":[{"embeddable":true,"href":"https:\/\/agora.xtec.cat\/eatarrega\/wp-json\/wp\/v2\/users\/4"}],"replies":[{"embeddable":true,"href":"https:\/\/agora.xtec.cat\/eatarrega\/wp-json\/wp\/v2\/comments?post=563"}],"version-history":[{"count":7,"href":"https:\/\/agora.xtec.cat\/eatarrega\/wp-json\/wp\/v2\/pages\/563\/revisions"}],"predecessor-version":[{"id":1536,"href":"https:\/\/agora.xtec.cat\/eatarrega\/wp-json\/wp\/v2\/pages\/563\/revisions\/1536"}],"up":[{"embeddable":true,"href":"https:\/\/agora.xtec.cat\/eatarrega\/wp-json\/wp\/v2\/pages\/547"}],"wp:attachment":[{"href":"https:\/\/agora.xtec.cat\/eatarrega\/wp-json\/wp\/v2\/media?parent=563"}],"curies":[{"name":"wp","href":"https:\/\/api.w.org\/{rel}","templated":true}]}}