{"id":551,"date":"2022-01-12T10:18:17","date_gmt":"2022-01-12T09:18:17","guid":{"rendered":"https:\/\/agora.xtec.cat\/eatarrega\/?page_id=551"},"modified":"2025-12-15T13:54:00","modified_gmt":"2025-12-15T12:54:00","slug":"programa-nova-pagesia-cfgm-produccio-agropecuaria-semipresencial","status":"publish","type":"page","link":"https:\/\/agora.xtec.cat\/eatarrega\/cicles-formatius\/programa-nova-pagesia-cfgm-produccio-agropecuaria-semipresencial\/","title":{"rendered":"Programa Nova Pagesia (CFGM)"},"content":{"rendered":"<p>A l&#8217;Escola Agr\u00e0ria de T\u00e0rrega oferim el <a href=\"https:\/\/agora.xtec.cat\/eatarrega\/wp-content\/uploads\/usu2155\/2022\/05\/TAR_CFGMAgrari_Semipresencial.pdf\" target=\"_blank\" rel=\"noopener\"><strong>Cicle Formatiu de Grau Mitj\u00e0 en Producci\u00f3 Agropecu\u00e0ria Semipresencial<\/strong><\/a> adre\u00e7at al\u00a0col\u00b7lectiu\u00a0<strong>NOVA PAGESIA.<\/strong><\/p>\n<p><a href=\"https:\/\/agora.xtec.cat\/eatarrega\/wp-content\/uploads\/usu2155\/2025\/11\/EA_TaErrerga-NovaPagesia-2025-26-XARXES_DEF.pdf-6.pdf\" target=\"_blank\" rel=\"noopener\"><img loading=\"lazy\" decoding=\"async\" class=\"wp-image-1454 size-full aligncenter\" src=\"https:\/\/agora.xtec.cat\/eatarrega\/wp-content\/uploads\/usu2155\/2025\/12\/EA-TARREGA-Banners-web-xtec_DEF-8.png\" alt=\"\" width=\"1024\" height=\"300\" srcset=\"https:\/\/agora.xtec.cat\/eatarrega\/wp-content\/uploads\/usu2155\/2025\/12\/EA-TARREGA-Banners-web-xtec_DEF-8.png 1024w, https:\/\/agora.xtec.cat\/eatarrega\/wp-content\/uploads\/usu2155\/2025\/12\/EA-TARREGA-Banners-web-xtec_DEF-8-300x88.png 300w, https:\/\/agora.xtec.cat\/eatarrega\/wp-content\/uploads\/usu2155\/2025\/12\/EA-TARREGA-Banners-web-xtec_DEF-8-768x225.png 768w\" sizes=\"auto, (max-width: 1024px) 100vw, 1024px\" \/><\/a><\/p>\n<p><a href=\"https:\/\/agora.xtec.cat\/eatarrega\/wp-content\/uploads\/usu2155\/2025\/11\/EA_TaErrerga-NovaPagesia-2025-26-XARXES_DEF.pdf-6.pdf\" target=\"_blank\" rel=\"noopener\"><img loading=\"lazy\" decoding=\"async\" class=\"alignnone size-full wp-image-1458\" src=\"https:\/\/agora.xtec.cat\/eatarrega\/wp-content\/uploads\/usu2155\/2025\/12\/EA-TARREGA-Cartells-web_DEF-7.png\" alt=\"\" width=\"2000\" height=\"1151\" srcset=\"https:\/\/agora.xtec.cat\/eatarrega\/wp-content\/uploads\/usu2155\/2025\/12\/EA-TARREGA-Cartells-web_DEF-7.png 2000w, https:\/\/agora.xtec.cat\/eatarrega\/wp-content\/uploads\/usu2155\/2025\/12\/EA-TARREGA-Cartells-web_DEF-7-300x173.png 300w, https:\/\/agora.xtec.cat\/eatarrega\/wp-content\/uploads\/usu2155\/2025\/12\/EA-TARREGA-Cartells-web_DEF-7-1024x589.png 1024w, https:\/\/agora.xtec.cat\/eatarrega\/wp-content\/uploads\/usu2155\/2025\/12\/EA-TARREGA-Cartells-web_DEF-7-768x442.png 768w, https:\/\/agora.xtec.cat\/eatarrega\/wp-content\/uploads\/usu2155\/2025\/12\/EA-TARREGA-Cartells-web_DEF-7-1536x884.png 1536w\" sizes=\"auto, (max-width: 2000px) 100vw, 2000px\" \/><\/a><\/p>\n<p>&nbsp;<\/p>\n<p><strong>A QUI S&#8217;ADRE\u00c7A?<\/strong><\/p>\n<p>El <strong>CFGM de Producci\u00f3 Agropecu\u00e0ria Semipresencial<\/strong> s&#8217;adre\u00e7a al\u00a0col\u00b7lectiu\u00a0<strong>NOVA PAGESIA<\/strong>, \u00e9s a dir, persones majors de\u00a0<span class=\"hiddenGreenError\">18<\/span>\u00a0anys, motivades pel camp, l&#8217;<strong>agricultura o la ramaderia<\/strong>, i que vulguin <strong>incorporar-se<\/strong> i treballar en el <strong>sector.<\/strong><\/p>\n<p><strong>COMPET\u00c8NCIA GENERAL DEL CICLE<\/strong><\/p>\n<p><span class=\"hiddenGrammarError\">La<\/span>\u00a0compet\u00e8ncia general d&#8217;aquest t\u00edtol consisteix a obtenir productes i subproductes <strong>agropecuaris<\/strong> que atenguin criteris de qualitat i rendibilitat, dur a terme operacions de producci\u00f3 i de manteniment d&#8217;instal\u00b7lacions\u00a0i equips, i aplicar la legislaci\u00f3 de protecci\u00f3 ambiental, de prevenci\u00f3 de riscos laborals, de benestar animal i de seguretat aliment\u00e0ria.<\/p>\n<p><strong>UNITATS FORMATIVES<\/strong><\/p>\n<p>El cicle s&#8217;organitza en tres blocs que es poden cursar de manera independent: bloc agrari, bloc ramader i bloc de complements. Si es vol assolir el t\u00edtol del cicle s&#8217;han de cursar els tres blocs.<\/p>\n<ul>\n<li><strong>BLOC AGRARI<\/strong><\/li>\n<\/ul>\n<p>Clima i microclima<br \/>\nAigua, s\u00f2l i fertilitzaci\u00f3. Ecosistemes<br \/>\nTopografia<br \/>\nBot\u00e0nica<br \/>\nEl taller<br \/>\nManeig i manteniment del tractor i m\u00e0quines motrius<br \/>\nInfraestructures agr\u00edcoles<br \/>\nManteniment d&#8217;<span class=\"hiddenSpellError\">instal\u2022lacions<\/span>\u00a0agr\u00edcoles<br \/>\n<span class=\"hiddenSpellError\">Instal\u2022lacions<\/span>\u00a0de reg<br \/>\nSistemes de protecci\u00f3 i producci\u00f3 for\u00e7ada<br \/>\nVegetaci\u00f3 espont\u00e0nia i agents abi\u00f2tics<br \/>\nPlagues<br \/>\nMalalties<br \/>\nEstat sanitari de les plantes<br \/>\nM\u00e8todes de\u00a0<span class=\"hiddenSpellError\">protecci\u00f3<\/span><br \/>\nProductes qu\u00edmics fitosanitaris<br \/>\nPreparaci\u00f3 i aplicaci\u00f3 de productes qu\u00edmics fitosanitaris. Altres m\u00e8todes<br \/>\nManipulaci\u00f3 i emmagatzematge de productes qu\u00edmics fitosanitaris<br \/>\nL&#8217;explotaci\u00f3 agr\u00edcola<br \/>\nImplantaci\u00f3 de cultius en agricultura convencional<br \/>\nImplantaci\u00f3 de cultius fora s\u00f2l<br \/>\nProducci\u00f3 agr\u00edcola extensiva I<br \/>\nProducci\u00f3\u00a0<span class=\"hiddenSpellError\">fruct\u00edcola<\/span><br \/>\nProducci\u00f3 hort\u00edcola<br \/>\nProducci\u00f3 de planta ornamental<br \/>\nProducci\u00f3 agr\u00edcola extensiva\u00a0<span class=\"hiddenGrammarError\" style=\"padding-bottom: 2px; background-image: url('..\/..\/..\/..\/..\/images\/squiggle.png'); background-repeat: repeat-x; background-position: left bottom; cursor: default; color: #000000; font-family: 'Open Sans', Helvetica, Arial, sans-serif; font-size: 16px; font-style: normal; font-variant-ligatures: normal; font-variant-caps: normal; font-weight: 300; letter-spacing: normal; orphans: 2; text-align: start; text-indent: 0px; text-transform: none; white-space: normal; widows: 2; word-spacing: 0px; -webkit-text-stroke-width: 0px; text-decoration-thickness: initial; text-decoration-style: initial; text-decoration-color: initial;\">II<\/span><\/p>\n<ul>\n<li><strong>BLOC RAMADER<\/strong><\/li>\n<\/ul>\n<p>Etnologia, anatomia i\u00a0fisiologia<br \/>\nAlimentaci\u00f3 del bestiar<br \/>\nReproducci\u00f3 animal<br \/>\nSanitat animal<br \/>\nAllotjaments ramaders<br \/>\nProducci\u00f3 ramadera<br \/>\nBenestar animal<br \/>\nPastures i pasturatge<br \/>\nProducci\u00f3 d&#8217;animals per a vida<br \/>\nProducci\u00f3 de llet<br \/>\nProducci\u00f3 d&#8217;ous i pollets<br \/>\nPorc\u00ed<br \/>\nBov\u00ed<br \/>\nOv\u00ed i cabrum<br \/>\nAviram<br \/>\nProducci\u00f3\u00a0<span class=\"hiddenGrammarError\" style=\"padding-bottom: 2px; background-image: url('..\/..\/..\/..\/..\/images\/squiggle.png'); background-repeat: repeat-x; background-position: left bottom; cursor: default; color: #000000; font-family: 'Open Sans', Helvetica, Arial, sans-serif; font-size: 16px; font-style: normal; font-variant-ligatures: normal; font-variant-caps: normal; font-weight: 300; letter-spacing: normal; orphans: 2; text-align: start; text-indent: 0px; text-transform: none; white-space: normal; widows: 2; word-spacing: 0px; -webkit-text-stroke-width: 0px; text-decoration-thickness: initial; text-decoration-style: initial; text-decoration-color: initial;\">ap\u00edcola<\/span><\/p>\n<ul>\n<li><strong>BLOC DE COMPLEMENTS<\/strong><\/li>\n<\/ul>\n<p>Incorporaci\u00f3 al treball<br \/>\n<a href=\"https:\/\/treball.gencat.cat\/web\/.content\/09_-_seguretat_i_salut_laboral\/publicacions\/imatges\/Recomanacions_preventives_sector_agrari.pdf\" target=\"_blank\" rel=\"noopener\">Prevenci\u00f3 de riscos laborals<\/a><br \/>\nEmpresa i iniciativa emprenedora<br \/>\nAngl\u00e8s t\u00e8cnic<br \/>\nS\u00edntesi<br \/>\nL&#8217;entorn en qu\u00e8 es mou l&#8217;empresa<br \/>\nElements de gesti\u00f3 comptable i financera<br \/>\nElements que faciliten la gesti\u00f3\u00a0<span class=\"hiddenGrammarError\" style=\"padding-bottom: 2px; background-image: url('..\/..\/..\/..\/..\/images\/squiggle.png'); background-repeat: repeat-x; background-position: left bottom; cursor: default; color: #000000; font-family: 'Open Sans', Helvetica, Arial, sans-serif; font-size: 16px; font-style: normal; font-variant-ligatures: normal; font-variant-caps: normal; font-weight: 300; letter-spacing: normal; orphans: 2; text-align: start; text-indent: 0px; text-transform: none; white-space: normal; widows: 2; word-spacing: 0px; -webkit-text-stroke-width: 0px; text-decoration-thickness: initial; text-decoration-style: initial; text-decoration-color: initial;\">empresarial<\/span><\/p>\n<p><strong>FORMACI\u00d3 SEMIPRESENCIAL<\/strong><\/p>\n<p>Aquest cicle s&#8217;imparteix en format semipresencial. La meitat de les hores de classe s\u00f3n presencials a l&#8217;Escola i l&#8217;altra meitat es fan a dist\u00e0ncia mitjan\u00e7ant una plataforma virtual d&#8217;aprenentatge.<\/p>\n<p><strong>SORTIDES PROFESSIONALS<\/strong><\/p>\n<ul>\n<li><strong>Treballador\/<span class=\"hiddenGrammarError\">a<\/span><\/strong>\u00a0qualificat\/<span class=\"hiddenSpellError\">ada<\/span>\u00a0per compte d&#8217;altri\u00a0<span class=\"hiddenGreenError\" style=\"padding-bottom: 2px; background-image: url('..\/..\/..\/..\/..\/images\/squiggle_green.png'); background-repeat: repeat-x; background-position: left bottom; cursor: default; color: #000000; font-family: 'Open Sans', Helvetica, Arial, sans-serif; font-size: 16px; font-style: normal; font-variant-ligatures: normal; font-variant-caps: normal; font-weight: 300; letter-spacing: normal; orphans: 2; text-align: start; text-indent: 0px; text-transform: none; white-space: normal; widows: 2; word-spacing: 0px; -webkit-text-stroke-width: 0px; text-decoration-thickness: initial; text-decoration-style: initial; text-decoration-color: initial;\">i\/o<\/span>\u00a0per compte propi en <strong>agricultura i ramaderia<\/strong><\/li>\n<li>Personal <strong>agricultor, horticultor, fructicultor i floricultor<\/strong><\/li>\n<li>Personal <strong>operador de maquin\u00e0ria<\/strong> agr\u00edcola i ramadera<\/li>\n<li>Personal criador de bestiar per a la <strong>producci\u00f3 de carn<\/strong><\/li>\n<li>Personal <strong>productor de llet<\/strong><\/li>\n<li>Personal <strong>productor d&#8217;ous<\/strong><\/li>\n<li>Personal\u00a0<strong><span class=\"hiddenGrammarError\" style=\"padding-bottom: 2px; background-image: url('..\/..\/..\/..\/..\/images\/squiggle.png'); background-repeat: repeat-x; background-position: left bottom; cursor: default; color: #000000; font-family: 'Open Sans', Helvetica, Arial, sans-serif; font-size: 16px; font-style: normal; font-variant-ligatures: normal; font-variant-caps: normal; letter-spacing: normal; orphans: 2; text-align: start; text-indent: 0px; text-transform: none; white-space: normal; widows: 2; word-spacing: 0px; -webkit-text-stroke-width: 0px; text-decoration-thickness: initial; text-decoration-style: initial; text-decoration-color: initial;\">apicultor<\/span><\/strong><\/li>\n<\/ul>\n<p><strong>REQUISITS D&#8217;ACC\u00c9S<\/strong><\/p>\n<p>Complir algun d&#8217;aquests requisits:<\/p>\n<ul>\n<li>ESO<\/li>\n<li>2n BUP<\/li>\n<li>FP1<\/li>\n<li>Prova d&#8217;acc\u00e9s als cicles formatius<\/li>\n<\/ul>\n<p>Si no es pot acreditar alguna d&#8217;aquestes vies d&#8217;acc\u00e9s, la matr\u00edcula \u00e9s possible, per\u00f2 nom\u00e9s s&#8217;obt\u00e9 un certificat de les unitats formatives realitzades i no el t\u00edtol del cicle.<\/p>\n<p><strong>DURADA<\/strong><\/p>\n<p>Cicle complet: <strong>2.000 hores, 2 cursos<\/strong><\/p>\n","protected":false},"excerpt":{"rendered":"<p>A l&#8217;Escola Agr\u00e0ria de T\u00e0rrega oferim el Cicle Formatiu de Grau Mitj\u00e0 en Producci\u00f3 Agropecu\u00e0ria Semipresencial adre\u00e7at al\u00a0col\u00b7lectiu\u00a0NOVA PAGESIA. &nbsp; A QUI S&#8217;ADRE\u00c7A? El CFGM de Producci\u00f3 Agropecu\u00e0ria Semipresencial s&#8217;adre\u00e7a al\u00a0col\u00b7lectiu\u00a0NOVA PAGESIA, \u00e9s a dir, persones majors de\u00a018\u00a0anys, motivades pel camp, l&#8217;agricultura o la ramaderia, i que vulguin incorporar-se i treballar en el sector. COMPET\u00c8NCIA [&hellip;]<\/p>\n","protected":false},"author":4,"featured_media":0,"parent":545,"menu_order":10,"comment_status":"closed","ping_status":"closed","template":"page-templates\/side-menu.php","meta":{"_bbp_topic_count":0,"_bbp_reply_count":0,"_bbp_total_topic_count":0,"_bbp_total_reply_count":0,"_bbp_voice_count":0,"_bbp_anonymous_reply_count":0,"_bbp_topic_count_hidden":0,"_bbp_reply_count_hidden":0,"_bbp_forum_subforum_count":0,"site-sidebar-layout":"default","site-content-layout":"","ast-site-content-layout":"","site-content-style":"default","site-sidebar-style":"default","ast-global-header-display":"","ast-banner-title-visibility":"","ast-main-header-display":"","ast-hfb-above-header-display":"","ast-hfb-below-header-display":"","ast-hfb-mobile-header-display":"","site-post-title":"","ast-breadcrumbs-content":"","ast-featured-img":"","footer-sml-layout":"","theme-transparent-header-meta":"","adv-header-id-meta":"","stick-header-meta":"","header-above-stick-meta":"","header-main-stick-meta":"","header-below-stick-meta":"","astra-migrate-meta-layouts":"default","ast-page-background-enabled":"default","ast-page-background-meta":{"desktop":{"background-color":"var(--ast-global-color-4)","background-image":"","background-repeat":"repeat","background-position":"center center","background-size":"auto","background-attachment":"scroll","background-type":"","background-media":"","overlay-type":"","overlay-color":"","overlay-opacity":"","overlay-gradient":""},"tablet":{"background-color":"","background-image":"","background-repeat":"repeat","background-position":"center center","background-size":"auto","background-attachment":"scroll","background-type":"","background-media":"","overlay-type":"","overlay-color":"","overlay-opacity":"","overlay-gradient":""},"mobile":{"background-color":"","background-image":"","background-repeat":"repeat","background-position":"center center","background-size":"auto","background-attachment":"scroll","background-type":"","background-media":"","overlay-type":"","overlay-color":"","overlay-opacity":"","overlay-gradient":""}},"ast-content-background-meta":{"desktop":{"background-color":"var(--ast-global-color-5)","background-image":"","background-repeat":"repeat","background-position":"center center","background-size":"auto","background-attachment":"scroll","background-type":"","background-media":"","overlay-type":"","overlay-color":"","overlay-opacity":"","overlay-gradient":""},"tablet":{"background-color":"var(--ast-global-color-5)","background-image":"","background-repeat":"repeat","background-position":"center center","background-size":"auto","background-attachment":"scroll","background-type":"","background-media":"","overlay-type":"","overlay-color":"","overlay-opacity":"","overlay-gradient":""},"mobile":{"background-color":"var(--ast-global-color-5)","background-image":"","background-repeat":"repeat","background-position":"center center","background-size":"auto","background-attachment":"scroll","background-type":"","background-media":"","overlay-type":"","overlay-color":"","overlay-opacity":"","overlay-gradient":""}},"footnotes":""},"class_list":["post-551","page","type-page","status-publish","hentry"],"post_mailing_queue_ids":[],"_links":{"self":[{"href":"https:\/\/agora.xtec.cat\/eatarrega\/wp-json\/wp\/v2\/pages\/551","targetHints":{"allow":["GET"]}}],"collection":[{"href":"https:\/\/agora.xtec.cat\/eatarrega\/wp-json\/wp\/v2\/pages"}],"about":[{"href":"https:\/\/agora.xtec.cat\/eatarrega\/wp-json\/wp\/v2\/types\/page"}],"author":[{"embeddable":true,"href":"https:\/\/agora.xtec.cat\/eatarrega\/wp-json\/wp\/v2\/users\/4"}],"replies":[{"embeddable":true,"href":"https:\/\/agora.xtec.cat\/eatarrega\/wp-json\/wp\/v2\/comments?post=551"}],"version-history":[{"count":7,"href":"https:\/\/agora.xtec.cat\/eatarrega\/wp-json\/wp\/v2\/pages\/551\/revisions"}],"predecessor-version":[{"id":1460,"href":"https:\/\/agora.xtec.cat\/eatarrega\/wp-json\/wp\/v2\/pages\/551\/revisions\/1460"}],"up":[{"embeddable":true,"href":"https:\/\/agora.xtec.cat\/eatarrega\/wp-json\/wp\/v2\/pages\/545"}],"wp:attachment":[{"href":"https:\/\/agora.xtec.cat\/eatarrega\/wp-json\/wp\/v2\/media?parent=551"}],"curies":[{"name":"wp","href":"https:\/\/api.w.org\/{rel}","templated":true}]}}