{"id":617,"date":"2018-11-23T09:51:27","date_gmt":"2018-11-23T08:51:27","guid":{"rendered":"https:\/\/agora.xtec.cat\/eaemporda\/?page_id=617"},"modified":"2026-03-28T19:11:46","modified_gmt":"2026-03-28T18:11:46","slug":"formacio-dual","status":"publish","type":"page","link":"https:\/\/agora.xtec.cat\/eaemporda\/estudis\/formacio-dual\/","title":{"rendered":"Formaci\u00f3 DUAL"},"content":{"rendered":"<p><a href=\"https:\/\/www.youtube.com\/watch?v=bwoj2xpPAIw\" target=\"_blank\" rel=\"noopener\"><img loading=\"lazy\" decoding=\"async\" class=\"wp-image-2261 aligncenter\" src=\"https:\/\/agora.xtec.cat\/eaemporda\/wp-content\/uploads\/usu1941\/2023\/03\/Dual-1024x573.jpg\" alt=\"\" width=\"920\" height=\"515\" srcset=\"https:\/\/agora.xtec.cat\/eaemporda\/wp-content\/uploads\/usu1941\/2023\/03\/Dual-1024x573.jpg 1024w, https:\/\/agora.xtec.cat\/eaemporda\/wp-content\/uploads\/usu1941\/2023\/03\/Dual-300x168.jpg 300w, https:\/\/agora.xtec.cat\/eaemporda\/wp-content\/uploads\/usu1941\/2023\/03\/Dual-768x430.jpg 768w, https:\/\/agora.xtec.cat\/eaemporda\/wp-content\/uploads\/usu1941\/2023\/03\/Dual.jpg 1052w\" sizes=\"auto, (max-width: 920px) 100vw, 920px\" \/><\/a><\/p>\n<p>&nbsp;<\/p>\n<p>L\u2019<strong>Escola Agr\u00e0ria i Aliment\u00e0ria de l\u2019Empord\u00e0 <\/strong>ofereix el <a href=\"https:\/\/agora.xtec.cat\/eaemporda\/estudis\/\"><strong>CFGS de Processos i Qualitat en Ind\u00fastries Aliment\u00e0ries<\/strong><\/a> en format dual, amb l\u2019objectiu d\u2019apropar els estudiants al <strong>sector alimentari<\/strong>, i millorar d\u2019aquesta manera l\u2019experi\u00e8ncia professional dels estudiants i la seva posterior <strong>inserci\u00f3 laboral.<\/strong><\/p>\n<p>Durant el segon curs del Cicle Formatiu, l&#8217;alumne pot fer o b\u00e9 l&#8217;itenerari de la foramci\u00f3 dual convencional (516 hores de pr\u00e0ctica a l&#8217;empresa) i la realitzaci\u00f3 d&#8217;un projecte, o b\u00e9 la formaci\u00f3 dual intensiva, que arriba fins a les 1000 hores a l&#8217;empresa i, en aquest cas, l&#8217;alumne rep una remuneraci\u00f3 mensual\u00a0a trav\u00e9s d\u2019una <strong>beca<\/strong> o <strong>contracte de pr\u00e0ctiques.<\/strong><\/p>\n<p>La <strong>formaci\u00f3 dual<\/strong> en empresa es du a terme durant el segon curs, de dimecres a divendres, de manera que l\u2019estudiant nom\u00e9s t\u00e9 classes lectives a l\u2019escola els dilluns i els dimarts. L\u2019estudiant pot escollir a quina empresa vol fer la formaci\u00f3 dual, pr\u00e8via entrevista de treball.<\/p>\n<p>Algunes de les empreses amb les que tenim conveni de dual actualment s\u00f3n:<\/p>\n<table style=\"border-collapse: collapse; width: 100%;\">\n<tbody>\n<tr>\n<td style=\"width: 25%;\"><a href=\"https:\/\/empresa.nestle.es\/ca\" target=\"_blank\" rel=\"noopener\"><img loading=\"lazy\" decoding=\"async\" class=\"size-full wp-image-2335 aligncenter\" src=\"https:\/\/agora.xtec.cat\/eaemporda\/wp-content\/uploads\/usu1941\/2023\/04\/logo.png\" alt=\"\" width=\"105\" height=\"108\" \/><\/a><\/td>\n<td style=\"width: 25%;\"><a href=\"https:\/\/cuinatsjotri.cat\/\" target=\"_blank\" rel=\"noopener\"><img loading=\"lazy\" decoding=\"async\" class=\"wp-image-2338 size-full aligncenter\" src=\"https:\/\/agora.xtec.cat\/eaemporda\/wp-content\/uploads\/usu1941\/2023\/04\/Captura.png\" alt=\"\" width=\"308\" height=\"178\" srcset=\"https:\/\/agora.xtec.cat\/eaemporda\/wp-content\/uploads\/usu1941\/2023\/04\/Captura.png 308w, https:\/\/agora.xtec.cat\/eaemporda\/wp-content\/uploads\/usu1941\/2023\/04\/Captura-300x173.png 300w\" sizes=\"auto, (max-width: 308px) 100vw, 308px\" \/><\/a><\/td>\n<td style=\"width: 25%;\"><a href=\"https:\/\/canbech.com\/\" target=\"_blank\" rel=\"noopener\"><img loading=\"lazy\" decoding=\"async\" class=\"size-thumbnail wp-image-625 aligncenter\" src=\"https:\/\/agora.xtec.cat\/eaemporda\/wp-content\/uploads\/usu1941\/2018\/11\/Can-Bech-150x143.png\" alt=\"\" width=\"150\" height=\"143\" \/><\/a><\/td>\n<td style=\"width: 25%;\"><a href=\"https:\/\/farineracoromina.com\/\" target=\"_blank\" rel=\"noopener\"><img loading=\"lazy\" decoding=\"async\" class=\"aligncenter wp-image-2339 size-full\" src=\"https:\/\/agora.xtec.cat\/eaemporda\/wp-content\/uploads\/usu1941\/2023\/04\/Captura-1.png\" alt=\"\" width=\"382\" height=\"265\" srcset=\"https:\/\/agora.xtec.cat\/eaemporda\/wp-content\/uploads\/usu1941\/2023\/04\/Captura-1.png 382w, https:\/\/agora.xtec.cat\/eaemporda\/wp-content\/uploads\/usu1941\/2023\/04\/Captura-1-300x208.png 300w\" sizes=\"auto, (max-width: 382px) 100vw, 382px\" \/><\/a><\/td>\n<\/tr>\n<tr>\n<td style=\"width: 25%;\"><a href=\"https:\/\/www.costabravafoods.com\/\" target=\"_blank\" rel=\"noopener\"><img loading=\"lazy\" decoding=\"async\" class=\"wp-image-2340 size-full aligncenter\" src=\"https:\/\/agora.xtec.cat\/eaemporda\/wp-content\/uploads\/usu1941\/2023\/04\/Captura-2.png\" alt=\"\" width=\"333\" height=\"168\" srcset=\"https:\/\/agora.xtec.cat\/eaemporda\/wp-content\/uploads\/usu1941\/2023\/04\/Captura-2.png 333w, https:\/\/agora.xtec.cat\/eaemporda\/wp-content\/uploads\/usu1941\/2023\/04\/Captura-2-300x151.png 300w\" sizes=\"auto, (max-width: 333px) 100vw, 333px\" \/><\/a><\/td>\n<td style=\"width: 25%;\"><a href=\"https:\/\/www.santdalmai.com\/\"><img loading=\"lazy\" decoding=\"async\" class=\"wp-image-3266 aligncenter\" src=\"https:\/\/agora.xtec.cat\/eaemporda\/wp-content\/uploads\/usu1941\/2026\/03\/Sant-Dalmai.png\" alt=\"\" width=\"114\" height=\"133\" \/><\/a><\/td>\n<td style=\"width: 25%;\"><a href=\"https:\/\/embotitsvila.com\/es\/\" target=\"_blank\" rel=\"noopener\"><img loading=\"lazy\" decoding=\"async\" class=\"size-full wp-image-2342 aligncenter\" src=\"https:\/\/agora.xtec.cat\/eaemporda\/wp-content\/uploads\/usu1941\/2023\/04\/Captura-4.png\" alt=\"\" width=\"187\" height=\"116\" \/><\/a><\/td>\n<td style=\"width: 25%;\"><a href=\"https:\/\/www.arnall.cat\/\" target=\"_blank\" rel=\"noopener\"><img loading=\"lazy\" decoding=\"async\" class=\"size-full wp-image-2343 aligncenter\" src=\"https:\/\/agora.xtec.cat\/eaemporda\/wp-content\/uploads\/usu1941\/2023\/04\/Captura-5.png\" alt=\"\" width=\"143\" height=\"167\" \/><\/a><\/td>\n<\/tr>\n<tr>\n<td style=\"width: 25%; text-align: center;\"><a href=\"https:\/\/boadas1880.com\/\" target=\"_blank\" rel=\"noopener\"><img loading=\"lazy\" decoding=\"async\" class=\"alignnone size-full wp-image-2344\" src=\"https:\/\/agora.xtec.cat\/eaemporda\/wp-content\/uploads\/usu1941\/2023\/04\/boadas-logo-fundada.png\" alt=\"\" width=\"290\" height=\"91\" \/><\/a><\/td>\n<td style=\"width: 25%;\"><a href=\"https:\/\/torrentifills.es\/\" target=\"_blank\" rel=\"noopener\"><img loading=\"lazy\" decoding=\"async\" class=\"size-full wp-image-2345 aligncenter\" src=\"https:\/\/agora.xtec.cat\/eaemporda\/wp-content\/uploads\/usu1941\/2023\/04\/Captura-6.png\" alt=\"\" width=\"120\" height=\"130\" \/><\/a><\/td>\n<td style=\"width: 25%;\"><a href=\"http:\/\/www.anelafruits.com\/\" target=\"_blank\" rel=\"noopener\"><img loading=\"lazy\" decoding=\"async\" class=\"size-full wp-image-2346 aligncenter\" src=\"https:\/\/agora.xtec.cat\/eaemporda\/wp-content\/uploads\/usu1941\/2023\/04\/Anela.png\" alt=\"\" width=\"157\" height=\"94\" \/><\/a><\/td>\n<td style=\"width: 25%;\"><a href=\"http:\/\/www.irta.cat\"><img loading=\"lazy\" decoding=\"async\" class=\"alignnone size-full wp-image-3267\" src=\"https:\/\/agora.xtec.cat\/eaemporda\/wp-content\/uploads\/usu1941\/2026\/03\/irta.png\" alt=\"\" width=\"355\" height=\"142\" srcset=\"https:\/\/agora.xtec.cat\/eaemporda\/wp-content\/uploads\/usu1941\/2026\/03\/irta.png 355w, https:\/\/agora.xtec.cat\/eaemporda\/wp-content\/uploads\/usu1941\/2026\/03\/irta-300x120.png 300w\" sizes=\"auto, (max-width: 355px) 100vw, 355px\" \/><\/a><\/td>\n<\/tr>\n<\/tbody>\n<\/table>\n","protected":false},"excerpt":{"rendered":"<p><a href=\"https:\/\/www.youtube.com\/watch?v=bwoj2xpPAIw\" target=\"_blank\" rel=\"noopener\"><\/a><br \/>\n&nbsp;<br \/>\nL\u2019Escola Agr\u00e0ria i Aliment\u00e0ria de l\u2019Empord\u00e0 ofereix el <a href=\"https:\/\/agora.xtec.cat\/eaemporda\/estudis\/\">CFGS de Processos i Qualitat en Ind\u00fastries Aliment\u00e0ries<\/a> en format dual, amb l\u2019objectiu d\u2019apropar els estudiants al sector alimentari, i millorar d\u2019aquesta manera l\u2019experi\u00e8ncia professional dels estudiants i la seva posterior inserci\u00f3 laboral.<br \/>\nDurant&hellip;  <a href=\"https:\/\/agora.xtec.cat\/eaemporda\/estudis\/formacio-dual\/\" title=\"Read Formaci\u00f3 DUAL\">Llegeix m\u00e9s\u00bb<\/a><\/p>\n","protected":false},"author":1,"featured_media":0,"parent":195,"menu_order":0,"comment_status":"closed","ping_status":"closed","template":"","meta":{"_bbp_topic_count":0,"_bbp_reply_count":0,"_bbp_total_topic_count":0,"_bbp_total_reply_count":0,"_bbp_voice_count":0,"_bbp_anonymous_reply_count":0,"_bbp_topic_count_hidden":0,"_bbp_reply_count_hidden":0,"_bbp_forum_subforum_count":0,"footnotes":""},"class_list":["post-617","page","type-page","status-publish","hentry"],"post_mailing_queue_ids":[],"_links":{"self":[{"href":"https:\/\/agora.xtec.cat\/eaemporda\/wp-json\/wp\/v2\/pages\/617","targetHints":{"allow":["GET"]}}],"collection":[{"href":"https:\/\/agora.xtec.cat\/eaemporda\/wp-json\/wp\/v2\/pages"}],"about":[{"href":"https:\/\/agora.xtec.cat\/eaemporda\/wp-json\/wp\/v2\/types\/page"}],"author":[{"embeddable":true,"href":"https:\/\/agora.xtec.cat\/eaemporda\/wp-json\/wp\/v2\/users\/1"}],"replies":[{"embeddable":true,"href":"https:\/\/agora.xtec.cat\/eaemporda\/wp-json\/wp\/v2\/comments?post=617"}],"version-history":[{"count":5,"href":"https:\/\/agora.xtec.cat\/eaemporda\/wp-json\/wp\/v2\/pages\/617\/revisions"}],"predecessor-version":[{"id":3269,"href":"https:\/\/agora.xtec.cat\/eaemporda\/wp-json\/wp\/v2\/pages\/617\/revisions\/3269"}],"up":[{"embeddable":true,"href":"https:\/\/agora.xtec.cat\/eaemporda\/wp-json\/wp\/v2\/pages\/195"}],"wp:attachment":[{"href":"https:\/\/agora.xtec.cat\/eaemporda\/wp-json\/wp\/v2\/media?parent=617"}],"curies":[{"name":"wp","href":"https:\/\/api.w.org\/{rel}","templated":true}]}}